{"id":39,"date":"2021-03-28T13:33:12","date_gmt":"2021-03-28T11:33:12","guid":{"rendered":"http:\/\/nakanarach.pl\/?page_id=39"},"modified":"2022-03-22T07:50:20","modified_gmt":"2022-03-22T07:50:20","slug":"wiadomosci","status":"publish","type":"page","link":"http:\/\/nakanarach.pl\/index.php\/wiadomosci\/","title":{"rendered":"Aktualno\u015bci"},"content":{"rendered":"<div id=\"cv-list-post-layout\" class=\"block-328e2773-53f3-4e04-8f67-ad2606bde441 cv-block cv-block-list--layout-one\">    <div class=\"cv-post-wrapper cv-post--imagemargin column--two\">\r\n                        <article post-id=\"post-14057\" class=\"cv-post post-format--standard\" itemscope itemtype=\"http:\/\/schema.org\/articleBody\">\r\n                    <div class=\"cv-post-left-wrap\">\r\n                        <div class=\"cv-post-thumb\">\r\n                            <a href=\"http:\/\/nakanarach.pl\/index.php\/2026\/04\/29\/dron-wstrzymal-wszystkie-loty\/\"><img decoding=\"async\" src=\"http:\/\/nakanarach.pl\/wp-content\/uploads\/2026\/03\/Dron-Guardia-Civil.webp\" alt=\"DRON WSTRZYMA\u0141 WSZYSTKIE LOTY\"\/><\/a>\r\n                        <\/div>\r\n                    <\/div><!-- .cv-post-left-wrap -->\r\n                    <div class=\"cv-post-right-wrap\">\r\n                                                <h2 class=\"cv-post-title\">\r\n                            <a href=\"http:\/\/nakanarach.pl\/index.php\/2026\/04\/29\/dron-wstrzymal-wszystkie-loty\/\" target=\"_self\">\r\n                                DRON WSTRZYMA\u0141 WSZYSTKIE LOTY                            <\/a>\r\n                        <\/h2>\r\n                        <div class=\"cv-post-meta cv-meta-icon-show\">\r\n                            <span class=\"cv-post-date cv-post-meta-item\" itemprop=\"datePublished\"><a href=\"http:\/\/nakanarach.pl\/index.php\/2026\/04\/29\/dron-wstrzymal-wszystkie-loty\/\">29 kwietnia 2026<\/a><\/span>                        <\/div>\r\n                        <div class=\"cv-post-content\" itemprop=\"description\">LANZAROTE: Gwardia Cywilna wci\u0105\u017c szuka operatora drona, kt\u00f3ry powa\u017cnie zagrozi\u0142 bezpiecze\u0144stwu ruchu lotniczego na popularnej&hellip;<\/div>                        <div class=\"cv-read-more\"><a href=http:\/\/nakanarach.pl\/index.php\/2026\/04\/29\/dron-wstrzymal-wszystkie-loty\/>Czytaj wi\u0119cej<i class=\"fas fa-arrow-right\"><\/i><\/a><\/div>                    <\/div><!-- .cv-post-right-wrap -->\r\n                <\/article>\r\n                        <article post-id=\"post-14063\" class=\"cv-post post-format--standard\" itemscope itemtype=\"http:\/\/schema.org\/articleBody\">\r\n                    <div class=\"cv-post-left-wrap\">\r\n                        <div class=\"cv-post-thumb\">\r\n                            <a href=\"http:\/\/nakanarach.pl\/index.php\/2026\/04\/28\/ocean-porwal-ponton-z-dziecmi\/\"><img decoding=\"async\" src=\"http:\/\/nakanarach.pl\/wp-content\/uploads\/2026\/04\/Plaza-El-Reducto-Arrecife.webp\" alt=\"OCEAN PORWA\u0141 PONTON Z DZIE\u0106MI\"\/><\/a>\r\n                        <\/div>\r\n                    <\/div><!-- .cv-post-left-wrap -->\r\n                    <div class=\"cv-post-right-wrap\">\r\n                                                <h2 class=\"cv-post-title\">\r\n                            <a href=\"http:\/\/nakanarach.pl\/index.php\/2026\/04\/28\/ocean-porwal-ponton-z-dziecmi\/\" target=\"_self\">\r\n                                OCEAN PORWA\u0141 PONTON Z DZIE\u0106MI                            <\/a>\r\n                        <\/h2>\r\n                        <div class=\"cv-post-meta cv-meta-icon-show\">\r\n                            <span class=\"cv-post-date cv-post-meta-item\" itemprop=\"datePublished\"><a href=\"http:\/\/nakanarach.pl\/index.php\/2026\/04\/28\/ocean-porwal-ponton-z-dziecmi\/\">28 kwietnia 2026<\/a><\/span>                        <\/div>\r\n                        <div class=\"cv-post-content\" itemprop=\"description\">LANZAROTE:\u00a0Chwile grozy prze\u017cy\u0142o dwoje dzieci, po tym jak fala wci\u0105gn\u0119\u0142a w g\u0142\u0105b oceanu ich ponton\u00a0na&hellip;<\/div>                        <div class=\"cv-read-more\"><a href=http:\/\/nakanarach.pl\/index.php\/2026\/04\/28\/ocean-porwal-ponton-z-dziecmi\/>Czytaj wi\u0119cej<i class=\"fas fa-arrow-right\"><\/i><\/a><\/div>                    <\/div><!-- .cv-post-right-wrap -->\r\n                <\/article>\r\n                        <article post-id=\"post-14030\" class=\"cv-post post-format--standard\" itemscope itemtype=\"http:\/\/schema.org\/articleBody\">\r\n                    <div class=\"cv-post-left-wrap\">\r\n                        <div class=\"cv-post-thumb\">\r\n                            <a href=\"http:\/\/nakanarach.pl\/index.php\/2026\/04\/27\/kolejny-protest-kamperowcow-video-2\/\"><img decoding=\"async\" src=\"http:\/\/nakanarach.pl\/wp-content\/uploads\/2026\/04\/Protest-Kamperow.jpg\" alt=\"KOLEJNY PROTEST KAMPEROWC\u00d3W (VIDEO)\"\/><\/a>\r\n                        <\/div>\r\n                    <\/div><!-- .cv-post-left-wrap -->\r\n                    <div class=\"cv-post-right-wrap\">\r\n                                                <h2 class=\"cv-post-title\">\r\n                            <a href=\"http:\/\/nakanarach.pl\/index.php\/2026\/04\/27\/kolejny-protest-kamperowcow-video-2\/\" target=\"_self\">\r\n                                KOLEJNY PROTEST KAMPEROWC\u00d3W (VIDEO)                            <\/a>\r\n                        <\/h2>\r\n                        <div class=\"cv-post-meta cv-meta-icon-show\">\r\n                            <span class=\"cv-post-date cv-post-meta-item\" itemprop=\"datePublished\"><a href=\"http:\/\/nakanarach.pl\/index.php\/2026\/04\/27\/kolejny-protest-kamperowcow-video-2\/\">27 kwietnia 2026<\/a><\/span>                        <\/div>\r\n                        <div class=\"cv-post-content\" itemprop=\"description\">TENERYFA: Ponad p\u00f3\u0142 tysi\u0105ca kamper\u00f3w i van\u00f3w kempingowych wzi\u0119\u0142o udzia\u0142 w du\u017cej demonstracji na najwi\u0119kszej&hellip;<\/div>                        <div class=\"cv-read-more\"><a href=http:\/\/nakanarach.pl\/index.php\/2026\/04\/27\/kolejny-protest-kamperowcow-video-2\/>Czytaj wi\u0119cej<i class=\"fas fa-arrow-right\"><\/i><\/a><\/div>                    <\/div><!-- .cv-post-right-wrap -->\r\n                <\/article>\r\n                        <article post-id=\"post-14089\" class=\"cv-post post-format--standard\" itemscope itemtype=\"http:\/\/schema.org\/articleBody\">\r\n                    <div class=\"cv-post-left-wrap\">\r\n                        <div class=\"cv-post-thumb\">\r\n                            <a href=\"http:\/\/nakanarach.pl\/index.php\/2026\/04\/26\/zadymienie-i-ewakuacja-na-lotnisku\/\"><img decoding=\"async\" src=\"http:\/\/nakanarach.pl\/wp-content\/uploads\/2026\/04\/Pozar-lotnisko-Teneryfa.jpg\" alt=\"ZADYMIENIE I EWAKUACJA NA LOTNISKU (VIDEO)\"\/><\/a>\r\n                        <\/div>\r\n                    <\/div><!-- .cv-post-left-wrap -->\r\n                    <div class=\"cv-post-right-wrap\">\r\n                                                <h2 class=\"cv-post-title\">\r\n                            <a href=\"http:\/\/nakanarach.pl\/index.php\/2026\/04\/26\/zadymienie-i-ewakuacja-na-lotnisku\/\" target=\"_self\">\r\n                                ZADYMIENIE I EWAKUACJA NA LOTNISKU (VIDEO)                            <\/a>\r\n                        <\/h2>\r\n                        <div class=\"cv-post-meta cv-meta-icon-show\">\r\n                            <span class=\"cv-post-date cv-post-meta-item\" itemprop=\"datePublished\"><a href=\"http:\/\/nakanarach.pl\/index.php\/2026\/04\/26\/zadymienie-i-ewakuacja-na-lotnisku\/\">26 kwietnia 2026<\/a><\/span>                        <\/div>\r\n                        <div class=\"cv-post-content\" itemprop=\"description\">TENERYFA: Wszyscy pasa\u017cerowie czekaj\u0105cy na wej\u015bcie na pok\u0142ad samolotu zostali ewakuowani z hali odlot\u00f3w na&hellip;<\/div>                        <div class=\"cv-read-more\"><a href=http:\/\/nakanarach.pl\/index.php\/2026\/04\/26\/zadymienie-i-ewakuacja-na-lotnisku\/>Czytaj wi\u0119cej<i class=\"fas fa-arrow-right\"><\/i><\/a><\/div>                    <\/div><!-- .cv-post-right-wrap -->\r\n                <\/article>\r\n                        <article post-id=\"post-14016\" class=\"cv-post post-format--standard\" itemscope itemtype=\"http:\/\/schema.org\/articleBody\">\r\n                    <div class=\"cv-post-left-wrap\">\r\n                        <div class=\"cv-post-thumb\">\r\n                            <a href=\"http:\/\/nakanarach.pl\/index.php\/2026\/04\/24\/dostali-dozywotni-zakaz-podrozy-samolotami-jet2\/\"><img decoding=\"async\" src=\"http:\/\/nakanarach.pl\/wp-content\/uploads\/2026\/04\/Samolot-Jet2-i-Binter_11zon-scaled.jpg\" alt=\"DOSTALI DO\u017bYWOTNI ZAKAZ PODR\u00d3\u017bY SAMOLOTAMI JET2\"\/><\/a>\r\n                        <\/div>\r\n                    <\/div><!-- .cv-post-left-wrap -->\r\n                    <div class=\"cv-post-right-wrap\">\r\n                                                <h2 class=\"cv-post-title\">\r\n                            <a href=\"http:\/\/nakanarach.pl\/index.php\/2026\/04\/24\/dostali-dozywotni-zakaz-podrozy-samolotami-jet2\/\" target=\"_self\">\r\n                                DOSTALI DO\u017bYWOTNI ZAKAZ PODR\u00d3\u017bY SAMOLOTAMI JET2                            <\/a>\r\n                        <\/h2>\r\n                        <div class=\"cv-post-meta cv-meta-icon-show\">\r\n                            <span class=\"cv-post-date cv-post-meta-item\" itemprop=\"datePublished\"><a href=\"http:\/\/nakanarach.pl\/index.php\/2026\/04\/24\/dostali-dozywotni-zakaz-podrozy-samolotami-jet2\/\">24 kwietnia 2026<\/a><\/span>                        <\/div>\r\n                        <div class=\"cv-post-content\" itemprop=\"description\">GRAN CANARIA: Dla jednej z brytyjskich par to mia\u0142y by\u0107 wymarzone wakacje na rajskich Wyspach&hellip;<\/div>                        <div class=\"cv-read-more\"><a href=http:\/\/nakanarach.pl\/index.php\/2026\/04\/24\/dostali-dozywotni-zakaz-podrozy-samolotami-jet2\/>Czytaj wi\u0119cej<i class=\"fas fa-arrow-right\"><\/i><\/a><\/div>                    <\/div><!-- .cv-post-right-wrap -->\r\n                <\/article>\r\n                        <article post-id=\"post-13095\" class=\"cv-post post-format--standard\" itemscope itemtype=\"http:\/\/schema.org\/articleBody\">\r\n                    <div class=\"cv-post-left-wrap\">\r\n                        <div class=\"cv-post-thumb\">\r\n                            <a href=\"http:\/\/nakanarach.pl\/index.php\/2026\/04\/23\/rajdowe-mistrzostwa-swiata-z-udzialem-polakow-video\/\"><img decoding=\"async\" src=\"http:\/\/nakanarach.pl\/wp-content\/uploads\/2026\/04\/Rajd-FB-Tymek-Abramowski.jpg\" alt=\"RAJDOWE MISTRZOSTWA \u015aWIATA Z UDZIA\u0141EM POLAK\u00d3W (VIDEO)\"\/><\/a>\r\n                        <\/div>\r\n                    <\/div><!-- .cv-post-left-wrap -->\r\n                    <div class=\"cv-post-right-wrap\">\r\n                                                <h2 class=\"cv-post-title\">\r\n                            <a href=\"http:\/\/nakanarach.pl\/index.php\/2026\/04\/23\/rajdowe-mistrzostwa-swiata-z-udzialem-polakow-video\/\" target=\"_self\">\r\n                                RAJDOWE MISTRZOSTWA \u015aWIATA Z UDZIA\u0141EM POLAK\u00d3W (VIDEO)                            <\/a>\r\n                        <\/h2>\r\n                        <div class=\"cv-post-meta cv-meta-icon-show\">\r\n                            <span class=\"cv-post-date cv-post-meta-item\" itemprop=\"datePublished\"><a href=\"http:\/\/nakanarach.pl\/index.php\/2026\/04\/23\/rajdowe-mistrzostwa-swiata-z-udzialem-polakow-video\/\">23 kwietnia 2026<\/a><\/span>                        <\/div>\r\n                        <div class=\"cv-post-content\" itemprop=\"description\">GRAN CANARIA: Rajd Wysp Kanaryjskich 2026 po raz pierwszy do\u0142\u0105czy\u0142 do Rajdowych Mistrzostw \u015awiata (WRC)&hellip;<\/div>                        <div class=\"cv-read-more\"><a href=http:\/\/nakanarach.pl\/index.php\/2026\/04\/23\/rajdowe-mistrzostwa-swiata-z-udzialem-polakow-video\/>Czytaj wi\u0119cej<i class=\"fas fa-arrow-right\"><\/i><\/a><\/div>                    <\/div><!-- .cv-post-right-wrap -->\r\n                <\/article>\r\n                        <article post-id=\"post-13816\" class=\"cv-post post-format--standard\" itemscope itemtype=\"http:\/\/schema.org\/articleBody\">\r\n                    <div class=\"cv-post-left-wrap\">\r\n                        <div class=\"cv-post-thumb\">\r\n                            <a href=\"http:\/\/nakanarach.pl\/index.php\/2026\/04\/22\/po-burzy-zamknieto-10-domow-wakacyjnych\/\"><img decoding=\"async\" src=\"http:\/\/nakanarach.pl\/wp-content\/uploads\/2026\/04\/Wydmy-bungalow_11zon-scaled.jpg\" alt=\"PO BURZY ZAMKNI\u0118TO 10 DOM\u00d3W WAKACYJNYCH\"\/><\/a>\r\n                        <\/div>\r\n                    <\/div><!-- .cv-post-left-wrap -->\r\n                    <div class=\"cv-post-right-wrap\">\r\n                                                <h2 class=\"cv-post-title\">\r\n                            <a href=\"http:\/\/nakanarach.pl\/index.php\/2026\/04\/22\/po-burzy-zamknieto-10-domow-wakacyjnych\/\" target=\"_self\">\r\n                                PO BURZY ZAMKNI\u0118TO 10 DOM\u00d3W WAKACYJNYCH                            <\/a>\r\n                        <\/h2>\r\n                        <div class=\"cv-post-meta cv-meta-icon-show\">\r\n                            <span class=\"cv-post-date cv-post-meta-item\" itemprop=\"datePublished\"><a href=\"http:\/\/nakanarach.pl\/index.php\/2026\/04\/22\/po-burzy-zamknieto-10-domow-wakacyjnych\/\">22 kwietnia 2026<\/a><\/span>                        <\/div>\r\n                        <div class=\"cv-post-content\" itemprop=\"description\">GRAN CANARIA\/TENERYFA: Po miesi\u0105cu od przej\u015bcia pot\u0119\u017cnej burzy i sztormu Therese nad tym rajskim archipelagiem&hellip;<\/div>                        <div class=\"cv-read-more\"><a href=http:\/\/nakanarach.pl\/index.php\/2026\/04\/22\/po-burzy-zamknieto-10-domow-wakacyjnych\/>Czytaj wi\u0119cej<i class=\"fas fa-arrow-right\"><\/i><\/a><\/div>                    <\/div><!-- .cv-post-right-wrap -->\r\n                <\/article>\r\n                        <article post-id=\"post-13949\" class=\"cv-post post-format--standard\" itemscope itemtype=\"http:\/\/schema.org\/articleBody\">\r\n                    <div class=\"cv-post-left-wrap\">\r\n                        <div class=\"cv-post-thumb\">\r\n                            <a href=\"http:\/\/nakanarach.pl\/index.php\/2026\/04\/21\/tragiczny-final-poszukiwania-turysty\/\"><img decoding=\"async\" src=\"http:\/\/nakanarach.pl\/wp-content\/uploads\/2026\/04\/Poszukiwania-Emerlan-Lanzarote.webp\" alt=\"TRAGICZNY FINA\u0141 POSZUKIWANIA TURYSTY\"\/><\/a>\r\n                        <\/div>\r\n                    <\/div><!-- .cv-post-left-wrap -->\r\n                    <div class=\"cv-post-right-wrap\">\r\n                                                <h2 class=\"cv-post-title\">\r\n                            <a href=\"http:\/\/nakanarach.pl\/index.php\/2026\/04\/21\/tragiczny-final-poszukiwania-turysty\/\" target=\"_self\">\r\n                                TRAGICZNY FINA\u0141 POSZUKIWANIA TURYSTY                            <\/a>\r\n                        <\/h2>\r\n                        <div class=\"cv-post-meta cv-meta-icon-show\">\r\n                            <span class=\"cv-post-date cv-post-meta-item\" itemprop=\"datePublished\"><a href=\"http:\/\/nakanarach.pl\/index.php\/2026\/04\/21\/tragiczny-final-poszukiwania-turysty\/\">21 kwietnia 2026<\/a><\/span>                        <\/div>\r\n                        <div class=\"cv-post-content\" itemprop=\"description\">LANZAROTE\/TENERYFA: Po kilku dniach szeroko zakrojonej akcji zako\u0144czono poszukiwania zaginionego turysty na kanaryjskiej wyspie Lanzarote.&hellip;<\/div>                        <div class=\"cv-read-more\"><a href=http:\/\/nakanarach.pl\/index.php\/2026\/04\/21\/tragiczny-final-poszukiwania-turysty\/>Czytaj wi\u0119cej<i class=\"fas fa-arrow-right\"><\/i><\/a><\/div>                    <\/div><!-- .cv-post-right-wrap -->\r\n                <\/article>\r\n                        <article post-id=\"post-13966\" class=\"cv-post post-format--standard\" itemscope itemtype=\"http:\/\/schema.org\/articleBody\">\r\n                    <div class=\"cv-post-left-wrap\">\r\n                        <div class=\"cv-post-thumb\">\r\n                            <a href=\"http:\/\/nakanarach.pl\/index.php\/2026\/04\/20\/polakowi-grozi-485-lat-wiezienia\/\"><img decoding=\"async\" src=\"http:\/\/nakanarach.pl\/wp-content\/uploads\/2026\/04\/Polak-zatrzymany-na-Teneryfie-Policia-Nacional.avif\" alt=\"POLAKOWI GROZI 485 LAT WI\u0118ZIENIA\"\/><\/a>\r\n                        <\/div>\r\n                    <\/div><!-- .cv-post-left-wrap -->\r\n                    <div class=\"cv-post-right-wrap\">\r\n                                                <h2 class=\"cv-post-title\">\r\n                            <a href=\"http:\/\/nakanarach.pl\/index.php\/2026\/04\/20\/polakowi-grozi-485-lat-wiezienia\/\" target=\"_self\">\r\n                                POLAKOWI GROZI 485 LAT WI\u0118ZIENIA                            <\/a>\r\n                        <\/h2>\r\n                        <div class=\"cv-post-meta cv-meta-icon-show\">\r\n                            <span class=\"cv-post-date cv-post-meta-item\" itemprop=\"datePublished\"><a href=\"http:\/\/nakanarach.pl\/index.php\/2026\/04\/20\/polakowi-grozi-485-lat-wiezienia\/\">20 kwietnia 2026<\/a><\/span>                        <\/div>\r\n                        <div class=\"cv-post-content\" itemprop=\"description\">TENERYFA: Hiszpa\u0144ska Policja Krajowa poinformowa\u0142a o zatrzymaniu w Aronie, na po\u0142udniu najwi\u0119kszej kanaryjskiej wyspy, gro\u017anego&hellip;<\/div>                        <div class=\"cv-read-more\"><a href=http:\/\/nakanarach.pl\/index.php\/2026\/04\/20\/polakowi-grozi-485-lat-wiezienia\/>Czytaj wi\u0119cej<i class=\"fas fa-arrow-right\"><\/i><\/a><\/div>                    <\/div><!-- .cv-post-right-wrap -->\r\n                <\/article>\r\n                        <article post-id=\"post-13944\" class=\"cv-post post-format--standard\" itemscope itemtype=\"http:\/\/schema.org\/articleBody\">\r\n                    <div class=\"cv-post-left-wrap\">\r\n                        <div class=\"cv-post-thumb\">\r\n                            <a href=\"http:\/\/nakanarach.pl\/index.php\/2026\/04\/20\/pilot-samolotu-stal-sie-viralowym-bohaterem-video\/\"><img decoding=\"async\" src=\"http:\/\/nakanarach.pl\/wp-content\/uploads\/2026\/04\/Awaryjne-ladowanie.jpg\" alt=\"PILOT SAMOLOTU STA\u0141 SI\u0118 VIRALOWYM BOHATEREM (VIDEO)\"\/><\/a>\r\n                        <\/div>\r\n                    <\/div><!-- .cv-post-left-wrap -->\r\n                    <div class=\"cv-post-right-wrap\">\r\n                                                <h2 class=\"cv-post-title\">\r\n                            <a href=\"http:\/\/nakanarach.pl\/index.php\/2026\/04\/20\/pilot-samolotu-stal-sie-viralowym-bohaterem-video\/\" target=\"_self\">\r\n                                PILOT SAMOLOTU STA\u0141 SI\u0118 VIRALOWYM BOHATEREM (VIDEO)                            <\/a>\r\n                        <\/h2>\r\n                        <div class=\"cv-post-meta cv-meta-icon-show\">\r\n                            <span class=\"cv-post-date cv-post-meta-item\" itemprop=\"datePublished\"><a href=\"http:\/\/nakanarach.pl\/index.php\/2026\/04\/20\/pilot-samolotu-stal-sie-viralowym-bohaterem-video\/\">20 kwietnia 2026<\/a><\/span>                        <\/div>\r\n                        <div class=\"cv-post-content\" itemprop=\"description\">TENERYFA: Pilot hiszpa\u0144skiej linii Vueling sta\u0142 si\u0119 nieoczekiwanie gwiazd\u0105 medi\u00f3w spo\u0142eczno\u015bciowych po tym, jak przekaza\u0142&hellip;<\/div>                        <div class=\"cv-read-more\"><a href=http:\/\/nakanarach.pl\/index.php\/2026\/04\/20\/pilot-samolotu-stal-sie-viralowym-bohaterem-video\/>Czytaj wi\u0119cej<i class=\"fas fa-arrow-right\"><\/i><\/a><\/div>                    <\/div><!-- .cv-post-right-wrap -->\r\n                <\/article>\r\n                        <article post-id=\"post-13989\" class=\"cv-post post-format--standard\" itemscope itemtype=\"http:\/\/schema.org\/articleBody\">\r\n                    <div class=\"cv-post-left-wrap\">\r\n                        <div class=\"cv-post-thumb\">\r\n                            <a href=\"http:\/\/nakanarach.pl\/index.php\/2026\/04\/18\/tragiczny-pozar-nie-zyja-4-osoby\/\"><img decoding=\"async\" src=\"http:\/\/nakanarach.pl\/wp-content\/uploads\/2026\/04\/Pozar-w-bloku-Bomberos-de-Tenerife-0.jpg\" alt=\"TRAGICZNY PO\u017bAR &#8211; NIE \u017bYJ\u0104 4 OSOBY\"\/><\/a>\r\n                        <\/div>\r\n                    <\/div><!-- .cv-post-left-wrap -->\r\n                    <div class=\"cv-post-right-wrap\">\r\n                                                <h2 class=\"cv-post-title\">\r\n                            <a href=\"http:\/\/nakanarach.pl\/index.php\/2026\/04\/18\/tragiczny-pozar-nie-zyja-4-osoby\/\" target=\"_self\">\r\n                                TRAGICZNY PO\u017bAR &#8211; NIE \u017bYJ\u0104 4 OSOBY                            <\/a>\r\n                        <\/h2>\r\n                        <div class=\"cv-post-meta cv-meta-icon-show\">\r\n                            <span class=\"cv-post-date cv-post-meta-item\" itemprop=\"datePublished\"><a href=\"http:\/\/nakanarach.pl\/index.php\/2026\/04\/18\/tragiczny-pozar-nie-zyja-4-osoby\/\">18 kwietnia 2026<\/a><\/span>                        <\/div>\r\n                        <div class=\"cv-post-content\" itemprop=\"description\">TENERYFA: Jedna osoba zgin\u0119\u0142a na miejscu podczas powa\u017cnego po\u017caru mieszkania w miejscowo\u015bci Los Realejos na&hellip;<\/div>                        <div class=\"cv-read-more\"><a href=http:\/\/nakanarach.pl\/index.php\/2026\/04\/18\/tragiczny-pozar-nie-zyja-4-osoby\/>Czytaj wi\u0119cej<i class=\"fas fa-arrow-right\"><\/i><\/a><\/div>                    <\/div><!-- .cv-post-right-wrap -->\r\n                <\/article>\r\n                        <article post-id=\"post-13935\" class=\"cv-post post-format--standard\" itemscope itemtype=\"http:\/\/schema.org\/articleBody\">\r\n                    <div class=\"cv-post-left-wrap\">\r\n                        <div class=\"cv-post-thumb\">\r\n                            <a href=\"http:\/\/nakanarach.pl\/index.php\/2026\/04\/18\/upaly-niemal-jak-latem-na-kanarach\/\"><img decoding=\"async\" src=\"http:\/\/nakanarach.pl\/wp-content\/uploads\/2026\/04\/Termometr-33-stopnie.jpg\" alt=\"UPA\u0141Y NIEMAL JAK LATEM NA KANARACH\"\/><\/a>\r\n                        <\/div>\r\n                    <\/div><!-- .cv-post-left-wrap -->\r\n                    <div class=\"cv-post-right-wrap\">\r\n                                                <h2 class=\"cv-post-title\">\r\n                            <a href=\"http:\/\/nakanarach.pl\/index.php\/2026\/04\/18\/upaly-niemal-jak-latem-na-kanarach\/\" target=\"_self\">\r\n                                UPA\u0141Y NIEMAL JAK LATEM NA KANARACH                            <\/a>\r\n                        <\/h2>\r\n                        <div class=\"cv-post-meta cv-meta-icon-show\">\r\n                            <span class=\"cv-post-date cv-post-meta-item\" itemprop=\"datePublished\"><a href=\"http:\/\/nakanarach.pl\/index.php\/2026\/04\/18\/upaly-niemal-jak-latem-na-kanarach\/\">18 kwietnia 2026<\/a><\/span>                        <\/div>\r\n                        <div class=\"cv-post-content\" itemprop=\"description\">WYSPY KANARYJSKIE: Mamy dobr\u0105 i z\u0142\u0105 wiadomo\u015b\u0107. Na ten rajski archipelag dociera upalny front pogodowy.&hellip;<\/div>                        <div class=\"cv-read-more\"><a href=http:\/\/nakanarach.pl\/index.php\/2026\/04\/18\/upaly-niemal-jak-latem-na-kanarach\/>Czytaj wi\u0119cej<i class=\"fas fa-arrow-right\"><\/i><\/a><\/div>                    <\/div><!-- .cv-post-right-wrap -->\r\n                <\/article>\r\n                        <article post-id=\"post-13884\" class=\"cv-post post-format--standard\" itemscope itemtype=\"http:\/\/schema.org\/articleBody\">\r\n                    <div class=\"cv-post-left-wrap\">\r\n                        <div class=\"cv-post-thumb\">\r\n                            <a href=\"http:\/\/nakanarach.pl\/index.php\/2026\/04\/17\/zrzucali-olbrzymie-kamienie-w-obszarze-chronionym\/\"><img decoding=\"async\" src=\"http:\/\/nakanarach.pl\/wp-content\/uploads\/2026\/04\/Rzucali-kamieniami-RTVC.jpg\" alt=\"ZRZUCALI OLBRZYMIE KAMIENIE W OBSZARZE CHRONIONYM\"\/><\/a>\r\n                        <\/div>\r\n                    <\/div><!-- .cv-post-left-wrap -->\r\n                    <div class=\"cv-post-right-wrap\">\r\n                                                <h2 class=\"cv-post-title\">\r\n                            <a href=\"http:\/\/nakanarach.pl\/index.php\/2026\/04\/17\/zrzucali-olbrzymie-kamienie-w-obszarze-chronionym\/\" target=\"_self\">\r\n                                ZRZUCALI OLBRZYMIE KAMIENIE W OBSZARZE CHRONIONYM                            <\/a>\r\n                        <\/h2>\r\n                        <div class=\"cv-post-meta cv-meta-icon-show\">\r\n                            <span class=\"cv-post-date cv-post-meta-item\" itemprop=\"datePublished\"><a href=\"http:\/\/nakanarach.pl\/index.php\/2026\/04\/17\/zrzucali-olbrzymie-kamienie-w-obszarze-chronionym\/\">17 kwietnia 2026<\/a><\/span>                        <\/div>\r\n                        <div class=\"cv-post-content\" itemprop=\"description\">FUERTEVENTURA: Policja szuka dw\u00f3ch niemieckich turyst\u00f3w, kt\u00f3rzy zrzucali olbrzymie kamienie ze zbocza wulkanicznej g\u00f3ry w&hellip;<\/div>                        <div class=\"cv-read-more\"><a href=http:\/\/nakanarach.pl\/index.php\/2026\/04\/17\/zrzucali-olbrzymie-kamienie-w-obszarze-chronionym\/>Czytaj wi\u0119cej<i class=\"fas fa-arrow-right\"><\/i><\/a><\/div>                    <\/div><!-- .cv-post-right-wrap -->\r\n                <\/article>\r\n                        <article post-id=\"post-13821\" class=\"cv-post post-format--standard\" itemscope itemtype=\"http:\/\/schema.org\/articleBody\">\r\n                    <div class=\"cv-post-left-wrap\">\r\n                        <div class=\"cv-post-thumb\">\r\n                            <a href=\"http:\/\/nakanarach.pl\/index.php\/2026\/04\/16\/strajki-kontrolerow-ruchu-lotniczego-moga-sparalizowac-lotniska\/\"><img decoding=\"async\" src=\"http:\/\/nakanarach.pl\/wp-content\/uploads\/2024\/04\/Lotnisko-Gran-Canaria-Wieza-Kontrolna-Foto-Nakanarach-scaled.jpg\" alt=\"STRAJKI KONTROLER\u00d3W RUCHU LOTNICZEGO MOG\u0104 SPARALI\u017bOWA\u0106 LOTNISKA?\"\/><\/a>\r\n                        <\/div>\r\n                    <\/div><!-- .cv-post-left-wrap -->\r\n                    <div class=\"cv-post-right-wrap\">\r\n                                                <h2 class=\"cv-post-title\">\r\n                            <a href=\"http:\/\/nakanarach.pl\/index.php\/2026\/04\/16\/strajki-kontrolerow-ruchu-lotniczego-moga-sparalizowac-lotniska\/\" target=\"_self\">\r\n                                STRAJKI KONTROLER\u00d3W RUCHU LOTNICZEGO MOG\u0104 SPARALI\u017bOWA\u0106 LOTNISKA?                            <\/a>\r\n                        <\/h2>\r\n                        <div class=\"cv-post-meta cv-meta-icon-show\">\r\n                            <span class=\"cv-post-date cv-post-meta-item\" itemprop=\"datePublished\"><a href=\"http:\/\/nakanarach.pl\/index.php\/2026\/04\/16\/strajki-kontrolerow-ruchu-lotniczego-moga-sparalizowac-lotniska\/\">16 kwietnia 2026<\/a><\/span>                        <\/div>\r\n                        <div class=\"cv-post-content\" itemprop=\"description\">HISZPANIA\/WYSPY KANARYJSKIE: Podr\u00f3\u017cni udaj\u0105cy si\u0119 do kontynentalnej Hiszpanii i na Wyspy Kanaryjskie lub powracaj\u0105cy do&hellip;<\/div>                        <div class=\"cv-read-more\"><a href=http:\/\/nakanarach.pl\/index.php\/2026\/04\/16\/strajki-kontrolerow-ruchu-lotniczego-moga-sparalizowac-lotniska\/>Czytaj wi\u0119cej<i class=\"fas fa-arrow-right\"><\/i><\/a><\/div>                    <\/div><!-- .cv-post-right-wrap -->\r\n                <\/article>\r\n                        <article post-id=\"post-13900\" class=\"cv-post post-format--standard\" itemscope itemtype=\"http:\/\/schema.org\/articleBody\">\r\n                    <div class=\"cv-post-left-wrap\">\r\n                        <div class=\"cv-post-thumb\">\r\n                            <a href=\"http:\/\/nakanarach.pl\/index.php\/2026\/04\/15\/niemal-codzienne-trzesienia-ziemi-na-teneryfie\/\"><img decoding=\"async\" src=\"http:\/\/nakanarach.pl\/wp-content\/uploads\/2022\/06\/Teide-Pion.jpg\" alt=\"NIEMAL CODZIENNE TRZ\u0118SIENIA ZIEMI NA TENERYFIE\"\/><\/a>\r\n                        <\/div>\r\n                    <\/div><!-- .cv-post-left-wrap -->\r\n                    <div class=\"cv-post-right-wrap\">\r\n                                                <h2 class=\"cv-post-title\">\r\n                            <a href=\"http:\/\/nakanarach.pl\/index.php\/2026\/04\/15\/niemal-codzienne-trzesienia-ziemi-na-teneryfie\/\" target=\"_self\">\r\n                                NIEMAL CODZIENNE TRZ\u0118SIENIA ZIEMI NA TENERYFIE                            <\/a>\r\n                        <\/h2>\r\n                        <div class=\"cv-post-meta cv-meta-icon-show\">\r\n                            <span class=\"cv-post-date cv-post-meta-item\" itemprop=\"datePublished\"><a href=\"http:\/\/nakanarach.pl\/index.php\/2026\/04\/15\/niemal-codzienne-trzesienia-ziemi-na-teneryfie\/\">15 kwietnia 2026<\/a><\/span>                        <\/div>\r\n                        <div class=\"cv-post-content\" itemprop=\"description\">TENERYFA: W kwietniu prawie ka\u017cdego dnia sejsmolodzy rejestruj\u0105 kolejne trz\u0119sienia ziemi na najwi\u0119kszej kanaryjskiej wyspie.&hellip;<\/div>                        <div class=\"cv-read-more\"><a href=http:\/\/nakanarach.pl\/index.php\/2026\/04\/15\/niemal-codzienne-trzesienia-ziemi-na-teneryfie\/>Czytaj wi\u0119cej<i class=\"fas fa-arrow-right\"><\/i><\/a><\/div>                    <\/div><!-- .cv-post-right-wrap -->\r\n                <\/article>\r\n                        <article post-id=\"post-13878\" class=\"cv-post post-format--standard\" itemscope itemtype=\"http:\/\/schema.org\/articleBody\">\r\n                    <div class=\"cv-post-left-wrap\">\r\n                        <div class=\"cv-post-thumb\">\r\n                            <a href=\"http:\/\/nakanarach.pl\/index.php\/2026\/04\/14\/brutalny-napad-z-bronia-na-turystow\/\"><img decoding=\"async\" src=\"http:\/\/nakanarach.pl\/wp-content\/uploads\/2025\/05\/Gwardia-Cywilna-kajdanki.jpg\" alt=\"BRUTALNY NAPAD Z BRONI\u0104 NA TURYST\u00d3W\"\/><\/a>\r\n                        <\/div>\r\n                    <\/div><!-- .cv-post-left-wrap -->\r\n                    <div class=\"cv-post-right-wrap\">\r\n                                                <h2 class=\"cv-post-title\">\r\n                            <a href=\"http:\/\/nakanarach.pl\/index.php\/2026\/04\/14\/brutalny-napad-z-bronia-na-turystow\/\" target=\"_self\">\r\n                                BRUTALNY NAPAD Z BRONI\u0104 NA TURYST\u00d3W                            <\/a>\r\n                        <\/h2>\r\n                        <div class=\"cv-post-meta cv-meta-icon-show\">\r\n                            <span class=\"cv-post-date cv-post-meta-item\" itemprop=\"datePublished\"><a href=\"http:\/\/nakanarach.pl\/index.php\/2026\/04\/14\/brutalny-napad-z-bronia-na-turystow\/\">14 kwietnia 2026<\/a><\/span>                        <\/div>\r\n                        <div class=\"cv-post-content\" itemprop=\"description\">LANZAROTE: Gwardia Cywilna zatrzyma\u0142a dw\u00f3ch nastolatk\u00f3w po brutalnym napadzie na o\u015brodek wypoczynkowy w popularnym kurorcie&hellip;<\/div>                        <div class=\"cv-read-more\"><a href=http:\/\/nakanarach.pl\/index.php\/2026\/04\/14\/brutalny-napad-z-bronia-na-turystow\/>Czytaj wi\u0119cej<i class=\"fas fa-arrow-right\"><\/i><\/a><\/div>                    <\/div><!-- .cv-post-right-wrap -->\r\n                <\/article>\r\n                        <article post-id=\"post-13856\" class=\"cv-post post-format--standard\" itemscope itemtype=\"http:\/\/schema.org\/articleBody\">\r\n                    <div class=\"cv-post-left-wrap\">\r\n                        <div class=\"cv-post-thumb\">\r\n                            <a href=\"http:\/\/nakanarach.pl\/index.php\/2026\/04\/13\/sztorm-burza-wiatr-i-niskie-temperatury-video\/\"><img decoding=\"async\" src=\"http:\/\/nakanarach.pl\/wp-content\/uploads\/2026\/04\/Ratowali-dziewczynke-Bomberos-Gran-Canaria.jpg\" alt=\"SZTORM, BURZA, WIATR I NISKIE TEMPERATURY (VIDEO)\"\/><\/a>\r\n                        <\/div>\r\n                    <\/div><!-- .cv-post-left-wrap -->\r\n                    <div class=\"cv-post-right-wrap\">\r\n                                                <h2 class=\"cv-post-title\">\r\n                            <a href=\"http:\/\/nakanarach.pl\/index.php\/2026\/04\/13\/sztorm-burza-wiatr-i-niskie-temperatury-video\/\" target=\"_self\">\r\n                                SZTORM, BURZA, WIATR I NISKIE TEMPERATURY (VIDEO)                            <\/a>\r\n                        <\/h2>\r\n                        <div class=\"cv-post-meta cv-meta-icon-show\">\r\n                            <span class=\"cv-post-date cv-post-meta-item\" itemprop=\"datePublished\"><a href=\"http:\/\/nakanarach.pl\/index.php\/2026\/04\/13\/sztorm-burza-wiatr-i-niskie-temperatury-video\/\">13 kwietnia 2026<\/a><\/span>                        <\/div>\r\n                        <div class=\"cv-post-content\" itemprop=\"description\">HISZPANIA\/WYSPY KANARYJSKIE: Kolejna, ju\u017c 8 w ci\u0105gu roku burza i ulewne opady deszczu, ponownie pojawi\u0142y&hellip;<\/div>                        <div class=\"cv-read-more\"><a href=http:\/\/nakanarach.pl\/index.php\/2026\/04\/13\/sztorm-burza-wiatr-i-niskie-temperatury-video\/>Czytaj wi\u0119cej<i class=\"fas fa-arrow-right\"><\/i><\/a><\/div>                    <\/div><!-- .cv-post-right-wrap -->\r\n                <\/article>\r\n                        <article post-id=\"post-13849\" class=\"cv-post post-format--standard\" itemscope itemtype=\"http:\/\/schema.org\/articleBody\">\r\n                    <div class=\"cv-post-left-wrap\">\r\n                        <div class=\"cv-post-thumb\">\r\n                            <a href=\"http:\/\/nakanarach.pl\/index.php\/2026\/04\/11\/autobus-z-turystami-spadl-do-wawozu-video\/\"><img decoding=\"async\" src=\"http:\/\/nakanarach.pl\/wp-content\/uploads\/2026\/04\/Wypadek-La-Gomera-112-Canarias.webp\" alt=\"AUTOBUS Z TURYSTAMI SPAD\u0141 DO W\u0104WOZU (VIDEO)\"\/><\/a>\r\n                        <\/div>\r\n                    <\/div><!-- .cv-post-left-wrap -->\r\n                    <div class=\"cv-post-right-wrap\">\r\n                                                <h2 class=\"cv-post-title\">\r\n                            <a href=\"http:\/\/nakanarach.pl\/index.php\/2026\/04\/11\/autobus-z-turystami-spadl-do-wawozu-video\/\" target=\"_self\">\r\n                                AUTOBUS Z TURYSTAMI SPAD\u0141 DO W\u0104WOZU (VIDEO)                            <\/a>\r\n                        <\/h2>\r\n                        <div class=\"cv-post-meta cv-meta-icon-show\">\r\n                            <span class=\"cv-post-date cv-post-meta-item\" itemprop=\"datePublished\"><a href=\"http:\/\/nakanarach.pl\/index.php\/2026\/04\/11\/autobus-z-turystami-spadl-do-wawozu-video\/\">11 kwietnia 2026<\/a><\/span>                        <\/div>\r\n                        <div class=\"cv-post-content\" itemprop=\"description\">LA GOMERA: Policja i w\u0142adze niewielkiej kanaryjskiej wyspy La Gomera s\u0105 zaniepokojone kolejnym powa\u017cnym i&hellip;<\/div>                        <div class=\"cv-read-more\"><a href=http:\/\/nakanarach.pl\/index.php\/2026\/04\/11\/autobus-z-turystami-spadl-do-wawozu-video\/>Czytaj wi\u0119cej<i class=\"fas fa-arrow-right\"><\/i><\/a><\/div>                    <\/div><!-- .cv-post-right-wrap -->\r\n                <\/article>\r\n                        <article post-id=\"post-13841\" class=\"cv-post post-format--standard\" itemscope itemtype=\"http:\/\/schema.org\/articleBody\">\r\n                    <div class=\"cv-post-left-wrap\">\r\n                        <div class=\"cv-post-thumb\">\r\n                            <a href=\"http:\/\/nakanarach.pl\/index.php\/2026\/04\/10\/silny-wiatr-utrudnia-loty-2\/\"><img decoding=\"async\" src=\"http:\/\/nakanarach.pl\/wp-content\/uploads\/2025\/12\/Teneryfa-Gran-Canaria-chmury-samolot_11zon-scaled.jpg\" alt=\"SILNY WIATR UTRUDNIA\u0141 LOTY (VIDEO)\"\/><\/a>\r\n                        <\/div>\r\n                    <\/div><!-- .cv-post-left-wrap -->\r\n                    <div class=\"cv-post-right-wrap\">\r\n                                                <h2 class=\"cv-post-title\">\r\n                            <a href=\"http:\/\/nakanarach.pl\/index.php\/2026\/04\/10\/silny-wiatr-utrudnia-loty-2\/\" target=\"_self\">\r\n                                SILNY WIATR UTRUDNIA\u0141 LOTY (VIDEO)                            <\/a>\r\n                        <\/h2>\r\n                        <div class=\"cv-post-meta cv-meta-icon-show\">\r\n                            <span class=\"cv-post-date cv-post-meta-item\" itemprop=\"datePublished\"><a href=\"http:\/\/nakanarach.pl\/index.php\/2026\/04\/10\/silny-wiatr-utrudnia-loty-2\/\">10 kwietnia 2026<\/a><\/span>                        <\/div>\r\n                        <div class=\"cv-post-content\" itemprop=\"description\">WYSPY KANARYJSKIE: Niekorzystna pogoda na Fuerteventurze, Lanzarote i Gran Canarii utrudnia operacje lotnicze i zmusza&hellip;<\/div>                        <div class=\"cv-read-more\"><a href=http:\/\/nakanarach.pl\/index.php\/2026\/04\/10\/silny-wiatr-utrudnia-loty-2\/>Czytaj wi\u0119cej<i class=\"fas fa-arrow-right\"><\/i><\/a><\/div>                    <\/div><!-- .cv-post-right-wrap -->\r\n                <\/article>\r\n                        <article post-id=\"post-13823\" class=\"cv-post post-format--standard\" itemscope itemtype=\"http:\/\/schema.org\/articleBody\">\r\n                    <div class=\"cv-post-left-wrap\">\r\n                        <div class=\"cv-post-thumb\">\r\n                            <a href=\"http:\/\/nakanarach.pl\/index.php\/2026\/04\/10\/randka-zakonczona-tragedia\/\"><img decoding=\"async\" src=\"http:\/\/nakanarach.pl\/wp-content\/uploads\/2026\/04\/Policia-Nacional.jpg\" alt=\"RANDKA ZAKO\u0143CZONA TRAGEDI\u0104\"\/><\/a>\r\n                        <\/div>\r\n                    <\/div><!-- .cv-post-left-wrap -->\r\n                    <div class=\"cv-post-right-wrap\">\r\n                                                <h2 class=\"cv-post-title\">\r\n                            <a href=\"http:\/\/nakanarach.pl\/index.php\/2026\/04\/10\/randka-zakonczona-tragedia\/\" target=\"_self\">\r\n                                RANDKA ZAKO\u0143CZONA TRAGEDI\u0104                            <\/a>\r\n                        <\/h2>\r\n                        <div class=\"cv-post-meta cv-meta-icon-show\">\r\n                            <span class=\"cv-post-date cv-post-meta-item\" itemprop=\"datePublished\"><a href=\"http:\/\/nakanarach.pl\/index.php\/2026\/04\/10\/randka-zakonczona-tragedia\/\">10 kwietnia 2026<\/a><\/span>                        <\/div>\r\n                        <div class=\"cv-post-content\" itemprop=\"description\">TENERYFA\/GRAN CANARIA: 84-letni turysta zmar\u0142 po um\u00f3wieniu si\u0119 przez aplikacj\u0119 randkow\u0105 w znanym turystycznym kurorcie&hellip;<\/div>                        <div class=\"cv-read-more\"><a href=http:\/\/nakanarach.pl\/index.php\/2026\/04\/10\/randka-zakonczona-tragedia\/>Czytaj wi\u0119cej<i class=\"fas fa-arrow-right\"><\/i><\/a><\/div>                    <\/div><!-- .cv-post-right-wrap -->\r\n                <\/article>\r\n                        <article post-id=\"post-13754\" class=\"cv-post post-format--standard\" itemscope itemtype=\"http:\/\/schema.org\/articleBody\">\r\n                    <div class=\"cv-post-left-wrap\">\r\n                        <div class=\"cv-post-thumb\">\r\n                            <a href=\"http:\/\/nakanarach.pl\/index.php\/2026\/04\/09\/kary-za-nielegalne-biwakowanie-i-spacery\/\"><img decoding=\"async\" src=\"http:\/\/nakanarach.pl\/wp-content\/uploads\/2026\/04\/Nielegalne-biwakowanie.webp\" alt=\"KARY ZA NIELEGALNE BIWAKOWANIE I SPACERY\"\/><\/a>\r\n                        <\/div>\r\n                    <\/div><!-- .cv-post-left-wrap -->\r\n                    <div class=\"cv-post-right-wrap\">\r\n                                                <h2 class=\"cv-post-title\">\r\n                            <a href=\"http:\/\/nakanarach.pl\/index.php\/2026\/04\/09\/kary-za-nielegalne-biwakowanie-i-spacery\/\" target=\"_self\">\r\n                                KARY ZA NIELEGALNE BIWAKOWANIE I SPACERY                            <\/a>\r\n                        <\/h2>\r\n                        <div class=\"cv-post-meta cv-meta-icon-show\">\r\n                            <span class=\"cv-post-date cv-post-meta-item\" itemprop=\"datePublished\"><a href=\"http:\/\/nakanarach.pl\/index.php\/2026\/04\/09\/kary-za-nielegalne-biwakowanie-i-spacery\/\">9 kwietnia 2026<\/a><\/span>                        <\/div>\r\n                        <div class=\"cv-post-content\" itemprop=\"description\">TENERYFA\/GRAN CANARIA: W\u0142adze na\u0142o\u017cy\u0142y siedem grzywien za nielegalne biwakowanie i noclegi na chronionym obszarze przybrze\u017cnym&hellip;<\/div>                        <div class=\"cv-read-more\"><a href=http:\/\/nakanarach.pl\/index.php\/2026\/04\/09\/kary-za-nielegalne-biwakowanie-i-spacery\/>Czytaj wi\u0119cej<i class=\"fas fa-arrow-right\"><\/i><\/a><\/div>                    <\/div><!-- .cv-post-right-wrap -->\r\n                <\/article>\r\n                        <article post-id=\"post-13789\" class=\"cv-post post-format--standard\" itemscope itemtype=\"http:\/\/schema.org\/articleBody\">\r\n                    <div class=\"cv-post-left-wrap\">\r\n                        <div class=\"cv-post-thumb\">\r\n                            <a href=\"http:\/\/nakanarach.pl\/index.php\/2026\/04\/08\/zwloki-w-oceanie-i-kolejny-alert-burzowy\/\"><img decoding=\"async\" src=\"http:\/\/nakanarach.pl\/wp-content\/uploads\/2026\/04\/Salamento-Maitimo-Ocean-ratownictwo.jpg\" alt=\"ZW\u0141OKI W OCEANIE I KOLEJNY ALERT BURZOWY\"\/><\/a>\r\n                        <\/div>\r\n                    <\/div><!-- .cv-post-left-wrap -->\r\n                    <div class=\"cv-post-right-wrap\">\r\n                                                <h2 class=\"cv-post-title\">\r\n                            <a href=\"http:\/\/nakanarach.pl\/index.php\/2026\/04\/08\/zwloki-w-oceanie-i-kolejny-alert-burzowy\/\" target=\"_self\">\r\n                                ZW\u0141OKI W OCEANIE I KOLEJNY ALERT BURZOWY                            <\/a>\r\n                        <\/h2>\r\n                        <div class=\"cv-post-meta cv-meta-icon-show\">\r\n                            <span class=\"cv-post-date cv-post-meta-item\" itemprop=\"datePublished\"><a href=\"http:\/\/nakanarach.pl\/index.php\/2026\/04\/08\/zwloki-w-oceanie-i-kolejny-alert-burzowy\/\">8 kwietnia 2026<\/a><\/span>                        <\/div>\r\n                        <div class=\"cv-post-content\" itemprop=\"description\">WYSPY KANARYJSKIE: Kolejna \u015bmiertelna ofiara oceanu u wybrze\u017cy hiszpa\u0144skiego archipelagu. Zespo\u0142y ratunkowe na Teneryfie wy\u0142owi\u0142y&hellip;<\/div>                        <div class=\"cv-read-more\"><a href=http:\/\/nakanarach.pl\/index.php\/2026\/04\/08\/zwloki-w-oceanie-i-kolejny-alert-burzowy\/>Czytaj wi\u0119cej<i class=\"fas fa-arrow-right\"><\/i><\/a><\/div>                    <\/div><!-- .cv-post-right-wrap -->\r\n                <\/article>\r\n                        <article post-id=\"post-13779\" class=\"cv-post post-format--standard\" itemscope itemtype=\"http:\/\/schema.org\/articleBody\">\r\n                    <div class=\"cv-post-left-wrap\">\r\n                        <div class=\"cv-post-thumb\">\r\n                            <a href=\"http:\/\/nakanarach.pl\/index.php\/2026\/04\/07\/dziecko-na-krawedzi-klifu-turysci-na-dachu-auta-video\/\"><img decoding=\"async\" src=\"http:\/\/nakanarach.pl\/wp-content\/uploads\/2026\/04\/Turysci-na-dachu-auta.jpg\" alt=\"DZIECKO NA KRAW\u0118DZI KLIFU, TURY\u015aCI NA DACHU AUTA (VIDEO)\"\/><\/a>\r\n                        <\/div>\r\n                    <\/div><!-- .cv-post-left-wrap -->\r\n                    <div class=\"cv-post-right-wrap\">\r\n                                                <h2 class=\"cv-post-title\">\r\n                            <a href=\"http:\/\/nakanarach.pl\/index.php\/2026\/04\/07\/dziecko-na-krawedzi-klifu-turysci-na-dachu-auta-video\/\" target=\"_self\">\r\n                                DZIECKO NA KRAW\u0118DZI KLIFU, TURY\u015aCI NA DACHU AUTA (VIDEO)                            <\/a>\r\n                        <\/h2>\r\n                        <div class=\"cv-post-meta cv-meta-icon-show\">\r\n                            <span class=\"cv-post-date cv-post-meta-item\" itemprop=\"datePublished\"><a href=\"http:\/\/nakanarach.pl\/index.php\/2026\/04\/07\/dziecko-na-krawedzi-klifu-turysci-na-dachu-auta-video\/\">7 kwietnia 2026<\/a><\/span>                        <\/div>\r\n                        <div class=\"cv-post-content\" itemprop=\"description\">LANZAROTE: S\u0142u\u017cby ratunkowe na znanej kanaryjskiej wyspie zosta\u0142y wezwane do popularnego punktu widokowego na wybrze\u017cu&hellip;<\/div>                        <div class=\"cv-read-more\"><a href=http:\/\/nakanarach.pl\/index.php\/2026\/04\/07\/dziecko-na-krawedzi-klifu-turysci-na-dachu-auta-video\/>Czytaj wi\u0119cej<i class=\"fas fa-arrow-right\"><\/i><\/a><\/div>                    <\/div><!-- .cv-post-right-wrap -->\r\n                <\/article>\r\n                        <article post-id=\"post-13737\" class=\"cv-post post-format--standard\" itemscope itemtype=\"http:\/\/schema.org\/articleBody\">\r\n                    <div class=\"cv-post-left-wrap\">\r\n                        <div class=\"cv-post-thumb\">\r\n                            <a href=\"http:\/\/nakanarach.pl\/index.php\/2026\/04\/03\/zniszczone-plaze-i-swiateczne-tlumy-video\/\"><img decoding=\"async\" src=\"http:\/\/nakanarach.pl\/wp-content\/uploads\/2026\/04\/Zniszczona-plaza-Maspalomas-1-scaled.jpg\" alt=\"ZNISZCZONE PLA\u017bE I \u015aWI\u0104TECZNE T\u0141UMY (VIDEO)\"\/><\/a>\r\n                        <\/div>\r\n                    <\/div><!-- .cv-post-left-wrap -->\r\n                    <div class=\"cv-post-right-wrap\">\r\n                                                <h2 class=\"cv-post-title\">\r\n                            <a href=\"http:\/\/nakanarach.pl\/index.php\/2026\/04\/03\/zniszczone-plaze-i-swiateczne-tlumy-video\/\" target=\"_self\">\r\n                                ZNISZCZONE PLA\u017bE I \u015aWI\u0104TECZNE T\u0141UMY (VIDEO)                            <\/a>\r\n                        <\/h2>\r\n                        <div class=\"cv-post-meta cv-meta-icon-show\">\r\n                            <span class=\"cv-post-date cv-post-meta-item\" itemprop=\"datePublished\"><a href=\"http:\/\/nakanarach.pl\/index.php\/2026\/04\/03\/zniszczone-plaze-i-swiateczne-tlumy-video\/\">3 kwietnia 2026<\/a><\/span>                        <\/div>\r\n                        <div class=\"cv-post-content\" itemprop=\"description\">WYSPY KANARYJSKIE: Po marcowej pot\u0119\u017cnej burzy i niespotykanych od kilku lat ulewnych opadach deszczu na&hellip;<\/div>                        <div class=\"cv-read-more\"><a href=http:\/\/nakanarach.pl\/index.php\/2026\/04\/03\/zniszczone-plaze-i-swiateczne-tlumy-video\/>Czytaj wi\u0119cej<i class=\"fas fa-arrow-right\"><\/i><\/a><\/div>                    <\/div><!-- .cv-post-right-wrap -->\r\n                <\/article>\r\n                        <article post-id=\"post-13691\" class=\"cv-post post-format--standard\" itemscope itemtype=\"http:\/\/schema.org\/articleBody\">\r\n                    <div class=\"cv-post-left-wrap\">\r\n                        <div class=\"cv-post-thumb\">\r\n                            <a href=\"http:\/\/nakanarach.pl\/index.php\/2026\/04\/02\/utrudnienia-i-opoznienia-z-powodu-strajku\/\"><img decoding=\"async\" src=\"http:\/\/nakanarach.pl\/wp-content\/uploads\/2026\/01\/Lotnisko-Pas-startowy-Gran-Canaria_11zon-scaled.jpg\" alt=\"UTRUDNIENIA I OP\u00d3\u0179NIENIA Z POWODU STRAJKU\"\/><\/a>\r\n                        <\/div>\r\n                    <\/div><!-- .cv-post-left-wrap -->\r\n                    <div class=\"cv-post-right-wrap\">\r\n                                                <h2 class=\"cv-post-title\">\r\n                            <a href=\"http:\/\/nakanarach.pl\/index.php\/2026\/04\/02\/utrudnienia-i-opoznienia-z-powodu-strajku\/\" target=\"_self\">\r\n                                UTRUDNIENIA I OP\u00d3\u0179NIENIA Z POWODU STRAJKU                            <\/a>\r\n                        <\/h2>\r\n                        <div class=\"cv-post-meta cv-meta-icon-show\">\r\n                            <span class=\"cv-post-date cv-post-meta-item\" itemprop=\"datePublished\"><a href=\"http:\/\/nakanarach.pl\/index.php\/2026\/04\/02\/utrudnienia-i-opoznienia-z-powodu-strajku\/\">2 kwietnia 2026<\/a><\/span>                        <\/div>\r\n                        <div class=\"cv-post-content\" itemprop=\"description\">HISZPANIA\/WYSPY KANARYJSKIE: Pasa\u017cerowie podr\u00f3\u017cuj\u0105cy przez lotnisko Gran Canaria narzekaj\u0105 na op\u00f3\u017anienia spowodowane strajkiem personelu naziemnego,&hellip;<\/div>                        <div class=\"cv-read-more\"><a href=http:\/\/nakanarach.pl\/index.php\/2026\/04\/02\/utrudnienia-i-opoznienia-z-powodu-strajku\/>Czytaj wi\u0119cej<i class=\"fas fa-arrow-right\"><\/i><\/a><\/div>                    <\/div><!-- .cv-post-right-wrap -->\r\n                <\/article>\r\n                        <article post-id=\"post-13705\" class=\"cv-post post-format--standard\" itemscope itemtype=\"http:\/\/schema.org\/articleBody\">\r\n                    <div class=\"cv-post-left-wrap\">\r\n                        <div class=\"cv-post-thumb\">\r\n                            <a href=\"http:\/\/nakanarach.pl\/index.php\/2026\/04\/01\/dwulatek-tonal-w-hotelowym-basenie\/\"><img decoding=\"async\" src=\"http:\/\/nakanarach.pl\/wp-content\/uploads\/2026\/04\/Karetka-pogotowia-NaKanarach-scaled.jpg\" alt=\"DWULATEK TON\u0104\u0141 W HOTELOWYM BASENIE\"\/><\/a>\r\n                        <\/div>\r\n                    <\/div><!-- .cv-post-left-wrap -->\r\n                    <div class=\"cv-post-right-wrap\">\r\n                                                <h2 class=\"cv-post-title\">\r\n                            <a href=\"http:\/\/nakanarach.pl\/index.php\/2026\/04\/01\/dwulatek-tonal-w-hotelowym-basenie\/\" target=\"_self\">\r\n                                DWULATEK TON\u0104\u0141 W HOTELOWYM BASENIE                            <\/a>\r\n                        <\/h2>\r\n                        <div class=\"cv-post-meta cv-meta-icon-show\">\r\n                            <span class=\"cv-post-date cv-post-meta-item\" itemprop=\"datePublished\"><a href=\"http:\/\/nakanarach.pl\/index.php\/2026\/04\/01\/dwulatek-tonal-w-hotelowym-basenie\/\">1 kwietnia 2026<\/a><\/span>                        <\/div>\r\n                        <div class=\"cv-post-content\" itemprop=\"description\">FUERTEVENTURA\/TENERYFA: Dwuletnie dziecko jest w ci\u0119\u017ckim stanie po tym, jak zosta\u0142o wyci\u0105gni\u0119te z basenu w&hellip;<\/div>                        <div class=\"cv-read-more\"><a href=http:\/\/nakanarach.pl\/index.php\/2026\/04\/01\/dwulatek-tonal-w-hotelowym-basenie\/>Czytaj wi\u0119cej<i class=\"fas fa-arrow-right\"><\/i><\/a><\/div>                    <\/div><!-- .cv-post-right-wrap -->\r\n                <\/article>\r\n                        <article post-id=\"post-13675\" class=\"cv-post post-format--standard\" itemscope itemtype=\"http:\/\/schema.org\/articleBody\">\r\n                    <div class=\"cv-post-left-wrap\">\r\n                        <div class=\"cv-post-thumb\">\r\n                            <a href=\"http:\/\/nakanarach.pl\/index.php\/2026\/03\/31\/chmura-z-pylem-dotarla-na-kanary\/\"><img decoding=\"async\" src=\"http:\/\/nakanarach.pl\/wp-content\/uploads\/2022\/01\/Kalima-2022-Gesta-Mgla-scaled.jpg\" alt=\"CHMURA Z PY\u0141EM DOTAR\u0141A NA KANARY\"\/><\/a>\r\n                        <\/div>\r\n                    <\/div><!-- .cv-post-left-wrap -->\r\n                    <div class=\"cv-post-right-wrap\">\r\n                                                <h2 class=\"cv-post-title\">\r\n                            <a href=\"http:\/\/nakanarach.pl\/index.php\/2026\/03\/31\/chmura-z-pylem-dotarla-na-kanary\/\" target=\"_self\">\r\n                                CHMURA Z PY\u0141EM DOTAR\u0141A NA KANARY                            <\/a>\r\n                        <\/h2>\r\n                        <div class=\"cv-post-meta cv-meta-icon-show\">\r\n                            <span class=\"cv-post-date cv-post-meta-item\" itemprop=\"datePublished\"><a href=\"http:\/\/nakanarach.pl\/index.php\/2026\/03\/31\/chmura-z-pylem-dotarla-na-kanary\/\">31 marca 2026<\/a><\/span>                        <\/div>\r\n                        <div class=\"cv-post-content\" itemprop=\"description\">WYSPY KANARYJSKIE: W wielu miejscach na archipelagu trwa usuwanie szk\u00f3d po niedawnej silnej burzy &#8222;Teresa&#8221;.&hellip;<\/div>                        <div class=\"cv-read-more\"><a href=http:\/\/nakanarach.pl\/index.php\/2026\/03\/31\/chmura-z-pylem-dotarla-na-kanary\/>Czytaj wi\u0119cej<i class=\"fas fa-arrow-right\"><\/i><\/a><\/div>                    <\/div><!-- .cv-post-right-wrap -->\r\n                <\/article>\r\n                        <article post-id=\"post-13650\" class=\"cv-post post-format--standard\" itemscope itemtype=\"http:\/\/schema.org\/articleBody\">\r\n                    <div class=\"cv-post-left-wrap\">\r\n                        <div class=\"cv-post-thumb\">\r\n                            <a href=\"http:\/\/nakanarach.pl\/index.php\/2026\/03\/30\/tragedia-w-oceanie\/\"><img decoding=\"async\" src=\"http:\/\/nakanarach.pl\/wp-content\/uploads\/2026\/03\/Ogrodzona-plaza-1-scaled.jpg\" alt=\"TRAGEDIA W OCEANIE\"\/><\/a>\r\n                        <\/div>\r\n                    <\/div><!-- .cv-post-left-wrap -->\r\n                    <div class=\"cv-post-right-wrap\">\r\n                                                <h2 class=\"cv-post-title\">\r\n                            <a href=\"http:\/\/nakanarach.pl\/index.php\/2026\/03\/30\/tragedia-w-oceanie\/\" target=\"_self\">\r\n                                TRAGEDIA W OCEANIE                            <\/a>\r\n                        <\/h2>\r\n                        <div class=\"cv-post-meta cv-meta-icon-show\">\r\n                            <span class=\"cv-post-date cv-post-meta-item\" itemprop=\"datePublished\"><a href=\"http:\/\/nakanarach.pl\/index.php\/2026\/03\/30\/tragedia-w-oceanie\/\">30 marca 2026<\/a><\/span>                        <\/div>\r\n                        <div class=\"cv-post-content\" itemprop=\"description\">GRAN CANARIA: 15-letnia urlopowiczka zosta\u0142 znaleziona martwa w wodach Atlantyku w pobli\u017cu doku w turystycznym&hellip;<\/div>                        <div class=\"cv-read-more\"><a href=http:\/\/nakanarach.pl\/index.php\/2026\/03\/30\/tragedia-w-oceanie\/>Czytaj wi\u0119cej<i class=\"fas fa-arrow-right\"><\/i><\/a><\/div>                    <\/div><!-- .cv-post-right-wrap -->\r\n                <\/article>\r\n                        <article post-id=\"post-13093\" class=\"cv-post post-format--standard\" itemscope itemtype=\"http:\/\/schema.org\/articleBody\">\r\n                    <div class=\"cv-post-left-wrap\">\r\n                        <div class=\"cv-post-thumb\">\r\n                            <a href=\"http:\/\/nakanarach.pl\/index.php\/2026\/03\/27\/ostatnia-zmiana-czasu-w-hiszpanii-i-na-kanarach\/\"><img decoding=\"async\" src=\"http:\/\/nakanarach.pl\/wp-content\/uploads\/2022\/10\/Zegar-i-palma-scaled.jpg\" alt=\"OSTATNIA ZMIANA CZASU W HISZPANII I NA KANARACH?\"\/><\/a>\r\n                        <\/div>\r\n                    <\/div><!-- .cv-post-left-wrap -->\r\n                    <div class=\"cv-post-right-wrap\">\r\n                                                <h2 class=\"cv-post-title\">\r\n                            <a href=\"http:\/\/nakanarach.pl\/index.php\/2026\/03\/27\/ostatnia-zmiana-czasu-w-hiszpanii-i-na-kanarach\/\" target=\"_self\">\r\n                                OSTATNIA ZMIANA CZASU W HISZPANII I NA KANARACH?                            <\/a>\r\n                        <\/h2>\r\n                        <div class=\"cv-post-meta cv-meta-icon-show\">\r\n                            <span class=\"cv-post-date cv-post-meta-item\" itemprop=\"datePublished\"><a href=\"http:\/\/nakanarach.pl\/index.php\/2026\/03\/27\/ostatnia-zmiana-czasu-w-hiszpanii-i-na-kanarach\/\">27 marca 2026<\/a><\/span>                        <\/div>\r\n                        <div class=\"cv-post-content\" itemprop=\"description\">HISZPANIA\/WYSPY KANARYJSKIE: Mieszka\u0144cy i tury\u015bci Wysp Kanaryjskich wkr\u00f3tce ponownie przestawi\u0105 zegarki, poniewa\u017c powraca czas letni,&hellip;<\/div>                        <div class=\"cv-read-more\"><a href=http:\/\/nakanarach.pl\/index.php\/2026\/03\/27\/ostatnia-zmiana-czasu-w-hiszpanii-i-na-kanarach\/>Czytaj wi\u0119cej<i class=\"fas fa-arrow-right\"><\/i><\/a><\/div>                    <\/div><!-- .cv-post-right-wrap -->\r\n                <\/article>\r\n                        <article post-id=\"post-13620\" class=\"cv-post post-format--standard\" itemscope itemtype=\"http:\/\/schema.org\/articleBody\">\r\n                    <div class=\"cv-post-left-wrap\">\r\n                        <div class=\"cv-post-thumb\">\r\n                            <a href=\"http:\/\/nakanarach.pl\/index.php\/2026\/03\/27\/wznowili-imprezy-czas-zaczac-zabawe\/\"><img decoding=\"async\" src=\"http:\/\/nakanarach.pl\/wp-content\/uploads\/2026\/03\/Parada-Karnawal-Maspalomas-2026-Ogolne-z-gory-scaled.jpg\" alt=\"WZNOWILI IMPREZY, CZAS ZACZ\u0104\u0106 ZABAW\u0118\"\/><\/a>\r\n                        <\/div>\r\n                    <\/div><!-- .cv-post-left-wrap -->\r\n                    <div class=\"cv-post-right-wrap\">\r\n                                                <h2 class=\"cv-post-title\">\r\n                            <a href=\"http:\/\/nakanarach.pl\/index.php\/2026\/03\/27\/wznowili-imprezy-czas-zaczac-zabawe\/\" target=\"_self\">\r\n                                WZNOWILI IMPREZY, CZAS ZACZ\u0104\u0106 ZABAW\u0118                            <\/a>\r\n                        <\/h2>\r\n                        <div class=\"cv-post-meta cv-meta-icon-show\">\r\n                            <span class=\"cv-post-date cv-post-meta-item\" itemprop=\"datePublished\"><a href=\"http:\/\/nakanarach.pl\/index.php\/2026\/03\/27\/wznowili-imprezy-czas-zaczac-zabawe\/\">27 marca 2026<\/a><\/span>                        <\/div>\r\n                        <div class=\"cv-post-content\" itemprop=\"description\">GRAN CANARIA: Po przej\u015bciu gwa\u0142townej burzy i zawieszeniu przez w\u0142adze regionalne wszystkich imprez plenerowych, na&hellip;<\/div>                        <div class=\"cv-read-more\"><a href=http:\/\/nakanarach.pl\/index.php\/2026\/03\/27\/wznowili-imprezy-czas-zaczac-zabawe\/>Czytaj wi\u0119cej<i class=\"fas fa-arrow-right\"><\/i><\/a><\/div>                    <\/div><!-- .cv-post-right-wrap -->\r\n                <\/article>\r\n                        <article post-id=\"post-13597\" class=\"cv-post post-format--standard\" itemscope itemtype=\"http:\/\/schema.org\/articleBody\">\r\n                    <div class=\"cv-post-left-wrap\">\r\n                        <div class=\"cv-post-thumb\">\r\n                            <a href=\"http:\/\/nakanarach.pl\/index.php\/2026\/03\/26\/ofiara-burzy-i-kary-dla-turystow-video\/\"><img decoding=\"async\" src=\"http:\/\/nakanarach.pl\/wp-content\/uploads\/2026\/03\/Zawalona-restauracja-Teror-Gran-Canaria.webp\" alt=\"OFIARA BURZY I KARY DLA TURYST\u00d3W (VIDEO)\"\/><\/a>\r\n                        <\/div>\r\n                    <\/div><!-- .cv-post-left-wrap -->\r\n                    <div class=\"cv-post-right-wrap\">\r\n                                                <h2 class=\"cv-post-title\">\r\n                            <a href=\"http:\/\/nakanarach.pl\/index.php\/2026\/03\/26\/ofiara-burzy-i-kary-dla-turystow-video\/\" target=\"_self\">\r\n                                OFIARA BURZY I KARY DLA TURYST\u00d3W (VIDEO)                            <\/a>\r\n                        <\/h2>\r\n                        <div class=\"cv-post-meta cv-meta-icon-show\">\r\n                            <span class=\"cv-post-date cv-post-meta-item\" itemprop=\"datePublished\"><a href=\"http:\/\/nakanarach.pl\/index.php\/2026\/03\/26\/ofiara-burzy-i-kary-dla-turystow-video\/\">26 marca 2026<\/a><\/span>                        <\/div>\r\n                        <div class=\"cv-post-content\" itemprop=\"description\">WYSPY KANARYJSKIE: Burza Therese powoli opuszcza ten rajski archipelag. W wielu miejscach trwa szacowanie szk\u00f3d,&hellip;<\/div>                        <div class=\"cv-read-more\"><a href=http:\/\/nakanarach.pl\/index.php\/2026\/03\/26\/ofiara-burzy-i-kary-dla-turystow-video\/>Czytaj wi\u0119cej<i class=\"fas fa-arrow-right\"><\/i><\/a><\/div>                    <\/div><!-- .cv-post-right-wrap -->\r\n                <\/article>\r\n                        <article post-id=\"post-13571\" class=\"cv-post post-format--standard\" itemscope itemtype=\"http:\/\/schema.org\/articleBody\">\r\n                    <div class=\"cv-post-left-wrap\">\r\n                        <div class=\"cv-post-thumb\">\r\n                            <a href=\"http:\/\/nakanarach.pl\/index.php\/2026\/03\/25\/czerwony-alert-burzowy-video\/\"><img decoding=\"async\" src=\"http:\/\/nakanarach.pl\/wp-content\/uploads\/2026\/03\/Zalany-autobus.webp\" alt=\"CZERWONY ALERT BURZOWY (VIDEO)\"\/><\/a>\r\n                        <\/div>\r\n                    <\/div><!-- .cv-post-left-wrap -->\r\n                    <div class=\"cv-post-right-wrap\">\r\n                                                <h2 class=\"cv-post-title\">\r\n                            <a href=\"http:\/\/nakanarach.pl\/index.php\/2026\/03\/25\/czerwony-alert-burzowy-video\/\" target=\"_self\">\r\n                                CZERWONY ALERT BURZOWY (VIDEO)                            <\/a>\r\n                        <\/h2>\r\n                        <div class=\"cv-post-meta cv-meta-icon-show\">\r\n                            <span class=\"cv-post-date cv-post-meta-item\" itemprop=\"datePublished\"><a href=\"http:\/\/nakanarach.pl\/index.php\/2026\/03\/25\/czerwony-alert-burzowy-video\/\">25 marca 2026<\/a><\/span>                        <\/div>\r\n                        <div class=\"cv-post-content\" itemprop=\"description\">WYSPY KANARYJSKIE: Teneryfa zosta\u0142a postawiona w stan najwy\u017cszej gotowo\u015bci, gdy sztorm Teresa nadal powoduje intensywne&hellip;<\/div>                        <div class=\"cv-read-more\"><a href=http:\/\/nakanarach.pl\/index.php\/2026\/03\/25\/czerwony-alert-burzowy-video\/>Czytaj wi\u0119cej<i class=\"fas fa-arrow-right\"><\/i><\/a><\/div>                    <\/div><!-- .cv-post-right-wrap -->\r\n                <\/article>\r\n                        <article post-id=\"post-13554\" class=\"cv-post post-format--standard\" itemscope itemtype=\"http:\/\/schema.org\/articleBody\">\r\n                    <div class=\"cv-post-left-wrap\">\r\n                        <div class=\"cv-post-thumb\">\r\n                            <a href=\"http:\/\/nakanarach.pl\/index.php\/2026\/03\/24\/zaatakowal-partnerke-na-lotnisku\/\"><img decoding=\"async\" src=\"http:\/\/nakanarach.pl\/wp-content\/uploads\/2025\/04\/lotnisko-terminal-odprawa-bagazu_optimized-scaled.jpg\" alt=\"ZAATAKOWA\u0141 PARTNERK\u0118 NA LOTNISKU\"\/><\/a>\r\n                        <\/div>\r\n                    <\/div><!-- .cv-post-left-wrap -->\r\n                    <div class=\"cv-post-right-wrap\">\r\n                                                <h2 class=\"cv-post-title\">\r\n                            <a href=\"http:\/\/nakanarach.pl\/index.php\/2026\/03\/24\/zaatakowal-partnerke-na-lotnisku\/\" target=\"_self\">\r\n                                ZAATAKOWA\u0141 PARTNERK\u0118 NA LOTNISKU                            <\/a>\r\n                        <\/h2>\r\n                        <div class=\"cv-post-meta cv-meta-icon-show\">\r\n                            <span class=\"cv-post-date cv-post-meta-item\" itemprop=\"datePublished\"><a href=\"http:\/\/nakanarach.pl\/index.php\/2026\/03\/24\/zaatakowal-partnerke-na-lotnisku\/\">24 marca 2026<\/a><\/span>                        <\/div>\r\n                        <div class=\"cv-post-content\" itemprop=\"description\">GRAN CANARIA: Zarzut spowodowania obra\u017ce\u0144 cia\u0142a w kontek\u015bcie przemocy ze wzgl\u0119du na p\u0142e\u0107 postawiono 77-latkowi,&hellip;<\/div>                        <div class=\"cv-read-more\"><a href=http:\/\/nakanarach.pl\/index.php\/2026\/03\/24\/zaatakowal-partnerke-na-lotnisku\/>Czytaj wi\u0119cej<i class=\"fas fa-arrow-right\"><\/i><\/a><\/div>                    <\/div><!-- .cv-post-right-wrap -->\r\n                <\/article>\r\n                        <article post-id=\"post-13541\" class=\"cv-post post-format--standard\" itemscope itemtype=\"http:\/\/schema.org\/articleBody\">\r\n                    <div class=\"cv-post-left-wrap\">\r\n                        <div class=\"cv-post-thumb\">\r\n                            <a href=\"http:\/\/nakanarach.pl\/index.php\/2026\/03\/23\/usuwaja-szkody-po-silnej-burzy\/\"><img decoding=\"async\" src=\"http:\/\/nakanarach.pl\/wp-content\/uploads\/2026\/03\/Zniszczona-plaza-1.jpg\" alt=\"USUWAJ\u0104 SZKODY PO SILNEJ BURZY\"\/><\/a>\r\n                        <\/div>\r\n                    <\/div><!-- .cv-post-left-wrap -->\r\n                    <div class=\"cv-post-right-wrap\">\r\n                                                <h2 class=\"cv-post-title\">\r\n                            <a href=\"http:\/\/nakanarach.pl\/index.php\/2026\/03\/23\/usuwaja-szkody-po-silnej-burzy\/\" target=\"_self\">\r\n                                USUWAJ\u0104 SZKODY PO SILNEJ BURZY                            <\/a>\r\n                        <\/h2>\r\n                        <div class=\"cv-post-meta cv-meta-icon-show\">\r\n                            <span class=\"cv-post-date cv-post-meta-item\" itemprop=\"datePublished\"><a href=\"http:\/\/nakanarach.pl\/index.php\/2026\/03\/23\/usuwaja-szkody-po-silnej-burzy\/\">23 marca 2026<\/a><\/span>                        <\/div>\r\n                        <div class=\"cv-post-content\" itemprop=\"description\">WYSPY KANARYJSKIE: Sporo szk\u00f3d wyrz\u0105dzi\u0142a jedna z najsilniejszych w ostatnich kilku latach na rajskim archipelagu&hellip;<\/div>                        <div class=\"cv-read-more\"><a href=http:\/\/nakanarach.pl\/index.php\/2026\/03\/23\/usuwaja-szkody-po-silnej-burzy\/>Czytaj wi\u0119cej<i class=\"fas fa-arrow-right\"><\/i><\/a><\/div>                    <\/div><!-- .cv-post-right-wrap -->\r\n                <\/article>\r\n                        <article post-id=\"post-13527\" class=\"cv-post post-format--standard\" itemscope itemtype=\"http:\/\/schema.org\/articleBody\">\r\n                    <div class=\"cv-post-left-wrap\">\r\n                        <div class=\"cv-post-thumb\">\r\n                            <a href=\"http:\/\/nakanarach.pl\/index.php\/2026\/03\/21\/silna-i-niebezpieczna-burza-na-kanarach-video\/\"><img decoding=\"async\" src=\"http:\/\/nakanarach.pl\/wp-content\/uploads\/2026\/03\/WYsokie-fale-Auto-de-Arrecife.jpg\" alt=\"SILNA I NIEBEZPIECZNA BURZA NA KANARACH (VIDEO)\"\/><\/a>\r\n                        <\/div>\r\n                    <\/div><!-- .cv-post-left-wrap -->\r\n                    <div class=\"cv-post-right-wrap\">\r\n                                                <h2 class=\"cv-post-title\">\r\n                            <a href=\"http:\/\/nakanarach.pl\/index.php\/2026\/03\/21\/silna-i-niebezpieczna-burza-na-kanarach-video\/\" target=\"_self\">\r\n                                SILNA I NIEBEZPIECZNA BURZA NA KANARACH (VIDEO)                            <\/a>\r\n                        <\/h2>\r\n                        <div class=\"cv-post-meta cv-meta-icon-show\">\r\n                            <span class=\"cv-post-date cv-post-meta-item\" itemprop=\"datePublished\"><a href=\"http:\/\/nakanarach.pl\/index.php\/2026\/03\/21\/silna-i-niebezpieczna-burza-na-kanarach-video\/\">21 marca 2026<\/a><\/span>                        <\/div>\r\n                        <div class=\"cv-post-content\" itemprop=\"description\">WYSPY KANARYJSKI: Najsilniejsza od lat burza Therese wyrz\u0105dzi\u0142a sporo szk\u00f3d i doprowadzi\u0142a do niebezpiecznych sytuacji&hellip;<\/div>                        <div class=\"cv-read-more\"><a href=http:\/\/nakanarach.pl\/index.php\/2026\/03\/21\/silna-i-niebezpieczna-burza-na-kanarach-video\/>Czytaj wi\u0119cej<i class=\"fas fa-arrow-right\"><\/i><\/a><\/div>                    <\/div><!-- .cv-post-right-wrap -->\r\n                <\/article>\r\n                        <article post-id=\"post-13489\" class=\"cv-post post-format--standard\" itemscope itemtype=\"http:\/\/schema.org\/articleBody\">\r\n                    <div class=\"cv-post-left-wrap\">\r\n                        <div class=\"cv-post-thumb\">\r\n                            <a href=\"http:\/\/nakanarach.pl\/index.php\/2026\/03\/20\/szkody-po-burzy-i-sztormie\/\"><img decoding=\"async\" src=\"http:\/\/nakanarach.pl\/wp-content\/uploads\/2026\/03\/Przewrocona-Latarnia-wiatr.webp\" alt=\"SZKODY PO BURZY I SZTORMIE (VIDEO)\"\/><\/a>\r\n                        <\/div>\r\n                    <\/div><!-- .cv-post-left-wrap -->\r\n                    <div class=\"cv-post-right-wrap\">\r\n                                                <h2 class=\"cv-post-title\">\r\n                            <a href=\"http:\/\/nakanarach.pl\/index.php\/2026\/03\/20\/szkody-po-burzy-i-sztormie\/\" target=\"_self\">\r\n                                SZKODY PO BURZY I SZTORMIE (VIDEO)                            <\/a>\r\n                        <\/h2>\r\n                        <div class=\"cv-post-meta cv-meta-icon-show\">\r\n                            <span class=\"cv-post-date cv-post-meta-item\" itemprop=\"datePublished\"><a href=\"http:\/\/nakanarach.pl\/index.php\/2026\/03\/20\/szkody-po-burzy-i-sztormie\/\">20 marca 2026<\/a><\/span>                        <\/div>\r\n                        <div class=\"cv-post-content\" itemprop=\"description\">WYSPY KANARYJSKIE: Do rajskiego archipelagu dotar\u0142a najsilniejsza od lat burza i sztorm. Porywisty wiatr przewraca&hellip;<\/div>                        <div class=\"cv-read-more\"><a href=http:\/\/nakanarach.pl\/index.php\/2026\/03\/20\/szkody-po-burzy-i-sztormie\/>Czytaj wi\u0119cej<i class=\"fas fa-arrow-right\"><\/i><\/a><\/div>                    <\/div><!-- .cv-post-right-wrap -->\r\n                <\/article>\r\n                        <article post-id=\"post-13460\" class=\"cv-post post-format--standard\" itemscope itemtype=\"http:\/\/schema.org\/articleBody\">\r\n                    <div class=\"cv-post-left-wrap\">\r\n                        <div class=\"cv-post-thumb\">\r\n                            <a href=\"http:\/\/nakanarach.pl\/index.php\/2026\/03\/19\/alert-burzowy-i-problemy-lotnicze\/\"><img decoding=\"async\" src=\"http:\/\/nakanarach.pl\/wp-content\/uploads\/2026\/03\/Deszcz-pochmurno-parasol-scaled.jpg\" alt=\"ALERT BURZOWY I PROBLEMY LOTNICZE (VIDEO)\"\/><\/a>\r\n                        <\/div>\r\n                    <\/div><!-- .cv-post-left-wrap -->\r\n                    <div class=\"cv-post-right-wrap\">\r\n                                                <h2 class=\"cv-post-title\">\r\n                            <a href=\"http:\/\/nakanarach.pl\/index.php\/2026\/03\/19\/alert-burzowy-i-problemy-lotnicze\/\" target=\"_self\">\r\n                                ALERT BURZOWY I PROBLEMY LOTNICZE (VIDEO)                            <\/a>\r\n                        <\/h2>\r\n                        <div class=\"cv-post-meta cv-meta-icon-show\">\r\n                            <span class=\"cv-post-date cv-post-meta-item\" itemprop=\"datePublished\"><a href=\"http:\/\/nakanarach.pl\/index.php\/2026\/03\/19\/alert-burzowy-i-problemy-lotnicze\/\">19 marca 2026<\/a><\/span>                        <\/div>\r\n                        <div class=\"cv-post-content\" itemprop=\"description\">WYSPY KANARYJSKIE: Niepokoj\u0105ca sytuacja i spory chaos na lotniskach z powodu odwo\u0142anych lub przekierowanych na&hellip;<\/div>                        <div class=\"cv-read-more\"><a href=http:\/\/nakanarach.pl\/index.php\/2026\/03\/19\/alert-burzowy-i-problemy-lotnicze\/>Czytaj wi\u0119cej<i class=\"fas fa-arrow-right\"><\/i><\/a><\/div>                    <\/div><!-- .cv-post-right-wrap -->\r\n                <\/article>\r\n                        <article post-id=\"post-13450\" class=\"cv-post post-format--standard\" itemscope itemtype=\"http:\/\/schema.org\/articleBody\">\r\n                    <div class=\"cv-post-left-wrap\">\r\n                        <div class=\"cv-post-thumb\">\r\n                            <a href=\"http:\/\/nakanarach.pl\/index.php\/2026\/03\/18\/przerazajace-sceny-w-turystycznym-kurorcie\/\"><img decoding=\"async\" src=\"http:\/\/nakanarach.pl\/wp-content\/uploads\/2026\/03\/Napady-Teneryfa-Bron-Policia-Nacional.webp\" alt=\"PRZERA\u017bAJ\u0104CE SCENY W TURYSTYCZNYM KURORCIE\"\/><\/a>\r\n                        <\/div>\r\n                    <\/div><!-- .cv-post-left-wrap -->\r\n                    <div class=\"cv-post-right-wrap\">\r\n                                                <h2 class=\"cv-post-title\">\r\n                            <a href=\"http:\/\/nakanarach.pl\/index.php\/2026\/03\/18\/przerazajace-sceny-w-turystycznym-kurorcie\/\" target=\"_self\">\r\n                                PRZERA\u017bAJ\u0104CE SCENY W TURYSTYCZNYM KURORCIE                            <\/a>\r\n                        <\/h2>\r\n                        <div class=\"cv-post-meta cv-meta-icon-show\">\r\n                            <span class=\"cv-post-date cv-post-meta-item\" itemprop=\"datePublished\"><a href=\"http:\/\/nakanarach.pl\/index.php\/2026\/03\/18\/przerazajace-sceny-w-turystycznym-kurorcie\/\">18 marca 2026<\/a><\/span>                        <\/div>\r\n                        <div class=\"cv-post-content\" itemprop=\"description\">TENERYFA: Do wstrz\u0105saj\u0105cego napadu i paniki w\u015br\u00f3d turyst\u00f3w dosz\u0142o na po\u0142udniu najwi\u0119kszej kanaryjskiej wyspy. Para&hellip;<\/div>                        <div class=\"cv-read-more\"><a href=http:\/\/nakanarach.pl\/index.php\/2026\/03\/18\/przerazajace-sceny-w-turystycznym-kurorcie\/>Czytaj wi\u0119cej<i class=\"fas fa-arrow-right\"><\/i><\/a><\/div>                    <\/div><!-- .cv-post-right-wrap -->\r\n                <\/article>\r\n                        <article post-id=\"post-13422\" class=\"cv-post post-format--standard\" itemscope itemtype=\"http:\/\/schema.org\/articleBody\">\r\n                    <div class=\"cv-post-left-wrap\">\r\n                        <div class=\"cv-post-thumb\">\r\n                            <a href=\"http:\/\/nakanarach.pl\/index.php\/2026\/03\/17\/rekordowa-ilosc-burz-i-alert\/\"><img decoding=\"async\" src=\"http:\/\/nakanarach.pl\/wp-content\/uploads\/2026\/03\/Burza-ocean-chmury_11zon-scaled.jpg\" alt=\"REKORDOWA ILO\u015a\u0106 BURZ I ALERT\"\/><\/a>\r\n                        <\/div>\r\n                    <\/div><!-- .cv-post-left-wrap -->\r\n                    <div class=\"cv-post-right-wrap\">\r\n                                                <h2 class=\"cv-post-title\">\r\n                            <a href=\"http:\/\/nakanarach.pl\/index.php\/2026\/03\/17\/rekordowa-ilosc-burz-i-alert\/\" target=\"_self\">\r\n                                REKORDOWA ILO\u015a\u0106 BURZ I ALERT                            <\/a>\r\n                        <\/h2>\r\n                        <div class=\"cv-post-meta cv-meta-icon-show\">\r\n                            <span class=\"cv-post-date cv-post-meta-item\" itemprop=\"datePublished\"><a href=\"http:\/\/nakanarach.pl\/index.php\/2026\/03\/17\/rekordowa-ilosc-burz-i-alert\/\">17 marca 2026<\/a><\/span>                        <\/div>\r\n                        <div class=\"cv-post-content\" itemprop=\"description\">HISZPANIA\/WYSPY KANARYJSKIE: Ten rajski archipelag zako\u0144czy sezon zimowy 2025 &#8211; 2026 z rekordow\u0105 ilo\u015bci\u0105 burz,&hellip;<\/div>                        <div class=\"cv-read-more\"><a href=http:\/\/nakanarach.pl\/index.php\/2026\/03\/17\/rekordowa-ilosc-burz-i-alert\/>Czytaj wi\u0119cej<i class=\"fas fa-arrow-right\"><\/i><\/a><\/div>                    <\/div><!-- .cv-post-right-wrap -->\r\n                <\/article>\r\n                        <article post-id=\"post-13435\" class=\"cv-post post-format--standard\" itemscope itemtype=\"http:\/\/schema.org\/articleBody\">\r\n                    <div class=\"cv-post-left-wrap\">\r\n                        <div class=\"cv-post-thumb\">\r\n                            <a href=\"http:\/\/nakanarach.pl\/index.php\/2026\/03\/16\/pozar-i-ewakuacja-w-hotelu\/\"><img decoding=\"async\" src=\"http:\/\/nakanarach.pl\/wp-content\/uploads\/2026\/03\/Pozar-w-hotelu.jpg\" alt=\"PO\u017bAR I EWAKUACJA W HOTELU\"\/><\/a>\r\n                        <\/div>\r\n                    <\/div><!-- .cv-post-left-wrap -->\r\n                    <div class=\"cv-post-right-wrap\">\r\n                                                <h2 class=\"cv-post-title\">\r\n                            <a href=\"http:\/\/nakanarach.pl\/index.php\/2026\/03\/16\/pozar-i-ewakuacja-w-hotelu\/\" target=\"_self\">\r\n                                PO\u017bAR I EWAKUACJA W HOTELU                            <\/a>\r\n                        <\/h2>\r\n                        <div class=\"cv-post-meta cv-meta-icon-show\">\r\n                            <span class=\"cv-post-date cv-post-meta-item\" itemprop=\"datePublished\"><a href=\"http:\/\/nakanarach.pl\/index.php\/2026\/03\/16\/pozar-i-ewakuacja-w-hotelu\/\">16 marca 2026<\/a><\/span>                        <\/div>\r\n                        <div class=\"cv-post-content\" itemprop=\"description\">LANZAROTE: Go\u015bcie hotelu w Costa Teguise na Lanzarote zostali ewakuowani po wybuchu po\u017caru podczas prac&hellip;<\/div>                        <div class=\"cv-read-more\"><a href=http:\/\/nakanarach.pl\/index.php\/2026\/03\/16\/pozar-i-ewakuacja-w-hotelu\/>Czytaj wi\u0119cej<i class=\"fas fa-arrow-right\"><\/i><\/a><\/div>                    <\/div><!-- .cv-post-right-wrap -->\r\n                <\/article>\r\n                        <article post-id=\"post-13418\" class=\"cv-post post-format--standard\" itemscope itemtype=\"http:\/\/schema.org\/articleBody\">\r\n                    <div class=\"cv-post-left-wrap\">\r\n                        <div class=\"cv-post-thumb\">\r\n                            <a href=\"http:\/\/nakanarach.pl\/index.php\/2026\/03\/13\/niebezpieczny-parzydelkowiec-na-plazach\/\"><img decoding=\"async\" src=\"http:\/\/nakanarach.pl\/wp-content\/uploads\/2026\/03\/Zeglarz-portugalski-Noticias-Fuerteventura.webp\" alt=\"NIEBEZPIECZNY PARZYDE\u0141KOWIEC NA PLA\u017bACH\"\/><\/a>\r\n                        <\/div>\r\n                    <\/div><!-- .cv-post-left-wrap -->\r\n                    <div class=\"cv-post-right-wrap\">\r\n                                                <h2 class=\"cv-post-title\">\r\n                            <a href=\"http:\/\/nakanarach.pl\/index.php\/2026\/03\/13\/niebezpieczny-parzydelkowiec-na-plazach\/\" target=\"_self\">\r\n                                NIEBEZPIECZNY PARZYDE\u0141KOWIEC NA PLA\u017bACH                            <\/a>\r\n                        <\/h2>\r\n                        <div class=\"cv-post-meta cv-meta-icon-show\">\r\n                            <span class=\"cv-post-date cv-post-meta-item\" itemprop=\"datePublished\"><a href=\"http:\/\/nakanarach.pl\/index.php\/2026\/03\/13\/niebezpieczny-parzydelkowiec-na-plazach\/\">13 marca 2026<\/a><\/span>                        <\/div>\r\n                        <div class=\"cv-post-content\" itemprop=\"description\">FUERTEVENTURA\/LANZAROTE: Niebezpieczny \u017ceglarz portugalski zosta\u0142 ponownie zauwa\u017cony u p\u00f3\u0142nocnych wybrze\u017cy Wysp Kanaryjskich. W marcu zauwa\u017cono&hellip;<\/div>                        <div class=\"cv-read-more\"><a href=http:\/\/nakanarach.pl\/index.php\/2026\/03\/13\/niebezpieczny-parzydelkowiec-na-plazach\/>Czytaj wi\u0119cej<i class=\"fas fa-arrow-right\"><\/i><\/a><\/div>                    <\/div><!-- .cv-post-right-wrap -->\r\n                <\/article>\r\n                        <article post-id=\"post-13410\" class=\"cv-post post-format--standard\" itemscope itemtype=\"http:\/\/schema.org\/articleBody\">\r\n                    <div class=\"cv-post-left-wrap\">\r\n                        <div class=\"cv-post-thumb\">\r\n                            <a href=\"http:\/\/nakanarach.pl\/index.php\/2026\/03\/12\/przygotowuja-sie-na-wypadek-erupcji-wulkanu\/\"><img decoding=\"async\" src=\"http:\/\/nakanarach.pl\/wp-content\/uploads\/2024\/11\/Teneryfa-Snieg-Teide.jpg\" alt=\"PRZYGOTOWUJ\u0104 SI\u0118 NA WYPADEK ERUPCJI WULKANU\"\/><\/a>\r\n                        <\/div>\r\n                    <\/div><!-- .cv-post-left-wrap -->\r\n                    <div class=\"cv-post-right-wrap\">\r\n                                                <h2 class=\"cv-post-title\">\r\n                            <a href=\"http:\/\/nakanarach.pl\/index.php\/2026\/03\/12\/przygotowuja-sie-na-wypadek-erupcji-wulkanu\/\" target=\"_self\">\r\n                                PRZYGOTOWUJ\u0104 SI\u0118 NA WYPADEK ERUPCJI WULKANU                            <\/a>\r\n                        <\/h2>\r\n                        <div class=\"cv-post-meta cv-meta-icon-show\">\r\n                            <span class=\"cv-post-date cv-post-meta-item\" itemprop=\"datePublished\"><a href=\"http:\/\/nakanarach.pl\/index.php\/2026\/03\/12\/przygotowuja-sie-na-wypadek-erupcji-wulkanu\/\">12 marca 2026<\/a><\/span>                        <\/div>\r\n                        <div class=\"cv-post-content\" itemprop=\"description\">TENERYFA: Naukowcy coraz cz\u0119\u015bciej wskazuj\u0105, \u017ce obecne procesy wulkaniczne na najwi\u0119kszej kanaryjskiej wyspie \u201enie s\u0105&hellip;<\/div>                        <div class=\"cv-read-more\"><a href=http:\/\/nakanarach.pl\/index.php\/2026\/03\/12\/przygotowuja-sie-na-wypadek-erupcji-wulkanu\/>Czytaj wi\u0119cej<i class=\"fas fa-arrow-right\"><\/i><\/a><\/div>                    <\/div><!-- .cv-post-right-wrap -->\r\n                <\/article>\r\n                        <article post-id=\"post-13331\" class=\"cv-post post-format--standard\" itemscope itemtype=\"http:\/\/schema.org\/articleBody\">\r\n                    <div class=\"cv-post-left-wrap\">\r\n                        <div class=\"cv-post-thumb\">\r\n                            <a href=\"http:\/\/nakanarach.pl\/index.php\/2026\/03\/11\/zatrzymani-na-lotniskach-za-przemyt\/\"><img decoding=\"async\" src=\"http:\/\/nakanarach.pl\/wp-content\/uploads\/2026\/03\/Przemyt-telefony.webp\" alt=\"ZATRZYMANI NA LOTNISKACH ZA PRZEMYT\"\/><\/a>\r\n                        <\/div>\r\n                    <\/div><!-- .cv-post-left-wrap -->\r\n                    <div class=\"cv-post-right-wrap\">\r\n                                                <h2 class=\"cv-post-title\">\r\n                            <a href=\"http:\/\/nakanarach.pl\/index.php\/2026\/03\/11\/zatrzymani-na-lotniskach-za-przemyt\/\" target=\"_self\">\r\n                                ZATRZYMANI NA LOTNISKACH ZA PRZEMYT                            <\/a>\r\n                        <\/h2>\r\n                        <div class=\"cv-post-meta cv-meta-icon-show\">\r\n                            <span class=\"cv-post-date cv-post-meta-item\" itemprop=\"datePublished\"><a href=\"http:\/\/nakanarach.pl\/index.php\/2026\/03\/11\/zatrzymani-na-lotniskach-za-przemyt\/\">11 marca 2026<\/a><\/span>                        <\/div>\r\n                        <div class=\"cv-post-content\" itemprop=\"description\">TENERYFA: Hiszpa\u0144ska Policja Narodowa i Gwardia Cywilna rozbi\u0142y 13-osobowy gang kieszonkowc\u00f3w oraz zatrzymali trzech przemytnik\u00f3w,&hellip;<\/div>                        <div class=\"cv-read-more\"><a href=http:\/\/nakanarach.pl\/index.php\/2026\/03\/11\/zatrzymani-na-lotniskach-za-przemyt\/>Czytaj wi\u0119cej<i class=\"fas fa-arrow-right\"><\/i><\/a><\/div>                    <\/div><!-- .cv-post-right-wrap -->\r\n                <\/article>\r\n                        <article post-id=\"post-13231\" class=\"cv-post post-format--standard\" itemscope itemtype=\"http:\/\/schema.org\/articleBody\">\r\n                    <div class=\"cv-post-left-wrap\">\r\n                        <div class=\"cv-post-thumb\">\r\n                            <a href=\"http:\/\/nakanarach.pl\/index.php\/2026\/03\/10\/nocowal-w-hotelach-za-jednego-centa\/\"><img decoding=\"async\" src=\"http:\/\/nakanarach.pl\/wp-content\/uploads\/2026\/02\/Komputer-Policia-Nacional.jpg\" alt=\"NOCOWA\u0141 W HOTELACH ZA JEDNEGO CENTA\"\/><\/a>\r\n                        <\/div>\r\n                    <\/div><!-- .cv-post-left-wrap -->\r\n                    <div class=\"cv-post-right-wrap\">\r\n                                                <h2 class=\"cv-post-title\">\r\n                            <a href=\"http:\/\/nakanarach.pl\/index.php\/2026\/03\/10\/nocowal-w-hotelach-za-jednego-centa\/\" target=\"_self\">\r\n                                NOCOWA\u0141 W HOTELACH ZA JEDNEGO CENTA                            <\/a>\r\n                        <\/h2>\r\n                        <div class=\"cv-post-meta cv-meta-icon-show\">\r\n                            <span class=\"cv-post-date cv-post-meta-item\" itemprop=\"datePublished\"><a href=\"http:\/\/nakanarach.pl\/index.php\/2026\/03\/10\/nocowal-w-hotelach-za-jednego-centa\/\">10 marca 2026<\/a><\/span>                        <\/div>\r\n                        <div class=\"cv-post-content\" itemprop=\"description\">HISZPANIA\/TENERYFA: Wiele os\u00f3b szuka tanich nocleg\u00f3w, aby sp\u0119dzi\u0107 wymarzone wakacje w kontynentalnej Hiszpanii lub na&hellip;<\/div>                        <div class=\"cv-read-more\"><a href=http:\/\/nakanarach.pl\/index.php\/2026\/03\/10\/nocowal-w-hotelach-za-jednego-centa\/>Czytaj wi\u0119cej<i class=\"fas fa-arrow-right\"><\/i><\/a><\/div>                    <\/div><!-- .cv-post-right-wrap -->\r\n                <\/article>\r\n                        <article post-id=\"post-13362\" class=\"cv-post post-format--standard\" itemscope itemtype=\"http:\/\/schema.org\/articleBody\">\r\n                    <div class=\"cv-post-left-wrap\">\r\n                        <div class=\"cv-post-thumb\">\r\n                            <a href=\"http:\/\/nakanarach.pl\/index.php\/2026\/03\/09\/niebezpieczne-fale-i-tragedie-w-oceanie\/\"><img decoding=\"async\" src=\"http:\/\/nakanarach.pl\/wp-content\/uploads\/2024\/10\/Imigranci-X-Salvamento-Maritimo.jpg\" alt=\"NIEBEZPIECZNE FALE I TRAGEDIE W OCEANIE\"\/><\/a>\r\n                        <\/div>\r\n                    <\/div><!-- .cv-post-left-wrap -->\r\n                    <div class=\"cv-post-right-wrap\">\r\n                                                <h2 class=\"cv-post-title\">\r\n                            <a href=\"http:\/\/nakanarach.pl\/index.php\/2026\/03\/09\/niebezpieczne-fale-i-tragedie-w-oceanie\/\" target=\"_self\">\r\n                                NIEBEZPIECZNE FALE I TRAGEDIE W OCEANIE                            <\/a>\r\n                        <\/h2>\r\n                        <div class=\"cv-post-meta cv-meta-icon-show\">\r\n                            <span class=\"cv-post-date cv-post-meta-item\" itemprop=\"datePublished\"><a href=\"http:\/\/nakanarach.pl\/index.php\/2026\/03\/09\/niebezpieczne-fale-i-tragedie-w-oceanie\/\">9 marca 2026<\/a><\/span>                        <\/div>\r\n                        <div class=\"cv-post-content\" itemprop=\"description\">FUERTEVENTURA\/TENERYFA: Od kilku dni na Oceanie Atlantyckim s\u0105 niebezpieczne warunki morskie. Wiele os\u00f3b lekcewa\u017cy jednak&hellip;<\/div>                        <div class=\"cv-read-more\"><a href=http:\/\/nakanarach.pl\/index.php\/2026\/03\/09\/niebezpieczne-fale-i-tragedie-w-oceanie\/>Czytaj wi\u0119cej<i class=\"fas fa-arrow-right\"><\/i><\/a><\/div>                    <\/div><!-- .cv-post-right-wrap -->\r\n                <\/article>\r\n                        <article post-id=\"post-13359\" class=\"cv-post post-format--standard\" itemscope itemtype=\"http:\/\/schema.org\/articleBody\">\r\n                    <div class=\"cv-post-left-wrap\">\r\n                        <div class=\"cv-post-thumb\">\r\n                            <a href=\"http:\/\/nakanarach.pl\/index.php\/2026\/03\/06\/awantura-samolocie\/\"><img decoding=\"async\" src=\"http:\/\/nakanarach.pl\/wp-content\/uploads\/2021\/09\/Lotnisko-Teneryfa.jpg\" alt=\"AWANTURA SAMOLOCIE\"\/><\/a>\r\n                        <\/div>\r\n                    <\/div><!-- .cv-post-left-wrap -->\r\n                    <div class=\"cv-post-right-wrap\">\r\n                                                <h2 class=\"cv-post-title\">\r\n                            <a href=\"http:\/\/nakanarach.pl\/index.php\/2026\/03\/06\/awantura-samolocie\/\" target=\"_self\">\r\n                                AWANTURA SAMOLOCIE                            <\/a>\r\n                        <\/h2>\r\n                        <div class=\"cv-post-meta cv-meta-icon-show\">\r\n                            <span class=\"cv-post-date cv-post-meta-item\" itemprop=\"datePublished\"><a href=\"http:\/\/nakanarach.pl\/index.php\/2026\/03\/06\/awantura-samolocie\/\">6 marca 2026<\/a><\/span>                        <\/div>\r\n                        <div class=\"cv-post-content\" itemprop=\"description\">TENERYFA\/LANZAROTE: Samolot lec\u0105cy z kontynentalnej Hiszpanii na kanaryjsk\u0105 Teneryf\u0119 musia\u0142 zmieni\u0107 tras\u0119 i wyl\u0105dowa\u0107 na&hellip;<\/div>                        <div class=\"cv-read-more\"><a href=http:\/\/nakanarach.pl\/index.php\/2026\/03\/06\/awantura-samolocie\/>Czytaj wi\u0119cej<i class=\"fas fa-arrow-right\"><\/i><\/a><\/div>                    <\/div><!-- .cv-post-right-wrap -->\r\n                <\/article>\r\n                        <article post-id=\"post-13343\" class=\"cv-post post-format--standard\" itemscope itemtype=\"http:\/\/schema.org\/articleBody\">\r\n                    <div class=\"cv-post-left-wrap\">\r\n                        <div class=\"cv-post-thumb\">\r\n                            <a href=\"http:\/\/nakanarach.pl\/index.php\/2026\/03\/05\/zaklocenia-lotnicze-na-kanarach\/\"><img decoding=\"async\" src=\"http:\/\/nakanarach.pl\/wp-content\/uploads\/2026\/03\/Dron-Guardia-Civil.webp\" alt=\"ZAK\u0141\u00d3CENIA LOTNICZE NA KANARACH\"\/><\/a>\r\n                        <\/div>\r\n                    <\/div><!-- .cv-post-left-wrap -->\r\n                    <div class=\"cv-post-right-wrap\">\r\n                                                <h2 class=\"cv-post-title\">\r\n                            <a href=\"http:\/\/nakanarach.pl\/index.php\/2026\/03\/05\/zaklocenia-lotnicze-na-kanarach\/\" target=\"_self\">\r\n                                ZAK\u0141\u00d3CENIA LOTNICZE NA KANARACH                            <\/a>\r\n                        <\/h2>\r\n                        <div class=\"cv-post-meta cv-meta-icon-show\">\r\n                            <span class=\"cv-post-date cv-post-meta-item\" itemprop=\"datePublished\"><a href=\"http:\/\/nakanarach.pl\/index.php\/2026\/03\/05\/zaklocenia-lotnicze-na-kanarach\/\">5 marca 2026<\/a><\/span>                        <\/div>\r\n                        <div class=\"cv-post-content\" itemprop=\"description\">TENERYFA: Tury\u015bci udaj\u0105cy si\u0119 na rajski archipelag powinni spodziewa\u0107 si\u0119 utrudnie\u0144 w ruchu lotniczym. Wed\u0142ug&hellip;<\/div>                        <div class=\"cv-read-more\"><a href=http:\/\/nakanarach.pl\/index.php\/2026\/03\/05\/zaklocenia-lotnicze-na-kanarach\/>Czytaj wi\u0119cej<i class=\"fas fa-arrow-right\"><\/i><\/a><\/div>                    <\/div><!-- .cv-post-right-wrap -->\r\n                <\/article>\r\n                        <article post-id=\"post-13328\" class=\"cv-post post-format--standard\" itemscope itemtype=\"http:\/\/schema.org\/articleBody\">\r\n                    <div class=\"cv-post-left-wrap\">\r\n                        <div class=\"cv-post-thumb\">\r\n                            <a href=\"http:\/\/nakanarach.pl\/index.php\/2026\/03\/04\/ryanair-zostawil-pasazerow-na-lotnisku\/\"><img decoding=\"async\" src=\"http:\/\/nakanarach.pl\/wp-content\/uploads\/2025\/03\/lotnisko-gran-canaria-ryanair_optimized-scaled.jpg\" alt=\"RYANAIR ZOSTAWI\u0141 PASA\u017bER\u00d3W NA LOTNISKU\"\/><\/a>\r\n                        <\/div>\r\n                    <\/div><!-- .cv-post-left-wrap -->\r\n                    <div class=\"cv-post-right-wrap\">\r\n                                                <h2 class=\"cv-post-title\">\r\n                            <a href=\"http:\/\/nakanarach.pl\/index.php\/2026\/03\/04\/ryanair-zostawil-pasazerow-na-lotnisku\/\" target=\"_self\">\r\n                                RYANAIR ZOSTAWI\u0141 PASA\u017bER\u00d3W NA LOTNISKU                            <\/a>\r\n                        <\/h2>\r\n                        <div class=\"cv-post-meta cv-meta-icon-show\">\r\n                            <span class=\"cv-post-date cv-post-meta-item\" itemprop=\"datePublished\"><a href=\"http:\/\/nakanarach.pl\/index.php\/2026\/03\/04\/ryanair-zostawil-pasazerow-na-lotnisku\/\">4 marca 2026<\/a><\/span>                        <\/div>\r\n                        <div class=\"cv-post-content\" itemprop=\"description\">LANZAROTE: Na rajskim archipelagu nie milkn\u0105 echa decyzji za\u0142ogi samolotu linii Ryanair, kt\u00f3ry pozostawi\u0142 bez&hellip;<\/div>                        <div class=\"cv-read-more\"><a href=http:\/\/nakanarach.pl\/index.php\/2026\/03\/04\/ryanair-zostawil-pasazerow-na-lotnisku\/>Czytaj wi\u0119cej<i class=\"fas fa-arrow-right\"><\/i><\/a><\/div>                    <\/div><!-- .cv-post-right-wrap -->\r\n                <\/article>\r\n                        <article post-id=\"post-13304\" class=\"cv-post post-format--standard\" itemscope itemtype=\"http:\/\/schema.org\/articleBody\">\r\n                    <div class=\"cv-post-left-wrap\">\r\n                        <div class=\"cv-post-thumb\">\r\n                            <a href=\"http:\/\/nakanarach.pl\/index.php\/2026\/03\/03\/niebezpieczne-wysokie-fale-i-przyplywy\/\"><img decoding=\"async\" src=\"http:\/\/nakanarach.pl\/wp-content\/uploads\/2026\/03\/Akcja-ratunkowa-ocean-Bomberos-de-Tenerife.jpg\" alt=\"NIEBEZPIECZNE WYSOKIE FALE I PRZYP\u0141YWY\"\/><\/a>\r\n                        <\/div>\r\n                    <\/div><!-- .cv-post-left-wrap -->\r\n                    <div class=\"cv-post-right-wrap\">\r\n                                                <h2 class=\"cv-post-title\">\r\n                            <a href=\"http:\/\/nakanarach.pl\/index.php\/2026\/03\/03\/niebezpieczne-wysokie-fale-i-przyplywy\/\" target=\"_self\">\r\n                                NIEBEZPIECZNE WYSOKIE FALE I PRZYP\u0141YWY                            <\/a>\r\n                        <\/h2>\r\n                        <div class=\"cv-post-meta cv-meta-icon-show\">\r\n                            <span class=\"cv-post-date cv-post-meta-item\" itemprop=\"datePublished\"><a href=\"http:\/\/nakanarach.pl\/index.php\/2026\/03\/03\/niebezpieczne-wysokie-fale-i-przyplywy\/\">3 marca 2026<\/a><\/span>                        <\/div>\r\n                        <div class=\"cv-post-content\" itemprop=\"description\">WYSPY KANARYJSKIE: Ten rajski archipelag obj\u0119to zaktualizowanym alertem meteorologicznym dotycz\u0105cym warunk\u00f3w przybrze\u017cnych w zwi\u0105zku ze&hellip;<\/div>                        <div class=\"cv-read-more\"><a href=http:\/\/nakanarach.pl\/index.php\/2026\/03\/03\/niebezpieczne-wysokie-fale-i-przyplywy\/>Czytaj wi\u0119cej<i class=\"fas fa-arrow-right\"><\/i><\/a><\/div>                    <\/div><!-- .cv-post-right-wrap -->\r\n                <\/article>\r\n                        <article post-id=\"post-13298\" class=\"cv-post post-format--standard\" itemscope itemtype=\"http:\/\/schema.org\/articleBody\">\r\n                    <div class=\"cv-post-left-wrap\">\r\n                        <div class=\"cv-post-thumb\">\r\n                            <a href=\"http:\/\/nakanarach.pl\/index.php\/2026\/03\/02\/kradziez-na-jachcie-i-zmiany-w-porcie\/\"><img decoding=\"async\" src=\"http:\/\/nakanarach.pl\/wp-content\/uploads\/2026\/03\/Jacht-Policia-Nacional.webp\" alt=\"KRADZIE\u017b NA JACHCIE I ZMIANY W PORCIE\"\/><\/a>\r\n                        <\/div>\r\n                    <\/div><!-- .cv-post-left-wrap -->\r\n                    <div class=\"cv-post-right-wrap\">\r\n                                                <h2 class=\"cv-post-title\">\r\n                            <a href=\"http:\/\/nakanarach.pl\/index.php\/2026\/03\/02\/kradziez-na-jachcie-i-zmiany-w-porcie\/\" target=\"_self\">\r\n                                KRADZIE\u017b NA JACHCIE I ZMIANY W PORCIE                            <\/a>\r\n                        <\/h2>\r\n                        <div class=\"cv-post-meta cv-meta-icon-show\">\r\n                            <span class=\"cv-post-date cv-post-meta-item\" itemprop=\"datePublished\"><a href=\"http:\/\/nakanarach.pl\/index.php\/2026\/03\/02\/kradziez-na-jachcie-i-zmiany-w-porcie\/\">2 marca 2026<\/a><\/span>                        <\/div>\r\n                        <div class=\"cv-post-content\" itemprop=\"description\">LANZAROTE\/TENERYFA: By\u0142y cz\u0142onek za\u0142ogi jest podejrzanym w sprawie kradzie\u017cy sprz\u0119tu o warto\u015bci 75 tys. euro&hellip;<\/div>                        <div class=\"cv-read-more\"><a href=http:\/\/nakanarach.pl\/index.php\/2026\/03\/02\/kradziez-na-jachcie-i-zmiany-w-porcie\/>Czytaj wi\u0119cej<i class=\"fas fa-arrow-right\"><\/i><\/a><\/div>                    <\/div><!-- .cv-post-right-wrap -->\r\n                <\/article>\r\n                        <article post-id=\"post-13289\" class=\"cv-post post-format--standard\" itemscope itemtype=\"http:\/\/schema.org\/articleBody\">\r\n                    <div class=\"cv-post-left-wrap\">\r\n                        <div class=\"cv-post-thumb\">\r\n                            <a href=\"http:\/\/nakanarach.pl\/index.php\/2026\/02\/27\/odczuwalne-trzesienie-ziemi-na-kanarach\/\"><img decoding=\"async\" src=\"http:\/\/nakanarach.pl\/wp-content\/uploads\/2023\/05\/Gran-Canaria-Wulkan-z-gory.jpeg\" alt=\"ODCZUWALNE TRZ\u0118SIENIE ZIEMI NA KANARACH\"\/><\/a>\r\n                        <\/div>\r\n                    <\/div><!-- .cv-post-left-wrap -->\r\n                    <div class=\"cv-post-right-wrap\">\r\n                                                <h2 class=\"cv-post-title\">\r\n                            <a href=\"http:\/\/nakanarach.pl\/index.php\/2026\/02\/27\/odczuwalne-trzesienie-ziemi-na-kanarach\/\" target=\"_self\">\r\n                                ODCZUWALNE TRZ\u0118SIENIE ZIEMI NA KANARACH                            <\/a>\r\n                        <\/h2>\r\n                        <div class=\"cv-post-meta cv-meta-icon-show\">\r\n                            <span class=\"cv-post-date cv-post-meta-item\" itemprop=\"datePublished\"><a href=\"http:\/\/nakanarach.pl\/index.php\/2026\/02\/27\/odczuwalne-trzesienie-ziemi-na-kanarach\/\">27 lutego 2026<\/a><\/span>                        <\/div>\r\n                        <div class=\"cv-post-content\" itemprop=\"description\">GRAN CANARIA\/TENERYFA: Trz\u0119sienie ziemi o magnitudzie 4,1 zaniepokoi\u0142o mieszka\u0144c\u00f3w i turyst\u00f3w na dw\u00f3ch najwi\u0119kszych wyspach&hellip;<\/div>                        <div class=\"cv-read-more\"><a href=http:\/\/nakanarach.pl\/index.php\/2026\/02\/27\/odczuwalne-trzesienie-ziemi-na-kanarach\/>Czytaj wi\u0119cej<i class=\"fas fa-arrow-right\"><\/i><\/a><\/div>                    <\/div><!-- .cv-post-right-wrap -->\r\n                <\/article>\r\n                        <article post-id=\"post-13279\" class=\"cv-post post-format--standard\" itemscope itemtype=\"http:\/\/schema.org\/articleBody\">\r\n                    <div class=\"cv-post-left-wrap\">\r\n                        <div class=\"cv-post-thumb\">\r\n                            <a href=\"http:\/\/nakanarach.pl\/index.php\/2026\/02\/26\/roje-szaranczy-zagrozeniem-na-wyspie-video\/\"><img decoding=\"async\" src=\"http:\/\/nakanarach.pl\/wp-content\/uploads\/2023\/01\/Szarancza-pasikonik-scaled.jpg\" alt=\"ROJE SZARA\u0143CZY ZAGRO\u017bENIEM NA WYSPIE (VIDEO)\"\/><\/a>\r\n                        <\/div>\r\n                    <\/div><!-- .cv-post-left-wrap -->\r\n                    <div class=\"cv-post-right-wrap\">\r\n                                                <h2 class=\"cv-post-title\">\r\n                            <a href=\"http:\/\/nakanarach.pl\/index.php\/2026\/02\/26\/roje-szaranczy-zagrozeniem-na-wyspie-video\/\" target=\"_self\">\r\n                                ROJE SZARA\u0143CZY ZAGRO\u017bENIEM NA WYSPIE (VIDEO)                            <\/a>\r\n                        <\/h2>\r\n                        <div class=\"cv-post-meta cv-meta-icon-show\">\r\n                            <span class=\"cv-post-date cv-post-meta-item\" itemprop=\"datePublished\"><a href=\"http:\/\/nakanarach.pl\/index.php\/2026\/02\/26\/roje-szaranczy-zagrozeniem-na-wyspie-video\/\">26 lutego 2026<\/a><\/span>                        <\/div>\r\n                        <div class=\"cv-post-content\" itemprop=\"description\">LANZAROTE: S\u0142u\u017cby ochrony \u015brodowiska na kanaryjskiej wyspie Lanzarote s\u0105 w stanie najwy\u017cszej gotowo\u015bci po przybyciu&hellip;<\/div>                        <div class=\"cv-read-more\"><a href=http:\/\/nakanarach.pl\/index.php\/2026\/02\/26\/roje-szaranczy-zagrozeniem-na-wyspie-video\/>Czytaj wi\u0119cej<i class=\"fas fa-arrow-right\"><\/i><\/a><\/div>                    <\/div><!-- .cv-post-right-wrap -->\r\n                <\/article>\r\n                        <article post-id=\"post-13265\" class=\"cv-post post-format--standard\" itemscope itemtype=\"http:\/\/schema.org\/articleBody\">\r\n                    <div class=\"cv-post-left-wrap\">\r\n                        <div class=\"cv-post-thumb\">\r\n                            <a href=\"http:\/\/nakanarach.pl\/index.php\/2026\/02\/25\/olbrzymi-pozar-na-wyspie-video\/\"><img decoding=\"async\" src=\"http:\/\/nakanarach.pl\/wp-content\/uploads\/2026\/02\/Pozar-w-zajezdni-FB-Isla-Sin-Corrupcion.jpg\" alt=\"OLBRZYMI PO\u017bAR NA WYSPIE (VIDEO)\"\/><\/a>\r\n                        <\/div>\r\n                    <\/div><!-- .cv-post-left-wrap -->\r\n                    <div class=\"cv-post-right-wrap\">\r\n                                                <h2 class=\"cv-post-title\">\r\n                            <a href=\"http:\/\/nakanarach.pl\/index.php\/2026\/02\/25\/olbrzymi-pozar-na-wyspie-video\/\" target=\"_self\">\r\n                                OLBRZYMI PO\u017bAR NA WYSPIE (VIDEO)                            <\/a>\r\n                        <\/h2>\r\n                        <div class=\"cv-post-meta cv-meta-icon-show\">\r\n                            <span class=\"cv-post-date cv-post-meta-item\" itemprop=\"datePublished\"><a href=\"http:\/\/nakanarach.pl\/index.php\/2026\/02\/25\/olbrzymi-pozar-na-wyspie-video\/\">25 lutego 2026<\/a><\/span>                        <\/div>\r\n                        <div class=\"cv-post-content\" itemprop=\"description\">LANZAROTE: Po dw\u00f3ch dniach akcji ratowniczej stra\u017cakom uda\u0142o si\u0119 ugasi\u0107 du\u017cy po\u017car na terenie zajezdni&hellip;<\/div>                        <div class=\"cv-read-more\"><a href=http:\/\/nakanarach.pl\/index.php\/2026\/02\/25\/olbrzymi-pozar-na-wyspie-video\/>Czytaj wi\u0119cej<i class=\"fas fa-arrow-right\"><\/i><\/a><\/div>                    <\/div><!-- .cv-post-right-wrap -->\r\n                <\/article>\r\n                        <article post-id=\"post-12518\" class=\"cv-post post-format--standard\" itemscope itemtype=\"http:\/\/schema.org\/articleBody\">\r\n                    <div class=\"cv-post-left-wrap\">\r\n                        <div class=\"cv-post-thumb\">\r\n                            <a href=\"http:\/\/nakanarach.pl\/index.php\/2026\/02\/24\/wysokie-kary-za-przywoz-awokado\/\"><img decoding=\"async\" src=\"http:\/\/nakanarach.pl\/wp-content\/uploads\/2026\/02\/Awokado-Guardia-Civil.webp\" alt=\"WYSOKIE KARY ZA PRZYW\u00d3Z AWOKADO\"\/><\/a>\r\n                        <\/div>\r\n                    <\/div><!-- .cv-post-left-wrap -->\r\n                    <div class=\"cv-post-right-wrap\">\r\n                                                <h2 class=\"cv-post-title\">\r\n                            <a href=\"http:\/\/nakanarach.pl\/index.php\/2026\/02\/24\/wysokie-kary-za-przywoz-awokado\/\" target=\"_self\">\r\n                                WYSOKIE KARY ZA PRZYW\u00d3Z AWOKADO                            <\/a>\r\n                        <\/h2>\r\n                        <div class=\"cv-post-meta cv-meta-icon-show\">\r\n                            <span class=\"cv-post-date cv-post-meta-item\" itemprop=\"datePublished\"><a href=\"http:\/\/nakanarach.pl\/index.php\/2026\/02\/24\/wysokie-kary-za-przywoz-awokado\/\">24 lutego 2026<\/a><\/span>                        <\/div>\r\n                        <div class=\"cv-post-content\" itemprop=\"description\">WYSPY KANARYJSKIE: S\u0142u\u017cby celne na kanaryjskich lotniskach coraz cz\u0119\u015bciej konfiskuj\u0105 awokado w baga\u017cach zazwyczaj niczego&hellip;<\/div>                        <div class=\"cv-read-more\"><a href=http:\/\/nakanarach.pl\/index.php\/2026\/02\/24\/wysokie-kary-za-przywoz-awokado\/>Czytaj wi\u0119cej<i class=\"fas fa-arrow-right\"><\/i><\/a><\/div>                    <\/div><!-- .cv-post-right-wrap -->\r\n                <\/article>\r\n                        <article post-id=\"post-13226\" class=\"cv-post post-format--standard\" itemscope itemtype=\"http:\/\/schema.org\/articleBody\">\r\n                    <div class=\"cv-post-left-wrap\">\r\n                        <div class=\"cv-post-thumb\">\r\n                            <a href=\"http:\/\/nakanarach.pl\/index.php\/2026\/02\/23\/uczcili-pamiec-polaka-kolejne-tragedie-w-oceanie-video\/\"><img decoding=\"async\" src=\"http:\/\/nakanarach.pl\/wp-content\/uploads\/2026\/02\/Uczicili-pamiec-Polaka.jpg\" alt=\"UCZCILI PAMI\u0118\u0106 POLAKA, KOLEJNE TRAGEDIE W OCEANIE (VIDEO)\"\/><\/a>\r\n                        <\/div>\r\n                    <\/div><!-- .cv-post-left-wrap -->\r\n                    <div class=\"cv-post-right-wrap\">\r\n                                                <h2 class=\"cv-post-title\">\r\n                            <a href=\"http:\/\/nakanarach.pl\/index.php\/2026\/02\/23\/uczcili-pamiec-polaka-kolejne-tragedie-w-oceanie-video\/\" target=\"_self\">\r\n                                UCZCILI PAMI\u0118\u0106 POLAKA, KOLEJNE TRAGEDIE W OCEANIE (VIDEO)                            <\/a>\r\n                        <\/h2>\r\n                        <div class=\"cv-post-meta cv-meta-icon-show\">\r\n                            <span class=\"cv-post-date cv-post-meta-item\" itemprop=\"datePublished\"><a href=\"http:\/\/nakanarach.pl\/index.php\/2026\/02\/23\/uczcili-pamiec-polaka-kolejne-tragedie-w-oceanie-video\/\">23 lutego 2026<\/a><\/span>                        <\/div>\r\n                        <div class=\"cv-post-content\" itemprop=\"description\">TENERYFA\/FUERTEVENTURA: Rok po tragedii w oceanie u wybrze\u017cy Wysp Kanaryjskich, kiedy to fala porwa\u0142a 15-letniego&hellip;<\/div>                        <div class=\"cv-read-more\"><a href=http:\/\/nakanarach.pl\/index.php\/2026\/02\/23\/uczcili-pamiec-polaka-kolejne-tragedie-w-oceanie-video\/>Czytaj wi\u0119cej<i class=\"fas fa-arrow-right\"><\/i><\/a><\/div>                    <\/div><!-- .cv-post-right-wrap -->\r\n                <\/article>\r\n                        <article post-id=\"post-13192\" class=\"cv-post post-format--standard\" itemscope itemtype=\"http:\/\/schema.org\/articleBody\">\r\n                    <div class=\"cv-post-left-wrap\">\r\n                        <div class=\"cv-post-thumb\">\r\n                            <a href=\"http:\/\/nakanarach.pl\/index.php\/2026\/02\/20\/niepokojace-wstrzasy-na-teneryfie\/\"><img decoding=\"async\" src=\"http:\/\/nakanarach.pl\/wp-content\/uploads\/2022\/06\/Teide-Pion.jpg\" alt=\"NIEPOKOJ\u0104CE WSTRZ\u0104SY NA TENERYFIE (AKTUALIZACJA)\"\/><\/a>\r\n                        <\/div>\r\n                    <\/div><!-- .cv-post-left-wrap -->\r\n                    <div class=\"cv-post-right-wrap\">\r\n                                                <h2 class=\"cv-post-title\">\r\n                            <a href=\"http:\/\/nakanarach.pl\/index.php\/2026\/02\/20\/niepokojace-wstrzasy-na-teneryfie\/\" target=\"_self\">\r\n                                NIEPOKOJ\u0104CE WSTRZ\u0104SY NA TENERYFIE (AKTUALIZACJA)                            <\/a>\r\n                        <\/h2>\r\n                        <div class=\"cv-post-meta cv-meta-icon-show\">\r\n                            <span class=\"cv-post-date cv-post-meta-item\" itemprop=\"datePublished\"><a href=\"http:\/\/nakanarach.pl\/index.php\/2026\/02\/20\/niepokojace-wstrzasy-na-teneryfie\/\">20 lutego 2026<\/a><\/span>                        <\/div>\r\n                        <div class=\"cv-post-content\" itemprop=\"description\">TENERYFA: Kolejne niepokoj\u0105ce roje sejsmiczne pojawi\u0142y si\u0119 w lutym 2026 r. pod wulkanem Teide na&hellip;<\/div>                        <div class=\"cv-read-more\"><a href=http:\/\/nakanarach.pl\/index.php\/2026\/02\/20\/niepokojace-wstrzasy-na-teneryfie\/>Czytaj wi\u0119cej<i class=\"fas fa-arrow-right\"><\/i><\/a><\/div>                    <\/div><!-- .cv-post-right-wrap -->\r\n                <\/article>\r\n                        <article post-id=\"post-13107\" class=\"cv-post post-format--standard\" itemscope itemtype=\"http:\/\/schema.org\/articleBody\">\r\n                    <div class=\"cv-post-left-wrap\">\r\n                        <div class=\"cv-post-thumb\">\r\n                            <a href=\"http:\/\/nakanarach.pl\/index.php\/2026\/02\/19\/oszukiwali-turystow\/\"><img decoding=\"async\" src=\"http:\/\/nakanarach.pl\/wp-content\/uploads\/2025\/01\/Taxi-Maspalomas-przy-Faro.jpg\" alt=\"OSZUKIWALI TURYST\u00d3W\"\/><\/a>\r\n                        <\/div>\r\n                    <\/div><!-- .cv-post-left-wrap -->\r\n                    <div class=\"cv-post-right-wrap\">\r\n                                                <h2 class=\"cv-post-title\">\r\n                            <a href=\"http:\/\/nakanarach.pl\/index.php\/2026\/02\/19\/oszukiwali-turystow\/\" target=\"_self\">\r\n                                OSZUKIWALI TURYST\u00d3W                            <\/a>\r\n                        <\/h2>\r\n                        <div class=\"cv-post-meta cv-meta-icon-show\">\r\n                            <span class=\"cv-post-date cv-post-meta-item\" itemprop=\"datePublished\"><a href=\"http:\/\/nakanarach.pl\/index.php\/2026\/02\/19\/oszukiwali-turystow\/\">19 lutego 2026<\/a><\/span>                        <\/div>\r\n                        <div class=\"cv-post-content\" itemprop=\"description\">GRAN CANARIA: Lokalna policja prowadzi \u015bledztwo w sprawie jedenastu taks\u00f3wkarzy, kt\u00f3rzy mieli zawy\u017ca\u0107 ceny turystom&hellip;<\/div>                        <div class=\"cv-read-more\"><a href=http:\/\/nakanarach.pl\/index.php\/2026\/02\/19\/oszukiwali-turystow\/>Czytaj wi\u0119cej<i class=\"fas fa-arrow-right\"><\/i><\/a><\/div>                    <\/div><!-- .cv-post-right-wrap -->\r\n                <\/article>\r\n                        <article post-id=\"post-13151\" class=\"cv-post post-format--standard\" itemscope itemtype=\"http:\/\/schema.org\/articleBody\">\r\n                    <div class=\"cv-post-left-wrap\">\r\n                        <div class=\"cv-post-thumb\">\r\n                            <a href=\"http:\/\/nakanarach.pl\/index.php\/2026\/02\/18\/ostrzezenie-przed-sloncem\/\"><img decoding=\"async\" src=\"http:\/\/nakanarach.pl\/wp-content\/uploads\/2026\/02\/Droga-Slonce-1-scaled.jpg\" alt=\"OSTRZE\u017bENIE PRZED S\u0141O\u0143CEM\"\/><\/a>\r\n                        <\/div>\r\n                    <\/div><!-- .cv-post-left-wrap -->\r\n                    <div class=\"cv-post-right-wrap\">\r\n                                                <h2 class=\"cv-post-title\">\r\n                            <a href=\"http:\/\/nakanarach.pl\/index.php\/2026\/02\/18\/ostrzezenie-przed-sloncem\/\" target=\"_self\">\r\n                                OSTRZE\u017bENIE PRZED S\u0141O\u0143CEM                            <\/a>\r\n                        <\/h2>\r\n                        <div class=\"cv-post-meta cv-meta-icon-show\">\r\n                            <span class=\"cv-post-date cv-post-meta-item\" itemprop=\"datePublished\"><a href=\"http:\/\/nakanarach.pl\/index.php\/2026\/02\/18\/ostrzezenie-przed-sloncem\/\">18 lutego 2026<\/a><\/span>                        <\/div>\r\n                        <div class=\"cv-post-content\" itemprop=\"description\">WYSPY KANARYJSKIE: Kiedy w Polsce mieszka\u0144cy zmagaj\u0105 si\u0119 z fal\u0105 ch\u0142odu oraz oblodzeniem na drogach&hellip;<\/div>                        <div class=\"cv-read-more\"><a href=http:\/\/nakanarach.pl\/index.php\/2026\/02\/18\/ostrzezenie-przed-sloncem\/>Czytaj wi\u0119cej<i class=\"fas fa-arrow-right\"><\/i><\/a><\/div>                    <\/div><!-- .cv-post-right-wrap -->\r\n                <\/article>\r\n                        <article post-id=\"post-13136\" class=\"cv-post post-format--standard\" itemscope itemtype=\"http:\/\/schema.org\/articleBody\">\r\n                    <div class=\"cv-post-left-wrap\">\r\n                        <div class=\"cv-post-thumb\">\r\n                            <a href=\"http:\/\/nakanarach.pl\/index.php\/2026\/02\/17\/znow-zamknieto-plaze-przez-zanieczyszczenie\/\"><img decoding=\"async\" src=\"http:\/\/nakanarach.pl\/wp-content\/uploads\/2026\/02\/Zanieczyszczony-ocean-Ayto-telde.jpg\" alt=\"ZN\u00d3W ZAMKNI\u0118TO PLA\u017bE PRZEZ ZANIECZYSZCZENIE\"\/><\/a>\r\n                        <\/div>\r\n                    <\/div><!-- .cv-post-left-wrap -->\r\n                    <div class=\"cv-post-right-wrap\">\r\n                                                <h2 class=\"cv-post-title\">\r\n                            <a href=\"http:\/\/nakanarach.pl\/index.php\/2026\/02\/17\/znow-zamknieto-plaze-przez-zanieczyszczenie\/\" target=\"_self\">\r\n                                ZN\u00d3W ZAMKNI\u0118TO PLA\u017bE PRZEZ ZANIECZYSZCZENIE                            <\/a>\r\n                        <\/h2>\r\n                        <div class=\"cv-post-meta cv-meta-icon-show\">\r\n                            <span class=\"cv-post-date cv-post-meta-item\" itemprop=\"datePublished\"><a href=\"http:\/\/nakanarach.pl\/index.php\/2026\/02\/17\/znow-zamknieto-plaze-przez-zanieczyszczenie\/\">17 lutego 2026<\/a><\/span>                        <\/div>\r\n                        <div class=\"cv-post-content\" itemprop=\"description\">GRAN CANARIA: Oleiste plamy w Oceanie Atlantyckim we wschodniej cz\u0119\u015bci wyspy ponownie zaniepokoi\u0142y mieszka\u0144c\u00f3w i&hellip;<\/div>                        <div class=\"cv-read-more\"><a href=http:\/\/nakanarach.pl\/index.php\/2026\/02\/17\/znow-zamknieto-plaze-przez-zanieczyszczenie\/>Czytaj wi\u0119cej<i class=\"fas fa-arrow-right\"><\/i><\/a><\/div>                    <\/div><!-- .cv-post-right-wrap -->\r\n                <\/article>\r\n                        <article post-id=\"post-13117\" class=\"cv-post post-format--standard\" itemscope itemtype=\"http:\/\/schema.org\/articleBody\">\r\n                    <div class=\"cv-post-left-wrap\">\r\n                        <div class=\"cv-post-thumb\">\r\n                            <a href=\"http:\/\/nakanarach.pl\/index.php\/2026\/02\/14\/zagrozony-najwiekszy-karnawal-w-europie\/\"><img decoding=\"async\" src=\"http:\/\/nakanarach.pl\/wp-content\/uploads\/2026\/02\/Zagrozony-karnawal0.webp\" alt=\"NAJWI\u0118KSZY KARNAWA\u0141 W EUROPIE ZAGRO\u017bONY?\"\/><\/a>\r\n                        <\/div>\r\n                    <\/div><!-- .cv-post-left-wrap -->\r\n                    <div class=\"cv-post-right-wrap\">\r\n                                                <h2 class=\"cv-post-title\">\r\n                            <a href=\"http:\/\/nakanarach.pl\/index.php\/2026\/02\/14\/zagrozony-najwiekszy-karnawal-w-europie\/\" target=\"_self\">\r\n                                NAJWI\u0118KSZY KARNAWA\u0141 W EUROPIE ZAGRO\u017bONY?                            <\/a>\r\n                        <\/h2>\r\n                        <div class=\"cv-post-meta cv-meta-icon-show\">\r\n                            <span class=\"cv-post-date cv-post-meta-item\" itemprop=\"datePublished\"><a href=\"http:\/\/nakanarach.pl\/index.php\/2026\/02\/14\/zagrozony-najwiekszy-karnawal-w-europie\/\">14 lutego 2026<\/a><\/span>                        <\/div>\r\n                        <div class=\"cv-post-content\" itemprop=\"description\">TENERYFA\/GRAN CANARIA\/LA PALMA: W kulminacyjnym momencie, kr\u00f3tko przed zaplanowanymi fina\u0142owymi wydarzeniami najwi\u0119kszego karnawa\u0142u w Europie&hellip;<\/div>                        <div class=\"cv-read-more\"><a href=http:\/\/nakanarach.pl\/index.php\/2026\/02\/14\/zagrozony-najwiekszy-karnawal-w-europie\/>Czytaj wi\u0119cej<i class=\"fas fa-arrow-right\"><\/i><\/a><\/div>                    <\/div><!-- .cv-post-right-wrap -->\r\n                <\/article>\r\n                        <article post-id=\"post-13110\" class=\"cv-post post-format--standard\" itemscope itemtype=\"http:\/\/schema.org\/articleBody\">\r\n                    <div class=\"cv-post-left-wrap\">\r\n                        <div class=\"cv-post-thumb\">\r\n                            <a href=\"http:\/\/nakanarach.pl\/index.php\/2026\/02\/14\/dramatyczna-akcja-ratunkowa-w-oceanie-video\/\"><img decoding=\"async\" src=\"http:\/\/nakanarach.pl\/wp-content\/uploads\/2025\/12\/Salvamento-Maritimo-Smiglowiec-i-statek.webp\" alt=\"DRAMATYCZNA AKCJA RATUNKOWA W OCEANIE (VIDEO)\"\/><\/a>\r\n                        <\/div>\r\n                    <\/div><!-- .cv-post-left-wrap -->\r\n                    <div class=\"cv-post-right-wrap\">\r\n                                                <h2 class=\"cv-post-title\">\r\n                            <a href=\"http:\/\/nakanarach.pl\/index.php\/2026\/02\/14\/dramatyczna-akcja-ratunkowa-w-oceanie-video\/\" target=\"_self\">\r\n                                DRAMATYCZNA AKCJA RATUNKOWA W OCEANIE (VIDEO)                            <\/a>\r\n                        <\/h2>\r\n                        <div class=\"cv-post-meta cv-meta-icon-show\">\r\n                            <span class=\"cv-post-date cv-post-meta-item\" itemprop=\"datePublished\"><a href=\"http:\/\/nakanarach.pl\/index.php\/2026\/02\/14\/dramatyczna-akcja-ratunkowa-w-oceanie-video\/\">14 lutego 2026<\/a><\/span>                        <\/div>\r\n                        <div class=\"cv-post-content\" itemprop=\"description\">GRAN CANARIA\/TENERYFA: U wybrze\u017cy kanaryjskiej wyspy przy wzburzonym Oceanie Atlantyckim zaton\u0105\u0142 jacht, na kt\u00f3rym podr\u00f3\u017cowali&hellip;<\/div>                        <div class=\"cv-read-more\"><a href=http:\/\/nakanarach.pl\/index.php\/2026\/02\/14\/dramatyczna-akcja-ratunkowa-w-oceanie-video\/>Czytaj wi\u0119cej<i class=\"fas fa-arrow-right\"><\/i><\/a><\/div>                    <\/div><!-- .cv-post-right-wrap -->\r\n                <\/article>\r\n                        <article post-id=\"post-13085\" class=\"cv-post post-format--standard\" itemscope itemtype=\"http:\/\/schema.org\/articleBody\">\r\n                    <div class=\"cv-post-left-wrap\">\r\n                        <div class=\"cv-post-thumb\">\r\n                            <a href=\"http:\/\/nakanarach.pl\/index.php\/2026\/02\/13\/po-dwoch-latach-otworza-plaze\/\"><img decoding=\"async\" src=\"http:\/\/nakanarach.pl\/wp-content\/uploads\/2026\/02\/Otworza-plaze-Benijo1.jpg\" alt=\"PO DW\u00d3CH LATACH OTWORZ\u0104 PLA\u017b\u0118\"\/><\/a>\r\n                        <\/div>\r\n                    <\/div><!-- .cv-post-left-wrap -->\r\n                    <div class=\"cv-post-right-wrap\">\r\n                                                <h2 class=\"cv-post-title\">\r\n                            <a href=\"http:\/\/nakanarach.pl\/index.php\/2026\/02\/13\/po-dwoch-latach-otworza-plaze\/\" target=\"_self\">\r\n                                PO DW\u00d3CH LATACH OTWORZ\u0104 PLA\u017b\u0118                            <\/a>\r\n                        <\/h2>\r\n                        <div class=\"cv-post-meta cv-meta-icon-show\">\r\n                            <span class=\"cv-post-date cv-post-meta-item\" itemprop=\"datePublished\"><a href=\"http:\/\/nakanarach.pl\/index.php\/2026\/02\/13\/po-dwoch-latach-otworza-plaze\/\">13 lutego 2026<\/a><\/span>                        <\/div>\r\n                        <div class=\"cv-post-content\" itemprop=\"description\">TENERYFA: Pla\u017ca Benijo w pobli\u017cu stolicy najwi\u0119kszej kanaryjskiej wyspy Santa Cruz de Tenerife ma zosta\u0107&hellip;<\/div>                        <div class=\"cv-read-more\"><a href=http:\/\/nakanarach.pl\/index.php\/2026\/02\/13\/po-dwoch-latach-otworza-plaze\/>Czytaj wi\u0119cej<i class=\"fas fa-arrow-right\"><\/i><\/a><\/div>                    <\/div><!-- .cv-post-right-wrap -->\r\n                <\/article>\r\n                        <article post-id=\"post-13090\" class=\"cv-post post-format--standard\" itemscope itemtype=\"http:\/\/schema.org\/articleBody\">\r\n                    <div class=\"cv-post-left-wrap\">\r\n                        <div class=\"cv-post-thumb\">\r\n                            <a href=\"http:\/\/nakanarach.pl\/index.php\/2026\/02\/12\/ludzie-stali-w-kolejce-na-plycie-lotniska\/\"><img decoding=\"async\" src=\"http:\/\/nakanarach.pl\/wp-content\/uploads\/2026\/02\/Chaos-na-lotnisku.webp\" alt=\"LUDZIE STALI W KOLEJCE NA P\u0141YCIE LOTNISKA\"\/><\/a>\r\n                        <\/div>\r\n                    <\/div><!-- .cv-post-left-wrap -->\r\n                    <div class=\"cv-post-right-wrap\">\r\n                                                <h2 class=\"cv-post-title\">\r\n                            <a href=\"http:\/\/nakanarach.pl\/index.php\/2026\/02\/12\/ludzie-stali-w-kolejce-na-plycie-lotniska\/\" target=\"_self\">\r\n                                LUDZIE STALI W KOLEJCE NA P\u0141YCIE LOTNISKA                            <\/a>\r\n                        <\/h2>\r\n                        <div class=\"cv-post-meta cv-meta-icon-show\">\r\n                            <span class=\"cv-post-date cv-post-meta-item\" itemprop=\"datePublished\"><a href=\"http:\/\/nakanarach.pl\/index.php\/2026\/02\/12\/ludzie-stali-w-kolejce-na-plycie-lotniska\/\">12 lutego 2026<\/a><\/span>                        <\/div>\r\n                        <div class=\"cv-post-content\" itemprop=\"description\">TENERYFA\/LANZAROTE: Stowarzyszenie Hotelarzy Ashotel interweniowa\u0142o u zarz\u0105dcy lotniska (AENA) na najwi\u0119kszej kanaryjskiej wyspie oraz w&hellip;<\/div>                        <div class=\"cv-read-more\"><a href=http:\/\/nakanarach.pl\/index.php\/2026\/02\/12\/ludzie-stali-w-kolejce-na-plycie-lotniska\/>Czytaj wi\u0119cej<i class=\"fas fa-arrow-right\"><\/i><\/a><\/div>                    <\/div><!-- .cv-post-right-wrap -->\r\n                <\/article>\r\n                        <article post-id=\"post-13068\" class=\"cv-post post-format--standard\" itemscope itemtype=\"http:\/\/schema.org\/articleBody\">\r\n                    <div class=\"cv-post-left-wrap\">\r\n                        <div class=\"cv-post-thumb\">\r\n                            <a href=\"http:\/\/nakanarach.pl\/index.php\/2026\/02\/11\/kolejne-auto-wjechalo-w-bar\/\"><img decoding=\"async\" src=\"http:\/\/nakanarach.pl\/wp-content\/uploads\/2026\/02\/Auto-wjechalo-w-bar0.webp\" alt=\"KOLEJNE AUTO WJECHA\u0141O W BAR\"\/><\/a>\r\n                        <\/div>\r\n                    <\/div><!-- .cv-post-left-wrap -->\r\n                    <div class=\"cv-post-right-wrap\">\r\n                                                <h2 class=\"cv-post-title\">\r\n                            <a href=\"http:\/\/nakanarach.pl\/index.php\/2026\/02\/11\/kolejne-auto-wjechalo-w-bar\/\" target=\"_self\">\r\n                                KOLEJNE AUTO WJECHA\u0141O W BAR                            <\/a>\r\n                        <\/h2>\r\n                        <div class=\"cv-post-meta cv-meta-icon-show\">\r\n                            <span class=\"cv-post-date cv-post-meta-item\" itemprop=\"datePublished\"><a href=\"http:\/\/nakanarach.pl\/index.php\/2026\/02\/11\/kolejne-auto-wjechalo-w-bar\/\">11 lutego 2026<\/a><\/span>                        <\/div>\r\n                        <div class=\"cv-post-content\" itemprop=\"description\">TENERYFA: To ju\u017c czarna seria na Wyspach Kanaryjskich z powodu 6 podobnego wypadku w ostatnich&hellip;<\/div>                        <div class=\"cv-read-more\"><a href=http:\/\/nakanarach.pl\/index.php\/2026\/02\/11\/kolejne-auto-wjechalo-w-bar\/>Czytaj wi\u0119cej<i class=\"fas fa-arrow-right\"><\/i><\/a><\/div>                    <\/div><!-- .cv-post-right-wrap -->\r\n                <\/article>\r\n                        <article post-id=\"post-13058\" class=\"cv-post post-format--standard\" itemscope itemtype=\"http:\/\/schema.org\/articleBody\">\r\n                    <div class=\"cv-post-left-wrap\">\r\n                        <div class=\"cv-post-thumb\">\r\n                            <a href=\"http:\/\/nakanarach.pl\/index.php\/2026\/02\/10\/protest-przeciw-turystom\/\"><img decoding=\"async\" src=\"http:\/\/nakanarach.pl\/wp-content\/uploads\/2026\/02\/Protest-przeciw-turystom.webp\" alt=\"PROTEST PRZECIW TURYSTOM\"\/><\/a>\r\n                        <\/div>\r\n                    <\/div><!-- .cv-post-left-wrap -->\r\n                    <div class=\"cv-post-right-wrap\">\r\n                                                <h2 class=\"cv-post-title\">\r\n                            <a href=\"http:\/\/nakanarach.pl\/index.php\/2026\/02\/10\/protest-przeciw-turystom\/\" target=\"_self\">\r\n                                PROTEST PRZECIW TURYSTOM                            <\/a>\r\n                        <\/h2>\r\n                        <div class=\"cv-post-meta cv-meta-icon-show\">\r\n                            <span class=\"cv-post-date cv-post-meta-item\" itemprop=\"datePublished\"><a href=\"http:\/\/nakanarach.pl\/index.php\/2026\/02\/10\/protest-przeciw-turystom\/\">10 lutego 2026<\/a><\/span>                        <\/div>\r\n                        <div class=\"cv-post-content\" itemprop=\"description\">TENERYFA\/FUERTEVENTURA: Mieszka\u0144cy Wysp Kanaryjskich coraz mniej przychylnym okiem patrz\u0105 na t\u0142umy turyst\u00f3w. Wcze\u015bniej protestowali m.in.&hellip;<\/div>                        <div class=\"cv-read-more\"><a href=http:\/\/nakanarach.pl\/index.php\/2026\/02\/10\/protest-przeciw-turystom\/>Czytaj wi\u0119cej<i class=\"fas fa-arrow-right\"><\/i><\/a><\/div>                    <\/div><!-- .cv-post-right-wrap -->\r\n                <\/article>\r\n                        <article post-id=\"post-13047\" class=\"cv-post post-format--standard\" itemscope itemtype=\"http:\/\/schema.org\/articleBody\">\r\n                    <div class=\"cv-post-left-wrap\">\r\n                        <div class=\"cv-post-thumb\">\r\n                            <a href=\"http:\/\/nakanarach.pl\/index.php\/2026\/02\/09\/podpalenia-aut-w-kurorcie-video\/\"><img decoding=\"async\" src=\"http:\/\/nakanarach.pl\/wp-content\/uploads\/2026\/02\/Podpalenia-aut.webp\" alt=\"PODPALENIA AUT W KURORCIE (VIDEO)\"\/><\/a>\r\n                        <\/div>\r\n                    <\/div><!-- .cv-post-left-wrap -->\r\n                    <div class=\"cv-post-right-wrap\">\r\n                                                <h2 class=\"cv-post-title\">\r\n                            <a href=\"http:\/\/nakanarach.pl\/index.php\/2026\/02\/09\/podpalenia-aut-w-kurorcie-video\/\" target=\"_self\">\r\n                                PODPALENIA AUT W KURORCIE (VIDEO)                            <\/a>\r\n                        <\/h2>\r\n                        <div class=\"cv-post-meta cv-meta-icon-show\">\r\n                            <span class=\"cv-post-date cv-post-meta-item\" itemprop=\"datePublished\"><a href=\"http:\/\/nakanarach.pl\/index.php\/2026\/02\/09\/podpalenia-aut-w-kurorcie-video\/\">9 lutego 2026<\/a><\/span>                        <\/div>\r\n                        <div class=\"cv-post-content\" itemprop=\"description\">TENERYFA: Du\u017ce zaniepokojenie w\u015br\u00f3d mieszka\u0144c\u00f3w i turyst\u00f3w w znanym kurorcie na po\u0142udniu najwi\u0119kszej kanaryjskiej wyspy.&hellip;<\/div>                        <div class=\"cv-read-more\"><a href=http:\/\/nakanarach.pl\/index.php\/2026\/02\/09\/podpalenia-aut-w-kurorcie-video\/>Czytaj wi\u0119cej<i class=\"fas fa-arrow-right\"><\/i><\/a><\/div>                    <\/div><!-- .cv-post-right-wrap -->\r\n                <\/article>\r\n                        <article post-id=\"post-13023\" class=\"cv-post post-format--standard\" itemscope itemtype=\"http:\/\/schema.org\/articleBody\">\r\n                    <div class=\"cv-post-left-wrap\">\r\n                        <div class=\"cv-post-thumb\">\r\n                            <a href=\"http:\/\/nakanarach.pl\/index.php\/2026\/02\/06\/okradali-turystow-na-kanarach\/\"><img decoding=\"async\" src=\"http:\/\/nakanarach.pl\/wp-content\/uploads\/2026\/02\/Kieszonkowiec-Canarian-Weekly.webp\" alt=\"OKRADALI TURYST\u00d3W NA KANARACH\"\/><\/a>\r\n                        <\/div>\r\n                    <\/div><!-- .cv-post-left-wrap -->\r\n                    <div class=\"cv-post-right-wrap\">\r\n                                                <h2 class=\"cv-post-title\">\r\n                            <a href=\"http:\/\/nakanarach.pl\/index.php\/2026\/02\/06\/okradali-turystow-na-kanarach\/\" target=\"_self\">\r\n                                OKRADALI TURYST\u00d3W NA KANARACH                            <\/a>\r\n                        <\/h2>\r\n                        <div class=\"cv-post-meta cv-meta-icon-show\">\r\n                            <span class=\"cv-post-date cv-post-meta-item\" itemprop=\"datePublished\"><a href=\"http:\/\/nakanarach.pl\/index.php\/2026\/02\/06\/okradali-turystow-na-kanarach\/\">6 lutego 2026<\/a><\/span>                        <\/div>\r\n                        <div class=\"cv-post-content\" itemprop=\"description\">WYSPY KANARYJSKIE: Agenci Gwardii Cywilnej zatrzymali dwie osoby, kt\u00f3re okrada\u0142y turyst\u00f3w na tym archipelagu. Kolejnym&hellip;<\/div>                        <div class=\"cv-read-more\"><a href=http:\/\/nakanarach.pl\/index.php\/2026\/02\/06\/okradali-turystow-na-kanarach\/>Czytaj wi\u0119cej<i class=\"fas fa-arrow-right\"><\/i><\/a><\/div>                    <\/div><!-- .cv-post-right-wrap -->\r\n                <\/article>\r\n                        <article post-id=\"post-12993\" class=\"cv-post post-format--standard\" itemscope itemtype=\"http:\/\/schema.org\/articleBody\">\r\n                    <div class=\"cv-post-left-wrap\">\r\n                        <div class=\"cv-post-thumb\">\r\n                            <a href=\"http:\/\/nakanarach.pl\/index.php\/2026\/02\/05\/turysci-utkneli-na-kanarch\/\"><img decoding=\"async\" src=\"http:\/\/nakanarach.pl\/wp-content\/uploads\/2023\/07\/Samolot-Easyjet-Lotnisko-Gran-Canaria.jpg\" alt=\"TURY\u015aCI UTKN\u0118LI NA KANARCH (AKTUALIZACJA)\"\/><\/a>\r\n                        <\/div>\r\n                    <\/div><!-- .cv-post-left-wrap -->\r\n                    <div class=\"cv-post-right-wrap\">\r\n                                                <h2 class=\"cv-post-title\">\r\n                            <a href=\"http:\/\/nakanarach.pl\/index.php\/2026\/02\/05\/turysci-utkneli-na-kanarch\/\" target=\"_self\">\r\n                                TURY\u015aCI UTKN\u0118LI NA KANARCH (AKTUALIZACJA)                            <\/a>\r\n                        <\/h2>\r\n                        <div class=\"cv-post-meta cv-meta-icon-show\">\r\n                            <span class=\"cv-post-date cv-post-meta-item\" itemprop=\"datePublished\"><a href=\"http:\/\/nakanarach.pl\/index.php\/2026\/02\/05\/turysci-utkneli-na-kanarch\/\">5 lutego 2026<\/a><\/span>                        <\/div>\r\n                        <div class=\"cv-post-content\" itemprop=\"description\">BERLIN\/WYSPY KANARYJSKIE: Wszystkie odloty z lotniska Berlin-Brandenburg (BER) zosta\u0142y wstrzymane rano 5 lutego ze wzgl\u0119du&hellip;<\/div>                        <div class=\"cv-read-more\"><a href=http:\/\/nakanarach.pl\/index.php\/2026\/02\/05\/turysci-utkneli-na-kanarch\/>Czytaj wi\u0119cej<i class=\"fas fa-arrow-right\"><\/i><\/a><\/div>                    <\/div><!-- .cv-post-right-wrap -->\r\n                <\/article>\r\n                        <article post-id=\"post-12964\" class=\"cv-post post-format--standard\" itemscope itemtype=\"http:\/\/schema.org\/articleBody\">\r\n                    <div class=\"cv-post-left-wrap\">\r\n                        <div class=\"cv-post-thumb\">\r\n                            <a href=\"http:\/\/nakanarach.pl\/index.php\/2026\/02\/03\/turysci-ryzykuja-zycie-nad-oceanem\/\"><img decoding=\"async\" src=\"http:\/\/nakanarach.pl\/wp-content\/uploads\/2026\/02\/Utoniecie-Fuerteventura-112-Canarias.webp\" alt=\"TURY\u015aCI RYZYKUJ\u0104 \u017bYCIE NAD OCEANEM\"\/><\/a>\r\n                        <\/div>\r\n                    <\/div><!-- .cv-post-left-wrap -->\r\n                    <div class=\"cv-post-right-wrap\">\r\n                                                <h2 class=\"cv-post-title\">\r\n                            <a href=\"http:\/\/nakanarach.pl\/index.php\/2026\/02\/03\/turysci-ryzykuja-zycie-nad-oceanem\/\" target=\"_self\">\r\n                                TURY\u015aCI RYZYKUJ\u0104 \u017bYCIE NAD OCEANEM                            <\/a>\r\n                        <\/h2>\r\n                        <div class=\"cv-post-meta cv-meta-icon-show\">\r\n                            <span class=\"cv-post-date cv-post-meta-item\" itemprop=\"datePublished\"><a href=\"http:\/\/nakanarach.pl\/index.php\/2026\/02\/03\/turysci-ryzykuja-zycie-nad-oceanem\/\">3 lutego 2026<\/a><\/span>                        <\/div>\r\n                        <div class=\"cv-post-content\" itemprop=\"description\">WYSPY KANARYJSKIE: Wiele os\u00f3b wci\u0105\u017c nie zdaje sobie sprawy, jak niebezpieczny jest Ocean Atlantycki w&hellip;<\/div>                        <div class=\"cv-read-more\"><a href=http:\/\/nakanarach.pl\/index.php\/2026\/02\/03\/turysci-ryzykuja-zycie-nad-oceanem\/>Czytaj wi\u0119cej<i class=\"fas fa-arrow-right\"><\/i><\/a><\/div>                    <\/div><!-- .cv-post-right-wrap -->\r\n                <\/article>\r\n                        <article post-id=\"post-12415\" class=\"cv-post post-format--standard\" itemscope itemtype=\"http:\/\/schema.org\/articleBody\">\r\n                    <div class=\"cv-post-left-wrap\">\r\n                        <div class=\"cv-post-thumb\">\r\n                            <a href=\"http:\/\/nakanarach.pl\/index.php\/2026\/02\/02\/konfiskuja-popcorn-ukradziony-z-plazy\/\"><img decoding=\"async\" src=\"http:\/\/nakanarach.pl\/wp-content\/uploads\/2025\/12\/Popcorn-beach-Ayto-La-Oliva.jpg\" alt=\"KONFISKUJ\u0104 &#8222;POPCORN&#8221; UKRADZIONY Z PLA\u017bY\"\/><\/a>\r\n                        <\/div>\r\n                    <\/div><!-- .cv-post-left-wrap -->\r\n                    <div class=\"cv-post-right-wrap\">\r\n                                                <h2 class=\"cv-post-title\">\r\n                            <a href=\"http:\/\/nakanarach.pl\/index.php\/2026\/02\/02\/konfiskuja-popcorn-ukradziony-z-plazy\/\" target=\"_self\">\r\n                                KONFISKUJ\u0104 &#8222;POPCORN&#8221; UKRADZIONY Z PLA\u017bY                            <\/a>\r\n                        <\/h2>\r\n                        <div class=\"cv-post-meta cv-meta-icon-show\">\r\n                            <span class=\"cv-post-date cv-post-meta-item\" itemprop=\"datePublished\"><a href=\"http:\/\/nakanarach.pl\/index.php\/2026\/02\/02\/konfiskuja-popcorn-ukradziony-z-plazy\/\">2 lutego 2026<\/a><\/span>                        <\/div>\r\n                        <div class=\"cv-post-content\" itemprop=\"description\">FUERTEVENTURA: W\u0142adze gminy La Oliva na p\u00f3\u0142nocy Fuerteventury, we wsp\u00f3\u0142pracy z lokaln\u0105 policj\u0105 (jednostk\u0105 ds.&hellip;<\/div>                        <div class=\"cv-read-more\"><a href=http:\/\/nakanarach.pl\/index.php\/2026\/02\/02\/konfiskuja-popcorn-ukradziony-z-plazy\/>Czytaj wi\u0119cej<i class=\"fas fa-arrow-right\"><\/i><\/a><\/div>                    <\/div><!-- .cv-post-right-wrap -->\r\n                <\/article>\r\n                        <article post-id=\"post-12359\" class=\"cv-post post-format--standard\" itemscope itemtype=\"http:\/\/schema.org\/articleBody\">\r\n                    <div class=\"cv-post-left-wrap\">\r\n                        <div class=\"cv-post-thumb\">\r\n                            <a href=\"http:\/\/nakanarach.pl\/index.php\/2026\/01\/30\/pragnienie-slonca-i-jednodniowe-wyjazdy-video\/\"><img decoding=\"async\" src=\"http:\/\/nakanarach.pl\/wp-content\/uploads\/2025\/12\/Plaza-Faro-de-Maspalomas-1-scaled.jpg\" alt=\"PRAGNIENIE S\u0141O\u0143CA I JEDNODNIOWE WYJAZDY (VIDEO)\"\/><\/a>\r\n                        <\/div>\r\n                    <\/div><!-- .cv-post-left-wrap -->\r\n                    <div class=\"cv-post-right-wrap\">\r\n                                                <h2 class=\"cv-post-title\">\r\n                            <a href=\"http:\/\/nakanarach.pl\/index.php\/2026\/01\/30\/pragnienie-slonca-i-jednodniowe-wyjazdy-video\/\" target=\"_self\">\r\n                                PRAGNIENIE S\u0141O\u0143CA I JEDNODNIOWE WYJAZDY (VIDEO)                            <\/a>\r\n                        <\/h2>\r\n                        <div class=\"cv-post-meta cv-meta-icon-show\">\r\n                            <span class=\"cv-post-date cv-post-meta-item\" itemprop=\"datePublished\"><a href=\"http:\/\/nakanarach.pl\/index.php\/2026\/01\/30\/pragnienie-slonca-i-jednodniowe-wyjazdy-video\/\">30 stycznia 2026<\/a><\/span>                        <\/div>\r\n                        <div class=\"cv-post-content\" itemprop=\"description\">HISZPANIA\/WYSPY KANARYJSKIE: W Polsce w najbli\u017cszych dniach prognozowane s\u0105 temperatury nawet do -30 stopni Celsjusza.&hellip;<\/div>                        <div class=\"cv-read-more\"><a href=http:\/\/nakanarach.pl\/index.php\/2026\/01\/30\/pragnienie-slonca-i-jednodniowe-wyjazdy-video\/>Czytaj wi\u0119cej<i class=\"fas fa-arrow-right\"><\/i><\/a><\/div>                    <\/div><!-- .cv-post-right-wrap -->\r\n                <\/article>\r\n                        <article post-id=\"post-12815\" class=\"cv-post post-format--standard\" itemscope itemtype=\"http:\/\/schema.org\/articleBody\">\r\n                    <div class=\"cv-post-left-wrap\">\r\n                        <div class=\"cv-post-thumb\">\r\n                            <a href=\"http:\/\/nakanarach.pl\/index.php\/2026\/01\/29\/niebezpieczne-zachowania-turystow\/\"><img decoding=\"async\" src=\"http:\/\/nakanarach.pl\/wp-content\/uploads\/2026\/01\/Budynek-smierci-Teneryfa-X.webp\" alt=\"NIEBEZPIECZNE ZACHOWANIA TURYST\u00d3W\"\/><\/a>\r\n                        <\/div>\r\n                    <\/div><!-- .cv-post-left-wrap -->\r\n                    <div class=\"cv-post-right-wrap\">\r\n                                                <h2 class=\"cv-post-title\">\r\n                            <a href=\"http:\/\/nakanarach.pl\/index.php\/2026\/01\/29\/niebezpieczne-zachowania-turystow\/\" target=\"_self\">\r\n                                NIEBEZPIECZNE ZACHOWANIA TURYST\u00d3W                            <\/a>\r\n                        <\/h2>\r\n                        <div class=\"cv-post-meta cv-meta-icon-show\">\r\n                            <span class=\"cv-post-date cv-post-meta-item\" itemprop=\"datePublished\"><a href=\"http:\/\/nakanarach.pl\/index.php\/2026\/01\/29\/niebezpieczne-zachowania-turystow\/\">29 stycznia 2026<\/a><\/span>                        <\/div>\r\n                        <div class=\"cv-post-content\" itemprop=\"description\">TENERYFA\/GRAN CANARIA: Dw\u00f3ch brytyjskich turyst\u00f3w zosta\u0142o nagranych, gdy chodzili blisko kraw\u0119dzi dachu opuszczonego hotelu A\u00f1aza&hellip;<\/div>                        <div class=\"cv-read-more\"><a href=http:\/\/nakanarach.pl\/index.php\/2026\/01\/29\/niebezpieczne-zachowania-turystow\/>Czytaj wi\u0119cej<i class=\"fas fa-arrow-right\"><\/i><\/a><\/div>                    <\/div><!-- .cv-post-right-wrap -->\r\n                <\/article>\r\n                        <article post-id=\"post-12949\" class=\"cv-post post-format--standard\" itemscope itemtype=\"http:\/\/schema.org\/articleBody\">\r\n                    <div class=\"cv-post-left-wrap\">\r\n                        <div class=\"cv-post-thumb\">\r\n                            <a href=\"http:\/\/nakanarach.pl\/index.php\/2026\/01\/28\/pracownik-lotniska-okradal-bagaze\/\"><img decoding=\"async\" src=\"http:\/\/nakanarach.pl\/wp-content\/uploads\/2026\/01\/Kradzieze-na-lotnisku.webp\" alt=\"PRACOWNIK LOTNISKA OKRADA\u0141 BAGA\u017bE\"\/><\/a>\r\n                        <\/div>\r\n                    <\/div><!-- .cv-post-left-wrap -->\r\n                    <div class=\"cv-post-right-wrap\">\r\n                                                <h2 class=\"cv-post-title\">\r\n                            <a href=\"http:\/\/nakanarach.pl\/index.php\/2026\/01\/28\/pracownik-lotniska-okradal-bagaze\/\" target=\"_self\">\r\n                                PRACOWNIK LOTNISKA OKRADA\u0141 BAGA\u017bE                            <\/a>\r\n                        <\/h2>\r\n                        <div class=\"cv-post-meta cv-meta-icon-show\">\r\n                            <span class=\"cv-post-date cv-post-meta-item\" itemprop=\"datePublished\"><a href=\"http:\/\/nakanarach.pl\/index.php\/2026\/01\/28\/pracownik-lotniska-okradal-bagaze\/\">28 stycznia 2026<\/a><\/span>                        <\/div>\r\n                        <div class=\"cv-post-content\" itemprop=\"description\">FUERTEVENTURA: Pracownik lotniska na Fuerteventurze zosta\u0142 zatrzymany przez Gwardi\u0119 Cywiln\u0105 pod zarzutem kradzie\u017cy z baga\u017cu&hellip;<\/div>                        <div class=\"cv-read-more\"><a href=http:\/\/nakanarach.pl\/index.php\/2026\/01\/28\/pracownik-lotniska-okradal-bagaze\/>Czytaj wi\u0119cej<i class=\"fas fa-arrow-right\"><\/i><\/a><\/div>                    <\/div><!-- .cv-post-right-wrap -->\r\n                <\/article>\r\n                        <article post-id=\"post-12923\" class=\"cv-post post-format--standard\" itemscope itemtype=\"http:\/\/schema.org\/articleBody\">\r\n                    <div class=\"cv-post-left-wrap\">\r\n                        <div class=\"cv-post-thumb\">\r\n                            <a href=\"http:\/\/nakanarach.pl\/index.php\/2026\/01\/27\/nielegalne-taksowki-na-lotnisku\/\"><img decoding=\"async\" src=\"http:\/\/nakanarach.pl\/wp-content\/uploads\/2026\/01\/Kontrola-drogowa-Granadilla-de-Abona.webp\" alt=\"NIELEGALNE TAKS\u00d3WKI NA LOTNISKU\"\/><\/a>\r\n                        <\/div>\r\n                    <\/div><!-- .cv-post-left-wrap -->\r\n                    <div class=\"cv-post-right-wrap\">\r\n                                                <h2 class=\"cv-post-title\">\r\n                            <a href=\"http:\/\/nakanarach.pl\/index.php\/2026\/01\/27\/nielegalne-taksowki-na-lotnisku\/\" target=\"_self\">\r\n                                NIELEGALNE TAKS\u00d3WKI NA LOTNISKU                            <\/a>\r\n                        <\/h2>\r\n                        <div class=\"cv-post-meta cv-meta-icon-show\">\r\n                            <span class=\"cv-post-date cv-post-meta-item\" itemprop=\"datePublished\"><a href=\"http:\/\/nakanarach.pl\/index.php\/2026\/01\/27\/nielegalne-taksowki-na-lotnisku\/\">27 stycznia 2026<\/a><\/span>                        <\/div>\r\n                        <div class=\"cv-post-content\" itemprop=\"description\">TENERYFA: W\u0142adze jednej z gmin na najwi\u0119kszej wyspie archipelagu, na terenie kt\u00f3rej znajduj\u0105 si\u0119 znane&hellip;<\/div>                        <div class=\"cv-read-more\"><a href=http:\/\/nakanarach.pl\/index.php\/2026\/01\/27\/nielegalne-taksowki-na-lotnisku\/>Czytaj wi\u0119cej<i class=\"fas fa-arrow-right\"><\/i><\/a><\/div>                    <\/div><!-- .cv-post-right-wrap -->\r\n                <\/article>\r\n                        <article post-id=\"post-12929\" class=\"cv-post post-format--standard\" itemscope itemtype=\"http:\/\/schema.org\/articleBody\">\r\n                    <div class=\"cv-post-left-wrap\">\r\n                        <div class=\"cv-post-thumb\">\r\n                            <a href=\"http:\/\/nakanarach.pl\/index.php\/2026\/01\/26\/olbrzymia-fala-porwala-turyste\/\"><img decoding=\"async\" src=\"http:\/\/nakanarach.pl\/wp-content\/uploads\/2026\/01\/Helikopter-Salvamento-Maritimo.jpg\" alt=\"OLBRZYMIA FALA PORWA\u0141A TURYST\u0118\"\/><\/a>\r\n                        <\/div>\r\n                    <\/div><!-- .cv-post-left-wrap -->\r\n                    <div class=\"cv-post-right-wrap\">\r\n                                                <h2 class=\"cv-post-title\">\r\n                            <a href=\"http:\/\/nakanarach.pl\/index.php\/2026\/01\/26\/olbrzymia-fala-porwala-turyste\/\" target=\"_self\">\r\n                                OLBRZYMIA FALA PORWA\u0141A TURYST\u0118                            <\/a>\r\n                        <\/h2>\r\n                        <div class=\"cv-post-meta cv-meta-icon-show\">\r\n                            <span class=\"cv-post-date cv-post-meta-item\" itemprop=\"datePublished\"><a href=\"http:\/\/nakanarach.pl\/index.php\/2026\/01\/26\/olbrzymia-fala-porwala-turyste\/\">26 stycznia 2026<\/a><\/span>                        <\/div>\r\n                        <div class=\"cv-post-content\" itemprop=\"description\">GRAN CANARIA\/LANZAROTE: Kolejna grupa turyst\u00f3w zignorowa\u0142a ostrze\u017cenia i zakaz k\u0105pieli na jednej z pla\u017c na&hellip;<\/div>                        <div class=\"cv-read-more\"><a href=http:\/\/nakanarach.pl\/index.php\/2026\/01\/26\/olbrzymia-fala-porwala-turyste\/>Czytaj wi\u0119cej<i class=\"fas fa-arrow-right\"><\/i><\/a><\/div>                    <\/div><!-- .cv-post-right-wrap -->\r\n                <\/article>\r\n                        <article post-id=\"post-11497\" class=\"cv-post post-format--standard\" itemscope itemtype=\"http:\/\/schema.org\/articleBody\">\r\n                    <div class=\"cv-post-left-wrap\">\r\n                        <div class=\"cv-post-thumb\">\r\n                            <a href=\"http:\/\/nakanarach.pl\/index.php\/2026\/01\/23\/nielegalni-sprzedawcy-uciekaja-przed-policja-video\/\"><img decoding=\"async\" src=\"http:\/\/nakanarach.pl\/wp-content\/uploads\/2026\/01\/Podrabiana-odziez-Policia-Nacional.webp\" alt=\"NIELEGALNI SPRZEDAWCY UCIEKAJ\u0104 PRZED POLICJ\u0104 (VIDEO)\"\/><\/a>\r\n                        <\/div>\r\n                    <\/div><!-- .cv-post-left-wrap -->\r\n                    <div class=\"cv-post-right-wrap\">\r\n                                                <h2 class=\"cv-post-title\">\r\n                            <a href=\"http:\/\/nakanarach.pl\/index.php\/2026\/01\/23\/nielegalni-sprzedawcy-uciekaja-przed-policja-video\/\" target=\"_self\">\r\n                                NIELEGALNI SPRZEDAWCY UCIEKAJ\u0104 PRZED POLICJ\u0104 (VIDEO)                            <\/a>\r\n                        <\/h2>\r\n                        <div class=\"cv-post-meta cv-meta-icon-show\">\r\n                            <span class=\"cv-post-date cv-post-meta-item\" itemprop=\"datePublished\"><a href=\"http:\/\/nakanarach.pl\/index.php\/2026\/01\/23\/nielegalni-sprzedawcy-uciekaja-przed-policja-video\/\">23 stycznia 2026<\/a><\/span>                        <\/div>\r\n                        <div class=\"cv-post-content\" itemprop=\"description\">HISZPANIA\/WYSPY KANARYJSKIE: Policja poinformowa\u0142a, \u017ce na Teneryfie podczas tegorocznej akcji zatrzymano 10 os\u00f3b za handel&hellip;<\/div>                        <div class=\"cv-read-more\"><a href=http:\/\/nakanarach.pl\/index.php\/2026\/01\/23\/nielegalni-sprzedawcy-uciekaja-przed-policja-video\/>Czytaj wi\u0119cej<i class=\"fas fa-arrow-right\"><\/i><\/a><\/div>                    <\/div><!-- .cv-post-right-wrap -->\r\n                <\/article>\r\n                        <article post-id=\"post-12909\" class=\"cv-post post-format--standard\" itemscope itemtype=\"http:\/\/schema.org\/articleBody\">\r\n                    <div class=\"cv-post-left-wrap\">\r\n                        <div class=\"cv-post-thumb\">\r\n                            <a href=\"http:\/\/nakanarach.pl\/index.php\/2026\/01\/22\/dodatkowo-zaplacila-za-wymiarowy-bagaz\/\"><img decoding=\"async\" src=\"http:\/\/nakanarach.pl\/wp-content\/uploads\/2026\/01\/Zaplacila-za-wymiarowy-bagaz.jpg\" alt=\"DODATKOWO ZAP\u0141ACI\u0141A ZA WYMIAROWY BAGA\u017b\"\/><\/a>\r\n                        <\/div>\r\n                    <\/div><!-- .cv-post-left-wrap -->\r\n                    <div class=\"cv-post-right-wrap\">\r\n                                                <h2 class=\"cv-post-title\">\r\n                            <a href=\"http:\/\/nakanarach.pl\/index.php\/2026\/01\/22\/dodatkowo-zaplacila-za-wymiarowy-bagaz\/\" target=\"_self\">\r\n                                DODATKOWO ZAP\u0141ACI\u0141A ZA WYMIAROWY BAGA\u017b                            <\/a>\r\n                        <\/h2>\r\n                        <div class=\"cv-post-meta cv-meta-icon-show\">\r\n                            <span class=\"cv-post-date cv-post-meta-item\" itemprop=\"datePublished\"><a href=\"http:\/\/nakanarach.pl\/index.php\/2026\/01\/22\/dodatkowo-zaplacila-za-wymiarowy-bagaz\/\">22 stycznia 2026<\/a><\/span>                        <\/div>\r\n                        <div class=\"cv-post-content\" itemprop=\"description\">TENERYFA: W Hiszpanii na nowo wr\u00f3ci\u0142a debata o kontrowersyjnych op\u0142atach dodatkowych za baga\u017c przed wej\u015bciem&hellip;<\/div>                        <div class=\"cv-read-more\"><a href=http:\/\/nakanarach.pl\/index.php\/2026\/01\/22\/dodatkowo-zaplacila-za-wymiarowy-bagaz\/>Czytaj wi\u0119cej<i class=\"fas fa-arrow-right\"><\/i><\/a><\/div>                    <\/div><!-- .cv-post-right-wrap -->\r\n                <\/article>\r\n                        <article post-id=\"post-12813\" class=\"cv-post post-format--standard\" itemscope itemtype=\"http:\/\/schema.org\/articleBody\">\r\n                    <div class=\"cv-post-left-wrap\">\r\n                        <div class=\"cv-post-thumb\">\r\n                            <a href=\"http:\/\/nakanarach.pl\/index.php\/2026\/01\/21\/smiertelnie-niebezpieczny-komar-na-kanarach\/\"><img decoding=\"async\" src=\"http:\/\/nakanarach.pl\/wp-content\/uploads\/2021\/03\/Opryski-komary.jpg\" alt=\"\u015aMIERTELNIE NIEBEZPIECZNY KOMAR NA KANARACH\"\/><\/a>\r\n                        <\/div>\r\n                    <\/div><!-- .cv-post-left-wrap -->\r\n                    <div class=\"cv-post-right-wrap\">\r\n                                                <h2 class=\"cv-post-title\">\r\n                            <a href=\"http:\/\/nakanarach.pl\/index.php\/2026\/01\/21\/smiertelnie-niebezpieczny-komar-na-kanarach\/\" target=\"_self\">\r\n                                \u015aMIERTELNIE NIEBEZPIECZNY KOMAR NA KANARACH                            <\/a>\r\n                        <\/h2>\r\n                        <div class=\"cv-post-meta cv-meta-icon-show\">\r\n                            <span class=\"cv-post-date cv-post-meta-item\" itemprop=\"datePublished\"><a href=\"http:\/\/nakanarach.pl\/index.php\/2026\/01\/21\/smiertelnie-niebezpieczny-komar-na-kanarach\/\">21 stycznia 2026<\/a><\/span>                        <\/div>\r\n                        <div class=\"cv-post-content\" itemprop=\"description\">TENERYFA: Resort Zdrowia rz\u0105du Wysp Kanaryjskich poinformowa\u0142 o wykryciu pierwszego w tym roku \u015bmiertelnie niebezpiecznego&hellip;<\/div>                        <div class=\"cv-read-more\"><a href=http:\/\/nakanarach.pl\/index.php\/2026\/01\/21\/smiertelnie-niebezpieczny-komar-na-kanarach\/>Czytaj wi\u0119cej<i class=\"fas fa-arrow-right\"><\/i><\/a><\/div>                    <\/div><!-- .cv-post-right-wrap -->\r\n                <\/article>\r\n                        <article post-id=\"post-12856\" class=\"cv-post post-format--standard\" itemscope itemtype=\"http:\/\/schema.org\/articleBody\">\r\n                    <div class=\"cv-post-left-wrap\">\r\n                        <div class=\"cv-post-thumb\">\r\n                            <a href=\"http:\/\/nakanarach.pl\/index.php\/2026\/01\/19\/huraganowy-wiatr-i-ulewny-deszcz\/\"><img decoding=\"async\" src=\"http:\/\/nakanarach.pl\/wp-content\/uploads\/2022\/02\/Deszcz-Palmy-scaled.jpg\" alt=\"HURAGANOWY WIATR I ULEWNY DESZCZ\"\/><\/a>\r\n                        <\/div>\r\n                    <\/div><!-- .cv-post-left-wrap -->\r\n                    <div class=\"cv-post-right-wrap\">\r\n                                                <h2 class=\"cv-post-title\">\r\n                            <a href=\"http:\/\/nakanarach.pl\/index.php\/2026\/01\/19\/huraganowy-wiatr-i-ulewny-deszcz\/\" target=\"_self\">\r\n                                HURAGANOWY WIATR I ULEWNY DESZCZ                            <\/a>\r\n                        <\/h2>\r\n                        <div class=\"cv-post-meta cv-meta-icon-show\">\r\n                            <span class=\"cv-post-date cv-post-meta-item\" itemprop=\"datePublished\"><a href=\"http:\/\/nakanarach.pl\/index.php\/2026\/01\/19\/huraganowy-wiatr-i-ulewny-deszcz\/\">19 stycznia 2026<\/a><\/span>                        <\/div>\r\n                        <div class=\"cv-post-content\" itemprop=\"description\">HISZPANIA\/WYSPY KANARYJSKIE:&nbsp;Kolejna silna burza przesz\u0142a przez Hiszpani\u0119 i Wyspy Kanaryjskie, miejscami pojawi\u0142y si\u0119 huraganowe wiatry&hellip;<\/div>                        <div class=\"cv-read-more\"><a href=http:\/\/nakanarach.pl\/index.php\/2026\/01\/19\/huraganowy-wiatr-i-ulewny-deszcz\/>Czytaj wi\u0119cej<i class=\"fas fa-arrow-right\"><\/i><\/a><\/div>                    <\/div><!-- .cv-post-right-wrap -->\r\n                <\/article>\r\n                        <article post-id=\"post-9357\" class=\"cv-post post-format--standard\" itemscope itemtype=\"http:\/\/schema.org\/articleBody\">\r\n                    <div class=\"cv-post-left-wrap\">\r\n                        <div class=\"cv-post-thumb\">\r\n                            <a href=\"http:\/\/nakanarach.pl\/index.php\/2026\/01\/18\/najwiekszy-karnawal-w-europie\/\"><img decoding=\"async\" src=\"http:\/\/nakanarach.pl\/wp-content\/uploads\/2026\/01\/Karnawal-2026-Carnaval-de-santa-Cruz-de-Tenerife.jpg\" alt=\"NAJWI\u0118KSZY KARNAWA\u0141 W EUROPIE (VIDEO)\"\/><\/a>\r\n                        <\/div>\r\n                    <\/div><!-- .cv-post-left-wrap -->\r\n                    <div class=\"cv-post-right-wrap\">\r\n                                                <h2 class=\"cv-post-title\">\r\n                            <a href=\"http:\/\/nakanarach.pl\/index.php\/2026\/01\/18\/najwiekszy-karnawal-w-europie\/\" target=\"_self\">\r\n                                NAJWI\u0118KSZY KARNAWA\u0141 W EUROPIE (VIDEO)                            <\/a>\r\n                        <\/h2>\r\n                        <div class=\"cv-post-meta cv-meta-icon-show\">\r\n                            <span class=\"cv-post-date cv-post-meta-item\" itemprop=\"datePublished\"><a href=\"http:\/\/nakanarach.pl\/index.php\/2026\/01\/18\/najwiekszy-karnawal-w-europie\/\">18 stycznia 2026<\/a><\/span>                        <\/div>\r\n                        <div class=\"cv-post-content\" itemprop=\"description\">TENERYFA: Powszechnie wiadomo, \u017ce najwi\u0119kszy karnawa\u0142 odbywa si\u0119 co roku w stolicy Brazylii. Tymczasem na&hellip;<\/div>                        <div class=\"cv-read-more\"><a href=http:\/\/nakanarach.pl\/index.php\/2026\/01\/18\/najwiekszy-karnawal-w-europie\/>Czytaj wi\u0119cej<i class=\"fas fa-arrow-right\"><\/i><\/a><\/div>                    <\/div><!-- .cv-post-right-wrap -->\r\n                <\/article>\r\n                        <article post-id=\"post-12840\" class=\"cv-post post-format--standard\" itemscope itemtype=\"http:\/\/schema.org\/articleBody\">\r\n                    <div class=\"cv-post-left-wrap\">\r\n                        <div class=\"cv-post-thumb\">\r\n                            <a href=\"http:\/\/nakanarach.pl\/index.php\/2026\/01\/16\/spadajaca-skala-uszkodzila-kanalizacje\/\"><img decoding=\"async\" src=\"http:\/\/nakanarach.pl\/wp-content\/uploads\/2026\/01\/Skala-uszkodzila-kanalizacje2.jpg\" alt=\"SPADAJ\u0104CA SKA\u0141A USZKODZI\u0141A KANALIZACJ\u0118\"\/><\/a>\r\n                        <\/div>\r\n                    <\/div><!-- .cv-post-left-wrap -->\r\n                    <div class=\"cv-post-right-wrap\">\r\n                                                <h2 class=\"cv-post-title\">\r\n                            <a href=\"http:\/\/nakanarach.pl\/index.php\/2026\/01\/16\/spadajaca-skala-uszkodzila-kanalizacje\/\" target=\"_self\">\r\n                                SPADAJ\u0104CA SKA\u0141A USZKODZI\u0141A KANALIZACJ\u0118                            <\/a>\r\n                        <\/h2>\r\n                        <div class=\"cv-post-meta cv-meta-icon-show\">\r\n                            <span class=\"cv-post-date cv-post-meta-item\" itemprop=\"datePublished\"><a href=\"http:\/\/nakanarach.pl\/index.php\/2026\/01\/16\/spadajaca-skala-uszkodzila-kanalizacje\/\">16 stycznia 2026<\/a><\/span>                        <\/div>\r\n                        <div class=\"cv-post-content\" itemprop=\"description\">TENERYFA: W\u0142adze miasta El Rosario na najwi\u0119kszej kanaryjskiej wyspie wyda\u0142y zakaz k\u0105pieli na ca\u0142ej linii&hellip;<\/div>                        <div class=\"cv-read-more\"><a href=http:\/\/nakanarach.pl\/index.php\/2026\/01\/16\/spadajaca-skala-uszkodzila-kanalizacje\/>Czytaj wi\u0119cej<i class=\"fas fa-arrow-right\"><\/i><\/a><\/div>                    <\/div><!-- .cv-post-right-wrap -->\r\n                <\/article>\r\n                        <article post-id=\"post-12837\" class=\"cv-post post-format--standard\" itemscope itemtype=\"http:\/\/schema.org\/articleBody\">\r\n                    <div class=\"cv-post-left-wrap\">\r\n                        <div class=\"cv-post-thumb\">\r\n                            <a href=\"http:\/\/nakanarach.pl\/index.php\/2026\/01\/15\/chcial-poleciec-samolotem-ze-zmarla-zona\/\"><img decoding=\"async\" src=\"http:\/\/nakanarach.pl\/wp-content\/uploads\/2022\/01\/Teneryfa-Lotnisko-Terminal-Sofia-scaled.jpg\" alt=\"CHCIA\u0141 POLECIE\u0106 SAMOLOTEM ZE ZMAR\u0141\u0104 \u017bON\u0104\"\/><\/a>\r\n                        <\/div>\r\n                    <\/div><!-- .cv-post-left-wrap -->\r\n                    <div class=\"cv-post-right-wrap\">\r\n                                                <h2 class=\"cv-post-title\">\r\n                            <a href=\"http:\/\/nakanarach.pl\/index.php\/2026\/01\/15\/chcial-poleciec-samolotem-ze-zmarla-zona\/\" target=\"_self\">\r\n                                CHCIA\u0141 POLECIE\u0106 SAMOLOTEM ZE ZMAR\u0141\u0104 \u017bON\u0104                            <\/a>\r\n                        <\/h2>\r\n                        <div class=\"cv-post-meta cv-meta-icon-show\">\r\n                            <span class=\"cv-post-date cv-post-meta-item\" itemprop=\"datePublished\"><a href=\"http:\/\/nakanarach.pl\/index.php\/2026\/01\/15\/chcial-poleciec-samolotem-ze-zmarla-zona\/\">15 stycznia 2026<\/a><\/span>                        <\/div>\r\n                        <div class=\"cv-post-content\" itemprop=\"description\">HISZPANIA\/WYSPY KANARYJSKIE: Kolejna w ostatnim czasie w Hiszpanii pr\u00f3ba przewiezienia nie\u017cyj\u0105cej osoby na pok\u0142adzie samolotu.&hellip;<\/div>                        <div class=\"cv-read-more\"><a href=http:\/\/nakanarach.pl\/index.php\/2026\/01\/15\/chcial-poleciec-samolotem-ze-zmarla-zona\/>Czytaj wi\u0119cej<i class=\"fas fa-arrow-right\"><\/i><\/a><\/div>                    <\/div><!-- .cv-post-right-wrap -->\r\n                <\/article>\r\n                        <article post-id=\"post-12827\" class=\"cv-post post-format--standard\" itemscope itemtype=\"http:\/\/schema.org\/articleBody\">\r\n                    <div class=\"cv-post-left-wrap\">\r\n                        <div class=\"cv-post-thumb\">\r\n                            <a href=\"http:\/\/nakanarach.pl\/index.php\/2026\/01\/14\/dlugo-czekali-w-samolocie-na-odlot\/\"><img decoding=\"async\" src=\"http:\/\/nakanarach.pl\/wp-content\/uploads\/2022\/01\/Lotnisko-Skrzydla-chmury-neutral-scaled.jpg\" alt=\"D\u0141UGO CZEKALI W SAMOLOCIE NA ODLOT\"\/><\/a>\r\n                        <\/div>\r\n                    <\/div><!-- .cv-post-left-wrap -->\r\n                    <div class=\"cv-post-right-wrap\">\r\n                                                <h2 class=\"cv-post-title\">\r\n                            <a href=\"http:\/\/nakanarach.pl\/index.php\/2026\/01\/14\/dlugo-czekali-w-samolocie-na-odlot\/\" target=\"_self\">\r\n                                D\u0141UGO CZEKALI W SAMOLOCIE NA ODLOT                            <\/a>\r\n                        <\/h2>\r\n                        <div class=\"cv-post-meta cv-meta-icon-show\">\r\n                            <span class=\"cv-post-date cv-post-meta-item\" itemprop=\"datePublished\"><a href=\"http:\/\/nakanarach.pl\/index.php\/2026\/01\/14\/dlugo-czekali-w-samolocie-na-odlot\/\">14 stycznia 2026<\/a><\/span>                        <\/div>\r\n                        <div class=\"cv-post-content\" itemprop=\"description\">WROC\u0141AW\/HISZPANIA\/GRAN CANARIA: Prawie 5 godzin czekali w samolocie pasa\u017cerowie lotu na rajskie Wyspy Kanaryjskie i&hellip;<\/div>                        <div class=\"cv-read-more\"><a href=http:\/\/nakanarach.pl\/index.php\/2026\/01\/14\/dlugo-czekali-w-samolocie-na-odlot\/>Czytaj wi\u0119cej<i class=\"fas fa-arrow-right\"><\/i><\/a><\/div>                    <\/div><!-- .cv-post-right-wrap -->\r\n                <\/article>\r\n                        <article post-id=\"post-12808\" class=\"cv-post post-format--standard\" itemscope itemtype=\"http:\/\/schema.org\/articleBody\">\r\n                    <div class=\"cv-post-left-wrap\">\r\n                        <div class=\"cv-post-thumb\">\r\n                            <a href=\"http:\/\/nakanarach.pl\/index.php\/2026\/01\/13\/kolejna-tragedia-w-oceanie-i-alert\/\"><img decoding=\"async\" src=\"http:\/\/nakanarach.pl\/wp-content\/uploads\/2026\/01\/Plaza-San-Agustin-Gran-Canaria-scaled.jpg\" alt=\"KOLEJNA TRAGEDIA W OCEANIE I ALERT\"\/><\/a>\r\n                        <\/div>\r\n                    <\/div><!-- .cv-post-left-wrap -->\r\n                    <div class=\"cv-post-right-wrap\">\r\n                                                <h2 class=\"cv-post-title\">\r\n                            <a href=\"http:\/\/nakanarach.pl\/index.php\/2026\/01\/13\/kolejna-tragedia-w-oceanie-i-alert\/\" target=\"_self\">\r\n                                KOLEJNA TRAGEDIA W OCEANIE I ALERT                            <\/a>\r\n                        <\/h2>\r\n                        <div class=\"cv-post-meta cv-meta-icon-show\">\r\n                            <span class=\"cv-post-date cv-post-meta-item\" itemprop=\"datePublished\"><a href=\"http:\/\/nakanarach.pl\/index.php\/2026\/01\/13\/kolejna-tragedia-w-oceanie-i-alert\/\">13 stycznia 2026<\/a><\/span>                        <\/div>\r\n                        <div class=\"cv-post-content\" itemprop=\"description\">GRAN CANARIA: Nie uda\u0142o si\u0119 uratowa\u0107 m\u0119\u017cczyzny, kt\u00f3ry zosta\u0142 wyci\u0105gni\u0119ty przez wczasowicz\u00f3w i ratownik\u00f3w z&hellip;<\/div>                        <div class=\"cv-read-more\"><a href=http:\/\/nakanarach.pl\/index.php\/2026\/01\/13\/kolejna-tragedia-w-oceanie-i-alert\/>Czytaj wi\u0119cej<i class=\"fas fa-arrow-right\"><\/i><\/a><\/div>                    <\/div><!-- .cv-post-right-wrap -->\r\n                <\/article>\r\n                        <article post-id=\"post-12795\" class=\"cv-post post-format--standard\" itemscope itemtype=\"http:\/\/schema.org\/articleBody\">\r\n                    <div class=\"cv-post-left-wrap\">\r\n                        <div class=\"cv-post-thumb\">\r\n                            <a href=\"http:\/\/nakanarach.pl\/index.php\/2026\/01\/12\/tragiczny-wypadek-na-lotnisku\/\"><img decoding=\"async\" src=\"http:\/\/nakanarach.pl\/wp-content\/uploads\/2026\/01\/Lotnisko-Pas-startowy-Gran-Canaria_11zon-scaled.jpg\" alt=\"TRAGICZNY WYPADEK NA LOTNISKU (VIDEO)\"\/><\/a>\r\n                        <\/div>\r\n                    <\/div><!-- .cv-post-left-wrap -->\r\n                    <div class=\"cv-post-right-wrap\">\r\n                                                <h2 class=\"cv-post-title\">\r\n                            <a href=\"http:\/\/nakanarach.pl\/index.php\/2026\/01\/12\/tragiczny-wypadek-na-lotnisku\/\" target=\"_self\">\r\n                                TRAGICZNY WYPADEK NA LOTNISKU (VIDEO)                            <\/a>\r\n                        <\/h2>\r\n                        <div class=\"cv-post-meta cv-meta-icon-show\">\r\n                            <span class=\"cv-post-date cv-post-meta-item\" itemprop=\"datePublished\"><a href=\"http:\/\/nakanarach.pl\/index.php\/2026\/01\/12\/tragiczny-wypadek-na-lotnisku\/\">12 stycznia 2026<\/a><\/span>                        <\/div>\r\n                        <div class=\"cv-post-content\" itemprop=\"description\">GRAN CANARIA: Kolejny \u015bmiertelny wypadek na lotnisku na Gran Canarii. Tym razem zgin\u0105\u0142 tam m\u0142ody&hellip;<\/div>                        <div class=\"cv-read-more\"><a href=http:\/\/nakanarach.pl\/index.php\/2026\/01\/12\/tragiczny-wypadek-na-lotnisku\/>Czytaj wi\u0119cej<i class=\"fas fa-arrow-right\"><\/i><\/a><\/div>                    <\/div><!-- .cv-post-right-wrap -->\r\n                <\/article>\r\n                        <article post-id=\"post-12759\" class=\"cv-post post-format--standard\" itemscope itemtype=\"http:\/\/schema.org\/articleBody\">\r\n                    <div class=\"cv-post-left-wrap\">\r\n                        <div class=\"cv-post-thumb\">\r\n                            <a href=\"http:\/\/nakanarach.pl\/index.php\/2026\/01\/08\/znikajace-wodospady-na-kanarach-video\/\"><img decoding=\"async\" src=\"http:\/\/nakanarach.pl\/wp-content\/uploads\/2026\/01\/Wodospad-IG-Javier-Duran.jpg\" alt=\"ZNIKAJ\u0104CE WODOSPADY NA KANARACH (VIDEO)\"\/><\/a>\r\n                        <\/div>\r\n                    <\/div><!-- .cv-post-left-wrap -->\r\n                    <div class=\"cv-post-right-wrap\">\r\n                                                <h2 class=\"cv-post-title\">\r\n                            <a href=\"http:\/\/nakanarach.pl\/index.php\/2026\/01\/08\/znikajace-wodospady-na-kanarach-video\/\" target=\"_self\">\r\n                                ZNIKAJ\u0104CE WODOSPADY NA KANARACH (VIDEO)                            <\/a>\r\n                        <\/h2>\r\n                        <div class=\"cv-post-meta cv-meta-icon-show\">\r\n                            <span class=\"cv-post-date cv-post-meta-item\" itemprop=\"datePublished\"><a href=\"http:\/\/nakanarach.pl\/index.php\/2026\/01\/08\/znikajace-wodospady-na-kanarach-video\/\">8 stycznia 2026<\/a><\/span>                        <\/div>\r\n                        <div class=\"cv-post-content\" itemprop=\"description\">WYSPY KANARYJSKIE: Na rajskim archipelagu, zw\u0142aszcza w rejonach g\u00f3rzystych, pogoda wci\u0105\u017c nie rozpieszcza turyst\u00f3w. W&hellip;<\/div>                        <div class=\"cv-read-more\"><a href=http:\/\/nakanarach.pl\/index.php\/2026\/01\/08\/znikajace-wodospady-na-kanarach-video\/>Czytaj wi\u0119cej<i class=\"fas fa-arrow-right\"><\/i><\/a><\/div>                    <\/div><!-- .cv-post-right-wrap -->\r\n                <\/article>\r\n                        <article post-id=\"post-12744\" class=\"cv-post post-format--standard\" itemscope itemtype=\"http:\/\/schema.org\/articleBody\">\r\n                    <div class=\"cv-post-left-wrap\">\r\n                        <div class=\"cv-post-thumb\">\r\n                            <a href=\"http:\/\/nakanarach.pl\/index.php\/2026\/01\/07\/wloska-turystka-zmarla-na-wakacjach\/\"><img decoding=\"async\" src=\"http:\/\/nakanarach.pl\/wp-content\/uploads\/2021\/06\/Policia-Nacional.jpg\" alt=\"W\u0141OSKA TURYSTKA ZMAR\u0141A NA WAKACJACH\"\/><\/a>\r\n                        <\/div>\r\n                    <\/div><!-- .cv-post-left-wrap -->\r\n                    <div class=\"cv-post-right-wrap\">\r\n                                                <h2 class=\"cv-post-title\">\r\n                            <a href=\"http:\/\/nakanarach.pl\/index.php\/2026\/01\/07\/wloska-turystka-zmarla-na-wakacjach\/\" target=\"_self\">\r\n                                W\u0141OSKA TURYSTKA ZMAR\u0141A NA WAKACJACH                            <\/a>\r\n                        <\/h2>\r\n                        <div class=\"cv-post-meta cv-meta-icon-show\">\r\n                            <span class=\"cv-post-date cv-post-meta-item\" itemprop=\"datePublished\"><a href=\"http:\/\/nakanarach.pl\/index.php\/2026\/01\/07\/wloska-turystka-zmarla-na-wakacjach\/\">7 stycznia 2026<\/a><\/span>                        <\/div>\r\n                        <div class=\"cv-post-content\" itemprop=\"description\">FUERTEVENTURA: Hiszpa\u0144ska policja wyja\u015bnia, czy nie dosz\u0142o do zaniedba\u0144 w szpitalu po tym, jak w\u0142oska&hellip;<\/div>                        <div class=\"cv-read-more\"><a href=http:\/\/nakanarach.pl\/index.php\/2026\/01\/07\/wloska-turystka-zmarla-na-wakacjach\/>Czytaj wi\u0119cej<i class=\"fas fa-arrow-right\"><\/i><\/a><\/div>                    <\/div><!-- .cv-post-right-wrap -->\r\n                <\/article>\r\n                        <article post-id=\"post-12747\" class=\"cv-post post-format--standard\" itemscope itemtype=\"http:\/\/schema.org\/articleBody\">\r\n                    <div class=\"cv-post-left-wrap\">\r\n                        <div class=\"cv-post-thumb\">\r\n                            <a href=\"http:\/\/nakanarach.pl\/index.php\/2026\/01\/06\/orszaki-trzech-kroli-jak-dyskoteki\/\"><img decoding=\"async\" src=\"http:\/\/nakanarach.pl\/wp-content\/uploads\/2021\/12\/Trzej-Krolowie-Fot.-change.org_.jpg\" alt=\"ORSZAKI TRZECH KR\u00d3LI JAK DYSKOTEKI\"\/><\/a>\r\n                        <\/div>\r\n                    <\/div><!-- .cv-post-left-wrap -->\r\n                    <div class=\"cv-post-right-wrap\">\r\n                                                <h2 class=\"cv-post-title\">\r\n                            <a href=\"http:\/\/nakanarach.pl\/index.php\/2026\/01\/06\/orszaki-trzech-kroli-jak-dyskoteki\/\" target=\"_self\">\r\n                                ORSZAKI TRZECH KR\u00d3LI JAK DYSKOTEKI                            <\/a>\r\n                        <\/h2>\r\n                        <div class=\"cv-post-meta cv-meta-icon-show\">\r\n                            <span class=\"cv-post-date cv-post-meta-item\" itemprop=\"datePublished\"><a href=\"http:\/\/nakanarach.pl\/index.php\/2026\/01\/06\/orszaki-trzech-kroli-jak-dyskoteki\/\">6 stycznia 2026<\/a><\/span>                        <\/div>\r\n                        <div class=\"cv-post-content\" itemprop=\"description\">HISZPANIA\/WYSPY KANARYJSKIE: To co wielu osobom mo\u017ce wydawa\u0107 si\u0119 nie do pomy\u015blenia to w Hiszpanii&hellip;<\/div>                        <div class=\"cv-read-more\"><a href=http:\/\/nakanarach.pl\/index.php\/2026\/01\/06\/orszaki-trzech-kroli-jak-dyskoteki\/>Czytaj wi\u0119cej<i class=\"fas fa-arrow-right\"><\/i><\/a><\/div>                    <\/div><!-- .cv-post-right-wrap -->\r\n                <\/article>\r\n                        <article post-id=\"post-12726\" class=\"cv-post post-format--standard\" itemscope itemtype=\"http:\/\/schema.org\/articleBody\">\r\n                    <div class=\"cv-post-left-wrap\">\r\n                        <div class=\"cv-post-thumb\">\r\n                            <a href=\"http:\/\/nakanarach.pl\/index.php\/2026\/01\/05\/kolejna-burza-i-sztorm-na-kanarach-video\/\"><img decoding=\"async\" src=\"http:\/\/nakanarach.pl\/wp-content\/uploads\/2021\/03\/Wiatr-Palmy.jpg\" alt=\"KOLEJNA BURZA I SZTORM NA KANARACH (VIDEO)\"\/><\/a>\r\n                        <\/div>\r\n                    <\/div><!-- .cv-post-left-wrap -->\r\n                    <div class=\"cv-post-right-wrap\">\r\n                                                <h2 class=\"cv-post-title\">\r\n                            <a href=\"http:\/\/nakanarach.pl\/index.php\/2026\/01\/05\/kolejna-burza-i-sztorm-na-kanarach-video\/\" target=\"_self\">\r\n                                KOLEJNA BURZA I SZTORM NA KANARACH (VIDEO)                            <\/a>\r\n                        <\/h2>\r\n                        <div class=\"cv-post-meta cv-meta-icon-show\">\r\n                            <span class=\"cv-post-date cv-post-meta-item\" itemprop=\"datePublished\"><a href=\"http:\/\/nakanarach.pl\/index.php\/2026\/01\/05\/kolejna-burza-i-sztorm-na-kanarach-video\/\">5 stycznia 2026<\/a><\/span>                        <\/div>\r\n                        <div class=\"cv-post-content\" itemprop=\"description\">WYSPY KANARYJSKIE: Burze i sztorm ponownie wr\u00f3ci\u0142y na ten hiszpa\u0144ski archipelag. Rz\u0105d Wysp Kanaryjskich, za&hellip;<\/div>                        <div class=\"cv-read-more\"><a href=http:\/\/nakanarach.pl\/index.php\/2026\/01\/05\/kolejna-burza-i-sztorm-na-kanarach-video\/>Czytaj wi\u0119cej<i class=\"fas fa-arrow-right\"><\/i><\/a><\/div>                    <\/div><!-- .cv-post-right-wrap -->\r\n                <\/article>\r\n                        <article post-id=\"post-12699\" class=\"cv-post post-format--standard\" itemscope itemtype=\"http:\/\/schema.org\/articleBody\">\r\n                    <div class=\"cv-post-left-wrap\">\r\n                        <div class=\"cv-post-thumb\">\r\n                            <a href=\"http:\/\/nakanarach.pl\/index.php\/2026\/01\/02\/chaos-na-kanaryjskim-lotnisku\/\"><img decoding=\"async\" src=\"http:\/\/nakanarach.pl\/wp-content\/uploads\/2026\/01\/Chaos-na-lotnisku_11zon-scaled.jpg\" alt=\"CHAOS NA KANARYJSKIM LOTNISKU\"\/><\/a>\r\n                        <\/div>\r\n                    <\/div><!-- .cv-post-left-wrap -->\r\n                    <div class=\"cv-post-right-wrap\">\r\n                                                <h2 class=\"cv-post-title\">\r\n                            <a href=\"http:\/\/nakanarach.pl\/index.php\/2026\/01\/02\/chaos-na-kanaryjskim-lotnisku\/\" target=\"_self\">\r\n                                CHAOS NA KANARYJSKIM LOTNISKU                            <\/a>\r\n                        <\/h2>\r\n                        <div class=\"cv-post-meta cv-meta-icon-show\">\r\n                            <span class=\"cv-post-date cv-post-meta-item\" itemprop=\"datePublished\"><a href=\"http:\/\/nakanarach.pl\/index.php\/2026\/01\/02\/chaos-na-kanaryjskim-lotnisku\/\">2 stycznia 2026<\/a><\/span>                        <\/div>\r\n                        <div class=\"cv-post-content\" itemprop=\"description\">WYSPY KANARYJSKIE: Od wielu miesi\u0119cy du\u017cy chaos panuje na kanaryjskich lotniskach. Powodem nie s\u0105 jednak&hellip;<\/div>                        <div class=\"cv-read-more\"><a href=http:\/\/nakanarach.pl\/index.php\/2026\/01\/02\/chaos-na-kanaryjskim-lotnisku\/>Czytaj wi\u0119cej<i class=\"fas fa-arrow-right\"><\/i><\/a><\/div>                    <\/div><!-- .cv-post-right-wrap -->\r\n                <\/article>\r\n                        <article post-id=\"post-7736\" class=\"cv-post post-format--standard\" itemscope itemtype=\"http:\/\/schema.org\/articleBody\">\r\n                    <div class=\"cv-post-left-wrap\">\r\n                        <div class=\"cv-post-thumb\">\r\n                            <a href=\"http:\/\/nakanarach.pl\/index.php\/2025\/12\/31\/powitanie-nowego-roku-w-hiszpanii\/\"><img decoding=\"async\" src=\"http:\/\/nakanarach.pl\/wp-content\/uploads\/2023\/06\/Noc-Swietojanska-Gran-Canaria-1-scaled.jpg\" alt=\"WINOGRONOWE POWITANIE ROKU W HISZPANII\"\/><\/a>\r\n                        <\/div>\r\n                    <\/div><!-- .cv-post-left-wrap -->\r\n                    <div class=\"cv-post-right-wrap\">\r\n                                                <h2 class=\"cv-post-title\">\r\n                            <a href=\"http:\/\/nakanarach.pl\/index.php\/2025\/12\/31\/powitanie-nowego-roku-w-hiszpanii\/\" target=\"_self\">\r\n                                WINOGRONOWE POWITANIE ROKU W HISZPANII                            <\/a>\r\n                        <\/h2>\r\n                        <div class=\"cv-post-meta cv-meta-icon-show\">\r\n                            <span class=\"cv-post-date cv-post-meta-item\" itemprop=\"datePublished\"><a href=\"http:\/\/nakanarach.pl\/index.php\/2025\/12\/31\/powitanie-nowego-roku-w-hiszpanii\/\">31 grudnia 2025<\/a><\/span>                        <\/div>\r\n                        <div class=\"cv-post-content\" itemprop=\"description\">HISZPANIA: Ten iberyjski kraj to jeden z g\u0142\u00f3wnych na \u015bwiecie, w kt\u00f3rym uprawia si\u0119 najwi\u0119cej&hellip;<\/div>                        <div class=\"cv-read-more\"><a href=http:\/\/nakanarach.pl\/index.php\/2025\/12\/31\/powitanie-nowego-roku-w-hiszpanii\/>Czytaj wi\u0119cej<i class=\"fas fa-arrow-right\"><\/i><\/a><\/div>                    <\/div><!-- .cv-post-right-wrap -->\r\n                <\/article>\r\n                        <article post-id=\"post-12674\" class=\"cv-post post-format--standard\" itemscope itemtype=\"http:\/\/schema.org\/articleBody\">\r\n                    <div class=\"cv-post-left-wrap\">\r\n                        <div class=\"cv-post-thumb\">\r\n                            <a href=\"http:\/\/nakanarach.pl\/index.php\/2025\/12\/30\/tornado-turbulencje-i-trzesienia-ziemi\/\"><img decoding=\"async\" src=\"http:\/\/nakanarach.pl\/wp-content\/uploads\/2023\/05\/Gran-Canaria-Wulkan-z-gory.jpeg\" alt=\"TORNADO, TURBULENCJE I TRZ\u0118SIENIA ZIEMI\"\/><\/a>\r\n                        <\/div>\r\n                    <\/div><!-- .cv-post-left-wrap -->\r\n                    <div class=\"cv-post-right-wrap\">\r\n                                                <h2 class=\"cv-post-title\">\r\n                            <a href=\"http:\/\/nakanarach.pl\/index.php\/2025\/12\/30\/tornado-turbulencje-i-trzesienia-ziemi\/\" target=\"_self\">\r\n                                TORNADO, TURBULENCJE I TRZ\u0118SIENIA ZIEMI                            <\/a>\r\n                        <\/h2>\r\n                        <div class=\"cv-post-meta cv-meta-icon-show\">\r\n                            <span class=\"cv-post-date cv-post-meta-item\" itemprop=\"datePublished\"><a href=\"http:\/\/nakanarach.pl\/index.php\/2025\/12\/30\/tornado-turbulencje-i-trzesienia-ziemi\/\">30 grudnia 2025<\/a><\/span>                        <\/div>\r\n                        <div class=\"cv-post-content\" itemprop=\"description\">HISZPANIA\/WYSPY KANARYJSKIE: Ostatnie dni starego roku up\u0142ywaj\u0105 na po\u0142udniu kontynentalnej Hiszpanii pod znakiem silnych burz,&hellip;<\/div>                        <div class=\"cv-read-more\"><a href=http:\/\/nakanarach.pl\/index.php\/2025\/12\/30\/tornado-turbulencje-i-trzesienia-ziemi\/>Czytaj wi\u0119cej<i class=\"fas fa-arrow-right\"><\/i><\/a><\/div>                    <\/div><!-- .cv-post-right-wrap -->\r\n                <\/article>\r\n                        <article post-id=\"post-12654\" class=\"cv-post post-format--standard\" itemscope itemtype=\"http:\/\/schema.org\/articleBody\">\r\n                    <div class=\"cv-post-left-wrap\">\r\n                        <div class=\"cv-post-thumb\">\r\n                            <a href=\"http:\/\/nakanarach.pl\/index.php\/2025\/12\/29\/niebezpieczne-zachowania-turystow-video\/\"><img decoding=\"async\" src=\"http:\/\/nakanarach.pl\/wp-content\/uploads\/2025\/12\/Bojka-w-Masca.jpg\" alt=\"NIEBEZPIECZNE ZACHOWANIA TURYST\u00d3W (VIDEO)\"\/><\/a>\r\n                        <\/div>\r\n                    <\/div><!-- .cv-post-left-wrap -->\r\n                    <div class=\"cv-post-right-wrap\">\r\n                                                <h2 class=\"cv-post-title\">\r\n                            <a href=\"http:\/\/nakanarach.pl\/index.php\/2025\/12\/29\/niebezpieczne-zachowania-turystow-video\/\" target=\"_self\">\r\n                                NIEBEZPIECZNE ZACHOWANIA TURYST\u00d3W (VIDEO)                            <\/a>\r\n                        <\/h2>\r\n                        <div class=\"cv-post-meta cv-meta-icon-show\">\r\n                            <span class=\"cv-post-date cv-post-meta-item\" itemprop=\"datePublished\"><a href=\"http:\/\/nakanarach.pl\/index.php\/2025\/12\/29\/niebezpieczne-zachowania-turystow-video\/\">29 grudnia 2025<\/a><\/span>                        <\/div>\r\n                        <div class=\"cv-post-content\" itemprop=\"description\">TENERYFA: W mediach spo\u0142eczno\u015bciowych kolejne nagrania z negatywnych zachowa\u0144 turyst\u00f3w wywo\u0142a\u0142y du\u017c\u0105 krytyk\u0119 po tym,&hellip;<\/div>                        <div class=\"cv-read-more\"><a href=http:\/\/nakanarach.pl\/index.php\/2025\/12\/29\/niebezpieczne-zachowania-turystow-video\/>Czytaj wi\u0119cej<i class=\"fas fa-arrow-right\"><\/i><\/a><\/div>                    <\/div><!-- .cv-post-right-wrap -->\r\n                <\/article>\r\n                        <article post-id=\"post-3534\" class=\"cv-post post-format--standard\" itemscope itemtype=\"http:\/\/schema.org\/articleBody\">\r\n                    <div class=\"cv-post-left-wrap\">\r\n                        <div class=\"cv-post-thumb\">\r\n                            <a href=\"http:\/\/nakanarach.pl\/index.php\/2025\/12\/24\/zwyczaje-swiateczne\/\"><img decoding=\"async\" src=\"http:\/\/nakanarach.pl\/wp-content\/uploads\/2023\/12\/Ozdoby-swiateczne-1-scaled.jpg\" alt=\"ZWYCZAJE \u015aWI\u0104TECZNE W HISZPANII (VIDEO)\"\/><\/a>\r\n                        <\/div>\r\n                    <\/div><!-- .cv-post-left-wrap -->\r\n                    <div class=\"cv-post-right-wrap\">\r\n                                                <h2 class=\"cv-post-title\">\r\n                            <a href=\"http:\/\/nakanarach.pl\/index.php\/2025\/12\/24\/zwyczaje-swiateczne\/\" target=\"_self\">\r\n                                ZWYCZAJE \u015aWI\u0104TECZNE W HISZPANII (VIDEO)                            <\/a>\r\n                        <\/h2>\r\n                        <div class=\"cv-post-meta cv-meta-icon-show\">\r\n                            <span class=\"cv-post-date cv-post-meta-item\" itemprop=\"datePublished\"><a href=\"http:\/\/nakanarach.pl\/index.php\/2025\/12\/24\/zwyczaje-swiateczne\/\">24 grudnia 2025<\/a><\/span>                        <\/div>\r\n                        <div class=\"cv-post-content\" itemprop=\"description\">HISZPANIA\/WYSPY KANARYJSKIE: Rekordowy i najwi\u0119kszy na \u015bwiecie turron, kt\u00f3ry jest traktowany jak op\u0142atek w Polsce,&hellip;<\/div>                        <div class=\"cv-read-more\"><a href=http:\/\/nakanarach.pl\/index.php\/2025\/12\/24\/zwyczaje-swiateczne\/>Czytaj wi\u0119cej<i class=\"fas fa-arrow-right\"><\/i><\/a><\/div>                    <\/div><!-- .cv-post-right-wrap -->\r\n                <\/article>\r\n                        <article post-id=\"post-12534\" class=\"cv-post post-format--standard\" itemscope itemtype=\"http:\/\/schema.org\/articleBody\">\r\n                    <div class=\"cv-post-left-wrap\">\r\n                        <div class=\"cv-post-thumb\">\r\n                            <a href=\"http:\/\/nakanarach.pl\/index.php\/2025\/12\/23\/oszustwa-w-hotelowym-klubie-nocnym\/\"><img decoding=\"async\" src=\"http:\/\/nakanarach.pl\/wp-content\/uploads\/2021\/06\/Policia-Nacional.jpg\" alt=\"OSZUSTWA W HOTELOWYM KLUBIE NOCNYM\"\/><\/a>\r\n                        <\/div>\r\n                    <\/div><!-- .cv-post-left-wrap -->\r\n                    <div class=\"cv-post-right-wrap\">\r\n                                                <h2 class=\"cv-post-title\">\r\n                            <a href=\"http:\/\/nakanarach.pl\/index.php\/2025\/12\/23\/oszustwa-w-hotelowym-klubie-nocnym\/\" target=\"_self\">\r\n                                OSZUSTWA W HOTELOWYM KLUBIE NOCNYM                            <\/a>\r\n                        <\/h2>\r\n                        <div class=\"cv-post-meta cv-meta-icon-show\">\r\n                            <span class=\"cv-post-date cv-post-meta-item\" itemprop=\"datePublished\"><a href=\"http:\/\/nakanarach.pl\/index.php\/2025\/12\/23\/oszustwa-w-hotelowym-klubie-nocnym\/\">23 grudnia 2025<\/a><\/span>                        <\/div>\r\n                        <div class=\"cv-post-content\" itemprop=\"description\">TENERYFA: Policja krajowa zatrzyma\u0142a dw\u00f3ch pracownik\u00f3w hotelu w popularnym kurorcie turystycznym na Teneryfie po tym,&hellip;<\/div>                        <div class=\"cv-read-more\"><a href=http:\/\/nakanarach.pl\/index.php\/2025\/12\/23\/oszustwa-w-hotelowym-klubie-nocnym\/>Czytaj wi\u0119cej<i class=\"fas fa-arrow-right\"><\/i><\/a><\/div>                    <\/div><!-- .cv-post-right-wrap -->\r\n                <\/article>\r\n                        <article post-id=\"post-3523\" class=\"cv-post post-format--standard\" itemscope itemtype=\"http:\/\/schema.org\/articleBody\">\r\n                    <div class=\"cv-post-left-wrap\">\r\n                        <div class=\"cv-post-thumb\">\r\n                            <a href=\"http:\/\/nakanarach.pl\/index.php\/2025\/12\/22\/loteria-zaczela-okres-swiateczny\/\"><img decoding=\"async\" src=\"http:\/\/nakanarach.pl\/wp-content\/uploads\/2025\/12\/Loteria-de-Navidad-FB.jpg\" alt=\"LOTERIA Z &#8222;T\u0141U\u015aCIOCHEM&#8221; ZACZ\u0118\u0141A OKRES \u015aWI\u0104TECZNY\"\/><\/a>\r\n                        <\/div>\r\n                    <\/div><!-- .cv-post-left-wrap -->\r\n                    <div class=\"cv-post-right-wrap\">\r\n                                                <h2 class=\"cv-post-title\">\r\n                            <a href=\"http:\/\/nakanarach.pl\/index.php\/2025\/12\/22\/loteria-zaczela-okres-swiateczny\/\" target=\"_self\">\r\n                                LOTERIA Z &#8222;T\u0141U\u015aCIOCHEM&#8221; ZACZ\u0118\u0141A OKRES \u015aWI\u0104TECZNY                            <\/a>\r\n                        <\/h2>\r\n                        <div class=\"cv-post-meta cv-meta-icon-show\">\r\n                            <span class=\"cv-post-date cv-post-meta-item\" itemprop=\"datePublished\"><a href=\"http:\/\/nakanarach.pl\/index.php\/2025\/12\/22\/loteria-zaczela-okres-swiateczny\/\">22 grudnia 2025<\/a><\/span>                        <\/div>\r\n                        <div class=\"cv-post-content\" itemprop=\"description\">HISZPANIA: Dla wi\u0119koszo\u015bci Hiszpan\u00f3w \u015bwi\u0119ta zaczynaj\u0105 si\u0119 od&#8230; narodowej loterii \u015bwi\u0105tecznej, nazywanej potocznie jako El&hellip;<\/div>                        <div class=\"cv-read-more\"><a href=http:\/\/nakanarach.pl\/index.php\/2025\/12\/22\/loteria-zaczela-okres-swiateczny\/>Czytaj wi\u0119cej<i class=\"fas fa-arrow-right\"><\/i><\/a><\/div>                    <\/div><!-- .cv-post-right-wrap -->\r\n                <\/article>\r\n                        <article post-id=\"post-12506\" class=\"cv-post post-format--standard\" itemscope itemtype=\"http:\/\/schema.org\/articleBody\">\r\n                    <div class=\"cv-post-left-wrap\">\r\n                        <div class=\"cv-post-thumb\">\r\n                            <a href=\"http:\/\/nakanarach.pl\/index.php\/2025\/12\/19\/gigantyczna-kara-za-nielegalne-reklamy-wynajmu-wakacyjnego\/\"><img decoding=\"async\" src=\"http:\/\/nakanarach.pl\/wp-content\/uploads\/2025\/09\/Vivienda-Vacacional-neutral-tablica_11zon-scaled.jpg\" alt=\"GIGANTYCZNA KARA ZA NIELEGALNE REKLAMY WYNAJMU WAKACYJNEGO\"\/><\/a>\r\n                        <\/div>\r\n                    <\/div><!-- .cv-post-left-wrap -->\r\n                    <div class=\"cv-post-right-wrap\">\r\n                                                <h2 class=\"cv-post-title\">\r\n                            <a href=\"http:\/\/nakanarach.pl\/index.php\/2025\/12\/19\/gigantyczna-kara-za-nielegalne-reklamy-wynajmu-wakacyjnego\/\" target=\"_self\">\r\n                                GIGANTYCZNA KARA ZA NIELEGALNE REKLAMY WYNAJMU WAKACYJNEGO                            <\/a>\r\n                        <\/h2>\r\n                        <div class=\"cv-post-meta cv-meta-icon-show\">\r\n                            <span class=\"cv-post-date cv-post-meta-item\" itemprop=\"datePublished\"><a href=\"http:\/\/nakanarach.pl\/index.php\/2025\/12\/19\/gigantyczna-kara-za-nielegalne-reklamy-wynajmu-wakacyjnego\/\">19 grudnia 2025<\/a><\/span>                        <\/div>\r\n                        <div class=\"cv-post-content\" itemprop=\"description\">HISZPANIA: Olbrzymi\u0105 kar\u0119 na jedn\u0105 z najwi\u0119kszych \u015bwiatowych platform rezerwacyjnych na\u0142o\u017cy\u0142o hiszpa\u0144skie Ministerstwo Spraw Spo\u0142ecznych&hellip;<\/div>                        <div class=\"cv-read-more\"><a href=http:\/\/nakanarach.pl\/index.php\/2025\/12\/19\/gigantyczna-kara-za-nielegalne-reklamy-wynajmu-wakacyjnego\/>Czytaj wi\u0119cej<i class=\"fas fa-arrow-right\"><\/i><\/a><\/div>                    <\/div><!-- .cv-post-right-wrap -->\r\n                <\/article>\r\n                        <article post-id=\"post-12536\" class=\"cv-post post-format--standard\" itemscope itemtype=\"http:\/\/schema.org\/articleBody\">\r\n                    <div class=\"cv-post-left-wrap\">\r\n                        <div class=\"cv-post-thumb\">\r\n                            <a href=\"http:\/\/nakanarach.pl\/index.php\/2025\/12\/18\/masowo-ruszyli-zobaczyc-snieg-sa-ograniczenia\/\"><img decoding=\"async\" src=\"http:\/\/nakanarach.pl\/wp-content\/uploads\/2025\/12\/Snieg-Teneryfa-0-Cabildo-de-Tenerife.jpg\" alt=\"MASOWO RUSZYLI ZOBACZY\u0106 \u015aNIEG, S\u0104 OGRANICZENIA DLA TURYST\u00d3W (VIDEO)\"\/><\/a>\r\n                        <\/div>\r\n                    <\/div><!-- .cv-post-left-wrap -->\r\n                    <div class=\"cv-post-right-wrap\">\r\n                                                <h2 class=\"cv-post-title\">\r\n                            <a href=\"http:\/\/nakanarach.pl\/index.php\/2025\/12\/18\/masowo-ruszyli-zobaczyc-snieg-sa-ograniczenia\/\" target=\"_self\">\r\n                                MASOWO RUSZYLI ZOBACZY\u0106 \u015aNIEG, S\u0104 OGRANICZENIA DLA TURYST\u00d3W (VIDEO)                            <\/a>\r\n                        <\/h2>\r\n                        <div class=\"cv-post-meta cv-meta-icon-show\">\r\n                            <span class=\"cv-post-date cv-post-meta-item\" itemprop=\"datePublished\"><a href=\"http:\/\/nakanarach.pl\/index.php\/2025\/12\/18\/masowo-ruszyli-zobaczyc-snieg-sa-ograniczenia\/\">18 grudnia 2025<\/a><\/span>                        <\/div>\r\n                        <div class=\"cv-post-content\" itemprop=\"description\">TENERYFA: Mieszka\u0144cy najwi\u0119kszej kanaryjskiej wyspy oraz wczasowicze masowo ruszyli na najwy\u017cszy szczyt w Hiszpanii, aby&hellip;<\/div>                        <div class=\"cv-read-more\"><a href=http:\/\/nakanarach.pl\/index.php\/2025\/12\/18\/masowo-ruszyli-zobaczyc-snieg-sa-ograniczenia\/>Czytaj wi\u0119cej<i class=\"fas fa-arrow-right\"><\/i><\/a><\/div>                    <\/div><!-- .cv-post-right-wrap -->\r\n                <\/article>\r\n                        <article post-id=\"post-12520\" class=\"cv-post post-format--standard\" itemscope itemtype=\"http:\/\/schema.org\/articleBody\">\r\n                    <div class=\"cv-post-left-wrap\">\r\n                        <div class=\"cv-post-thumb\">\r\n                            <a href=\"http:\/\/nakanarach.pl\/index.php\/2025\/12\/17\/alarmujace-dane-o-utonieciach-na-kanarach-video\/\"><img decoding=\"async\" src=\"http:\/\/nakanarach.pl\/wp-content\/uploads\/2025\/12\/Plaza-Playa-del-ingles-1-scaled.jpg\" alt=\"ALARMUJ\u0104CE DANE O UTONI\u0118CIACH NA KANARACH (VIDEO)\"\/><\/a>\r\n                        <\/div>\r\n                    <\/div><!-- .cv-post-left-wrap -->\r\n                    <div class=\"cv-post-right-wrap\">\r\n                                                <h2 class=\"cv-post-title\">\r\n                            <a href=\"http:\/\/nakanarach.pl\/index.php\/2025\/12\/17\/alarmujace-dane-o-utonieciach-na-kanarach-video\/\" target=\"_self\">\r\n                                ALARMUJ\u0104CE DANE O UTONI\u0118CIACH NA KANARACH (VIDEO)                            <\/a>\r\n                        <\/h2>\r\n                        <div class=\"cv-post-meta cv-meta-icon-show\">\r\n                            <span class=\"cv-post-date cv-post-meta-item\" itemprop=\"datePublished\"><a href=\"http:\/\/nakanarach.pl\/index.php\/2025\/12\/17\/alarmujace-dane-o-utonieciach-na-kanarach-video\/\">17 grudnia 2025<\/a><\/span>                        <\/div>\r\n                        <div class=\"cv-post-content\" itemprop=\"description\">WYSPY KANARYJSKIE: Ju\u017c 60 os\u00f3b uton\u0119\u0142o w 2025 r. w Oceanie Atlantyckim u wybrze\u017cy tego&hellip;<\/div>                        <div class=\"cv-read-more\"><a href=http:\/\/nakanarach.pl\/index.php\/2025\/12\/17\/alarmujace-dane-o-utonieciach-na-kanarach-video\/>Czytaj wi\u0119cej<i class=\"fas fa-arrow-right\"><\/i><\/a><\/div>                    <\/div><!-- .cv-post-right-wrap -->\r\n                <\/article>\r\n                        <article post-id=\"post-12475\" class=\"cv-post post-format--standard\" itemscope itemtype=\"http:\/\/schema.org\/articleBody\">\r\n                    <div class=\"cv-post-left-wrap\">\r\n                        <div class=\"cv-post-thumb\">\r\n                            <a href=\"http:\/\/nakanarach.pl\/index.php\/2025\/12\/16\/uratowali-i-otworzyli-najwieksza-szopke-z-piasku\/\"><img decoding=\"async\" src=\"http:\/\/nakanarach.pl\/wp-content\/uploads\/2025\/12\/Szopka-0-Las-Palmas-Me-Playa-de-las-Canteras.jpg\" alt=\"URATOWALI I OTWORZYLI NAJWI\u0118KSZ\u0104 SZOPK\u0118 Z PIASKU\"\/><\/a>\r\n                        <\/div>\r\n                    <\/div><!-- .cv-post-left-wrap -->\r\n                    <div class=\"cv-post-right-wrap\">\r\n                                                <h2 class=\"cv-post-title\">\r\n                            <a href=\"http:\/\/nakanarach.pl\/index.php\/2025\/12\/16\/uratowali-i-otworzyli-najwieksza-szopke-z-piasku\/\" target=\"_self\">\r\n                                URATOWALI I OTWORZYLI NAJWI\u0118KSZ\u0104 SZOPK\u0118 Z PIASKU                            <\/a>\r\n                        <\/h2>\r\n                        <div class=\"cv-post-meta cv-meta-icon-show\">\r\n                            <span class=\"cv-post-date cv-post-meta-item\" itemprop=\"datePublished\"><a href=\"http:\/\/nakanarach.pl\/index.php\/2025\/12\/16\/uratowali-i-otworzyli-najwieksza-szopke-z-piasku\/\">16 grudnia 2025<\/a><\/span>                        <\/div>\r\n                        <div class=\"cv-post-content\" itemprop=\"description\">HISZPANIA\/GRAN CANARIA: W kontynentalnej Hiszpanii mo\u017cna ogl\u0105da\u0107 zapieraj\u0105ce dech w piersiach: najwy\u017csz\u0105 szopk\u0119 na \u015bwiecie&hellip;<\/div>                        <div class=\"cv-read-more\"><a href=http:\/\/nakanarach.pl\/index.php\/2025\/12\/16\/uratowali-i-otworzyli-najwieksza-szopke-z-piasku\/>Czytaj wi\u0119cej<i class=\"fas fa-arrow-right\"><\/i><\/a><\/div>                    <\/div><!-- .cv-post-right-wrap -->\r\n                <\/article>\r\n                        <article post-id=\"post-12442\" class=\"cv-post post-format--standard\" itemscope itemtype=\"http:\/\/schema.org\/articleBody\">\r\n                    <div class=\"cv-post-left-wrap\">\r\n                        <div class=\"cv-post-thumb\">\r\n                            <a href=\"http:\/\/nakanarach.pl\/index.php\/2025\/12\/15\/rozpedzony-autobus-wjechal-w-auta\/\"><img decoding=\"async\" src=\"http:\/\/nakanarach.pl\/wp-content\/uploads\/2025\/12\/Autobus-0-FB-Bomberos-La-Oliva.jpg\" alt=\"ROZP\u0118DZONY AUTOBUS WJECHA\u0141 W AUTA\"\/><\/a>\r\n                        <\/div>\r\n                    <\/div><!-- .cv-post-left-wrap -->\r\n                    <div class=\"cv-post-right-wrap\">\r\n                                                <h2 class=\"cv-post-title\">\r\n                            <a href=\"http:\/\/nakanarach.pl\/index.php\/2025\/12\/15\/rozpedzony-autobus-wjechal-w-auta\/\" target=\"_self\">\r\n                                ROZP\u0118DZONY AUTOBUS WJECHA\u0141 W AUTA                            <\/a>\r\n                        <\/h2>\r\n                        <div class=\"cv-post-meta cv-meta-icon-show\">\r\n                            <span class=\"cv-post-date cv-post-meta-item\" itemprop=\"datePublished\"><a href=\"http:\/\/nakanarach.pl\/index.php\/2025\/12\/15\/rozpedzony-autobus-wjechal-w-auta\/\">15 grudnia 2025<\/a><\/span>                        <\/div>\r\n                        <div class=\"cv-post-content\" itemprop=\"description\">FUERTEVENTURA: Dramatyczne sceny rozegra\u0142y si\u0119 w jednym z najpopularniejszych kurort\u00f3w turystycznych na Fuerteventurze. Rozp\u0119dzony autobus&hellip;<\/div>                        <div class=\"cv-read-more\"><a href=http:\/\/nakanarach.pl\/index.php\/2025\/12\/15\/rozpedzony-autobus-wjechal-w-auta\/>Czytaj wi\u0119cej<i class=\"fas fa-arrow-right\"><\/i><\/a><\/div>                    <\/div><!-- .cv-post-right-wrap -->\r\n                <\/article>\r\n                        <article post-id=\"post-12422\" class=\"cv-post post-format--standard\" itemscope itemtype=\"http:\/\/schema.org\/articleBody\">\r\n                    <div class=\"cv-post-left-wrap\">\r\n                        <div class=\"cv-post-thumb\">\r\n                            <a href=\"http:\/\/nakanarach.pl\/index.php\/2025\/12\/14\/ulewy-huraganowy-wiatr-i-niskie-temperatury-video\/\"><img decoding=\"async\" src=\"http:\/\/nakanarach.pl\/wp-content\/uploads\/2025\/12\/Auto-w-wawozie-Ayto-Puerto-del-Rosario.jpg\" alt=\"ULEWY, HURAGANOWY WIATR, SZTORM, \u015aNIEG I NISKIE TEMPERATURY (VIDEO)\"\/><\/a>\r\n                        <\/div>\r\n                    <\/div><!-- .cv-post-left-wrap -->\r\n                    <div class=\"cv-post-right-wrap\">\r\n                                                <h2 class=\"cv-post-title\">\r\n                            <a href=\"http:\/\/nakanarach.pl\/index.php\/2025\/12\/14\/ulewy-huraganowy-wiatr-i-niskie-temperatury-video\/\" target=\"_self\">\r\n                                ULEWY, HURAGANOWY WIATR, SZTORM, \u015aNIEG I NISKIE TEMPERATURY (VIDEO)                            <\/a>\r\n                        <\/h2>\r\n                        <div class=\"cv-post-meta cv-meta-icon-show\">\r\n                            <span class=\"cv-post-date cv-post-meta-item\" itemprop=\"datePublished\"><a href=\"http:\/\/nakanarach.pl\/index.php\/2025\/12\/14\/ulewy-huraganowy-wiatr-i-niskie-temperatury-video\/\">14 grudnia 2025<\/a><\/span>                        <\/div>\r\n                        <div class=\"cv-post-content\" itemprop=\"description\">HISZPANIA\/WYSPY KANARYJSKIE: To by\u0142 pogodowy armagedon w Hiszpanii i na Wyspach Kanaryjskich. Pot\u0119\u017cna burza Emilia&hellip;<\/div>                        <div class=\"cv-read-more\"><a href=http:\/\/nakanarach.pl\/index.php\/2025\/12\/14\/ulewy-huraganowy-wiatr-i-niskie-temperatury-video\/>Czytaj wi\u0119cej<i class=\"fas fa-arrow-right\"><\/i><\/a><\/div>                    <\/div><!-- .cv-post-right-wrap -->\r\n                <\/article>\r\n                        <article post-id=\"post-12413\" class=\"cv-post post-format--standard\" itemscope itemtype=\"http:\/\/schema.org\/articleBody\">\r\n                    <div class=\"cv-post-left-wrap\">\r\n                        <div class=\"cv-post-thumb\">\r\n                            <a href=\"http:\/\/nakanarach.pl\/index.php\/2025\/12\/13\/burza-i-huragan-nad-polwyspem-iberyjskim-i-wyspami-kanaryjskimi-video\/\"><img decoding=\"async\" src=\"http:\/\/nakanarach.pl\/wp-content\/uploads\/2025\/12\/Palma-spadla-na-auta-Ayto-Telde.jpg\" alt=\"BURZA I HURAGAN NAD P\u00d3\u0141WYSPEM IBERYJSKIM I WYSPAMI KANARYJSKIMI (VIDEO)\"\/><\/a>\r\n                        <\/div>\r\n                    <\/div><!-- .cv-post-left-wrap -->\r\n                    <div class=\"cv-post-right-wrap\">\r\n                                                <h2 class=\"cv-post-title\">\r\n                            <a href=\"http:\/\/nakanarach.pl\/index.php\/2025\/12\/13\/burza-i-huragan-nad-polwyspem-iberyjskim-i-wyspami-kanaryjskimi-video\/\" target=\"_self\">\r\n                                BURZA I HURAGAN NAD P\u00d3\u0141WYSPEM IBERYJSKIM I WYSPAMI KANARYJSKIMI (VIDEO)                            <\/a>\r\n                        <\/h2>\r\n                        <div class=\"cv-post-meta cv-meta-icon-show\">\r\n                            <span class=\"cv-post-date cv-post-meta-item\" itemprop=\"datePublished\"><a href=\"http:\/\/nakanarach.pl\/index.php\/2025\/12\/13\/burza-i-huragan-nad-polwyspem-iberyjskim-i-wyspami-kanaryjskimi-video\/\">13 grudnia 2025<\/a><\/span>                        <\/div>\r\n                        <div class=\"cv-post-content\" itemprop=\"description\">HISZPANIA\/WYSPY KANARYJSKIE: Nad kontynentaln\u0105 Hiszpani\u0105 i oddalonymi od niej o ok. 1500 km Wyspach Kanaryjskich&hellip;<\/div>                        <div class=\"cv-read-more\"><a href=http:\/\/nakanarach.pl\/index.php\/2025\/12\/13\/burza-i-huragan-nad-polwyspem-iberyjskim-i-wyspami-kanaryjskimi-video\/>Czytaj wi\u0119cej<i class=\"fas fa-arrow-right\"><\/i><\/a><\/div>                    <\/div><!-- .cv-post-right-wrap -->\r\n                <\/article>\r\n                        <article post-id=\"post-12323\" class=\"cv-post post-format--standard\" itemscope itemtype=\"http:\/\/schema.org\/articleBody\">\r\n                    <div class=\"cv-post-left-wrap\">\r\n                        <div class=\"cv-post-thumb\">\r\n                            <a href=\"http:\/\/nakanarach.pl\/index.php\/2025\/12\/12\/dzikich-lokatorow-usinieto-z-hotelu-i-domu-video\/\"><img decoding=\"async\" src=\"http:\/\/nakanarach.pl\/wp-content\/uploads\/2025\/12\/Teneryfa-Hotel-Calao-Sport-Dewastacja-RTVC.webp\" alt=\"DZIKICH LOKATOR\u00d3W USUNI\u0118TO Z HOTELU I DOMU (VIDEO)\"\/><\/a>\r\n                        <\/div>\r\n                    <\/div><!-- .cv-post-left-wrap -->\r\n                    <div class=\"cv-post-right-wrap\">\r\n                                                <h2 class=\"cv-post-title\">\r\n                            <a href=\"http:\/\/nakanarach.pl\/index.php\/2025\/12\/12\/dzikich-lokatorow-usinieto-z-hotelu-i-domu-video\/\" target=\"_self\">\r\n                                DZIKICH LOKATOR\u00d3W USUNI\u0118TO Z HOTELU I DOMU (VIDEO)                            <\/a>\r\n                        <\/h2>\r\n                        <div class=\"cv-post-meta cv-meta-icon-show\">\r\n                            <span class=\"cv-post-date cv-post-meta-item\" itemprop=\"datePublished\"><a href=\"http:\/\/nakanarach.pl\/index.php\/2025\/12\/12\/dzikich-lokatorow-usinieto-z-hotelu-i-domu-video\/\">12 grudnia 2025<\/a><\/span>                        <\/div>\r\n                        <div class=\"cv-post-content\" itemprop=\"description\">TENERYFA: Prawie 300 dzikich lokatr\u00f3w &#8211; niemal po roku stara\u0144 w\u0142a\u015bcicieli &#8211; wyprowadzi\u0142o si\u0119 z&hellip;<\/div>                        <div class=\"cv-read-more\"><a href=http:\/\/nakanarach.pl\/index.php\/2025\/12\/12\/dzikich-lokatorow-usinieto-z-hotelu-i-domu-video\/>Czytaj wi\u0119cej<i class=\"fas fa-arrow-right\"><\/i><\/a><\/div>                    <\/div><!-- .cv-post-right-wrap -->\r\n                <\/article>\r\n                        <article post-id=\"post-12371\" class=\"cv-post post-format--standard\" itemscope itemtype=\"http:\/\/schema.org\/articleBody\">\r\n                    <div class=\"cv-post-left-wrap\">\r\n                        <div class=\"cv-post-thumb\">\r\n                            <a href=\"http:\/\/nakanarach.pl\/index.php\/2025\/12\/11\/alert-na-kanarach-deszcz-wiatr-i-snieg\/\"><img decoding=\"async\" src=\"http:\/\/nakanarach.pl\/wp-content\/uploads\/2025\/12\/Teneryfa-Gran-Canaria-chmury-samolot_11zon-scaled.jpg\" alt=\"POT\u0118\u017bNA BURZA, DESZCZ, WIATR I \u015aNIEG ZBLI\u017bAJ\u0104 SI\u0118 DO KANAR\u00d3W (VIDEO)\"\/><\/a>\r\n                        <\/div>\r\n                    <\/div><!-- .cv-post-left-wrap -->\r\n                    <div class=\"cv-post-right-wrap\">\r\n                                                <h2 class=\"cv-post-title\">\r\n                            <a href=\"http:\/\/nakanarach.pl\/index.php\/2025\/12\/11\/alert-na-kanarach-deszcz-wiatr-i-snieg\/\" target=\"_self\">\r\n                                POT\u0118\u017bNA BURZA, DESZCZ, WIATR I \u015aNIEG ZBLI\u017bAJ\u0104 SI\u0118 DO KANAR\u00d3W (VIDEO)                            <\/a>\r\n                        <\/h2>\r\n                        <div class=\"cv-post-meta cv-meta-icon-show\">\r\n                            <span class=\"cv-post-date cv-post-meta-item\" itemprop=\"datePublished\"><a href=\"http:\/\/nakanarach.pl\/index.php\/2025\/12\/11\/alert-na-kanarach-deszcz-wiatr-i-snieg\/\">11 grudnia 2025<\/a><\/span>                        <\/div>\r\n                        <div class=\"cv-post-content\" itemprop=\"description\">HISZPANIA\/WYSPY KANARYJSKIE: W niekt\u00f3rych rejonach tego rajskiego archipelagu deszcz zdarza si\u0119 zaledwie kilkana\u015bcie razy w&hellip;<\/div>                        <div class=\"cv-read-more\"><a href=http:\/\/nakanarach.pl\/index.php\/2025\/12\/11\/alert-na-kanarach-deszcz-wiatr-i-snieg\/>Czytaj wi\u0119cej<i class=\"fas fa-arrow-right\"><\/i><\/a><\/div>                    <\/div><!-- .cv-post-right-wrap -->\r\n                <\/article>\r\n                        <article post-id=\"post-12341\" class=\"cv-post post-format--standard\" itemscope itemtype=\"http:\/\/schema.org\/articleBody\">\r\n                    <div class=\"cv-post-left-wrap\">\r\n                        <div class=\"cv-post-thumb\">\r\n                            <a href=\"http:\/\/nakanarach.pl\/index.php\/2025\/12\/10\/przewodnicy-ostrzegaja-przed-kieszonkowcami\/\"><img decoding=\"async\" src=\"http:\/\/nakanarach.pl\/wp-content\/uploads\/2021\/04\/170586709_449734212752356_7277649653735234258_n.jpg\" alt=\"PRZEWODNICY OSTRZEGAJ\u0104 PRZED KIESZONKOWCAMI\"\/><\/a>\r\n                        <\/div>\r\n                    <\/div><!-- .cv-post-left-wrap -->\r\n                    <div class=\"cv-post-right-wrap\">\r\n                                                <h2 class=\"cv-post-title\">\r\n                            <a href=\"http:\/\/nakanarach.pl\/index.php\/2025\/12\/10\/przewodnicy-ostrzegaja-przed-kieszonkowcami\/\" target=\"_self\">\r\n                                PRZEWODNICY OSTRZEGAJ\u0104 PRZED KIESZONKOWCAMI                            <\/a>\r\n                        <\/h2>\r\n                        <div class=\"cv-post-meta cv-meta-icon-show\">\r\n                            <span class=\"cv-post-date cv-post-meta-item\" itemprop=\"datePublished\"><a href=\"http:\/\/nakanarach.pl\/index.php\/2025\/12\/10\/przewodnicy-ostrzegaja-przed-kieszonkowcami\/\">10 grudnia 2025<\/a><\/span>                        <\/div>\r\n                        <div class=\"cv-post-content\" itemprop=\"description\">GRAN CANARIA: Przewodnicy turystyczni po Gran Canarii wydali ostrze\u017cenie przed wzrostem liczby kradzie\u017cy kieszonkowych w&hellip;<\/div>                        <div class=\"cv-read-more\"><a href=http:\/\/nakanarach.pl\/index.php\/2025\/12\/10\/przewodnicy-ostrzegaja-przed-kieszonkowcami\/>Czytaj wi\u0119cej<i class=\"fas fa-arrow-right\"><\/i><\/a><\/div>                    <\/div><!-- .cv-post-right-wrap -->\r\n                <\/article>\r\n                        <article post-id=\"post-12345\" class=\"cv-post post-format--standard\" itemscope itemtype=\"http:\/\/schema.org\/articleBody\">\r\n                    <div class=\"cv-post-left-wrap\">\r\n                        <div class=\"cv-post-thumb\">\r\n                            <a href=\"http:\/\/nakanarach.pl\/index.php\/2025\/12\/09\/niebezpieczne-fale-znow-porwaly-turystow-video\/\"><img decoding=\"async\" src=\"http:\/\/nakanarach.pl\/wp-content\/uploads\/2025\/03\/Naturalny-basen-Teneryfa-Fot.-GES-Canarias.jpg\" alt=\"NIEBEZPIECZNE FALE ZN\u00d3W PORWA\u0141Y TURYST\u00d3W (VIDEO)\"\/><\/a>\r\n                        <\/div>\r\n                    <\/div><!-- .cv-post-left-wrap -->\r\n                    <div class=\"cv-post-right-wrap\">\r\n                                                <h2 class=\"cv-post-title\">\r\n                            <a href=\"http:\/\/nakanarach.pl\/index.php\/2025\/12\/09\/niebezpieczne-fale-znow-porwaly-turystow-video\/\" target=\"_self\">\r\n                                NIEBEZPIECZNE FALE ZN\u00d3W PORWA\u0141Y TURYST\u00d3W (VIDEO)                            <\/a>\r\n                        <\/h2>\r\n                        <div class=\"cv-post-meta cv-meta-icon-show\">\r\n                            <span class=\"cv-post-date cv-post-meta-item\" itemprop=\"datePublished\"><a href=\"http:\/\/nakanarach.pl\/index.php\/2025\/12\/09\/niebezpieczne-fale-znow-porwaly-turystow-video\/\">9 grudnia 2025<\/a><\/span>                        <\/div>\r\n                        <div class=\"cv-post-content\" itemprop=\"description\">TENERYFA\/LANZAROTE: Na Wyspach Kanaryjskich nadal obowi\u0105zuje stan alertu na Oceanie Atlantyckim, a fale si\u0119gaj\u0105 podczas&hellip;<\/div>                        <div class=\"cv-read-more\"><a href=http:\/\/nakanarach.pl\/index.php\/2025\/12\/09\/niebezpieczne-fale-znow-porwaly-turystow-video\/>Czytaj wi\u0119cej<i class=\"fas fa-arrow-right\"><\/i><\/a><\/div>                    <\/div><!-- .cv-post-right-wrap -->\r\n                <\/article>\r\n                        <article post-id=\"post-11890\" class=\"cv-post post-format--standard\" itemscope itemtype=\"http:\/\/schema.org\/articleBody\">\r\n                    <div class=\"cv-post-left-wrap\">\r\n                        <div class=\"cv-post-thumb\">\r\n                            <a href=\"http:\/\/nakanarach.pl\/index.php\/2025\/12\/08\/rowerem-po-hiszpanii-i-na-kanarach\/\"><img decoding=\"async\" src=\"http:\/\/nakanarach.pl\/wp-content\/uploads\/2025\/12\/Rowerzysci-dwaj-1-scaled.jpg\" alt=\"ROWEREM PO HISZPANII I NA KANARACH (VIDEO)\"\/><\/a>\r\n                        <\/div>\r\n                    <\/div><!-- .cv-post-left-wrap -->\r\n                    <div class=\"cv-post-right-wrap\">\r\n                                                <h2 class=\"cv-post-title\">\r\n                            <a href=\"http:\/\/nakanarach.pl\/index.php\/2025\/12\/08\/rowerem-po-hiszpanii-i-na-kanarach\/\" target=\"_self\">\r\n                                ROWEREM PO HISZPANII I NA KANARACH (VIDEO)                            <\/a>\r\n                        <\/h2>\r\n                        <div class=\"cv-post-meta cv-meta-icon-show\">\r\n                            <span class=\"cv-post-date cv-post-meta-item\" itemprop=\"datePublished\"><a href=\"http:\/\/nakanarach.pl\/index.php\/2025\/12\/08\/rowerem-po-hiszpanii-i-na-kanarach\/\">8 grudnia 2025<\/a><\/span>                        <\/div>\r\n                        <div class=\"cv-post-content\" itemprop=\"description\">HISZPANIA\/WYSPY KANARYJSKIE: S\u0142oneczny i umiarkowany klimat przez ca\u0142y rok przyci\u0105ga wielu rowerzyst\u00f3w do Hiszpanii i&hellip;<\/div>                        <div class=\"cv-read-more\"><a href=http:\/\/nakanarach.pl\/index.php\/2025\/12\/08\/rowerem-po-hiszpanii-i-na-kanarach\/>Czytaj wi\u0119cej<i class=\"fas fa-arrow-right\"><\/i><\/a><\/div>                    <\/div><!-- .cv-post-right-wrap -->\r\n                <\/article>\r\n                        <article post-id=\"post-12329\" class=\"cv-post post-format--standard\" itemscope itemtype=\"http:\/\/schema.org\/articleBody\">\r\n                    <div class=\"cv-post-left-wrap\">\r\n                        <div class=\"cv-post-thumb\">\r\n                            <a href=\"http:\/\/nakanarach.pl\/index.php\/2025\/12\/05\/wielkie-osuwisko-i-chmura-pylu-video\/\"><img decoding=\"async\" src=\"http:\/\/nakanarach.pl\/wp-content\/uploads\/2025\/12\/Osuwisko-Cabildo-de-Tenerife.webp\" alt=\"WIELKIE OSUWISKO I CHMURA PY\u0141U (VIDEO)\"\/><\/a>\r\n                        <\/div>\r\n                    <\/div><!-- .cv-post-left-wrap -->\r\n                    <div class=\"cv-post-right-wrap\">\r\n                                                <h2 class=\"cv-post-title\">\r\n                            <a href=\"http:\/\/nakanarach.pl\/index.php\/2025\/12\/05\/wielkie-osuwisko-i-chmura-pylu-video\/\" target=\"_self\">\r\n                                WIELKIE OSUWISKO I CHMURA PY\u0141U (VIDEO)                            <\/a>\r\n                        <\/h2>\r\n                        <div class=\"cv-post-meta cv-meta-icon-show\">\r\n                            <span class=\"cv-post-date cv-post-meta-item\" itemprop=\"datePublished\"><a href=\"http:\/\/nakanarach.pl\/index.php\/2025\/12\/05\/wielkie-osuwisko-i-chmura-pylu-video\/\">5 grudnia 2025<\/a><\/span>                        <\/div>\r\n                        <div class=\"cv-post-content\" itemprop=\"description\">TENERYFA: Kolejne olbrzymie osuwisko skalne i du\u017co py\u0142u pojawi\u0142o si\u0119 w pobli\u017cu popularnego w\u015br\u00f3d turyst\u00f3w&hellip;<\/div>                        <div class=\"cv-read-more\"><a href=http:\/\/nakanarach.pl\/index.php\/2025\/12\/05\/wielkie-osuwisko-i-chmura-pylu-video\/>Czytaj wi\u0119cej<i class=\"fas fa-arrow-right\"><\/i><\/a><\/div>                    <\/div><!-- .cv-post-right-wrap -->\r\n                <\/article>\r\n                        <article post-id=\"post-12261\" class=\"cv-post post-format--standard\" itemscope itemtype=\"http:\/\/schema.org\/articleBody\">\r\n                    <div class=\"cv-post-left-wrap\">\r\n                        <div class=\"cv-post-thumb\">\r\n                            <a href=\"http:\/\/nakanarach.pl\/index.php\/2025\/12\/04\/pasazer-z-bronia-na-lotnisku\/\"><img decoding=\"async\" src=\"http:\/\/nakanarach.pl\/wp-content\/uploads\/2025\/11\/Bron-lotnisko-Teneryfa-Guardia-Civil.webp\" alt=\"PASA\u017bER Z BRONI\u0104 NA LOTNISKU\"\/><\/a>\r\n                        <\/div>\r\n                    <\/div><!-- .cv-post-left-wrap -->\r\n                    <div class=\"cv-post-right-wrap\">\r\n                                                <h2 class=\"cv-post-title\">\r\n                            <a href=\"http:\/\/nakanarach.pl\/index.php\/2025\/12\/04\/pasazer-z-bronia-na-lotnisku\/\" target=\"_self\">\r\n                                PASA\u017bER Z BRONI\u0104 NA LOTNISKU                            <\/a>\r\n                        <\/h2>\r\n                        <div class=\"cv-post-meta cv-meta-icon-show\">\r\n                            <span class=\"cv-post-date cv-post-meta-item\" itemprop=\"datePublished\"><a href=\"http:\/\/nakanarach.pl\/index.php\/2025\/12\/04\/pasazer-z-bronia-na-lotnisku\/\">4 grudnia 2025<\/a><\/span>                        <\/div>\r\n                        <div class=\"cv-post-content\" itemprop=\"description\">TENERYFA: Funkcjonariusze Gwardii Cywilnej na lotnisku p\u00f3\u0142nocnym na najwi\u0119kszej kanaryjskiej wyspie przechwycili prawdziw\u0105 bro\u0144 paln\u0105&hellip;<\/div>                        <div class=\"cv-read-more\"><a href=http:\/\/nakanarach.pl\/index.php\/2025\/12\/04\/pasazer-z-bronia-na-lotnisku\/>Czytaj wi\u0119cej<i class=\"fas fa-arrow-right\"><\/i><\/a><\/div>                    <\/div><!-- .cv-post-right-wrap -->\r\n                <\/article>\r\n                        <article post-id=\"post-12302\" class=\"cv-post post-format--standard\" itemscope itemtype=\"http:\/\/schema.org\/articleBody\">\r\n                    <div class=\"cv-post-left-wrap\">\r\n                        <div class=\"cv-post-thumb\">\r\n                            <a href=\"http:\/\/nakanarach.pl\/index.php\/2025\/12\/03\/o-krok-od-tragedii-w-parku-wodnym\/\"><img decoding=\"async\" src=\"http:\/\/nakanarach.pl\/wp-content\/uploads\/2024\/07\/Czerwona-flaga.jpg\" alt=\"O KROK OD TRAGEDII W PARKU WODNYM\"\/><\/a>\r\n                        <\/div>\r\n                    <\/div><!-- .cv-post-left-wrap -->\r\n                    <div class=\"cv-post-right-wrap\">\r\n                                                <h2 class=\"cv-post-title\">\r\n                            <a href=\"http:\/\/nakanarach.pl\/index.php\/2025\/12\/03\/o-krok-od-tragedii-w-parku-wodnym\/\" target=\"_self\">\r\n                                O KROK OD TRAGEDII W PARKU WODNYM                            <\/a>\r\n                        <\/h2>\r\n                        <div class=\"cv-post-meta cv-meta-icon-show\">\r\n                            <span class=\"cv-post-date cv-post-meta-item\" itemprop=\"datePublished\"><a href=\"http:\/\/nakanarach.pl\/index.php\/2025\/12\/03\/o-krok-od-tragedii-w-parku-wodnym\/\">3 grudnia 2025<\/a><\/span>                        <\/div>\r\n                        <div class=\"cv-post-content\" itemprop=\"description\">GRAN CANARIA\/TENERYFA: Czteroletnia dziewczynka w krytycznym stanie trafi\u0142a do szpitala po tym, jak niemal uton\u0119\u0142a&hellip;<\/div>                        <div class=\"cv-read-more\"><a href=http:\/\/nakanarach.pl\/index.php\/2025\/12\/03\/o-krok-od-tragedii-w-parku-wodnym\/>Czytaj wi\u0119cej<i class=\"fas fa-arrow-right\"><\/i><\/a><\/div>                    <\/div><!-- .cv-post-right-wrap -->\r\n                <\/article>\r\n                        <article post-id=\"post-12281\" class=\"cv-post post-format--standard\" itemscope itemtype=\"http:\/\/schema.org\/articleBody\">\r\n                    <div class=\"cv-post-left-wrap\">\r\n                        <div class=\"cv-post-thumb\">\r\n                            <a href=\"http:\/\/nakanarach.pl\/index.php\/2025\/12\/02\/poklocili-sie-o-fale-video\/\"><img decoding=\"async\" src=\"http:\/\/nakanarach.pl\/wp-content\/uploads\/2025\/12\/Surferzy_11zon-scaled.jpg\" alt=\"POK\u0141\u00d3CILI SI\u0118 O&#8230;FALE (VIDEO)\"\/><\/a>\r\n                        <\/div>\r\n                    <\/div><!-- .cv-post-left-wrap -->\r\n                    <div class=\"cv-post-right-wrap\">\r\n                                                <h2 class=\"cv-post-title\">\r\n                            <a href=\"http:\/\/nakanarach.pl\/index.php\/2025\/12\/02\/poklocili-sie-o-fale-video\/\" target=\"_self\">\r\n                                POK\u0141\u00d3CILI SI\u0118 O&#8230;FALE (VIDEO)                            <\/a>\r\n                        <\/h2>\r\n                        <div class=\"cv-post-meta cv-meta-icon-show\">\r\n                            <span class=\"cv-post-date cv-post-meta-item\" itemprop=\"datePublished\"><a href=\"http:\/\/nakanarach.pl\/index.php\/2025\/12\/02\/poklocili-sie-o-fale-video\/\">2 grudnia 2025<\/a><\/span>                        <\/div>\r\n                        <div class=\"cv-post-content\" itemprop=\"description\">TENERYFA: Nad morzem czy oceanem czasem ludzie k\u0142\u00f3c\u0105 si\u0119 na przyk\u0142ad o zaj\u0119te wcze\u015bniej miejsce&hellip;<\/div>                        <div class=\"cv-read-more\"><a href=http:\/\/nakanarach.pl\/index.php\/2025\/12\/02\/poklocili-sie-o-fale-video\/>Czytaj wi\u0119cej<i class=\"fas fa-arrow-right\"><\/i><\/a><\/div>                    <\/div><!-- .cv-post-right-wrap -->\r\n                <\/article>\r\n                        <article post-id=\"post-12273\" class=\"cv-post post-format--standard\" itemscope itemtype=\"http:\/\/schema.org\/articleBody\">\r\n                    <div class=\"cv-post-left-wrap\">\r\n                        <div class=\"cv-post-thumb\">\r\n                            <a href=\"http:\/\/nakanarach.pl\/index.php\/2025\/12\/01\/turysta-wypadl-ze-statku\/\"><img decoding=\"async\" src=\"http:\/\/nakanarach.pl\/wp-content\/uploads\/2025\/12\/Salvamento-Maritimo-Smiglowiec-i-statek.webp\" alt=\"TURYSTA WYPAD\u0141 ZE STATKU\"\/><\/a>\r\n                        <\/div>\r\n                    <\/div><!-- .cv-post-left-wrap -->\r\n                    <div class=\"cv-post-right-wrap\">\r\n                                                <h2 class=\"cv-post-title\">\r\n                            <a href=\"http:\/\/nakanarach.pl\/index.php\/2025\/12\/01\/turysta-wypadl-ze-statku\/\" target=\"_self\">\r\n                                TURYSTA WYPAD\u0141 ZE STATKU                            <\/a>\r\n                        <\/h2>\r\n                        <div class=\"cv-post-meta cv-meta-icon-show\">\r\n                            <span class=\"cv-post-date cv-post-meta-item\" itemprop=\"datePublished\"><a href=\"http:\/\/nakanarach.pl\/index.php\/2025\/12\/01\/turysta-wypadl-ze-statku\/\">1 grudnia 2025<\/a><\/span>                        <\/div>\r\n                        <div class=\"cv-post-content\" itemprop=\"description\">TENERYFA: Ekipy ratunkowe od kilku dni przeszukuj\u0105 wody Oceanu Atlantyckiego u wybrze\u017cy najwi\u0119kszej kanaryjskiej wyspy&hellip;<\/div>                        <div class=\"cv-read-more\"><a href=http:\/\/nakanarach.pl\/index.php\/2025\/12\/01\/turysta-wypadl-ze-statku\/>Czytaj wi\u0119cej<i class=\"fas fa-arrow-right\"><\/i><\/a><\/div>                    <\/div><!-- .cv-post-right-wrap -->\r\n                <\/article>\r\n                        <article post-id=\"post-12287\" class=\"cv-post post-format--standard\" itemscope itemtype=\"http:\/\/schema.org\/articleBody\">\r\n                    <div class=\"cv-post-left-wrap\">\r\n                        <div class=\"cv-post-thumb\">\r\n                            <a href=\"http:\/\/nakanarach.pl\/index.php\/2025\/11\/30\/imigranci-zmarli-na-oceanie\/\"><img decoding=\"async\" src=\"http:\/\/nakanarach.pl\/wp-content\/uploads\/2022\/01\/Imigranci-na-lodzi-FB-Salvamento-Maritimo.jpg\" alt=\"IMIGRANCI ZMARLI NA OCEANIE\"\/><\/a>\r\n                        <\/div>\r\n                    <\/div><!-- .cv-post-left-wrap -->\r\n                    <div class=\"cv-post-right-wrap\">\r\n                                                <h2 class=\"cv-post-title\">\r\n                            <a href=\"http:\/\/nakanarach.pl\/index.php\/2025\/11\/30\/imigranci-zmarli-na-oceanie\/\" target=\"_self\">\r\n                                IMIGRANCI ZMARLI NA OCEANIE                            <\/a>\r\n                        <\/h2>\r\n                        <div class=\"cv-post-meta cv-meta-icon-show\">\r\n                            <span class=\"cv-post-date cv-post-meta-item\" itemprop=\"datePublished\"><a href=\"http:\/\/nakanarach.pl\/index.php\/2025\/11\/30\/imigranci-zmarli-na-oceanie\/\">30 listopada 2025<\/a><\/span>                        <\/div>\r\n                        <div class=\"cv-post-content\" itemprop=\"description\">EL HIERRO: S\u0142u\u017cby ratunkowe uratowa\u0142y cz\u0119\u015b\u0107 imigrant\u00f3w na pok\u0142adzie kilku \u0142odzi, na kt\u00f3rej znajdowa\u0142o si\u0119&hellip;<\/div>                        <div class=\"cv-read-more\"><a href=http:\/\/nakanarach.pl\/index.php\/2025\/11\/30\/imigranci-zmarli-na-oceanie\/>Czytaj wi\u0119cej<i class=\"fas fa-arrow-right\"><\/i><\/a><\/div>                    <\/div><!-- .cv-post-right-wrap -->\r\n                <\/article>\r\n                        <article post-id=\"post-8909\" class=\"cv-post post-format--standard\" itemscope itemtype=\"http:\/\/schema.org\/articleBody\">\r\n                    <div class=\"cv-post-left-wrap\">\r\n                        <div class=\"cv-post-thumb\">\r\n                            <a href=\"http:\/\/nakanarach.pl\/index.php\/2025\/11\/29\/glosne-andrzejki-bez-wrozb\/\"><img decoding=\"async\" src=\"http:\/\/nakanarach.pl\/wp-content\/uploads\/2024\/11\/Glosne-Andrzejki-spanishfiestas.info_.webp\" alt=\"G\u0141O\u015aNE ANDRZEJKI BEZ WR\u00d3\u017bB\"\/><\/a>\r\n                        <\/div>\r\n                    <\/div><!-- .cv-post-left-wrap -->\r\n                    <div class=\"cv-post-right-wrap\">\r\n                                                <h2 class=\"cv-post-title\">\r\n                            <a href=\"http:\/\/nakanarach.pl\/index.php\/2025\/11\/29\/glosne-andrzejki-bez-wrozb\/\" target=\"_self\">\r\n                                G\u0141O\u015aNE ANDRZEJKI BEZ WR\u00d3\u017bB                            <\/a>\r\n                        <\/h2>\r\n                        <div class=\"cv-post-meta cv-meta-icon-show\">\r\n                            <span class=\"cv-post-date cv-post-meta-item\" itemprop=\"datePublished\"><a href=\"http:\/\/nakanarach.pl\/index.php\/2025\/11\/29\/glosne-andrzejki-bez-wrozb\/\">29 listopada 2025<\/a><\/span>                        <\/div>\r\n                        <div class=\"cv-post-content\" itemprop=\"description\">HISZPANIA\/TENERYFA: Andrzejki w Hiszpanii obchodzone s\u0105 hucznie, weso\u0142o i g\u0142o\u015bno. Cho\u0107 nie ma tu tradycyjnego&hellip;<\/div>                        <div class=\"cv-read-more\"><a href=http:\/\/nakanarach.pl\/index.php\/2025\/11\/29\/glosne-andrzejki-bez-wrozb\/>Czytaj wi\u0119cej<i class=\"fas fa-arrow-right\"><\/i><\/a><\/div>                    <\/div><!-- .cv-post-right-wrap -->\r\n                <\/article>\r\n                        <article post-id=\"post-12210\" class=\"cv-post post-format--standard\" itemscope itemtype=\"http:\/\/schema.org\/articleBody\">\r\n                    <div class=\"cv-post-left-wrap\">\r\n                        <div class=\"cv-post-thumb\">\r\n                            <a href=\"http:\/\/nakanarach.pl\/index.php\/2025\/11\/28\/kolejne-kradzieze-na-lotnisku\/\"><img decoding=\"async\" src=\"http:\/\/nakanarach.pl\/wp-content\/uploads\/2025\/11\/Lotnisko-Guardia-Lotnisko.webp\" alt=\"KOLEJNE KRADZIE\u017bE NA LOTNISKU\"\/><\/a>\r\n                        <\/div>\r\n                    <\/div><!-- .cv-post-left-wrap -->\r\n                    <div class=\"cv-post-right-wrap\">\r\n                                                <h2 class=\"cv-post-title\">\r\n                            <a href=\"http:\/\/nakanarach.pl\/index.php\/2025\/11\/28\/kolejne-kradzieze-na-lotnisku\/\" target=\"_self\">\r\n                                KOLEJNE KRADZIE\u017bE NA LOTNISKU                            <\/a>\r\n                        <\/h2>\r\n                        <div class=\"cv-post-meta cv-meta-icon-show\">\r\n                            <span class=\"cv-post-date cv-post-meta-item\" itemprop=\"datePublished\"><a href=\"http:\/\/nakanarach.pl\/index.php\/2025\/11\/28\/kolejne-kradzieze-na-lotnisku\/\">28 listopada 2025<\/a><\/span>                        <\/div>\r\n                        <div class=\"cv-post-content\" itemprop=\"description\">TENERYFA: Jedno z dw\u00f3ch lotnisk na najwi\u0119kszej kanaryjskiej wyspie nie cieszy si\u0119 dobr\u0105 s\u0142aw\u0105. Wszystko&hellip;<\/div>                        <div class=\"cv-read-more\"><a href=http:\/\/nakanarach.pl\/index.php\/2025\/11\/28\/kolejne-kradzieze-na-lotnisku\/>Czytaj wi\u0119cej<i class=\"fas fa-arrow-right\"><\/i><\/a><\/div>                    <\/div><!-- .cv-post-right-wrap -->\r\n                <\/article>\r\n                        <article post-id=\"post-12248\" class=\"cv-post post-format--standard\" itemscope itemtype=\"http:\/\/schema.org\/articleBody\">\r\n                    <div class=\"cv-post-left-wrap\">\r\n                        <div class=\"cv-post-thumb\">\r\n                            <a href=\"http:\/\/nakanarach.pl\/index.php\/2025\/11\/27\/pionierski-lot-bez-silnika-nad-kanarami-video\/\"><img decoding=\"async\" src=\"http:\/\/nakanarach.pl\/wp-content\/uploads\/2025\/11\/Lot-Red-Bull.webp\" alt=\"PIONIERSKI LOT BEZ SILNIKA NAD KANARAMI (VIDEO)\"\/><\/a>\r\n                        <\/div>\r\n                    <\/div><!-- .cv-post-left-wrap -->\r\n                    <div class=\"cv-post-right-wrap\">\r\n                                                <h2 class=\"cv-post-title\">\r\n                            <a href=\"http:\/\/nakanarach.pl\/index.php\/2025\/11\/27\/pionierski-lot-bez-silnika-nad-kanarami-video\/\" target=\"_self\">\r\n                                PIONIERSKI LOT BEZ SILNIKA NAD KANARAMI (VIDEO)                            <\/a>\r\n                        <\/h2>\r\n                        <div class=\"cv-post-meta cv-meta-icon-show\">\r\n                            <span class=\"cv-post-date cv-post-meta-item\" itemprop=\"datePublished\"><a href=\"http:\/\/nakanarach.pl\/index.php\/2025\/11\/27\/pionierski-lot-bez-silnika-nad-kanarami-video\/\">27 listopada 2025<\/a><\/span>                        <\/div>\r\n                        <div class=\"cv-post-content\" itemprop=\"description\">EL HIERRO\/LANZAROTE: Zawodnik Red Bull dokona\u0142 tego, co przez d\u0142ugi czas uwa\u017cano za niemo\u017cliwe. W&hellip;<\/div>                        <div class=\"cv-read-more\"><a href=http:\/\/nakanarach.pl\/index.php\/2025\/11\/27\/pionierski-lot-bez-silnika-nad-kanarami-video\/>Czytaj wi\u0119cej<i class=\"fas fa-arrow-right\"><\/i><\/a><\/div>                    <\/div><!-- .cv-post-right-wrap -->\r\n                <\/article>\r\n                        <article post-id=\"post-12240\" class=\"cv-post post-format--standard\" itemscope itemtype=\"http:\/\/schema.org\/articleBody\">\r\n                    <div class=\"cv-post-left-wrap\">\r\n                        <div class=\"cv-post-thumb\">\r\n                            <a href=\"http:\/\/nakanarach.pl\/index.php\/2025\/11\/26\/walki-mma-przeniosly-sie-do-samolotu-video\/\"><img decoding=\"async\" src=\"http:\/\/nakanarach.pl\/wp-content\/uploads\/2025\/11\/Bojka-w-samolocie-MMA.jpg\" alt=\"WALKI MMA PRZENIOS\u0141Y SI\u0118 DO SAMOLOTU (VIDEO)\"\/><\/a>\r\n                        <\/div>\r\n                    <\/div><!-- .cv-post-left-wrap -->\r\n                    <div class=\"cv-post-right-wrap\">\r\n                                                <h2 class=\"cv-post-title\">\r\n                            <a href=\"http:\/\/nakanarach.pl\/index.php\/2025\/11\/26\/walki-mma-przeniosly-sie-do-samolotu-video\/\" target=\"_self\">\r\n                                WALKI MMA PRZENIOS\u0141Y SI\u0118 DO SAMOLOTU (VIDEO)                            <\/a>\r\n                        <\/h2>\r\n                        <div class=\"cv-post-meta cv-meta-icon-show\">\r\n                            <span class=\"cv-post-date cv-post-meta-item\" itemprop=\"datePublished\"><a href=\"http:\/\/nakanarach.pl\/index.php\/2025\/11\/26\/walki-mma-przeniosly-sie-do-samolotu-video\/\">26 listopada 2025<\/a><\/span>                        <\/div>\r\n                        <div class=\"cv-post-content\" itemprop=\"description\">GRAN CANARIA: Profesjonalna zawodniczka mieszanych sztuk walki (MMA), Sinead Kavanagh, zosta\u0142a aresztowana na lotnisku Gran&hellip;<\/div>                        <div class=\"cv-read-more\"><a href=http:\/\/nakanarach.pl\/index.php\/2025\/11\/26\/walki-mma-przeniosly-sie-do-samolotu-video\/>Czytaj wi\u0119cej<i class=\"fas fa-arrow-right\"><\/i><\/a><\/div>                    <\/div><!-- .cv-post-right-wrap -->\r\n                <\/article>\r\n                        <article post-id=\"post-12225\" class=\"cv-post post-format--standard\" itemscope itemtype=\"http:\/\/schema.org\/articleBody\">\r\n                    <div class=\"cv-post-left-wrap\">\r\n                        <div class=\"cv-post-thumb\">\r\n                            <a href=\"http:\/\/nakanarach.pl\/index.php\/2025\/11\/25\/turysci-narzekaja-na-chaos-na-lotniskach\/\"><img decoding=\"async\" src=\"http:\/\/nakanarach.pl\/wp-content\/uploads\/2022\/01\/Teneryfa-Lotnisko-Terminal-Sofia-scaled.jpg\" alt=\"TURY\u015aCI NARZEKAJ\u0104 NA CHAOS NA LOTNISKACH (VIDEO)\"\/><\/a>\r\n                        <\/div>\r\n                    <\/div><!-- .cv-post-left-wrap -->\r\n                    <div class=\"cv-post-right-wrap\">\r\n                                                <h2 class=\"cv-post-title\">\r\n                            <a href=\"http:\/\/nakanarach.pl\/index.php\/2025\/11\/25\/turysci-narzekaja-na-chaos-na-lotniskach\/\" target=\"_self\">\r\n                                TURY\u015aCI NARZEKAJ\u0104 NA CHAOS NA LOTNISKACH (VIDEO)                            <\/a>\r\n                        <\/h2>\r\n                        <div class=\"cv-post-meta cv-meta-icon-show\">\r\n                            <span class=\"cv-post-date cv-post-meta-item\" itemprop=\"datePublished\"><a href=\"http:\/\/nakanarach.pl\/index.php\/2025\/11\/25\/turysci-narzekaja-na-chaos-na-lotniskach\/\">25 listopada 2025<\/a><\/span>                        <\/div>\r\n                        <div class=\"cv-post-content\" itemprop=\"description\">WYSPY KANARYJSKIE: Na chaos na niekt\u00f3rych kanaryjskich lotniskach narzekaj\u0105 tury\u015bci spoza strefy Schengen. Coraz cz\u0119\u015bciej&hellip;<\/div>                        <div class=\"cv-read-more\"><a href=http:\/\/nakanarach.pl\/index.php\/2025\/11\/25\/turysci-narzekaja-na-chaos-na-lotniskach\/>Czytaj wi\u0119cej<i class=\"fas fa-arrow-right\"><\/i><\/a><\/div>                    <\/div><!-- .cv-post-right-wrap -->\r\n                <\/article>\r\n                        <article post-id=\"post-12218\" class=\"cv-post post-format--standard\" itemscope itemtype=\"http:\/\/schema.org\/articleBody\">\r\n                    <div class=\"cv-post-left-wrap\">\r\n                        <div class=\"cv-post-thumb\">\r\n                            <a href=\"http:\/\/nakanarach.pl\/index.php\/2025\/11\/24\/pogoda\/\"><img decoding=\"async\" src=\"http:\/\/nakanarach.pl\/wp-content\/uploads\/2022\/02\/Deszcz-Palmy-scaled.jpg\" alt=\"NAJWI\u0118CEJ DESZCZU SPAD\u0141O NA KANARACH\"\/><\/a>\r\n                        <\/div>\r\n                    <\/div><!-- .cv-post-left-wrap -->\r\n                    <div class=\"cv-post-right-wrap\">\r\n                                                <h2 class=\"cv-post-title\">\r\n                            <a href=\"http:\/\/nakanarach.pl\/index.php\/2025\/11\/24\/pogoda\/\" target=\"_self\">\r\n                                NAJWI\u0118CEJ DESZCZU SPAD\u0141O NA KANARACH                            <\/a>\r\n                        <\/h2>\r\n                        <div class=\"cv-post-meta cv-meta-icon-show\">\r\n                            <span class=\"cv-post-date cv-post-meta-item\" itemprop=\"datePublished\"><a href=\"http:\/\/nakanarach.pl\/index.php\/2025\/11\/24\/pogoda\/\">24 listopada 2025<\/a><\/span>                        <\/div>\r\n                        <div class=\"cv-post-content\" itemprop=\"description\">WYSPY KANARYJSKIE: Ten rajski archipelag uznawany za miejsce w ca\u0142ej Hiszpanii z najmniejsz\u0105 roczn\u0105 ilo\u015bci\u0105&hellip;<\/div>                        <div class=\"cv-read-more\"><a href=http:\/\/nakanarach.pl\/index.php\/2025\/11\/24\/pogoda\/>Czytaj wi\u0119cej<i class=\"fas fa-arrow-right\"><\/i><\/a><\/div>                    <\/div><!-- .cv-post-right-wrap -->\r\n                <\/article>\r\n                        <article post-id=\"post-12213\" class=\"cv-post post-format--standard\" itemscope itemtype=\"http:\/\/schema.org\/articleBody\">\r\n                    <div class=\"cv-post-left-wrap\">\r\n                        <div class=\"cv-post-thumb\">\r\n                            <a href=\"http:\/\/nakanarach.pl\/index.php\/2025\/11\/21\/alert-deszczowy-i-opady-sniegu\/\"><img decoding=\"async\" src=\"http:\/\/nakanarach.pl\/wp-content\/uploads\/2025\/01\/Teide-snieg-cala-gora-Fot.-X-Centro-de-Investigacion-Atmosferica-de-Izana-AEMET-1-scaled.jpg\" alt=\"ALERT DESZCZOWY I OPADY \u015aNIEGU\"\/><\/a>\r\n                        <\/div>\r\n                    <\/div><!-- .cv-post-left-wrap -->\r\n                    <div class=\"cv-post-right-wrap\">\r\n                                                <h2 class=\"cv-post-title\">\r\n                            <a href=\"http:\/\/nakanarach.pl\/index.php\/2025\/11\/21\/alert-deszczowy-i-opady-sniegu\/\" target=\"_self\">\r\n                                ALERT DESZCZOWY I OPADY \u015aNIEGU                            <\/a>\r\n                        <\/h2>\r\n                        <div class=\"cv-post-meta cv-meta-icon-show\">\r\n                            <span class=\"cv-post-date cv-post-meta-item\" itemprop=\"datePublished\"><a href=\"http:\/\/nakanarach.pl\/index.php\/2025\/11\/21\/alert-deszczowy-i-opady-sniegu\/\">21 listopada 2025<\/a><\/span>                        <\/div>\r\n                        <div class=\"cv-post-content\" itemprop=\"description\">HISZPANIA\/WYSPY KANARYJSKIE: W wielu rejonach Polski minionej doby &#8211; co nikogo raczej nie dziwi &#8211;&hellip;<\/div>                        <div class=\"cv-read-more\"><a href=http:\/\/nakanarach.pl\/index.php\/2025\/11\/21\/alert-deszczowy-i-opady-sniegu\/>Czytaj wi\u0119cej<i class=\"fas fa-arrow-right\"><\/i><\/a><\/div>                    <\/div><!-- .cv-post-right-wrap -->\r\n                <\/article>\r\n                        <article post-id=\"post-12176\" class=\"cv-post post-format--standard\" itemscope itemtype=\"http:\/\/schema.org\/articleBody\">\r\n                    <div class=\"cv-post-left-wrap\">\r\n                        <div class=\"cv-post-thumb\">\r\n                            <a href=\"http:\/\/nakanarach.pl\/index.php\/2025\/11\/20\/auta-wjezdzaja-do-restauracji-ludzie-w-strachu-video\/\"><img decoding=\"async\" src=\"http:\/\/nakanarach.pl\/wp-content\/uploads\/2025\/11\/Wjechal-w-kawiarnie-San-Fernando.jpg\" alt=\"AUTA WJE\u0179D\u017bAJ\u0104 DO RESTAURACJI, LUDZIE W STRACHU (VIDEO)\"\/><\/a>\r\n                        <\/div>\r\n                    <\/div><!-- .cv-post-left-wrap -->\r\n                    <div class=\"cv-post-right-wrap\">\r\n                                                <h2 class=\"cv-post-title\">\r\n                            <a href=\"http:\/\/nakanarach.pl\/index.php\/2025\/11\/20\/auta-wjezdzaja-do-restauracji-ludzie-w-strachu-video\/\" target=\"_self\">\r\n                                AUTA WJE\u0179D\u017bAJ\u0104 DO RESTAURACJI, LUDZIE W STRACHU (VIDEO)                            <\/a>\r\n                        <\/h2>\r\n                        <div class=\"cv-post-meta cv-meta-icon-show\">\r\n                            <span class=\"cv-post-date cv-post-meta-item\" itemprop=\"datePublished\"><a href=\"http:\/\/nakanarach.pl\/index.php\/2025\/11\/20\/auta-wjezdzaja-do-restauracji-ludzie-w-strachu-video\/\">20 listopada 2025<\/a><\/span>                        <\/div>\r\n                        <div class=\"cv-post-content\" itemprop=\"description\">GRAN CANARIA: Kolejny, ju\u017c 5 raz w ostatnich dw\u00f3ch latach, na Wyspach Kanaryjskich auto zn\u00f3w&hellip;<\/div>                        <div class=\"cv-read-more\"><a href=http:\/\/nakanarach.pl\/index.php\/2025\/11\/20\/auta-wjezdzaja-do-restauracji-ludzie-w-strachu-video\/>Czytaj wi\u0119cej<i class=\"fas fa-arrow-right\"><\/i><\/a><\/div>                    <\/div><!-- .cv-post-right-wrap -->\r\n                <\/article>\r\n                        <article post-id=\"post-12198\" class=\"cv-post post-format--standard\" itemscope itemtype=\"http:\/\/schema.org\/articleBody\">\r\n                    <div class=\"cv-post-left-wrap\">\r\n                        <div class=\"cv-post-thumb\">\r\n                            <a href=\"http:\/\/nakanarach.pl\/index.php\/2025\/11\/19\/grozne-pozary-w-turystycznych-kurortach-video\/\"><img decoding=\"async\" src=\"http:\/\/nakanarach.pl\/wp-content\/uploads\/2025\/05\/Straz-Pozar-FB-Bomberos-de-Tenerife.jpg\" alt=\"GRO\u0179NE PO\u017bARY W TURYSTYCZNYCH KURORTACH (VIDEO)\"\/><\/a>\r\n                        <\/div>\r\n                    <\/div><!-- .cv-post-left-wrap -->\r\n                    <div class=\"cv-post-right-wrap\">\r\n                                                <h2 class=\"cv-post-title\">\r\n                            <a href=\"http:\/\/nakanarach.pl\/index.php\/2025\/11\/19\/grozne-pozary-w-turystycznych-kurortach-video\/\" target=\"_self\">\r\n                                GRO\u0179NE PO\u017bARY W TURYSTYCZNYCH KURORTACH (VIDEO)                            <\/a>\r\n                        <\/h2>\r\n                        <div class=\"cv-post-meta cv-meta-icon-show\">\r\n                            <span class=\"cv-post-date cv-post-meta-item\" itemprop=\"datePublished\"><a href=\"http:\/\/nakanarach.pl\/index.php\/2025\/11\/19\/grozne-pozary-w-turystycznych-kurortach-video\/\">19 listopada 2025<\/a><\/span>                        <\/div>\r\n                        <div class=\"cv-post-content\" itemprop=\"description\">TENERYFA\/GRAN CANARIA: Dwa powa\u017cne po\u017cary wybuch\u0142y w turystycznych obszarach na dw\u00f3ch najwi\u0119kszych kanaryjskich wyspach. 18&hellip;<\/div>                        <div class=\"cv-read-more\"><a href=http:\/\/nakanarach.pl\/index.php\/2025\/11\/19\/grozne-pozary-w-turystycznych-kurortach-video\/>Czytaj wi\u0119cej<i class=\"fas fa-arrow-right\"><\/i><\/a><\/div>                    <\/div><!-- .cv-post-right-wrap -->\r\n                <\/article>\r\n                        <article post-id=\"post-12161\" class=\"cv-post post-format--standard\" itemscope itemtype=\"http:\/\/schema.org\/articleBody\">\r\n                    <div class=\"cv-post-left-wrap\">\r\n                        <div class=\"cv-post-thumb\">\r\n                            <a href=\"http:\/\/nakanarach.pl\/index.php\/2025\/11\/18\/problemy-trystow-na-gran-canarii\/\"><img decoding=\"async\" src=\"http:\/\/nakanarach.pl\/wp-content\/uploads\/2025\/11\/Alert-plaze-Gobierno-de-Canarias.webp\" alt=\"PROBLEMY TURYST\u00d3W NA RAJSKICH KANARACH\"\/><\/a>\r\n                        <\/div>\r\n                    <\/div><!-- .cv-post-left-wrap -->\r\n                    <div class=\"cv-post-right-wrap\">\r\n                                                <h2 class=\"cv-post-title\">\r\n                            <a href=\"http:\/\/nakanarach.pl\/index.php\/2025\/11\/18\/problemy-trystow-na-gran-canarii\/\" target=\"_self\">\r\n                                PROBLEMY TURYST\u00d3W NA RAJSKICH KANARACH                            <\/a>\r\n                        <\/h2>\r\n                        <div class=\"cv-post-meta cv-meta-icon-show\">\r\n                            <span class=\"cv-post-date cv-post-meta-item\" itemprop=\"datePublished\"><a href=\"http:\/\/nakanarach.pl\/index.php\/2025\/11\/18\/problemy-trystow-na-gran-canarii\/\">18 listopada 2025<\/a><\/span>                        <\/div>\r\n                        <div class=\"cv-post-content\" itemprop=\"description\">WYSPY KANARYJSKIE: Dla wielu turyst\u00f3w wyjazd na wymarzone wakacje na rajskich i s\u0142onecznych Wyspach Kanaryjskich&hellip;<\/div>                        <div class=\"cv-read-more\"><a href=http:\/\/nakanarach.pl\/index.php\/2025\/11\/18\/problemy-trystow-na-gran-canarii\/>Czytaj wi\u0119cej<i class=\"fas fa-arrow-right\"><\/i><\/a><\/div>                    <\/div><!-- .cv-post-right-wrap -->\r\n                <\/article>\r\n                        <article post-id=\"post-12148\" class=\"cv-post post-format--standard\" itemscope itemtype=\"http:\/\/schema.org\/articleBody\">\r\n                    <div class=\"cv-post-left-wrap\">\r\n                        <div class=\"cv-post-thumb\">\r\n                            <a href=\"http:\/\/nakanarach.pl\/index.php\/2025\/11\/17\/bajeczne-latawce-na-wietrznej-wyspie\/\"><img decoding=\"async\" src=\"http:\/\/nakanarach.pl\/wp-content\/uploads\/2025\/11\/Festiwal-latawcow-Macaronesia.jpg\" alt=\"BAJECZNE LATAWCE NA WIETRZNEJ WYSPIE\"\/><\/a>\r\n                        <\/div>\r\n                    <\/div><!-- .cv-post-left-wrap -->\r\n                    <div class=\"cv-post-right-wrap\">\r\n                                                <h2 class=\"cv-post-title\">\r\n                            <a href=\"http:\/\/nakanarach.pl\/index.php\/2025\/11\/17\/bajeczne-latawce-na-wietrznej-wyspie\/\" target=\"_self\">\r\n                                BAJECZNE LATAWCE NA WIETRZNEJ WYSPIE                            <\/a>\r\n                        <\/h2>\r\n                        <div class=\"cv-post-meta cv-meta-icon-show\">\r\n                            <span class=\"cv-post-date cv-post-meta-item\" itemprop=\"datePublished\"><a href=\"http:\/\/nakanarach.pl\/index.php\/2025\/11\/17\/bajeczne-latawce-na-wietrznej-wyspie\/\">17 listopada 2025<\/a><\/span>                        <\/div>\r\n                        <div class=\"cv-post-content\" itemprop=\"description\">FUERTEVENTURA: Na kanaryjskiej, pono\u0107 najbardziej wietrznej wyspie na tym rajskim archipelagu, co roku odbywaj\u0105 si\u0119&hellip;<\/div>                        <div class=\"cv-read-more\"><a href=http:\/\/nakanarach.pl\/index.php\/2025\/11\/17\/bajeczne-latawce-na-wietrznej-wyspie\/>Czytaj wi\u0119cej<i class=\"fas fa-arrow-right\"><\/i><\/a><\/div>                    <\/div><!-- .cv-post-right-wrap -->\r\n                <\/article>\r\n                        <article post-id=\"post-12123\" class=\"cv-post post-format--standard\" itemscope itemtype=\"http:\/\/schema.org\/articleBody\">\r\n                    <div class=\"cv-post-left-wrap\">\r\n                        <div class=\"cv-post-thumb\">\r\n                            <a href=\"http:\/\/nakanarach.pl\/index.php\/2025\/11\/14\/teczowa-gran-canaria\/\"><img decoding=\"async\" src=\"http:\/\/nakanarach.pl\/wp-content\/uploads\/2025\/11\/Winter-Pride-Maspalomas-2025.jpg\" alt=\"T\u0118CZOWA GRAN CANARIA\"\/><\/a>\r\n                        <\/div>\r\n                    <\/div><!-- .cv-post-left-wrap -->\r\n                    <div class=\"cv-post-right-wrap\">\r\n                                                <h2 class=\"cv-post-title\">\r\n                            <a href=\"http:\/\/nakanarach.pl\/index.php\/2025\/11\/14\/teczowa-gran-canaria\/\" target=\"_self\">\r\n                                T\u0118CZOWA GRAN CANARIA                            <\/a>\r\n                        <\/h2>\r\n                        <div class=\"cv-post-meta cv-meta-icon-show\">\r\n                            <span class=\"cv-post-date cv-post-meta-item\" itemprop=\"datePublished\"><a href=\"http:\/\/nakanarach.pl\/index.php\/2025\/11\/14\/teczowa-gran-canaria\/\">14 listopada 2025<\/a><\/span>                        <\/div>\r\n                        <div class=\"cv-post-content\" itemprop=\"description\">GRAN CANARIA: Ta wyspa co roku, w listopadzie staje si\u0119 \u015bwiatow\u0105 stolic\u0105 gejowskiej kultury. Jak&hellip;<\/div>                        <div class=\"cv-read-more\"><a href=http:\/\/nakanarach.pl\/index.php\/2025\/11\/14\/teczowa-gran-canaria\/>Czytaj wi\u0119cej<i class=\"fas fa-arrow-right\"><\/i><\/a><\/div>                    <\/div><!-- .cv-post-right-wrap -->\r\n                <\/article>\r\n                        <article post-id=\"post-12115\" class=\"cv-post post-format--standard\" itemscope itemtype=\"http:\/\/schema.org\/articleBody\">\r\n                    <div class=\"cv-post-left-wrap\">\r\n                        <div class=\"cv-post-thumb\">\r\n                            <a href=\"http:\/\/nakanarach.pl\/index.php\/2025\/11\/14\/pomimo-ostrzezen-wyplyneli-na-ocean\/\"><img decoding=\"async\" src=\"http:\/\/nakanarach.pl\/wp-content\/uploads\/2025\/11\/Przewrocona-lodz-Fot-Salvamento-Maritimo.webp\" alt=\"POMIMO OSTRZE\u017bE\u0143 WYP\u0141YN\u0118LI NA OCEAN\"\/><\/a>\r\n                        <\/div>\r\n                    <\/div><!-- .cv-post-left-wrap -->\r\n                    <div class=\"cv-post-right-wrap\">\r\n                                                <h2 class=\"cv-post-title\">\r\n                            <a href=\"http:\/\/nakanarach.pl\/index.php\/2025\/11\/14\/pomimo-ostrzezen-wyplyneli-na-ocean\/\" target=\"_self\">\r\n                                POMIMO OSTRZE\u017bE\u0143 WYP\u0141YN\u0118LI NA OCEAN                            <\/a>\r\n                        <\/h2>\r\n                        <div class=\"cv-post-meta cv-meta-icon-show\">\r\n                            <span class=\"cv-post-date cv-post-meta-item\" itemprop=\"datePublished\"><a href=\"http:\/\/nakanarach.pl\/index.php\/2025\/11\/14\/pomimo-ostrzezen-wyplyneli-na-ocean\/\">14 listopada 2025<\/a><\/span>                        <\/div>\r\n                        <div class=\"cv-post-content\" itemprop=\"description\">LANZAROTE: Trzy osoby cudem unikn\u0119\u0142y \u015bmierci, po tym, gdy pomimo ostrze\u017ce\u0144 o szkwale i gwa\u0142townych&hellip;<\/div>                        <div class=\"cv-read-more\"><a href=http:\/\/nakanarach.pl\/index.php\/2025\/11\/14\/pomimo-ostrzezen-wyplyneli-na-ocean\/>Czytaj wi\u0119cej<i class=\"fas fa-arrow-right\"><\/i><\/a><\/div>                    <\/div><!-- .cv-post-right-wrap -->\r\n                <\/article>\r\n                        <article post-id=\"post-12101\" class=\"cv-post post-format--standard\" itemscope itemtype=\"http:\/\/schema.org\/articleBody\">\r\n                    <div class=\"cv-post-left-wrap\">\r\n                        <div class=\"cv-post-thumb\">\r\n                            <a href=\"http:\/\/nakanarach.pl\/index.php\/2025\/11\/13\/gwaltowne-burze-i-ulewy\/\"><img decoding=\"async\" src=\"http:\/\/nakanarach.pl\/wp-content\/uploads\/2025\/11\/Palma-Przewrocona-FB-Bomberos-de-Tenerife.jpg\" alt=\"GWA\u0141TOWNE BURZE I ULEWY (VIDEO)\"\/><\/a>\r\n                        <\/div>\r\n                    <\/div><!-- .cv-post-left-wrap -->\r\n                    <div class=\"cv-post-right-wrap\">\r\n                                                <h2 class=\"cv-post-title\">\r\n                            <a href=\"http:\/\/nakanarach.pl\/index.php\/2025\/11\/13\/gwaltowne-burze-i-ulewy\/\" target=\"_self\">\r\n                                GWA\u0141TOWNE BURZE I ULEWY (VIDEO)                            <\/a>\r\n                        <\/h2>\r\n                        <div class=\"cv-post-meta cv-meta-icon-show\">\r\n                            <span class=\"cv-post-date cv-post-meta-item\" itemprop=\"datePublished\"><a href=\"http:\/\/nakanarach.pl\/index.php\/2025\/11\/13\/gwaltowne-burze-i-ulewy\/\">13 listopada 2025<\/a><\/span>                        <\/div>\r\n                        <div class=\"cv-post-content\" itemprop=\"description\">HISZPANIA\/WYSPY KANARYJSKIE: Dramatyczna sytuacja na tym rajskim archipelagu po niespotykanych tu od dawna opadach deszczu.&hellip;<\/div>                        <div class=\"cv-read-more\"><a href=http:\/\/nakanarach.pl\/index.php\/2025\/11\/13\/gwaltowne-burze-i-ulewy\/>Czytaj wi\u0119cej<i class=\"fas fa-arrow-right\"><\/i><\/a><\/div>                    <\/div><!-- .cv-post-right-wrap -->\r\n                <\/article>\r\n                        <article post-id=\"post-12081\" class=\"cv-post post-format--standard\" itemscope itemtype=\"http:\/\/schema.org\/articleBody\">\r\n                    <div class=\"cv-post-left-wrap\">\r\n                        <div class=\"cv-post-thumb\">\r\n                            <a href=\"http:\/\/nakanarach.pl\/index.php\/2025\/11\/12\/alert-przed-burzami-i-sztormem-video\/\"><img decoding=\"async\" src=\"http:\/\/nakanarach.pl\/wp-content\/uploads\/2022\/02\/Parasole-2-deszcz-scaled.jpg\" alt=\"ALERT PRZED BURZAMI I SZTORMEM (VIDEO)\"\/><\/a>\r\n                        <\/div>\r\n                    <\/div><!-- .cv-post-left-wrap -->\r\n                    <div class=\"cv-post-right-wrap\">\r\n                                                <h2 class=\"cv-post-title\">\r\n                            <a href=\"http:\/\/nakanarach.pl\/index.php\/2025\/11\/12\/alert-przed-burzami-i-sztormem-video\/\" target=\"_self\">\r\n                                ALERT PRZED BURZAMI I SZTORMEM (VIDEO)                            <\/a>\r\n                        <\/h2>\r\n                        <div class=\"cv-post-meta cv-meta-icon-show\">\r\n                            <span class=\"cv-post-date cv-post-meta-item\" itemprop=\"datePublished\"><a href=\"http:\/\/nakanarach.pl\/index.php\/2025\/11\/12\/alert-przed-burzami-i-sztormem-video\/\">12 listopada 2025<\/a><\/span>                        <\/div>\r\n                        <div class=\"cv-post-content\" itemprop=\"description\">WYSPY KANARYJSKIE: Niestabilna pogoda i trudne warunki w oceanie nadal trwaj\u0105 na rajskim archipelagu. Wysoka&hellip;<\/div>                        <div class=\"cv-read-more\"><a href=http:\/\/nakanarach.pl\/index.php\/2025\/11\/12\/alert-przed-burzami-i-sztormem-video\/>Czytaj wi\u0119cej<i class=\"fas fa-arrow-right\"><\/i><\/a><\/div>                    <\/div><!-- .cv-post-right-wrap -->\r\n                <\/article>\r\n                        <article post-id=\"post-11897\" class=\"cv-post post-format--standard\" itemscope itemtype=\"http:\/\/schema.org\/articleBody\">\r\n                    <div class=\"cv-post-left-wrap\">\r\n                        <div class=\"cv-post-thumb\">\r\n                            <a href=\"http:\/\/nakanarach.pl\/index.php\/2025\/11\/11\/inwazyjny-krab-na-kanarach\/\"><img decoding=\"async\" src=\"http:\/\/nakanarach.pl\/wp-content\/uploads\/2025\/11\/Krab-blekitny.jpg\" alt=\"INWAZYJNY KRAB NA KANARACH (VIDEO)\"\/><\/a>\r\n                        <\/div>\r\n                    <\/div><!-- .cv-post-left-wrap -->\r\n                    <div class=\"cv-post-right-wrap\">\r\n                                                <h2 class=\"cv-post-title\">\r\n                            <a href=\"http:\/\/nakanarach.pl\/index.php\/2025\/11\/11\/inwazyjny-krab-na-kanarach\/\" target=\"_self\">\r\n                                INWAZYJNY KRAB NA KANARACH (VIDEO)                            <\/a>\r\n                        <\/h2>\r\n                        <div class=\"cv-post-meta cv-meta-icon-show\">\r\n                            <span class=\"cv-post-date cv-post-meta-item\" itemprop=\"datePublished\"><a href=\"http:\/\/nakanarach.pl\/index.php\/2025\/11\/11\/inwazyjny-krab-na-kanarach\/\">11 listopada 2025<\/a><\/span>                        <\/div>\r\n                        <div class=\"cv-post-content\" itemprop=\"description\">FUERTEVENTURA: Inwazyjny krab b\u0142\u0119kitny, gatunek pochodz\u0105cy z wybrze\u017cy Ameryki P\u00f3\u0142nocnej i Po\u0142udniowej, zosta\u0142 odkryty w&hellip;<\/div>                        <div class=\"cv-read-more\"><a href=http:\/\/nakanarach.pl\/index.php\/2025\/11\/11\/inwazyjny-krab-na-kanarach\/>Czytaj wi\u0119cej<i class=\"fas fa-arrow-right\"><\/i><\/a><\/div>                    <\/div><!-- .cv-post-right-wrap -->\r\n                <\/article>\r\n                        <article post-id=\"post-11949\" class=\"cv-post post-format--standard\" itemscope itemtype=\"http:\/\/schema.org\/articleBody\">\r\n                    <div class=\"cv-post-left-wrap\">\r\n                        <div class=\"cv-post-thumb\">\r\n                            <a href=\"http:\/\/nakanarach.pl\/index.php\/2025\/11\/10\/inwazja-olbrzymich-karaluchow\/\"><img decoding=\"async\" src=\"http:\/\/nakanarach.pl\/wp-content\/uploads\/2023\/01\/Karaluchy-i-pajaki-scaled.jpg\" alt=\"INWAZJA OLBRZYMICH KARALUCH\u00d3W\"\/><\/a>\r\n                        <\/div>\r\n                    <\/div><!-- .cv-post-left-wrap -->\r\n                    <div class=\"cv-post-right-wrap\">\r\n                                                <h2 class=\"cv-post-title\">\r\n                            <a href=\"http:\/\/nakanarach.pl\/index.php\/2025\/11\/10\/inwazja-olbrzymich-karaluchow\/\" target=\"_self\">\r\n                                INWAZJA OLBRZYMICH KARALUCH\u00d3W                            <\/a>\r\n                        <\/h2>\r\n                        <div class=\"cv-post-meta cv-meta-icon-show\">\r\n                            <span class=\"cv-post-date cv-post-meta-item\" itemprop=\"datePublished\"><a href=\"http:\/\/nakanarach.pl\/index.php\/2025\/11\/10\/inwazja-olbrzymich-karaluchow\/\">10 listopada 2025<\/a><\/span>                        <\/div>\r\n                        <div class=\"cv-post-content\" itemprop=\"description\">HISZPANIA\/WYSPY KANARYJSKIE: Eksperci ostrzegaj\u0105 przed rosn\u0105c\u0105 liczb\u0105 przypadk\u00f3w rozprzestrzeniania si\u0119 karalucha ameryka\u0144skiego (Periplaneta americana) na&hellip;<\/div>                        <div class=\"cv-read-more\"><a href=http:\/\/nakanarach.pl\/index.php\/2025\/11\/10\/inwazja-olbrzymich-karaluchow\/>Czytaj wi\u0119cej<i class=\"fas fa-arrow-right\"><\/i><\/a><\/div>                    <\/div><!-- .cv-post-right-wrap -->\r\n                <\/article>\r\n                        <article post-id=\"post-12039\" class=\"cv-post post-format--standard\" itemscope itemtype=\"http:\/\/schema.org\/articleBody\">\r\n                    <div class=\"cv-post-left-wrap\">\r\n                        <div class=\"cv-post-thumb\">\r\n                            <a href=\"http:\/\/nakanarach.pl\/index.php\/2025\/11\/09\/wysokie-fale-porwaly-turystow\/\"><img decoding=\"async\" src=\"http:\/\/nakanarach.pl\/wp-content\/uploads\/2025\/11\/Ocean-112-Canarias-fale.jpg\" alt=\"WYSOKIE FALE PORWA\u0141Y TURYST\u00d3W\"\/><\/a>\r\n                        <\/div>\r\n                    <\/div><!-- .cv-post-left-wrap -->\r\n                    <div class=\"cv-post-right-wrap\">\r\n                                                <h2 class=\"cv-post-title\">\r\n                            <a href=\"http:\/\/nakanarach.pl\/index.php\/2025\/11\/09\/wysokie-fale-porwaly-turystow\/\" target=\"_self\">\r\n                                WYSOKIE FALE PORWA\u0141Y TURYST\u00d3W                            <\/a>\r\n                        <\/h2>\r\n                        <div class=\"cv-post-meta cv-meta-icon-show\">\r\n                            <span class=\"cv-post-date cv-post-meta-item\" itemprop=\"datePublished\"><a href=\"http:\/\/nakanarach.pl\/index.php\/2025\/11\/09\/wysokie-fale-porwaly-turystow\/\">9 listopada 2025<\/a><\/span>                        <\/div>\r\n                        <div class=\"cv-post-content\" itemprop=\"description\">TENERYFA: Tragiczny weekend na najwi\u0119kszej kanaryjskiej wyspie. Nie \u017cyj\u0105 trzy osoby. Wysokie fale porwa\u0142y do&hellip;<\/div>                        <div class=\"cv-read-more\"><a href=http:\/\/nakanarach.pl\/index.php\/2025\/11\/09\/wysokie-fale-porwaly-turystow\/>Czytaj wi\u0119cej<i class=\"fas fa-arrow-right\"><\/i><\/a><\/div>                    <\/div><!-- .cv-post-right-wrap -->\r\n                <\/article>\r\n                        <article post-id=\"post-12049\" class=\"cv-post post-format--standard\" itemscope itemtype=\"http:\/\/schema.org\/articleBody\">\r\n                    <div class=\"cv-post-left-wrap\">\r\n                        <div class=\"cv-post-thumb\">\r\n                            <a href=\"http:\/\/nakanarach.pl\/index.php\/2025\/11\/08\/ewakucja-dzieci-z-obozu\/\"><img decoding=\"async\" src=\"http:\/\/nakanarach.pl\/wp-content\/uploads\/2025\/11\/Pozar-w-obozie-2-FB-Bomberos-de-Tenerife-1.jpg\" alt=\"EWAKUACJA DZIECI Z OBOZU\"\/><\/a>\r\n                        <\/div>\r\n                    <\/div><!-- .cv-post-left-wrap -->\r\n                    <div class=\"cv-post-right-wrap\">\r\n                                                <h2 class=\"cv-post-title\">\r\n                            <a href=\"http:\/\/nakanarach.pl\/index.php\/2025\/11\/08\/ewakucja-dzieci-z-obozu\/\" target=\"_self\">\r\n                                EWAKUACJA DZIECI Z OBOZU                            <\/a>\r\n                        <\/h2>\r\n                        <div class=\"cv-post-meta cv-meta-icon-show\">\r\n                            <span class=\"cv-post-date cv-post-meta-item\" itemprop=\"datePublished\"><a href=\"http:\/\/nakanarach.pl\/index.php\/2025\/11\/08\/ewakucja-dzieci-z-obozu\/\">8 listopada 2025<\/a><\/span>                        <\/div>\r\n                        <div class=\"cv-post-content\" itemprop=\"description\">TENERYFA: Policja i stra\u017cacy wyja\u015bniaj\u0105 przyczyny dramatycznego po\u017caru na po\u0142udniu kanaryjskiej Teneryfy. Z tego powodu&hellip;<\/div>                        <div class=\"cv-read-more\"><a href=http:\/\/nakanarach.pl\/index.php\/2025\/11\/08\/ewakucja-dzieci-z-obozu\/>Czytaj wi\u0119cej<i class=\"fas fa-arrow-right\"><\/i><\/a><\/div>                    <\/div><!-- .cv-post-right-wrap -->\r\n                <\/article>\r\n                        <article post-id=\"post-12010\" class=\"cv-post post-format--standard\" itemscope itemtype=\"http:\/\/schema.org\/articleBody\">\r\n                    <div class=\"cv-post-left-wrap\">\r\n                        <div class=\"cv-post-thumb\">\r\n                            <a href=\"http:\/\/nakanarach.pl\/index.php\/2025\/11\/07\/najgoretszy-listopad-na-kanarach\/\"><img decoding=\"async\" src=\"http:\/\/nakanarach.pl\/wp-content\/uploads\/2025\/11\/Plaza-Las-Canteras-z-oddali-Teneryfa-1-scaled.jpg\" alt=\"NAJGOR\u0118TSZY LISTOPAD NA KANARACH\"\/><\/a>\r\n                        <\/div>\r\n                    <\/div><!-- .cv-post-left-wrap -->\r\n                    <div class=\"cv-post-right-wrap\">\r\n                                                <h2 class=\"cv-post-title\">\r\n                            <a href=\"http:\/\/nakanarach.pl\/index.php\/2025\/11\/07\/najgoretszy-listopad-na-kanarach\/\" target=\"_self\">\r\n                                NAJGOR\u0118TSZY LISTOPAD NA KANARACH                            <\/a>\r\n                        <\/h2>\r\n                        <div class=\"cv-post-meta cv-meta-icon-show\">\r\n                            <span class=\"cv-post-date cv-post-meta-item\" itemprop=\"datePublished\"><a href=\"http:\/\/nakanarach.pl\/index.php\/2025\/11\/07\/najgoretszy-listopad-na-kanarach\/\">7 listopada 2025<\/a><\/span>                        <\/div>\r\n                        <div class=\"cv-post-content\" itemprop=\"description\">TENERYFA\/GRAN CANARIA: To nie jest normalny listopad na tym rajskim archipelagu, co jednak cieszy wielu&hellip;<\/div>                        <div class=\"cv-read-more\"><a href=http:\/\/nakanarach.pl\/index.php\/2025\/11\/07\/najgoretszy-listopad-na-kanarach\/>Czytaj wi\u0119cej<i class=\"fas fa-arrow-right\"><\/i><\/a><\/div>                    <\/div><!-- .cv-post-right-wrap -->\r\n                <\/article>\r\n                        <article post-id=\"post-11994\" class=\"cv-post post-format--standard\" itemscope itemtype=\"http:\/\/schema.org\/articleBody\">\r\n                    <div class=\"cv-post-left-wrap\">\r\n                        <div class=\"cv-post-thumb\">\r\n                            <a href=\"http:\/\/nakanarach.pl\/index.php\/2025\/11\/06\/zamkniete-plaze-z-powodu-oleistej-plamy\/\"><img decoding=\"async\" src=\"http:\/\/nakanarach.pl\/wp-content\/uploads\/2025\/11\/Wyciek-zanieczyszczenie-ocean-Colectivo-Turcon.jpg\" alt=\"ZAMKNI\u0118TE PLA\u017bE Z POWODU ZANIECZYSZCZENIA (AKTUALIZACJA)\"\/><\/a>\r\n                        <\/div>\r\n                    <\/div><!-- .cv-post-left-wrap -->\r\n                    <div class=\"cv-post-right-wrap\">\r\n                                                <h2 class=\"cv-post-title\">\r\n                            <a href=\"http:\/\/nakanarach.pl\/index.php\/2025\/11\/06\/zamkniete-plaze-z-powodu-oleistej-plamy\/\" target=\"_self\">\r\n                                ZAMKNI\u0118TE PLA\u017bE Z POWODU ZANIECZYSZCZENIA (AKTUALIZACJA)                            <\/a>\r\n                        <\/h2>\r\n                        <div class=\"cv-post-meta cv-meta-icon-show\">\r\n                            <span class=\"cv-post-date cv-post-meta-item\" itemprop=\"datePublished\"><a href=\"http:\/\/nakanarach.pl\/index.php\/2025\/11\/06\/zamkniete-plaze-z-powodu-oleistej-plamy\/\">6 listopada 2025<\/a><\/span>                        <\/div>\r\n                        <div class=\"cv-post-content\" itemprop=\"description\">GRAN CANARIA\/TENERYFA: Policja i ratownicy nakazuj\u0105 k\u0105pi\u0105cym si\u0119 natychmiastowe wychodzenie z Oceanu Atlantyckiego na terenie&hellip;<\/div>                        <div class=\"cv-read-more\"><a href=http:\/\/nakanarach.pl\/index.php\/2025\/11\/06\/zamkniete-plaze-z-powodu-oleistej-plamy\/>Czytaj wi\u0119cej<i class=\"fas fa-arrow-right\"><\/i><\/a><\/div>                    <\/div><!-- .cv-post-right-wrap -->\r\n                <\/article>\r\n                        <article post-id=\"post-11983\" class=\"cv-post post-format--standard\" itemscope itemtype=\"http:\/\/schema.org\/articleBody\">\r\n                    <div class=\"cv-post-left-wrap\">\r\n                        <div class=\"cv-post-thumb\">\r\n                            <a href=\"http:\/\/nakanarach.pl\/index.php\/2025\/11\/05\/sting-wystapil-na-kanarach\/\"><img decoding=\"async\" src=\"http:\/\/nakanarach.pl\/wp-content\/uploads\/2025\/11\/Sting.jpg\" alt=\"STING WYST\u0104PI NA KANARACH\"\/><\/a>\r\n                        <\/div>\r\n                    <\/div><!-- .cv-post-left-wrap -->\r\n                    <div class=\"cv-post-right-wrap\">\r\n                                                <h2 class=\"cv-post-title\">\r\n                            <a href=\"http:\/\/nakanarach.pl\/index.php\/2025\/11\/05\/sting-wystapil-na-kanarach\/\" target=\"_self\">\r\n                                STING WYST\u0104PI NA KANARACH                            <\/a>\r\n                        <\/h2>\r\n                        <div class=\"cv-post-meta cv-meta-icon-show\">\r\n                            <span class=\"cv-post-date cv-post-meta-item\" itemprop=\"datePublished\"><a href=\"http:\/\/nakanarach.pl\/index.php\/2025\/11\/05\/sting-wystapil-na-kanarach\/\">5 listopada 2025<\/a><\/span>                        <\/div>\r\n                        <div class=\"cv-post-content\" itemprop=\"description\">GRAN CANARIA\/TENERYFA: Legendarny brytyjski muzyk Sting ponownie powr\u00f3ci na Wyspy Kanaryjskie w 2026 roku w&hellip;<\/div>                        <div class=\"cv-read-more\"><a href=http:\/\/nakanarach.pl\/index.php\/2025\/11\/05\/sting-wystapil-na-kanarach\/>Czytaj wi\u0119cej<i class=\"fas fa-arrow-right\"><\/i><\/a><\/div>                    <\/div><!-- .cv-post-right-wrap -->\r\n                <\/article>\r\n                        <article post-id=\"post-11976\" class=\"cv-post post-format--standard\" itemscope itemtype=\"http:\/\/schema.org\/articleBody\">\r\n                    <div class=\"cv-post-left-wrap\">\r\n                        <div class=\"cv-post-thumb\">\r\n                            <a href=\"http:\/\/nakanarach.pl\/index.php\/2025\/11\/04\/nielegalni-lokatorzy-musza-opuscic-hotel\/\"><img decoding=\"async\" src=\"http:\/\/nakanarach.pl\/wp-content\/uploads\/2025\/07\/Ocupas-Hotel-Callao-Sport-Teneryfa-Foto-Ashotel.webp\" alt=\"NIELEGALNI LOKATORZY MUSZ\u0104 OPU\u015aCI\u0106 HOTEL (VIDEO)\"\/><\/a>\r\n                        <\/div>\r\n                    <\/div><!-- .cv-post-left-wrap -->\r\n                    <div class=\"cv-post-right-wrap\">\r\n                                                <h2 class=\"cv-post-title\">\r\n                            <a href=\"http:\/\/nakanarach.pl\/index.php\/2025\/11\/04\/nielegalni-lokatorzy-musza-opuscic-hotel\/\" target=\"_self\">\r\n                                NIELEGALNI LOKATORZY MUSZ\u0104 OPU\u015aCI\u0106 HOTEL (VIDEO)                            <\/a>\r\n                        <\/h2>\r\n                        <div class=\"cv-post-meta cv-meta-icon-show\">\r\n                            <span class=\"cv-post-date cv-post-meta-item\" itemprop=\"datePublished\"><a href=\"http:\/\/nakanarach.pl\/index.php\/2025\/11\/04\/nielegalni-lokatorzy-musza-opuscic-hotel\/\">4 listopada 2025<\/a><\/span>                        <\/div>\r\n                        <div class=\"cv-post-content\" itemprop=\"description\">TENERYFA: Prawie 300 nielegalnych lokator\u00f3w tzw. ocupas musi opu\u015bci\u0107 czterogwiazdkowy hotel, kt\u00f3ry znajduje si\u0119 w&hellip;<\/div>                        <div class=\"cv-read-more\"><a href=http:\/\/nakanarach.pl\/index.php\/2025\/11\/04\/nielegalni-lokatorzy-musza-opuscic-hotel\/>Czytaj wi\u0119cej<i class=\"fas fa-arrow-right\"><\/i><\/a><\/div>                    <\/div><!-- .cv-post-right-wrap -->\r\n                <\/article>\r\n                        <article post-id=\"post-11961\" class=\"cv-post post-format--standard\" itemscope itemtype=\"http:\/\/schema.org\/articleBody\">\r\n                    <div class=\"cv-post-left-wrap\">\r\n                        <div class=\"cv-post-thumb\">\r\n                            <a href=\"http:\/\/nakanarach.pl\/index.php\/2025\/11\/03\/tragiczne-wydarzenia-w-oceanie\/\"><img decoding=\"async\" src=\"http:\/\/nakanarach.pl\/wp-content\/uploads\/2025\/11\/Utonal-surfer.webp\" alt=\"TRAGICZNE WYDARZENIA W OCEANIE\"\/><\/a>\r\n                        <\/div>\r\n                    <\/div><!-- .cv-post-left-wrap -->\r\n                    <div class=\"cv-post-right-wrap\">\r\n                                                <h2 class=\"cv-post-title\">\r\n                            <a href=\"http:\/\/nakanarach.pl\/index.php\/2025\/11\/03\/tragiczne-wydarzenia-w-oceanie\/\" target=\"_self\">\r\n                                TRAGICZNE WYDARZENIA W OCEANIE                            <\/a>\r\n                        <\/h2>\r\n                        <div class=\"cv-post-meta cv-meta-icon-show\">\r\n                            <span class=\"cv-post-date cv-post-meta-item\" itemprop=\"datePublished\"><a href=\"http:\/\/nakanarach.pl\/index.php\/2025\/11\/03\/tragiczne-wydarzenia-w-oceanie\/\">3 listopada 2025<\/a><\/span>                        <\/div>\r\n                        <div class=\"cv-post-content\" itemprop=\"description\">LANZAROTE: Tragiczny dla turyst\u00f3w okaza\u0142 si\u0119 pocz\u0105tek listopada na popularnej kanaryjskiej wyspie. Dosz\u0142o tam do&hellip;<\/div>                        <div class=\"cv-read-more\"><a href=http:\/\/nakanarach.pl\/index.php\/2025\/11\/03\/tragiczne-wydarzenia-w-oceanie\/>Czytaj wi\u0119cej<i class=\"fas fa-arrow-right\"><\/i><\/a><\/div>                    <\/div><!-- .cv-post-right-wrap -->\r\n                <\/article>\r\n                        <article post-id=\"post-11953\" class=\"cv-post post-format--standard\" itemscope itemtype=\"http:\/\/schema.org\/articleBody\">\r\n                    <div class=\"cv-post-left-wrap\">\r\n                        <div class=\"cv-post-thumb\">\r\n                            <a href=\"http:\/\/nakanarach.pl\/index.php\/2025\/11\/02\/wydluzono-godziny-pracy-lotnisk\/\"><img decoding=\"async\" src=\"http:\/\/nakanarach.pl\/wp-content\/uploads\/2022\/01\/Lotnisko-Skrzydla-chmury-neutral-scaled.jpg\" alt=\"WYD\u0141U\u017bONO GODZINY PRACY LOTNISK\"\/><\/a>\r\n                        <\/div>\r\n                    <\/div><!-- .cv-post-left-wrap -->\r\n                    <div class=\"cv-post-right-wrap\">\r\n                                                <h2 class=\"cv-post-title\">\r\n                            <a href=\"http:\/\/nakanarach.pl\/index.php\/2025\/11\/02\/wydluzono-godziny-pracy-lotnisk\/\" target=\"_self\">\r\n                                WYD\u0141U\u017bONO GODZINY PRACY LOTNISK                            <\/a>\r\n                        <\/h2>\r\n                        <div class=\"cv-post-meta cv-meta-icon-show\">\r\n                            <span class=\"cv-post-date cv-post-meta-item\" itemprop=\"datePublished\"><a href=\"http:\/\/nakanarach.pl\/index.php\/2025\/11\/02\/wydluzono-godziny-pracy-lotnisk\/\">2 listopada 2025<\/a><\/span>                        <\/div>\r\n                        <div class=\"cv-post-content\" itemprop=\"description\">FUERTEVENTURA\/LA PALMA: To mo\u017ce by\u0107 koniec koszmaru turyst\u00f3w, kt\u00f3rzy zamiast l\u0105dowa\u0107 na wymarzonej Fuerteventurze lub&hellip;<\/div>                        <div class=\"cv-read-more\"><a href=http:\/\/nakanarach.pl\/index.php\/2025\/11\/02\/wydluzono-godziny-pracy-lotnisk\/>Czytaj wi\u0119cej<i class=\"fas fa-arrow-right\"><\/i><\/a><\/div>                    <\/div><!-- .cv-post-right-wrap -->\r\n                <\/article>\r\n                        <article post-id=\"post-11912\" class=\"cv-post post-format--standard\" itemscope itemtype=\"http:\/\/schema.org\/articleBody\">\r\n                    <div class=\"cv-post-left-wrap\">\r\n                        <div class=\"cv-post-thumb\">\r\n                            <a href=\"http:\/\/nakanarach.pl\/index.php\/2025\/10\/31\/trzeba-uwazac-na-spadajace-skaly\/\"><img decoding=\"async\" src=\"http:\/\/nakanarach.pl\/wp-content\/uploads\/2025\/10\/Skaly-spadajace-znak-1-scaled.jpg\" alt=\"TRZEBA UWA\u017bA\u0106 NA SPADAJ\u0104CE SKA\u0141Y (VIDEO)\"\/><\/a>\r\n                        <\/div>\r\n                    <\/div><!-- .cv-post-left-wrap -->\r\n                    <div class=\"cv-post-right-wrap\">\r\n                                                <h2 class=\"cv-post-title\">\r\n                            <a href=\"http:\/\/nakanarach.pl\/index.php\/2025\/10\/31\/trzeba-uwazac-na-spadajace-skaly\/\" target=\"_self\">\r\n                                TRZEBA UWA\u017bA\u0106 NA SPADAJ\u0104CE SKA\u0141Y (VIDEO)                            <\/a>\r\n                        <\/h2>\r\n                        <div class=\"cv-post-meta cv-meta-icon-show\">\r\n                            <span class=\"cv-post-date cv-post-meta-item\" itemprop=\"datePublished\"><a href=\"http:\/\/nakanarach.pl\/index.php\/2025\/10\/31\/trzeba-uwazac-na-spadajace-skaly\/\">31 pa\u017adziernika 2025<\/a><\/span>                        <\/div>\r\n                        <div class=\"cv-post-content\" itemprop=\"description\">GRAN CANARIA: W\u0142adze Wysp Kanaryjskich rozpocz\u0119\u0142y kolejne kontrole miejsc, w kt\u00f3rych ska\u0142y spadaj\u0105 na drogi&hellip;<\/div>                        <div class=\"cv-read-more\"><a href=http:\/\/nakanarach.pl\/index.php\/2025\/10\/31\/trzeba-uwazac-na-spadajace-skaly\/>Czytaj wi\u0119cej<i class=\"fas fa-arrow-right\"><\/i><\/a><\/div>                    <\/div><!-- .cv-post-right-wrap -->\r\n                <\/article>\r\n                        <article post-id=\"post-11937\" class=\"cv-post post-format--standard\" itemscope itemtype=\"http:\/\/schema.org\/articleBody\">\r\n                    <div class=\"cv-post-left-wrap\">\r\n                        <div class=\"cv-post-thumb\">\r\n                            <a href=\"http:\/\/nakanarach.pl\/index.php\/2025\/10\/30\/myslalam-ze-dom-sie-zawali-mieszkancy-odczuli-silniejsze-trzesienie-ziemi\/\"><img decoding=\"async\" src=\"http:\/\/nakanarach.pl\/wp-content\/uploads\/2025\/10\/Agaete_11zon-scaled.jpg\" alt=\"&#8222;MY\u015aLA\u0141AM, \u017bE DOM SI\u0118 ZAWALI&#8221; &#8211; MIESZKA\u0143CY ODCZULI SILNIEJSZE TRZ\u0118SIENIE ZIEMI\"\/><\/a>\r\n                        <\/div>\r\n                    <\/div><!-- .cv-post-left-wrap -->\r\n                    <div class=\"cv-post-right-wrap\">\r\n                                                <h2 class=\"cv-post-title\">\r\n                            <a href=\"http:\/\/nakanarach.pl\/index.php\/2025\/10\/30\/myslalam-ze-dom-sie-zawali-mieszkancy-odczuli-silniejsze-trzesienie-ziemi\/\" target=\"_self\">\r\n                                &#8222;MY\u015aLA\u0141AM, \u017bE DOM SI\u0118 ZAWALI&#8221; &#8211; MIESZKA\u0143CY ODCZULI SILNIEJSZE TRZ\u0118SIENIE ZIEMI                            <\/a>\r\n                        <\/h2>\r\n                        <div class=\"cv-post-meta cv-meta-icon-show\">\r\n                            <span class=\"cv-post-date cv-post-meta-item\" itemprop=\"datePublished\"><a href=\"http:\/\/nakanarach.pl\/index.php\/2025\/10\/30\/myslalam-ze-dom-sie-zawali-mieszkancy-odczuli-silniejsze-trzesienie-ziemi\/\">30 pa\u017adziernika 2025<\/a><\/span>                        <\/div>\r\n                        <div class=\"cv-post-content\" itemprop=\"description\">GRAN CANARIA\/TENERYFA: Od niemal miesi\u0105ca na Wyspach Kanaryjskich wyst\u0119puj\u0105 trz\u0119sienia ziemi, kt\u00f3re g\u0142\u00f3wnie by\u0142y odczuwalne&hellip;<\/div>                        <div class=\"cv-read-more\"><a href=http:\/\/nakanarach.pl\/index.php\/2025\/10\/30\/myslalam-ze-dom-sie-zawali-mieszkancy-odczuli-silniejsze-trzesienie-ziemi\/>Czytaj wi\u0119cej<i class=\"fas fa-arrow-right\"><\/i><\/a><\/div>                    <\/div><!-- .cv-post-right-wrap -->\r\n                <\/article>\r\n                        <article post-id=\"post-11910\" class=\"cv-post post-format--standard\" itemscope itemtype=\"http:\/\/schema.org\/articleBody\">\r\n                    <div class=\"cv-post-left-wrap\">\r\n                        <div class=\"cv-post-thumb\">\r\n                            <a href=\"http:\/\/nakanarach.pl\/index.php\/2025\/10\/29\/pokojowki-okradly-turystow\/\"><img decoding=\"async\" src=\"http:\/\/nakanarach.pl\/wp-content\/uploads\/2021\/06\/Policia-Nacional.jpg\" alt=\"POKOJ\u00d3WKI OKRAD\u0141Y TURYST\u00d3W\"\/><\/a>\r\n                        <\/div>\r\n                    <\/div><!-- .cv-post-left-wrap -->\r\n                    <div class=\"cv-post-right-wrap\">\r\n                                                <h2 class=\"cv-post-title\">\r\n                            <a href=\"http:\/\/nakanarach.pl\/index.php\/2025\/10\/29\/pokojowki-okradly-turystow\/\" target=\"_self\">\r\n                                POKOJ\u00d3WKI OKRAD\u0141Y TURYST\u00d3W                            <\/a>\r\n                        <\/h2>\r\n                        <div class=\"cv-post-meta cv-meta-icon-show\">\r\n                            <span class=\"cv-post-date cv-post-meta-item\" itemprop=\"datePublished\"><a href=\"http:\/\/nakanarach.pl\/index.php\/2025\/10\/29\/pokojowki-okradly-turystow\/\">29 pa\u017adziernika 2025<\/a><\/span>                        <\/div>\r\n                        <div class=\"cv-post-content\" itemprop=\"description\">TENERYFA: Hiszpa\u0144ska policja zatrzyma\u0142a dwie pracownice znanego hotelu na po\u0142udniu najwi\u0119kszej kanaryjskiej wyspy pod zarzutem&hellip;<\/div>                        <div class=\"cv-read-more\"><a href=http:\/\/nakanarach.pl\/index.php\/2025\/10\/29\/pokojowki-okradly-turystow\/>Czytaj wi\u0119cej<i class=\"fas fa-arrow-right\"><\/i><\/a><\/div>                    <\/div><!-- .cv-post-right-wrap -->\r\n                <\/article>\r\n                        <article post-id=\"post-11893\" class=\"cv-post post-format--standard\" itemscope itemtype=\"http:\/\/schema.org\/articleBody\">\r\n                    <div class=\"cv-post-left-wrap\">\r\n                        <div class=\"cv-post-thumb\">\r\n                            <a href=\"http:\/\/nakanarach.pl\/index.php\/2025\/10\/28\/tragedia-na-hotelowym-balkonie\/\"><img decoding=\"async\" src=\"http:\/\/nakanarach.pl\/wp-content\/uploads\/2025\/10\/Policia-Local-Canaria.webp\" alt=\"TRAGEDIA NA HOTELOWYM BALKONIE\"\/><\/a>\r\n                        <\/div>\r\n                    <\/div><!-- .cv-post-left-wrap -->\r\n                    <div class=\"cv-post-right-wrap\">\r\n                                                <h2 class=\"cv-post-title\">\r\n                            <a href=\"http:\/\/nakanarach.pl\/index.php\/2025\/10\/28\/tragedia-na-hotelowym-balkonie\/\" target=\"_self\">\r\n                                TRAGEDIA NA HOTELOWYM BALKONIE                            <\/a>\r\n                        <\/h2>\r\n                        <div class=\"cv-post-meta cv-meta-icon-show\">\r\n                            <span class=\"cv-post-date cv-post-meta-item\" itemprop=\"datePublished\"><a href=\"http:\/\/nakanarach.pl\/index.php\/2025\/10\/28\/tragedia-na-hotelowym-balkonie\/\">28 pa\u017adziernika 2025<\/a><\/span>                        <\/div>\r\n                        <div class=\"cv-post-content\" itemprop=\"description\">LANZAROTE: Tragiczny wypadek w hotelu na kanaryjskiej wyspie Lanzarote, gdy zawali\u0142a si\u0119 balustrada balkonu hotelowego.&hellip;<\/div>                        <div class=\"cv-read-more\"><a href=http:\/\/nakanarach.pl\/index.php\/2025\/10\/28\/tragedia-na-hotelowym-balkonie\/>Czytaj wi\u0119cej<i class=\"fas fa-arrow-right\"><\/i><\/a><\/div>                    <\/div><!-- .cv-post-right-wrap -->\r\n                <\/article>\r\n                        <article post-id=\"post-11884\" class=\"cv-post post-format--standard\" itemscope itemtype=\"http:\/\/schema.org\/articleBody\">\r\n                    <div class=\"cv-post-left-wrap\">\r\n                        <div class=\"cv-post-thumb\">\r\n                            <a href=\"http:\/\/nakanarach.pl\/index.php\/2025\/10\/27\/nie-ma-dnia-bez-trzesienia-ziemi-na-kanarach\/\"><img decoding=\"async\" src=\"http:\/\/nakanarach.pl\/wp-content\/uploads\/2023\/05\/Gran-Canaria-Wulkan-z-gory.jpeg\" alt=\"NIE MA DNIA BEZ TRZ\u0118SIENIA ZIEMI NA KANARACH\"\/><\/a>\r\n                        <\/div>\r\n                    <\/div><!-- .cv-post-left-wrap -->\r\n                    <div class=\"cv-post-right-wrap\">\r\n                                                <h2 class=\"cv-post-title\">\r\n                            <a href=\"http:\/\/nakanarach.pl\/index.php\/2025\/10\/27\/nie-ma-dnia-bez-trzesienia-ziemi-na-kanarach\/\" target=\"_self\">\r\n                                NIE MA DNIA BEZ TRZ\u0118SIENIA ZIEMI NA KANARACH                            <\/a>\r\n                        <\/h2>\r\n                        <div class=\"cv-post-meta cv-meta-icon-show\">\r\n                            <span class=\"cv-post-date cv-post-meta-item\" itemprop=\"datePublished\"><a href=\"http:\/\/nakanarach.pl\/index.php\/2025\/10\/27\/nie-ma-dnia-bez-trzesienia-ziemi-na-kanarach\/\">27 pa\u017adziernika 2025<\/a><\/span>                        <\/div>\r\n                        <div class=\"cv-post-content\" itemprop=\"description\">TENERYFA\/GRAN CANARIA: Od po\u0142owy pa\u017adziernika niemal ka\u017cdego dnia trz\u0119sie si\u0119 ziemia z powodu podwodnego wulkanu&hellip;<\/div>                        <div class=\"cv-read-more\"><a href=http:\/\/nakanarach.pl\/index.php\/2025\/10\/27\/nie-ma-dnia-bez-trzesienia-ziemi-na-kanarach\/>Czytaj wi\u0119cej<i class=\"fas fa-arrow-right\"><\/i><\/a><\/div>                    <\/div><!-- .cv-post-right-wrap -->\r\n                <\/article>\r\n                        <article post-id=\"post-11819\" class=\"cv-post post-format--standard\" itemscope itemtype=\"http:\/\/schema.org\/articleBody\">\r\n                    <div class=\"cv-post-left-wrap\">\r\n                        <div class=\"cv-post-thumb\">\r\n                            <a href=\"http:\/\/nakanarach.pl\/index.php\/2025\/10\/27\/duzy-popyt-na-nieruchomosci-ale-trzeba-uwazac-na-pulapki\/\"><img decoding=\"async\" src=\"http:\/\/nakanarach.pl\/wp-content\/uploads\/2024\/12\/domy-nieruchomosci-gc_optimized-scaled.jpg\" alt=\"DU\u017bY POPYT NA NIERUCHOMO\u015aCI, ALE TRZEBA UWA\u017bA\u0106 NA PU\u0141APKI\"\/><\/a>\r\n                        <\/div>\r\n                    <\/div><!-- .cv-post-left-wrap -->\r\n                    <div class=\"cv-post-right-wrap\">\r\n                                                <h2 class=\"cv-post-title\">\r\n                            <a href=\"http:\/\/nakanarach.pl\/index.php\/2025\/10\/27\/duzy-popyt-na-nieruchomosci-ale-trzeba-uwazac-na-pulapki\/\" target=\"_self\">\r\n                                DU\u017bY POPYT NA NIERUCHOMO\u015aCI, ALE TRZEBA UWA\u017bA\u0106 NA PU\u0141APKI                            <\/a>\r\n                        <\/h2>\r\n                        <div class=\"cv-post-meta cv-meta-icon-show\">\r\n                            <span class=\"cv-post-date cv-post-meta-item\" itemprop=\"datePublished\"><a href=\"http:\/\/nakanarach.pl\/index.php\/2025\/10\/27\/duzy-popyt-na-nieruchomosci-ale-trzeba-uwazac-na-pulapki\/\">27 pa\u017adziernika 2025<\/a><\/span>                        <\/div>\r\n                        <div class=\"cv-post-content\" itemprop=\"description\">HISZPANIA\/WYSPY KANARYJSKIE: Wielu Polak\u00f3w zastanawia si\u0119, gdzie najlepiej kupi\u0107 nieruchomo\u015b\u0107 na wynajem turystyczny. Nasi rodacy,&hellip;<\/div>                        <div class=\"cv-read-more\"><a href=http:\/\/nakanarach.pl\/index.php\/2025\/10\/27\/duzy-popyt-na-nieruchomosci-ale-trzeba-uwazac-na-pulapki\/>Czytaj wi\u0119cej<i class=\"fas fa-arrow-right\"><\/i><\/a><\/div>                    <\/div><!-- .cv-post-right-wrap -->\r\n                <\/article>\r\n                        <article post-id=\"post-8788\" class=\"cv-post post-format--standard\" itemscope itemtype=\"http:\/\/schema.org\/articleBody\">\r\n                    <div class=\"cv-post-left-wrap\">\r\n                        <div class=\"cv-post-thumb\">\r\n                            <a href=\"http:\/\/nakanarach.pl\/index.php\/2025\/10\/25\/zmiana-czasu-i-dwie-strefy\/\"><img decoding=\"async\" src=\"http:\/\/nakanarach.pl\/wp-content\/uploads\/2022\/10\/Zegar-i-palma-scaled.jpg\" alt=\"KONIEC ZMIANY CZASU W DW\u00d3CH STREFACH\"\/><\/a>\r\n                        <\/div>\r\n                    <\/div><!-- .cv-post-left-wrap -->\r\n                    <div class=\"cv-post-right-wrap\">\r\n                                                <h2 class=\"cv-post-title\">\r\n                            <a href=\"http:\/\/nakanarach.pl\/index.php\/2025\/10\/25\/zmiana-czasu-i-dwie-strefy\/\" target=\"_self\">\r\n                                KONIEC ZMIANY CZASU W DW\u00d3CH STREFACH                            <\/a>\r\n                        <\/h2>\r\n                        <div class=\"cv-post-meta cv-meta-icon-show\">\r\n                            <span class=\"cv-post-date cv-post-meta-item\" itemprop=\"datePublished\"><a href=\"http:\/\/nakanarach.pl\/index.php\/2025\/10\/25\/zmiana-czasu-i-dwie-strefy\/\">25 pa\u017adziernika 2025<\/a><\/span>                        <\/div>\r\n                        <div class=\"cv-post-content\" itemprop=\"description\">HISZPANIA\/WYSPY KANARYJSKIE: Ten iberyjski kraj ma po\u017cegna\u0107 si\u0119 z odbywaj\u0105cymi si\u0119 zmianami wskaz\u00f3wek zegar\u00f3w, kt\u00f3re&hellip;<\/div>                        <div class=\"cv-read-more\"><a href=http:\/\/nakanarach.pl\/index.php\/2025\/10\/25\/zmiana-czasu-i-dwie-strefy\/>Czytaj wi\u0119cej<i class=\"fas fa-arrow-right\"><\/i><\/a><\/div>                    <\/div><!-- .cv-post-right-wrap -->\r\n                <\/article>\r\n                        <article post-id=\"post-11873\" class=\"cv-post post-format--standard\" itemscope itemtype=\"http:\/\/schema.org\/articleBody\">\r\n                    <div class=\"cv-post-left-wrap\">\r\n                        <div class=\"cv-post-thumb\">\r\n                            <a href=\"http:\/\/nakanarach.pl\/index.php\/2025\/10\/24\/wypadki-turystow-przy-nurkowaniu\/\"><img decoding=\"async\" src=\"http:\/\/nakanarach.pl\/wp-content\/uploads\/2025\/10\/Nurek_11zon-scaled.jpg\" alt=\"WYPADKI TURYST\u00d3W PRZY NURKOWANIU\"\/><\/a>\r\n                        <\/div>\r\n                    <\/div><!-- .cv-post-left-wrap -->\r\n                    <div class=\"cv-post-right-wrap\">\r\n                                                <h2 class=\"cv-post-title\">\r\n                            <a href=\"http:\/\/nakanarach.pl\/index.php\/2025\/10\/24\/wypadki-turystow-przy-nurkowaniu\/\" target=\"_self\">\r\n                                WYPADKI TURYST\u00d3W PRZY NURKOWANIU                            <\/a>\r\n                        <\/h2>\r\n                        <div class=\"cv-post-meta cv-meta-icon-show\">\r\n                            <span class=\"cv-post-date cv-post-meta-item\" itemprop=\"datePublished\"><a href=\"http:\/\/nakanarach.pl\/index.php\/2025\/10\/24\/wypadki-turystow-przy-nurkowaniu\/\">24 pa\u017adziernika 2025<\/a><\/span>                        <\/div>\r\n                        <div class=\"cv-post-content\" itemprop=\"description\">LANZAROTE: M\u0119\u017cczyzna odni\u00f3s\u0142 powa\u017cne obra\u017cenia w wyniku wypadku podczas nurkowania w Playa Chica w Puerto&hellip;<\/div>                        <div class=\"cv-read-more\"><a href=http:\/\/nakanarach.pl\/index.php\/2025\/10\/24\/wypadki-turystow-przy-nurkowaniu\/>Czytaj wi\u0119cej<i class=\"fas fa-arrow-right\"><\/i><\/a><\/div>                    <\/div><!-- .cv-post-right-wrap -->\r\n                <\/article>\r\n                        <article post-id=\"post-11748\" class=\"cv-post post-format--standard\" itemscope itemtype=\"http:\/\/schema.org\/articleBody\">\r\n                    <div class=\"cv-post-left-wrap\">\r\n                        <div class=\"cv-post-thumb\">\r\n                            <a href=\"http:\/\/nakanarach.pl\/index.php\/2025\/10\/23\/strus-biegal-po-autostradzie\/\"><img decoding=\"async\" src=\"http:\/\/nakanarach.pl\/wp-content\/uploads\/2025\/10\/Guardia-Civil-Trafico.jpg\" alt=\"STRU\u015a BIEGA\u0141 PO AUTOSTRADZIE\"\/><\/a>\r\n                        <\/div>\r\n                    <\/div><!-- .cv-post-left-wrap -->\r\n                    <div class=\"cv-post-right-wrap\">\r\n                                                <h2 class=\"cv-post-title\">\r\n                            <a href=\"http:\/\/nakanarach.pl\/index.php\/2025\/10\/23\/strus-biegal-po-autostradzie\/\" target=\"_self\">\r\n                                STRU\u015a BIEGA\u0141 PO AUTOSTRADZIE                            <\/a>\r\n                        <\/h2>\r\n                        <div class=\"cv-post-meta cv-meta-icon-show\">\r\n                            <span class=\"cv-post-date cv-post-meta-item\" itemprop=\"datePublished\"><a href=\"http:\/\/nakanarach.pl\/index.php\/2025\/10\/23\/strus-biegal-po-autostradzie\/\">23 pa\u017adziernika 2025<\/a><\/span>                        <\/div>\r\n                        <div class=\"cv-post-content\" itemprop=\"description\">GRAN CANARIA: W Polsce na drogach trzeba uwa\u017ca\u0107 m.in. dziki, sarny, jelenie, a ostatnio nawet&hellip;<\/div>                        <div class=\"cv-read-more\"><a href=http:\/\/nakanarach.pl\/index.php\/2025\/10\/23\/strus-biegal-po-autostradzie\/>Czytaj wi\u0119cej<i class=\"fas fa-arrow-right\"><\/i><\/a><\/div>                    <\/div><!-- .cv-post-right-wrap -->\r\n                <\/article>\r\n                        <article post-id=\"post-11822\" class=\"cv-post post-format--standard\" itemscope itemtype=\"http:\/\/schema.org\/articleBody\">\r\n                    <div class=\"cv-post-left-wrap\">\r\n                        <div class=\"cv-post-thumb\">\r\n                            <a href=\"http:\/\/nakanarach.pl\/index.php\/2025\/10\/22\/alert-na-kanarach-wysokie-promieniowanie-uv\/\"><img decoding=\"async\" src=\"http:\/\/nakanarach.pl\/wp-content\/uploads\/2022\/09\/Plaza-GC-Parasole-scaled.jpg\" alt=\"ALERT NA KANARACH &#8211; WYSOKIE PROMIENIOWANIE UV\"\/><\/a>\r\n                        <\/div>\r\n                    <\/div><!-- .cv-post-left-wrap -->\r\n                    <div class=\"cv-post-right-wrap\">\r\n                                                <h2 class=\"cv-post-title\">\r\n                            <a href=\"http:\/\/nakanarach.pl\/index.php\/2025\/10\/22\/alert-na-kanarach-wysokie-promieniowanie-uv\/\" target=\"_self\">\r\n                                ALERT NA KANARACH &#8211; WYSOKIE PROMIENIOWANIE UV                            <\/a>\r\n                        <\/h2>\r\n                        <div class=\"cv-post-meta cv-meta-icon-show\">\r\n                            <span class=\"cv-post-date cv-post-meta-item\" itemprop=\"datePublished\"><a href=\"http:\/\/nakanarach.pl\/index.php\/2025\/10\/22\/alert-na-kanarach-wysokie-promieniowanie-uv\/\">22 pa\u017adziernika 2025<\/a><\/span>                        <\/div>\r\n                        <div class=\"cv-post-content\" itemprop=\"description\">WYSPY KANARYJSKIE: Kiedy w Polsce s\u0142o\u0144ca jest teraz bardzo ma\u0142o, a temperatury spadaj\u0105 w nocy&hellip;<\/div>                        <div class=\"cv-read-more\"><a href=http:\/\/nakanarach.pl\/index.php\/2025\/10\/22\/alert-na-kanarach-wysokie-promieniowanie-uv\/>Czytaj wi\u0119cej<i class=\"fas fa-arrow-right\"><\/i><\/a><\/div>                    <\/div><!-- .cv-post-right-wrap -->\r\n                <\/article>\r\n                        <article post-id=\"post-11806\" class=\"cv-post post-format--standard\" itemscope itemtype=\"http:\/\/schema.org\/articleBody\">\r\n                    <div class=\"cv-post-left-wrap\">\r\n                        <div class=\"cv-post-thumb\">\r\n                            <a href=\"http:\/\/nakanarach.pl\/index.php\/2025\/10\/21\/rozbito-gang-dzialajacy-w-znanych-kurortach\/\"><img decoding=\"async\" src=\"http:\/\/nakanarach.pl\/wp-content\/uploads\/2021\/04\/Policia-Nacional-Fot.-Policia-Nacional.jpg\" alt=\"ROZBITO GANG DZIA\u0141AJ\u0104CY W ZNANYCH KURORTACH\"\/><\/a>\r\n                        <\/div>\r\n                    <\/div><!-- .cv-post-left-wrap -->\r\n                    <div class=\"cv-post-right-wrap\">\r\n                                                <h2 class=\"cv-post-title\">\r\n                            <a href=\"http:\/\/nakanarach.pl\/index.php\/2025\/10\/21\/rozbito-gang-dzialajacy-w-znanych-kurortach\/\" target=\"_self\">\r\n                                ROZBITO GANG DZIA\u0141AJ\u0104CY W ZNANYCH KURORTACH                            <\/a>\r\n                        <\/h2>\r\n                        <div class=\"cv-post-meta cv-meta-icon-show\">\r\n                            <span class=\"cv-post-date cv-post-meta-item\" itemprop=\"datePublished\"><a href=\"http:\/\/nakanarach.pl\/index.php\/2025\/10\/21\/rozbito-gang-dzialajacy-w-znanych-kurortach\/\">21 pa\u017adziernika 2025<\/a><\/span>                        <\/div>\r\n                        <div class=\"cv-post-content\" itemprop=\"description\">TENERYFA: Hiszpa\u0144skiej policji uda\u0142o si\u0119 rozbi\u0107 gang przest\u0119pczy odpowiedzialny za seri\u0119 w\u0142ama\u0144 i kradzie\u017cy w&hellip;<\/div>                        <div class=\"cv-read-more\"><a href=http:\/\/nakanarach.pl\/index.php\/2025\/10\/21\/rozbito-gang-dzialajacy-w-znanych-kurortach\/>Czytaj wi\u0119cej<i class=\"fas fa-arrow-right\"><\/i><\/a><\/div>                    <\/div><!-- .cv-post-right-wrap -->\r\n                <\/article>\r\n                        <article post-id=\"post-11798\" class=\"cv-post post-format--standard\" itemscope itemtype=\"http:\/\/schema.org\/articleBody\">\r\n                    <div class=\"cv-post-left-wrap\">\r\n                        <div class=\"cv-post-thumb\">\r\n                            <a href=\"http:\/\/nakanarach.pl\/index.php\/2025\/10\/20\/mieszkanczy-odczuli-trzesienie-ziemi\/\"><img decoding=\"async\" src=\"http:\/\/nakanarach.pl\/wp-content\/uploads\/2023\/05\/Gran-Canaria-Wulkan-z-gory.jpeg\" alt=\"MIESZKA\u0143CY ODCZULI TRZ\u0118SIENIE ZIEMI\"\/><\/a>\r\n                        <\/div>\r\n                    <\/div><!-- .cv-post-left-wrap -->\r\n                    <div class=\"cv-post-right-wrap\">\r\n                                                <h2 class=\"cv-post-title\">\r\n                            <a href=\"http:\/\/nakanarach.pl\/index.php\/2025\/10\/20\/mieszkanczy-odczuli-trzesienie-ziemi\/\" target=\"_self\">\r\n                                MIESZKA\u0143CY ODCZULI TRZ\u0118SIENIE ZIEMI                            <\/a>\r\n                        <\/h2>\r\n                        <div class=\"cv-post-meta cv-meta-icon-show\">\r\n                            <span class=\"cv-post-date cv-post-meta-item\" itemprop=\"datePublished\"><a href=\"http:\/\/nakanarach.pl\/index.php\/2025\/10\/20\/mieszkanczy-odczuli-trzesienie-ziemi\/\">20 pa\u017adziernika 2025<\/a><\/span>                        <\/div>\r\n                        <div class=\"cv-post-content\" itemprop=\"description\">TENERYFA: Mieszka\u0144cy kilku rejon\u00f3w p\u00f3\u0142nocnej Teneryfy odczuli w miniony weekend kolejne trz\u0119sienie ziemi, podczas aktywno\u015bci&hellip;<\/div>                        <div class=\"cv-read-more\"><a href=http:\/\/nakanarach.pl\/index.php\/2025\/10\/20\/mieszkanczy-odczuli-trzesienie-ziemi\/>Czytaj wi\u0119cej<i class=\"fas fa-arrow-right\"><\/i><\/a><\/div>                    <\/div><!-- .cv-post-right-wrap -->\r\n                <\/article>\r\n                        <article post-id=\"post-11639\" class=\"cv-post post-format--standard\" itemscope itemtype=\"http:\/\/schema.org\/articleBody\">\r\n                    <div class=\"cv-post-left-wrap\">\r\n                        <div class=\"cv-post-thumb\">\r\n                            <a href=\"http:\/\/nakanarach.pl\/index.php\/2025\/10\/17\/parki-nardowe-na-krawedzi-zalamania\/\"><img decoding=\"async\" src=\"http:\/\/nakanarach.pl\/wp-content\/uploads\/2025\/08\/Park-Nacional-Teide.webp\" alt=\"PARKI NARODOWE NA KRAW\u0118DZI ZA\u0141AMANIA\"\/><\/a>\r\n                        <\/div>\r\n                    <\/div><!-- .cv-post-left-wrap -->\r\n                    <div class=\"cv-post-right-wrap\">\r\n                                                <h2 class=\"cv-post-title\">\r\n                            <a href=\"http:\/\/nakanarach.pl\/index.php\/2025\/10\/17\/parki-nardowe-na-krawedzi-zalamania\/\" target=\"_self\">\r\n                                PARKI NARODOWE NA KRAW\u0118DZI ZA\u0141AMANIA                            <\/a>\r\n                        <\/h2>\r\n                        <div class=\"cv-post-meta cv-meta-icon-show\">\r\n                            <span class=\"cv-post-date cv-post-meta-item\" itemprop=\"datePublished\"><a href=\"http:\/\/nakanarach.pl\/index.php\/2025\/10\/17\/parki-nardowe-na-krawedzi-zalamania\/\">17 pa\u017adziernika 2025<\/a><\/span>                        <\/div>\r\n                        <div class=\"cv-post-content\" itemprop=\"description\">TENERYFA: Parki narodowe na Wyspach Kanaryjskich s\u0105 na kraw\u0119dzi za\u0142amania z powodu drastycznie rosn\u0105cej liczby&hellip;<\/div>                        <div class=\"cv-read-more\"><a href=http:\/\/nakanarach.pl\/index.php\/2025\/10\/17\/parki-nardowe-na-krawedzi-zalamania\/>Czytaj wi\u0119cej<i class=\"fas fa-arrow-right\"><\/i><\/a><\/div>                    <\/div><!-- .cv-post-right-wrap -->\r\n                <\/article>\r\n                        <article post-id=\"post-11767\" class=\"cv-post post-format--standard\" itemscope itemtype=\"http:\/\/schema.org\/articleBody\">\r\n                    <div class=\"cv-post-left-wrap\">\r\n                        <div class=\"cv-post-thumb\">\r\n                            <a href=\"http:\/\/nakanarach.pl\/index.php\/2025\/10\/17\/gang-okradal-bagaze-turystow-turystow-na-lotnisku\/\"><img decoding=\"async\" src=\"http:\/\/nakanarach.pl\/wp-content\/uploads\/2025\/10\/Kradziez-na-lotnisku-Teneryfa-Guardia-Civil.webp\" alt=\"GANG OKRADA\u0141 BAGA\u017bE TURYST\u00d3W TURYST\u00d3W NA LOTNISKU\"\/><\/a>\r\n                        <\/div>\r\n                    <\/div><!-- .cv-post-left-wrap -->\r\n                    <div class=\"cv-post-right-wrap\">\r\n                                                <h2 class=\"cv-post-title\">\r\n                            <a href=\"http:\/\/nakanarach.pl\/index.php\/2025\/10\/17\/gang-okradal-bagaze-turystow-turystow-na-lotnisku\/\" target=\"_self\">\r\n                                GANG OKRADA\u0141 BAGA\u017bE TURYST\u00d3W TURYST\u00d3W NA LOTNISKU                            <\/a>\r\n                        <\/h2>\r\n                        <div class=\"cv-post-meta cv-meta-icon-show\">\r\n                            <span class=\"cv-post-date cv-post-meta-item\" itemprop=\"datePublished\"><a href=\"http:\/\/nakanarach.pl\/index.php\/2025\/10\/17\/gang-okradal-bagaze-turystow-turystow-na-lotnisku\/\">17 pa\u017adziernika 2025<\/a><\/span>                        <\/div>\r\n                        <div class=\"cv-post-content\" itemprop=\"description\">TENERYFA: Prawdopodobnie najwi\u0119ksza w historii afera lotniskowa zatacza coraz szersze kr\u0119gi. Gwardia Cywilna kontynuuje bezprecedensowe&hellip;<\/div>                        <div class=\"cv-read-more\"><a href=http:\/\/nakanarach.pl\/index.php\/2025\/10\/17\/gang-okradal-bagaze-turystow-turystow-na-lotnisku\/>Czytaj wi\u0119cej<i class=\"fas fa-arrow-right\"><\/i><\/a><\/div>                    <\/div><!-- .cv-post-right-wrap -->\r\n                <\/article>\r\n                        <article post-id=\"post-11772\" class=\"cv-post post-format--standard\" itemscope itemtype=\"http:\/\/schema.org\/articleBody\">\r\n                    <div class=\"cv-post-left-wrap\">\r\n                        <div class=\"cv-post-thumb\">\r\n                            <a href=\"http:\/\/nakanarach.pl\/index.php\/2025\/10\/16\/okradali-auta-turystow\/\"><img decoding=\"async\" src=\"http:\/\/nakanarach.pl\/wp-content\/uploads\/2025\/10\/Okradali-auta-turystow-Guardia-Civil.webp\" alt=\"OKRADALI AUTA TURYST\u00d3W\"\/><\/a>\r\n                        <\/div>\r\n                    <\/div><!-- .cv-post-left-wrap -->\r\n                    <div class=\"cv-post-right-wrap\">\r\n                                                <h2 class=\"cv-post-title\">\r\n                            <a href=\"http:\/\/nakanarach.pl\/index.php\/2025\/10\/16\/okradali-auta-turystow\/\" target=\"_self\">\r\n                                OKRADALI AUTA TURYST\u00d3W                            <\/a>\r\n                        <\/h2>\r\n                        <div class=\"cv-post-meta cv-meta-icon-show\">\r\n                            <span class=\"cv-post-date cv-post-meta-item\" itemprop=\"datePublished\"><a href=\"http:\/\/nakanarach.pl\/index.php\/2025\/10\/16\/okradali-auta-turystow\/\">16 pa\u017adziernika 2025<\/a><\/span>                        <\/div>\r\n                        <div class=\"cv-post-content\" itemprop=\"description\">LANZAROTE I FUERTEVENTURA: Gwardia Cywilna zatrzyma\u0142a dwie osoby oskar\u017cone o w\u0142amania i kradzie\u017ce z samochod\u00f3w&hellip;<\/div>                        <div class=\"cv-read-more\"><a href=http:\/\/nakanarach.pl\/index.php\/2025\/10\/16\/okradali-auta-turystow\/>Czytaj wi\u0119cej<i class=\"fas fa-arrow-right\"><\/i><\/a><\/div>                    <\/div><!-- .cv-post-right-wrap -->\r\n                <\/article>\r\n                        <article post-id=\"post-11752\" class=\"cv-post post-format--standard\" itemscope itemtype=\"http:\/\/schema.org\/articleBody\">\r\n                    <div class=\"cv-post-left-wrap\">\r\n                        <div class=\"cv-post-thumb\">\r\n                            <a href=\"http:\/\/nakanarach.pl\/index.php\/2025\/10\/15\/zamkneli-popularna-plaze\/\"><img decoding=\"async\" src=\"http:\/\/nakanarach.pl\/wp-content\/uploads\/2025\/10\/Plaza-El-Reducto-Lanzarote-Foto-holaislascanarias.jpg\" alt=\"ZAMKN\u0118LI POPULARN\u0104 PLA\u017b\u0118 (VIDEO)\"\/><\/a>\r\n                        <\/div>\r\n                    <\/div><!-- .cv-post-left-wrap -->\r\n                    <div class=\"cv-post-right-wrap\">\r\n                                                <h2 class=\"cv-post-title\">\r\n                            <a href=\"http:\/\/nakanarach.pl\/index.php\/2025\/10\/15\/zamkneli-popularna-plaze\/\" target=\"_self\">\r\n                                ZAMKN\u0118LI POPULARN\u0104 PLA\u017b\u0118 (VIDEO)                            <\/a>\r\n                        <\/h2>\r\n                        <div class=\"cv-post-meta cv-meta-icon-show\">\r\n                            <span class=\"cv-post-date cv-post-meta-item\" itemprop=\"datePublished\"><a href=\"http:\/\/nakanarach.pl\/index.php\/2025\/10\/15\/zamkneli-popularna-plaze\/\">15 pa\u017adziernika 2025<\/a><\/span>                        <\/div>\r\n                        <div class=\"cv-post-content\" itemprop=\"description\">LANZAROTE: W\u0142adze miasta Arrecife nakaza\u0142y tymczasowe zamkni\u0119cie kolejnej na tym rajskim archiplagu popularnej w\u015br\u00f3d turyst\u00f3w&hellip;<\/div>                        <div class=\"cv-read-more\"><a href=http:\/\/nakanarach.pl\/index.php\/2025\/10\/15\/zamkneli-popularna-plaze\/>Czytaj wi\u0119cej<i class=\"fas fa-arrow-right\"><\/i><\/a><\/div>                    <\/div><!-- .cv-post-right-wrap -->\r\n                <\/article>\r\n                        <article post-id=\"post-11705\" class=\"cv-post post-format--standard\" itemscope itemtype=\"http:\/\/schema.org\/articleBody\">\r\n                    <div class=\"cv-post-left-wrap\">\r\n                        <div class=\"cv-post-thumb\">\r\n                            <a href=\"http:\/\/nakanarach.pl\/index.php\/2025\/10\/14\/polka-spotkala-sie-z-johnem-travolta-video\/\"><img decoding=\"async\" src=\"http:\/\/nakanarach.pl\/wp-content\/uploads\/2025\/10\/Travolta-z-Maila-Paulina-New-scaled.jpg\" alt=\"POLKA SPOTKA\u0141A SI\u0118 Z JOHNEM TRAVOLT\u0104 (VIDEO)\"\/><\/a>\r\n                        <\/div>\r\n                    <\/div><!-- .cv-post-left-wrap -->\r\n                    <div class=\"cv-post-right-wrap\">\r\n                                                <h2 class=\"cv-post-title\">\r\n                            <a href=\"http:\/\/nakanarach.pl\/index.php\/2025\/10\/14\/polka-spotkala-sie-z-johnem-travolta-video\/\" target=\"_self\">\r\n                                POLKA SPOTKA\u0141A SI\u0118 Z JOHNEM TRAVOLT\u0104 (VIDEO)                            <\/a>\r\n                        <\/h2>\r\n                        <div class=\"cv-post-meta cv-meta-icon-show\">\r\n                            <span class=\"cv-post-date cv-post-meta-item\" itemprop=\"datePublished\"><a href=\"http:\/\/nakanarach.pl\/index.php\/2025\/10\/14\/polka-spotkala-sie-z-johnem-travolta-video\/\">14 pa\u017adziernika 2025<\/a><\/span>                        <\/div>\r\n                        <div class=\"cv-post-content\" itemprop=\"description\">GRAN CANARIA: Spotkanie z tak znanym hollywodzkim aktorem to niemal jak wygra\u0107 milion w totolotka.&hellip;<\/div>                        <div class=\"cv-read-more\"><a href=http:\/\/nakanarach.pl\/index.php\/2025\/10\/14\/polka-spotkala-sie-z-johnem-travolta-video\/>Czytaj wi\u0119cej<i class=\"fas fa-arrow-right\"><\/i><\/a><\/div>                    <\/div><!-- .cv-post-right-wrap -->\r\n                <\/article>\r\n                        <article post-id=\"post-11683\" class=\"cv-post post-format--standard\" itemscope itemtype=\"http:\/\/schema.org\/articleBody\">\r\n                    <div class=\"cv-post-left-wrap\">\r\n                        <div class=\"cv-post-thumb\">\r\n                            <a href=\"http:\/\/nakanarach.pl\/index.php\/2025\/10\/13\/obawy-o-nowy-system-kontroli-cyfrowej\/\"><img decoding=\"async\" src=\"http:\/\/nakanarach.pl\/wp-content\/uploads\/2023\/12\/Lotnisko-Kolejka-scaled.jpg\" alt=\"OBAWY O NOWY SYSTEM KONTROLI CYFROWEJ\"\/><\/a>\r\n                        <\/div>\r\n                    <\/div><!-- .cv-post-left-wrap -->\r\n                    <div class=\"cv-post-right-wrap\">\r\n                                                <h2 class=\"cv-post-title\">\r\n                            <a href=\"http:\/\/nakanarach.pl\/index.php\/2025\/10\/13\/obawy-o-nowy-system-kontroli-cyfrowej\/\" target=\"_self\">\r\n                                OBAWY O NOWY SYSTEM KONTROLI CYFROWEJ                            <\/a>\r\n                        <\/h2>\r\n                        <div class=\"cv-post-meta cv-meta-icon-show\">\r\n                            <span class=\"cv-post-date cv-post-meta-item\" itemprop=\"datePublished\"><a href=\"http:\/\/nakanarach.pl\/index.php\/2025\/10\/13\/obawy-o-nowy-system-kontroli-cyfrowej\/\">13 pa\u017adziernika 2025<\/a><\/span>                        <\/div>\r\n                        <div class=\"cv-post-content\" itemprop=\"description\">WYSPY KANARYJSKIE: Lotniska na Wyspach Kanaryjskich przygotowuj\u0105 si\u0119 do wdro\u017cenia nowego unijnego&nbsp;systemu kontroli wjazdu\/wyjazdu&nbsp;(EES), kt\u00f3ry&hellip;<\/div>                        <div class=\"cv-read-more\"><a href=http:\/\/nakanarach.pl\/index.php\/2025\/10\/13\/obawy-o-nowy-system-kontroli-cyfrowej\/>Czytaj wi\u0119cej<i class=\"fas fa-arrow-right\"><\/i><\/a><\/div>                    <\/div><!-- .cv-post-right-wrap -->\r\n                <\/article>\r\n                        <article post-id=\"post-3004\" class=\"cv-post post-format--standard\" itemscope itemtype=\"http:\/\/schema.org\/articleBody\">\r\n                    <div class=\"cv-post-left-wrap\">\r\n                        <div class=\"cv-post-thumb\">\r\n                            <a href=\"http:\/\/nakanarach.pl\/index.php\/2025\/10\/12\/dzien-kolumba-swieto-w-hiszpanii\/\"><img decoding=\"async\" src=\"http:\/\/nakanarach.pl\/wp-content\/uploads\/2021\/10\/20210625_201647-scaled.jpg\" alt=\"DZIE\u0143 KOLUMBA &#8211; \u015aWI\u0118TO W HISZPANII\"\/><\/a>\r\n                        <\/div>\r\n                    <\/div><!-- .cv-post-left-wrap -->\r\n                    <div class=\"cv-post-right-wrap\">\r\n                                                <h2 class=\"cv-post-title\">\r\n                            <a href=\"http:\/\/nakanarach.pl\/index.php\/2025\/10\/12\/dzien-kolumba-swieto-w-hiszpanii\/\" target=\"_self\">\r\n                                DZIE\u0143 KOLUMBA &#8211; \u015aWI\u0118TO W HISZPANII                            <\/a>\r\n                        <\/h2>\r\n                        <div class=\"cv-post-meta cv-meta-icon-show\">\r\n                            <span class=\"cv-post-date cv-post-meta-item\" itemprop=\"datePublished\"><a href=\"http:\/\/nakanarach.pl\/index.php\/2025\/10\/12\/dzien-kolumba-swieto-w-hiszpanii\/\">12 pa\u017adziernika 2025<\/a><\/span>                        <\/div>\r\n                        <div class=\"cv-post-content\" itemprop=\"description\">HISZPANIA\/WYSPY KANARYJSKIE: 12 pa\u017adziernika to najwa\u017cniejsze \u015bwi\u0119to narodowe w Hiszpanii. Okre\u015blane jest te\u017c jako Dzie\u0144&hellip;<\/div>                        <div class=\"cv-read-more\"><a href=http:\/\/nakanarach.pl\/index.php\/2025\/10\/12\/dzien-kolumba-swieto-w-hiszpanii\/>Czytaj wi\u0119cej<i class=\"fas fa-arrow-right\"><\/i><\/a><\/div>                    <\/div><!-- .cv-post-right-wrap -->\r\n                <\/article>\r\n                        <article post-id=\"post-11695\" class=\"cv-post post-format--standard\" itemscope itemtype=\"http:\/\/schema.org\/articleBody\">\r\n                    <div class=\"cv-post-left-wrap\">\r\n                        <div class=\"cv-post-thumb\">\r\n                            <a href=\"http:\/\/nakanarach.pl\/index.php\/2025\/10\/10\/turysta-wyskoczyl-z-balkonu-video\/\"><img decoding=\"async\" src=\"http:\/\/nakanarach.pl\/wp-content\/uploads\/2025\/05\/Straz-Pozar-FB-Bomberos-de-Tenerife.jpg\" alt=\"TURYSTA WYSKOCZY\u0141 Z BALKONU (VIDEO)\"\/><\/a>\r\n                        <\/div>\r\n                    <\/div><!-- .cv-post-left-wrap -->\r\n                    <div class=\"cv-post-right-wrap\">\r\n                                                <h2 class=\"cv-post-title\">\r\n                            <a href=\"http:\/\/nakanarach.pl\/index.php\/2025\/10\/10\/turysta-wyskoczyl-z-balkonu-video\/\" target=\"_self\">\r\n                                TURYSTA WYSKOCZY\u0141 Z BALKONU (VIDEO)                            <\/a>\r\n                        <\/h2>\r\n                        <div class=\"cv-post-meta cv-meta-icon-show\">\r\n                            <span class=\"cv-post-date cv-post-meta-item\" itemprop=\"datePublished\"><a href=\"http:\/\/nakanarach.pl\/index.php\/2025\/10\/10\/turysta-wyskoczyl-z-balkonu-video\/\">10 pa\u017adziernika 2025<\/a><\/span>                        <\/div>\r\n                        <div class=\"cv-post-content\" itemprop=\"description\">TENERYFA: Tragiczny w skutkach okaza\u0142 si\u0119 po\u017car w jednym z hoteli na najwi\u0119kszej kanaryjskiej wyspie.&hellip;<\/div>                        <div class=\"cv-read-more\"><a href=http:\/\/nakanarach.pl\/index.php\/2025\/10\/10\/turysta-wyskoczyl-z-balkonu-video\/>Czytaj wi\u0119cej<i class=\"fas fa-arrow-right\"><\/i><\/a><\/div>                    <\/div><!-- .cv-post-right-wrap -->\r\n                <\/article>\r\n                        <article post-id=\"post-11687\" class=\"cv-post post-format--standard\" itemscope itemtype=\"http:\/\/schema.org\/articleBody\">\r\n                    <div class=\"cv-post-left-wrap\">\r\n                        <div class=\"cv-post-thumb\">\r\n                            <a href=\"http:\/\/nakanarach.pl\/index.php\/2025\/10\/09\/kolejne-tragedie-na-oceanie\/\"><img decoding=\"async\" src=\"http:\/\/nakanarach.pl\/wp-content\/uploads\/2022\/12\/Wysokie-fale.jpg\" alt=\"KOLEJNE TRAGEDIE NA OCEANIE (VIDEO)\"\/><\/a>\r\n                        <\/div>\r\n                    <\/div><!-- .cv-post-left-wrap -->\r\n                    <div class=\"cv-post-right-wrap\">\r\n                                                <h2 class=\"cv-post-title\">\r\n                            <a href=\"http:\/\/nakanarach.pl\/index.php\/2025\/10\/09\/kolejne-tragedie-na-oceanie\/\" target=\"_self\">\r\n                                KOLEJNE TRAGEDIE NA OCEANIE (VIDEO)                            <\/a>\r\n                        <\/h2>\r\n                        <div class=\"cv-post-meta cv-meta-icon-show\">\r\n                            <span class=\"cv-post-date cv-post-meta-item\" itemprop=\"datePublished\"><a href=\"http:\/\/nakanarach.pl\/index.php\/2025\/10\/09\/kolejne-tragedie-na-oceanie\/\">9 pa\u017adziernika 2025<\/a><\/span>                        <\/div>\r\n                        <div class=\"cv-post-content\" itemprop=\"description\">WYSPY KANARYJSKIE: Wzburzony Ocean Atlantycki zbiera kolejne \u015bmiertelne \u017cniwo. Niedaleko portu Salinetas w gminie Telde,&hellip;<\/div>                        <div class=\"cv-read-more\"><a href=http:\/\/nakanarach.pl\/index.php\/2025\/10\/09\/kolejne-tragedie-na-oceanie\/>Czytaj wi\u0119cej<i class=\"fas fa-arrow-right\"><\/i><\/a><\/div>                    <\/div><!-- .cv-post-right-wrap -->\r\n                <\/article>\r\n                        <article post-id=\"post-11553\" class=\"cv-post post-format--standard\" itemscope itemtype=\"http:\/\/schema.org\/articleBody\">\r\n                    <div class=\"cv-post-left-wrap\">\r\n                        <div class=\"cv-post-thumb\">\r\n                            <a href=\"http:\/\/nakanarach.pl\/index.php\/2025\/10\/08\/bunt-w-hiszpanii-nie-chca-premiera-video\/\"><img decoding=\"async\" src=\"http:\/\/nakanarach.pl\/wp-content\/uploads\/2025\/10\/Protest-premier-FB-Hazte-Oir.jpg\" alt=\"BUNT W HISZPANII, NIE CHC\u0104 PREMIERA! (VIDEO)\"\/><\/a>\r\n                        <\/div>\r\n                    <\/div><!-- .cv-post-left-wrap -->\r\n                    <div class=\"cv-post-right-wrap\">\r\n                                                <h2 class=\"cv-post-title\">\r\n                            <a href=\"http:\/\/nakanarach.pl\/index.php\/2025\/10\/08\/bunt-w-hiszpanii-nie-chca-premiera-video\/\" target=\"_self\">\r\n                                BUNT W HISZPANII, NIE CHC\u0104 PREMIERA! (VIDEO)                            <\/a>\r\n                        <\/h2>\r\n                        <div class=\"cv-post-meta cv-meta-icon-show\">\r\n                            <span class=\"cv-post-date cv-post-meta-item\" itemprop=\"datePublished\"><a href=\"http:\/\/nakanarach.pl\/index.php\/2025\/10\/08\/bunt-w-hiszpanii-nie-chca-premiera-video\/\">8 pa\u017adziernika 2025<\/a><\/span>                        <\/div>\r\n                        <div class=\"cv-post-content\" itemprop=\"description\">HISZPANIA\/LANZAROTE: Mi\u0119dzy innymi minione letnie luksusowe wakacje premiera Hiszpanii na kanaryjskiej wyspie Lanzarote rozz\u0142o\u015bci\u0142y wielu&hellip;<\/div>                        <div class=\"cv-read-more\"><a href=http:\/\/nakanarach.pl\/index.php\/2025\/10\/08\/bunt-w-hiszpanii-nie-chca-premiera-video\/>Czytaj wi\u0119cej<i class=\"fas fa-arrow-right\"><\/i><\/a><\/div>                    <\/div><!-- .cv-post-right-wrap -->\r\n                <\/article>\r\n                        <article post-id=\"post-11617\" class=\"cv-post post-format--standard\" itemscope itemtype=\"http:\/\/schema.org\/articleBody\">\r\n                    <div class=\"cv-post-left-wrap\">\r\n                        <div class=\"cv-post-thumb\">\r\n                            <a href=\"http:\/\/nakanarach.pl\/index.php\/2025\/10\/07\/nielegalne-wycieczki-na-delfiny-video\/\"><img decoding=\"async\" src=\"http:\/\/nakanarach.pl\/wp-content\/uploads\/2025\/10\/Wieloryb-plywacy-Guardia-Civil.webp\" alt=\"NIELEGALNE WYCIECZKI NA DELFINY (VIDEO)\"\/><\/a>\r\n                        <\/div>\r\n                    <\/div><!-- .cv-post-left-wrap -->\r\n                    <div class=\"cv-post-right-wrap\">\r\n                                                <h2 class=\"cv-post-title\">\r\n                            <a href=\"http:\/\/nakanarach.pl\/index.php\/2025\/10\/07\/nielegalne-wycieczki-na-delfiny-video\/\" target=\"_self\">\r\n                                NIELEGALNE WYCIECZKI NA DELFINY (VIDEO)                            <\/a>\r\n                        <\/h2>\r\n                        <div class=\"cv-post-meta cv-meta-icon-show\">\r\n                            <span class=\"cv-post-date cv-post-meta-item\" itemprop=\"datePublished\"><a href=\"http:\/\/nakanarach.pl\/index.php\/2025\/10\/07\/nielegalne-wycieczki-na-delfiny-video\/\">7 pa\u017adziernika 2025<\/a><\/span>                        <\/div>\r\n                        <div class=\"cv-post-content\" itemprop=\"description\">TENERYFA: Gwardia Cywilna ukara\u0142a siedmiu urlopowicz\u00f3w przy\u0142apanych na p\u0142ywaniu z wielorybami i delfinami u po\u0142udniowego&hellip;<\/div>                        <div class=\"cv-read-more\"><a href=http:\/\/nakanarach.pl\/index.php\/2025\/10\/07\/nielegalne-wycieczki-na-delfiny-video\/>Czytaj wi\u0119cej<i class=\"fas fa-arrow-right\"><\/i><\/a><\/div>                    <\/div><!-- .cv-post-right-wrap -->\r\n                <\/article>\r\n                        <article post-id=\"post-11662\" class=\"cv-post post-format--standard\" itemscope itemtype=\"http:\/\/schema.org\/articleBody\">\r\n                    <div class=\"cv-post-left-wrap\">\r\n                        <div class=\"cv-post-thumb\">\r\n                            <a href=\"http:\/\/nakanarach.pl\/index.php\/2025\/10\/06\/pracownicy-lotniska-okradali-pasazerow\/\"><img decoding=\"async\" src=\"http:\/\/nakanarach.pl\/wp-content\/uploads\/2022\/01\/Teneryfa-Lotnisko-Terminal-Sofia-scaled.jpg\" alt=\"PRACOWNICY LOTNISKA OKRADALI PASA\u017bER\u00d3W\"\/><\/a>\r\n                        <\/div>\r\n                    <\/div><!-- .cv-post-left-wrap -->\r\n                    <div class=\"cv-post-right-wrap\">\r\n                                                <h2 class=\"cv-post-title\">\r\n                            <a href=\"http:\/\/nakanarach.pl\/index.php\/2025\/10\/06\/pracownicy-lotniska-okradali-pasazerow\/\" target=\"_self\">\r\n                                PRACOWNICY LOTNISKA OKRADALI PASA\u017bER\u00d3W                            <\/a>\r\n                        <\/h2>\r\n                        <div class=\"cv-post-meta cv-meta-icon-show\">\r\n                            <span class=\"cv-post-date cv-post-meta-item\" itemprop=\"datePublished\"><a href=\"http:\/\/nakanarach.pl\/index.php\/2025\/10\/06\/pracownicy-lotniska-okradali-pasazerow\/\">6 pa\u017adziernika 2025<\/a><\/span>                        <\/div>\r\n                        <div class=\"cv-post-content\" itemprop=\"description\">TENERYFA: Hiszpa\u0144ska Gwardia Cywilna rozbi\u0142a gang, kt\u00f3ry okrada\u0142 z kosztownych przedmiot\u00f3w baga\u017ce pasa\u017cer\u00f3w na lotnisku&hellip;<\/div>                        <div class=\"cv-read-more\"><a href=http:\/\/nakanarach.pl\/index.php\/2025\/10\/06\/pracownicy-lotniska-okradali-pasazerow\/>Czytaj wi\u0119cej<i class=\"fas fa-arrow-right\"><\/i><\/a><\/div>                    <\/div><!-- .cv-post-right-wrap -->\r\n                <\/article>\r\n                        <article post-id=\"post-11657\" class=\"cv-post post-format--standard\" itemscope itemtype=\"http:\/\/schema.org\/articleBody\">\r\n                    <div class=\"cv-post-left-wrap\">\r\n                        <div class=\"cv-post-thumb\">\r\n                            <a href=\"http:\/\/nakanarach.pl\/index.php\/2025\/10\/04\/fetish-pride-2025-na-gran-canarii\/\"><img decoding=\"async\" src=\"http:\/\/nakanarach.pl\/wp-content\/uploads\/2023\/10\/Fetish-Pride-2023-1-scaled.jpg\" alt=\"FETISH PRIDE 2025 NA GRAN CANARII\"\/><\/a>\r\n                        <\/div>\r\n                    <\/div><!-- .cv-post-left-wrap -->\r\n                    <div class=\"cv-post-right-wrap\">\r\n                                                <h2 class=\"cv-post-title\">\r\n                            <a href=\"http:\/\/nakanarach.pl\/index.php\/2025\/10\/04\/fetish-pride-2025-na-gran-canarii\/\" target=\"_self\">\r\n                                FETISH PRIDE 2025 NA GRAN CANARII                            <\/a>\r\n                        <\/h2>\r\n                        <div class=\"cv-post-meta cv-meta-icon-show\">\r\n                            <span class=\"cv-post-date cv-post-meta-item\" itemprop=\"datePublished\"><a href=\"http:\/\/nakanarach.pl\/index.php\/2025\/10\/04\/fetish-pride-2025-na-gran-canarii\/\">4 pa\u017adziernika 2025<\/a><\/span>                        <\/div>\r\n                        <div class=\"cv-post-content\" itemprop=\"description\">GRAN CANARIA: Ta kanaryjska wyspa s\u0142ynie z du\u017cej tolerancji. Licznie przyje\u017cd\u017caj\u0105 tu z ca\u0142ego \u015bwiata&hellip;<\/div>                        <div class=\"cv-read-more\"><a href=http:\/\/nakanarach.pl\/index.php\/2025\/10\/04\/fetish-pride-2025-na-gran-canarii\/>Czytaj wi\u0119cej<i class=\"fas fa-arrow-right\"><\/i><\/a><\/div>                    <\/div><!-- .cv-post-right-wrap -->\r\n                <\/article>\r\n                        <article post-id=\"post-11635\" class=\"cv-post post-format--standard\" itemscope itemtype=\"http:\/\/schema.org\/articleBody\">\r\n                    <div class=\"cv-post-left-wrap\">\r\n                        <div class=\"cv-post-thumb\">\r\n                            <a href=\"http:\/\/nakanarach.pl\/index.php\/2025\/10\/03\/z-psem-w-podrozy-i-na-plazy-w-hiszpanii\/\"><img decoding=\"async\" src=\"http:\/\/nakanarach.pl\/wp-content\/uploads\/2022\/03\/Plaza-Mujeres-scaled.jpg\" alt=\"Z PSEM W PODR\u00d3\u017bY I NA PLA\u017bY W HISZPANII\"\/><\/a>\r\n                        <\/div>\r\n                    <\/div><!-- .cv-post-left-wrap -->\r\n                    <div class=\"cv-post-right-wrap\">\r\n                                                <h2 class=\"cv-post-title\">\r\n                            <a href=\"http:\/\/nakanarach.pl\/index.php\/2025\/10\/03\/z-psem-w-podrozy-i-na-plazy-w-hiszpanii\/\" target=\"_self\">\r\n                                Z PSEM W PODR\u00d3\u017bY I NA PLA\u017bY W HISZPANII                            <\/a>\r\n                        <\/h2>\r\n                        <div class=\"cv-post-meta cv-meta-icon-show\">\r\n                            <span class=\"cv-post-date cv-post-meta-item\" itemprop=\"datePublished\"><a href=\"http:\/\/nakanarach.pl\/index.php\/2025\/10\/03\/z-psem-w-podrozy-i-na-plazy-w-hiszpanii\/\">3 pa\u017adziernika 2025<\/a><\/span>                        <\/div>\r\n                        <div class=\"cv-post-content\" itemprop=\"description\">HISZPANIA\/TENERYFA\/GRAN CANARIA: Lot z Gran Canarii musia\u0142 zawr\u00f3ci\u0107 kr\u00f3tko po starcie na lotnisko, gdy pies&hellip;<\/div>                        <div class=\"cv-read-more\"><a href=http:\/\/nakanarach.pl\/index.php\/2025\/10\/03\/z-psem-w-podrozy-i-na-plazy-w-hiszpanii\/>Czytaj wi\u0119cej<i class=\"fas fa-arrow-right\"><\/i><\/a><\/div>                    <\/div><!-- .cv-post-right-wrap -->\r\n                <\/article>\r\n                        <article post-id=\"post-11642\" class=\"cv-post post-format--standard\" itemscope itemtype=\"http:\/\/schema.org\/articleBody\">\r\n                    <div class=\"cv-post-left-wrap\">\r\n                        <div class=\"cv-post-thumb\">\r\n                            <a href=\"http:\/\/nakanarach.pl\/index.php\/2025\/10\/02\/poszukiwania-mezczyzny-na-skuterze-wodnym-video\/\"><img decoding=\"async\" src=\"http:\/\/nakanarach.pl\/wp-content\/uploads\/2025\/10\/Uratowany-skuter-Salvamento-Maritimo.png\" alt=\"POSZUKIWANIA M\u0118\u017bCZYZNY NA SKUTERZE WODNYM (VIDEO)\"\/><\/a>\r\n                        <\/div>\r\n                    <\/div><!-- .cv-post-left-wrap -->\r\n                    <div class=\"cv-post-right-wrap\">\r\n                                                <h2 class=\"cv-post-title\">\r\n                            <a href=\"http:\/\/nakanarach.pl\/index.php\/2025\/10\/02\/poszukiwania-mezczyzny-na-skuterze-wodnym-video\/\" target=\"_self\">\r\n                                POSZUKIWANIA M\u0118\u017bCZYZNY NA SKUTERZE WODNYM (VIDEO)                            <\/a>\r\n                        <\/h2>\r\n                        <div class=\"cv-post-meta cv-meta-icon-show\">\r\n                            <span class=\"cv-post-date cv-post-meta-item\" itemprop=\"datePublished\"><a href=\"http:\/\/nakanarach.pl\/index.php\/2025\/10\/02\/poszukiwania-mezczyzny-na-skuterze-wodnym-video\/\">2 pa\u017adziernika 2025<\/a><\/span>                        <\/div>\r\n                        <div class=\"cv-post-content\" itemprop=\"description\">GRAN CANARIA\/EL HIERRO: 20-latka zgin\u0119\u0142a po wpadni\u0119ciu do oceanu na kanaryjskiej wyspie El Hierro. Z&hellip;<\/div>                        <div class=\"cv-read-more\"><a href=http:\/\/nakanarach.pl\/index.php\/2025\/10\/02\/poszukiwania-mezczyzny-na-skuterze-wodnym-video\/>Czytaj wi\u0119cej<i class=\"fas fa-arrow-right\"><\/i><\/a><\/div>                    <\/div><!-- .cv-post-right-wrap -->\r\n                <\/article>\r\n                        <article post-id=\"post-11619\" class=\"cv-post post-format--standard\" itemscope itemtype=\"http:\/\/schema.org\/articleBody\">\r\n                    <div class=\"cv-post-left-wrap\">\r\n                        <div class=\"cv-post-thumb\">\r\n                            <a href=\"http:\/\/nakanarach.pl\/index.php\/2025\/10\/01\/kolejne-protesty-przeciwko-turystom-video\/\"><img decoding=\"async\" src=\"http:\/\/nakanarach.pl\/wp-content\/uploads\/2025\/06\/Policia-Canaria-Teide.webp\" alt=\"KOLEJNE PROTESTY PRZECIWKO TURYSTOM (VIDEO)\"\/><\/a>\r\n                        <\/div>\r\n                    <\/div><!-- .cv-post-left-wrap -->\r\n                    <div class=\"cv-post-right-wrap\">\r\n                                                <h2 class=\"cv-post-title\">\r\n                            <a href=\"http:\/\/nakanarach.pl\/index.php\/2025\/10\/01\/kolejne-protesty-przeciwko-turystom-video\/\" target=\"_self\">\r\n                                KOLEJNE PROTESTY PRZECIWKO TURYSTOM (VIDEO)                            <\/a>\r\n                        <\/h2>\r\n                        <div class=\"cv-post-meta cv-meta-icon-show\">\r\n                            <span class=\"cv-post-date cv-post-meta-item\" itemprop=\"datePublished\"><a href=\"http:\/\/nakanarach.pl\/index.php\/2025\/10\/01\/kolejne-protesty-przeciwko-turystom-video\/\">1 pa\u017adziernika 2025<\/a><\/span>                        <\/div>\r\n                        <div class=\"cv-post-content\" itemprop=\"description\">LANZAROTE: Mieszka\u0144cy licznie odwiedzanej przez wczasowicz\u00f3w kanaryjskiej wyspy Lanzarote maj\u0105 do\u015b\u0107 ha\u0142asu i kurzu, kt\u00f3ry&hellip;<\/div>                        <div class=\"cv-read-more\"><a href=http:\/\/nakanarach.pl\/index.php\/2025\/10\/01\/kolejne-protesty-przeciwko-turystom-video\/>Czytaj wi\u0119cej<i class=\"fas fa-arrow-right\"><\/i><\/a><\/div>                    <\/div><!-- .cv-post-right-wrap -->\r\n                <\/article>\r\n                        <article post-id=\"post-11621\" class=\"cv-post post-format--standard\" itemscope itemtype=\"http:\/\/schema.org\/articleBody\">\r\n                    <div class=\"cv-post-left-wrap\">\r\n                        <div class=\"cv-post-thumb\">\r\n                            <a href=\"http:\/\/nakanarach.pl\/index.php\/2025\/09\/30\/napadal-na-turystki-w-znanym-kurorcie\/\"><img decoding=\"async\" src=\"http:\/\/nakanarach.pl\/wp-content\/uploads\/2025\/09\/Corralejo-Napady-Guardia-Civil.jpg\" alt=\"NAPADA\u0141 NA TURYSTKI W ZNANYM KURORCIE\"\/><\/a>\r\n                        <\/div>\r\n                    <\/div><!-- .cv-post-left-wrap -->\r\n                    <div class=\"cv-post-right-wrap\">\r\n                                                <h2 class=\"cv-post-title\">\r\n                            <a href=\"http:\/\/nakanarach.pl\/index.php\/2025\/09\/30\/napadal-na-turystki-w-znanym-kurorcie\/\" target=\"_self\">\r\n                                NAPADA\u0141 NA TURYSTKI W ZNANYM KURORCIE                            <\/a>\r\n                        <\/h2>\r\n                        <div class=\"cv-post-meta cv-meta-icon-show\">\r\n                            <span class=\"cv-post-date cv-post-meta-item\" itemprop=\"datePublished\"><a href=\"http:\/\/nakanarach.pl\/index.php\/2025\/09\/30\/napadal-na-turystki-w-znanym-kurorcie\/\">30 wrze\u015bnia 2025<\/a><\/span>                        <\/div>\r\n                        <div class=\"cv-post-content\" itemprop=\"description\">FUERTEVENTURA: Gwardia Cywilna ze znanego i licznie odwiedzanego przez wczasowicz\u00f3w Corralejo na p\u00f3\u0142nocy Fuerteventury zatrzyma\u0142a&hellip;<\/div>                        <div class=\"cv-read-more\"><a href=http:\/\/nakanarach.pl\/index.php\/2025\/09\/30\/napadal-na-turystki-w-znanym-kurorcie\/>Czytaj wi\u0119cej<i class=\"fas fa-arrow-right\"><\/i><\/a><\/div>                    <\/div><!-- .cv-post-right-wrap -->\r\n                <\/article>\r\n                        <article post-id=\"post-11612\" class=\"cv-post post-format--standard\" itemscope itemtype=\"http:\/\/schema.org\/articleBody\">\r\n                    <div class=\"cv-post-left-wrap\">\r\n                        <div class=\"cv-post-thumb\">\r\n                            <a href=\"http:\/\/nakanarach.pl\/index.php\/2025\/09\/29\/dron-sparalizowal-lotnisko-2\/\"><img decoding=\"async\" src=\"http:\/\/nakanarach.pl\/wp-content\/uploads\/2024\/04\/Lotnisko-Gran-Canaria-Wieza-Kontrolna-Foto-Nakanarach-scaled.jpg\" alt=\"DRON SPARALI\u017bOWA\u0141 LOTNISKO\"\/><\/a>\r\n                        <\/div>\r\n                    <\/div><!-- .cv-post-left-wrap -->\r\n                    <div class=\"cv-post-right-wrap\">\r\n                                                <h2 class=\"cv-post-title\">\r\n                            <a href=\"http:\/\/nakanarach.pl\/index.php\/2025\/09\/29\/dron-sparalizowal-lotnisko-2\/\" target=\"_self\">\r\n                                DRON SPARALI\u017bOWA\u0141 LOTNISKO                            <\/a>\r\n                        <\/h2>\r\n                        <div class=\"cv-post-meta cv-meta-icon-show\">\r\n                            <span class=\"cv-post-date cv-post-meta-item\" itemprop=\"datePublished\"><a href=\"http:\/\/nakanarach.pl\/index.php\/2025\/09\/29\/dron-sparalizowal-lotnisko-2\/\">29 wrze\u015bnia 2025<\/a><\/span>                        <\/div>\r\n                        <div class=\"cv-post-content\" itemprop=\"description\">FUERTEVENTURA: Jeden dron lataj\u0105cy w pobli\u017cu lotniska na trzeciej do do wielko\u015bci kanaryjskiej wyspie sparali\u017cowa\u0142&hellip;<\/div>                        <div class=\"cv-read-more\"><a href=http:\/\/nakanarach.pl\/index.php\/2025\/09\/29\/dron-sparalizowal-lotnisko-2\/>Czytaj wi\u0119cej<i class=\"fas fa-arrow-right\"><\/i><\/a><\/div>                    <\/div><!-- .cv-post-right-wrap -->\r\n                <\/article>\r\n                        <article post-id=\"post-11471\" class=\"cv-post post-format--standard\" itemscope itemtype=\"http:\/\/schema.org\/articleBody\">\r\n                    <div class=\"cv-post-left-wrap\">\r\n                        <div class=\"cv-post-thumb\">\r\n                            <a href=\"http:\/\/nakanarach.pl\/index.php\/2025\/09\/26\/alert-o-wybuchu-wulkanu-i-ewakuacja-video\/\"><img decoding=\"async\" src=\"http:\/\/nakanarach.pl\/wp-content\/uploads\/2025\/09\/Symulacja-wulkan.jpg\" alt=\"ALERT O WYBUCHU WULKANU I EWAKUACJA (VIDEO)\"\/><\/a>\r\n                        <\/div>\r\n                    <\/div><!-- .cv-post-left-wrap -->\r\n                    <div class=\"cv-post-right-wrap\">\r\n                                                <h2 class=\"cv-post-title\">\r\n                            <a href=\"http:\/\/nakanarach.pl\/index.php\/2025\/09\/26\/alert-o-wybuchu-wulkanu-i-ewakuacja-video\/\" target=\"_self\">\r\n                                ALERT O WYBUCHU WULKANU I EWAKUACJA (VIDEO)                            <\/a>\r\n                        <\/h2>\r\n                        <div class=\"cv-post-meta cv-meta-icon-show\">\r\n                            <span class=\"cv-post-date cv-post-meta-item\" itemprop=\"datePublished\"><a href=\"http:\/\/nakanarach.pl\/index.php\/2025\/09\/26\/alert-o-wybuchu-wulkanu-i-ewakuacja-video\/\">26 wrze\u015bnia 2025<\/a><\/span>                        <\/div>\r\n                        <div class=\"cv-post-content\" itemprop=\"description\">TENERYFA: Na najwi\u0119kszej kanaryjskiej wyspie Teneryfie wybuch\u0142 wulkan. W\u0142adze zarz\u0105dzi\u0142y ewakuacj\u0119 jednej z pobliskich miejscowo\u015bci.&hellip;<\/div>                        <div class=\"cv-read-more\"><a href=http:\/\/nakanarach.pl\/index.php\/2025\/09\/26\/alert-o-wybuchu-wulkanu-i-ewakuacja-video\/>Czytaj wi\u0119cej<i class=\"fas fa-arrow-right\"><\/i><\/a><\/div>                    <\/div><!-- .cv-post-right-wrap -->\r\n                <\/article>\r\n                        <article post-id=\"post-11567\" class=\"cv-post post-format--standard\" itemscope itemtype=\"http:\/\/schema.org\/articleBody\">\r\n                    <div class=\"cv-post-left-wrap\">\r\n                        <div class=\"cv-post-thumb\">\r\n                            <a href=\"http:\/\/nakanarach.pl\/index.php\/2025\/09\/25\/znikajacy-basen-naturalny\/\"><img decoding=\"async\" src=\"http:\/\/nakanarach.pl\/wp-content\/uploads\/2025\/09\/Basen-naturalny-FB-FuerteVidorra.jpg\" alt=\"ZNIKAJ\u0104CY BASEN NATURALNY\"\/><\/a>\r\n                        <\/div>\r\n                    <\/div><!-- .cv-post-left-wrap -->\r\n                    <div class=\"cv-post-right-wrap\">\r\n                                                <h2 class=\"cv-post-title\">\r\n                            <a href=\"http:\/\/nakanarach.pl\/index.php\/2025\/09\/25\/znikajacy-basen-naturalny\/\" target=\"_self\">\r\n                                ZNIKAJ\u0104CY BASEN NATURALNY                            <\/a>\r\n                        <\/h2>\r\n                        <div class=\"cv-post-meta cv-meta-icon-show\">\r\n                            <span class=\"cv-post-date cv-post-meta-item\" itemprop=\"datePublished\"><a href=\"http:\/\/nakanarach.pl\/index.php\/2025\/09\/25\/znikajacy-basen-naturalny\/\">25 wrze\u015bnia 2025<\/a><\/span>                        <\/div>\r\n                        <div class=\"cv-post-content\" itemprop=\"description\">FUERTEVENTURA\/TENERYFA: W Caleta de Fuste, na wschodnim wybrze\u017cu Fuerteventury znajduje si\u0119 cud natury, kt\u00f3ry ujawnia&hellip;<\/div>                        <div class=\"cv-read-more\"><a href=http:\/\/nakanarach.pl\/index.php\/2025\/09\/25\/znikajacy-basen-naturalny\/>Czytaj wi\u0119cej<i class=\"fas fa-arrow-right\"><\/i><\/a><\/div>                    <\/div><!-- .cv-post-right-wrap -->\r\n                <\/article>\r\n                        <article post-id=\"post-11569\" class=\"cv-post post-format--standard\" itemscope itemtype=\"http:\/\/schema.org\/articleBody\">\r\n                    <div class=\"cv-post-left-wrap\">\r\n                        <div class=\"cv-post-thumb\">\r\n                            <a href=\"http:\/\/nakanarach.pl\/index.php\/2025\/09\/24\/kolejne-wstrzasy-na-teneryfie\/\"><img decoding=\"async\" src=\"http:\/\/nakanarach.pl\/wp-content\/uploads\/2022\/06\/Teide-Pion.jpg\" alt=\"KOLEJNE WSTRZ\u0104SY NA TENERYFIE\"\/><\/a>\r\n                        <\/div>\r\n                    <\/div><!-- .cv-post-left-wrap -->\r\n                    <div class=\"cv-post-right-wrap\">\r\n                                                <h2 class=\"cv-post-title\">\r\n                            <a href=\"http:\/\/nakanarach.pl\/index.php\/2025\/09\/24\/kolejne-wstrzasy-na-teneryfie\/\" target=\"_self\">\r\n                                KOLEJNE WSTRZ\u0104SY NA TENERYFIE                            <\/a>\r\n                        <\/h2>\r\n                        <div class=\"cv-post-meta cv-meta-icon-show\">\r\n                            <span class=\"cv-post-date cv-post-meta-item\" itemprop=\"datePublished\"><a href=\"http:\/\/nakanarach.pl\/index.php\/2025\/09\/24\/kolejne-wstrzasy-na-teneryfie\/\">24 wrze\u015bnia 2025<\/a><\/span>                        <\/div>\r\n                        <div class=\"cv-post-content\" itemprop=\"description\">TENERYFA: Hiszpa\u0144ski Narodowy Instytut Geograficzny (IGN) potwierdzi\u0142 seri\u0119 22 niewielkich trz\u0119sie\u0144 ziemi na Teneryfie w&hellip;<\/div>                        <div class=\"cv-read-more\"><a href=http:\/\/nakanarach.pl\/index.php\/2025\/09\/24\/kolejne-wstrzasy-na-teneryfie\/>Czytaj wi\u0119cej<i class=\"fas fa-arrow-right\"><\/i><\/a><\/div>                    <\/div><!-- .cv-post-right-wrap -->\r\n                <\/article>\r\n                        <article post-id=\"post-11549\" class=\"cv-post post-format--standard\" itemscope itemtype=\"http:\/\/schema.org\/articleBody\">\r\n                    <div class=\"cv-post-left-wrap\">\r\n                        <div class=\"cv-post-thumb\">\r\n                            <a href=\"http:\/\/nakanarach.pl\/index.php\/2025\/09\/23\/john-travolta-na-kanarach\/\"><img decoding=\"async\" src=\"http:\/\/nakanarach.pl\/wp-content\/uploads\/2025\/09\/John-Travolta-FB.jpg\" alt=\"JOHN TRAVOLTA NA KANARACH\"\/><\/a>\r\n                        <\/div>\r\n                    <\/div><!-- .cv-post-left-wrap -->\r\n                    <div class=\"cv-post-right-wrap\">\r\n                                                <h2 class=\"cv-post-title\">\r\n                            <a href=\"http:\/\/nakanarach.pl\/index.php\/2025\/09\/23\/john-travolta-na-kanarach\/\" target=\"_self\">\r\n                                JOHN TRAVOLTA NA KANARACH                            <\/a>\r\n                        <\/h2>\r\n                        <div class=\"cv-post-meta cv-meta-icon-show\">\r\n                            <span class=\"cv-post-date cv-post-meta-item\" itemprop=\"datePublished\"><a href=\"http:\/\/nakanarach.pl\/index.php\/2025\/09\/23\/john-travolta-na-kanarach\/\">23 wrze\u015bnia 2025<\/a><\/span>                        <\/div>\r\n                        <div class=\"cv-post-content\" itemprop=\"description\">GRAN CANARIA: Kolejna produkcja \u015bwiatowego kina powstaje na Wyspach Kanaryjskich. Gwiazda Hollywood John Travolta wyl\u0105dowa\u0142&hellip;<\/div>                        <div class=\"cv-read-more\"><a href=http:\/\/nakanarach.pl\/index.php\/2025\/09\/23\/john-travolta-na-kanarach\/>Czytaj wi\u0119cej<i class=\"fas fa-arrow-right\"><\/i><\/a><\/div>                    <\/div><!-- .cv-post-right-wrap -->\r\n                <\/article>\r\n                        <article post-id=\"post-11537\" class=\"cv-post post-format--standard\" itemscope itemtype=\"http:\/\/schema.org\/articleBody\">\r\n                    <div class=\"cv-post-left-wrap\">\r\n                        <div class=\"cv-post-thumb\">\r\n                            <a href=\"http:\/\/nakanarach.pl\/index.php\/2025\/09\/22\/grozny-pozar-lasu-video-2\/\"><img decoding=\"async\" src=\"http:\/\/nakanarach.pl\/wp-content\/uploads\/2025\/09\/Pozar-Lasu-Gran-Canaria-FB-Cabildo-de-Gran-Canaria.jpg\" alt=\"GRO\u0179NY PO\u017bAR (VIDEO)\"\/><\/a>\r\n                        <\/div>\r\n                    <\/div><!-- .cv-post-left-wrap -->\r\n                    <div class=\"cv-post-right-wrap\">\r\n                                                <h2 class=\"cv-post-title\">\r\n                            <a href=\"http:\/\/nakanarach.pl\/index.php\/2025\/09\/22\/grozny-pozar-lasu-video-2\/\" target=\"_self\">\r\n                                GRO\u0179NY PO\u017bAR (VIDEO)                            <\/a>\r\n                        <\/h2>\r\n                        <div class=\"cv-post-meta cv-meta-icon-show\">\r\n                            <span class=\"cv-post-date cv-post-meta-item\" itemprop=\"datePublished\"><a href=\"http:\/\/nakanarach.pl\/index.php\/2025\/09\/22\/grozny-pozar-lasu-video-2\/\">22 wrze\u015bnia 2025<\/a><\/span>                        <\/div>\r\n                        <div class=\"cv-post-content\" itemprop=\"description\">GRAN CANARIA: Prawie 40 os\u00f3b ewakuowano z powodu gro\u017anie wygl\u0105daj\u0105cego po\u017caru w dolinie z palmami&hellip;<\/div>                        <div class=\"cv-read-more\"><a href=http:\/\/nakanarach.pl\/index.php\/2025\/09\/22\/grozny-pozar-lasu-video-2\/>Czytaj wi\u0119cej<i class=\"fas fa-arrow-right\"><\/i><\/a><\/div>                    <\/div><!-- .cv-post-right-wrap -->\r\n                <\/article>\r\n                        <article post-id=\"post-11527\" class=\"cv-post post-format--standard\" itemscope itemtype=\"http:\/\/schema.org\/articleBody\">\r\n                    <div class=\"cv-post-left-wrap\">\r\n                        <div class=\"cv-post-thumb\">\r\n                            <a href=\"http:\/\/nakanarach.pl\/index.php\/2025\/09\/22\/zaginal-uczestnik-rejsu-dookola-swiata\/\"><img decoding=\"async\" src=\"http:\/\/nakanarach.pl\/wp-content\/uploads\/2025\/09\/Zaginiony-brytyjczyk.webp\" alt=\"ZAGIN\u0104\u0141 UCZESTNIK REJSU DOOKO\u0141A \u015aWIATA\"\/><\/a>\r\n                        <\/div>\r\n                    <\/div><!-- .cv-post-left-wrap -->\r\n                    <div class=\"cv-post-right-wrap\">\r\n                                                <h2 class=\"cv-post-title\">\r\n                            <a href=\"http:\/\/nakanarach.pl\/index.php\/2025\/09\/22\/zaginal-uczestnik-rejsu-dookola-swiata\/\" target=\"_self\">\r\n                                ZAGIN\u0104\u0141 UCZESTNIK REJSU DOOKO\u0141A \u015aWIATA                            <\/a>\r\n                        <\/h2>\r\n                        <div class=\"cv-post-meta cv-meta-icon-show\">\r\n                            <span class=\"cv-post-date cv-post-meta-item\" itemprop=\"datePublished\"><a href=\"http:\/\/nakanarach.pl\/index.php\/2025\/09\/22\/zaginal-uczestnik-rejsu-dookola-swiata\/\">22 wrze\u015bnia 2025<\/a><\/span>                        <\/div>\r\n                        <div class=\"cv-post-content\" itemprop=\"description\">GRAN CANARIA: Nadal nie jest znany los Brytyjczyka Jamesa Nunana, kt\u00f3ry wyruszy\u0142 w rejs dooko\u0142a&hellip;<\/div>                        <div class=\"cv-read-more\"><a href=http:\/\/nakanarach.pl\/index.php\/2025\/09\/22\/zaginal-uczestnik-rejsu-dookola-swiata\/>Czytaj wi\u0119cej<i class=\"fas fa-arrow-right\"><\/i><\/a><\/div>                    <\/div><!-- .cv-post-right-wrap -->\r\n                <\/article>\r\n                        <article post-id=\"post-11336\" class=\"cv-post post-format--standard\" itemscope itemtype=\"http:\/\/schema.org\/articleBody\">\r\n                    <div class=\"cv-post-left-wrap\">\r\n                        <div class=\"cv-post-thumb\">\r\n                            <a href=\"http:\/\/nakanarach.pl\/index.php\/2025\/09\/19\/mniej-domow-wakacyjnych-mniej-turystow\/\"><img decoding=\"async\" src=\"http:\/\/nakanarach.pl\/wp-content\/uploads\/2025\/09\/Vivienda-Vacacional-neutral-tablica_11zon-scaled.jpg\" alt=\"MNIEJ DOM\u00d3W WAKACYJNYCH = MNIEJ TURYST\u00d3W\"\/><\/a>\r\n                        <\/div>\r\n                    <\/div><!-- .cv-post-left-wrap -->\r\n                    <div class=\"cv-post-right-wrap\">\r\n                                                <h2 class=\"cv-post-title\">\r\n                            <a href=\"http:\/\/nakanarach.pl\/index.php\/2025\/09\/19\/mniej-domow-wakacyjnych-mniej-turystow\/\" target=\"_self\">\r\n                                MNIEJ DOM\u00d3W WAKACYJNYCH = MNIEJ TURYST\u00d3W                            <\/a>\r\n                        <\/h2>\r\n                        <div class=\"cv-post-meta cv-meta-icon-show\">\r\n                            <span class=\"cv-post-date cv-post-meta-item\" itemprop=\"datePublished\"><a href=\"http:\/\/nakanarach.pl\/index.php\/2025\/09\/19\/mniej-domow-wakacyjnych-mniej-turystow\/\">19 wrze\u015bnia 2025<\/a><\/span>                        <\/div>\r\n                        <div class=\"cv-post-content\" itemprop=\"description\">HISZPANIA\/WYSPY KANARYJSKIE: W\u0142adze tego kraju wywieraj\u0105 coraz wi\u0119ksz\u0105 presj\u0119 na w\u0142a\u015bcicieli, kt\u00f3rzy maj\u0105 nieruchomo\u015bci na&hellip;<\/div>                        <div class=\"cv-read-more\"><a href=http:\/\/nakanarach.pl\/index.php\/2025\/09\/19\/mniej-domow-wakacyjnych-mniej-turystow\/>Czytaj wi\u0119cej<i class=\"fas fa-arrow-right\"><\/i><\/a><\/div>                    <\/div><!-- .cv-post-right-wrap -->\r\n                <\/article>\r\n                        <article post-id=\"post-11494\" class=\"cv-post post-format--standard\" itemscope itemtype=\"http:\/\/schema.org\/articleBody\">\r\n                    <div class=\"cv-post-left-wrap\">\r\n                        <div class=\"cv-post-thumb\">\r\n                            <a href=\"http:\/\/nakanarach.pl\/index.php\/2025\/09\/18\/dron-latal-przy-lotnisku\/\"><img decoding=\"async\" src=\"http:\/\/nakanarach.pl\/wp-content\/uploads\/2021\/08\/Guardia-Civil-Twitter.png\" alt=\"DRON LATA\u0141 PRZY LOTNISKU\"\/><\/a>\r\n                        <\/div>\r\n                    <\/div><!-- .cv-post-left-wrap -->\r\n                    <div class=\"cv-post-right-wrap\">\r\n                                                <h2 class=\"cv-post-title\">\r\n                            <a href=\"http:\/\/nakanarach.pl\/index.php\/2025\/09\/18\/dron-latal-przy-lotnisku\/\" target=\"_self\">\r\n                                DRON LATA\u0141 PRZY LOTNISKU                            <\/a>\r\n                        <\/h2>\r\n                        <div class=\"cv-post-meta cv-meta-icon-show\">\r\n                            <span class=\"cv-post-date cv-post-meta-item\" itemprop=\"datePublished\"><a href=\"http:\/\/nakanarach.pl\/index.php\/2025\/09\/18\/dron-latal-przy-lotnisku\/\">18 wrze\u015bnia 2025<\/a><\/span>                        <\/div>\r\n                        <div class=\"cv-post-content\" itemprop=\"description\">FUERTEVENTURA: Gwardia Cywilna zatrzyma\u0142a i na\u0142o\u017cy\u0142a kar\u0119 grzywny na pilota drona, kt\u00f3ry lata\u0142 nielegalnie nad&hellip;<\/div>                        <div class=\"cv-read-more\"><a href=http:\/\/nakanarach.pl\/index.php\/2025\/09\/18\/dron-latal-przy-lotnisku\/>Czytaj wi\u0119cej<i class=\"fas fa-arrow-right\"><\/i><\/a><\/div>                    <\/div><!-- .cv-post-right-wrap -->\r\n                <\/article>\r\n                        <article post-id=\"post-11485\" class=\"cv-post post-format--standard\" itemscope itemtype=\"http:\/\/schema.org\/articleBody\">\r\n                    <div class=\"cv-post-left-wrap\">\r\n                        <div class=\"cv-post-thumb\">\r\n                            <a href=\"http:\/\/nakanarach.pl\/index.php\/2025\/09\/17\/koszmarne-upaly-na-kanarach-video\/\"><img decoding=\"async\" src=\"http:\/\/nakanarach.pl\/wp-content\/uploads\/2022\/04\/Termometr-35-stopni-scaled.jpg\" alt=\"KOSZMARNE UPA\u0141Y NA KANARACH (VIDEO)\"\/><\/a>\r\n                        <\/div>\r\n                    <\/div><!-- .cv-post-left-wrap -->\r\n                    <div class=\"cv-post-right-wrap\">\r\n                                                <h2 class=\"cv-post-title\">\r\n                            <a href=\"http:\/\/nakanarach.pl\/index.php\/2025\/09\/17\/koszmarne-upaly-na-kanarach-video\/\" target=\"_self\">\r\n                                KOSZMARNE UPA\u0141Y NA KANARACH (VIDEO)                            <\/a>\r\n                        <\/h2>\r\n                        <div class=\"cv-post-meta cv-meta-icon-show\">\r\n                            <span class=\"cv-post-date cv-post-meta-item\" itemprop=\"datePublished\"><a href=\"http:\/\/nakanarach.pl\/index.php\/2025\/09\/17\/koszmarne-upaly-na-kanarach-video\/\">17 wrze\u015bnia 2025<\/a><\/span>                        <\/div>\r\n                        <div class=\"cv-post-content\" itemprop=\"description\">WYSPY KANARYJSKIE: Wed\u0142ug prognoz na ten rajski archipelag nadci\u0105gaj\u0105 jeszcze wi\u0119ksze upa\u0142y. W niekt\u00f3rych cz\u0119\u015bciach&hellip;<\/div>                        <div class=\"cv-read-more\"><a href=http:\/\/nakanarach.pl\/index.php\/2025\/09\/17\/koszmarne-upaly-na-kanarach-video\/>Czytaj wi\u0119cej<i class=\"fas fa-arrow-right\"><\/i><\/a><\/div>                    <\/div><!-- .cv-post-right-wrap -->\r\n                <\/article>\r\n                        <article post-id=\"post-11469\" class=\"cv-post post-format--standard\" itemscope itemtype=\"http:\/\/schema.org\/articleBody\">\r\n                    <div class=\"cv-post-left-wrap\">\r\n                        <div class=\"cv-post-thumb\">\r\n                            <a href=\"http:\/\/nakanarach.pl\/index.php\/2025\/09\/16\/silny-wiatr-upal-i-kalima\/\"><img decoding=\"async\" src=\"http:\/\/nakanarach.pl\/wp-content\/uploads\/2022\/09\/Wichura-Palmy-mocno-wygiete-Fot.-Cabildo-de-Gran-Canaria.jpg\" alt=\"SILNY WIATR, UPA\u0141 I KALIMA\"\/><\/a>\r\n                        <\/div>\r\n                    <\/div><!-- .cv-post-left-wrap -->\r\n                    <div class=\"cv-post-right-wrap\">\r\n                                                <h2 class=\"cv-post-title\">\r\n                            <a href=\"http:\/\/nakanarach.pl\/index.php\/2025\/09\/16\/silny-wiatr-upal-i-kalima\/\" target=\"_self\">\r\n                                SILNY WIATR, UPA\u0141 I KALIMA                            <\/a>\r\n                        <\/h2>\r\n                        <div class=\"cv-post-meta cv-meta-icon-show\">\r\n                            <span class=\"cv-post-date cv-post-meta-item\" itemprop=\"datePublished\"><a href=\"http:\/\/nakanarach.pl\/index.php\/2025\/09\/16\/silny-wiatr-upal-i-kalima\/\">16 wrze\u015bnia 2025<\/a><\/span>                        <\/div>\r\n                        <div class=\"cv-post-content\" itemprop=\"description\">WYSPY KANARYJSKIE: W\u0142adze Wysp Kanaryjskich wezwa\u0142y mieszka\u0144c\u00f3w i turyst\u00f3w do zachowania ostro\u017cno\u015bci w zwi\u0105zku z&hellip;<\/div>                        <div class=\"cv-read-more\"><a href=http:\/\/nakanarach.pl\/index.php\/2025\/09\/16\/silny-wiatr-upal-i-kalima\/>Czytaj wi\u0119cej<i class=\"fas fa-arrow-right\"><\/i><\/a><\/div>                    <\/div><!-- .cv-post-right-wrap -->\r\n                <\/article>\r\n                        <article post-id=\"post-11449\" class=\"cv-post post-format--standard\" itemscope itemtype=\"http:\/\/schema.org\/articleBody\">\r\n                    <div class=\"cv-post-left-wrap\">\r\n                        <div class=\"cv-post-thumb\">\r\n                            <a href=\"http:\/\/nakanarach.pl\/index.php\/2025\/09\/15\/upalny-wrzesien-w-hiszpanii-i-na-kanarach\/\"><img decoding=\"async\" src=\"http:\/\/nakanarach.pl\/wp-content\/uploads\/2025\/09\/Plaza-Anfi-del-Mar-1-scaled.jpg\" alt=\"UPALNY WRZESIE\u0143 W HISZPANII I NA KANARACH\"\/><\/a>\r\n                        <\/div>\r\n                    <\/div><!-- .cv-post-left-wrap -->\r\n                    <div class=\"cv-post-right-wrap\">\r\n                                                <h2 class=\"cv-post-title\">\r\n                            <a href=\"http:\/\/nakanarach.pl\/index.php\/2025\/09\/15\/upalny-wrzesien-w-hiszpanii-i-na-kanarach\/\" target=\"_self\">\r\n                                UPALNY WRZESIE\u0143 W HISZPANII I NA KANARACH                            <\/a>\r\n                        <\/h2>\r\n                        <div class=\"cv-post-meta cv-meta-icon-show\">\r\n                            <span class=\"cv-post-date cv-post-meta-item\" itemprop=\"datePublished\"><a href=\"http:\/\/nakanarach.pl\/index.php\/2025\/09\/15\/upalny-wrzesien-w-hiszpanii-i-na-kanarach\/\">15 wrze\u015bnia 2025<\/a><\/span>                        <\/div>\r\n                        <div class=\"cv-post-content\" itemprop=\"description\">HISZPANIA\/WYSPY KANARYJSKIE: Kolejna fala upa\u0142\u00f3w dotar\u0142a w po\u0142owie wrze\u015bnia 2025 r. na P\u00f3\u0142wysep Iberyjski oraz&hellip;<\/div>                        <div class=\"cv-read-more\"><a href=http:\/\/nakanarach.pl\/index.php\/2025\/09\/15\/upalny-wrzesien-w-hiszpanii-i-na-kanarach\/>Czytaj wi\u0119cej<i class=\"fas fa-arrow-right\"><\/i><\/a><\/div>                    <\/div><!-- .cv-post-right-wrap -->\r\n                <\/article>\r\n                        <article post-id=\"post-11437\" class=\"cv-post post-format--standard\" itemscope itemtype=\"http:\/\/schema.org\/articleBody\">\r\n                    <div class=\"cv-post-left-wrap\">\r\n                        <div class=\"cv-post-thumb\">\r\n                            <a href=\"http:\/\/nakanarach.pl\/index.php\/2025\/09\/12\/tragedia-na-parkingu-przy-lotnisku\/\"><img decoding=\"async\" src=\"http:\/\/nakanarach.pl\/wp-content\/uploads\/2025\/09\/Parking-Lotnisko-Gran-Canaria_11zon-scaled.jpg\" alt=\"TRAGEDIA NA PARKINGU PRZY LOTNISKU\"\/><\/a>\r\n                        <\/div>\r\n                    <\/div><!-- .cv-post-left-wrap -->\r\n                    <div class=\"cv-post-right-wrap\">\r\n                                                <h2 class=\"cv-post-title\">\r\n                            <a href=\"http:\/\/nakanarach.pl\/index.php\/2025\/09\/12\/tragedia-na-parkingu-przy-lotnisku\/\" target=\"_self\">\r\n                                TRAGEDIA NA PARKINGU PRZY LOTNISKU                            <\/a>\r\n                        <\/h2>\r\n                        <div class=\"cv-post-meta cv-meta-icon-show\">\r\n                            <span class=\"cv-post-date cv-post-meta-item\" itemprop=\"datePublished\"><a href=\"http:\/\/nakanarach.pl\/index.php\/2025\/09\/12\/tragedia-na-parkingu-przy-lotnisku\/\">12 wrze\u015bnia 2025<\/a><\/span>                        <\/div>\r\n                        <div class=\"cv-post-content\" itemprop=\"description\">GRAN CANARIA: Policja wyja\u015bnia przyczyny zagadkowego i zarazem tragicznego wypadku na parkingu podziemnym przy lotnisku&hellip;<\/div>                        <div class=\"cv-read-more\"><a href=http:\/\/nakanarach.pl\/index.php\/2025\/09\/12\/tragedia-na-parkingu-przy-lotnisku\/>Czytaj wi\u0119cej<i class=\"fas fa-arrow-right\"><\/i><\/a><\/div>                    <\/div><!-- .cv-post-right-wrap -->\r\n                <\/article>\r\n                        <article post-id=\"post-11432\" class=\"cv-post post-format--standard\" itemscope itemtype=\"http:\/\/schema.org\/articleBody\">\r\n                    <div class=\"cv-post-left-wrap\">\r\n                        <div class=\"cv-post-thumb\">\r\n                            <a href=\"http:\/\/nakanarach.pl\/index.php\/2025\/09\/11\/kolejna-bojka-w-turystycznej-miejscowosci-video\/\"><img decoding=\"async\" src=\"http:\/\/nakanarach.pl\/wp-content\/uploads\/2025\/09\/Bojka-La-Laguna-Instagram-Tenerifequejasvecinales.jpg\" alt=\"KOLEJNA B\u00d3JKA W TURYSTYCZNEJ MIEJSCOWO\u015aCI (VIDEO)\"\/><\/a>\r\n                        <\/div>\r\n                    <\/div><!-- .cv-post-left-wrap -->\r\n                    <div class=\"cv-post-right-wrap\">\r\n                                                <h2 class=\"cv-post-title\">\r\n                            <a href=\"http:\/\/nakanarach.pl\/index.php\/2025\/09\/11\/kolejna-bojka-w-turystycznej-miejscowosci-video\/\" target=\"_self\">\r\n                                KOLEJNA B\u00d3JKA W TURYSTYCZNEJ MIEJSCOWO\u015aCI (VIDEO)                            <\/a>\r\n                        <\/h2>\r\n                        <div class=\"cv-post-meta cv-meta-icon-show\">\r\n                            <span class=\"cv-post-date cv-post-meta-item\" itemprop=\"datePublished\"><a href=\"http:\/\/nakanarach.pl\/index.php\/2025\/09\/11\/kolejna-bojka-w-turystycznej-miejscowosci-video\/\">11 wrze\u015bnia 2025<\/a><\/span>                        <\/div>\r\n                        <div class=\"cv-post-content\" itemprop=\"description\">TENERYFA: San Crist\u00f3bal de La Laguna jest\u00a0powszechnie uwa\u017cana za najpi\u0119kniejsze miasto na rajskiej Teneryfie. Co&hellip;<\/div>                        <div class=\"cv-read-more\"><a href=http:\/\/nakanarach.pl\/index.php\/2025\/09\/11\/kolejna-bojka-w-turystycznej-miejscowosci-video\/>Czytaj wi\u0119cej<i class=\"fas fa-arrow-right\"><\/i><\/a><\/div>                    <\/div><!-- .cv-post-right-wrap -->\r\n                <\/article>\r\n                        <article post-id=\"post-11384\" class=\"cv-post post-format--standard\" itemscope itemtype=\"http:\/\/schema.org\/articleBody\">\r\n                    <div class=\"cv-post-left-wrap\">\r\n                        <div class=\"cv-post-thumb\">\r\n                            <a href=\"http:\/\/nakanarach.pl\/index.php\/2025\/09\/10\/w-hiszpanii-grozi-wiezienie-za-przekroczenie-predkosci-video\/\"><img decoding=\"async\" src=\"http:\/\/nakanarach.pl\/wp-content\/uploads\/2025\/05\/Gwardia-Cywilna-Trafico.jpg\" alt=\"W HISZPANII GROZI WI\u0118ZIENIE ZA PRZEKROCZENIE PR\u0118DKO\u015aCI (VIDEO)\"\/><\/a>\r\n                        <\/div>\r\n                    <\/div><!-- .cv-post-left-wrap -->\r\n                    <div class=\"cv-post-right-wrap\">\r\n                                                <h2 class=\"cv-post-title\">\r\n                            <a href=\"http:\/\/nakanarach.pl\/index.php\/2025\/09\/10\/w-hiszpanii-grozi-wiezienie-za-przekroczenie-predkosci-video\/\" target=\"_self\">\r\n                                W HISZPANII GROZI WI\u0118ZIENIE ZA PRZEKROCZENIE PR\u0118DKO\u015aCI (VIDEO)                            <\/a>\r\n                        <\/h2>\r\n                        <div class=\"cv-post-meta cv-meta-icon-show\">\r\n                            <span class=\"cv-post-date cv-post-meta-item\" itemprop=\"datePublished\"><a href=\"http:\/\/nakanarach.pl\/index.php\/2025\/09\/10\/w-hiszpanii-grozi-wiezienie-za-przekroczenie-predkosci-video\/\">10 wrze\u015bnia 2025<\/a><\/span>                        <\/div>\r\n                        <div class=\"cv-post-content\" itemprop=\"description\">TENERYFA: Gwardia Cywilna szuka turysty, kt\u00f3rego nagrano, gdy jecha\u0142 autostrad\u0105 TF-1 na po\u0142udniu Teneryfy z&hellip;<\/div>                        <div class=\"cv-read-more\"><a href=http:\/\/nakanarach.pl\/index.php\/2025\/09\/10\/w-hiszpanii-grozi-wiezienie-za-przekroczenie-predkosci-video\/>Czytaj wi\u0119cej<i class=\"fas fa-arrow-right\"><\/i><\/a><\/div>                    <\/div><!-- .cv-post-right-wrap -->\r\n                <\/article>\r\n                        <article post-id=\"post-11396\" class=\"cv-post post-format--standard\" itemscope itemtype=\"http:\/\/schema.org\/articleBody\">\r\n                    <div class=\"cv-post-left-wrap\">\r\n                        <div class=\"cv-post-thumb\">\r\n                            <a href=\"http:\/\/nakanarach.pl\/index.php\/2025\/09\/09\/sosnowe-uroczystosci-i-olbrzymie-szyszki\/\"><img decoding=\"async\" src=\"http:\/\/nakanarach.pl\/wp-content\/uploads\/2025\/09\/Teror3-FB-Teror.jpg\" alt=\"SOSNOWE UROCZYSTO\u015aCI I OLBRZYMIE SZYSZKI\"\/><\/a>\r\n                        <\/div>\r\n                    <\/div><!-- .cv-post-left-wrap -->\r\n                    <div class=\"cv-post-right-wrap\">\r\n                                                <h2 class=\"cv-post-title\">\r\n                            <a href=\"http:\/\/nakanarach.pl\/index.php\/2025\/09\/09\/sosnowe-uroczystosci-i-olbrzymie-szyszki\/\" target=\"_self\">\r\n                                SOSNOWE UROCZYSTO\u015aCI I OLBRZYMIE SZYSZKI                            <\/a>\r\n                        <\/h2>\r\n                        <div class=\"cv-post-meta cv-meta-icon-show\">\r\n                            <span class=\"cv-post-date cv-post-meta-item\" itemprop=\"datePublished\"><a href=\"http:\/\/nakanarach.pl\/index.php\/2025\/09\/09\/sosnowe-uroczystosci-i-olbrzymie-szyszki\/\">9 wrze\u015bnia 2025<\/a><\/span>                        <\/div>\r\n                        <div class=\"cv-post-content\" itemprop=\"description\">GRAN CANARIA: Co roku odbywaj\u0105 si\u0119 tutaj du\u017ce uroczysto\u015bci zwi\u0105zane z Matk\u0105 Bosk\u0105 Sosnow\u0105. Jednak&hellip;<\/div>                        <div class=\"cv-read-more\"><a href=http:\/\/nakanarach.pl\/index.php\/2025\/09\/09\/sosnowe-uroczystosci-i-olbrzymie-szyszki\/>Czytaj wi\u0119cej<i class=\"fas fa-arrow-right\"><\/i><\/a><\/div>                    <\/div><!-- .cv-post-right-wrap -->\r\n                <\/article>\r\n                        <article post-id=\"post-11361\" class=\"cv-post post-format--standard\" itemscope itemtype=\"http:\/\/schema.org\/articleBody\">\r\n                    <div class=\"cv-post-left-wrap\">\r\n                        <div class=\"cv-post-thumb\">\r\n                            <a href=\"http:\/\/nakanarach.pl\/index.php\/2025\/09\/08\/mniej-lotow-do-hiszpanii-i-na-kanary\/\"><img decoding=\"async\" src=\"http:\/\/nakanarach.pl\/wp-content\/uploads\/2025\/09\/Ryanair-Lotnisko-GC-2.jpg\" alt=\"MNIEJ LOT\u00d3W DO HISZPANII I NA KANARY\"\/><\/a>\r\n                        <\/div>\r\n                    <\/div><!-- .cv-post-left-wrap -->\r\n                    <div class=\"cv-post-right-wrap\">\r\n                                                <h2 class=\"cv-post-title\">\r\n                            <a href=\"http:\/\/nakanarach.pl\/index.php\/2025\/09\/08\/mniej-lotow-do-hiszpanii-i-na-kanary\/\" target=\"_self\">\r\n                                MNIEJ LOT\u00d3W DO HISZPANII I NA KANARY                            <\/a>\r\n                        <\/h2>\r\n                        <div class=\"cv-post-meta cv-meta-icon-show\">\r\n                            <span class=\"cv-post-date cv-post-meta-item\" itemprop=\"datePublished\"><a href=\"http:\/\/nakanarach.pl\/index.php\/2025\/09\/08\/mniej-lotow-do-hiszpanii-i-na-kanary\/\">8 wrze\u015bnia 2025<\/a><\/span>                        <\/div>\r\n                        <div class=\"cv-post-content\" itemprop=\"description\">HISZPANIA\/WYSPY KANARYJSKIE: To nie jest dobra wiadomo\u015b\u0107 dla pasa\u017cer\u00f3w lataj\u0105cych do Hiszpanii i na nale\u017c\u0105ce&hellip;<\/div>                        <div class=\"cv-read-more\"><a href=http:\/\/nakanarach.pl\/index.php\/2025\/09\/08\/mniej-lotow-do-hiszpanii-i-na-kanary\/>Czytaj wi\u0119cej<i class=\"fas fa-arrow-right\"><\/i><\/a><\/div>                    <\/div><!-- .cv-post-right-wrap -->\r\n                <\/article>\r\n                        <article post-id=\"post-11363\" class=\"cv-post post-format--standard\" itemscope itemtype=\"http:\/\/schema.org\/articleBody\">\r\n                    <div class=\"cv-post-left-wrap\">\r\n                        <div class=\"cv-post-thumb\">\r\n                            <a href=\"http:\/\/nakanarach.pl\/index.php\/2025\/09\/05\/dwa-zgony-na-plazy-tego-samego-dnia\/\"><img decoding=\"async\" src=\"http:\/\/nakanarach.pl\/wp-content\/uploads\/2022\/12\/Wysokie-fale.jpg\" alt=\"DWA ZGONY NA PLA\u017bY TEGO SAMEGO DNIA\"\/><\/a>\r\n                        <\/div>\r\n                    <\/div><!-- .cv-post-left-wrap -->\r\n                    <div class=\"cv-post-right-wrap\">\r\n                                                <h2 class=\"cv-post-title\">\r\n                            <a href=\"http:\/\/nakanarach.pl\/index.php\/2025\/09\/05\/dwa-zgony-na-plazy-tego-samego-dnia\/\" target=\"_self\">\r\n                                DWA ZGONY NA PLA\u017bY TEGO SAMEGO DNIA                            <\/a>\r\n                        <\/h2>\r\n                        <div class=\"cv-post-meta cv-meta-icon-show\">\r\n                            <span class=\"cv-post-date cv-post-meta-item\" itemprop=\"datePublished\"><a href=\"http:\/\/nakanarach.pl\/index.php\/2025\/09\/05\/dwa-zgony-na-plazy-tego-samego-dnia\/\">5 wrze\u015bnia 2025<\/a><\/span>                        <\/div>\r\n                        <div class=\"cv-post-content\" itemprop=\"description\">LANZAROTE\/TENERYFA: Dwie osoby zmar\u0142y tego samego dnia po k\u0105pieli w Oceanie Atlantyckim na archipelagu. Tym&hellip;<\/div>                        <div class=\"cv-read-more\"><a href=http:\/\/nakanarach.pl\/index.php\/2025\/09\/05\/dwa-zgony-na-plazy-tego-samego-dnia\/>Czytaj wi\u0119cej<i class=\"fas fa-arrow-right\"><\/i><\/a><\/div>                    <\/div><!-- .cv-post-right-wrap -->\r\n                <\/article>\r\n                        <article post-id=\"post-11365\" class=\"cv-post post-format--standard\" itemscope itemtype=\"http:\/\/schema.org\/articleBody\">\r\n                    <div class=\"cv-post-left-wrap\">\r\n                        <div class=\"cv-post-thumb\">\r\n                            <a href=\"http:\/\/nakanarach.pl\/index.php\/2025\/09\/04\/zaatakowala-pasazerow-w-samolocie\/\"><img decoding=\"async\" src=\"http:\/\/nakanarach.pl\/wp-content\/uploads\/2025\/03\/lotnisko-gran-canaria-ryanair_optimized-scaled.jpg\" alt=\"ZAATAKOWA\u0141A PASA\u017bER\u00d3W W SAMOLOCIE\"\/><\/a>\r\n                        <\/div>\r\n                    <\/div><!-- .cv-post-left-wrap -->\r\n                    <div class=\"cv-post-right-wrap\">\r\n                                                <h2 class=\"cv-post-title\">\r\n                            <a href=\"http:\/\/nakanarach.pl\/index.php\/2025\/09\/04\/zaatakowala-pasazerow-w-samolocie\/\" target=\"_self\">\r\n                                ZAATAKOWA\u0141A PASA\u017bER\u00d3W W SAMOLOCIE                            <\/a>\r\n                        <\/h2>\r\n                        <div class=\"cv-post-meta cv-meta-icon-show\">\r\n                            <span class=\"cv-post-date cv-post-meta-item\" itemprop=\"datePublished\"><a href=\"http:\/\/nakanarach.pl\/index.php\/2025\/09\/04\/zaatakowala-pasazerow-w-samolocie\/\">4 wrze\u015bnia 2025<\/a><\/span>                        <\/div>\r\n                        <div class=\"cv-post-content\" itemprop=\"description\">LANZAROTE: S\u0142u\u017cby bezpiecze\u0144stwa interweniowa\u0142y po wyl\u0105dowaniu na kanaryjskiej wyspie Lanzarote samolotu z Manchesteru. Powodem by\u0142a&hellip;<\/div>                        <div class=\"cv-read-more\"><a href=http:\/\/nakanarach.pl\/index.php\/2025\/09\/04\/zaatakowala-pasazerow-w-samolocie\/>Czytaj wi\u0119cej<i class=\"fas fa-arrow-right\"><\/i><\/a><\/div>                    <\/div><!-- .cv-post-right-wrap -->\r\n                <\/article>\r\n                        <article post-id=\"post-11356\" class=\"cv-post post-format--standard\" itemscope itemtype=\"http:\/\/schema.org\/articleBody\">\r\n                    <div class=\"cv-post-left-wrap\">\r\n                        <div class=\"cv-post-thumb\">\r\n                            <a href=\"http:\/\/nakanarach.pl\/index.php\/2025\/09\/04\/przerazajace-statystyki-przestepstw-video\/\"><img decoding=\"async\" src=\"http:\/\/nakanarach.pl\/wp-content\/uploads\/2021\/07\/Policia-Nacional-Noc-Teneryfa.jpg\" alt=\"PRZERA\u017bAJ\u0104CE STATYSTYKI PRZEST\u0118PSTW (VIDEO)\"\/><\/a>\r\n                        <\/div>\r\n                    <\/div><!-- .cv-post-left-wrap -->\r\n                    <div class=\"cv-post-right-wrap\">\r\n                                                <h2 class=\"cv-post-title\">\r\n                            <a href=\"http:\/\/nakanarach.pl\/index.php\/2025\/09\/04\/przerazajace-statystyki-przestepstw-video\/\" target=\"_self\">\r\n                                PRZERA\u017bAJ\u0104CE STATYSTYKI PRZEST\u0118PSTW (VIDEO)                            <\/a>\r\n                        <\/h2>\r\n                        <div class=\"cv-post-meta cv-meta-icon-show\">\r\n                            <span class=\"cv-post-date cv-post-meta-item\" itemprop=\"datePublished\"><a href=\"http:\/\/nakanarach.pl\/index.php\/2025\/09\/04\/przerazajace-statystyki-przestepstw-video\/\">4 wrze\u015bnia 2025<\/a><\/span>                        <\/div>\r\n                        <div class=\"cv-post-content\" itemprop=\"description\">TENERYFA: Brutalna b\u00f3jka pomi\u0119dzy turystami wybuch\u0142a na najwi\u0119kszej kanaryjskiej wyspie. To kolejne podobne zdarzenie niemal&hellip;<\/div>                        <div class=\"cv-read-more\"><a href=http:\/\/nakanarach.pl\/index.php\/2025\/09\/04\/przerazajace-statystyki-przestepstw-video\/>Czytaj wi\u0119cej<i class=\"fas fa-arrow-right\"><\/i><\/a><\/div>                    <\/div><!-- .cv-post-right-wrap -->\r\n                <\/article>\r\n                        <article post-id=\"post-11349\" class=\"cv-post post-format--standard\" itemscope itemtype=\"http:\/\/schema.org\/articleBody\">\r\n                    <div class=\"cv-post-left-wrap\">\r\n                        <div class=\"cv-post-thumb\">\r\n                            <a href=\"http:\/\/nakanarach.pl\/index.php\/2025\/09\/03\/luksus-w-wydaniu-kanaryjskim\/\"><img decoding=\"async\" src=\"http:\/\/nakanarach.pl\/wp-content\/uploads\/2025\/09\/Turysci-na-lezakach-Laprovincia.webp\" alt=\"&#8222;LUKSUS&#8221; W WYDANIU KANARYJSKIM\"\/><\/a>\r\n                        <\/div>\r\n                    <\/div><!-- .cv-post-left-wrap -->\r\n                    <div class=\"cv-post-right-wrap\">\r\n                                                <h2 class=\"cv-post-title\">\r\n                            <a href=\"http:\/\/nakanarach.pl\/index.php\/2025\/09\/03\/luksus-w-wydaniu-kanaryjskim\/\" target=\"_self\">\r\n                                &#8222;LUKSUS&#8221; W WYDANIU KANARYJSKIM                            <\/a>\r\n                        <\/h2>\r\n                        <div class=\"cv-post-meta cv-meta-icon-show\">\r\n                            <span class=\"cv-post-date cv-post-meta-item\" itemprop=\"datePublished\"><a href=\"http:\/\/nakanarach.pl\/index.php\/2025\/09\/03\/luksus-w-wydaniu-kanaryjskim\/\">3 wrze\u015bnia 2025<\/a><\/span>                        <\/div>\r\n                        <div class=\"cv-post-content\" itemprop=\"description\">TENERYFA: Rajskie Wyspy Kanaryjskie przyci\u0105gaj\u0105 coraz wi\u0119cej turyst\u00f3w, bij\u0105c tym samym kolejne rekordy. We wrze\u015bniu&hellip;<\/div>                        <div class=\"cv-read-more\"><a href=http:\/\/nakanarach.pl\/index.php\/2025\/09\/03\/luksus-w-wydaniu-kanaryjskim\/>Czytaj wi\u0119cej<i class=\"fas fa-arrow-right\"><\/i><\/a><\/div>                    <\/div><!-- .cv-post-right-wrap -->\r\n                <\/article>\r\n                        <article post-id=\"post-11338\" class=\"cv-post post-format--standard\" itemscope itemtype=\"http:\/\/schema.org\/articleBody\">\r\n                    <div class=\"cv-post-left-wrap\">\r\n                        <div class=\"cv-post-thumb\">\r\n                            <a href=\"http:\/\/nakanarach.pl\/index.php\/2025\/09\/01\/niepokojace-wstrzasy-przy-wulkanie\/\"><img decoding=\"async\" src=\"http:\/\/nakanarach.pl\/wp-content\/uploads\/2022\/06\/Teide-Pion.jpg\" alt=\"NIEPOKOJ\u0104CE WSTRZ\u0104SY PRZY WULKANIE\"\/><\/a>\r\n                        <\/div>\r\n                    <\/div><!-- .cv-post-left-wrap -->\r\n                    <div class=\"cv-post-right-wrap\">\r\n                                                <h2 class=\"cv-post-title\">\r\n                            <a href=\"http:\/\/nakanarach.pl\/index.php\/2025\/09\/01\/niepokojace-wstrzasy-przy-wulkanie\/\" target=\"_self\">\r\n                                NIEPOKOJ\u0104CE WSTRZ\u0104SY PRZY WULKANIE                            <\/a>\r\n                        <\/h2>\r\n                        <div class=\"cv-post-meta cv-meta-icon-show\">\r\n                            <span class=\"cv-post-date cv-post-meta-item\" itemprop=\"datePublished\"><a href=\"http:\/\/nakanarach.pl\/index.php\/2025\/09\/01\/niepokojace-wstrzasy-przy-wulkanie\/\">1 wrze\u015bnia 2025<\/a><\/span>                        <\/div>\r\n                        <div class=\"cv-post-content\" itemprop=\"description\">TENERYFA: Naukowcy z niepokojem analizuj\u0105 kolejn\u0105 seri\u0119 trz\u0119sie\u0144 ziemi, kt\u00f3re tym razem pojawi\u0142y si\u0119 bezpo\u015brednio&hellip;<\/div>                        <div class=\"cv-read-more\"><a href=http:\/\/nakanarach.pl\/index.php\/2025\/09\/01\/niepokojace-wstrzasy-przy-wulkanie\/>Czytaj wi\u0119cej<i class=\"fas fa-arrow-right\"><\/i><\/a><\/div>                    <\/div><!-- .cv-post-right-wrap -->\r\n                <\/article>\r\n                        <article post-id=\"post-11330\" class=\"cv-post post-format--standard\" itemscope itemtype=\"http:\/\/schema.org\/articleBody\">\r\n                    <div class=\"cv-post-left-wrap\">\r\n                        <div class=\"cv-post-thumb\">\r\n                            <a href=\"http:\/\/nakanarach.pl\/index.php\/2025\/08\/30\/ponad-70-ofiar-oceanu\/\"><img decoding=\"async\" src=\"http:\/\/nakanarach.pl\/wp-content\/uploads\/2022\/04\/Imigranci.jpg\" alt=\"PONAD 70 OFIAR OCEANU\"\/><\/a>\r\n                        <\/div>\r\n                    <\/div><!-- .cv-post-left-wrap -->\r\n                    <div class=\"cv-post-right-wrap\">\r\n                                                <h2 class=\"cv-post-title\">\r\n                            <a href=\"http:\/\/nakanarach.pl\/index.php\/2025\/08\/30\/ponad-70-ofiar-oceanu\/\" target=\"_self\">\r\n                                PONAD 70 OFIAR OCEANU                            <\/a>\r\n                        <\/h2>\r\n                        <div class=\"cv-post-meta cv-meta-icon-show\">\r\n                            <span class=\"cv-post-date cv-post-meta-item\" itemprop=\"datePublished\"><a href=\"http:\/\/nakanarach.pl\/index.php\/2025\/08\/30\/ponad-70-ofiar-oceanu\/\">30 sierpnia 2025<\/a><\/span>                        <\/div>\r\n                        <div class=\"cv-post-content\" itemprop=\"description\">WYSPY KANARYJSKIE\/MAURETANIA: W\u0142adze Mauretanii odnalaz\u0142y dotychczas oko\u0142o 70 cia\u0142 i uratowa\u0142y zaledwie 17 os\u00f3b, kt\u00f3re&hellip;<\/div>                        <div class=\"cv-read-more\"><a href=http:\/\/nakanarach.pl\/index.php\/2025\/08\/30\/ponad-70-ofiar-oceanu\/>Czytaj wi\u0119cej<i class=\"fas fa-arrow-right\"><\/i><\/a><\/div>                    <\/div><!-- .cv-post-right-wrap -->\r\n                <\/article>\r\n                        <article post-id=\"post-11322\" class=\"cv-post post-format--standard\" itemscope itemtype=\"http:\/\/schema.org\/articleBody\">\r\n                    <div class=\"cv-post-left-wrap\">\r\n                        <div class=\"cv-post-thumb\">\r\n                            <a href=\"http:\/\/nakanarach.pl\/index.php\/2025\/08\/29\/pies-sparalizowal-lotnisko\/\"><img decoding=\"async\" src=\"http:\/\/nakanarach.pl\/wp-content\/uploads\/2025\/08\/Pies-Lotnisko-Lanzarote-FB-Isla-Sin-Corrupcion.jpg\" alt=\"PIES SPARALI\u017bOWA\u0141 LOTNISKO\"\/><\/a>\r\n                        <\/div>\r\n                    <\/div><!-- .cv-post-left-wrap -->\r\n                    <div class=\"cv-post-right-wrap\">\r\n                                                <h2 class=\"cv-post-title\">\r\n                            <a href=\"http:\/\/nakanarach.pl\/index.php\/2025\/08\/29\/pies-sparalizowal-lotnisko\/\" target=\"_self\">\r\n                                PIES SPARALI\u017bOWA\u0141 LOTNISKO                            <\/a>\r\n                        <\/h2>\r\n                        <div class=\"cv-post-meta cv-meta-icon-show\">\r\n                            <span class=\"cv-post-date cv-post-meta-item\" itemprop=\"datePublished\"><a href=\"http:\/\/nakanarach.pl\/index.php\/2025\/08\/29\/pies-sparalizowal-lotnisko\/\">29 sierpnia 2025<\/a><\/span>                        <\/div>\r\n                        <div class=\"cv-post-content\" itemprop=\"description\">LANZAROTE: Bezpa\u0144ski pies spacerowa\u0142 po pasie startowym na lotnisku C\u00e9sar Manrique na popularnej kanaryjskiej wyspie&hellip;<\/div>                        <div class=\"cv-read-more\"><a href=http:\/\/nakanarach.pl\/index.php\/2025\/08\/29\/pies-sparalizowal-lotnisko\/>Czytaj wi\u0119cej<i class=\"fas fa-arrow-right\"><\/i><\/a><\/div>                    <\/div><!-- .cv-post-right-wrap -->\r\n                <\/article>\r\n                        <article post-id=\"post-11306\" class=\"cv-post post-format--standard\" itemscope itemtype=\"http:\/\/schema.org\/articleBody\">\r\n                    <div class=\"cv-post-left-wrap\">\r\n                        <div class=\"cv-post-thumb\">\r\n                            <a href=\"http:\/\/nakanarach.pl\/index.php\/2025\/08\/28\/awantura-o-lezak-przy-basenie-video\/\"><img decoding=\"async\" src=\"http:\/\/nakanarach.pl\/wp-content\/uploads\/2025\/08\/Teneryfa-Bitwa-o-lezaki.webp\" alt=\"AWANTURA O LE\u017bAK PRZY BASENIE (VIDEO)\"\/><\/a>\r\n                        <\/div>\r\n                    <\/div><!-- .cv-post-left-wrap -->\r\n                    <div class=\"cv-post-right-wrap\">\r\n                                                <h2 class=\"cv-post-title\">\r\n                            <a href=\"http:\/\/nakanarach.pl\/index.php\/2025\/08\/28\/awantura-o-lezak-przy-basenie-video\/\" target=\"_self\">\r\n                                AWANTURA O LE\u017bAK PRZY BASENIE (VIDEO)                            <\/a>\r\n                        <\/h2>\r\n                        <div class=\"cv-post-meta cv-meta-icon-show\">\r\n                            <span class=\"cv-post-date cv-post-meta-item\" itemprop=\"datePublished\"><a href=\"http:\/\/nakanarach.pl\/index.php\/2025\/08\/28\/awantura-o-lezak-przy-basenie-video\/\">28 sierpnia 2025<\/a><\/span>                        <\/div>\r\n                        <div class=\"cv-post-content\" itemprop=\"description\">TENERYFA: Kolejna runda nies\u0142awnej \u201ewojny o le\u017caki\u201d zako\u0144czy\u0142a si\u0119 awantur\u0105 w jednym z hoteli na&hellip;<\/div>                        <div class=\"cv-read-more\"><a href=http:\/\/nakanarach.pl\/index.php\/2025\/08\/28\/awantura-o-lezak-przy-basenie-video\/>Czytaj wi\u0119cej<i class=\"fas fa-arrow-right\"><\/i><\/a><\/div>                    <\/div><!-- .cv-post-right-wrap -->\r\n                <\/article>\r\n                        <article post-id=\"post-11210\" class=\"cv-post post-format--standard\" itemscope itemtype=\"http:\/\/schema.org\/articleBody\">\r\n                    <div class=\"cv-post-left-wrap\">\r\n                        <div class=\"cv-post-thumb\">\r\n                            <a href=\"http:\/\/nakanarach.pl\/index.php\/2025\/08\/27\/turysta-poczul-sie-jak-na-rodeo-video\/\"><img decoding=\"async\" src=\"http:\/\/nakanarach.pl\/wp-content\/uploads\/2025\/08\/Teneryfa-Turysta-rodeo.jpg\" alt=\"TURYSTA POCZU\u0141 SI\u0118 JAK NA RODEO (VIDEO)\"\/><\/a>\r\n                        <\/div>\r\n                    <\/div><!-- .cv-post-left-wrap -->\r\n                    <div class=\"cv-post-right-wrap\">\r\n                                                <h2 class=\"cv-post-title\">\r\n                            <a href=\"http:\/\/nakanarach.pl\/index.php\/2025\/08\/27\/turysta-poczul-sie-jak-na-rodeo-video\/\" target=\"_self\">\r\n                                TURYSTA POCZU\u0141 SI\u0118 JAK NA RODEO (VIDEO)                            <\/a>\r\n                        <\/h2>\r\n                        <div class=\"cv-post-meta cv-meta-icon-show\">\r\n                            <span class=\"cv-post-date cv-post-meta-item\" itemprop=\"datePublished\"><a href=\"http:\/\/nakanarach.pl\/index.php\/2025\/08\/27\/turysta-poczul-sie-jak-na-rodeo-video\/\">27 sierpnia 2025<\/a><\/span>                        <\/div>\r\n                        <div class=\"cv-post-content\" itemprop=\"description\">TENERYFA: Wraz ze zbli\u017caj\u0105cym si\u0119 ko\u0144cem najbardziej obleganego w ci\u0105gu ca\u0142ego roku okresu wypoczynkowego na&hellip;<\/div>                        <div class=\"cv-read-more\"><a href=http:\/\/nakanarach.pl\/index.php\/2025\/08\/27\/turysta-poczul-sie-jak-na-rodeo-video\/>Czytaj wi\u0119cej<i class=\"fas fa-arrow-right\"><\/i><\/a><\/div>                    <\/div><!-- .cv-post-right-wrap -->\r\n                <\/article>\r\n                        <article post-id=\"post-7115\" class=\"cv-post post-format--standard\" itemscope itemtype=\"http:\/\/schema.org\/articleBody\">\r\n                    <div class=\"cv-post-left-wrap\">\r\n                        <div class=\"cv-post-thumb\">\r\n                            <a href=\"http:\/\/nakanarach.pl\/index.php\/2025\/08\/26\/niezwykly-festyn-serc\/\"><img decoding=\"async\" src=\"http:\/\/nakanarach.pl\/wp-content\/uploads\/2023\/08\/Corazones-de-Tejina-Ayuntamento-La-Laguna.jpg\" alt=\"NIEZWYK\u0141Y FESTYN SERC\"\/><\/a>\r\n                        <\/div>\r\n                    <\/div><!-- .cv-post-left-wrap -->\r\n                    <div class=\"cv-post-right-wrap\">\r\n                                                <h2 class=\"cv-post-title\">\r\n                            <a href=\"http:\/\/nakanarach.pl\/index.php\/2025\/08\/26\/niezwykly-festyn-serc\/\" target=\"_self\">\r\n                                NIEZWYK\u0141Y FESTYN SERC                            <\/a>\r\n                        <\/h2>\r\n                        <div class=\"cv-post-meta cv-meta-icon-show\">\r\n                            <span class=\"cv-post-date cv-post-meta-item\" itemprop=\"datePublished\"><a href=\"http:\/\/nakanarach.pl\/index.php\/2025\/08\/26\/niezwykly-festyn-serc\/\">26 sierpnia 2025<\/a><\/span>                        <\/div>\r\n                        <div class=\"cv-post-content\" itemprop=\"description\">TENERYFA: Do ko\u0144ca sierpnia potrwaj\u0105 spektakularne wydarzenia zwi\u0105zane z festiwalem serc na najwi\u0119kszej kanaryjskiej wyspie.&hellip;<\/div>                        <div class=\"cv-read-more\"><a href=http:\/\/nakanarach.pl\/index.php\/2025\/08\/26\/niezwykly-festyn-serc\/>Czytaj wi\u0119cej<i class=\"fas fa-arrow-right\"><\/i><\/a><\/div>                    <\/div><!-- .cv-post-right-wrap -->\r\n                <\/article>\r\n                        <article post-id=\"post-11279\" class=\"cv-post post-format--standard\" itemscope itemtype=\"http:\/\/schema.org\/articleBody\">\r\n                    <div class=\"cv-post-left-wrap\">\r\n                        <div class=\"cv-post-thumb\">\r\n                            <a href=\"http:\/\/nakanarach.pl\/index.php\/2025\/08\/25\/grozny-pozar-lasu-video\/\"><img decoding=\"async\" src=\"http:\/\/nakanarach.pl\/wp-content\/uploads\/2025\/08\/Pozar-Lasu-El-Hierro-Fot.-EIRIF.webp\" alt=\"GRO\u0179NY PO\u017bAR LASU (VIDEO)\"\/><\/a>\r\n                        <\/div>\r\n                    <\/div><!-- .cv-post-left-wrap -->\r\n                    <div class=\"cv-post-right-wrap\">\r\n                                                <h2 class=\"cv-post-title\">\r\n                            <a href=\"http:\/\/nakanarach.pl\/index.php\/2025\/08\/25\/grozny-pozar-lasu-video\/\" target=\"_self\">\r\n                                GRO\u0179NY PO\u017bAR LASU (VIDEO)                            <\/a>\r\n                        <\/h2>\r\n                        <div class=\"cv-post-meta cv-meta-icon-show\">\r\n                            <span class=\"cv-post-date cv-post-meta-item\" itemprop=\"datePublished\"><a href=\"http:\/\/nakanarach.pl\/index.php\/2025\/08\/25\/grozny-pozar-lasu-video\/\">25 sierpnia 2025<\/a><\/span>                        <\/div>\r\n                        <div class=\"cv-post-content\" itemprop=\"description\">EL HIERRO: Po blisko dobie uda\u0142o si\u0119 ustabilizowa\u0107 gro\u017any po\u017car lasu na niewielkiej kanaryjskiej wyspie&hellip;<\/div>                        <div class=\"cv-read-more\"><a href=http:\/\/nakanarach.pl\/index.php\/2025\/08\/25\/grozny-pozar-lasu-video\/>Czytaj wi\u0119cej<i class=\"fas fa-arrow-right\"><\/i><\/a><\/div>                    <\/div><!-- .cv-post-right-wrap -->\r\n                <\/article>\r\n                        <article post-id=\"post-11250\" class=\"cv-post post-format--standard\" itemscope itemtype=\"http:\/\/schema.org\/articleBody\">\r\n                    <div class=\"cv-post-left-wrap\">\r\n                        <div class=\"cv-post-thumb\">\r\n                            <a href=\"http:\/\/nakanarach.pl\/index.php\/2025\/08\/22\/nietypowy-protest-na-plazy-video\/\"><img decoding=\"async\" src=\"http:\/\/nakanarach.pl\/wp-content\/uploads\/2025\/08\/Sanchez-parasolki0-FB-Hazte-Oir.jpg\" alt=\"NIETYPOWY PROTEST NA PLA\u017bY (VIDEO)\"\/><\/a>\r\n                        <\/div>\r\n                    <\/div><!-- .cv-post-left-wrap -->\r\n                    <div class=\"cv-post-right-wrap\">\r\n                                                <h2 class=\"cv-post-title\">\r\n                            <a href=\"http:\/\/nakanarach.pl\/index.php\/2025\/08\/22\/nietypowy-protest-na-plazy-video\/\" target=\"_self\">\r\n                                NIETYPOWY PROTEST NA PLA\u017bY (VIDEO)                            <\/a>\r\n                        <\/h2>\r\n                        <div class=\"cv-post-meta cv-meta-icon-show\">\r\n                            <span class=\"cv-post-date cv-post-meta-item\" itemprop=\"datePublished\"><a href=\"http:\/\/nakanarach.pl\/index.php\/2025\/08\/22\/nietypowy-protest-na-plazy-video\/\">22 sierpnia 2025<\/a><\/span>                        <\/div>\r\n                        <div class=\"cv-post-content\" itemprop=\"description\">LANZAROTE: Dotychczas Kanaryjczycy protestowali na pla\u017cach przeciwko nadmiarowi turyst\u00f3w lub zanieczyszczaniu oceanu \u015bciekami. Tym razem&hellip;<\/div>                        <div class=\"cv-read-more\"><a href=http:\/\/nakanarach.pl\/index.php\/2025\/08\/22\/nietypowy-protest-na-plazy-video\/>Czytaj wi\u0119cej<i class=\"fas fa-arrow-right\"><\/i><\/a><\/div>                    <\/div><!-- .cv-post-right-wrap -->\r\n                <\/article>\r\n                        <article post-id=\"post-11240\" class=\"cv-post post-format--standard\" itemscope itemtype=\"http:\/\/schema.org\/articleBody\">\r\n                    <div class=\"cv-post-left-wrap\">\r\n                        <div class=\"cv-post-thumb\">\r\n                            <a href=\"http:\/\/nakanarach.pl\/index.php\/2025\/08\/21\/brutalne-ataki-na-turystki\/\"><img decoding=\"async\" src=\"http:\/\/nakanarach.pl\/wp-content\/uploads\/2025\/08\/Gwardia-cywilna-napady-hotel-Costa-Calma.webp\" alt=\"BRUTALNE ATAKI NA TURYSTKI\"\/><\/a>\r\n                        <\/div>\r\n                    <\/div><!-- .cv-post-left-wrap -->\r\n                    <div class=\"cv-post-right-wrap\">\r\n                                                <h2 class=\"cv-post-title\">\r\n                            <a href=\"http:\/\/nakanarach.pl\/index.php\/2025\/08\/21\/brutalne-ataki-na-turystki\/\" target=\"_self\">\r\n                                BRUTALNE ATAKI NA TURYSTKI                            <\/a>\r\n                        <\/h2>\r\n                        <div class=\"cv-post-meta cv-meta-icon-show\">\r\n                            <span class=\"cv-post-date cv-post-meta-item\" itemprop=\"datePublished\"><a href=\"http:\/\/nakanarach.pl\/index.php\/2025\/08\/21\/brutalne-ataki-na-turystki\/\">21 sierpnia 2025<\/a><\/span>                        <\/div>\r\n                        <div class=\"cv-post-content\" itemprop=\"description\">FUERTEVENTURA: Gwardia Cywilna z Fuerteventury zatrzyma\u0142a nieletniego podejrzanego o dokonanie dw\u00f3ch brutalnych atak\u00f3w na turystki&hellip;<\/div>                        <div class=\"cv-read-more\"><a href=http:\/\/nakanarach.pl\/index.php\/2025\/08\/21\/brutalne-ataki-na-turystki\/>Czytaj wi\u0119cej<i class=\"fas fa-arrow-right\"><\/i><\/a><\/div>                    <\/div><!-- .cv-post-right-wrap -->\r\n                <\/article>\r\n                        <article post-id=\"post-11242\" class=\"cv-post post-format--standard\" itemscope itemtype=\"http:\/\/schema.org\/articleBody\">\r\n                    <div class=\"cv-post-left-wrap\">\r\n                        <div class=\"cv-post-thumb\">\r\n                            <a href=\"http:\/\/nakanarach.pl\/index.php\/2025\/08\/20\/tragiczne-statystyki-upalow\/\"><img decoding=\"async\" src=\"http:\/\/nakanarach.pl\/wp-content\/uploads\/2024\/10\/Plaza-Las-Canteras-32-stopnie-1-scaled.jpg\" alt=\"TRAGICZNE STATYSTYKI UPA\u0141\u00d3W\"\/><\/a>\r\n                        <\/div>\r\n                    <\/div><!-- .cv-post-left-wrap -->\r\n                    <div class=\"cv-post-right-wrap\">\r\n                                                <h2 class=\"cv-post-title\">\r\n                            <a href=\"http:\/\/nakanarach.pl\/index.php\/2025\/08\/20\/tragiczne-statystyki-upalow\/\" target=\"_self\">\r\n                                TRAGICZNE STATYSTYKI UPA\u0141\u00d3W                            <\/a>\r\n                        <\/h2>\r\n                        <div class=\"cv-post-meta cv-meta-icon-show\">\r\n                            <span class=\"cv-post-date cv-post-meta-item\" itemprop=\"datePublished\"><a href=\"http:\/\/nakanarach.pl\/index.php\/2025\/08\/20\/tragiczne-statystyki-upalow\/\">20 sierpnia 2025<\/a><\/span>                        <\/div>\r\n                        <div class=\"cv-post-content\" itemprop=\"description\">HISZPANIA\/WYSPY KANARYJSKIE: Przera\u017caj\u0105ce statystyki upa\u0142\u00f3w na rajskim archipelagu i w Hiszpanii. Dla wielu os\u00f3b s\u0142o\u0144ce&hellip;<\/div>                        <div class=\"cv-read-more\"><a href=http:\/\/nakanarach.pl\/index.php\/2025\/08\/20\/tragiczne-statystyki-upalow\/>Czytaj wi\u0119cej<i class=\"fas fa-arrow-right\"><\/i><\/a><\/div>                    <\/div><!-- .cv-post-right-wrap -->\r\n                <\/article>\r\n                        <article post-id=\"post-11225\" class=\"cv-post post-format--standard\" itemscope itemtype=\"http:\/\/schema.org\/articleBody\">\r\n                    <div class=\"cv-post-left-wrap\">\r\n                        <div class=\"cv-post-thumb\">\r\n                            <a href=\"http:\/\/nakanarach.pl\/index.php\/2025\/08\/19\/turysta-zmarl-po-zatruciu-w-hotelu\/\"><img decoding=\"async\" src=\"http:\/\/nakanarach.pl\/wp-content\/uploads\/2025\/08\/Fuerteventura-FB-Cabildo-de-Fuerteventura.jpg\" alt=\"TURYSTA ZMAR\u0141 PO ZATRUCIU W HOTELU\"\/><\/a>\r\n                        <\/div>\r\n                    <\/div><!-- .cv-post-left-wrap -->\r\n                    <div class=\"cv-post-right-wrap\">\r\n                                                <h2 class=\"cv-post-title\">\r\n                            <a href=\"http:\/\/nakanarach.pl\/index.php\/2025\/08\/19\/turysta-zmarl-po-zatruciu-w-hotelu\/\" target=\"_self\">\r\n                                TURYSTA ZMAR\u0141 PO ZATRUCIU W HOTELU                            <\/a>\r\n                        <\/h2>\r\n                        <div class=\"cv-post-meta cv-meta-icon-show\">\r\n                            <span class=\"cv-post-date cv-post-meta-item\" itemprop=\"datePublished\"><a href=\"http:\/\/nakanarach.pl\/index.php\/2025\/08\/19\/turysta-zmarl-po-zatruciu-w-hotelu\/\">19 sierpnia 2025<\/a><\/span>                        <\/div>\r\n                        <div class=\"cv-post-content\" itemprop=\"description\">FUERTEVENTURA: Wymarzony wyjazd na rajskie wakacje zamieni\u0142 si\u0119 w koszmar dla jednej z brytyjskich par.&hellip;<\/div>                        <div class=\"cv-read-more\"><a href=http:\/\/nakanarach.pl\/index.php\/2025\/08\/19\/turysta-zmarl-po-zatruciu-w-hotelu\/>Czytaj wi\u0119cej<i class=\"fas fa-arrow-right\"><\/i><\/a><\/div>                    <\/div><!-- .cv-post-right-wrap -->\r\n                <\/article>\r\n            <\/div><\/div>","protected":false},"excerpt":{"rendered":"","protected":false},"author":1,"featured_media":0,"parent":0,"menu_order":0,"comment_status":"closed","ping_status":"closed","template":"","meta":{"om_disable_all_campaigns":false,"_monsterinsights_skip_tracking":false,"_monsterinsights_sitenote_active":false,"_monsterinsights_sitenote_note":"","_monsterinsights_sitenote_category":0,"footnotes":""},"class_list":["post-39","page","type-page","status-publish","hentry"],"aioseo_notices":[],"blog_post_layout_featured_media_urls":{"thumbnail":"","full":""},"categories_names":null,"comments_number":"0","wpmagazine_modules_lite_featured_media_urls":{"thumbnail":"","cvmm-medium":"","cvmm-medium-plus":"","cvmm-portrait":"","cvmm-medium-square":"","cvmm-large":"","cvmm-small":"","full":""},"_links":{"self":[{"href":"http:\/\/nakanarach.pl\/index.php\/wp-json\/wp\/v2\/pages\/39","targetHints":{"allow":["GET"]}}],"collection":[{"href":"http:\/\/nakanarach.pl\/index.php\/wp-json\/wp\/v2\/pages"}],"about":[{"href":"http:\/\/nakanarach.pl\/index.php\/wp-json\/wp\/v2\/types\/page"}],"author":[{"embeddable":true,"href":"http:\/\/nakanarach.pl\/index.php\/wp-json\/wp\/v2\/users\/1"}],"replies":[{"embeddable":true,"href":"http:\/\/nakanarach.pl\/index.php\/wp-json\/wp\/v2\/comments?post=39"}],"version-history":[{"count":11,"href":"http:\/\/nakanarach.pl\/index.php\/wp-json\/wp\/v2\/pages\/39\/revisions"}],"predecessor-version":[{"id":4458,"href":"http:\/\/nakanarach.pl\/index.php\/wp-json\/wp\/v2\/pages\/39\/revisions\/4458"}],"wp:attachment":[{"href":"http:\/\/nakanarach.pl\/index.php\/wp-json\/wp\/v2\/media?parent=39"}],"curies":[{"name":"wp","href":"https:\/\/api.w.org\/{rel}","templated":true}]}}