{"id":4378,"date":"2022-03-17T16:05:47","date_gmt":"2022-03-17T16:05:47","guid":{"rendered":"http:\/\/nakanarach.pl\/?page_id=4378"},"modified":"2022-05-13T09:51:58","modified_gmt":"2022-05-13T08:51:58","slug":"media-i-muzyka","status":"publish","type":"page","link":"http:\/\/nakanarach.pl\/index.php\/media-i-muzyka\/","title":{"rendered":"Muzyka i Media"},"content":{"rendered":"<div id=\"cv-list-post-layout\" class=\"block-8e6db370-8da6-403f-8cc1-5b0cb8a4172b cv-block cv-block-list--layout-one\">    <div class=\"cv-post-wrapper cv-post--imagemargin column--three\">\r\n                        <article post-id=\"post-7381\" class=\"cv-post post-format--standard\" itemscope itemtype=\"http:\/\/schema.org\/articleBody\">\r\n                    <div class=\"cv-post-left-wrap\">\r\n                        <div class=\"cv-post-thumb\">\r\n                            <a href=\"http:\/\/nakanarach.pl\/index.php\/2023\/10\/16\/kanaryjskie-media-o-wyborach-w-polsce\/\"><img decoding=\"async\" src=\"http:\/\/nakanarach.pl\/wp-content\/uploads\/2023\/10\/Wybory-2023-Tv-Canaria1-scaled.jpg\" alt=\"KANARYJSKIE MEDIA O WYBORACH W POLSCE\"\/><\/a>\r\n                        <\/div>\r\n                    <\/div><!-- .cv-post-left-wrap -->\r\n                    <div class=\"cv-post-right-wrap\">\r\n                                                <h2 class=\"cv-post-title\">\r\n                            <a href=\"http:\/\/nakanarach.pl\/index.php\/2023\/10\/16\/kanaryjskie-media-o-wyborach-w-polsce\/\" target=\"_self\">\r\n                                KANARYJSKIE MEDIA O WYBORACH W POLSCE                            <\/a>\r\n                        <\/h2>\r\n                        <div class=\"cv-post-meta cv-meta-icon-show\">\r\n                            <span class=\"cv-post-date cv-post-meta-item\" itemprop=\"datePublished\"><a href=\"http:\/\/nakanarach.pl\/index.php\/2023\/10\/16\/kanaryjskie-media-o-wyborach-w-polsce\/\">16 pa\u017adziernika 2023<\/a><\/span>                        <\/div>\r\n                        <div class=\"cv-post-content\" itemprop=\"description\">Tegoroczna frekwencja odzwierciedla widoczne znaczenie wybor\u00f3w, kt\u00f3re zdefiniuj\u0105 relacje Polski z Uni\u0105 Europejsk\u0105 &#8211; poinformowa\u0142a&hellip;<\/div>                        <div class=\"cv-read-more\"><a href=http:\/\/nakanarach.pl\/index.php\/2023\/10\/16\/kanaryjskie-media-o-wyborach-w-polsce\/>Czytaj wi\u0119cej<i class=\"fas fa-arrow-right\"><\/i><\/a><\/div>                    <\/div><!-- .cv-post-right-wrap -->\r\n                <\/article>\r\n                        <article post-id=\"post-5669\" class=\"cv-post post-format--standard\" itemscope itemtype=\"http:\/\/schema.org\/articleBody\">\r\n                    <div class=\"cv-post-left-wrap\">\r\n                        <div class=\"cv-post-thumb\">\r\n                            <a href=\"http:\/\/nakanarach.pl\/index.php\/2022\/09\/27\/promocja-filmu-z-jlo-na-gran-canarii\/\"><img decoding=\"async\" src=\"http:\/\/nakanarach.pl\/wp-content\/uploads\/2022\/01\/JLO-na-Kanarach.jpg\" alt=\"PROMOCJA FILMU Z JLO NA GRAN CANARII\"\/><\/a>\r\n                        <\/div>\r\n                    <\/div><!-- .cv-post-left-wrap -->\r\n                    <div class=\"cv-post-right-wrap\">\r\n                                                <h2 class=\"cv-post-title\">\r\n                            <a href=\"http:\/\/nakanarach.pl\/index.php\/2022\/09\/27\/promocja-filmu-z-jlo-na-gran-canarii\/\" target=\"_self\">\r\n                                PROMOCJA FILMU Z JLO NA GRAN CANARII                            <\/a>\r\n                        <\/h2>\r\n                        <div class=\"cv-post-meta cv-meta-icon-show\">\r\n                            <span class=\"cv-post-date cv-post-meta-item\" itemprop=\"datePublished\"><a href=\"http:\/\/nakanarach.pl\/index.php\/2022\/09\/27\/promocja-filmu-z-jlo-na-gran-canarii\/\">27 wrze\u015bnia 2022<\/a><\/span>                        <\/div>\r\n                        <div class=\"cv-post-content\" itemprop=\"description\">Netflix rozpocz\u0105\u0142 promocj\u0119 filmu, kt\u00f3ry \u015bwiatowej s\u0142awy piosenkarka Jennifer L\u00f3pez nakr\u0119ci\u0142a w 2022 roku. Niekt\u00f3re&hellip;<\/div>                        <div class=\"cv-read-more\"><a href=http:\/\/nakanarach.pl\/index.php\/2022\/09\/27\/promocja-filmu-z-jlo-na-gran-canarii\/>Czytaj wi\u0119cej<i class=\"fas fa-arrow-right\"><\/i><\/a><\/div>                    <\/div><!-- .cv-post-right-wrap -->\r\n                <\/article>\r\n                        <article post-id=\"post-4963\" class=\"cv-post post-format--standard\" itemscope itemtype=\"http:\/\/schema.org\/articleBody\">\r\n                    <div class=\"cv-post-left-wrap\">\r\n                        <div class=\"cv-post-thumb\">\r\n                            <a href=\"http:\/\/nakanarach.pl\/index.php\/2022\/05\/24\/promocja-kanarow-przez-reality-show\/\"><img decoding=\"async\" src=\"http:\/\/nakanarach.pl\/wp-content\/uploads\/2022\/05\/Reality-show.jpg\" alt=\"PROMOCJA KANAR\u00d3W PRZEZ REALITY-SHOW\"\/><\/a>\r\n                        <\/div>\r\n                    <\/div><!-- .cv-post-left-wrap -->\r\n                    <div class=\"cv-post-right-wrap\">\r\n                                                <h2 class=\"cv-post-title\">\r\n                            <a href=\"http:\/\/nakanarach.pl\/index.php\/2022\/05\/24\/promocja-kanarow-przez-reality-show\/\" target=\"_self\">\r\n                                PROMOCJA KANAR\u00d3W PRZEZ REALITY-SHOW                            <\/a>\r\n                        <\/h2>\r\n                        <div class=\"cv-post-meta cv-meta-icon-show\">\r\n                            <span class=\"cv-post-date cv-post-meta-item\" itemprop=\"datePublished\"><a href=\"http:\/\/nakanarach.pl\/index.php\/2022\/05\/24\/promocja-kanarow-przez-reality-show\/\">24 maja 2022<\/a><\/span>                        <\/div>\r\n                        <div class=\"cv-post-content\" itemprop=\"description\">Na Wyspach Kanaryjskich ruszy\u0142y w maju 2022 roku zdj\u0119cia do przygodowego realitypshow, w kt\u00f3rym influencerzy&nbsp;o\u015bmiu&hellip;<\/div>                        <div class=\"cv-read-more\"><a href=http:\/\/nakanarach.pl\/index.php\/2022\/05\/24\/promocja-kanarow-przez-reality-show\/>Czytaj wi\u0119cej<i class=\"fas fa-arrow-right\"><\/i><\/a><\/div>                    <\/div><!-- .cv-post-right-wrap -->\r\n                <\/article>\r\n                        <article post-id=\"post-4854\" class=\"cv-post post-format--standard\" itemscope itemtype=\"http:\/\/schema.org\/articleBody\">\r\n                    <div class=\"cv-post-left-wrap\">\r\n                        <div class=\"cv-post-thumb\">\r\n                            <a href=\"http:\/\/nakanarach.pl\/index.php\/2022\/05\/19\/jack-ryan-powstaje-na-gran-canarii\/\"><img decoding=\"async\" src=\"http:\/\/nakanarach.pl\/wp-content\/uploads\/2022\/05\/Jack-Ryan-1.jpg\" alt=\"&#8222;JACK RYAN&#8221; POWSTAJE NA GRAN CANARII\"\/><\/a>\r\n                        <\/div>\r\n                    <\/div><!-- .cv-post-left-wrap -->\r\n                    <div class=\"cv-post-right-wrap\">\r\n                                                <h2 class=\"cv-post-title\">\r\n                            <a href=\"http:\/\/nakanarach.pl\/index.php\/2022\/05\/19\/jack-ryan-powstaje-na-gran-canarii\/\" target=\"_self\">\r\n                                &#8222;JACK RYAN&#8221; POWSTAJE NA GRAN CANARII                            <\/a>\r\n                        <\/h2>\r\n                        <div class=\"cv-post-meta cv-meta-icon-show\">\r\n                            <span class=\"cv-post-date cv-post-meta-item\" itemprop=\"datePublished\"><a href=\"http:\/\/nakanarach.pl\/index.php\/2022\/05\/19\/jack-ryan-powstaje-na-gran-canarii\/\">19 maja 2022<\/a><\/span>                        <\/div>\r\n                        <div class=\"cv-post-content\" itemprop=\"description\">W gminie San Bartolom\u00e9 de Tirajana na po\u0142udniu Gran Canarii s\u0105 kr\u0119cone zdj\u0119cia do czwartego&hellip;<\/div>                        <div class=\"cv-read-more\"><a href=http:\/\/nakanarach.pl\/index.php\/2022\/05\/19\/jack-ryan-powstaje-na-gran-canarii\/>Czytaj wi\u0119cej<i class=\"fas fa-arrow-right\"><\/i><\/a><\/div>                    <\/div><!-- .cv-post-right-wrap -->\r\n                <\/article>\r\n                        <article post-id=\"post-4733\" class=\"cv-post post-format--standard\" itemscope itemtype=\"http:\/\/schema.org\/articleBody\">\r\n                    <div class=\"cv-post-left-wrap\">\r\n                        <div class=\"cv-post-thumb\">\r\n                            <a href=\"http:\/\/nakanarach.pl\/index.php\/2022\/04\/19\/gitarzysta-queen-na-kanarach\/\"><img decoding=\"async\" src=\"http:\/\/nakanarach.pl\/wp-content\/uploads\/2022\/04\/Brian-May-drzewo-El-Hierro.jpg\" alt=\"GITARZYSTA QUEEN NA KANARACH\"\/><\/a>\r\n                        <\/div>\r\n                    <\/div><!-- .cv-post-left-wrap -->\r\n                    <div class=\"cv-post-right-wrap\">\r\n                                                <h2 class=\"cv-post-title\">\r\n                            <a href=\"http:\/\/nakanarach.pl\/index.php\/2022\/04\/19\/gitarzysta-queen-na-kanarach\/\" target=\"_self\">\r\n                                GITARZYSTA QUEEN NA KANARACH                            <\/a>\r\n                        <\/h2>\r\n                        <div class=\"cv-post-meta cv-meta-icon-show\">\r\n                            <span class=\"cv-post-date cv-post-meta-item\" itemprop=\"datePublished\"><a href=\"http:\/\/nakanarach.pl\/index.php\/2022\/04\/19\/gitarzysta-queen-na-kanarach\/\">19 kwietnia 2022<\/a><\/span>                        <\/div>\r\n                        <div class=\"cv-post-content\" itemprop=\"description\">Brian May &#8211; \u015bwiatowej s\u0142awy gitarzysta legendarnego zespo\u0142u Queen wr\u00f3ci\u0142 do miejsca, gdzie zrobiono zdj\u0119cie&hellip;<\/div>                        <div class=\"cv-read-more\"><a href=http:\/\/nakanarach.pl\/index.php\/2022\/04\/19\/gitarzysta-queen-na-kanarach\/>Czytaj wi\u0119cej<i class=\"fas fa-arrow-right\"><\/i><\/a><\/div>                    <\/div><!-- .cv-post-right-wrap -->\r\n                <\/article>\r\n                        <article post-id=\"post-4003\" class=\"cv-post post-format--standard\" itemscope itemtype=\"http:\/\/schema.org\/articleBody\">\r\n                    <div class=\"cv-post-left-wrap\">\r\n                        <div class=\"cv-post-thumb\">\r\n                            <a href=\"http:\/\/nakanarach.pl\/index.php\/2022\/02\/05\/bejo-raper-z-teneryfy\/\"><img decoding=\"async\" src=\"http:\/\/nakanarach.pl\/wp-content\/uploads\/2022\/02\/Bejo-Fot.-facebook-Bejo.jpg\" alt=\"BEJO &#8211; RAPER Z TENERYFY\"\/><\/a>\r\n                        <\/div>\r\n                    <\/div><!-- .cv-post-left-wrap -->\r\n                    <div class=\"cv-post-right-wrap\">\r\n                                                <h2 class=\"cv-post-title\">\r\n                            <a href=\"http:\/\/nakanarach.pl\/index.php\/2022\/02\/05\/bejo-raper-z-teneryfy\/\" target=\"_self\">\r\n                                BEJO &#8211; RAPER Z TENERYFY                            <\/a>\r\n                        <\/h2>\r\n                        <div class=\"cv-post-meta cv-meta-icon-show\">\r\n                            <span class=\"cv-post-date cv-post-meta-item\" itemprop=\"datePublished\"><a href=\"http:\/\/nakanarach.pl\/index.php\/2022\/02\/05\/bejo-raper-z-teneryfy\/\">5 lutego 2022<\/a><\/span>                        <\/div>\r\n                        <div class=\"cv-post-content\" itemprop=\"description\">Na Wyspach Kanaryjskich bardzo popularny jest Bejo, wykonuj\u0105cy muzyk\u0119 z gatunku hip-hop. Jeden z jego&hellip;<\/div>                        <div class=\"cv-read-more\"><a href=http:\/\/nakanarach.pl\/index.php\/2022\/02\/05\/bejo-raper-z-teneryfy\/>Czytaj wi\u0119cej<i class=\"fas fa-arrow-right\"><\/i><\/a><\/div>                    <\/div><!-- .cv-post-right-wrap -->\r\n                <\/article>\r\n                        <article post-id=\"post-2089\" class=\"cv-post post-format--standard\" itemscope itemtype=\"http:\/\/schema.org\/articleBody\">\r\n                    <div class=\"cv-post-left-wrap\">\r\n                        <div class=\"cv-post-thumb\">\r\n                            <a href=\"http:\/\/nakanarach.pl\/index.php\/2022\/01\/12\/boys-i-inne-zespoly-disco-polo-na-kanarach\/\"><img decoding=\"async\" src=\"http:\/\/nakanarach.pl\/wp-content\/uploads\/2021\/07\/Boys-Marcin-Miller.jpg\" alt=\"POLSKIE TELEDYSKI NAGRYWANE NA KANARACH\"\/><\/a>\r\n                        <\/div>\r\n                    <\/div><!-- .cv-post-left-wrap -->\r\n                    <div class=\"cv-post-right-wrap\">\r\n                                                <h2 class=\"cv-post-title\">\r\n                            <a href=\"http:\/\/nakanarach.pl\/index.php\/2022\/01\/12\/boys-i-inne-zespoly-disco-polo-na-kanarach\/\" target=\"_self\">\r\n                                POLSKIE TELEDYSKI NAGRYWANE NA KANARACH                            <\/a>\r\n                        <\/h2>\r\n                        <div class=\"cv-post-meta cv-meta-icon-show\">\r\n                            <span class=\"cv-post-date cv-post-meta-item\" itemprop=\"datePublished\"><a href=\"http:\/\/nakanarach.pl\/index.php\/2022\/01\/12\/boys-i-inne-zespoly-disco-polo-na-kanarach\/\">12 stycznia 2022<\/a><\/span>                        <\/div>\r\n                        <div class=\"cv-post-content\" itemprop=\"description\">Wyspy Kanaryjskie s\u0105 ch\u0119tnie wybierane przez polskich artyst\u00f3w do nagrywania teledysk\u00f3w w pi\u0119knych sceneriach m.in.&hellip;<\/div>                        <div class=\"cv-read-more\"><a href=http:\/\/nakanarach.pl\/index.php\/2022\/01\/12\/boys-i-inne-zespoly-disco-polo-na-kanarach\/>Czytaj wi\u0119cej<i class=\"fas fa-arrow-right\"><\/i><\/a><\/div>                    <\/div><!-- .cv-post-right-wrap -->\r\n                <\/article>\r\n                        <article post-id=\"post-3662\" class=\"cv-post post-format--standard\" itemscope itemtype=\"http:\/\/schema.org\/articleBody\">\r\n                    <div class=\"cv-post-left-wrap\">\r\n                        <div class=\"cv-post-thumb\">\r\n                            <a href=\"http:\/\/nakanarach.pl\/index.php\/2022\/01\/07\/jennifer-lopez-na-gran-canarii\/\"><img decoding=\"async\" src=\"http:\/\/nakanarach.pl\/wp-content\/uploads\/2022\/01\/JLO-na-Kanarach.jpg\" alt=\"JENNIFER LOPEZ NA GRAN CANARII\"\/><\/a>\r\n                        <\/div>\r\n                    <\/div><!-- .cv-post-left-wrap -->\r\n                    <div class=\"cv-post-right-wrap\">\r\n                                                <h2 class=\"cv-post-title\">\r\n                            <a href=\"http:\/\/nakanarach.pl\/index.php\/2022\/01\/07\/jennifer-lopez-na-gran-canarii\/\" target=\"_self\">\r\n                                JENNIFER LOPEZ NA GRAN CANARII                            <\/a>\r\n                        <\/h2>\r\n                        <div class=\"cv-post-meta cv-meta-icon-show\">\r\n                            <span class=\"cv-post-date cv-post-meta-item\" itemprop=\"datePublished\"><a href=\"http:\/\/nakanarach.pl\/index.php\/2022\/01\/07\/jennifer-lopez-na-gran-canarii\/\">7 stycznia 2022<\/a><\/span>                        <\/div>\r\n                        <div class=\"cv-post-content\" itemprop=\"description\">Jak ju\u017c informowali\u015bmy w naszej gazecie nakanarach.pl w styczniu tego roku na Gran Canari\u0119 zawita\u0142a&hellip;<\/div>                        <div class=\"cv-read-more\"><a href=http:\/\/nakanarach.pl\/index.php\/2022\/01\/07\/jennifer-lopez-na-gran-canarii\/>Czytaj wi\u0119cej<i class=\"fas fa-arrow-right\"><\/i><\/a><\/div>                    <\/div><!-- .cv-post-right-wrap -->\r\n                <\/article>\r\n                        <article post-id=\"post-673\" class=\"cv-post post-format--standard\" itemscope itemtype=\"http:\/\/schema.org\/articleBody\">\r\n                    <div class=\"cv-post-left-wrap\">\r\n                        <div class=\"cv-post-thumb\">\r\n                            <a href=\"http:\/\/nakanarach.pl\/index.php\/2021\/08\/30\/nagrywaja-love-island-na-gran-canarii\/\"><img decoding=\"async\" src=\"http:\/\/nakanarach.pl\/wp-content\/uploads\/2021\/04\/Love-Island-Espana-Dom-caly.jpg\" alt=\"GRAN CANARIA WYSP\u0104 MI\u0141O\u015aCI\"\/><\/a>\r\n                        <\/div>\r\n                    <\/div><!-- .cv-post-left-wrap -->\r\n                    <div class=\"cv-post-right-wrap\">\r\n                                                <h2 class=\"cv-post-title\">\r\n                            <a href=\"http:\/\/nakanarach.pl\/index.php\/2021\/08\/30\/nagrywaja-love-island-na-gran-canarii\/\" target=\"_self\">\r\n                                GRAN CANARIA WYSP\u0104 MI\u0141O\u015aCI                            <\/a>\r\n                        <\/h2>\r\n                        <div class=\"cv-post-meta cv-meta-icon-show\">\r\n                            <span class=\"cv-post-date cv-post-meta-item\" itemprop=\"datePublished\"><a href=\"http:\/\/nakanarach.pl\/index.php\/2021\/08\/30\/nagrywaja-love-island-na-gran-canarii\/\">30 sierpnia 2021<\/a><\/span>                        <\/div>\r\n                        <div class=\"cv-post-content\" itemprop=\"description\">30 sierpnia 2021 roku w Polsce ruszy\u0142a 4. edycja popularnego programu Love Island,&nbsp;emitowanego w telewizji&hellip;<\/div>                        <div class=\"cv-read-more\"><a href=http:\/\/nakanarach.pl\/index.php\/2021\/08\/30\/nagrywaja-love-island-na-gran-canarii\/>Czytaj wi\u0119cej<i class=\"fas fa-arrow-right\"><\/i><\/a><\/div>                    <\/div><!-- .cv-post-right-wrap -->\r\n                <\/article>\r\n                        <article post-id=\"post-2572\" class=\"cv-post post-format--standard\" itemscope itemtype=\"http:\/\/schema.org\/articleBody\">\r\n                    <div class=\"cv-post-left-wrap\">\r\n                        <div class=\"cv-post-thumb\">\r\n                            <a href=\"http:\/\/nakanarach.pl\/index.php\/2021\/08\/28\/kanaryjski-wiatr-roksany-wegiel\/\"><img decoding=\"async\" src=\"http:\/\/nakanarach.pl\/wp-content\/uploads\/2021\/08\/Roksana-Wegiel.png\" alt=\"KANARYJSKI WIATR ROKSANY W\u0118GIEL\"\/><\/a>\r\n                        <\/div>\r\n                    <\/div><!-- .cv-post-left-wrap -->\r\n                    <div class=\"cv-post-right-wrap\">\r\n                                                <h2 class=\"cv-post-title\">\r\n                            <a href=\"http:\/\/nakanarach.pl\/index.php\/2021\/08\/28\/kanaryjski-wiatr-roksany-wegiel\/\" target=\"_self\">\r\n                                KANARYJSKI WIATR ROKSANY W\u0118GIEL                            <\/a>\r\n                        <\/h2>\r\n                        <div class=\"cv-post-meta cv-meta-icon-show\">\r\n                            <span class=\"cv-post-date cv-post-meta-item\" itemprop=\"datePublished\"><a href=\"http:\/\/nakanarach.pl\/index.php\/2021\/08\/28\/kanaryjski-wiatr-roksany-wegiel\/\">28 sierpnia 2021<\/a><\/span>                        <\/div>\r\n                        <div class=\"cv-post-content\" itemprop=\"description\">Najnowszy singiel zwyci\u0119\u017cczyni Eurowizji Junior Roksany W\u0119giel pt. &#8222;Kanaryjski&#8221; pojawi\u0142 si\u0119 w sieci pod koniec&hellip;<\/div>                        <div class=\"cv-read-more\"><a href=http:\/\/nakanarach.pl\/index.php\/2021\/08\/28\/kanaryjski-wiatr-roksany-wegiel\/>Czytaj wi\u0119cej<i class=\"fas fa-arrow-right\"><\/i><\/a><\/div>                    <\/div><!-- .cv-post-right-wrap -->\r\n                <\/article>\r\n                        <article post-id=\"post-2045\" class=\"cv-post post-format--standard\" itemscope itemtype=\"http:\/\/schema.org\/articleBody\">\r\n                    <div class=\"cv-post-left-wrap\">\r\n                        <div class=\"cv-post-thumb\">\r\n                            <a href=\"http:\/\/nakanarach.pl\/index.php\/2021\/07\/24\/wakacyjne-hity-na-wyspach-kanaryjskich\/\"><img decoding=\"async\" src=\"http:\/\/nakanarach.pl\/wp-content\/uploads\/2021\/06\/Da-Soul-Maspalomas-Facebook-1.jpg\" alt=\"WAKACYJNE HITY NA WYSPACH KANARYJSKICH\"\/><\/a>\r\n                        <\/div>\r\n                    <\/div><!-- .cv-post-left-wrap -->\r\n                    <div class=\"cv-post-right-wrap\">\r\n                                                <h2 class=\"cv-post-title\">\r\n                            <a href=\"http:\/\/nakanarach.pl\/index.php\/2021\/07\/24\/wakacyjne-hity-na-wyspach-kanaryjskich\/\" target=\"_self\">\r\n                                WAKACYJNE HITY NA WYSPACH KANARYJSKICH                            <\/a>\r\n                        <\/h2>\r\n                        <div class=\"cv-post-meta cv-meta-icon-show\">\r\n                            <span class=\"cv-post-date cv-post-meta-item\" itemprop=\"datePublished\"><a href=\"http:\/\/nakanarach.pl\/index.php\/2021\/07\/24\/wakacyjne-hity-na-wyspach-kanaryjskich\/\">24 lipca 2021<\/a><\/span>                        <\/div>\r\n                        <div class=\"cv-post-content\" itemprop=\"description\">Fiesta, muzyka, taniec &#8211; to motto od dawna przy\u015bwieca mieszka\u0144com Wysp Kanaryjskich. Nie raz na&hellip;<\/div>                        <div class=\"cv-read-more\"><a href=http:\/\/nakanarach.pl\/index.php\/2021\/07\/24\/wakacyjne-hity-na-wyspach-kanaryjskich\/>Czytaj wi\u0119cej<i class=\"fas fa-arrow-right\"><\/i><\/a><\/div>                    <\/div><!-- .cv-post-right-wrap -->\r\n                <\/article>\r\n                        <article post-id=\"post-2202\" class=\"cv-post post-format--standard\" itemscope itemtype=\"http:\/\/schema.org\/articleBody\">\r\n                    <div class=\"cv-post-left-wrap\">\r\n                        <div class=\"cv-post-thumb\">\r\n                            <a href=\"http:\/\/nakanarach.pl\/index.php\/2021\/07\/21\/premiera-najnowszego-teledysku-shakiry-z-teneryfy\/\"><img decoding=\"async\" src=\"http:\/\/nakanarach.pl\/wp-content\/uploads\/2021\/07\/Shakira-Teneryfa-Teledysk-Foto.jpg\" alt=\"PREMIERA NAJNOWSZEGO TELEDYSKU SHAKIRY Z TENERYFY\"\/><\/a>\r\n                        <\/div>\r\n                    <\/div><!-- .cv-post-left-wrap -->\r\n                    <div class=\"cv-post-right-wrap\">\r\n                                                <h2 class=\"cv-post-title\">\r\n                            <a href=\"http:\/\/nakanarach.pl\/index.php\/2021\/07\/21\/premiera-najnowszego-teledysku-shakiry-z-teneryfy\/\" target=\"_self\">\r\n                                PREMIERA NAJNOWSZEGO TELEDYSKU SHAKIRY Z TENERYFY                            <\/a>\r\n                        <\/h2>\r\n                        <div class=\"cv-post-meta cv-meta-icon-show\">\r\n                            <span class=\"cv-post-date cv-post-meta-item\" itemprop=\"datePublished\"><a href=\"http:\/\/nakanarach.pl\/index.php\/2021\/07\/21\/premiera-najnowszego-teledysku-shakiry-z-teneryfy\/\">21 lipca 2021<\/a><\/span>                        <\/div>\r\n                        <div class=\"cv-post-content\" itemprop=\"description\">Shakira zaprezentowa\u0142a w po\u0142owie lipca 2021 roku premier\u0119 teledysku do swojego najnowszego singla \u201eDon&#8217;t Wait&hellip;<\/div>                        <div class=\"cv-read-more\"><a href=http:\/\/nakanarach.pl\/index.php\/2021\/07\/21\/premiera-najnowszego-teledysku-shakiry-z-teneryfy\/>Czytaj wi\u0119cej<i class=\"fas fa-arrow-right\"><\/i><\/a><\/div>                    <\/div><!-- .cv-post-right-wrap -->\r\n                <\/article>\r\n                        <article post-id=\"post-2124\" class=\"cv-post post-format--standard\" itemscope itemtype=\"http:\/\/schema.org\/articleBody\">\r\n                    <div class=\"cv-post-left-wrap\">\r\n                        <div class=\"cv-post-thumb\">\r\n                            <a href=\"http:\/\/nakanarach.pl\/index.php\/2021\/07\/07\/abraham-mateo-nagrywa-teledysk-na-kanarach\/\"><img decoding=\"async\" src=\"http:\/\/nakanarach.pl\/wp-content\/uploads\/2021\/07\/Abraham-Mateo-Fot.-Facebook.jpg\" alt=\"ABRAHAM MATEO NAGRYWA\u0141 TELEDYSK NA KANARACH\"\/><\/a>\r\n                        <\/div>\r\n                    <\/div><!-- .cv-post-left-wrap -->\r\n                    <div class=\"cv-post-right-wrap\">\r\n                                                <h2 class=\"cv-post-title\">\r\n                            <a href=\"http:\/\/nakanarach.pl\/index.php\/2021\/07\/07\/abraham-mateo-nagrywa-teledysk-na-kanarach\/\" target=\"_self\">\r\n                                ABRAHAM MATEO NAGRYWA\u0141 TELEDYSK NA KANARACH                            <\/a>\r\n                        <\/h2>\r\n                        <div class=\"cv-post-meta cv-meta-icon-show\">\r\n                            <span class=\"cv-post-date cv-post-meta-item\" itemprop=\"datePublished\"><a href=\"http:\/\/nakanarach.pl\/index.php\/2021\/07\/07\/abraham-mateo-nagrywa-teledysk-na-kanarach\/\">7 lipca 2021<\/a><\/span>                        <\/div>\r\n                        <div class=\"cv-post-content\" itemprop=\"description\">Abraham Mateo, kt\u00f3ry ma swoje fan kluby tak\u017ce w Polsce, wybra\u0142 do nagrania najnowszego teledysku&hellip;<\/div>                        <div class=\"cv-read-more\"><a href=http:\/\/nakanarach.pl\/index.php\/2021\/07\/07\/abraham-mateo-nagrywa-teledysk-na-kanarach\/>Czytaj wi\u0119cej<i class=\"fas fa-arrow-right\"><\/i><\/a><\/div>                    <\/div><!-- .cv-post-right-wrap -->\r\n                <\/article>\r\n                        <article post-id=\"post-2101\" class=\"cv-post post-format--standard\" itemscope itemtype=\"http:\/\/schema.org\/articleBody\">\r\n                    <div class=\"cv-post-left-wrap\">\r\n                        <div class=\"cv-post-thumb\">\r\n                            <a href=\"http:\/\/nakanarach.pl\/index.php\/2021\/07\/06\/teledysk-goldfrapp-z-fuerteventury\/\"><img decoding=\"async\" src=\"http:\/\/nakanarach.pl\/wp-content\/uploads\/2021\/07\/Goldfrapp.png\" alt=\"TELEDYSK GOLDFRAPP Z FUERTEVENTURY\"\/><\/a>\r\n                        <\/div>\r\n                    <\/div><!-- .cv-post-left-wrap -->\r\n                    <div class=\"cv-post-right-wrap\">\r\n                                                <h2 class=\"cv-post-title\">\r\n                            <a href=\"http:\/\/nakanarach.pl\/index.php\/2021\/07\/06\/teledysk-goldfrapp-z-fuerteventury\/\" target=\"_self\">\r\n                                TELEDYSK GOLDFRAPP Z FUERTEVENTURY                            <\/a>\r\n                        <\/h2>\r\n                        <div class=\"cv-post-meta cv-meta-icon-show\">\r\n                            <span class=\"cv-post-date cv-post-meta-item\" itemprop=\"datePublished\"><a href=\"http:\/\/nakanarach.pl\/index.php\/2021\/07\/06\/teledysk-goldfrapp-z-fuerteventury\/\">6 lipca 2021<\/a><\/span>                        <\/div>\r\n                        <div class=\"cv-post-content\" itemprop=\"description\">Goldfrapp &#8211; brytyjski muzyczny duet tworz\u0105cy muzyk\u0119 elektroniczn\u0105 jeden ze swoich teledysk\u00f3w nagra\u0142 na Fuerteventurze.&hellip;<\/div>                        <div class=\"cv-read-more\"><a href=http:\/\/nakanarach.pl\/index.php\/2021\/07\/06\/teledysk-goldfrapp-z-fuerteventury\/>Czytaj wi\u0119cej<i class=\"fas fa-arrow-right\"><\/i><\/a><\/div>                    <\/div><!-- .cv-post-right-wrap -->\r\n                <\/article>\r\n                        <article post-id=\"post-1845\" class=\"cv-post post-format--standard\" itemscope itemtype=\"http:\/\/schema.org\/articleBody\">\r\n                    <div class=\"cv-post-left-wrap\">\r\n                        <div class=\"cv-post-thumb\">\r\n                            <a href=\"http:\/\/nakanarach.pl\/index.php\/2021\/06\/17\/reklama-louis-vuitton-na-wydmach-maspalomas\/\"><img decoding=\"async\" src=\"http:\/\/nakanarach.pl\/wp-content\/uploads\/2021\/04\/maspalomas-1762716_1920.jpg\" alt=\"REKLAMA LOUIS VUITTON NA WYDMACH MASPALOMAS\"\/><\/a>\r\n                        <\/div>\r\n                    <\/div><!-- .cv-post-left-wrap -->\r\n                    <div class=\"cv-post-right-wrap\">\r\n                                                <h2 class=\"cv-post-title\">\r\n                            <a href=\"http:\/\/nakanarach.pl\/index.php\/2021\/06\/17\/reklama-louis-vuitton-na-wydmach-maspalomas\/\" target=\"_self\">\r\n                                REKLAMA LOUIS VUITTON NA WYDMACH MASPALOMAS                            <\/a>\r\n                        <\/h2>\r\n                        <div class=\"cv-post-meta cv-meta-icon-show\">\r\n                            <span class=\"cv-post-date cv-post-meta-item\" itemprop=\"datePublished\"><a href=\"http:\/\/nakanarach.pl\/index.php\/2021\/06\/17\/reklama-louis-vuitton-na-wydmach-maspalomas\/\">17 czerwca 2021<\/a><\/span>                        <\/div>\r\n                        <div class=\"cv-post-content\" itemprop=\"description\">Najnowsza reklama jednej z najbardziej znanych, presti\u017cowych marek modowych Louis Vuitton powstanie na dw\u00f3ch pla\u017cach&hellip;<\/div>                        <div class=\"cv-read-more\"><a href=http:\/\/nakanarach.pl\/index.php\/2021\/06\/17\/reklama-louis-vuitton-na-wydmach-maspalomas\/>Czytaj wi\u0119cej<i class=\"fas fa-arrow-right\"><\/i><\/a><\/div>                    <\/div><!-- .cv-post-right-wrap -->\r\n                <\/article>\r\n                        <article post-id=\"post-1652\" class=\"cv-post post-format--standard\" itemscope itemtype=\"http:\/\/schema.org\/articleBody\">\r\n                    <div class=\"cv-post-left-wrap\">\r\n                        <div class=\"cv-post-thumb\">\r\n                            <a href=\"http:\/\/nakanarach.pl\/index.php\/2021\/06\/02\/teledysk-nagrywany-w-maspalomas\/\"><img decoding=\"async\" src=\"http:\/\/nakanarach.pl\/wp-content\/uploads\/2021\/06\/Danny-RomeroDa-Soul-Facebook-Danny-Romero.jpg\" alt=\"TELEDYSK NAGRYWANY W MASPALOMAS\"\/><\/a>\r\n                        <\/div>\r\n                    <\/div><!-- .cv-post-left-wrap -->\r\n                    <div class=\"cv-post-right-wrap\">\r\n                                                <h2 class=\"cv-post-title\">\r\n                            <a href=\"http:\/\/nakanarach.pl\/index.php\/2021\/06\/02\/teledysk-nagrywany-w-maspalomas\/\" target=\"_self\">\r\n                                TELEDYSK NAGRYWANY W MASPALOMAS                            <\/a>\r\n                        <\/h2>\r\n                        <div class=\"cv-post-meta cv-meta-icon-show\">\r\n                            <span class=\"cv-post-date cv-post-meta-item\" itemprop=\"datePublished\"><a href=\"http:\/\/nakanarach.pl\/index.php\/2021\/06\/02\/teledysk-nagrywany-w-maspalomas\/\">2 czerwca 2021<\/a><\/span>                        <\/div>\r\n                        <div class=\"cv-post-content\" itemprop=\"description\">Znani kanaryjscy muzycy Da Soul i Danny Romero wiosn\u0105 2021 r. nagrywali teledysk do utworu&hellip;<\/div>                        <div class=\"cv-read-more\"><a href=http:\/\/nakanarach.pl\/index.php\/2021\/06\/02\/teledysk-nagrywany-w-maspalomas\/>Czytaj wi\u0119cej<i class=\"fas fa-arrow-right\"><\/i><\/a><\/div>                    <\/div><!-- .cv-post-right-wrap -->\r\n                <\/article>\r\n                        <article post-id=\"post-1346\" class=\"cv-post post-format--standard\" itemscope itemtype=\"http:\/\/schema.org\/articleBody\">\r\n                    <div class=\"cv-post-left-wrap\">\r\n                        <div class=\"cv-post-thumb\">\r\n                            <a href=\"http:\/\/nakanarach.pl\/index.php\/2021\/05\/18\/gwiezdne-wojny-szybcy-i-wsciekli-planeta-malp-gniew-tytanow\/\"><img decoding=\"async\" src=\"http:\/\/nakanarach.pl\/wp-content\/uploads\/2021\/05\/Filmy.jpg\" alt=\"GWIEZDNE WOJNY, SZYBCY I W\u015aCIEKLI, PLANETA MA\u0141P, GNIEW TYTAN\u00d3W&#8230;\"\/><\/a>\r\n                        <\/div>\r\n                    <\/div><!-- .cv-post-left-wrap -->\r\n                    <div class=\"cv-post-right-wrap\">\r\n                                                <h2 class=\"cv-post-title\">\r\n                            <a href=\"http:\/\/nakanarach.pl\/index.php\/2021\/05\/18\/gwiezdne-wojny-szybcy-i-wsciekli-planeta-malp-gniew-tytanow\/\" target=\"_self\">\r\n                                GWIEZDNE WOJNY, SZYBCY I W\u015aCIEKLI, PLANETA MA\u0141P, GNIEW TYTAN\u00d3W&#8230;                            <\/a>\r\n                        <\/h2>\r\n                        <div class=\"cv-post-meta cv-meta-icon-show\">\r\n                            <span class=\"cv-post-date cv-post-meta-item\" itemprop=\"datePublished\"><a href=\"http:\/\/nakanarach.pl\/index.php\/2021\/05\/18\/gwiezdne-wojny-szybcy-i-wsciekli-planeta-malp-gniew-tytanow\/\">18 maja 2021<\/a><\/span>                        <\/div>\r\n                        <div class=\"cv-post-content\" itemprop=\"description\">Wyspy Kanaryjskie od dawna inspiruj\u0105 re\u017cyser\u00f3w. To w\u0142a\u015bnie tu spotykane s\u0105 nieziemskie i zr\u00f3\u017cnicowane krajobrazy,&hellip;<\/div>                        <div class=\"cv-read-more\"><a href=http:\/\/nakanarach.pl\/index.php\/2021\/05\/18\/gwiezdne-wojny-szybcy-i-wsciekli-planeta-malp-gniew-tytanow\/>Czytaj wi\u0119cej<i class=\"fas fa-arrow-right\"><\/i><\/a><\/div>                    <\/div><!-- .cv-post-right-wrap -->\r\n                <\/article>\r\n            <\/div><\/div>","protected":false},"excerpt":{"rendered":"","protected":false},"author":3,"featured_media":0,"parent":0,"menu_order":0,"comment_status":"closed","ping_status":"closed","template":"","meta":{"om_disable_all_campaigns":false,"_monsterinsights_skip_tracking":false,"_monsterinsights_sitenote_active":false,"_monsterinsights_sitenote_note":"","_monsterinsights_sitenote_category":0,"footnotes":""},"class_list":["post-4378","page","type-page","status-publish","hentry"],"aioseo_notices":[],"blog_post_layout_featured_media_urls":{"thumbnail":"","full":""},"categories_names":null,"comments_number":"0","wpmagazine_modules_lite_featured_media_urls":{"thumbnail":"","cvmm-medium":"","cvmm-medium-plus":"","cvmm-portrait":"","cvmm-medium-square":"","cvmm-large":"","cvmm-small":"","full":""},"_links":{"self":[{"href":"http:\/\/nakanarach.pl\/index.php\/wp-json\/wp\/v2\/pages\/4378","targetHints":{"allow":["GET"]}}],"collection":[{"href":"http:\/\/nakanarach.pl\/index.php\/wp-json\/wp\/v2\/pages"}],"about":[{"href":"http:\/\/nakanarach.pl\/index.php\/wp-json\/wp\/v2\/types\/page"}],"author":[{"embeddable":true,"href":"http:\/\/nakanarach.pl\/index.php\/wp-json\/wp\/v2\/users\/3"}],"replies":[{"embeddable":true,"href":"http:\/\/nakanarach.pl\/index.php\/wp-json\/wp\/v2\/comments?post=4378"}],"version-history":[{"count":3,"href":"http:\/\/nakanarach.pl\/index.php\/wp-json\/wp\/v2\/pages\/4378\/revisions"}],"predecessor-version":[{"id":4945,"href":"http:\/\/nakanarach.pl\/index.php\/wp-json\/wp\/v2\/pages\/4378\/revisions\/4945"}],"wp:attachment":[{"href":"http:\/\/nakanarach.pl\/index.php\/wp-json\/wp\/v2\/media?parent=4378"}],"curies":[{"name":"wp","href":"https:\/\/api.w.org\/{rel}","templated":true}]}}