{"id":4366,"date":"2022-03-17T15:59:28","date_gmt":"2022-03-17T15:59:28","guid":{"rendered":"http:\/\/nakanarach.pl\/?page_id=4366"},"modified":"2022-03-23T17:48:17","modified_gmt":"2022-03-23T17:48:17","slug":"ciekawostki","status":"publish","type":"page","link":"https:\/\/nakanarach.pl\/index.php\/ciekawostki\/","title":{"rendered":"Ciekawostki"},"content":{"rendered":"<div id=\"cv-list-post-layout\" class=\"block-8a349dcc-bea1-4a0e-9615-bab9924991e6 cv-block cv-block-list--layout-one\">    <div class=\"cv-post-wrapper cv-post--imagemargin column--three\">\r\n                        <article post-id=\"post-11095\" class=\"cv-post post-format--standard\" itemscope itemtype=\"http:\/\/schema.org\/articleBody\">\r\n                    <div class=\"cv-post-left-wrap\">\r\n                        <div class=\"cv-post-thumb\">\r\n                            <a href=\"https:\/\/nakanarach.pl\/index.php\/2025\/08\/12\/najostrzejszy-trojkatny-cien-na-swiecie\/\"><img decoding=\"async\" src=\"https:\/\/nakanarach.pl\/wp-content\/uploads\/2025\/08\/Park-Nacional-Teide.webp\" alt=\"NAJOSTRZEJSZY TR\u00d3JK\u0104TNY CIE\u0143 NA \u015aWIECIE\"\/><\/a>\r\n                        <\/div>\r\n                    <\/div><!-- .cv-post-left-wrap -->\r\n                    <div class=\"cv-post-right-wrap\">\r\n                                                <h2 class=\"cv-post-title\">\r\n                            <a href=\"https:\/\/nakanarach.pl\/index.php\/2025\/08\/12\/najostrzejszy-trojkatny-cien-na-swiecie\/\" target=\"_self\">\r\n                                NAJOSTRZEJSZY TR\u00d3JK\u0104TNY CIE\u0143 NA \u015aWIECIE                            <\/a>\r\n                        <\/h2>\r\n                        <div class=\"cv-post-meta cv-meta-icon-show\">\r\n                            <span class=\"cv-post-date cv-post-meta-item\" itemprop=\"datePublished\"><a href=\"https:\/\/nakanarach.pl\/index.php\/2025\/08\/12\/najostrzejszy-trojkatny-cien-na-swiecie\/\">12 sierpnia 2025<\/a><\/span>                        <\/div>\r\n                        <div class=\"cv-post-content\" itemprop=\"description\">TENERYFA: Przez P\u00f3\u0142wysep Iberyjski i nale\u017c\u0105ce do tego kraju rajskie Wyspy Kanaryjskie przetacza si\u0119 fala&hellip;<\/div>                        <div class=\"cv-read-more\"><a href=https:\/\/nakanarach.pl\/index.php\/2025\/08\/12\/najostrzejszy-trojkatny-cien-na-swiecie\/>Czytaj wi\u0119cej<i class=\"fas fa-arrow-right\"><\/i><\/a><\/div>                    <\/div><!-- .cv-post-right-wrap -->\r\n                <\/article>\r\n                        <article post-id=\"post-10711\" class=\"cv-post post-format--standard\" itemscope itemtype=\"http:\/\/schema.org\/articleBody\">\r\n                    <div class=\"cv-post-left-wrap\">\r\n                        <div class=\"cv-post-thumb\">\r\n                            <a href=\"https:\/\/nakanarach.pl\/index.php\/2025\/06\/20\/dni-otwarte-w-obserwatorium-kosmosu\/\"><img decoding=\"async\" src=\"https:\/\/nakanarach.pl\/wp-content\/uploads\/2025\/06\/obserwatorium-teide-teneryfa-teleskop-Fot.volcanoteide.jpg\" alt=\"DNI OTWARTE W OBSERWATORIUM KOSMOSU\"\/><\/a>\r\n                        <\/div>\r\n                    <\/div><!-- .cv-post-left-wrap -->\r\n                    <div class=\"cv-post-right-wrap\">\r\n                                                <h2 class=\"cv-post-title\">\r\n                            <a href=\"https:\/\/nakanarach.pl\/index.php\/2025\/06\/20\/dni-otwarte-w-obserwatorium-kosmosu\/\" target=\"_self\">\r\n                                DNI OTWARTE W OBSERWATORIUM KOSMOSU                            <\/a>\r\n                        <\/h2>\r\n                        <div class=\"cv-post-meta cv-meta-icon-show\">\r\n                            <span class=\"cv-post-date cv-post-meta-item\" itemprop=\"datePublished\"><a href=\"https:\/\/nakanarach.pl\/index.php\/2025\/06\/20\/dni-otwarte-w-obserwatorium-kosmosu\/\">20 czerwca 2025<\/a><\/span>                        <\/div>\r\n                        <div class=\"cv-post-content\" itemprop=\"description\">TENERYFA: Teneryfa jest uznawana za jedno z kilku najlepszych na \u015bwiecie miejsc do obserwacji nieba.&hellip;<\/div>                        <div class=\"cv-read-more\"><a href=https:\/\/nakanarach.pl\/index.php\/2025\/06\/20\/dni-otwarte-w-obserwatorium-kosmosu\/>Czytaj wi\u0119cej<i class=\"fas fa-arrow-right\"><\/i><\/a><\/div>                    <\/div><!-- .cv-post-right-wrap -->\r\n                <\/article>\r\n                        <article post-id=\"post-1833\" class=\"cv-post post-format--standard\" itemscope itemtype=\"http:\/\/schema.org\/articleBody\">\r\n                    <div class=\"cv-post-left-wrap\">\r\n                        <div class=\"cv-post-thumb\">\r\n                            <a href=\"https:\/\/nakanarach.pl\/index.php\/2025\/06\/12\/uciekaj-gdzie-pieprz-rosnie\/\"><img decoding=\"async\" src=\"https:\/\/nakanarach.pl\/wp-content\/uploads\/2021\/06\/Pieprz_11zon-scaled.jpg\" alt=\"UCIEKAJ, GDZIE PIEPRZ RO\u015aNIE&#8230;\"\/><\/a>\r\n                        <\/div>\r\n                    <\/div><!-- .cv-post-left-wrap -->\r\n                    <div class=\"cv-post-right-wrap\">\r\n                                                <h2 class=\"cv-post-title\">\r\n                            <a href=\"https:\/\/nakanarach.pl\/index.php\/2025\/06\/12\/uciekaj-gdzie-pieprz-rosnie\/\" target=\"_self\">\r\n                                UCIEKAJ, GDZIE PIEPRZ RO\u015aNIE&#8230;                            <\/a>\r\n                        <\/h2>\r\n                        <div class=\"cv-post-meta cv-meta-icon-show\">\r\n                            <span class=\"cv-post-date cv-post-meta-item\" itemprop=\"datePublished\"><a href=\"https:\/\/nakanarach.pl\/index.php\/2025\/06\/12\/uciekaj-gdzie-pieprz-rosnie\/\">12 czerwca 2025<\/a><\/span>                        <\/div>\r\n                        <div class=\"cv-post-content\" itemprop=\"description\">WYSPY KANARYJSKIE: Na wielu ulicach rajskiego archipelagu mo\u017cna na prze\u0142omie wiosny i lata spotka\u0107 wysokie&hellip;<\/div>                        <div class=\"cv-read-more\"><a href=https:\/\/nakanarach.pl\/index.php\/2025\/06\/12\/uciekaj-gdzie-pieprz-rosnie\/>Czytaj wi\u0119cej<i class=\"fas fa-arrow-right\"><\/i><\/a><\/div>                    <\/div><!-- .cv-post-right-wrap -->\r\n                <\/article>\r\n                        <article post-id=\"post-10486\" class=\"cv-post post-format--standard\" itemscope itemtype=\"http:\/\/schema.org\/articleBody\">\r\n                    <div class=\"cv-post-left-wrap\">\r\n                        <div class=\"cv-post-thumb\">\r\n                            <a href=\"https:\/\/nakanarach.pl\/index.php\/2025\/06\/03\/kozy-i-owce-zmniejsza-ryzyko-pozarow\/\"><img decoding=\"async\" src=\"https:\/\/nakanarach.pl\/wp-content\/uploads\/2025\/05\/Kozy-FB-Asociacion-Criadores-Cabra-Palmera.jpg\" alt=\"KOZY I OWCE ZMNIEJSZ\u0104 RYZYKO PO\u017bAR\u00d3W\"\/><\/a>\r\n                        <\/div>\r\n                    <\/div><!-- .cv-post-left-wrap -->\r\n                    <div class=\"cv-post-right-wrap\">\r\n                                                <h2 class=\"cv-post-title\">\r\n                            <a href=\"https:\/\/nakanarach.pl\/index.php\/2025\/06\/03\/kozy-i-owce-zmniejsza-ryzyko-pozarow\/\" target=\"_self\">\r\n                                KOZY I OWCE ZMNIEJSZ\u0104 RYZYKO PO\u017bAR\u00d3W                            <\/a>\r\n                        <\/h2>\r\n                        <div class=\"cv-post-meta cv-meta-icon-show\">\r\n                            <span class=\"cv-post-date cv-post-meta-item\" itemprop=\"datePublished\"><a href=\"https:\/\/nakanarach.pl\/index.php\/2025\/06\/03\/kozy-i-owce-zmniejsza-ryzyko-pozarow\/\">3 czerwca 2025<\/a><\/span>                        <\/div>\r\n                        <div class=\"cv-post-content\" itemprop=\"description\">TENERYFA: Na pocz\u0105tku czerwca 2025 r. wprowadzono wst\u0119pny alert po\u017carowy w lasach na Teneryfie, El&hellip;<\/div>                        <div class=\"cv-read-more\"><a href=https:\/\/nakanarach.pl\/index.php\/2025\/06\/03\/kozy-i-owce-zmniejsza-ryzyko-pozarow\/>Czytaj wi\u0119cej<i class=\"fas fa-arrow-right\"><\/i><\/a><\/div>                    <\/div><!-- .cv-post-right-wrap -->\r\n                <\/article>\r\n                        <article post-id=\"post-10006\" class=\"cv-post post-format--standard\" itemscope itemtype=\"http:\/\/schema.org\/articleBody\">\r\n                    <div class=\"cv-post-left-wrap\">\r\n                        <div class=\"cv-post-thumb\">\r\n                            <a href=\"https:\/\/nakanarach.pl\/index.php\/2025\/04\/30\/platnosci-za-lezak-w-parkomacie\/\"><img decoding=\"async\" src=\"https:\/\/nakanarach.pl\/wp-content\/uploads\/2025\/04\/Parkomat-Mogan.es_.jpg\" alt=\"P\u0141ATNO\u015aCI ZA LE\u017bAK W&#8230; PARKOMACIE\"\/><\/a>\r\n                        <\/div>\r\n                    <\/div><!-- .cv-post-left-wrap -->\r\n                    <div class=\"cv-post-right-wrap\">\r\n                                                <h2 class=\"cv-post-title\">\r\n                            <a href=\"https:\/\/nakanarach.pl\/index.php\/2025\/04\/30\/platnosci-za-lezak-w-parkomacie\/\" target=\"_self\">\r\n                                P\u0141ATNO\u015aCI ZA LE\u017bAK W&#8230; PARKOMACIE                            <\/a>\r\n                        <\/h2>\r\n                        <div class=\"cv-post-meta cv-meta-icon-show\">\r\n                            <span class=\"cv-post-date cv-post-meta-item\" itemprop=\"datePublished\"><a href=\"https:\/\/nakanarach.pl\/index.php\/2025\/04\/30\/platnosci-za-lezak-w-parkomacie\/\">30 kwietnia 2025<\/a><\/span>                        <\/div>\r\n                        <div class=\"cv-post-content\" itemprop=\"description\">GRAN CANARIA: Dotychczas kierowcy mogli p\u0142aci\u0107 za parkowanie samochod\u00f3w w parkomatach. Ale spor\u0105 sensacj\u0119 wzbudzaj\u0105&hellip;<\/div>                        <div class=\"cv-read-more\"><a href=https:\/\/nakanarach.pl\/index.php\/2025\/04\/30\/platnosci-za-lezak-w-parkomacie\/>Czytaj wi\u0119cej<i class=\"fas fa-arrow-right\"><\/i><\/a><\/div>                    <\/div><!-- .cv-post-right-wrap -->\r\n                <\/article>\r\n                        <article post-id=\"post-9478\" class=\"cv-post post-format--standard\" itemscope itemtype=\"http:\/\/schema.org\/articleBody\">\r\n                    <div class=\"cv-post-left-wrap\">\r\n                        <div class=\"cv-post-thumb\">\r\n                            <a href=\"https:\/\/nakanarach.pl\/index.php\/2025\/02\/23\/czarny-diabel-w-poblizu-kanarow\/\"><img decoding=\"async\" src=\"https:\/\/nakanarach.pl\/wp-content\/uploads\/2025\/02\/Diabel-morski.jpg\" alt=\"&#8222;CZARNY DIABE\u0141&#8221; W POBLI\u017bU KANAR\u00d3W\"\/><\/a>\r\n                        <\/div>\r\n                    <\/div><!-- .cv-post-left-wrap -->\r\n                    <div class=\"cv-post-right-wrap\">\r\n                                                <h2 class=\"cv-post-title\">\r\n                            <a href=\"https:\/\/nakanarach.pl\/index.php\/2025\/02\/23\/czarny-diabel-w-poblizu-kanarow\/\" target=\"_self\">\r\n                                &#8222;CZARNY DIABE\u0141&#8221; W POBLI\u017bU KANAR\u00d3W                            <\/a>\r\n                        <\/h2>\r\n                        <div class=\"cv-post-meta cv-meta-icon-show\">\r\n                            <span class=\"cv-post-date cv-post-meta-item\" itemprop=\"datePublished\"><a href=\"https:\/\/nakanarach.pl\/index.php\/2025\/02\/23\/czarny-diabel-w-poblizu-kanarow\/\">23 lutego 2025<\/a><\/span>                        <\/div>\r\n                        <div class=\"cv-post-content\" itemprop=\"description\">TENERYFA: Spor\u0105 sensacj\u0119 w \u015bwiecie naukowym wywo\u0142a\u0142o nagranie zrealizowane w zimie br. u wybrze\u017cy tej&hellip;<\/div>                        <div class=\"cv-read-more\"><a href=https:\/\/nakanarach.pl\/index.php\/2025\/02\/23\/czarny-diabel-w-poblizu-kanarow\/>Czytaj wi\u0119cej<i class=\"fas fa-arrow-right\"><\/i><\/a><\/div>                    <\/div><!-- .cv-post-right-wrap -->\r\n                <\/article>\r\n                        <article post-id=\"post-9315\" class=\"cv-post post-format--standard\" itemscope itemtype=\"http:\/\/schema.org\/articleBody\">\r\n                    <div class=\"cv-post-left-wrap\">\r\n                        <div class=\"cv-post-thumb\">\r\n                            <a href=\"https:\/\/nakanarach.pl\/index.php\/2025\/01\/25\/zabic-turyste-nastroje-na-kanarach\/\"><img decoding=\"async\" src=\"https:\/\/nakanarach.pl\/wp-content\/uploads\/2025\/01\/Kill-a-tourist-1.avif\" alt=\"ZABI\u0106 TURYST\u0118 &#8211; NASTROJE NA KANARACH\"\/><\/a>\r\n                        <\/div>\r\n                    <\/div><!-- .cv-post-left-wrap -->\r\n                    <div class=\"cv-post-right-wrap\">\r\n                                                <h2 class=\"cv-post-title\">\r\n                            <a href=\"https:\/\/nakanarach.pl\/index.php\/2025\/01\/25\/zabic-turyste-nastroje-na-kanarach\/\" target=\"_self\">\r\n                                ZABI\u0106 TURYST\u0118 &#8211; NASTROJE NA KANARACH                            <\/a>\r\n                        <\/h2>\r\n                        <div class=\"cv-post-meta cv-meta-icon-show\">\r\n                            <span class=\"cv-post-date cv-post-meta-item\" itemprop=\"datePublished\"><a href=\"https:\/\/nakanarach.pl\/index.php\/2025\/01\/25\/zabic-turyste-nastroje-na-kanarach\/\">25 stycznia 2025<\/a><\/span>                        <\/div>\r\n                        <div class=\"cv-post-content\" itemprop=\"description\">TENERYFA: Niepokoj\u0105cy napis w j\u0119zyku angielskm pojawi\u0142 si\u0119 na jednym z budynk\u00f3w na kanaryjskiej Teneryfie:&hellip;<\/div>                        <div class=\"cv-read-more\"><a href=https:\/\/nakanarach.pl\/index.php\/2025\/01\/25\/zabic-turyste-nastroje-na-kanarach\/>Czytaj wi\u0119cej<i class=\"fas fa-arrow-right\"><\/i><\/a><\/div>                    <\/div><!-- .cv-post-right-wrap -->\r\n                <\/article>\r\n                        <article post-id=\"post-9200\" class=\"cv-post post-format--standard\" itemscope itemtype=\"http:\/\/schema.org\/articleBody\">\r\n                    <div class=\"cv-post-left-wrap\">\r\n                        <div class=\"cv-post-thumb\">\r\n                            <a href=\"https:\/\/nakanarach.pl\/index.php\/2025\/01\/19\/kontrowersyjny-okret-na-kanarach\/\"><img decoding=\"async\" src=\"https:\/\/nakanarach.pl\/wp-content\/uploads\/2024\/12\/GC-Las-Palmas-Port-scaled.jpg\" alt=\"KONTROWERSYJNY OKR\u0118T NA KANARACH\"\/><\/a>\r\n                        <\/div>\r\n                    <\/div><!-- .cv-post-left-wrap -->\r\n                    <div class=\"cv-post-right-wrap\">\r\n                                                <h2 class=\"cv-post-title\">\r\n                            <a href=\"https:\/\/nakanarach.pl\/index.php\/2025\/01\/19\/kontrowersyjny-okret-na-kanarach\/\" target=\"_self\">\r\n                                KONTROWERSYJNY OKR\u0118T NA KANARACH                            <\/a>\r\n                        <\/h2>\r\n                        <div class=\"cv-post-meta cv-meta-icon-show\">\r\n                            <span class=\"cv-post-date cv-post-meta-item\" itemprop=\"datePublished\"><a href=\"https:\/\/nakanarach.pl\/index.php\/2025\/01\/19\/kontrowersyjny-okret-na-kanarach\/\">19 stycznia 2025<\/a><\/span>                        <\/div>\r\n                        <div class=\"cv-post-content\" itemprop=\"description\">GRAN CANARIA: Dla jednych jest kolejn\u0105 atrakcj\u0105 turystyczn\u0105 na tym rajskim archipelagu, dla innych powodem&hellip;<\/div>                        <div class=\"cv-read-more\"><a href=https:\/\/nakanarach.pl\/index.php\/2025\/01\/19\/kontrowersyjny-okret-na-kanarach\/>Czytaj wi\u0119cej<i class=\"fas fa-arrow-right\"><\/i><\/a><\/div>                    <\/div><!-- .cv-post-right-wrap -->\r\n                <\/article>\r\n                        <article post-id=\"post-9144\" class=\"cv-post post-format--standard\" itemscope itemtype=\"http:\/\/schema.org\/articleBody\">\r\n                    <div class=\"cv-post-left-wrap\">\r\n                        <div class=\"cv-post-thumb\">\r\n                            <a href=\"https:\/\/nakanarach.pl\/index.php\/2025\/01\/10\/rygorystyczne-zmiany-w-wynajmie-wakacyjnym\/\"><img decoding=\"async\" src=\"https:\/\/nakanarach.pl\/wp-content\/uploads\/2024\/11\/ulica-las-palmas-taras_optimized-scaled.jpg\" alt=\"RYGORYSTYCZNE ZMIANY W WYNAJMIE WAKACYJNYM\"\/><\/a>\r\n                        <\/div>\r\n                    <\/div><!-- .cv-post-left-wrap -->\r\n                    <div class=\"cv-post-right-wrap\">\r\n                                                <h2 class=\"cv-post-title\">\r\n                            <a href=\"https:\/\/nakanarach.pl\/index.php\/2025\/01\/10\/rygorystyczne-zmiany-w-wynajmie-wakacyjnym\/\" target=\"_self\">\r\n                                RYGORYSTYCZNE ZMIANY W WYNAJMIE WAKACYJNYM                            <\/a>\r\n                        <\/h2>\r\n                        <div class=\"cv-post-meta cv-meta-icon-show\">\r\n                            <span class=\"cv-post-date cv-post-meta-item\" itemprop=\"datePublished\"><a href=\"https:\/\/nakanarach.pl\/index.php\/2025\/01\/10\/rygorystyczne-zmiany-w-wynajmie-wakacyjnym\/\">10 stycznia 2025<\/a><\/span>                        <\/div>\r\n                        <div class=\"cv-post-content\" itemprop=\"description\">HISZPANIA: Ten bij\u0105cy rekordy popularno\u015bci odwiedzaj\u0105cych kraj\u00a0 szuka sposob\u00f3w na rozwi\u0105zanie kryzysu turystycznego. Na pocz\u0105tku&hellip;<\/div>                        <div class=\"cv-read-more\"><a href=https:\/\/nakanarach.pl\/index.php\/2025\/01\/10\/rygorystyczne-zmiany-w-wynajmie-wakacyjnym\/>Czytaj wi\u0119cej<i class=\"fas fa-arrow-right\"><\/i><\/a><\/div>                    <\/div><!-- .cv-post-right-wrap -->\r\n                <\/article>\r\n                        <article post-id=\"post-8535\" class=\"cv-post post-format--standard\" itemscope itemtype=\"http:\/\/schema.org\/articleBody\">\r\n                    <div class=\"cv-post-left-wrap\">\r\n                        <div class=\"cv-post-thumb\">\r\n                            <a href=\"https:\/\/nakanarach.pl\/index.php\/2024\/09\/10\/zagrozone-plaze-na-kanarach\/\"><img decoding=\"async\" src=\"https:\/\/nakanarach.pl\/wp-content\/uploads\/2021\/08\/20210821_125324-scaled.jpg\" alt=\"ZAGRO\u017bONE PLA\u017bE NA KANARACH?\"\/><\/a>\r\n                        <\/div>\r\n                    <\/div><!-- .cv-post-left-wrap -->\r\n                    <div class=\"cv-post-right-wrap\">\r\n                                                <h2 class=\"cv-post-title\">\r\n                            <a href=\"https:\/\/nakanarach.pl\/index.php\/2024\/09\/10\/zagrozone-plaze-na-kanarach\/\" target=\"_self\">\r\n                                ZAGRO\u017bONE PLA\u017bE NA KANARACH?                            <\/a>\r\n                        <\/h2>\r\n                        <div class=\"cv-post-meta cv-meta-icon-show\">\r\n                            <span class=\"cv-post-date cv-post-meta-item\" itemprop=\"datePublished\"><a href=\"https:\/\/nakanarach.pl\/index.php\/2024\/09\/10\/zagrozone-plaze-na-kanarach\/\">10 wrze\u015bnia 2024<\/a><\/span>                        <\/div>\r\n                        <div class=\"cv-post-content\" itemprop=\"description\">WYSPY KANARYJSKIE: Wed\u0142ug ekolog\u00f3w w najbli\u017cszych kilku latach Wyspy Kanaryjskie mog\u0105 zacz\u0105\u0107 traci\u0107 najpi\u0119kniejsze i&hellip;<\/div>                        <div class=\"cv-read-more\"><a href=https:\/\/nakanarach.pl\/index.php\/2024\/09\/10\/zagrozone-plaze-na-kanarach\/>Czytaj wi\u0119cej<i class=\"fas fa-arrow-right\"><\/i><\/a><\/div>                    <\/div><!-- .cv-post-right-wrap -->\r\n                <\/article>\r\n                        <article post-id=\"post-8518\" class=\"cv-post post-format--standard\" itemscope itemtype=\"http:\/\/schema.org\/articleBody\">\r\n                    <div class=\"cv-post-left-wrap\">\r\n                        <div class=\"cv-post-thumb\">\r\n                            <a href=\"https:\/\/nakanarach.pl\/index.php\/2024\/09\/06\/bedzie-turystyczny-rekord\/\"><img decoding=\"async\" src=\"https:\/\/nakanarach.pl\/wp-content\/uploads\/2022\/08\/Plaza-Parasole-duzo-ludzi-scaled.jpg\" alt=\"B\u0118DZIE TURYSTYCZNY REKORD?\"\/><\/a>\r\n                        <\/div>\r\n                    <\/div><!-- .cv-post-left-wrap -->\r\n                    <div class=\"cv-post-right-wrap\">\r\n                                                <h2 class=\"cv-post-title\">\r\n                            <a href=\"https:\/\/nakanarach.pl\/index.php\/2024\/09\/06\/bedzie-turystyczny-rekord\/\" target=\"_self\">\r\n                                B\u0118DZIE TURYSTYCZNY REKORD?                            <\/a>\r\n                        <\/h2>\r\n                        <div class=\"cv-post-meta cv-meta-icon-show\">\r\n                            <span class=\"cv-post-date cv-post-meta-item\" itemprop=\"datePublished\"><a href=\"https:\/\/nakanarach.pl\/index.php\/2024\/09\/06\/bedzie-turystyczny-rekord\/\">6 wrze\u015bnia 2024<\/a><\/span>                        <\/div>\r\n                        <div class=\"cv-post-content\" itemprop=\"description\">HISZPANIA\/WYSPY KANARYJSKIE: Hiszpania oraz nale\u017c\u0105ce do tego kraju rajskie Wyspy Kanaryjskie bij\u0105 w 2024 roku&hellip;<\/div>                        <div class=\"cv-read-more\"><a href=https:\/\/nakanarach.pl\/index.php\/2024\/09\/06\/bedzie-turystyczny-rekord\/>Czytaj wi\u0119cej<i class=\"fas fa-arrow-right\"><\/i><\/a><\/div>                    <\/div><!-- .cv-post-right-wrap -->\r\n                <\/article>\r\n                        <article post-id=\"post-8506\" class=\"cv-post post-format--standard\" itemscope itemtype=\"http:\/\/schema.org\/articleBody\">\r\n                    <div class=\"cv-post-left-wrap\">\r\n                        <div class=\"cv-post-thumb\">\r\n                            <a href=\"https:\/\/nakanarach.pl\/index.php\/2024\/08\/30\/brak-wody-w-prysznicach-plazowych\/\"><img decoding=\"async\" src=\"https:\/\/nakanarach.pl\/wp-content\/uploads\/2022\/03\/Plaza-Mujeres-scaled.jpg\" alt=\"BRAK WODY W PRYSZNICACH PLA\u017bOWYCH\"\/><\/a>\r\n                        <\/div>\r\n                    <\/div><!-- .cv-post-left-wrap -->\r\n                    <div class=\"cv-post-right-wrap\">\r\n                                                <h2 class=\"cv-post-title\">\r\n                            <a href=\"https:\/\/nakanarach.pl\/index.php\/2024\/08\/30\/brak-wody-w-prysznicach-plazowych\/\" target=\"_self\">\r\n                                BRAK WODY W PRYSZNICACH PLA\u017bOWYCH                            <\/a>\r\n                        <\/h2>\r\n                        <div class=\"cv-post-meta cv-meta-icon-show\">\r\n                            <span class=\"cv-post-date cv-post-meta-item\" itemprop=\"datePublished\"><a href=\"https:\/\/nakanarach.pl\/index.php\/2024\/08\/30\/brak-wody-w-prysznicach-plazowych\/\">30 sierpnia 2024<\/a><\/span>                        <\/div>\r\n                        <div class=\"cv-post-content\" itemprop=\"description\">GRAN CANARIA: Kryzys spowodowany d\u0142ugotrwa\u0142\u0105 susz\u0105 i niedoborem wody spowodowa\u0142, \u017ce na jednej z pla\u017c&hellip;<\/div>                        <div class=\"cv-read-more\"><a href=https:\/\/nakanarach.pl\/index.php\/2024\/08\/30\/brak-wody-w-prysznicach-plazowych\/>Czytaj wi\u0119cej<i class=\"fas fa-arrow-right\"><\/i><\/a><\/div>                    <\/div><!-- .cv-post-right-wrap -->\r\n                <\/article>\r\n                        <article post-id=\"post-5365\" class=\"cv-post post-format--standard\" itemscope itemtype=\"http:\/\/schema.org\/articleBody\">\r\n                    <div class=\"cv-post-left-wrap\">\r\n                        <div class=\"cv-post-thumb\">\r\n                            <a href=\"https:\/\/nakanarach.pl\/index.php\/2024\/08\/19\/zakazane-zamki-z-piasku\/\"><img decoding=\"async\" src=\"https:\/\/nakanarach.pl\/wp-content\/uploads\/2022\/09\/Zamki-z-piasku-2-scaled.jpg\" alt=\"ZAKAZANE ZAMKI Z PIASKU\"\/><\/a>\r\n                        <\/div>\r\n                    <\/div><!-- .cv-post-left-wrap -->\r\n                    <div class=\"cv-post-right-wrap\">\r\n                                                <h2 class=\"cv-post-title\">\r\n                            <a href=\"https:\/\/nakanarach.pl\/index.php\/2024\/08\/19\/zakazane-zamki-z-piasku\/\" target=\"_self\">\r\n                                ZAKAZANE ZAMKI Z PIASKU                            <\/a>\r\n                        <\/h2>\r\n                        <div class=\"cv-post-meta cv-meta-icon-show\">\r\n                            <span class=\"cv-post-date cv-post-meta-item\" itemprop=\"datePublished\"><a href=\"https:\/\/nakanarach.pl\/index.php\/2024\/08\/19\/zakazane-zamki-z-piasku\/\">19 sierpnia 2024<\/a><\/span>                        <\/div>\r\n                        <div class=\"cv-post-content\" itemprop=\"description\">TENERYFA: Przepisy w Hiszpanii mog\u0105 nas zaskakiwa\u0107. W niekt\u00f3rych gminach w tym kraju obowi\u0105zuje&#8230; zakaz&hellip;<\/div>                        <div class=\"cv-read-more\"><a href=https:\/\/nakanarach.pl\/index.php\/2024\/08\/19\/zakazane-zamki-z-piasku\/>Czytaj wi\u0119cej<i class=\"fas fa-arrow-right\"><\/i><\/a><\/div>                    <\/div><!-- .cv-post-right-wrap -->\r\n                <\/article>\r\n                        <article post-id=\"post-6068\" class=\"cv-post post-format--standard\" itemscope itemtype=\"http:\/\/schema.org\/articleBody\">\r\n                    <div class=\"cv-post-left-wrap\">\r\n                        <div class=\"cv-post-thumb\">\r\n                            <a href=\"https:\/\/nakanarach.pl\/index.php\/2024\/07\/11\/kupujac-na-plazy-przeplacasz\/\"><img decoding=\"async\" src=\"https:\/\/nakanarach.pl\/wp-content\/uploads\/2022\/11\/Sprzedawcy-na-plazy-1-scaled.jpg\" alt=\"KUPUJ\u0104C NA PLA\u017bY PRZEP\u0141ACASZ!\"\/><\/a>\r\n                        <\/div>\r\n                    <\/div><!-- .cv-post-left-wrap -->\r\n                    <div class=\"cv-post-right-wrap\">\r\n                                                <h2 class=\"cv-post-title\">\r\n                            <a href=\"https:\/\/nakanarach.pl\/index.php\/2024\/07\/11\/kupujac-na-plazy-przeplacasz\/\" target=\"_self\">\r\n                                KUPUJ\u0104C NA PLA\u017bY PRZEP\u0141ACASZ!                            <\/a>\r\n                        <\/h2>\r\n                        <div class=\"cv-post-meta cv-meta-icon-show\">\r\n                            <span class=\"cv-post-date cv-post-meta-item\" itemprop=\"datePublished\"><a href=\"https:\/\/nakanarach.pl\/index.php\/2024\/07\/11\/kupujac-na-plazy-przeplacasz\/\">11 lipca 2024<\/a><\/span>                        <\/div>\r\n                        <div class=\"cv-post-content\" itemprop=\"description\">WYSPY KANARYJSKIE: Na wielu pla\u017cach mo\u017cna spotka\u0107 sprzedawc\u00f3w napoj\u00f3w, kocy, torebek, okular\u00f3w i masa\u017cyst\u00f3w itp.&hellip;<\/div>                        <div class=\"cv-read-more\"><a href=https:\/\/nakanarach.pl\/index.php\/2024\/07\/11\/kupujac-na-plazy-przeplacasz\/>Czytaj wi\u0119cej<i class=\"fas fa-arrow-right\"><\/i><\/a><\/div>                    <\/div><!-- .cv-post-right-wrap -->\r\n                <\/article>\r\n                        <article post-id=\"post-568\" class=\"cv-post post-format--standard\" itemscope itemtype=\"http:\/\/schema.org\/articleBody\">\r\n                    <div class=\"cv-post-left-wrap\">\r\n                        <div class=\"cv-post-thumb\">\r\n                            <a href=\"https:\/\/nakanarach.pl\/index.php\/2024\/06\/24\/rekiny-w-atlantyku\/\"><img decoding=\"async\" src=\"https:\/\/nakanarach.pl\/wp-content\/uploads\/2022\/07\/Rekin-Foto-Policia-Local-Telde.jpg\" alt=\"EWAKUACJA Z POWODU REKINA\"\/><\/a>\r\n                        <\/div>\r\n                    <\/div><!-- .cv-post-left-wrap -->\r\n                    <div class=\"cv-post-right-wrap\">\r\n                                                <h2 class=\"cv-post-title\">\r\n                            <a href=\"https:\/\/nakanarach.pl\/index.php\/2024\/06\/24\/rekiny-w-atlantyku\/\" target=\"_self\">\r\n                                EWAKUACJA Z POWODU REKINA                            <\/a>\r\n                        <\/h2>\r\n                        <div class=\"cv-post-meta cv-meta-icon-show\">\r\n                            <span class=\"cv-post-date cv-post-meta-item\" itemprop=\"datePublished\"><a href=\"https:\/\/nakanarach.pl\/index.php\/2024\/06\/24\/rekiny-w-atlantyku\/\">24 czerwca 2024<\/a><\/span>                        <\/div>\r\n                        <div class=\"cv-post-content\" itemprop=\"description\">Kilka lat temu media obieg\u0142a sensacyjna wiadomo\u015b\u0107 o ataku przez 4-metrowego rekina na jedn\u0105 z&hellip;<\/div>                        <div class=\"cv-read-more\"><a href=https:\/\/nakanarach.pl\/index.php\/2024\/06\/24\/rekiny-w-atlantyku\/>Czytaj wi\u0119cej<i class=\"fas fa-arrow-right\"><\/i><\/a><\/div>                    <\/div><!-- .cv-post-right-wrap -->\r\n                <\/article>\r\n                        <article post-id=\"post-8171\" class=\"cv-post post-format--standard\" itemscope itemtype=\"http:\/\/schema.org\/articleBody\">\r\n                    <div class=\"cv-post-left-wrap\">\r\n                        <div class=\"cv-post-thumb\">\r\n                            <a href=\"https:\/\/nakanarach.pl\/index.php\/2024\/05\/08\/wiecej-domow-wakacyjnych\/\"><img decoding=\"async\" src=\"https:\/\/nakanarach.pl\/wp-content\/uploads\/2023\/01\/Tarasy-Las-Palmas-Gran-Canaria-scaled.jpg\" alt=\"WI\u0118CEJ DOM\u00d3W WAKACYJNYCH\"\/><\/a>\r\n                        <\/div>\r\n                    <\/div><!-- .cv-post-left-wrap -->\r\n                    <div class=\"cv-post-right-wrap\">\r\n                                                <h2 class=\"cv-post-title\">\r\n                            <a href=\"https:\/\/nakanarach.pl\/index.php\/2024\/05\/08\/wiecej-domow-wakacyjnych\/\" target=\"_self\">\r\n                                WI\u0118CEJ DOM\u00d3W WAKACYJNYCH                            <\/a>\r\n                        <\/h2>\r\n                        <div class=\"cv-post-meta cv-meta-icon-show\">\r\n                            <span class=\"cv-post-date cv-post-meta-item\" itemprop=\"datePublished\"><a href=\"https:\/\/nakanarach.pl\/index.php\/2024\/05\/08\/wiecej-domow-wakacyjnych\/\">8 maja 2024<\/a><\/span>                        <\/div>\r\n                        <div class=\"cv-post-content\" itemprop=\"description\">Ta wiadomo\u015b\u0107 z pewno\u015bci\u0105 ucieszy turyst\u00f3w, kt\u00f3rzy planuj\u0105 wypoczynek na rajskich Wyspach Kanaryjskich. Lawinowo ro\u015bnie&hellip;<\/div>                        <div class=\"cv-read-more\"><a href=https:\/\/nakanarach.pl\/index.php\/2024\/05\/08\/wiecej-domow-wakacyjnych\/>Czytaj wi\u0119cej<i class=\"fas fa-arrow-right\"><\/i><\/a><\/div>                    <\/div><!-- .cv-post-right-wrap -->\r\n                <\/article>\r\n                        <article post-id=\"post-4757\" class=\"cv-post post-format--standard\" itemscope itemtype=\"http:\/\/schema.org\/articleBody\">\r\n                    <div class=\"cv-post-left-wrap\">\r\n                        <div class=\"cv-post-thumb\">\r\n                            <a href=\"https:\/\/nakanarach.pl\/index.php\/2024\/04\/19\/jedyna-w-europie-plantacja-kawy\/\"><img decoding=\"async\" src=\"https:\/\/nakanarach.pl\/wp-content\/uploads\/2022\/04\/Plantacja-kawy-scaled.jpg\" alt=\"JEDYNA W EUROPIE PLANTACJA KAWY\"\/><\/a>\r\n                        <\/div>\r\n                    <\/div><!-- .cv-post-left-wrap -->\r\n                    <div class=\"cv-post-right-wrap\">\r\n                                                <h2 class=\"cv-post-title\">\r\n                            <a href=\"https:\/\/nakanarach.pl\/index.php\/2024\/04\/19\/jedyna-w-europie-plantacja-kawy\/\" target=\"_self\">\r\n                                JEDYNA W EUROPIE PLANTACJA KAWY                            <\/a>\r\n                        <\/h2>\r\n                        <div class=\"cv-post-meta cv-meta-icon-show\">\r\n                            <span class=\"cv-post-date cv-post-meta-item\" itemprop=\"datePublished\"><a href=\"https:\/\/nakanarach.pl\/index.php\/2024\/04\/19\/jedyna-w-europie-plantacja-kawy\/\">19 kwietnia 2024<\/a><\/span>                        <\/div>\r\n                        <div class=\"cv-post-content\" itemprop=\"description\">\u201eMa\u0142a Kuba\u201d \u2013 w\u0142a\u015bnie tak jest powszechnie okre\u015blana unikatowa atrakcja turystyczna zlokalizowana na Gran Canarii.&hellip;<\/div>                        <div class=\"cv-read-more\"><a href=https:\/\/nakanarach.pl\/index.php\/2024\/04\/19\/jedyna-w-europie-plantacja-kawy\/>Czytaj wi\u0119cej<i class=\"fas fa-arrow-right\"><\/i><\/a><\/div>                    <\/div><!-- .cv-post-right-wrap -->\r\n                <\/article>\r\n                        <article post-id=\"post-8135\" class=\"cv-post post-format--standard\" itemscope itemtype=\"http:\/\/schema.org\/articleBody\">\r\n                    <div class=\"cv-post-left-wrap\">\r\n                        <div class=\"cv-post-thumb\">\r\n                            <a href=\"https:\/\/nakanarach.pl\/index.php\/2024\/04\/17\/narasta-turystofobia-na-kanarach\/\"><img decoding=\"async\" src=\"https:\/\/nakanarach.pl\/wp-content\/uploads\/2024\/04\/Gohome-Teneryfa.jpg\" alt=\"NARASTA TURYSTOFOBIA NA KANARACH\"\/><\/a>\r\n                        <\/div>\r\n                    <\/div><!-- .cv-post-left-wrap -->\r\n                    <div class=\"cv-post-right-wrap\">\r\n                                                <h2 class=\"cv-post-title\">\r\n                            <a href=\"https:\/\/nakanarach.pl\/index.php\/2024\/04\/17\/narasta-turystofobia-na-kanarach\/\" target=\"_self\">\r\n                                NARASTA TURYSTOFOBIA NA KANARACH                            <\/a>\r\n                        <\/h2>\r\n                        <div class=\"cv-post-meta cv-meta-icon-show\">\r\n                            <span class=\"cv-post-date cv-post-meta-item\" itemprop=\"datePublished\"><a href=\"https:\/\/nakanarach.pl\/index.php\/2024\/04\/17\/narasta-turystofobia-na-kanarach\/\">17 kwietnia 2024<\/a><\/span>                        <\/div>\r\n                        <div class=\"cv-post-content\" itemprop=\"description\">Na Wyspach Kanaryjskich ro\u015bnie napi\u0119cie na linii mieszka\u0144cy kontra tury\u015bci. Ci pierwsi zapowiedzieli demonstracje na&hellip;<\/div>                        <div class=\"cv-read-more\"><a href=https:\/\/nakanarach.pl\/index.php\/2024\/04\/17\/narasta-turystofobia-na-kanarach\/>Czytaj wi\u0119cej<i class=\"fas fa-arrow-right\"><\/i><\/a><\/div>                    <\/div><!-- .cv-post-right-wrap -->\r\n                <\/article>\r\n                        <article post-id=\"post-8124\" class=\"cv-post post-format--standard\" itemscope itemtype=\"http:\/\/schema.org\/articleBody\">\r\n                    <div class=\"cv-post-left-wrap\">\r\n                        <div class=\"cv-post-thumb\">\r\n                            <a href=\"https:\/\/nakanarach.pl\/index.php\/2024\/04\/15\/za-duzo-turystow-na-kanarach\/\"><img decoding=\"async\" src=\"https:\/\/nakanarach.pl\/wp-content\/uploads\/2022\/01\/Teneryfa-Lotnisko-Terminal-Sofia-scaled.jpg\" alt=\"ZA DU\u017bO TURYST\u00d3W NA KANARACH?\"\/><\/a>\r\n                        <\/div>\r\n                    <\/div><!-- .cv-post-left-wrap -->\r\n                    <div class=\"cv-post-right-wrap\">\r\n                                                <h2 class=\"cv-post-title\">\r\n                            <a href=\"https:\/\/nakanarach.pl\/index.php\/2024\/04\/15\/za-duzo-turystow-na-kanarach\/\" target=\"_self\">\r\n                                ZA DU\u017bO TURYST\u00d3W NA KANARACH?                            <\/a>\r\n                        <\/h2>\r\n                        <div class=\"cv-post-meta cv-meta-icon-show\">\r\n                            <span class=\"cv-post-date cv-post-meta-item\" itemprop=\"datePublished\"><a href=\"https:\/\/nakanarach.pl\/index.php\/2024\/04\/15\/za-duzo-turystow-na-kanarach\/\">15 kwietnia 2024<\/a><\/span>                        <\/div>\r\n                        <div class=\"cv-post-content\" itemprop=\"description\">Zim\u0105 i wiosn\u0105 2024 roku Wyspy Kanaryjskie odnotowa\u0142y kolejne, rekordowe wzrosty liczby turyst\u00f3w, bo to&hellip;<\/div>                        <div class=\"cv-read-more\"><a href=https:\/\/nakanarach.pl\/index.php\/2024\/04\/15\/za-duzo-turystow-na-kanarach\/>Czytaj wi\u0119cej<i class=\"fas fa-arrow-right\"><\/i><\/a><\/div>                    <\/div><!-- .cv-post-right-wrap -->\r\n                <\/article>\r\n                        <article post-id=\"post-8074\" class=\"cv-post post-format--standard\" itemscope itemtype=\"http:\/\/schema.org\/articleBody\">\r\n                    <div class=\"cv-post-left-wrap\">\r\n                        <div class=\"cv-post-thumb\">\r\n                            <a href=\"https:\/\/nakanarach.pl\/index.php\/2024\/04\/08\/turysci-narzekaja-na-mewy-w-hotelu\/\"><img decoding=\"async\" src=\"https:\/\/nakanarach.pl\/wp-content\/uploads\/2024\/04\/Mewy-birds-3991744_1280.jpg\" alt=\"TURY\u015aCI NARZEKAJ\u0104 NA MEWY W HOTELU\"\/><\/a>\r\n                        <\/div>\r\n                    <\/div><!-- .cv-post-left-wrap -->\r\n                    <div class=\"cv-post-right-wrap\">\r\n                                                <h2 class=\"cv-post-title\">\r\n                            <a href=\"https:\/\/nakanarach.pl\/index.php\/2024\/04\/08\/turysci-narzekaja-na-mewy-w-hotelu\/\" target=\"_self\">\r\n                                TURY\u015aCI NARZEKAJ\u0104 NA MEWY W HOTELU                            <\/a>\r\n                        <\/h2>\r\n                        <div class=\"cv-post-meta cv-meta-icon-show\">\r\n                            <span class=\"cv-post-date cv-post-meta-item\" itemprop=\"datePublished\"><a href=\"https:\/\/nakanarach.pl\/index.php\/2024\/04\/08\/turysci-narzekaja-na-mewy-w-hotelu\/\">8 kwietnia 2024<\/a><\/span>                        <\/div>\r\n                        <div class=\"cv-post-content\" itemprop=\"description\">W najwi\u0119kszym hotelu na kanaryjskiej wyspie Lanzarote, kt\u00f3ry znajduje si\u0119 tak\u017ce w ofercie polskich touroperator\u00f3w,&hellip;<\/div>                        <div class=\"cv-read-more\"><a href=https:\/\/nakanarach.pl\/index.php\/2024\/04\/08\/turysci-narzekaja-na-mewy-w-hotelu\/>Czytaj wi\u0119cej<i class=\"fas fa-arrow-right\"><\/i><\/a><\/div>                    <\/div><!-- .cv-post-right-wrap -->\r\n                <\/article>\r\n                        <article post-id=\"post-8043\" class=\"cv-post post-format--standard\" itemscope itemtype=\"http:\/\/schema.org\/articleBody\">\r\n                    <div class=\"cv-post-left-wrap\">\r\n                        <div class=\"cv-post-thumb\">\r\n                            <a href=\"https:\/\/nakanarach.pl\/index.php\/2024\/03\/27\/wycofuja-kremy-do-opalania\/\"><img decoding=\"async\" src=\"https:\/\/nakanarach.pl\/wp-content\/plugins\/wp-blog-post-layouts\/includes\/assets\/images\/image.jpg\" alt=\"WYCOFUJ\u0104 KREMY DO OPALANIA\"\/><\/a>\r\n                        <\/div>\r\n                    <\/div><!-- .cv-post-left-wrap -->\r\n                    <div class=\"cv-post-right-wrap\">\r\n                                                <h2 class=\"cv-post-title\">\r\n                            <a href=\"https:\/\/nakanarach.pl\/index.php\/2024\/03\/27\/wycofuja-kremy-do-opalania\/\" target=\"_self\">\r\n                                WYCOFUJ\u0104 KREMY DO OPALANIA                            <\/a>\r\n                        <\/h2>\r\n                        <div class=\"cv-post-meta cv-meta-icon-show\">\r\n                            <span class=\"cv-post-date cv-post-meta-item\" itemprop=\"datePublished\"><a href=\"https:\/\/nakanarach.pl\/index.php\/2024\/03\/27\/wycofuja-kremy-do-opalania\/\">27 marca 2024<\/a><\/span>                        <\/div>\r\n                        <div class=\"cv-post-content\" itemprop=\"description\">Usuni\u0119cie ze sprzeda\u017cy siedmiu znanych krem\u00f3w do opalania nakaza\u0142a Organizacja Konsument\u00f3w i U\u017cytkownik\u00f3w (OCU) oraz&hellip;<\/div>                        <div class=\"cv-read-more\"><a href=https:\/\/nakanarach.pl\/index.php\/2024\/03\/27\/wycofuja-kremy-do-opalania\/>Czytaj wi\u0119cej<i class=\"fas fa-arrow-right\"><\/i><\/a><\/div>                    <\/div><!-- .cv-post-right-wrap -->\r\n                <\/article>\r\n                        <article post-id=\"post-7945\" class=\"cv-post post-format--standard\" itemscope itemtype=\"http:\/\/schema.org\/articleBody\">\r\n                    <div class=\"cv-post-left-wrap\">\r\n                        <div class=\"cv-post-thumb\">\r\n                            <a href=\"https:\/\/nakanarach.pl\/index.php\/2024\/03\/08\/kontrowersyjne-oferty-dla-turystow\/\"><img decoding=\"async\" src=\"https:\/\/nakanarach.pl\/wp-content\/uploads\/2024\/03\/Chatka-Lanzarote1.jpg\" alt=\"KONTROWERSYJNE OFERTY DLA TURYST\u00d3W\"\/><\/a>\r\n                        <\/div>\r\n                    <\/div><!-- .cv-post-left-wrap -->\r\n                    <div class=\"cv-post-right-wrap\">\r\n                                                <h2 class=\"cv-post-title\">\r\n                            <a href=\"https:\/\/nakanarach.pl\/index.php\/2024\/03\/08\/kontrowersyjne-oferty-dla-turystow\/\" target=\"_self\">\r\n                                KONTROWERSYJNE OFERTY DLA TURYST\u00d3W                            <\/a>\r\n                        <\/h2>\r\n                        <div class=\"cv-post-meta cv-meta-icon-show\">\r\n                            <span class=\"cv-post-date cv-post-meta-item\" itemprop=\"datePublished\"><a href=\"https:\/\/nakanarach.pl\/index.php\/2024\/03\/08\/kontrowersyjne-oferty-dla-turystow\/\">8 marca 2024<\/a><\/span>                        <\/div>\r\n                        <div class=\"cv-post-content\" itemprop=\"description\">Oferty wynajmu turystycznego na Wyspach Kanaryjskich sta\u0142y si\u0119 hitem internetu. W\u015br\u00f3d nich nocleg w miniaturowej&hellip;<\/div>                        <div class=\"cv-read-more\"><a href=https:\/\/nakanarach.pl\/index.php\/2024\/03\/08\/kontrowersyjne-oferty-dla-turystow\/>Czytaj wi\u0119cej<i class=\"fas fa-arrow-right\"><\/i><\/a><\/div>                    <\/div><!-- .cv-post-right-wrap -->\r\n                <\/article>\r\n                        <article post-id=\"post-7894\" class=\"cv-post post-format--standard\" itemscope itemtype=\"http:\/\/schema.org\/articleBody\">\r\n                    <div class=\"cv-post-left-wrap\">\r\n                        <div class=\"cv-post-thumb\">\r\n                            <a href=\"https:\/\/nakanarach.pl\/index.php\/2024\/02\/26\/zakazane-namioty-na-dachu\/\"><img decoding=\"async\" src=\"https:\/\/nakanarach.pl\/wp-content\/uploads\/2024\/02\/Namioty.jpg\" alt=\"ZAKAZANE POLE NAMIOTOWE NA DACHU\"\/><\/a>\r\n                        <\/div>\r\n                    <\/div><!-- .cv-post-left-wrap -->\r\n                    <div class=\"cv-post-right-wrap\">\r\n                                                <h2 class=\"cv-post-title\">\r\n                            <a href=\"https:\/\/nakanarach.pl\/index.php\/2024\/02\/26\/zakazane-namioty-na-dachu\/\" target=\"_self\">\r\n                                ZAKAZANE POLE NAMIOTOWE NA DACHU                            <\/a>\r\n                        <\/h2>\r\n                        <div class=\"cv-post-meta cv-meta-icon-show\">\r\n                            <span class=\"cv-post-date cv-post-meta-item\" itemprop=\"datePublished\"><a href=\"https:\/\/nakanarach.pl\/index.php\/2024\/02\/26\/zakazane-namioty-na-dachu\/\">26 lutego 2024<\/a><\/span>                        <\/div>\r\n                        <div class=\"cv-post-content\" itemprop=\"description\">Rada miasta Santa Cruz na kanaryjskiej Teneryfie nakaza\u0142a zaprzestanie dzia\u0142alno\u015bci polegaj\u0105cej na wynajmowaniu namiot\u00f3w na&hellip;<\/div>                        <div class=\"cv-read-more\"><a href=https:\/\/nakanarach.pl\/index.php\/2024\/02\/26\/zakazane-namioty-na-dachu\/>Czytaj wi\u0119cej<i class=\"fas fa-arrow-right\"><\/i><\/a><\/div>                    <\/div><!-- .cv-post-right-wrap -->\r\n                <\/article>\r\n                        <article post-id=\"post-7783\" class=\"cv-post post-format--standard\" itemscope itemtype=\"http:\/\/schema.org\/articleBody\">\r\n                    <div class=\"cv-post-left-wrap\">\r\n                        <div class=\"cv-post-thumb\">\r\n                            <a href=\"https:\/\/nakanarach.pl\/index.php\/2024\/01\/20\/lot-przerwany-przez-polakow\/\"><img decoding=\"async\" src=\"https:\/\/nakanarach.pl\/wp-content\/uploads\/2022\/06\/Ryanair-Lotnisko-Gran-Canaria-scaled.jpg\" alt=\"LOT PRZERWANY PRZEZ POLAK\u00d3W\"\/><\/a>\r\n                        <\/div>\r\n                    <\/div><!-- .cv-post-left-wrap -->\r\n                    <div class=\"cv-post-right-wrap\">\r\n                                                <h2 class=\"cv-post-title\">\r\n                            <a href=\"https:\/\/nakanarach.pl\/index.php\/2024\/01\/20\/lot-przerwany-przez-polakow\/\" target=\"_self\">\r\n                                LOT PRZERWANY PRZEZ POLAK\u00d3W                            <\/a>\r\n                        <\/h2>\r\n                        <div class=\"cv-post-meta cv-meta-icon-show\">\r\n                            <span class=\"cv-post-date cv-post-meta-item\" itemprop=\"datePublished\"><a href=\"https:\/\/nakanarach.pl\/index.php\/2024\/01\/20\/lot-przerwany-przez-polakow\/\">20 stycznia 2024<\/a><\/span>                        <\/div>\r\n                        <div class=\"cv-post-content\" itemprop=\"description\">Przymusowym l\u0105dowaniem w portugalskim Faro z powodu awanturuj\u0105cych si\u0119 na pok\u0142adzie samolotu Polak\u00f3w zako\u0144czy\u0142 si\u0119&hellip;<\/div>                        <div class=\"cv-read-more\"><a href=https:\/\/nakanarach.pl\/index.php\/2024\/01\/20\/lot-przerwany-przez-polakow\/>Czytaj wi\u0119cej<i class=\"fas fa-arrow-right\"><\/i><\/a><\/div>                    <\/div><!-- .cv-post-right-wrap -->\r\n                <\/article>\r\n                        <article post-id=\"post-4491\" class=\"cv-post post-format--standard\" itemscope itemtype=\"http:\/\/schema.org\/articleBody\">\r\n                    <div class=\"cv-post-left-wrap\">\r\n                        <div class=\"cv-post-thumb\">\r\n                            <a href=\"https:\/\/nakanarach.pl\/index.php\/2024\/01\/08\/sezon-na-pomarancze\/\"><img decoding=\"async\" src=\"https:\/\/nakanarach.pl\/wp-content\/uploads\/2022\/03\/Pomarancze-scaled.jpg\" alt=\"SEZON NA POMARA\u0143CZE\"\/><\/a>\r\n                        <\/div>\r\n                    <\/div><!-- .cv-post-left-wrap -->\r\n                    <div class=\"cv-post-right-wrap\">\r\n                                                <h2 class=\"cv-post-title\">\r\n                            <a href=\"https:\/\/nakanarach.pl\/index.php\/2024\/01\/08\/sezon-na-pomarancze\/\" target=\"_self\">\r\n                                SEZON NA POMARA\u0143CZE                            <\/a>\r\n                        <\/h2>\r\n                        <div class=\"cv-post-meta cv-meta-icon-show\">\r\n                            <span class=\"cv-post-date cv-post-meta-item\" itemprop=\"datePublished\"><a href=\"https:\/\/nakanarach.pl\/index.php\/2024\/01\/08\/sezon-na-pomarancze\/\">8 stycznia 2024<\/a><\/span>                        <\/div>\r\n                        <div class=\"cv-post-content\" itemprop=\"description\">Najsmaczniejsze pomara\u0144cze na Wyspach Kanaryjskich s\u0105 w sezonie&#8230; zimowym. Na prze\u0142omie marca i kwietnia ko\u0144czy&hellip;<\/div>                        <div class=\"cv-read-more\"><a href=https:\/\/nakanarach.pl\/index.php\/2024\/01\/08\/sezon-na-pomarancze\/>Czytaj wi\u0119cej<i class=\"fas fa-arrow-right\"><\/i><\/a><\/div>                    <\/div><!-- .cv-post-right-wrap -->\r\n                <\/article>\r\n                        <article post-id=\"post-6996\" class=\"cv-post post-format--standard\" itemscope itemtype=\"http:\/\/schema.org\/articleBody\">\r\n                    <div class=\"cv-post-left-wrap\">\r\n                        <div class=\"cv-post-thumb\">\r\n                            <a href=\"https:\/\/nakanarach.pl\/index.php\/2023\/12\/20\/zamkna-najmniejszy-hotel-na-swiecie\/\"><img decoding=\"async\" src=\"https:\/\/nakanarach.pl\/wp-content\/uploads\/2023\/09\/Najmniejszy-hotel1.jpg\" alt=\"ZAMKN\u0104 NAJMNIEJSZY HOTEL NA \u015aWIECIE?\"\/><\/a>\r\n                        <\/div>\r\n                    <\/div><!-- .cv-post-left-wrap -->\r\n                    <div class=\"cv-post-right-wrap\">\r\n                                                <h2 class=\"cv-post-title\">\r\n                            <a href=\"https:\/\/nakanarach.pl\/index.php\/2023\/12\/20\/zamkna-najmniejszy-hotel-na-swiecie\/\" target=\"_self\">\r\n                                ZAMKN\u0104 NAJMNIEJSZY HOTEL NA \u015aWIECIE?                            <\/a>\r\n                        <\/h2>\r\n                        <div class=\"cv-post-meta cv-meta-icon-show\">\r\n                            <span class=\"cv-post-date cv-post-meta-item\" itemprop=\"datePublished\"><a href=\"https:\/\/nakanarach.pl\/index.php\/2023\/12\/20\/zamkna-najmniejszy-hotel-na-swiecie\/\">20 grudnia 2023<\/a><\/span>                        <\/div>\r\n                        <div class=\"cv-post-content\" itemprop=\"description\">Najmniejszy hotel na \u015bwiecie nie zostanie zamkni\u0119ty na pocz\u0105tku 2024 roku &#8211; jak wcze\u015bniej zapowiadali&hellip;<\/div>                        <div class=\"cv-read-more\"><a href=https:\/\/nakanarach.pl\/index.php\/2023\/12\/20\/zamkna-najmniejszy-hotel-na-swiecie\/>Czytaj wi\u0119cej<i class=\"fas fa-arrow-right\"><\/i><\/a><\/div>                    <\/div><!-- .cv-post-right-wrap -->\r\n                <\/article>\r\n                        <article post-id=\"post-7649\" class=\"cv-post post-format--standard\" itemscope itemtype=\"http:\/\/schema.org\/articleBody\">\r\n                    <div class=\"cv-post-left-wrap\">\r\n                        <div class=\"cv-post-thumb\">\r\n                            <a href=\"https:\/\/nakanarach.pl\/index.php\/2023\/12\/18\/turystyczne-rekordy-w-zimie\/\"><img decoding=\"async\" src=\"https:\/\/nakanarach.pl\/wp-content\/uploads\/2023\/12\/Lotnisko-Kolejka-scaled.jpg\" alt=\"TURYSTYCZNE REKORDY W ZIMIE\"\/><\/a>\r\n                        <\/div>\r\n                    <\/div><!-- .cv-post-left-wrap -->\r\n                    <div class=\"cv-post-right-wrap\">\r\n                                                <h2 class=\"cv-post-title\">\r\n                            <a href=\"https:\/\/nakanarach.pl\/index.php\/2023\/12\/18\/turystyczne-rekordy-w-zimie\/\" target=\"_self\">\r\n                                TURYSTYCZNE REKORDY W ZIMIE                            <\/a>\r\n                        <\/h2>\r\n                        <div class=\"cv-post-meta cv-meta-icon-show\">\r\n                            <span class=\"cv-post-date cv-post-meta-item\" itemprop=\"datePublished\"><a href=\"https:\/\/nakanarach.pl\/index.php\/2023\/12\/18\/turystyczne-rekordy-w-zimie\/\">18 grudnia 2023<\/a><\/span>                        <\/div>\r\n                        <div class=\"cv-post-content\" itemprop=\"description\">Du\u017ce sieci hotelowe dzia\u0142aj\u0105ce na Wyspach Kanaryjskich notuj\u0105 rekordowe ob\u0142o\u017cenie w drugiej po\u0142owie tego roku&hellip;<\/div>                        <div class=\"cv-read-more\"><a href=https:\/\/nakanarach.pl\/index.php\/2023\/12\/18\/turystyczne-rekordy-w-zimie\/>Czytaj wi\u0119cej<i class=\"fas fa-arrow-right\"><\/i><\/a><\/div>                    <\/div><!-- .cv-post-right-wrap -->\r\n                <\/article>\r\n                        <article post-id=\"post-7524\" class=\"cv-post post-format--standard\" itemscope itemtype=\"http:\/\/schema.org\/articleBody\">\r\n                    <div class=\"cv-post-left-wrap\">\r\n                        <div class=\"cv-post-thumb\">\r\n                            <a href=\"https:\/\/nakanarach.pl\/index.php\/2023\/11\/16\/kanary-przezywaja-oblezenie-turystow\/\"><img decoding=\"async\" src=\"https:\/\/nakanarach.pl\/wp-content\/uploads\/2021\/09\/Lotnisko-Teneryfa.jpg\" alt=\"KANARY PRZE\u017bYWAJ\u0104 OBL\u0118\u017bENIE TURYST\u00d3W\"\/><\/a>\r\n                        <\/div>\r\n                    <\/div><!-- .cv-post-left-wrap -->\r\n                    <div class=\"cv-post-right-wrap\">\r\n                                                <h2 class=\"cv-post-title\">\r\n                            <a href=\"https:\/\/nakanarach.pl\/index.php\/2023\/11\/16\/kanary-przezywaja-oblezenie-turystow\/\" target=\"_self\">\r\n                                KANARY PRZE\u017bYWAJ\u0104 OBL\u0118\u017bENIE TURYST\u00d3W                            <\/a>\r\n                        <\/h2>\r\n                        <div class=\"cv-post-meta cv-meta-icon-show\">\r\n                            <span class=\"cv-post-date cv-post-meta-item\" itemprop=\"datePublished\"><a href=\"https:\/\/nakanarach.pl\/index.php\/2023\/11\/16\/kanary-przezywaja-oblezenie-turystow\/\">16 listopada 2023<\/a><\/span>                        <\/div>\r\n                        <div class=\"cv-post-content\" itemprop=\"description\">Prawie 40 milion\u00f3w pasa\u017cer\u00f3w obs\u0142u\u017cy\u0142y ju\u017c w tym roku wszystkie lotniska na Wyspach Kanaryjskich, czyli&hellip;<\/div>                        <div class=\"cv-read-more\"><a href=https:\/\/nakanarach.pl\/index.php\/2023\/11\/16\/kanary-przezywaja-oblezenie-turystow\/>Czytaj wi\u0119cej<i class=\"fas fa-arrow-right\"><\/i><\/a><\/div>                    <\/div><!-- .cv-post-right-wrap -->\r\n                <\/article>\r\n                        <article post-id=\"post-7414\" class=\"cv-post post-format--standard\" itemscope itemtype=\"http:\/\/schema.org\/articleBody\">\r\n                    <div class=\"cv-post-left-wrap\">\r\n                        <div class=\"cv-post-thumb\">\r\n                            <a href=\"https:\/\/nakanarach.pl\/index.php\/2023\/10\/23\/lot-z-problemami\/\"><img decoding=\"async\" src=\"https:\/\/nakanarach.pl\/wp-content\/uploads\/2023\/10\/Lotnisko-Krakow-Karetka-1-scaled.jpg\" alt=\"LOT Z PROBLEMAMI\"\/><\/a>\r\n                        <\/div>\r\n                    <\/div><!-- .cv-post-left-wrap -->\r\n                    <div class=\"cv-post-right-wrap\">\r\n                                                <h2 class=\"cv-post-title\">\r\n                            <a href=\"https:\/\/nakanarach.pl\/index.php\/2023\/10\/23\/lot-z-problemami\/\" target=\"_self\">\r\n                                LOT Z PROBLEMAMI                            <\/a>\r\n                        <\/h2>\r\n                        <div class=\"cv-post-meta cv-meta-icon-show\">\r\n                            <span class=\"cv-post-date cv-post-meta-item\" itemprop=\"datePublished\"><a href=\"https:\/\/nakanarach.pl\/index.php\/2023\/10\/23\/lot-z-problemami\/\">23 pa\u017adziernika 2023<\/a><\/span>                        <\/div>\r\n                        <div class=\"cv-post-content\" itemprop=\"description\">Jesieni\u0105 sprawdzili\u015bmy bezpo\u015brednie loty z Polski na Gran Canari\u0119. Wyb\u00f3r jest mniejszy ni\u017c latem, ale&hellip;<\/div>                        <div class=\"cv-read-more\"><a href=https:\/\/nakanarach.pl\/index.php\/2023\/10\/23\/lot-z-problemami\/>Czytaj wi\u0119cej<i class=\"fas fa-arrow-right\"><\/i><\/a><\/div>                    <\/div><!-- .cv-post-right-wrap -->\r\n                <\/article>\r\n                        <article post-id=\"post-7199\" class=\"cv-post post-format--standard\" itemscope itemtype=\"http:\/\/schema.org\/articleBody\">\r\n                    <div class=\"cv-post-left-wrap\">\r\n                        <div class=\"cv-post-thumb\">\r\n                            <a href=\"https:\/\/nakanarach.pl\/index.php\/2023\/09\/08\/regaty-szlakiem-kolumba\/\"><img decoding=\"async\" src=\"https:\/\/nakanarach.pl\/wp-content\/uploads\/2023\/09\/Regaty-Huelva-La-Gomera-2023.jpg\" alt=\"REGATY SZLAKIEM KOLUMBA\"\/><\/a>\r\n                        <\/div>\r\n                    <\/div><!-- .cv-post-left-wrap -->\r\n                    <div class=\"cv-post-right-wrap\">\r\n                                                <h2 class=\"cv-post-title\">\r\n                            <a href=\"https:\/\/nakanarach.pl\/index.php\/2023\/09\/08\/regaty-szlakiem-kolumba\/\" target=\"_self\">\r\n                                REGATY SZLAKIEM KOLUMBA                            <\/a>\r\n                        <\/h2>\r\n                        <div class=\"cv-post-meta cv-meta-icon-show\">\r\n                            <span class=\"cv-post-date cv-post-meta-item\" itemprop=\"datePublished\"><a href=\"https:\/\/nakanarach.pl\/index.php\/2023\/09\/08\/regaty-szlakiem-kolumba\/\">8 wrze\u015bnia 2023<\/a><\/span>                        <\/div>\r\n                        <div class=\"cv-post-content\" itemprop=\"description\">750 mil morskich, kt\u00f3ra oddziela Huelv\u0119 od kanaryjskiej wyspy La Gomera, pokonali uczestnicy regat Szlakiem&hellip;<\/div>                        <div class=\"cv-read-more\"><a href=https:\/\/nakanarach.pl\/index.php\/2023\/09\/08\/regaty-szlakiem-kolumba\/>Czytaj wi\u0119cej<i class=\"fas fa-arrow-right\"><\/i><\/a><\/div>                    <\/div><!-- .cv-post-right-wrap -->\r\n                <\/article>\r\n                        <article post-id=\"post-7187\" class=\"cv-post post-format--standard\" itemscope itemtype=\"http:\/\/schema.org\/articleBody\">\r\n                    <div class=\"cv-post-left-wrap\">\r\n                        <div class=\"cv-post-thumb\">\r\n                            <a href=\"https:\/\/nakanarach.pl\/index.php\/2023\/09\/07\/nagrywaja-pamietniki-z-wakacji-na-kanarach\/\"><img decoding=\"async\" src=\"https:\/\/nakanarach.pl\/wp-content\/uploads\/2023\/09\/Pamietniki-z-wakacji1.jpg\" alt=\"NAGRYWAJ\u0104 &#8222;PAMI\u0118TNIKI Z WAKACJI&#8221; NA KANARACH\"\/><\/a>\r\n                        <\/div>\r\n                    <\/div><!-- .cv-post-left-wrap -->\r\n                    <div class=\"cv-post-right-wrap\">\r\n                                                <h2 class=\"cv-post-title\">\r\n                            <a href=\"https:\/\/nakanarach.pl\/index.php\/2023\/09\/07\/nagrywaja-pamietniki-z-wakacji-na-kanarach\/\" target=\"_self\">\r\n                                NAGRYWAJ\u0104 &#8222;PAMI\u0118TNIKI Z WAKACJI&#8221; NA KANARACH                            <\/a>\r\n                        <\/h2>\r\n                        <div class=\"cv-post-meta cv-meta-icon-show\">\r\n                            <span class=\"cv-post-date cv-post-meta-item\" itemprop=\"datePublished\"><a href=\"https:\/\/nakanarach.pl\/index.php\/2023\/09\/07\/nagrywaja-pamietniki-z-wakacji-na-kanarach\/\">7 wrze\u015bnia 2023<\/a><\/span>                        <\/div>\r\n                        <div class=\"cv-post-content\" itemprop=\"description\">Kultowy serial paradokumentalny Polsatu \u201ePami\u0119tniki z wakacji\u201d nagrywany na Wyspach Kanaryjskich wr\u00f3ci na anten\u0119. Kolejny&hellip;<\/div>                        <div class=\"cv-read-more\"><a href=https:\/\/nakanarach.pl\/index.php\/2023\/09\/07\/nagrywaja-pamietniki-z-wakacji-na-kanarach\/>Czytaj wi\u0119cej<i class=\"fas fa-arrow-right\"><\/i><\/a><\/div>                    <\/div><!-- .cv-post-right-wrap -->\r\n                <\/article>\r\n                        <article post-id=\"post-7106\" class=\"cv-post post-format--standard\" itemscope itemtype=\"http:\/\/schema.org\/articleBody\">\r\n                    <div class=\"cv-post-left-wrap\">\r\n                        <div class=\"cv-post-thumb\">\r\n                            <a href=\"https:\/\/nakanarach.pl\/index.php\/2023\/08\/31\/ocean-atlantycki-sie-ociepla\/\"><img decoding=\"async\" src=\"https:\/\/nakanarach.pl\/wp-content\/uploads\/2023\/05\/Gran-Canaria-plaza-Faro-z-gory.jpeg\" alt=\"OCEAN ATLANTYCKI SI\u0118 OCIEPLA\"\/><\/a>\r\n                        <\/div>\r\n                    <\/div><!-- .cv-post-left-wrap -->\r\n                    <div class=\"cv-post-right-wrap\">\r\n                                                <h2 class=\"cv-post-title\">\r\n                            <a href=\"https:\/\/nakanarach.pl\/index.php\/2023\/08\/31\/ocean-atlantycki-sie-ociepla\/\" target=\"_self\">\r\n                                OCEAN ATLANTYCKI SI\u0118 OCIEPLA                            <\/a>\r\n                        <\/h2>\r\n                        <div class=\"cv-post-meta cv-meta-icon-show\">\r\n                            <span class=\"cv-post-date cv-post-meta-item\" itemprop=\"datePublished\"><a href=\"https:\/\/nakanarach.pl\/index.php\/2023\/08\/31\/ocean-atlantycki-sie-ociepla\/\">31 sierpnia 2023<\/a><\/span>                        <\/div>\r\n                        <div class=\"cv-post-content\" itemprop=\"description\">Ocean Atlantycki w pobli\u017cu Wysp Kanaryjskich do\u015bwiadcza bezprecedensowego ocieplenia. Znacz\u0105cy wp\u0142yw na ocieplanie wody w&hellip;<\/div>                        <div class=\"cv-read-more\"><a href=https:\/\/nakanarach.pl\/index.php\/2023\/08\/31\/ocean-atlantycki-sie-ociepla\/>Czytaj wi\u0119cej<i class=\"fas fa-arrow-right\"><\/i><\/a><\/div>                    <\/div><!-- .cv-post-right-wrap -->\r\n                <\/article>\r\n                        <article post-id=\"post-6957\" class=\"cv-post post-format--standard\" itemscope itemtype=\"http:\/\/schema.org\/articleBody\">\r\n                    <div class=\"cv-post-left-wrap\">\r\n                        <div class=\"cv-post-thumb\">\r\n                            <a href=\"https:\/\/nakanarach.pl\/index.php\/2023\/08\/14\/wakacje-premiera-na-lanzarote\/\"><img decoding=\"async\" src=\"https:\/\/nakanarach.pl\/wp-content\/uploads\/2023\/08\/Prmier-Lanzarote-Facebook.png\" alt=\"WAKACJE PREMIERA NA LANZAROTE\"\/><\/a>\r\n                        <\/div>\r\n                    <\/div><!-- .cv-post-left-wrap -->\r\n                    <div class=\"cv-post-right-wrap\">\r\n                                                <h2 class=\"cv-post-title\">\r\n                            <a href=\"https:\/\/nakanarach.pl\/index.php\/2023\/08\/14\/wakacje-premiera-na-lanzarote\/\" target=\"_self\">\r\n                                WAKACJE PREMIERA NA LANZAROTE                            <\/a>\r\n                        <\/h2>\r\n                        <div class=\"cv-post-meta cv-meta-icon-show\">\r\n                            <span class=\"cv-post-date cv-post-meta-item\" itemprop=\"datePublished\"><a href=\"https:\/\/nakanarach.pl\/index.php\/2023\/08\/14\/wakacje-premiera-na-lanzarote\/\">14 sierpnia 2023<\/a><\/span>                        <\/div>\r\n                        <div class=\"cv-post-content\" itemprop=\"description\">W szczycie politycznej gor\u0105czki w Hiszpanii, po przyspieszonych wyborach parlamentarnych, urz\u0119duj\u0105cy premier rz\u0105du Pedro S\u00e1nchez&hellip;<\/div>                        <div class=\"cv-read-more\"><a href=https:\/\/nakanarach.pl\/index.php\/2023\/08\/14\/wakacje-premiera-na-lanzarote\/>Czytaj wi\u0119cej<i class=\"fas fa-arrow-right\"><\/i><\/a><\/div>                    <\/div><!-- .cv-post-right-wrap -->\r\n                <\/article>\r\n                        <article post-id=\"post-6706\" class=\"cv-post post-format--standard\" itemscope itemtype=\"http:\/\/schema.org\/articleBody\">\r\n                    <div class=\"cv-post-left-wrap\">\r\n                        <div class=\"cv-post-thumb\">\r\n                            <a href=\"https:\/\/nakanarach.pl\/index.php\/2023\/07\/26\/popcornowa-plaza-2\/\"><img decoding=\"async\" src=\"https:\/\/nakanarach.pl\/wp-content\/uploads\/2023\/07\/Popcornowa-plaza-FB-Liana-Lorenzova-Janicinova.jpg\" alt=\"POPCORN NA PLA\u017bY\"\/><\/a>\r\n                        <\/div>\r\n                    <\/div><!-- .cv-post-left-wrap -->\r\n                    <div class=\"cv-post-right-wrap\">\r\n                                                <h2 class=\"cv-post-title\">\r\n                            <a href=\"https:\/\/nakanarach.pl\/index.php\/2023\/07\/26\/popcornowa-plaza-2\/\" target=\"_self\">\r\n                                POPCORN NA PLA\u017bY                            <\/a>\r\n                        <\/h2>\r\n                        <div class=\"cv-post-meta cv-meta-icon-show\">\r\n                            <span class=\"cv-post-date cv-post-meta-item\" itemprop=\"datePublished\"><a href=\"https:\/\/nakanarach.pl\/index.php\/2023\/07\/26\/popcornowa-plaza-2\/\">26 lipca 2023<\/a><\/span>                        <\/div>\r\n                        <div class=\"cv-post-content\" itemprop=\"description\">W\u015br\u00f3d urzekaj\u0105cych wybrze\u017cy Fuerteventury znajduje si\u0119 wyj\u0105tkowy i enigmatyczny cud &#8211; Pla\u017ca Popcornowa, bez w\u0105tpienia&hellip;<\/div>                        <div class=\"cv-read-more\"><a href=https:\/\/nakanarach.pl\/index.php\/2023\/07\/26\/popcornowa-plaza-2\/>Czytaj wi\u0119cej<i class=\"fas fa-arrow-right\"><\/i><\/a><\/div>                    <\/div><!-- .cv-post-right-wrap -->\r\n                <\/article>\r\n                        <article post-id=\"post-6776\" class=\"cv-post post-format--standard\" itemscope itemtype=\"http:\/\/schema.org\/articleBody\">\r\n                    <div class=\"cv-post-left-wrap\">\r\n                        <div class=\"cv-post-thumb\">\r\n                            <a href=\"https:\/\/nakanarach.pl\/index.php\/2023\/06\/16\/najbardziej-zanieczyszczone-plaze\/\"><img decoding=\"async\" src=\"https:\/\/nakanarach.pl\/wp-content\/uploads\/2023\/06\/plaza-El-Medano-Teneryfa.jpg\" alt=\"NAJBARDZIEJ ZANIECZYSZCZONE PLA\u017bE\"\/><\/a>\r\n                        <\/div>\r\n                    <\/div><!-- .cv-post-left-wrap -->\r\n                    <div class=\"cv-post-right-wrap\">\r\n                                                <h2 class=\"cv-post-title\">\r\n                            <a href=\"https:\/\/nakanarach.pl\/index.php\/2023\/06\/16\/najbardziej-zanieczyszczone-plaze\/\" target=\"_self\">\r\n                                NAJBARDZIEJ ZANIECZYSZCZONE PLA\u017bE                            <\/a>\r\n                        <\/h2>\r\n                        <div class=\"cv-post-meta cv-meta-icon-show\">\r\n                            <span class=\"cv-post-date cv-post-meta-item\" itemprop=\"datePublished\"><a href=\"https:\/\/nakanarach.pl\/index.php\/2023\/06\/16\/najbardziej-zanieczyszczone-plaze\/\">16 czerwca 2023<\/a><\/span>                        <\/div>\r\n                        <div class=\"cv-post-content\" itemprop=\"description\">Cztery pla\u017ce na Wyspach Kanaryjskich dosta\u0142y w 2023 roku \u201eczarn\u0105 flag\u0119\u201d z powodu nadmiernego zanieczyszczenia.&hellip;<\/div>                        <div class=\"cv-read-more\"><a href=https:\/\/nakanarach.pl\/index.php\/2023\/06\/16\/najbardziej-zanieczyszczone-plaze\/>Czytaj wi\u0119cej<i class=\"fas fa-arrow-right\"><\/i><\/a><\/div>                    <\/div><!-- .cv-post-right-wrap -->\r\n                <\/article>\r\n                        <article post-id=\"post-6516\" class=\"cv-post post-format--standard\" itemscope itemtype=\"http:\/\/schema.org\/articleBody\">\r\n                    <div class=\"cv-post-left-wrap\">\r\n                        <div class=\"cv-post-thumb\">\r\n                            <a href=\"https:\/\/nakanarach.pl\/index.php\/2023\/05\/23\/koniec-z-wyciaganiem-plynow-i-laptopow-z-bagazu\/\"><img decoding=\"async\" src=\"https:\/\/nakanarach.pl\/wp-content\/uploads\/2022\/01\/Teneryfa-Lotnisko-Terminal-Sofia-scaled.jpg\" alt=\"KONIEC Z WYCI\u0104GANIEM P\u0141YN\u00d3W I LAPTOP\u00d3W Z BAGA\u017bU\"\/><\/a>\r\n                        <\/div>\r\n                    <\/div><!-- .cv-post-left-wrap -->\r\n                    <div class=\"cv-post-right-wrap\">\r\n                                                <h2 class=\"cv-post-title\">\r\n                            <a href=\"https:\/\/nakanarach.pl\/index.php\/2023\/05\/23\/koniec-z-wyciaganiem-plynow-i-laptopow-z-bagazu\/\" target=\"_self\">\r\n                                KONIEC Z WYCI\u0104GANIEM P\u0141YN\u00d3W I LAPTOP\u00d3W Z BAGA\u017bU                            <\/a>\r\n                        <\/h2>\r\n                        <div class=\"cv-post-meta cv-meta-icon-show\">\r\n                            <span class=\"cv-post-date cv-post-meta-item\" itemprop=\"datePublished\"><a href=\"https:\/\/nakanarach.pl\/index.php\/2023\/05\/23\/koniec-z-wyciaganiem-plynow-i-laptopow-z-bagazu\/\">23 maja 2023<\/a><\/span>                        <\/div>\r\n                        <div class=\"cv-post-content\" itemprop=\"description\">Nowa era w kontroli bezpiecze\u0144stwa m.in. na hiszpa\u0144skich lotniskach. Nie b\u0119dzie ju\u017c trzeba wyci\u0105ga\u0107 p\u0142yn\u00f3w&hellip;<\/div>                        <div class=\"cv-read-more\"><a href=https:\/\/nakanarach.pl\/index.php\/2023\/05\/23\/koniec-z-wyciaganiem-plynow-i-laptopow-z-bagazu\/>Czytaj wi\u0119cej<i class=\"fas fa-arrow-right\"><\/i><\/a><\/div>                    <\/div><!-- .cv-post-right-wrap -->\r\n                <\/article>\r\n                        <article post-id=\"post-4888\" class=\"cv-post post-format--standard\" itemscope itemtype=\"http:\/\/schema.org\/articleBody\">\r\n                    <div class=\"cv-post-left-wrap\">\r\n                        <div class=\"cv-post-thumb\">\r\n                            <a href=\"https:\/\/nakanarach.pl\/index.php\/2023\/05\/10\/smart-wyspa-i-ulatwienia-dla-turystow\/\"><img decoding=\"async\" src=\"https:\/\/nakanarach.pl\/wp-content\/uploads\/2022\/05\/El-hierro-ladowarka.jpg\" alt=\"SMART WYSPA I U\u0141ATWIENIA DLA TURYST\u00d3W\"\/><\/a>\r\n                        <\/div>\r\n                    <\/div><!-- .cv-post-left-wrap -->\r\n                    <div class=\"cv-post-right-wrap\">\r\n                                                <h2 class=\"cv-post-title\">\r\n                            <a href=\"https:\/\/nakanarach.pl\/index.php\/2023\/05\/10\/smart-wyspa-i-ulatwienia-dla-turystow\/\" target=\"_self\">\r\n                                SMART WYSPA I U\u0141ATWIENIA DLA TURYST\u00d3W                            <\/a>\r\n                        <\/h2>\r\n                        <div class=\"cv-post-meta cv-meta-icon-show\">\r\n                            <span class=\"cv-post-date cv-post-meta-item\" itemprop=\"datePublished\"><a href=\"https:\/\/nakanarach.pl\/index.php\/2023\/05\/10\/smart-wyspa-i-ulatwienia-dla-turystow\/\">10 maja 2023<\/a><\/span>                        <\/div>\r\n                        <div class=\"cv-post-content\" itemprop=\"description\">Jedna z najmniejszych Wysp Kanaryjskich El Hierro okre\u015blana jest jako &#8222;smart wyspa&#8221; za spraw\u0105 bezp\u0142atnego&hellip;<\/div>                        <div class=\"cv-read-more\"><a href=https:\/\/nakanarach.pl\/index.php\/2023\/05\/10\/smart-wyspa-i-ulatwienia-dla-turystow\/>Czytaj wi\u0119cej<i class=\"fas fa-arrow-right\"><\/i><\/a><\/div>                    <\/div><!-- .cv-post-right-wrap -->\r\n                <\/article>\r\n                        <article post-id=\"post-6550\" class=\"cv-post post-format--standard\" itemscope itemtype=\"http:\/\/schema.org\/articleBody\">\r\n                    <div class=\"cv-post-left-wrap\">\r\n                        <div class=\"cv-post-thumb\">\r\n                            <a href=\"https:\/\/nakanarach.pl\/index.php\/2023\/05\/05\/nagrodzone-lotnisko\/\"><img decoding=\"async\" src=\"https:\/\/nakanarach.pl\/wp-content\/uploads\/2023\/03\/Lotnisko-El-Hierro-FB-The-Piper-Pilot.jpg\" alt=\"NAGRODZONE LOTNISKO\"\/><\/a>\r\n                        <\/div>\r\n                    <\/div><!-- .cv-post-left-wrap -->\r\n                    <div class=\"cv-post-right-wrap\">\r\n                                                <h2 class=\"cv-post-title\">\r\n                            <a href=\"https:\/\/nakanarach.pl\/index.php\/2023\/05\/05\/nagrodzone-lotnisko\/\" target=\"_self\">\r\n                                NAGRODZONE LOTNISKO                            <\/a>\r\n                        <\/h2>\r\n                        <div class=\"cv-post-meta cv-meta-icon-show\">\r\n                            <span class=\"cv-post-date cv-post-meta-item\" itemprop=\"datePublished\"><a href=\"https:\/\/nakanarach.pl\/index.php\/2023\/05\/05\/nagrodzone-lotnisko\/\">5 maja 2023<\/a><\/span>                        <\/div>\r\n                        <div class=\"cv-post-content\" itemprop=\"description\">Mi\u0119dzynarodowa Rada Port\u00f3w Lotniczych (&nbsp;ACI&nbsp;) przyzna\u0142a&nbsp;lotnisku&nbsp;El Hierro nagrod\u0119 jako \u201eNajlepsze lotnisko w Europie\u201d w kategorii&hellip;<\/div>                        <div class=\"cv-read-more\"><a href=https:\/\/nakanarach.pl\/index.php\/2023\/05\/05\/nagrodzone-lotnisko\/>Czytaj wi\u0119cej<i class=\"fas fa-arrow-right\"><\/i><\/a><\/div>                    <\/div><!-- .cv-post-right-wrap -->\r\n                <\/article>\r\n                        <article post-id=\"post-5571\" class=\"cv-post post-format--standard\" itemscope itemtype=\"http:\/\/schema.org\/articleBody\">\r\n                    <div class=\"cv-post-left-wrap\">\r\n                        <div class=\"cv-post-thumb\">\r\n                            <a href=\"https:\/\/nakanarach.pl\/index.php\/2023\/05\/04\/podroz-z-paszportem-czy-dowodem\/\"><img decoding=\"async\" src=\"https:\/\/nakanarach.pl\/wp-content\/plugins\/wp-blog-post-layouts\/includes\/assets\/images\/image.jpg\" alt=\"PODR\u00d3\u017b Z PASZPORTEM CZY DOWODEM?\"\/><\/a>\r\n                        <\/div>\r\n                    <\/div><!-- .cv-post-left-wrap -->\r\n                    <div class=\"cv-post-right-wrap\">\r\n                                                <h2 class=\"cv-post-title\">\r\n                            <a href=\"https:\/\/nakanarach.pl\/index.php\/2023\/05\/04\/podroz-z-paszportem-czy-dowodem\/\" target=\"_self\">\r\n                                PODR\u00d3\u017b Z PASZPORTEM CZY DOWODEM?                            <\/a>\r\n                        <\/h2>\r\n                        <div class=\"cv-post-meta cv-meta-icon-show\">\r\n                            <span class=\"cv-post-date cv-post-meta-item\" itemprop=\"datePublished\"><a href=\"https:\/\/nakanarach.pl\/index.php\/2023\/05\/04\/podroz-z-paszportem-czy-dowodem\/\">4 maja 2023<\/a><\/span>                        <\/div>\r\n                        <div class=\"cv-post-content\" itemprop=\"description\">Cho\u0107 oficjalnie w obr\u0119bie Unii Europejskiej mo\u017cemy podr\u00f3\u017cowa\u0107 tylko z dowodem osobistym, to jednak w&hellip;<\/div>                        <div class=\"cv-read-more\"><a href=https:\/\/nakanarach.pl\/index.php\/2023\/05\/04\/podroz-z-paszportem-czy-dowodem\/>Czytaj wi\u0119cej<i class=\"fas fa-arrow-right\"><\/i><\/a><\/div>                    <\/div><!-- .cv-post-right-wrap -->\r\n                <\/article>\r\n                        <article post-id=\"post-6312\" class=\"cv-post post-format--standard\" itemscope itemtype=\"http:\/\/schema.org\/articleBody\">\r\n                    <div class=\"cv-post-left-wrap\">\r\n                        <div class=\"cv-post-thumb\">\r\n                            <a href=\"https:\/\/nakanarach.pl\/index.php\/2023\/01\/04\/karaluchy-i-pajaki\/\"><img decoding=\"async\" src=\"https:\/\/nakanarach.pl\/wp-content\/uploads\/2023\/01\/Karaluchy-i-pajaki-scaled.jpg\" alt=\"KARALUCHY I PAJ\u0104KI\"\/><\/a>\r\n                        <\/div>\r\n                    <\/div><!-- .cv-post-left-wrap -->\r\n                    <div class=\"cv-post-right-wrap\">\r\n                                                <h2 class=\"cv-post-title\">\r\n                            <a href=\"https:\/\/nakanarach.pl\/index.php\/2023\/01\/04\/karaluchy-i-pajaki\/\" target=\"_self\">\r\n                                KARALUCHY I PAJ\u0104KI                            <\/a>\r\n                        <\/h2>\r\n                        <div class=\"cv-post-meta cv-meta-icon-show\">\r\n                            <span class=\"cv-post-date cv-post-meta-item\" itemprop=\"datePublished\"><a href=\"https:\/\/nakanarach.pl\/index.php\/2023\/01\/04\/karaluchy-i-pajaki\/\">4 stycznia 2023<\/a><\/span>                        <\/div>\r\n                        <div class=\"cv-post-content\" itemprop=\"description\">Karaluchy i prusaki na Wyspach Kanaryjskich mo\u017cna spotka\u0107 na ulicy, w sklepach, a nawet w&hellip;<\/div>                        <div class=\"cv-read-more\"><a href=https:\/\/nakanarach.pl\/index.php\/2023\/01\/04\/karaluchy-i-pajaki\/>Czytaj wi\u0119cej<i class=\"fas fa-arrow-right\"><\/i><\/a><\/div>                    <\/div><!-- .cv-post-right-wrap -->\r\n                <\/article>\r\n                        <article post-id=\"post-258\" class=\"cv-post post-format--standard\" itemscope itemtype=\"http:\/\/schema.org\/articleBody\">\r\n                    <div class=\"cv-post-left-wrap\">\r\n                        <div class=\"cv-post-thumb\">\r\n                            <a href=\"https:\/\/nakanarach.pl\/index.php\/2022\/11\/09\/niespotykana-plaga-komarow\/\"><img decoding=\"async\" src=\"https:\/\/nakanarach.pl\/wp-content\/uploads\/2021\/03\/Opryski-komary.jpg\" alt=\"PLAGA KOMAR\u00d3W\"\/><\/a>\r\n                        <\/div>\r\n                    <\/div><!-- .cv-post-left-wrap -->\r\n                    <div class=\"cv-post-right-wrap\">\r\n                                                <h2 class=\"cv-post-title\">\r\n                            <a href=\"https:\/\/nakanarach.pl\/index.php\/2022\/11\/09\/niespotykana-plaga-komarow\/\" target=\"_self\">\r\n                                PLAGA KOMAR\u00d3W                            <\/a>\r\n                        <\/h2>\r\n                        <div class=\"cv-post-meta cv-meta-icon-show\">\r\n                            <span class=\"cv-post-date cv-post-meta-item\" itemprop=\"datePublished\"><a href=\"https:\/\/nakanarach.pl\/index.php\/2022\/11\/09\/niespotykana-plaga-komarow\/\">9 listopada 2022<\/a><\/span>                        <\/div>\r\n                        <div class=\"cv-post-content\" itemprop=\"description\">Po ulewnych opadach deszczu jesieni\u0105 2022 r. ponownie pojawi\u0142a si\u0119 plaga komar\u00f3w na Wyspach Kanaryjskich.&hellip;<\/div>                        <div class=\"cv-read-more\"><a href=https:\/\/nakanarach.pl\/index.php\/2022\/11\/09\/niespotykana-plaga-komarow\/>Czytaj wi\u0119cej<i class=\"fas fa-arrow-right\"><\/i><\/a><\/div>                    <\/div><!-- .cv-post-right-wrap -->\r\n                <\/article>\r\n                        <article post-id=\"post-5834\" class=\"cv-post post-format--standard\" itemscope itemtype=\"http:\/\/schema.org\/articleBody\">\r\n                    <div class=\"cv-post-left-wrap\">\r\n                        <div class=\"cv-post-thumb\">\r\n                            <a href=\"https:\/\/nakanarach.pl\/index.php\/2022\/11\/02\/najwiekszy-na-swiecie-park-energii-odnawialnej\/\"><img decoding=\"async\" src=\"https:\/\/nakanarach.pl\/wp-content\/uploads\/2022\/11\/Fotowoltaika-GC.jpg\" alt=\"NAJWI\u0118KSZY NA \u015aWIECIE PARK ENERGII ODNAWIALNEJ\"\/><\/a>\r\n                        <\/div>\r\n                    <\/div><!-- .cv-post-left-wrap -->\r\n                    <div class=\"cv-post-right-wrap\">\r\n                                                <h2 class=\"cv-post-title\">\r\n                            <a href=\"https:\/\/nakanarach.pl\/index.php\/2022\/11\/02\/najwiekszy-na-swiecie-park-energii-odnawialnej\/\" target=\"_self\">\r\n                                NAJWI\u0118KSZY NA \u015aWIECIE PARK ENERGII ODNAWIALNEJ                            <\/a>\r\n                        <\/h2>\r\n                        <div class=\"cv-post-meta cv-meta-icon-show\">\r\n                            <span class=\"cv-post-date cv-post-meta-item\" itemprop=\"datePublished\"><a href=\"https:\/\/nakanarach.pl\/index.php\/2022\/11\/02\/najwiekszy-na-swiecie-park-energii-odnawialnej\/\">2 listopada 2022<\/a><\/span>                        <\/div>\r\n                        <div class=\"cv-post-content\" itemprop=\"description\">W 2022 roku na po\u0142udniu Gran Canarii powstaje najwi\u0119kszy na \u015bwiecie kompleks wytwarzania energii odnawialnej.\u00a0&hellip;<\/div>                        <div class=\"cv-read-more\"><a href=https:\/\/nakanarach.pl\/index.php\/2022\/11\/02\/najwiekszy-na-swiecie-park-energii-odnawialnej\/>Czytaj wi\u0119cej<i class=\"fas fa-arrow-right\"><\/i><\/a><\/div>                    <\/div><!-- .cv-post-right-wrap -->\r\n                <\/article>\r\n                        <article post-id=\"post-5855\" class=\"cv-post post-format--standard\" itemscope itemtype=\"http:\/\/schema.org\/articleBody\">\r\n                    <div class=\"cv-post-left-wrap\">\r\n                        <div class=\"cv-post-thumb\">\r\n                            <a href=\"https:\/\/nakanarach.pl\/index.php\/2022\/10\/31\/statek-zniknie\/\"><img decoding=\"async\" src=\"https:\/\/nakanarach.pl\/wp-content\/uploads\/2022\/10\/Statek-zniknie.jpg\" alt=\"STATEK ZNIKNIE\"\/><\/a>\r\n                        <\/div>\r\n                    <\/div><!-- .cv-post-left-wrap -->\r\n                    <div class=\"cv-post-right-wrap\">\r\n                                                <h2 class=\"cv-post-title\">\r\n                            <a href=\"https:\/\/nakanarach.pl\/index.php\/2022\/10\/31\/statek-zniknie\/\" target=\"_self\">\r\n                                STATEK ZNIKNIE                            <\/a>\r\n                        <\/h2>\r\n                        <div class=\"cv-post-meta cv-meta-icon-show\">\r\n                            <span class=\"cv-post-date cv-post-meta-item\" itemprop=\"datePublished\"><a href=\"https:\/\/nakanarach.pl\/index.php\/2022\/10\/31\/statek-zniknie\/\">31 pa\u017adziernika 2022<\/a><\/span>                        <\/div>\r\n                        <div class=\"cv-post-content\" itemprop=\"description\">Po ponad 40 latach znika jedna z atrakcji turystycznych stolicy kanaryjskiej wyspy Lanzarote. \u00a0 Statek&hellip;<\/div>                        <div class=\"cv-read-more\"><a href=https:\/\/nakanarach.pl\/index.php\/2022\/10\/31\/statek-zniknie\/>Czytaj wi\u0119cej<i class=\"fas fa-arrow-right\"><\/i><\/a><\/div>                    <\/div><!-- .cv-post-right-wrap -->\r\n                <\/article>\r\n                        <article post-id=\"post-5782\" class=\"cv-post post-format--standard\" itemscope itemtype=\"http:\/\/schema.org\/articleBody\">\r\n                    <div class=\"cv-post-left-wrap\">\r\n                        <div class=\"cv-post-thumb\">\r\n                            <a href=\"https:\/\/nakanarach.pl\/index.php\/2022\/10\/24\/swieto-turystyki-w-maspalomas\/\"><img decoding=\"async\" src=\"https:\/\/nakanarach.pl\/wp-content\/uploads\/2022\/10\/20221015_215406-scaled.jpg\" alt=\"\u015aWI\u0118TO TURYSTYKI W MASPALOMAS (VIDEO)\"\/><\/a>\r\n                        <\/div>\r\n                    <\/div><!-- .cv-post-left-wrap -->\r\n                    <div class=\"cv-post-right-wrap\">\r\n                                                <h2 class=\"cv-post-title\">\r\n                            <a href=\"https:\/\/nakanarach.pl\/index.php\/2022\/10\/24\/swieto-turystyki-w-maspalomas\/\" target=\"_self\">\r\n                                \u015aWI\u0118TO TURYSTYKI W MASPALOMAS (VIDEO)                            <\/a>\r\n                        <\/h2>\r\n                        <div class=\"cv-post-meta cv-meta-icon-show\">\r\n                            <span class=\"cv-post-date cv-post-meta-item\" itemprop=\"datePublished\"><a href=\"https:\/\/nakanarach.pl\/index.php\/2022\/10\/24\/swieto-turystyki-w-maspalomas\/\">24 pa\u017adziernika 2022<\/a><\/span>                        <\/div>\r\n                        <div class=\"cv-post-content\" itemprop=\"description\">Spektakularny pokaz dron\u00f3w tworz\u0105cych ruchome obrazy i napisy zako\u0144czy\u0142 trwaj\u0105ce w pa\u017adzierniku 2022 roku na&hellip;<\/div>                        <div class=\"cv-read-more\"><a href=https:\/\/nakanarach.pl\/index.php\/2022\/10\/24\/swieto-turystyki-w-maspalomas\/>Czytaj wi\u0119cej<i class=\"fas fa-arrow-right\"><\/i><\/a><\/div>                    <\/div><!-- .cv-post-right-wrap -->\r\n                <\/article>\r\n                        <article post-id=\"post-5754\" class=\"cv-post post-format--standard\" itemscope itemtype=\"http:\/\/schema.org\/articleBody\">\r\n                    <div class=\"cv-post-left-wrap\">\r\n                        <div class=\"cv-post-thumb\">\r\n                            <a href=\"https:\/\/nakanarach.pl\/index.php\/2022\/10\/10\/przyplywy-i-odplywy-w-oceanie\/\"><img decoding=\"async\" src=\"https:\/\/nakanarach.pl\/wp-content\/uploads\/2022\/10\/Przyplyw-Maspalomas-scaled.jpg\" alt=\"PRZYP\u0141YWY I ODP\u0141YWY W OCEANIE\"\/><\/a>\r\n                        <\/div>\r\n                    <\/div><!-- .cv-post-left-wrap -->\r\n                    <div class=\"cv-post-right-wrap\">\r\n                                                <h2 class=\"cv-post-title\">\r\n                            <a href=\"https:\/\/nakanarach.pl\/index.php\/2022\/10\/10\/przyplywy-i-odplywy-w-oceanie\/\" target=\"_self\">\r\n                                PRZYP\u0141YWY I ODP\u0141YWY W OCEANIE                            <\/a>\r\n                        <\/h2>\r\n                        <div class=\"cv-post-meta cv-meta-icon-show\">\r\n                            <span class=\"cv-post-date cv-post-meta-item\" itemprop=\"datePublished\"><a href=\"https:\/\/nakanarach.pl\/index.php\/2022\/10\/10\/przyplywy-i-odplywy-w-oceanie\/\">10 pa\u017adziernika 2022<\/a><\/span>                        <\/div>\r\n                        <div class=\"cv-post-content\" itemprop=\"description\">Jesieni\u0105 nasilaj\u0105 si\u0119 przyp\u0142ywy na Oceanie Atlantyckim w pobli\u017cu Wysp Kanaryjskich. W pa\u017adzierniku 2022 roku&hellip;<\/div>                        <div class=\"cv-read-more\"><a href=https:\/\/nakanarach.pl\/index.php\/2022\/10\/10\/przyplywy-i-odplywy-w-oceanie\/>Czytaj wi\u0119cej<i class=\"fas fa-arrow-right\"><\/i><\/a><\/div>                    <\/div><!-- .cv-post-right-wrap -->\r\n                <\/article>\r\n                        <article post-id=\"post-5497\" class=\"cv-post post-format--standard\" itemscope itemtype=\"http:\/\/schema.org\/articleBody\">\r\n                    <div class=\"cv-post-left-wrap\">\r\n                        <div class=\"cv-post-thumb\">\r\n                            <a href=\"https:\/\/nakanarach.pl\/index.php\/2022\/09\/28\/superbohater-oczyszcza-plaze\/\"><img decoding=\"async\" src=\"https:\/\/nakanarach.pl\/wp-content\/uploads\/2022\/08\/Kapitan-od-smieci2.jpg\" alt=\"SUPERBOHATER OCZYSZCZA PLA\u017bE\"\/><\/a>\r\n                        <\/div>\r\n                    <\/div><!-- .cv-post-left-wrap -->\r\n                    <div class=\"cv-post-right-wrap\">\r\n                                                <h2 class=\"cv-post-title\">\r\n                            <a href=\"https:\/\/nakanarach.pl\/index.php\/2022\/09\/28\/superbohater-oczyszcza-plaze\/\" target=\"_self\">\r\n                                SUPERBOHATER OCZYSZCZA PLA\u017bE                            <\/a>\r\n                        <\/h2>\r\n                        <div class=\"cv-post-meta cv-meta-icon-show\">\r\n                            <span class=\"cv-post-date cv-post-meta-item\" itemprop=\"datePublished\"><a href=\"https:\/\/nakanarach.pl\/index.php\/2022\/09\/28\/superbohater-oczyszcza-plaze\/\">28 wrze\u015bnia 2022<\/a><\/span>                        <\/div>\r\n                        <div class=\"cv-post-content\" itemprop=\"description\">Niemal na ka\u017cdej pla\u017cy wyrzucane s\u0105 \u015bmieci i niedopa\u0142ki papieros\u00f3w. Pojawi\u0142 si\u0119 jednak cz\u0142owiek, kt\u00f3ry&hellip;<\/div>                        <div class=\"cv-read-more\"><a href=https:\/\/nakanarach.pl\/index.php\/2022\/09\/28\/superbohater-oczyszcza-plaze\/>Czytaj wi\u0119cej<i class=\"fas fa-arrow-right\"><\/i><\/a><\/div>                    <\/div><!-- .cv-post-right-wrap -->\r\n                <\/article>\r\n                        <article post-id=\"post-5530\" class=\"cv-post post-format--standard\" itemscope itemtype=\"http:\/\/schema.org\/articleBody\">\r\n                    <div class=\"cv-post-left-wrap\">\r\n                        <div class=\"cv-post-thumb\">\r\n                            <a href=\"https:\/\/nakanarach.pl\/index.php\/2022\/08\/30\/miesny-jez-powstal-na-gran-canarii\/\"><img decoding=\"async\" src=\"https:\/\/nakanarach.pl\/wp-content\/uploads\/2022\/08\/Miesny-jez-scaled.jpg\" alt=\"MI\u0118SNY JE\u017b POWSTA\u0141 NA GRAN CANARII\"\/><\/a>\r\n                        <\/div>\r\n                    <\/div><!-- .cv-post-left-wrap -->\r\n                    <div class=\"cv-post-right-wrap\">\r\n                                                <h2 class=\"cv-post-title\">\r\n                            <a href=\"https:\/\/nakanarach.pl\/index.php\/2022\/08\/30\/miesny-jez-powstal-na-gran-canarii\/\" target=\"_self\">\r\n                                MI\u0118SNY JE\u017b POWSTA\u0141 NA GRAN CANARII                            <\/a>\r\n                        <\/h2>\r\n                        <div class=\"cv-post-meta cv-meta-icon-show\">\r\n                            <span class=\"cv-post-date cv-post-meta-item\" itemprop=\"datePublished\"><a href=\"https:\/\/nakanarach.pl\/index.php\/2022\/08\/30\/miesny-jez-powstal-na-gran-canarii\/\">30 sierpnia 2022<\/a><\/span>                        <\/div>\r\n                        <div class=\"cv-post-content\" itemprop=\"description\">Popularna potrawa \u201eMi\u0119sny je\u017c\u201d sta\u0142a si\u0119 hitem internetu. Po raz pierwszy zosta\u0142a podana na Gran&hellip;<\/div>                        <div class=\"cv-read-more\"><a href=https:\/\/nakanarach.pl\/index.php\/2022\/08\/30\/miesny-jez-powstal-na-gran-canarii\/>Czytaj wi\u0119cej<i class=\"fas fa-arrow-right\"><\/i><\/a><\/div>                    <\/div><!-- .cv-post-right-wrap -->\r\n                <\/article>\r\n                        <article post-id=\"post-4921\" class=\"cv-post post-format--standard\" itemscope itemtype=\"http:\/\/schema.org\/articleBody\">\r\n                    <div class=\"cv-post-left-wrap\">\r\n                        <div class=\"cv-post-thumb\">\r\n                            <a href=\"https:\/\/nakanarach.pl\/index.php\/2022\/05\/20\/plaze-bez-niebieskich-flag\/\"><img decoding=\"async\" src=\"https:\/\/nakanarach.pl\/wp-content\/uploads\/2022\/05\/Najlepsze-plaze-Flaga-scaled.jpg\" alt=\"MNIEJ NIEBIESKICH FLAG NA PLA\u017bACH\"\/><\/a>\r\n                        <\/div>\r\n                    <\/div><!-- .cv-post-left-wrap -->\r\n                    <div class=\"cv-post-right-wrap\">\r\n                                                <h2 class=\"cv-post-title\">\r\n                            <a href=\"https:\/\/nakanarach.pl\/index.php\/2022\/05\/20\/plaze-bez-niebieskich-flag\/\" target=\"_self\">\r\n                                MNIEJ NIEBIESKICH FLAG NA PLA\u017bACH                            <\/a>\r\n                        <\/h2>\r\n                        <div class=\"cv-post-meta cv-meta-icon-show\">\r\n                            <span class=\"cv-post-date cv-post-meta-item\" itemprop=\"datePublished\"><a href=\"https:\/\/nakanarach.pl\/index.php\/2022\/05\/20\/plaze-bez-niebieskich-flag\/\">20 maja 2022<\/a><\/span>                        <\/div>\r\n                        <div class=\"cv-post-content\" itemprop=\"description\">Presti\u017cowe wyr\u00f3\u017cnienie tzw. Niebiesk\u0105 flag\u0105 straci\u0142y niekt\u00f3re pla\u017ce na po\u0142udniu Gran Canarii. Obecnie za najlepsze&hellip;<\/div>                        <div class=\"cv-read-more\"><a href=https:\/\/nakanarach.pl\/index.php\/2022\/05\/20\/plaze-bez-niebieskich-flag\/>Czytaj wi\u0119cej<i class=\"fas fa-arrow-right\"><\/i><\/a><\/div>                    <\/div><!-- .cv-post-right-wrap -->\r\n                <\/article>\r\n                        <article post-id=\"post-4741\" class=\"cv-post post-format--standard\" itemscope itemtype=\"http:\/\/schema.org\/articleBody\">\r\n                    <div class=\"cv-post-left-wrap\">\r\n                        <div class=\"cv-post-thumb\">\r\n                            <a href=\"https:\/\/nakanarach.pl\/index.php\/2022\/04\/14\/tlumy-turystow-i-brak-aut-na-wynajem\/\"><img decoding=\"async\" src=\"https:\/\/nakanarach.pl\/wp-content\/uploads\/2022\/04\/Plaza-Maspalomas-2022-Tlum-scaled.jpg\" alt=\"T\u0141UMY TURYST\u00d3W I BRAK AUT NA WYNAJEM\"\/><\/a>\r\n                        <\/div>\r\n                    <\/div><!-- .cv-post-left-wrap -->\r\n                    <div class=\"cv-post-right-wrap\">\r\n                                                <h2 class=\"cv-post-title\">\r\n                            <a href=\"https:\/\/nakanarach.pl\/index.php\/2022\/04\/14\/tlumy-turystow-i-brak-aut-na-wynajem\/\" target=\"_self\">\r\n                                T\u0141UMY TURYST\u00d3W I BRAK AUT NA WYNAJEM                            <\/a>\r\n                        <\/h2>\r\n                        <div class=\"cv-post-meta cv-meta-icon-show\">\r\n                            <span class=\"cv-post-date cv-post-meta-item\" itemprop=\"datePublished\"><a href=\"https:\/\/nakanarach.pl\/index.php\/2022\/04\/14\/tlumy-turystow-i-brak-aut-na-wynajem\/\">14 kwietnia 2022<\/a><\/span>                        <\/div>\r\n                        <div class=\"cv-post-content\" itemprop=\"description\">Turystyczny boom podczas Wielkanocy na najwi\u0119kszych wyspach archipelagu. Po dw\u00f3ch latach ogranicze\u0144 i pandemii na&hellip;<\/div>                        <div class=\"cv-read-more\"><a href=https:\/\/nakanarach.pl\/index.php\/2022\/04\/14\/tlumy-turystow-i-brak-aut-na-wynajem\/>Czytaj wi\u0119cej<i class=\"fas fa-arrow-right\"><\/i><\/a><\/div>                    <\/div><!-- .cv-post-right-wrap -->\r\n                <\/article>\r\n                        <article post-id=\"post-4705\" class=\"cv-post post-format--standard\" itemscope itemtype=\"http:\/\/schema.org\/articleBody\">\r\n                    <div class=\"cv-post-left-wrap\">\r\n                        <div class=\"cv-post-thumb\">\r\n                            <a href=\"https:\/\/nakanarach.pl\/index.php\/2022\/04\/14\/ulatwienia-na-plazach\/\"><img decoding=\"async\" src=\"https:\/\/nakanarach.pl\/wp-content\/uploads\/2022\/04\/Plaza-Baldachim-maspalomas.com_.jpg\" alt=\"U\u0141ATWIENIA NA PLA\u017bACH\"\/><\/a>\r\n                        <\/div>\r\n                    <\/div><!-- .cv-post-left-wrap -->\r\n                    <div class=\"cv-post-right-wrap\">\r\n                                                <h2 class=\"cv-post-title\">\r\n                            <a href=\"https:\/\/nakanarach.pl\/index.php\/2022\/04\/14\/ulatwienia-na-plazach\/\" target=\"_self\">\r\n                                U\u0141ATWIENIA NA PLA\u017bACH                            <\/a>\r\n                        <\/h2>\r\n                        <div class=\"cv-post-meta cv-meta-icon-show\">\r\n                            <span class=\"cv-post-date cv-post-meta-item\" itemprop=\"datePublished\"><a href=\"https:\/\/nakanarach.pl\/index.php\/2022\/04\/14\/ulatwienia-na-plazach\/\">14 kwietnia 2022<\/a><\/span>                        <\/div>\r\n                        <div class=\"cv-post-content\" itemprop=\"description\">U\u0142atwienia dla turyst\u00f3w, senior\u00f3w i os\u00f3b niepe\u0142nosprawnych wprowadzi\u0142a Rada Miejska San Bartolom\u00e9 de Tirajana, za&hellip;<\/div>                        <div class=\"cv-read-more\"><a href=https:\/\/nakanarach.pl\/index.php\/2022\/04\/14\/ulatwienia-na-plazach\/>Czytaj wi\u0119cej<i class=\"fas fa-arrow-right\"><\/i><\/a><\/div>                    <\/div><!-- .cv-post-right-wrap -->\r\n                <\/article>\r\n                        <article post-id=\"post-4524\" class=\"cv-post post-format--standard\" itemscope itemtype=\"http:\/\/schema.org\/articleBody\">\r\n                    <div class=\"cv-post-left-wrap\">\r\n                        <div class=\"cv-post-thumb\">\r\n                            <a href=\"https:\/\/nakanarach.pl\/index.php\/2022\/04\/13\/zakaz-palenia-i-skakania-do-oceanu\/\"><img decoding=\"async\" src=\"https:\/\/nakanarach.pl\/wp-content\/uploads\/2021\/07\/Tauro-Plaza-Fot.-mogan.es_.jpeg\" alt=\"ZAKAZ PALENIA I SKAKANIA DO OCEANU\"\/><\/a>\r\n                        <\/div>\r\n                    <\/div><!-- .cv-post-left-wrap -->\r\n                    <div class=\"cv-post-right-wrap\">\r\n                                                <h2 class=\"cv-post-title\">\r\n                            <a href=\"https:\/\/nakanarach.pl\/index.php\/2022\/04\/13\/zakaz-palenia-i-skakania-do-oceanu\/\" target=\"_self\">\r\n                                ZAKAZ PALENIA I SKAKANIA DO OCEANU                            <\/a>\r\n                        <\/h2>\r\n                        <div class=\"cv-post-meta cv-meta-icon-show\">\r\n                            <span class=\"cv-post-date cv-post-meta-item\" itemprop=\"datePublished\"><a href=\"https:\/\/nakanarach.pl\/index.php\/2022\/04\/13\/zakaz-palenia-i-skakania-do-oceanu\/\">13 kwietnia 2022<\/a><\/span>                        <\/div>\r\n                        <div class=\"cv-post-content\" itemprop=\"description\">Rada\u00a0Miejska Ag\u00fcimes\u00a0na Gran Canarii zakazuje palenia i skakania do wody na pla\u017cach gminy\u00a0i czyni to&hellip;<\/div>                        <div class=\"cv-read-more\"><a href=https:\/\/nakanarach.pl\/index.php\/2022\/04\/13\/zakaz-palenia-i-skakania-do-oceanu\/>Czytaj wi\u0119cej<i class=\"fas fa-arrow-right\"><\/i><\/a><\/div>                    <\/div><!-- .cv-post-right-wrap -->\r\n                <\/article>\r\n                        <article post-id=\"post-4050\" class=\"cv-post post-format--standard\" itemscope itemtype=\"http:\/\/schema.org\/articleBody\">\r\n                    <div class=\"cv-post-left-wrap\">\r\n                        <div class=\"cv-post-thumb\">\r\n                            <a href=\"https:\/\/nakanarach.pl\/index.php\/2022\/03\/02\/najlepsi-w-hiszpanii-fryzjer-i-nauczycielka-z-gran-canarii\/\"><img decoding=\"async\" src=\"https:\/\/nakanarach.pl\/wp-content\/uploads\/2022\/03\/Najlepsi-w-Hiszpanii.jpg\" alt=\"NAJLEPSI W HISZPANII: FRYZJER I NAUCZYCIELKA Z GRAN CANARII\"\/><\/a>\r\n                        <\/div>\r\n                    <\/div><!-- .cv-post-left-wrap -->\r\n                    <div class=\"cv-post-right-wrap\">\r\n                                                <h2 class=\"cv-post-title\">\r\n                            <a href=\"https:\/\/nakanarach.pl\/index.php\/2022\/03\/02\/najlepsi-w-hiszpanii-fryzjer-i-nauczycielka-z-gran-canarii\/\" target=\"_self\">\r\n                                NAJLEPSI W HISZPANII: FRYZJER I NAUCZYCIELKA Z GRAN CANARII                            <\/a>\r\n                        <\/h2>\r\n                        <div class=\"cv-post-meta cv-meta-icon-show\">\r\n                            <span class=\"cv-post-date cv-post-meta-item\" itemprop=\"datePublished\"><a href=\"https:\/\/nakanarach.pl\/index.php\/2022\/03\/02\/najlepsi-w-hiszpanii-fryzjer-i-nauczycielka-z-gran-canarii\/\">2 marca 2022<\/a><\/span>                        <\/div>\r\n                        <div class=\"cv-post-content\" itemprop=\"description\">Gran Canaria mo\u017ce si\u0119 poszczyci\u0107, \u017ce na ich wyspie mieszkaj\u0105 najlepsi w Hiszpanii: fryzjer i&hellip;<\/div>                        <div class=\"cv-read-more\"><a href=https:\/\/nakanarach.pl\/index.php\/2022\/03\/02\/najlepsi-w-hiszpanii-fryzjer-i-nauczycielka-z-gran-canarii\/>Czytaj wi\u0119cej<i class=\"fas fa-arrow-right\"><\/i><\/a><\/div>                    <\/div><!-- .cv-post-right-wrap -->\r\n                <\/article>\r\n                        <article post-id=\"post-1410\" class=\"cv-post post-format--standard\" itemscope itemtype=\"http:\/\/schema.org\/articleBody\">\r\n                    <div class=\"cv-post-left-wrap\">\r\n                        <div class=\"cv-post-thumb\">\r\n                            <a href=\"https:\/\/nakanarach.pl\/index.php\/2022\/03\/02\/jezyk-gwizdow-z-la-gomery\/\"><img decoding=\"async\" src=\"https:\/\/nakanarach.pl\/wp-content\/uploads\/2021\/06\/Gwizdy-El-Gomera.png\" alt=\"J\u0118ZYK GWIZD\u00d3W Z LA GOMERY\"\/><\/a>\r\n                        <\/div>\r\n                    <\/div><!-- .cv-post-left-wrap -->\r\n                    <div class=\"cv-post-right-wrap\">\r\n                                                <h2 class=\"cv-post-title\">\r\n                            <a href=\"https:\/\/nakanarach.pl\/index.php\/2022\/03\/02\/jezyk-gwizdow-z-la-gomery\/\" target=\"_self\">\r\n                                J\u0118ZYK GWIZD\u00d3W Z LA GOMERY                            <\/a>\r\n                        <\/h2>\r\n                        <div class=\"cv-post-meta cv-meta-icon-show\">\r\n                            <span class=\"cv-post-date cv-post-meta-item\" itemprop=\"datePublished\"><a href=\"https:\/\/nakanarach.pl\/index.php\/2022\/03\/02\/jezyk-gwizdow-z-la-gomery\/\">2 marca 2022<\/a><\/span>                        <\/div>\r\n                        <div class=\"cv-post-content\" itemprop=\"description\">Czy mo\u017cna porozumiewa\u0107 si\u0119 przy pomocy gwizdania? Okazuje si\u0119, \u017ce tak. El silbo gomero to&hellip;<\/div>                        <div class=\"cv-read-more\"><a href=https:\/\/nakanarach.pl\/index.php\/2022\/03\/02\/jezyk-gwizdow-z-la-gomery\/>Czytaj wi\u0119cej<i class=\"fas fa-arrow-right\"><\/i><\/a><\/div>                    <\/div><!-- .cv-post-right-wrap -->\r\n                <\/article>\r\n                        <article post-id=\"post-3440\" class=\"cv-post post-format--standard\" itemscope itemtype=\"http:\/\/schema.org\/articleBody\">\r\n                    <div class=\"cv-post-left-wrap\">\r\n                        <div class=\"cv-post-thumb\">\r\n                            <a href=\"https:\/\/nakanarach.pl\/index.php\/2021\/12\/11\/zobacz-komete-leonarda-na-gran-canarii\/\"><img decoding=\"async\" src=\"https:\/\/nakanarach.pl\/wp-content\/uploads\/2021\/12\/Gwiazdy-Kometa-Leonarda.jpg\" alt=\"ZOBACZ KOMET\u0118 LEONARDA NA GRAN CANARII\"\/><\/a>\r\n                        <\/div>\r\n                    <\/div><!-- .cv-post-left-wrap -->\r\n                    <div class=\"cv-post-right-wrap\">\r\n                                                <h2 class=\"cv-post-title\">\r\n                            <a href=\"https:\/\/nakanarach.pl\/index.php\/2021\/12\/11\/zobacz-komete-leonarda-na-gran-canarii\/\" target=\"_self\">\r\n                                ZOBACZ KOMET\u0118 LEONARDA NA GRAN CANARII                            <\/a>\r\n                        <\/h2>\r\n                        <div class=\"cv-post-meta cv-meta-icon-show\">\r\n                            <span class=\"cv-post-date cv-post-meta-item\" itemprop=\"datePublished\"><a href=\"https:\/\/nakanarach.pl\/index.php\/2021\/12\/11\/zobacz-komete-leonarda-na-gran-canarii\/\">11 grudnia 2021<\/a><\/span>                        <\/div>\r\n                        <div class=\"cv-post-content\" itemprop=\"description\">Komet\u0119 Leonarda mo\u017cna zobaczy\u0107 z Gran Canarii, najbli\u017cej Ziemi b\u0119dzie 12 grudnia 2021 roku.&nbsp; &#8211;&hellip;<\/div>                        <div class=\"cv-read-more\"><a href=https:\/\/nakanarach.pl\/index.php\/2021\/12\/11\/zobacz-komete-leonarda-na-gran-canarii\/>Czytaj wi\u0119cej<i class=\"fas fa-arrow-right\"><\/i><\/a><\/div>                    <\/div><!-- .cv-post-right-wrap -->\r\n                <\/article>\r\n                        <article post-id=\"post-3250\" class=\"cv-post post-format--standard\" itemscope itemtype=\"http:\/\/schema.org\/articleBody\">\r\n                    <div class=\"cv-post-left-wrap\">\r\n                        <div class=\"cv-post-thumb\">\r\n                            <a href=\"https:\/\/nakanarach.pl\/index.php\/2021\/11\/14\/wulkan-wyrzucil-kamienie-szlachetne-i-stworzyl-nowe-plaze\/\"><img decoding=\"async\" src=\"https:\/\/nakanarach.pl\/wp-content\/uploads\/2021\/11\/Lawa-Kamienie-Szlachetne-Twitter-Involcan.jpg\" alt=\"WULKAN WYRZUCI\u0141 KAMIENIE SZLACHETNE I STWORZY\u0141 NOWE PLA\u017bE\"\/><\/a>\r\n                        <\/div>\r\n                    <\/div><!-- .cv-post-left-wrap -->\r\n                    <div class=\"cv-post-right-wrap\">\r\n                                                <h2 class=\"cv-post-title\">\r\n                            <a href=\"https:\/\/nakanarach.pl\/index.php\/2021\/11\/14\/wulkan-wyrzucil-kamienie-szlachetne-i-stworzyl-nowe-plaze\/\" target=\"_self\">\r\n                                WULKAN WYRZUCI\u0141 KAMIENIE SZLACHETNE I STWORZY\u0141 NOWE PLA\u017bE                            <\/a>\r\n                        <\/h2>\r\n                        <div class=\"cv-post-meta cv-meta-icon-show\">\r\n                            <span class=\"cv-post-date cv-post-meta-item\" itemprop=\"datePublished\"><a href=\"https:\/\/nakanarach.pl\/index.php\/2021\/11\/14\/wulkan-wyrzucil-kamienie-szlachetne-i-stworzyl-nowe-plaze\/\">14 listopada 2021<\/a><\/span>                        <\/div>\r\n                        <div class=\"cv-post-content\" itemprop=\"description\">Po ponad 50 dniach lawa wci\u0105\u017c wyp\u0142ywa z wulkanu Cumbre Vieja na kanaryjskiej La Palmie&hellip;<\/div>                        <div class=\"cv-read-more\"><a href=https:\/\/nakanarach.pl\/index.php\/2021\/11\/14\/wulkan-wyrzucil-kamienie-szlachetne-i-stworzyl-nowe-plaze\/>Czytaj wi\u0119cej<i class=\"fas fa-arrow-right\"><\/i><\/a><\/div>                    <\/div><!-- .cv-post-right-wrap -->\r\n                <\/article>\r\n                        <article post-id=\"post-2619\" class=\"cv-post post-format--standard\" itemscope itemtype=\"http:\/\/schema.org\/articleBody\">\r\n                    <div class=\"cv-post-left-wrap\">\r\n                        <div class=\"cv-post-thumb\">\r\n                            <a href=\"https:\/\/nakanarach.pl\/index.php\/2021\/09\/05\/ziemiak-gigant-z-gran-canarii\/\"><img decoding=\"async\" src=\"https:\/\/nakanarach.pl\/wp-content\/uploads\/2021\/09\/Ziemniaki-Gran-Canaria.jpg\" alt=\"ZIEMNIAK-GIGANT Z GRAN CANARII\"\/><\/a>\r\n                        <\/div>\r\n                    <\/div><!-- .cv-post-left-wrap -->\r\n                    <div class=\"cv-post-right-wrap\">\r\n                                                <h2 class=\"cv-post-title\">\r\n                            <a href=\"https:\/\/nakanarach.pl\/index.php\/2021\/09\/05\/ziemiak-gigant-z-gran-canarii\/\" target=\"_self\">\r\n                                ZIEMNIAK-GIGANT Z GRAN CANARII                            <\/a>\r\n                        <\/h2>\r\n                        <div class=\"cv-post-meta cv-meta-icon-show\">\r\n                            <span class=\"cv-post-date cv-post-meta-item\" itemprop=\"datePublished\"><a href=\"https:\/\/nakanarach.pl\/index.php\/2021\/09\/05\/ziemiak-gigant-z-gran-canarii\/\">5 wrze\u015bnia 2021<\/a><\/span>                        <\/div>\r\n                        <div class=\"cv-post-content\" itemprop=\"description\">Najwi\u0119kszy ziemniak&nbsp;w&nbsp;Polsce&nbsp;wa\u017cy\u0142 1700 g. By\u0142a to bulwa odmiany bellarosa, przeznaczona na frytki i wykopano go&hellip;<\/div>                        <div class=\"cv-read-more\"><a href=https:\/\/nakanarach.pl\/index.php\/2021\/09\/05\/ziemiak-gigant-z-gran-canarii\/>Czytaj wi\u0119cej<i class=\"fas fa-arrow-right\"><\/i><\/a><\/div>                    <\/div><!-- .cv-post-right-wrap -->\r\n                <\/article>\r\n                        <article post-id=\"post-1865\" class=\"cv-post post-format--standard\" itemscope itemtype=\"http:\/\/schema.org\/articleBody\">\r\n                    <div class=\"cv-post-left-wrap\">\r\n                        <div class=\"cv-post-thumb\">\r\n                            <a href=\"https:\/\/nakanarach.pl\/index.php\/2021\/06\/21\/nowa-sciezka-rowerowa-na-fuerteventurze\/\"><img decoding=\"async\" src=\"https:\/\/nakanarach.pl\/wp-content\/plugins\/wp-blog-post-layouts\/includes\/assets\/images\/image.jpg\" alt=\"NOWA \u015aCIE\u017bKA ROWEROWA NA FUERTEVENTURZE\"\/><\/a>\r\n                        <\/div>\r\n                    <\/div><!-- .cv-post-left-wrap -->\r\n                    <div class=\"cv-post-right-wrap\">\r\n                                                <h2 class=\"cv-post-title\">\r\n                            <a href=\"https:\/\/nakanarach.pl\/index.php\/2021\/06\/21\/nowa-sciezka-rowerowa-na-fuerteventurze\/\" target=\"_self\">\r\n                                NOWA \u015aCIE\u017bKA ROWEROWA NA FUERTEVENTURZE                            <\/a>\r\n                        <\/h2>\r\n                        <div class=\"cv-post-meta cv-meta-icon-show\">\r\n                            <span class=\"cv-post-date cv-post-meta-item\" itemprop=\"datePublished\"><a href=\"https:\/\/nakanarach.pl\/index.php\/2021\/06\/21\/nowa-sciezka-rowerowa-na-fuerteventurze\/\">21 czerwca 2021<\/a><\/span>                        <\/div>\r\n                        <div class=\"cv-post-content\" itemprop=\"description\">Nowa 6-kilometrowa \u015bcie\u017cka rowerowa powsta\u0142a na Fuerteventurze mi\u0119dzy miejscowo\u015bciami turystycznymi El Salmo i Costa Calma.&hellip;<\/div>                        <div class=\"cv-read-more\"><a href=https:\/\/nakanarach.pl\/index.php\/2021\/06\/21\/nowa-sciezka-rowerowa-na-fuerteventurze\/>Czytaj wi\u0119cej<i class=\"fas fa-arrow-right\"><\/i><\/a><\/div>                    <\/div><!-- .cv-post-right-wrap -->\r\n                <\/article>\r\n                        <article post-id=\"post-1699\" class=\"cv-post post-format--standard\" itemscope itemtype=\"http:\/\/schema.org\/articleBody\">\r\n                    <div class=\"cv-post-left-wrap\">\r\n                        <div class=\"cv-post-thumb\">\r\n                            <a href=\"https:\/\/nakanarach.pl\/index.php\/2021\/06\/06\/maspalomas-z-najlepsza-plaza-swiata\/\"><img decoding=\"async\" src=\"https:\/\/nakanarach.pl\/wp-content\/uploads\/2021\/06\/20210509_132703-scaled.jpg\" alt=\"MASPALOMAS NAJLEPSZ\u0104 PLA\u017b\u0104 \u015aWIATA?\"\/><\/a>\r\n                        <\/div>\r\n                    <\/div><!-- .cv-post-left-wrap -->\r\n                    <div class=\"cv-post-right-wrap\">\r\n                                                <h2 class=\"cv-post-title\">\r\n                            <a href=\"https:\/\/nakanarach.pl\/index.php\/2021\/06\/06\/maspalomas-z-najlepsza-plaza-swiata\/\" target=\"_self\">\r\n                                MASPALOMAS NAJLEPSZ\u0104 PLA\u017b\u0104 \u015aWIATA?                            <\/a>\r\n                        <\/h2>\r\n                        <div class=\"cv-post-meta cv-meta-icon-show\">\r\n                            <span class=\"cv-post-date cv-post-meta-item\" itemprop=\"datePublished\"><a href=\"https:\/\/nakanarach.pl\/index.php\/2021\/06\/06\/maspalomas-z-najlepsza-plaza-swiata\/\">6 czerwca 2021<\/a><\/span>                        <\/div>\r\n                        <div class=\"cv-post-content\" itemprop=\"description\">Pla\u017ca w Faro de Maspalomas (Gran Canaria) jako jedyna w Hiszpanii walczy o tytu\u0142 najlepszej&hellip;<\/div>                        <div class=\"cv-read-more\"><a href=https:\/\/nakanarach.pl\/index.php\/2021\/06\/06\/maspalomas-z-najlepsza-plaza-swiata\/>Czytaj wi\u0119cej<i class=\"fas fa-arrow-right\"><\/i><\/a><\/div>                    <\/div><!-- .cv-post-right-wrap -->\r\n                <\/article>\r\n                        <article post-id=\"post-1646\" class=\"cv-post post-format--standard\" itemscope itemtype=\"http:\/\/schema.org\/articleBody\">\r\n                    <div class=\"cv-post-left-wrap\">\r\n                        <div class=\"cv-post-thumb\">\r\n                            <a href=\"https:\/\/nakanarach.pl\/index.php\/2021\/06\/01\/kolejki-za-nietypowymi-waflami\/\"><img decoding=\"async\" src=\"https:\/\/nakanarach.pl\/wp-content\/uploads\/2021\/06\/Gofry-La-Polleria.jpg\" alt=\"KOLEJKI ZA NIETYPOWYMI WAFLAMI\"\/><\/a>\r\n                        <\/div>\r\n                    <\/div><!-- .cv-post-left-wrap -->\r\n                    <div class=\"cv-post-right-wrap\">\r\n                                                <h2 class=\"cv-post-title\">\r\n                            <a href=\"https:\/\/nakanarach.pl\/index.php\/2021\/06\/01\/kolejki-za-nietypowymi-waflami\/\" target=\"_self\">\r\n                                KOLEJKI ZA NIETYPOWYMI WAFLAMI                            <\/a>\r\n                        <\/h2>\r\n                        <div class=\"cv-post-meta cv-meta-icon-show\">\r\n                            <span class=\"cv-post-date cv-post-meta-item\" itemprop=\"datePublished\"><a href=\"https:\/\/nakanarach.pl\/index.php\/2021\/06\/01\/kolejki-za-nietypowymi-waflami\/\">1 czerwca 2021<\/a><\/span>                        <\/div>\r\n                        <div class=\"cv-post-content\" itemprop=\"description\">Olbrzymi\u0105 furor\u0119 na Wyspach Kanaryjskich robi\u0105 lokale jednej z sieci gastronomicznych. A to za spraw\u0105&hellip;<\/div>                        <div class=\"cv-read-more\"><a href=https:\/\/nakanarach.pl\/index.php\/2021\/06\/01\/kolejki-za-nietypowymi-waflami\/>Czytaj wi\u0119cej<i class=\"fas fa-arrow-right\"><\/i><\/a><\/div>                    <\/div><!-- .cv-post-right-wrap -->\r\n                <\/article>\r\n                        <article post-id=\"post-1523\" class=\"cv-post post-format--standard\" itemscope itemtype=\"http:\/\/schema.org\/articleBody\">\r\n                    <div class=\"cv-post-left-wrap\">\r\n                        <div class=\"cv-post-thumb\">\r\n                            <a href=\"https:\/\/nakanarach.pl\/index.php\/2021\/05\/26\/jak-poprawnie-stosowac-krem-do-opalania\/\"><img decoding=\"async\" src=\"https:\/\/nakanarach.pl\/wp-content\/uploads\/2021\/05\/Krem.jpg\" alt=\"JAK POPRAWNIE STOSOWA\u0106 KREM DO OPALANIA?\"\/><\/a>\r\n                        <\/div>\r\n                    <\/div><!-- .cv-post-left-wrap -->\r\n                    <div class=\"cv-post-right-wrap\">\r\n                                                <h2 class=\"cv-post-title\">\r\n                            <a href=\"https:\/\/nakanarach.pl\/index.php\/2021\/05\/26\/jak-poprawnie-stosowac-krem-do-opalania\/\" target=\"_self\">\r\n                                JAK POPRAWNIE STOSOWA\u0106 KREM DO OPALANIA?                            <\/a>\r\n                        <\/h2>\r\n                        <div class=\"cv-post-meta cv-meta-icon-show\">\r\n                            <span class=\"cv-post-date cv-post-meta-item\" itemprop=\"datePublished\"><a href=\"https:\/\/nakanarach.pl\/index.php\/2021\/05\/26\/jak-poprawnie-stosowac-krem-do-opalania\/\">26 maja 2021<\/a><\/span>                        <\/div>\r\n                        <div class=\"cv-post-content\" itemprop=\"description\">Wydawa\u0107 by si\u0119 mog\u0142o, \u017ce pytanie jest banalnie proste. Jednak nie do ko\u0144ca tak jest,&hellip;<\/div>                        <div class=\"cv-read-more\"><a href=https:\/\/nakanarach.pl\/index.php\/2021\/05\/26\/jak-poprawnie-stosowac-krem-do-opalania\/>Czytaj wi\u0119cej<i class=\"fas fa-arrow-right\"><\/i><\/a><\/div>                    <\/div><!-- .cv-post-right-wrap -->\r\n                <\/article>\r\n                        <article post-id=\"post-1001\" class=\"cv-post post-format--standard\" itemscope itemtype=\"http:\/\/schema.org\/articleBody\">\r\n                    <div class=\"cv-post-left-wrap\">\r\n                        <div class=\"cv-post-thumb\">\r\n                            <a href=\"https:\/\/nakanarach.pl\/index.php\/2021\/04\/20\/dlaczego-nie-ma-ogrzewania-w-domach\/\"><img decoding=\"async\" src=\"https:\/\/nakanarach.pl\/wp-content\/uploads\/2021\/04\/172702219_250772170075807_793235134025377299_n.jpg\" alt=\"BEZ OGRZEWANIA W DOMACH\"\/><\/a>\r\n                        <\/div>\r\n                    <\/div><!-- .cv-post-left-wrap -->\r\n                    <div class=\"cv-post-right-wrap\">\r\n                                                <h2 class=\"cv-post-title\">\r\n                            <a href=\"https:\/\/nakanarach.pl\/index.php\/2021\/04\/20\/dlaczego-nie-ma-ogrzewania-w-domach\/\" target=\"_self\">\r\n                                BEZ OGRZEWANIA W DOMACH                            <\/a>\r\n                        <\/h2>\r\n                        <div class=\"cv-post-meta cv-meta-icon-show\">\r\n                            <span class=\"cv-post-date cv-post-meta-item\" itemprop=\"datePublished\"><a href=\"https:\/\/nakanarach.pl\/index.php\/2021\/04\/20\/dlaczego-nie-ma-ogrzewania-w-domach\/\">20 kwietnia 2021<\/a><\/span>                        <\/div>\r\n                        <div class=\"cv-post-content\" itemprop=\"description\">Mo\u017ce to zabrzmi dziwnie, ale w domach na Wyspach Kanaryjskich zazwyczaj nie ma poprowadzonych instalacji&hellip;<\/div>                        <div class=\"cv-read-more\"><a href=https:\/\/nakanarach.pl\/index.php\/2021\/04\/20\/dlaczego-nie-ma-ogrzewania-w-domach\/>Czytaj wi\u0119cej<i class=\"fas fa-arrow-right\"><\/i><\/a><\/div>                    <\/div><!-- .cv-post-right-wrap -->\r\n                <\/article>\r\n                        <article post-id=\"post-301\" class=\"cv-post post-format--standard\" itemscope itemtype=\"http:\/\/schema.org\/articleBody\">\r\n                    <div class=\"cv-post-left-wrap\">\r\n                        <div class=\"cv-post-thumb\">\r\n                            <a href=\"https:\/\/nakanarach.pl\/index.php\/2021\/04\/17\/las-na-dnie-oceanu\/\"><img decoding=\"async\" src=\"https:\/\/nakanarach.pl\/wp-content\/uploads\/2021\/04\/Koralowce.jpg\" alt=\"LAS NA DNIE OCEANU\"\/><\/a>\r\n                        <\/div>\r\n                    <\/div><!-- .cv-post-left-wrap -->\r\n                    <div class=\"cv-post-right-wrap\">\r\n                                                <h2 class=\"cv-post-title\">\r\n                            <a href=\"https:\/\/nakanarach.pl\/index.php\/2021\/04\/17\/las-na-dnie-oceanu\/\" target=\"_self\">\r\n                                LAS NA DNIE OCEANU                            <\/a>\r\n                        <\/h2>\r\n                        <div class=\"cv-post-meta cv-meta-icon-show\">\r\n                            <span class=\"cv-post-date cv-post-meta-item\" itemprop=\"datePublished\"><a href=\"https:\/\/nakanarach.pl\/index.php\/2021\/04\/17\/las-na-dnie-oceanu\/\">17 kwietnia 2021<\/a><\/span>                        <\/div>\r\n                        <div class=\"cv-post-content\" itemprop=\"description\">Rz\u0105d Wysp Kanaryjskich wspiera dalsze badania g\u0142\u0119binowych ekosystem\u00f3w Makaronezji, czyli obszaru na Atlantyku pomi\u0119dzy Wyspami&hellip;<\/div>                        <div class=\"cv-read-more\"><a href=https:\/\/nakanarach.pl\/index.php\/2021\/04\/17\/las-na-dnie-oceanu\/>Czytaj wi\u0119cej<i class=\"fas fa-arrow-right\"><\/i><\/a><\/div>                    <\/div><!-- .cv-post-right-wrap -->\r\n                <\/article>\r\n                        <article post-id=\"post-888\" class=\"cv-post post-format--standard\" itemscope itemtype=\"http:\/\/schema.org\/articleBody\">\r\n                    <div class=\"cv-post-left-wrap\">\r\n                        <div class=\"cv-post-thumb\">\r\n                            <a href=\"https:\/\/nakanarach.pl\/index.php\/2021\/04\/17\/najwiecej-gwiazd-widac-na-teneryfie\/\"><img decoding=\"async\" src=\"https:\/\/nakanarach.pl\/wp-content\/uploads\/2021\/04\/174813202_446176436484514_5169938123341654684_n.jpg\" alt=\"NAJWI\u0118CEJ GWIAZD WIDA\u0106 NA TENERYFIE\"\/><\/a>\r\n                        <\/div>\r\n                    <\/div><!-- .cv-post-left-wrap -->\r\n                    <div class=\"cv-post-right-wrap\">\r\n                                                <h2 class=\"cv-post-title\">\r\n                            <a href=\"https:\/\/nakanarach.pl\/index.php\/2021\/04\/17\/najwiecej-gwiazd-widac-na-teneryfie\/\" target=\"_self\">\r\n                                NAJWI\u0118CEJ GWIAZD WIDA\u0106 NA TENERYFIE                            <\/a>\r\n                        <\/h2>\r\n                        <div class=\"cv-post-meta cv-meta-icon-show\">\r\n                            <span class=\"cv-post-date cv-post-meta-item\" itemprop=\"datePublished\"><a href=\"https:\/\/nakanarach.pl\/index.php\/2021\/04\/17\/najwiecej-gwiazd-widac-na-teneryfie\/\">17 kwietnia 2021<\/a><\/span>                        <\/div>\r\n                        <div class=\"cv-post-content\" itemprop=\"description\">Teneryfa jest uznawana za jedno z najlepszych na \u015bwiecie miejsc do obserwacji gwiazd. Mi\u0119dzynarodowa Unia&hellip;<\/div>                        <div class=\"cv-read-more\"><a href=https:\/\/nakanarach.pl\/index.php\/2021\/04\/17\/najwiecej-gwiazd-widac-na-teneryfie\/>Czytaj wi\u0119cej<i class=\"fas fa-arrow-right\"><\/i><\/a><\/div>                    <\/div><!-- .cv-post-right-wrap -->\r\n                <\/article>\r\n                        <article post-id=\"post-671\" class=\"cv-post post-format--standard\" itemscope itemtype=\"http:\/\/schema.org\/articleBody\">\r\n                    <div class=\"cv-post-left-wrap\">\r\n                        <div class=\"cv-post-thumb\">\r\n                            <a href=\"https:\/\/nakanarach.pl\/index.php\/2021\/04\/17\/palmy-sa-pod-ochrona\/\"><img decoding=\"async\" src=\"https:\/\/nakanarach.pl\/wp-content\/uploads\/2021\/04\/171790719_1618199021722343_5811691267075296975_n.jpg\" alt=\"PALMY S\u0104 POD OCHRON\u0104\"\/><\/a>\r\n                        <\/div>\r\n                    <\/div><!-- .cv-post-left-wrap -->\r\n                    <div class=\"cv-post-right-wrap\">\r\n                                                <h2 class=\"cv-post-title\">\r\n                            <a href=\"https:\/\/nakanarach.pl\/index.php\/2021\/04\/17\/palmy-sa-pod-ochrona\/\" target=\"_self\">\r\n                                PALMY S\u0104 POD OCHRON\u0104                            <\/a>\r\n                        <\/h2>\r\n                        <div class=\"cv-post-meta cv-meta-icon-show\">\r\n                            <span class=\"cv-post-date cv-post-meta-item\" itemprop=\"datePublished\"><a href=\"https:\/\/nakanarach.pl\/index.php\/2021\/04\/17\/palmy-sa-pod-ochrona\/\">17 kwietnia 2021<\/a><\/span>                        <\/div>\r\n                        <div class=\"cv-post-content\" itemprop=\"description\">Nie ka\u017cdy wie, \u017ce drzewa palmowe s\u0105 pod szczeg\u00f3ln\u0105 ochron\u0105. Za zniszczenie lub \u015bci\u0119cie tej&hellip;<\/div>                        <div class=\"cv-read-more\"><a href=https:\/\/nakanarach.pl\/index.php\/2021\/04\/17\/palmy-sa-pod-ochrona\/>Czytaj wi\u0119cej<i class=\"fas fa-arrow-right\"><\/i><\/a><\/div>                    <\/div><!-- .cv-post-right-wrap -->\r\n                <\/article>\r\n                        <article post-id=\"post-722\" class=\"cv-post post-format--standard\" itemscope itemtype=\"http:\/\/schema.org\/articleBody\">\r\n                    <div class=\"cv-post-left-wrap\">\r\n                        <div class=\"cv-post-thumb\">\r\n                            <a href=\"https:\/\/nakanarach.pl\/index.php\/2021\/04\/15\/jaskinie-juz-bez-dzikich-lokatorow\/\"><img decoding=\"async\" src=\"https:\/\/nakanarach.pl\/wp-content\/uploads\/2021\/04\/172534884_3005596946393368_5282891971707787448_n-1.jpg\" alt=\"JASKINIE BEZ &#8222;DZIKICH LOKATOR\u00d3W&#8221;\"\/><\/a>\r\n                        <\/div>\r\n                    <\/div><!-- .cv-post-left-wrap -->\r\n                    <div class=\"cv-post-right-wrap\">\r\n                                                <h2 class=\"cv-post-title\">\r\n                            <a href=\"https:\/\/nakanarach.pl\/index.php\/2021\/04\/15\/jaskinie-juz-bez-dzikich-lokatorow\/\" target=\"_self\">\r\n                                JASKINIE BEZ &#8222;DZIKICH LOKATOR\u00d3W&#8221;                            <\/a>\r\n                        <\/h2>\r\n                        <div class=\"cv-post-meta cv-meta-icon-show\">\r\n                            <span class=\"cv-post-date cv-post-meta-item\" itemprop=\"datePublished\"><a href=\"https:\/\/nakanarach.pl\/index.php\/2021\/04\/15\/jaskinie-juz-bez-dzikich-lokatorow\/\">15 kwietnia 2021<\/a><\/span>                        <\/div>\r\n                        <div class=\"cv-post-content\" itemprop=\"description\">Cabildo de Gran Canaria odzyska\u0142o Cuevas de los Canarios w El Confital po d\u0142ugiej procedurze&hellip;<\/div>                        <div class=\"cv-read-more\"><a href=https:\/\/nakanarach.pl\/index.php\/2021\/04\/15\/jaskinie-juz-bez-dzikich-lokatorow\/>Czytaj wi\u0119cej<i class=\"fas fa-arrow-right\"><\/i><\/a><\/div>                    <\/div><!-- .cv-post-right-wrap -->\r\n                <\/article>\r\n                        <article post-id=\"post-371\" class=\"cv-post post-format--standard\" itemscope itemtype=\"http:\/\/schema.org\/articleBody\">\r\n                    <div class=\"cv-post-left-wrap\">\r\n                        <div class=\"cv-post-thumb\">\r\n                            <a href=\"https:\/\/nakanarach.pl\/index.php\/2021\/04\/11\/ponad-sto-fontann-pojawi-sie-na-kilku-kanaryjskich-wyspach\/\"><img decoding=\"async\" src=\"https:\/\/nakanarach.pl\/wp-content\/uploads\/2021\/04\/Fontanny.jpeg\" alt=\"WYBUDUJ\u0104 PONAD STO FONTANN DLA ZWIERZ\u0104T\"\/><\/a>\r\n                        <\/div>\r\n                    <\/div><!-- .cv-post-left-wrap -->\r\n                    <div class=\"cv-post-right-wrap\">\r\n                                                <h2 class=\"cv-post-title\">\r\n                            <a href=\"https:\/\/nakanarach.pl\/index.php\/2021\/04\/11\/ponad-sto-fontann-pojawi-sie-na-kilku-kanaryjskich-wyspach\/\" target=\"_self\">\r\n                                WYBUDUJ\u0104 PONAD STO FONTANN DLA ZWIERZ\u0104T                            <\/a>\r\n                        <\/h2>\r\n                        <div class=\"cv-post-meta cv-meta-icon-show\">\r\n                            <span class=\"cv-post-date cv-post-meta-item\" itemprop=\"datePublished\"><a href=\"https:\/\/nakanarach.pl\/index.php\/2021\/04\/11\/ponad-sto-fontann-pojawi-sie-na-kilku-kanaryjskich-wyspach\/\">11 kwietnia 2021<\/a><\/span>                        <\/div>\r\n                        <div class=\"cv-post-content\" itemprop=\"description\">Fontanny dla zwierz\u0105t<\/div>                        <div class=\"cv-read-more\"><a href=https:\/\/nakanarach.pl\/index.php\/2021\/04\/11\/ponad-sto-fontann-pojawi-sie-na-kilku-kanaryjskich-wyspach\/>Czytaj wi\u0119cej<i class=\"fas fa-arrow-right\"><\/i><\/a><\/div>                    <\/div><!-- .cv-post-right-wrap -->\r\n                <\/article>\r\n                        <article post-id=\"post-270\" class=\"cv-post post-format--standard\" itemscope itemtype=\"http:\/\/schema.org\/articleBody\">\r\n                    <div class=\"cv-post-left-wrap\">\r\n                        <div class=\"cv-post-thumb\">\r\n                            <a href=\"https:\/\/nakanarach.pl\/index.php\/2021\/03\/31\/papugi-slychac-z-daleka\/\"><img decoding=\"async\" src=\"https:\/\/nakanarach.pl\/wp-content\/uploads\/2021\/03\/Papuga-Twitter-Guardia-Civil.jpg\" alt=\"PAPUGI S\u0141YCHA\u0106 Z DALEKA\"\/><\/a>\r\n                        <\/div>\r\n                    <\/div><!-- .cv-post-left-wrap -->\r\n                    <div class=\"cv-post-right-wrap\">\r\n                                                <h2 class=\"cv-post-title\">\r\n                            <a href=\"https:\/\/nakanarach.pl\/index.php\/2021\/03\/31\/papugi-slychac-z-daleka\/\" target=\"_self\">\r\n                                PAPUGI S\u0141YCHA\u0106 Z DALEKA                            <\/a>\r\n                        <\/h2>\r\n                        <div class=\"cv-post-meta cv-meta-icon-show\">\r\n                            <span class=\"cv-post-date cv-post-meta-item\" itemprop=\"datePublished\"><a href=\"https:\/\/nakanarach.pl\/index.php\/2021\/03\/31\/papugi-slychac-z-daleka\/\">31 marca 2021<\/a><\/span>                        <\/div>\r\n                        <div class=\"cv-post-content\" itemprop=\"description\">Przy odrobinie szcz\u0119\u015bcia na Wyspach Kanaryjskich mo\u017cna spotka\u0107 soczy\u015bcie zielone papugi z czerwonym dziobem. Ptaki&hellip;<\/div>                        <div class=\"cv-read-more\"><a href=https:\/\/nakanarach.pl\/index.php\/2021\/03\/31\/papugi-slychac-z-daleka\/>Czytaj wi\u0119cej<i class=\"fas fa-arrow-right\"><\/i><\/a><\/div>                    <\/div><!-- .cv-post-right-wrap -->\r\n                <\/article>\r\n            <\/div><\/div>","protected":false},"excerpt":{"rendered":"","protected":false},"author":3,"featured_media":0,"parent":0,"menu_order":0,"comment_status":"closed","ping_status":"closed","template":"","meta":{"om_disable_all_campaigns":false,"_monsterinsights_skip_tracking":false,"_monsterinsights_sitenote_active":false,"_monsterinsights_sitenote_note":"","_monsterinsights_sitenote_category":0,"footnotes":""},"class_list":["post-4366","page","type-page","status-publish","hentry"],"aioseo_notices":[],"blog_post_layout_featured_media_urls":{"thumbnail":"","full":""},"categories_names":null,"comments_number":"0","wpmagazine_modules_lite_featured_media_urls":{"thumbnail":"","cvmm-medium":"","cvmm-medium-plus":"","cvmm-portrait":"","cvmm-medium-square":"","cvmm-large":"","cvmm-small":"","full":""},"_links":{"self":[{"href":"https:\/\/nakanarach.pl\/index.php\/wp-json\/wp\/v2\/pages\/4366","targetHints":{"allow":["GET"]}}],"collection":[{"href":"https:\/\/nakanarach.pl\/index.php\/wp-json\/wp\/v2\/pages"}],"about":[{"href":"https:\/\/nakanarach.pl\/index.php\/wp-json\/wp\/v2\/types\/page"}],"author":[{"embeddable":true,"href":"https:\/\/nakanarach.pl\/index.php\/wp-json\/wp\/v2\/users\/3"}],"replies":[{"embeddable":true,"href":"https:\/\/nakanarach.pl\/index.php\/wp-json\/wp\/v2\/comments?post=4366"}],"version-history":[{"count":2,"href":"https:\/\/nakanarach.pl\/index.php\/wp-json\/wp\/v2\/pages\/4366\/revisions"}],"predecessor-version":[{"id":4497,"href":"https:\/\/nakanarach.pl\/index.php\/wp-json\/wp\/v2\/pages\/4366\/revisions\/4497"}],"wp:attachment":[{"href":"https:\/\/nakanarach.pl\/index.php\/wp-json\/wp\/v2\/media?parent=4366"}],"curies":[{"name":"wp","href":"https:\/\/api.w.org\/{rel}","templated":true}]}}