{"id":4375,"date":"2022-03-17T16:04:46","date_gmt":"2022-03-17T16:04:46","guid":{"rendered":"http:\/\/nakanarach.pl\/?page_id=4375"},"modified":"2022-03-21T17:21:12","modified_gmt":"2022-03-21T17:21:12","slug":"celebryci-na-kanarach","status":"publish","type":"page","link":"https:\/\/nakanarach.pl\/index.php\/celebryci-na-kanarach\/","title":{"rendered":"Celebryci na Kanarach"},"content":{"rendered":"<div id=\"cv-list-post-layout\" class=\"block-877fe447-fc73-49f1-b05d-81bd3cd75287 cv-block cv-block-list--layout-one\">    <div class=\"cv-post-wrapper cv-post--imagemargin column--two\">\r\n                        <article post-id=\"post-13390\" class=\"cv-post post-format--standard\" itemscope itemtype=\"http:\/\/schema.org\/articleBody\">\r\n                    <div class=\"cv-post-left-wrap\">\r\n                        <div class=\"cv-post-thumb\">\r\n                            <a href=\"https:\/\/nakanarach.pl\/index.php\/2026\/03\/03\/znana-prezenterka-swietowala-urodziny-na-kanarach\/\"><img decoding=\"async\" src=\"https:\/\/nakanarach.pl\/wp-content\/uploads\/2026\/03\/Dorota-Wellman_11zon-scaled.jpg\" alt=\"ZNANA PREZENTERKA \u015aWI\u0118TOWA\u0141A URODZINY NA KANARACH\"\/><\/a>\r\n                        <\/div>\r\n                    <\/div><!-- .cv-post-left-wrap -->\r\n                    <div class=\"cv-post-right-wrap\">\r\n                                                <h2 class=\"cv-post-title\">\r\n                            <a href=\"https:\/\/nakanarach.pl\/index.php\/2026\/03\/03\/znana-prezenterka-swietowala-urodziny-na-kanarach\/\" target=\"_self\">\r\n                                ZNANA PREZENTERKA \u015aWI\u0118TOWA\u0141A URODZINY NA KANARACH                            <\/a>\r\n                        <\/h2>\r\n                        <div class=\"cv-post-meta cv-meta-icon-show\">\r\n                            <span class=\"cv-post-date cv-post-meta-item\" itemprop=\"datePublished\"><a href=\"https:\/\/nakanarach.pl\/index.php\/2026\/03\/03\/znana-prezenterka-swietowala-urodziny-na-kanarach\/\">3 marca 2026<\/a><\/span>                        <\/div>\r\n                        <div class=\"cv-post-content\" itemprop=\"description\">GRAN CANARIA: Znana i lubiana prezenterka telewizyjna Dorota Wellman \u015bwi\u0119towa\u0142a swoje 65. urodziny w Maspalomas&hellip;<\/div>                        <div class=\"cv-read-more\"><a href=https:\/\/nakanarach.pl\/index.php\/2026\/03\/03\/znana-prezenterka-swietowala-urodziny-na-kanarach\/>Czytaj wi\u0119cej<i class=\"fas fa-arrow-right\"><\/i><\/a><\/div>                    <\/div><!-- .cv-post-right-wrap -->\r\n                <\/article>\r\n                        <article post-id=\"post-10313\" class=\"cv-post post-format--standard\" itemscope itemtype=\"http:\/\/schema.org\/articleBody\">\r\n                    <div class=\"cv-post-left-wrap\">\r\n                        <div class=\"cv-post-thumb\">\r\n                            <a href=\"https:\/\/nakanarach.pl\/index.php\/2025\/05\/15\/johnny-depp-na-teneryfie\/\"><img decoding=\"async\" src=\"https:\/\/nakanarach.pl\/wp-content\/uploads\/2025\/05\/Depp2-Lolo-Cruselas.jpg\" alt=\"JOHNNY DEPP NA TENERYFIE (VIDEO)\"\/><\/a>\r\n                        <\/div>\r\n                    <\/div><!-- .cv-post-left-wrap -->\r\n                    <div class=\"cv-post-right-wrap\">\r\n                                                <h2 class=\"cv-post-title\">\r\n                            <a href=\"https:\/\/nakanarach.pl\/index.php\/2025\/05\/15\/johnny-depp-na-teneryfie\/\" target=\"_self\">\r\n                                JOHNNY DEPP NA TENERYFIE (VIDEO)                            <\/a>\r\n                        <\/h2>\r\n                        <div class=\"cv-post-meta cv-meta-icon-show\">\r\n                            <span class=\"cv-post-date cv-post-meta-item\" itemprop=\"datePublished\"><a href=\"https:\/\/nakanarach.pl\/index.php\/2025\/05\/15\/johnny-depp-na-teneryfie\/\">15 maja 2025<\/a><\/span>                        <\/div>\r\n                        <div class=\"cv-post-content\" itemprop=\"description\">TENERYFA: Kolejna \u015bwiatowa produkcja filmowa powstaje na kanaryjskiej Teneryfie. Niedawno pojawi\u0142 si\u0119 tam znany aktor&hellip;<\/div>                        <div class=\"cv-read-more\"><a href=https:\/\/nakanarach.pl\/index.php\/2025\/05\/15\/johnny-depp-na-teneryfie\/>Czytaj wi\u0119cej<i class=\"fas fa-arrow-right\"><\/i><\/a><\/div>                    <\/div><!-- .cv-post-right-wrap -->\r\n                <\/article>\r\n                        <article post-id=\"post-9747\" class=\"cv-post post-format--standard\" itemscope itemtype=\"http:\/\/schema.org\/articleBody\">\r\n                    <div class=\"cv-post-left-wrap\">\r\n                        <div class=\"cv-post-thumb\">\r\n                            <a href=\"https:\/\/nakanarach.pl\/index.php\/2025\/03\/14\/pectus-na-teneryfie\/\"><img decoding=\"async\" src=\"https:\/\/nakanarach.pl\/wp-content\/uploads\/2025\/03\/Pectus-Teneryfa.jpg\" alt=\"&#8222;PECTUS&#8221; NA TENERYFIE\"\/><\/a>\r\n                        <\/div>\r\n                    <\/div><!-- .cv-post-left-wrap -->\r\n                    <div class=\"cv-post-right-wrap\">\r\n                                                <h2 class=\"cv-post-title\">\r\n                            <a href=\"https:\/\/nakanarach.pl\/index.php\/2025\/03\/14\/pectus-na-teneryfie\/\" target=\"_self\">\r\n                                &#8222;PECTUS&#8221; NA TENERYFIE                            <\/a>\r\n                        <\/h2>\r\n                        <div class=\"cv-post-meta cv-meta-icon-show\">\r\n                            <span class=\"cv-post-date cv-post-meta-item\" itemprop=\"datePublished\"><a href=\"https:\/\/nakanarach.pl\/index.php\/2025\/03\/14\/pectus-na-teneryfie\/\">14 marca 2025<\/a><\/span>                        <\/div>\r\n                        <div class=\"cv-post-content\" itemprop=\"description\">TENERYFA: Popularny polski zesp\u00f3\u0142 \u201ePectus\u201d nagrywa\u0142 w tym roku teledysk do najnowszego utworu \u201eBarraquito\u201d, kt\u00f3ry&hellip;<\/div>                        <div class=\"cv-read-more\"><a href=https:\/\/nakanarach.pl\/index.php\/2025\/03\/14\/pectus-na-teneryfie\/>Czytaj wi\u0119cej<i class=\"fas fa-arrow-right\"><\/i><\/a><\/div>                    <\/div><!-- .cv-post-right-wrap -->\r\n                <\/article>\r\n                        <article post-id=\"post-7741\" class=\"cv-post post-format--standard\" itemscope itemtype=\"http:\/\/schema.org\/articleBody\">\r\n                    <div class=\"cv-post-left-wrap\">\r\n                        <div class=\"cv-post-thumb\">\r\n                            <a href=\"https:\/\/nakanarach.pl\/index.php\/2024\/01\/02\/tu-jest-jakby-luksusowo\/\"><img decoding=\"async\" src=\"https:\/\/nakanarach.pl\/wp-content\/uploads\/2024\/01\/Ewa-Kasprzyk.png\" alt=\"TU JEST JAKBY LUKSUSOWO&#8230;\"\/><\/a>\r\n                        <\/div>\r\n                    <\/div><!-- .cv-post-left-wrap -->\r\n                    <div class=\"cv-post-right-wrap\">\r\n                                                <h2 class=\"cv-post-title\">\r\n                            <a href=\"https:\/\/nakanarach.pl\/index.php\/2024\/01\/02\/tu-jest-jakby-luksusowo\/\" target=\"_self\">\r\n                                TU JEST JAKBY LUKSUSOWO&#8230;                            <\/a>\r\n                        <\/h2>\r\n                        <div class=\"cv-post-meta cv-meta-icon-show\">\r\n                            <span class=\"cv-post-date cv-post-meta-item\" itemprop=\"datePublished\"><a href=\"https:\/\/nakanarach.pl\/index.php\/2024\/01\/02\/tu-jest-jakby-luksusowo\/\">2 stycznia 2024<\/a><\/span>                        <\/div>\r\n                        <div class=\"cv-post-content\" itemprop=\"description\">Wyspy Kanaryjskie o ka\u017cdej porze roku przyci\u0105gaj\u0105 t\u0142umy turyst\u00f3w. Ten kierunek wybieraj\u0105 te\u017c ch\u0119tnie polscy&hellip;<\/div>                        <div class=\"cv-read-more\"><a href=https:\/\/nakanarach.pl\/index.php\/2024\/01\/02\/tu-jest-jakby-luksusowo\/>Czytaj wi\u0119cej<i class=\"fas fa-arrow-right\"><\/i><\/a><\/div>                    <\/div><!-- .cv-post-right-wrap -->\r\n                <\/article>\r\n                        <article post-id=\"post-5669\" class=\"cv-post post-format--standard\" itemscope itemtype=\"http:\/\/schema.org\/articleBody\">\r\n                    <div class=\"cv-post-left-wrap\">\r\n                        <div class=\"cv-post-thumb\">\r\n                            <a href=\"https:\/\/nakanarach.pl\/index.php\/2022\/09\/27\/promocja-filmu-z-jlo-na-gran-canarii\/\"><img decoding=\"async\" src=\"https:\/\/nakanarach.pl\/wp-content\/uploads\/2022\/01\/JLO-na-Kanarach.jpg\" alt=\"PROMOCJA FILMU Z JLO NA GRAN CANARII\"\/><\/a>\r\n                        <\/div>\r\n                    <\/div><!-- .cv-post-left-wrap -->\r\n                    <div class=\"cv-post-right-wrap\">\r\n                                                <h2 class=\"cv-post-title\">\r\n                            <a href=\"https:\/\/nakanarach.pl\/index.php\/2022\/09\/27\/promocja-filmu-z-jlo-na-gran-canarii\/\" target=\"_self\">\r\n                                PROMOCJA FILMU Z JLO NA GRAN CANARII                            <\/a>\r\n                        <\/h2>\r\n                        <div class=\"cv-post-meta cv-meta-icon-show\">\r\n                            <span class=\"cv-post-date cv-post-meta-item\" itemprop=\"datePublished\"><a href=\"https:\/\/nakanarach.pl\/index.php\/2022\/09\/27\/promocja-filmu-z-jlo-na-gran-canarii\/\">27 wrze\u015bnia 2022<\/a><\/span>                        <\/div>\r\n                        <div class=\"cv-post-content\" itemprop=\"description\">Netflix rozpocz\u0105\u0142 promocj\u0119 filmu, kt\u00f3ry \u015bwiatowej s\u0142awy piosenkarka Jennifer L\u00f3pez nakr\u0119ci\u0142a w 2022 roku. Niekt\u00f3re&hellip;<\/div>                        <div class=\"cv-read-more\"><a href=https:\/\/nakanarach.pl\/index.php\/2022\/09\/27\/promocja-filmu-z-jlo-na-gran-canarii\/>Czytaj wi\u0119cej<i class=\"fas fa-arrow-right\"><\/i><\/a><\/div>                    <\/div><!-- .cv-post-right-wrap -->\r\n                <\/article>\r\n                        <article post-id=\"post-5525\" class=\"cv-post post-format--standard\" itemscope itemtype=\"http:\/\/schema.org\/articleBody\">\r\n                    <div class=\"cv-post-left-wrap\">\r\n                        <div class=\"cv-post-thumb\">\r\n                            <a href=\"https:\/\/nakanarach.pl\/index.php\/2022\/08\/25\/luis-fonsi-na-lanzarote\/\"><img decoding=\"async\" src=\"https:\/\/nakanarach.pl\/wp-content\/uploads\/2022\/08\/Luis-Fonsi-Lanzarote-FB-Luis-Fonsi.jpg\" alt=\"LUIS FONSI NA LANZAROTE\"\/><\/a>\r\n                        <\/div>\r\n                    <\/div><!-- .cv-post-left-wrap -->\r\n                    <div class=\"cv-post-right-wrap\">\r\n                                                <h2 class=\"cv-post-title\">\r\n                            <a href=\"https:\/\/nakanarach.pl\/index.php\/2022\/08\/25\/luis-fonsi-na-lanzarote\/\" target=\"_self\">\r\n                                LUIS FONSI NA LANZAROTE                            <\/a>\r\n                        <\/h2>\r\n                        <div class=\"cv-post-meta cv-meta-icon-show\">\r\n                            <span class=\"cv-post-date cv-post-meta-item\" itemprop=\"datePublished\"><a href=\"https:\/\/nakanarach.pl\/index.php\/2022\/08\/25\/luis-fonsi-na-lanzarote\/\">25 sierpnia 2022<\/a><\/span>                        <\/div>\r\n                        <div class=\"cv-post-content\" itemprop=\"description\">Chyba niemal ka\u017cdy zna utw\u00f3r &#8222;Despacito&#8221;, kt\u00f3ry Lu\u00eds Fonsi wykonywa\u0142 z Daddy Yankee. Teledysk na&hellip;<\/div>                        <div class=\"cv-read-more\"><a href=https:\/\/nakanarach.pl\/index.php\/2022\/08\/25\/luis-fonsi-na-lanzarote\/>Czytaj wi\u0119cej<i class=\"fas fa-arrow-right\"><\/i><\/a><\/div>                    <\/div><!-- .cv-post-right-wrap -->\r\n                <\/article>\r\n                        <article post-id=\"post-5243\" class=\"cv-post post-format--standard\" itemscope itemtype=\"http:\/\/schema.org\/articleBody\">\r\n                    <div class=\"cv-post-left-wrap\">\r\n                        <div class=\"cv-post-thumb\">\r\n                            <a href=\"https:\/\/nakanarach.pl\/index.php\/2022\/07\/08\/marc-anthony-na-kanarach\/\"><img decoding=\"async\" src=\"https:\/\/nakanarach.pl\/wp-content\/uploads\/2022\/07\/Marc-Anthony-Fb-Marc-Anthony.jpg\" alt=\"MARC ANTHONY NA GRAN CANARII\"\/><\/a>\r\n                        <\/div>\r\n                    <\/div><!-- .cv-post-left-wrap -->\r\n                    <div class=\"cv-post-right-wrap\">\r\n                                                <h2 class=\"cv-post-title\">\r\n                            <a href=\"https:\/\/nakanarach.pl\/index.php\/2022\/07\/08\/marc-anthony-na-kanarach\/\" target=\"_self\">\r\n                                MARC ANTHONY NA GRAN CANARII                            <\/a>\r\n                        <\/h2>\r\n                        <div class=\"cv-post-meta cv-meta-icon-show\">\r\n                            <span class=\"cv-post-date cv-post-meta-item\" itemprop=\"datePublished\"><a href=\"https:\/\/nakanarach.pl\/index.php\/2022\/07\/08\/marc-anthony-na-kanarach\/\">8 lipca 2022<\/a><\/span>                        <\/div>\r\n                        <div class=\"cv-post-content\" itemprop=\"description\">Fajki z muszlami, woda witaminowa i pizza &#8211; takie wymagania mia\u0142a ameryka\u0144ska gwiazda Marc Anthony,&hellip;<\/div>                        <div class=\"cv-read-more\"><a href=https:\/\/nakanarach.pl\/index.php\/2022\/07\/08\/marc-anthony-na-kanarach\/>Czytaj wi\u0119cej<i class=\"fas fa-arrow-right\"><\/i><\/a><\/div>                    <\/div><!-- .cv-post-right-wrap -->\r\n                <\/article>\r\n                        <article post-id=\"post-4733\" class=\"cv-post post-format--standard\" itemscope itemtype=\"http:\/\/schema.org\/articleBody\">\r\n                    <div class=\"cv-post-left-wrap\">\r\n                        <div class=\"cv-post-thumb\">\r\n                            <a href=\"https:\/\/nakanarach.pl\/index.php\/2022\/04\/19\/gitarzysta-queen-na-kanarach\/\"><img decoding=\"async\" src=\"https:\/\/nakanarach.pl\/wp-content\/uploads\/2022\/04\/Brian-May-drzewo-El-Hierro.jpg\" alt=\"GITARZYSTA QUEEN NA KANARACH\"\/><\/a>\r\n                        <\/div>\r\n                    <\/div><!-- .cv-post-left-wrap -->\r\n                    <div class=\"cv-post-right-wrap\">\r\n                                                <h2 class=\"cv-post-title\">\r\n                            <a href=\"https:\/\/nakanarach.pl\/index.php\/2022\/04\/19\/gitarzysta-queen-na-kanarach\/\" target=\"_self\">\r\n                                GITARZYSTA QUEEN NA KANARACH                            <\/a>\r\n                        <\/h2>\r\n                        <div class=\"cv-post-meta cv-meta-icon-show\">\r\n                            <span class=\"cv-post-date cv-post-meta-item\" itemprop=\"datePublished\"><a href=\"https:\/\/nakanarach.pl\/index.php\/2022\/04\/19\/gitarzysta-queen-na-kanarach\/\">19 kwietnia 2022<\/a><\/span>                        <\/div>\r\n                        <div class=\"cv-post-content\" itemprop=\"description\">Brian May &#8211; \u015bwiatowej s\u0142awy gitarzysta legendarnego zespo\u0142u Queen wr\u00f3ci\u0142 do miejsca, gdzie zrobiono zdj\u0119cie&hellip;<\/div>                        <div class=\"cv-read-more\"><a href=https:\/\/nakanarach.pl\/index.php\/2022\/04\/19\/gitarzysta-queen-na-kanarach\/>Czytaj wi\u0119cej<i class=\"fas fa-arrow-right\"><\/i><\/a><\/div>                    <\/div><!-- .cv-post-right-wrap -->\r\n                <\/article>\r\n                        <article post-id=\"post-4433\" class=\"cv-post post-format--standard\" itemscope itemtype=\"http:\/\/schema.org\/articleBody\">\r\n                    <div class=\"cv-post-left-wrap\">\r\n                        <div class=\"cv-post-thumb\">\r\n                            <a href=\"https:\/\/nakanarach.pl\/index.php\/2022\/03\/23\/rejs-przez-atlantyk\/\"><img decoding=\"async\" src=\"https:\/\/nakanarach.pl\/wp-content\/uploads\/2022\/03\/Przez-Atlantyk.jpg\" alt=\"REJS PRZEZ ATLANTYK\"\/><\/a>\r\n                        <\/div>\r\n                    <\/div><!-- .cv-post-left-wrap -->\r\n                    <div class=\"cv-post-right-wrap\">\r\n                                                <h2 class=\"cv-post-title\">\r\n                            <a href=\"https:\/\/nakanarach.pl\/index.php\/2022\/03\/23\/rejs-przez-atlantyk\/\" target=\"_self\">\r\n                                REJS PRZEZ ATLANTYK                            <\/a>\r\n                        <\/h2>\r\n                        <div class=\"cv-post-meta cv-meta-icon-show\">\r\n                            <span class=\"cv-post-date cv-post-meta-item\" itemprop=\"datePublished\"><a href=\"https:\/\/nakanarach.pl\/index.php\/2022\/03\/23\/rejs-przez-atlantyk\/\">23 marca 2022<\/a><\/span>                        <\/div>\r\n                        <div class=\"cv-post-content\" itemprop=\"description\">Z Gran Canarii wyruszyli uczestnicy telewizyjnego show pt. \u201ePrzez Atlantyk\u201d, emitowanego od marca 2022 w&hellip;<\/div>                        <div class=\"cv-read-more\"><a href=https:\/\/nakanarach.pl\/index.php\/2022\/03\/23\/rejs-przez-atlantyk\/>Czytaj wi\u0119cej<i class=\"fas fa-arrow-right\"><\/i><\/a><\/div>                    <\/div><!-- .cv-post-right-wrap -->\r\n                <\/article>\r\n                        <article post-id=\"post-2089\" class=\"cv-post post-format--standard\" itemscope itemtype=\"http:\/\/schema.org\/articleBody\">\r\n                    <div class=\"cv-post-left-wrap\">\r\n                        <div class=\"cv-post-thumb\">\r\n                            <a href=\"https:\/\/nakanarach.pl\/index.php\/2022\/01\/12\/boys-i-inne-zespoly-disco-polo-na-kanarach\/\"><img decoding=\"async\" src=\"https:\/\/nakanarach.pl\/wp-content\/uploads\/2021\/07\/Boys-Marcin-Miller.jpg\" alt=\"POLSKIE TELEDYSKI NAGRYWANE NA KANARACH\"\/><\/a>\r\n                        <\/div>\r\n                    <\/div><!-- .cv-post-left-wrap -->\r\n                    <div class=\"cv-post-right-wrap\">\r\n                                                <h2 class=\"cv-post-title\">\r\n                            <a href=\"https:\/\/nakanarach.pl\/index.php\/2022\/01\/12\/boys-i-inne-zespoly-disco-polo-na-kanarach\/\" target=\"_self\">\r\n                                POLSKIE TELEDYSKI NAGRYWANE NA KANARACH                            <\/a>\r\n                        <\/h2>\r\n                        <div class=\"cv-post-meta cv-meta-icon-show\">\r\n                            <span class=\"cv-post-date cv-post-meta-item\" itemprop=\"datePublished\"><a href=\"https:\/\/nakanarach.pl\/index.php\/2022\/01\/12\/boys-i-inne-zespoly-disco-polo-na-kanarach\/\">12 stycznia 2022<\/a><\/span>                        <\/div>\r\n                        <div class=\"cv-post-content\" itemprop=\"description\">Wyspy Kanaryjskie s\u0105 ch\u0119tnie wybierane przez polskich artyst\u00f3w do nagrywania teledysk\u00f3w w pi\u0119knych sceneriach m.in.&hellip;<\/div>                        <div class=\"cv-read-more\"><a href=https:\/\/nakanarach.pl\/index.php\/2022\/01\/12\/boys-i-inne-zespoly-disco-polo-na-kanarach\/>Czytaj wi\u0119cej<i class=\"fas fa-arrow-right\"><\/i><\/a><\/div>                    <\/div><!-- .cv-post-right-wrap -->\r\n                <\/article>\r\n                        <article post-id=\"post-3662\" class=\"cv-post post-format--standard\" itemscope itemtype=\"http:\/\/schema.org\/articleBody\">\r\n                    <div class=\"cv-post-left-wrap\">\r\n                        <div class=\"cv-post-thumb\">\r\n                            <a href=\"https:\/\/nakanarach.pl\/index.php\/2022\/01\/07\/jennifer-lopez-na-gran-canarii\/\"><img decoding=\"async\" src=\"https:\/\/nakanarach.pl\/wp-content\/uploads\/2022\/01\/JLO-na-Kanarach.jpg\" alt=\"JENNIFER LOPEZ NA GRAN CANARII\"\/><\/a>\r\n                        <\/div>\r\n                    <\/div><!-- .cv-post-left-wrap -->\r\n                    <div class=\"cv-post-right-wrap\">\r\n                                                <h2 class=\"cv-post-title\">\r\n                            <a href=\"https:\/\/nakanarach.pl\/index.php\/2022\/01\/07\/jennifer-lopez-na-gran-canarii\/\" target=\"_self\">\r\n                                JENNIFER LOPEZ NA GRAN CANARII                            <\/a>\r\n                        <\/h2>\r\n                        <div class=\"cv-post-meta cv-meta-icon-show\">\r\n                            <span class=\"cv-post-date cv-post-meta-item\" itemprop=\"datePublished\"><a href=\"https:\/\/nakanarach.pl\/index.php\/2022\/01\/07\/jennifer-lopez-na-gran-canarii\/\">7 stycznia 2022<\/a><\/span>                        <\/div>\r\n                        <div class=\"cv-post-content\" itemprop=\"description\">Jak ju\u017c informowali\u015bmy w naszej gazecie nakanarach.pl w styczniu tego roku na Gran Canari\u0119 zawita\u0142a&hellip;<\/div>                        <div class=\"cv-read-more\"><a href=https:\/\/nakanarach.pl\/index.php\/2022\/01\/07\/jennifer-lopez-na-gran-canarii\/>Czytaj wi\u0119cej<i class=\"fas fa-arrow-right\"><\/i><\/a><\/div>                    <\/div><!-- .cv-post-right-wrap -->\r\n                <\/article>\r\n                        <article post-id=\"post-3493\" class=\"cv-post post-format--standard\" itemscope itemtype=\"http:\/\/schema.org\/articleBody\">\r\n                    <div class=\"cv-post-left-wrap\">\r\n                        <div class=\"cv-post-thumb\">\r\n                            <a href=\"https:\/\/nakanarach.pl\/index.php\/2021\/12\/15\/dua-lipa-na-teneryfie\/\"><img decoding=\"async\" src=\"https:\/\/nakanarach.pl\/wp-content\/uploads\/2021\/12\/Dua-Lipa-Fot.-Facebook-Dua-Lipa.jpg\" alt=\"DUA LIPA NA TENERYFIE\"\/><\/a>\r\n                        <\/div>\r\n                    <\/div><!-- .cv-post-left-wrap -->\r\n                    <div class=\"cv-post-right-wrap\">\r\n                                                <h2 class=\"cv-post-title\">\r\n                            <a href=\"https:\/\/nakanarach.pl\/index.php\/2021\/12\/15\/dua-lipa-na-teneryfie\/\" target=\"_self\">\r\n                                DUA LIPA NA TENERYFIE                            <\/a>\r\n                        <\/h2>\r\n                        <div class=\"cv-post-meta cv-meta-icon-show\">\r\n                            <span class=\"cv-post-date cv-post-meta-item\" itemprop=\"datePublished\"><a href=\"https:\/\/nakanarach.pl\/index.php\/2021\/12\/15\/dua-lipa-na-teneryfie\/\">15 grudnia 2021<\/a><\/span>                        <\/div>\r\n                        <div class=\"cv-post-content\" itemprop=\"description\">\u015awiatowej s\u0142awy supergwiazda, piosenkarka Dua Lipa nagrywa na Teneryfie reklam\u0119 dla znanej firmy modowej Yves&hellip;<\/div>                        <div class=\"cv-read-more\"><a href=https:\/\/nakanarach.pl\/index.php\/2021\/12\/15\/dua-lipa-na-teneryfie\/>Czytaj wi\u0119cej<i class=\"fas fa-arrow-right\"><\/i><\/a><\/div>                    <\/div><!-- .cv-post-right-wrap -->\r\n                <\/article>\r\n                        <article post-id=\"post-3409\" class=\"cv-post post-format--standard\" itemscope itemtype=\"http:\/\/schema.org\/articleBody\">\r\n                    <div class=\"cv-post-left-wrap\">\r\n                        <div class=\"cv-post-thumb\">\r\n                            <a href=\"https:\/\/nakanarach.pl\/index.php\/2021\/12\/03\/bonnie-tyler-na-kanarach\/\"><img decoding=\"async\" src=\"https:\/\/nakanarach.pl\/wp-content\/uploads\/2021\/12\/bonnie-tyller.jpg\" alt=\"BONNIE TYLER NA KANARACH\"\/><\/a>\r\n                        <\/div>\r\n                    <\/div><!-- .cv-post-left-wrap -->\r\n                    <div class=\"cv-post-right-wrap\">\r\n                                                <h2 class=\"cv-post-title\">\r\n                            <a href=\"https:\/\/nakanarach.pl\/index.php\/2021\/12\/03\/bonnie-tyler-na-kanarach\/\" target=\"_self\">\r\n                                BONNIE TYLER NA KANARACH                            <\/a>\r\n                        <\/h2>\r\n                        <div class=\"cv-post-meta cv-meta-icon-show\">\r\n                            <span class=\"cv-post-date cv-post-meta-item\" itemprop=\"datePublished\"><a href=\"https:\/\/nakanarach.pl\/index.php\/2021\/12\/03\/bonnie-tyler-na-kanarach\/\">3 grudnia 2021<\/a><\/span>                        <\/div>\r\n                        <div class=\"cv-post-content\" itemprop=\"description\">Bonnie Tyler&nbsp;&#8211; wyst\u0105pi\u0142a na pocz\u0105tku grudnia 2021 roku na dw\u00f3ch koncertach na Wyspach Kanaryjskich. Jeden&hellip;<\/div>                        <div class=\"cv-read-more\"><a href=https:\/\/nakanarach.pl\/index.php\/2021\/12\/03\/bonnie-tyler-na-kanarach\/>Czytaj wi\u0119cej<i class=\"fas fa-arrow-right\"><\/i><\/a><\/div>                    <\/div><!-- .cv-post-right-wrap -->\r\n                <\/article>\r\n                        <article post-id=\"post-1619\" class=\"cv-post post-format--standard\" itemscope itemtype=\"http:\/\/schema.org\/articleBody\">\r\n                    <div class=\"cv-post-left-wrap\">\r\n                        <div class=\"cv-post-thumb\">\r\n                            <a href=\"https:\/\/nakanarach.pl\/index.php\/2021\/06\/05\/shakira-nagra-teledysk-na-teneryfie\/\"><img decoding=\"async\" src=\"https:\/\/nakanarach.pl\/wp-content\/uploads\/2021\/06\/Shakira-3.png\" alt=\"SHAKIRA NAGRA\u0141A TELEDYSK NA TENERYFIE\"\/><\/a>\r\n                        <\/div>\r\n                    <\/div><!-- .cv-post-left-wrap -->\r\n                    <div class=\"cv-post-right-wrap\">\r\n                                                <h2 class=\"cv-post-title\">\r\n                            <a href=\"https:\/\/nakanarach.pl\/index.php\/2021\/06\/05\/shakira-nagra-teledysk-na-teneryfie\/\" target=\"_self\">\r\n                                SHAKIRA NAGRA\u0141A TELEDYSK NA TENERYFIE                            <\/a>\r\n                        <\/h2>\r\n                        <div class=\"cv-post-meta cv-meta-icon-show\">\r\n                            <span class=\"cv-post-date cv-post-meta-item\" itemprop=\"datePublished\"><a href=\"https:\/\/nakanarach.pl\/index.php\/2021\/06\/05\/shakira-nagra-teledysk-na-teneryfie\/\">5 czerwca 2021<\/a><\/span>                        <\/div>\r\n                        <div class=\"cv-post-content\" itemprop=\"description\">6 czerwca 2021 roku jedna z najbardziej znanych \u015bwiatowych piosenkarek Shakira nagrywa\u0142a sw\u00f3j najnowszy teledysk&hellip;<\/div>                        <div class=\"cv-read-more\"><a href=https:\/\/nakanarach.pl\/index.php\/2021\/06\/05\/shakira-nagra-teledysk-na-teneryfie\/>Czytaj wi\u0119cej<i class=\"fas fa-arrow-right\"><\/i><\/a><\/div>                    <\/div><!-- .cv-post-right-wrap -->\r\n                <\/article>\r\n                        <article post-id=\"post-426\" class=\"cv-post post-format--standard\" itemscope itemtype=\"http:\/\/schema.org\/articleBody\">\r\n                    <div class=\"cv-post-left-wrap\">\r\n                        <div class=\"cv-post-thumb\">\r\n                            <a href=\"https:\/\/nakanarach.pl\/index.php\/2021\/04\/10\/red-lips-5-rocznica-slubu-na-teneryfie\/\"><img decoding=\"async\" src=\"https:\/\/nakanarach.pl\/wp-content\/uploads\/2021\/04\/Ruda-Red-Lips.jpg\" alt=\"RED LIPS &#8211; 5 ROCZNICA \u015aLUBU NA TENERYFIE\"\/><\/a>\r\n                        <\/div>\r\n                    <\/div><!-- .cv-post-left-wrap -->\r\n                    <div class=\"cv-post-right-wrap\">\r\n                                                <h2 class=\"cv-post-title\">\r\n                            <a href=\"https:\/\/nakanarach.pl\/index.php\/2021\/04\/10\/red-lips-5-rocznica-slubu-na-teneryfie\/\" target=\"_self\">\r\n                                RED LIPS &#8211; 5 ROCZNICA \u015aLUBU NA TENERYFIE                            <\/a>\r\n                        <\/h2>\r\n                        <div class=\"cv-post-meta cv-meta-icon-show\">\r\n                            <span class=\"cv-post-date cv-post-meta-item\" itemprop=\"datePublished\"><a href=\"https:\/\/nakanarach.pl\/index.php\/2021\/04\/10\/red-lips-5-rocznica-slubu-na-teneryfie\/\">10 kwietnia 2021<\/a><\/span>                        <\/div>\r\n                        <div class=\"cv-post-content\" itemprop=\"description\">Joanna i \u0141ukasz Lazer z zespo\u0142u Red Lips kupili bilet lotniczy w jedn\u0105 stron\u0119 i&hellip;<\/div>                        <div class=\"cv-read-more\"><a href=https:\/\/nakanarach.pl\/index.php\/2021\/04\/10\/red-lips-5-rocznica-slubu-na-teneryfie\/>Czytaj wi\u0119cej<i class=\"fas fa-arrow-right\"><\/i><\/a><\/div>                    <\/div><!-- .cv-post-right-wrap -->\r\n                <\/article>\r\n                        <article post-id=\"post-421\" class=\"cv-post post-format--standard\" itemscope itemtype=\"http:\/\/schema.org\/articleBody\">\r\n                    <div class=\"cv-post-left-wrap\">\r\n                        <div class=\"cv-post-thumb\">\r\n                            <a href=\"https:\/\/nakanarach.pl\/index.php\/2021\/04\/10\/koroniewska-i-dowbor-na-fuerteventurze\/\"><img decoding=\"async\" src=\"https:\/\/nakanarach.pl\/wp-content\/uploads\/2021\/04\/Dowbor-i-Koroniewska.jpg\" alt=\"KORONIEWSKA I DOWBOR NA FUERTEVENTURZE\"\/><\/a>\r\n                        <\/div>\r\n                    <\/div><!-- .cv-post-left-wrap -->\r\n                    <div class=\"cv-post-right-wrap\">\r\n                                                <h2 class=\"cv-post-title\">\r\n                            <a href=\"https:\/\/nakanarach.pl\/index.php\/2021\/04\/10\/koroniewska-i-dowbor-na-fuerteventurze\/\" target=\"_self\">\r\n                                KORONIEWSKA I DOWBOR NA FUERTEVENTURZE                            <\/a>\r\n                        <\/h2>\r\n                        <div class=\"cv-post-meta cv-meta-icon-show\">\r\n                            <span class=\"cv-post-date cv-post-meta-item\" itemprop=\"datePublished\"><a href=\"https:\/\/nakanarach.pl\/index.php\/2021\/04\/10\/koroniewska-i-dowbor-na-fuerteventurze\/\">10 kwietnia 2021<\/a><\/span>                        <\/div>\r\n                        <div class=\"cv-post-content\" itemprop=\"description\">Wiosn\u0105 na Wyspy Kanaryjskie wybra\u0142a si\u0119 para celebryt\u00f3w. Miejscem ich wypadu sta\u0142a si\u0119 Fuerteventura. &#8211;&hellip;<\/div>                        <div class=\"cv-read-more\"><a href=https:\/\/nakanarach.pl\/index.php\/2021\/04\/10\/koroniewska-i-dowbor-na-fuerteventurze\/>Czytaj wi\u0119cej<i class=\"fas fa-arrow-right\"><\/i><\/a><\/div>                    <\/div><!-- .cv-post-right-wrap -->\r\n                <\/article>\r\n                        <article post-id=\"post-417\" class=\"cv-post post-format--standard\" itemscope itemtype=\"http:\/\/schema.org\/articleBody\">\r\n                    <div class=\"cv-post-left-wrap\">\r\n                        <div class=\"cv-post-thumb\">\r\n                            <a href=\"https:\/\/nakanarach.pl\/index.php\/2021\/04\/10\/slawek-uniatowski-rowerem-na-teide\/\"><img decoding=\"async\" src=\"https:\/\/nakanarach.pl\/wp-content\/uploads\/2021\/04\/Uniatowski.jpg\" alt=\"S\u0141AWEK UNIATOWSKI ROWEREM NA TEIDE\"\/><\/a>\r\n                        <\/div>\r\n                    <\/div><!-- .cv-post-left-wrap -->\r\n                    <div class=\"cv-post-right-wrap\">\r\n                                                <h2 class=\"cv-post-title\">\r\n                            <a href=\"https:\/\/nakanarach.pl\/index.php\/2021\/04\/10\/slawek-uniatowski-rowerem-na-teide\/\" target=\"_self\">\r\n                                S\u0141AWEK UNIATOWSKI ROWEREM NA TEIDE                            <\/a>\r\n                        <\/h2>\r\n                        <div class=\"cv-post-meta cv-meta-icon-show\">\r\n                            <span class=\"cv-post-date cv-post-meta-item\" itemprop=\"datePublished\"><a href=\"https:\/\/nakanarach.pl\/index.php\/2021\/04\/10\/slawek-uniatowski-rowerem-na-teide\/\">10 kwietnia 2021<\/a><\/span>                        <\/div>\r\n                        <div class=\"cv-post-content\" itemprop=\"description\">Polski wokalista, kompozytor, aktor, autor tekst\u00f3w i multiinstrumentalista ostatnie kilka miesi\u0119cy sp\u0119dza\u0142 na Teneryfie. W&hellip;<\/div>                        <div class=\"cv-read-more\"><a href=https:\/\/nakanarach.pl\/index.php\/2021\/04\/10\/slawek-uniatowski-rowerem-na-teide\/>Czytaj wi\u0119cej<i class=\"fas fa-arrow-right\"><\/i><\/a><\/div>                    <\/div><!-- .cv-post-right-wrap -->\r\n                <\/article>\r\n                        <article post-id=\"post-410\" class=\"cv-post post-format--standard\" itemscope itemtype=\"http:\/\/schema.org\/articleBody\">\r\n                    <div class=\"cv-post-left-wrap\">\r\n                        <div class=\"cv-post-thumb\">\r\n                            <a href=\"https:\/\/nakanarach.pl\/index.php\/2021\/04\/10\/katarzyna-glinka-wypoczywa-na-wyspach-kanaryjskich\/\"><img decoding=\"async\" src=\"https:\/\/nakanarach.pl\/wp-content\/uploads\/2021\/04\/Glinka.jpg\" alt=\"KATARZYNA GLINKA ZAMIESZKA\u0141A NA TENERYFIE\"\/><\/a>\r\n                        <\/div>\r\n                    <\/div><!-- .cv-post-left-wrap -->\r\n                    <div class=\"cv-post-right-wrap\">\r\n                                                <h2 class=\"cv-post-title\">\r\n                            <a href=\"https:\/\/nakanarach.pl\/index.php\/2021\/04\/10\/katarzyna-glinka-wypoczywa-na-wyspach-kanaryjskich\/\" target=\"_self\">\r\n                                KATARZYNA GLINKA ZAMIESZKA\u0141A NA TENERYFIE                            <\/a>\r\n                        <\/h2>\r\n                        <div class=\"cv-post-meta cv-meta-icon-show\">\r\n                            <span class=\"cv-post-date cv-post-meta-item\" itemprop=\"datePublished\"><a href=\"https:\/\/nakanarach.pl\/index.php\/2021\/04\/10\/katarzyna-glinka-wypoczywa-na-wyspach-kanaryjskich\/\">10 kwietnia 2021<\/a><\/span>                        <\/div>\r\n                        <div class=\"cv-post-content\" itemprop=\"description\">Katarzyna Glinka, aktorka znana m.in. z serialu &#8222;Barwy Szcz\u0119\u015bcia&#8221; do tego stopnia polubi\u0142a Wyspy Kanaryjskie,&hellip;<\/div>                        <div class=\"cv-read-more\"><a href=https:\/\/nakanarach.pl\/index.php\/2021\/04\/10\/katarzyna-glinka-wypoczywa-na-wyspach-kanaryjskich\/>Czytaj wi\u0119cej<i class=\"fas fa-arrow-right\"><\/i><\/a><\/div>                    <\/div><!-- .cv-post-right-wrap -->\r\n                <\/article>\r\n                        <article post-id=\"post-763\" class=\"cv-post post-format--standard\" itemscope itemtype=\"http:\/\/schema.org\/articleBody\">\r\n                    <div class=\"cv-post-left-wrap\">\r\n                        <div class=\"cv-post-thumb\">\r\n                            <a href=\"https:\/\/nakanarach.pl\/index.php\/2021\/04\/01\/kazik-staszewski-pod-palmami\/\"><img decoding=\"async\" src=\"https:\/\/nakanarach.pl\/wp-content\/uploads\/2021\/04\/Kazik.jpg\" alt=\"KAZIK STASZEWSKI POD PALMAMI\"\/><\/a>\r\n                        <\/div>\r\n                    <\/div><!-- .cv-post-left-wrap -->\r\n                    <div class=\"cv-post-right-wrap\">\r\n                                                <h2 class=\"cv-post-title\">\r\n                            <a href=\"https:\/\/nakanarach.pl\/index.php\/2021\/04\/01\/kazik-staszewski-pod-palmami\/\" target=\"_self\">\r\n                                KAZIK STASZEWSKI POD PALMAMI                            <\/a>\r\n                        <\/h2>\r\n                        <div class=\"cv-post-meta cv-meta-icon-show\">\r\n                            <span class=\"cv-post-date cv-post-meta-item\" itemprop=\"datePublished\"><a href=\"https:\/\/nakanarach.pl\/index.php\/2021\/04\/01\/kazik-staszewski-pod-palmami\/\">1 kwietnia 2021<\/a><\/span>                        <\/div>\r\n                        <div class=\"cv-post-content\" itemprop=\"description\">W\u015br\u00f3d sezonowych mieszka\u0144c\u00f3w Teneryfy jest znany polski muzyk Kazik Staszewski, kt\u00f3ry w okresie, kiedy w&hellip;<\/div>                        <div class=\"cv-read-more\"><a href=https:\/\/nakanarach.pl\/index.php\/2021\/04\/01\/kazik-staszewski-pod-palmami\/>Czytaj wi\u0119cej<i class=\"fas fa-arrow-right\"><\/i><\/a><\/div>                    <\/div><!-- .cv-post-right-wrap -->\r\n                <\/article>\r\n            <\/div><\/div>","protected":false},"excerpt":{"rendered":"","protected":false},"author":3,"featured_media":0,"parent":0,"menu_order":0,"comment_status":"closed","ping_status":"closed","template":"","meta":{"om_disable_all_campaigns":false,"_monsterinsights_skip_tracking":false,"_monsterinsights_sitenote_active":false,"_monsterinsights_sitenote_note":"","_monsterinsights_sitenote_category":0,"footnotes":""},"class_list":["post-4375","page","type-page","status-publish","hentry"],"aioseo_notices":[],"blog_post_layout_featured_media_urls":{"thumbnail":"","full":""},"categories_names":null,"comments_number":"0","wpmagazine_modules_lite_featured_media_urls":{"thumbnail":"","cvmm-medium":"","cvmm-medium-plus":"","cvmm-portrait":"","cvmm-medium-square":"","cvmm-large":"","cvmm-small":"","full":""},"_links":{"self":[{"href":"https:\/\/nakanarach.pl\/index.php\/wp-json\/wp\/v2\/pages\/4375","targetHints":{"allow":["GET"]}}],"collection":[{"href":"https:\/\/nakanarach.pl\/index.php\/wp-json\/wp\/v2\/pages"}],"about":[{"href":"https:\/\/nakanarach.pl\/index.php\/wp-json\/wp\/v2\/types\/page"}],"author":[{"embeddable":true,"href":"https:\/\/nakanarach.pl\/index.php\/wp-json\/wp\/v2\/users\/3"}],"replies":[{"embeddable":true,"href":"https:\/\/nakanarach.pl\/index.php\/wp-json\/wp\/v2\/comments?post=4375"}],"version-history":[{"count":2,"href":"https:\/\/nakanarach.pl\/index.php\/wp-json\/wp\/v2\/pages\/4375\/revisions"}],"predecessor-version":[{"id":4447,"href":"https:\/\/nakanarach.pl\/index.php\/wp-json\/wp\/v2\/pages\/4375\/revisions\/4447"}],"wp:attachment":[{"href":"https:\/\/nakanarach.pl\/index.php\/wp-json\/wp\/v2\/media?parent=4375"}],"curies":[{"name":"wp","href":"https:\/\/api.w.org\/{rel}","templated":true}]}}