{"id":4381,"date":"2022-03-17T16:06:53","date_gmt":"2022-03-17T16:06:53","guid":{"rendered":"http:\/\/nakanarach.pl\/?page_id=4381"},"modified":"2022-03-22T17:31:24","modified_gmt":"2022-03-22T17:31:24","slug":"karnawal-2","status":"publish","type":"page","link":"https:\/\/nakanarach.pl\/index.php\/karnawal-2\/","title":{"rendered":"Karnawa\u0142"},"content":{"rendered":"<div id=\"cv-list-post-layout\" class=\"block-afba406d-6415-4fd2-b4dc-ffac6746c23f cv-block cv-block-list--layout-one\">    <div class=\"cv-post-wrapper cv-post--imagemargin column--two\">\r\n                        <article post-id=\"post-9357\" class=\"cv-post post-format--standard\" itemscope itemtype=\"http:\/\/schema.org\/articleBody\">\r\n                    <div class=\"cv-post-left-wrap\">\r\n                        <div class=\"cv-post-thumb\">\r\n                            <a href=\"https:\/\/nakanarach.pl\/index.php\/2026\/01\/18\/najwiekszy-karnawal-w-europie\/\"><img decoding=\"async\" src=\"https:\/\/nakanarach.pl\/wp-content\/uploads\/2026\/01\/Karnawal-2026-Carnaval-de-santa-Cruz-de-Tenerife.jpg\" alt=\"NAJWI\u0118KSZY KARNAWA\u0141 W EUROPIE (VIDEO)\"\/><\/a>\r\n                        <\/div>\r\n                    <\/div><!-- .cv-post-left-wrap -->\r\n                    <div class=\"cv-post-right-wrap\">\r\n                                                <h2 class=\"cv-post-title\">\r\n                            <a href=\"https:\/\/nakanarach.pl\/index.php\/2026\/01\/18\/najwiekszy-karnawal-w-europie\/\" target=\"_self\">\r\n                                NAJWI\u0118KSZY KARNAWA\u0141 W EUROPIE (VIDEO)                            <\/a>\r\n                        <\/h2>\r\n                        <div class=\"cv-post-meta cv-meta-icon-show\">\r\n                            <span class=\"cv-post-date cv-post-meta-item\" itemprop=\"datePublished\"><a href=\"https:\/\/nakanarach.pl\/index.php\/2026\/01\/18\/najwiekszy-karnawal-w-europie\/\">18 stycznia 2026<\/a><\/span>                        <\/div>\r\n                        <div class=\"cv-post-content\" itemprop=\"description\">TENERYFA: Powszechnie wiadomo, \u017ce najwi\u0119kszy karnawa\u0142 odbywa si\u0119 co roku w stolicy Brazylii. Tymczasem na&hellip;<\/div>                        <div class=\"cv-read-more\"><a href=https:\/\/nakanarach.pl\/index.php\/2026\/01\/18\/najwiekszy-karnawal-w-europie\/>Czytaj wi\u0119cej<i class=\"fas fa-arrow-right\"><\/i><\/a><\/div>                    <\/div><!-- .cv-post-right-wrap -->\r\n                <\/article>\r\n                        <article post-id=\"post-9658\" class=\"cv-post post-format--standard\" itemscope itemtype=\"http:\/\/schema.org\/articleBody\">\r\n                    <div class=\"cv-post-left-wrap\">\r\n                        <div class=\"cv-post-thumb\">\r\n                            <a href=\"https:\/\/nakanarach.pl\/index.php\/2025\/03\/07\/tragiczny-karnawal-na-kanarach\/\"><img decoding=\"async\" src=\"https:\/\/nakanarach.pl\/wp-content\/uploads\/2025\/03\/Atak-Karnawal-X-cecopal.jpg\" alt=\"TRAGICZNY KARNAWA\u0141 NA KANARACH\"\/><\/a>\r\n                        <\/div>\r\n                    <\/div><!-- .cv-post-left-wrap -->\r\n                    <div class=\"cv-post-right-wrap\">\r\n                                                <h2 class=\"cv-post-title\">\r\n                            <a href=\"https:\/\/nakanarach.pl\/index.php\/2025\/03\/07\/tragiczny-karnawal-na-kanarach\/\" target=\"_self\">\r\n                                TRAGICZNY KARNAWA\u0141 NA KANARACH                            <\/a>\r\n                        <\/h2>\r\n                        <div class=\"cv-post-meta cv-meta-icon-show\">\r\n                            <span class=\"cv-post-date cv-post-meta-item\" itemprop=\"datePublished\"><a href=\"https:\/\/nakanarach.pl\/index.php\/2025\/03\/07\/tragiczny-karnawal-na-kanarach\/\">7 marca 2025<\/a><\/span>                        <\/div>\r\n                        <div class=\"cv-post-content\" itemprop=\"description\">TENERYFA\/LANZAROTE: To mia\u0142 by\u0107 czas beztroskiej zabawy, ale tegoroczny przebieg imprez karnawa\u0142owych, kt\u00f3re trwaj\u0105 na&hellip;<\/div>                        <div class=\"cv-read-more\"><a href=https:\/\/nakanarach.pl\/index.php\/2025\/03\/07\/tragiczny-karnawal-na-kanarach\/>Czytaj wi\u0119cej<i class=\"fas fa-arrow-right\"><\/i><\/a><\/div>                    <\/div><!-- .cv-post-right-wrap -->\r\n                <\/article>\r\n                        <article post-id=\"post-9592\" class=\"cv-post post-format--standard\" itemscope itemtype=\"http:\/\/schema.org\/articleBody\">\r\n                    <div class=\"cv-post-left-wrap\">\r\n                        <div class=\"cv-post-thumb\">\r\n                            <a href=\"https:\/\/nakanarach.pl\/index.php\/2025\/03\/04\/jedyny-taki-karnawal-na-swiecie\/\"><img decoding=\"async\" src=\"https:\/\/nakanarach.pl\/wp-content\/uploads\/2025\/03\/Los-indianos-2025-0.jpg\" alt=\"JEDYNY TAKI KARNAWA\u0141 NA \u015aWIECIE\"\/><\/a>\r\n                        <\/div>\r\n                    <\/div><!-- .cv-post-left-wrap -->\r\n                    <div class=\"cv-post-right-wrap\">\r\n                                                <h2 class=\"cv-post-title\">\r\n                            <a href=\"https:\/\/nakanarach.pl\/index.php\/2025\/03\/04\/jedyny-taki-karnawal-na-swiecie\/\" target=\"_self\">\r\n                                JEDYNY TAKI KARNAWA\u0141 NA \u015aWIECIE                            <\/a>\r\n                        <\/h2>\r\n                        <div class=\"cv-post-meta cv-meta-icon-show\">\r\n                            <span class=\"cv-post-date cv-post-meta-item\" itemprop=\"datePublished\"><a href=\"https:\/\/nakanarach.pl\/index.php\/2025\/03\/04\/jedyny-taki-karnawal-na-swiecie\/\">4 marca 2025<\/a><\/span>                        <\/div>\r\n                        <div class=\"cv-post-content\" itemprop=\"description\">LA PALMA: Takiego spektakularnego karnawa\u0142u nie ma ani w Rio de Janeiro, ani w Wenecji,&hellip;<\/div>                        <div class=\"cv-read-more\"><a href=https:\/\/nakanarach.pl\/index.php\/2025\/03\/04\/jedyny-taki-karnawal-na-swiecie\/>Czytaj wi\u0119cej<i class=\"fas fa-arrow-right\"><\/i><\/a><\/div>                    <\/div><!-- .cv-post-right-wrap -->\r\n                <\/article>\r\n                        <article post-id=\"post-7992\" class=\"cv-post post-format--standard\" itemscope itemtype=\"http:\/\/schema.org\/articleBody\">\r\n                    <div class=\"cv-post-left-wrap\">\r\n                        <div class=\"cv-post-thumb\">\r\n                            <a href=\"https:\/\/nakanarach.pl\/index.php\/2024\/03\/15\/zakonczenie-karnawalu-na-kanarach\/\"><img decoding=\"async\" src=\"https:\/\/nakanarach.pl\/wp-content\/uploads\/2024\/03\/Karnawal-Maspalomas1-2024.jpg\" alt=\"ZAKO\u0143CZENIE KARNAWA\u0141U NA KANARACH\"\/><\/a>\r\n                        <\/div>\r\n                    <\/div><!-- .cv-post-left-wrap -->\r\n                    <div class=\"cv-post-right-wrap\">\r\n                                                <h2 class=\"cv-post-title\">\r\n                            <a href=\"https:\/\/nakanarach.pl\/index.php\/2024\/03\/15\/zakonczenie-karnawalu-na-kanarach\/\" target=\"_self\">\r\n                                ZAKO\u0143CZENIE KARNAWA\u0141U NA KANARACH                            <\/a>\r\n                        <\/h2>\r\n                        <div class=\"cv-post-meta cv-meta-icon-show\">\r\n                            <span class=\"cv-post-date cv-post-meta-item\" itemprop=\"datePublished\"><a href=\"https:\/\/nakanarach.pl\/index.php\/2024\/03\/15\/zakonczenie-karnawalu-na-kanarach\/\">15 marca 2024<\/a><\/span>                        <\/div>\r\n                        <div class=\"cv-post-content\" itemprop=\"description\">Hiszpanie uwielbiaj\u0105 taniec, \u015bpiew i zabaw\u0119, dlatego nic dziwnego, \u017ce w tym katolickim kraju karnawa\u0142&hellip;<\/div>                        <div class=\"cv-read-more\"><a href=https:\/\/nakanarach.pl\/index.php\/2024\/03\/15\/zakonczenie-karnawalu-na-kanarach\/>Czytaj wi\u0119cej<i class=\"fas fa-arrow-right\"><\/i><\/a><\/div>                    <\/div><!-- .cv-post-right-wrap -->\r\n                <\/article>\r\n                        <article post-id=\"post-7846\" class=\"cv-post post-format--standard\" itemscope itemtype=\"http:\/\/schema.org\/articleBody\">\r\n                    <div class=\"cv-post-left-wrap\">\r\n                        <div class=\"cv-post-thumb\">\r\n                            <a href=\"https:\/\/nakanarach.pl\/index.php\/2024\/02\/12\/niespotykane-karnawaly-na-kanarach\/\"><img decoding=\"async\" src=\"https:\/\/nakanarach.pl\/wp-content\/uploads\/2024\/02\/Los-Indianos-La-Palma-Facebook.jpg\" alt=\"NIESPOTYKANE KARNAWA\u0141Y NA KANARACH\"\/><\/a>\r\n                        <\/div>\r\n                    <\/div><!-- .cv-post-left-wrap -->\r\n                    <div class=\"cv-post-right-wrap\">\r\n                                                <h2 class=\"cv-post-title\">\r\n                            <a href=\"https:\/\/nakanarach.pl\/index.php\/2024\/02\/12\/niespotykane-karnawaly-na-kanarach\/\" target=\"_self\">\r\n                                NIESPOTYKANE KARNAWA\u0141Y NA KANARACH                            <\/a>\r\n                        <\/h2>\r\n                        <div class=\"cv-post-meta cv-meta-icon-show\">\r\n                            <span class=\"cv-post-date cv-post-meta-item\" itemprop=\"datePublished\"><a href=\"https:\/\/nakanarach.pl\/index.php\/2024\/02\/12\/niespotykane-karnawaly-na-kanarach\/\">12 lutego 2024<\/a><\/span>                        <\/div>\r\n                        <div class=\"cv-post-content\" itemprop=\"description\">Kiedy w Polsce karnawa\u0142 dobiega ju\u017c ko\u0144ca to w katolickiej Hiszpanii zabawa trwa nadal w&hellip;<\/div>                        <div class=\"cv-read-more\"><a href=https:\/\/nakanarach.pl\/index.php\/2024\/02\/12\/niespotykane-karnawaly-na-kanarach\/>Czytaj wi\u0119cej<i class=\"fas fa-arrow-right\"><\/i><\/a><\/div>                    <\/div><!-- .cv-post-right-wrap -->\r\n                <\/article>\r\n                        <article post-id=\"post-6253\" class=\"cv-post post-format--standard\" itemscope itemtype=\"http:\/\/schema.org\/articleBody\">\r\n                    <div class=\"cv-post-left-wrap\">\r\n                        <div class=\"cv-post-thumb\">\r\n                            <a href=\"https:\/\/nakanarach.pl\/index.php\/2024\/01\/12\/karnawal-2023-na-wyspach-kanaryjskich\/\"><img decoding=\"async\" src=\"https:\/\/nakanarach.pl\/wp-content\/uploads\/2023\/01\/Karnawal-Teneryfa-2-Fot.-Carnaval-Santa-Cruz-de-Tenerife.jpg\" alt=\"KARNAWA\u0141 2024 NA KANARACH\"\/><\/a>\r\n                        <\/div>\r\n                    <\/div><!-- .cv-post-left-wrap -->\r\n                    <div class=\"cv-post-right-wrap\">\r\n                                                <h2 class=\"cv-post-title\">\r\n                            <a href=\"https:\/\/nakanarach.pl\/index.php\/2024\/01\/12\/karnawal-2023-na-wyspach-kanaryjskich\/\" target=\"_self\">\r\n                                KARNAWA\u0141 2024 NA KANARACH                            <\/a>\r\n                        <\/h2>\r\n                        <div class=\"cv-post-meta cv-meta-icon-show\">\r\n                            <span class=\"cv-post-date cv-post-meta-item\" itemprop=\"datePublished\"><a href=\"https:\/\/nakanarach.pl\/index.php\/2024\/01\/12\/karnawal-2023-na-wyspach-kanaryjskich\/\">12 stycznia 2024<\/a><\/span>                        <\/div>\r\n                        <div class=\"cv-post-content\" itemprop=\"description\">12 stycznia 2024 roku na kanaryjskiej Teneryfie rozpocz\u0105\u0142 si\u0119 najwi\u0119kszy w Europie karnawa\u0142. Podobne, nie&hellip;<\/div>                        <div class=\"cv-read-more\"><a href=https:\/\/nakanarach.pl\/index.php\/2024\/01\/12\/karnawal-2023-na-wyspach-kanaryjskich\/>Czytaj wi\u0119cej<i class=\"fas fa-arrow-right\"><\/i><\/a><\/div>                    <\/div><!-- .cv-post-right-wrap -->\r\n                <\/article>\r\n                        <article post-id=\"post-5231\" class=\"cv-post post-format--standard\" itemscope itemtype=\"http:\/\/schema.org\/articleBody\">\r\n                    <div class=\"cv-post-left-wrap\">\r\n                        <div class=\"cv-post-thumb\">\r\n                            <a href=\"https:\/\/nakanarach.pl\/index.php\/2022\/07\/06\/najlepsza-fiesta-na-kanarach\/\"><img decoding=\"async\" src=\"https:\/\/nakanarach.pl\/wp-content\/uploads\/2022\/07\/Najlepsza-fiesta-La-Palma.jpg\" alt=\"NAJLEPSZA FIESTA NA KANARACH\"\/><\/a>\r\n                        <\/div>\r\n                    <\/div><!-- .cv-post-left-wrap -->\r\n                    <div class=\"cv-post-right-wrap\">\r\n                                                <h2 class=\"cv-post-title\">\r\n                            <a href=\"https:\/\/nakanarach.pl\/index.php\/2022\/07\/06\/najlepsza-fiesta-na-kanarach\/\" target=\"_self\">\r\n                                NAJLEPSZA FIESTA NA KANARACH                            <\/a>\r\n                        <\/h2>\r\n                        <div class=\"cv-post-meta cv-meta-icon-show\">\r\n                            <span class=\"cv-post-date cv-post-meta-item\" itemprop=\"datePublished\"><a href=\"https:\/\/nakanarach.pl\/index.php\/2022\/07\/06\/najlepsza-fiesta-na-kanarach\/\">6 lipca 2022<\/a><\/span>                        <\/div>\r\n                        <div class=\"cv-post-content\" itemprop=\"description\">La Palma ma jedn\u0105 z najlepszych imprez plenerowych w ca\u0142ej Hiszpanii. W po\u0142owie 2022 roku&hellip;<\/div>                        <div class=\"cv-read-more\"><a href=https:\/\/nakanarach.pl\/index.php\/2022\/07\/06\/najlepsza-fiesta-na-kanarach\/>Czytaj wi\u0119cej<i class=\"fas fa-arrow-right\"><\/i><\/a><\/div>                    <\/div><!-- .cv-post-right-wrap -->\r\n                <\/article>\r\n                        <article post-id=\"post-5051\" class=\"cv-post post-format--standard\" itemscope itemtype=\"http:\/\/schema.org\/articleBody\">\r\n                    <div class=\"cv-post-left-wrap\">\r\n                        <div class=\"cv-post-thumb\">\r\n                            <a href=\"https:\/\/nakanarach.pl\/index.php\/2022\/07\/01\/karnawal-czas-zaczac\/\"><img decoding=\"async\" src=\"https:\/\/nakanarach.pl\/wp-content\/uploads\/2022\/07\/Karnawal-Kawalkada-1-scaled.jpg\" alt=\"KARNAWA\u0141 NA TENERYFIE I GRAN CANARII (AKTUALIZACJA)\"\/><\/a>\r\n                        <\/div>\r\n                    <\/div><!-- .cv-post-left-wrap -->\r\n                    <div class=\"cv-post-right-wrap\">\r\n                                                <h2 class=\"cv-post-title\">\r\n                            <a href=\"https:\/\/nakanarach.pl\/index.php\/2022\/07\/01\/karnawal-czas-zaczac\/\" target=\"_self\">\r\n                                KARNAWA\u0141 NA TENERYFIE I GRAN CANARII (AKTUALIZACJA)                            <\/a>\r\n                        <\/h2>\r\n                        <div class=\"cv-post-meta cv-meta-icon-show\">\r\n                            <span class=\"cv-post-date cv-post-meta-item\" itemprop=\"datePublished\"><a href=\"https:\/\/nakanarach.pl\/index.php\/2022\/07\/01\/karnawal-czas-zaczac\/\">1 lipca 2022<\/a><\/span>                        <\/div>\r\n                        <div class=\"cv-post-content\" itemprop=\"description\">Wiele gmin na Wyspach Kanaryjskich nie zorganizowa\u0142o w tym roku przed Wielkanoc\u0105 hucznych imprez karnawa\u0142owych&hellip;<\/div>                        <div class=\"cv-read-more\"><a href=https:\/\/nakanarach.pl\/index.php\/2022\/07\/01\/karnawal-czas-zaczac\/>Czytaj wi\u0119cej<i class=\"fas fa-arrow-right\"><\/i><\/a><\/div>                    <\/div><!-- .cv-post-right-wrap -->\r\n                <\/article>\r\n                        <article post-id=\"post-4426\" class=\"cv-post post-format--standard\" itemscope itemtype=\"http:\/\/schema.org\/articleBody\">\r\n                    <div class=\"cv-post-left-wrap\">\r\n                        <div class=\"cv-post-thumb\">\r\n                            <a href=\"https:\/\/nakanarach.pl\/index.php\/2022\/03\/18\/pogrzeb-sardynki-koniec-karnawalu\/\"><img decoding=\"async\" src=\"https:\/\/nakanarach.pl\/wp-content\/uploads\/2022\/03\/Sardynka-scaled.jpg\" alt=\"POGRZEB SARDYNKI &#8211; KONIEC KARNAWA\u0141U\"\/><\/a>\r\n                        <\/div>\r\n                    <\/div><!-- .cv-post-left-wrap -->\r\n                    <div class=\"cv-post-right-wrap\">\r\n                                                <h2 class=\"cv-post-title\">\r\n                            <a href=\"https:\/\/nakanarach.pl\/index.php\/2022\/03\/18\/pogrzeb-sardynki-koniec-karnawalu\/\" target=\"_self\">\r\n                                POGRZEB SARDYNKI &#8211; KONIEC KARNAWA\u0141U                            <\/a>\r\n                        <\/h2>\r\n                        <div class=\"cv-post-meta cv-meta-icon-show\">\r\n                            <span class=\"cv-post-date cv-post-meta-item\" itemprop=\"datePublished\"><a href=\"https:\/\/nakanarach.pl\/index.php\/2022\/03\/18\/pogrzeb-sardynki-koniec-karnawalu\/\">18 marca 2022<\/a><\/span>                        <\/div>\r\n                        <div class=\"cv-post-content\" itemprop=\"description\">WYSPY KANARYJSKIE: Tradycyjny pogrzeb sardynki zako\u0144czy 20 marca 2022 roku karnawa\u0142 w Las Palmas de&hellip;<\/div>                        <div class=\"cv-read-more\"><a href=https:\/\/nakanarach.pl\/index.php\/2022\/03\/18\/pogrzeb-sardynki-koniec-karnawalu\/>Czytaj wi\u0119cej<i class=\"fas fa-arrow-right\"><\/i><\/a><\/div>                    <\/div><!-- .cv-post-right-wrap -->\r\n                <\/article>\r\n                        <article post-id=\"post-4115\" class=\"cv-post post-format--standard\" itemscope itemtype=\"http:\/\/schema.org\/articleBody\">\r\n                    <div class=\"cv-post-left-wrap\">\r\n                        <div class=\"cv-post-thumb\">\r\n                            <a href=\"https:\/\/nakanarach.pl\/index.php\/2022\/03\/04\/karnawal-w-las-palmas\/\"><img decoding=\"async\" src=\"https:\/\/nakanarach.pl\/wp-content\/uploads\/2022\/02\/Karnawal-2022-scena-lpacarnaval.jpg\" alt=\"KARNAWA\u0141 NA KANARACH (AKTUALIZACJA)\"\/><\/a>\r\n                        <\/div>\r\n                    <\/div><!-- .cv-post-left-wrap -->\r\n                    <div class=\"cv-post-right-wrap\">\r\n                                                <h2 class=\"cv-post-title\">\r\n                            <a href=\"https:\/\/nakanarach.pl\/index.php\/2022\/03\/04\/karnawal-w-las-palmas\/\" target=\"_self\">\r\n                                KARNAWA\u0141 NA KANARACH (AKTUALIZACJA)                            <\/a>\r\n                        <\/h2>\r\n                        <div class=\"cv-post-meta cv-meta-icon-show\">\r\n                            <span class=\"cv-post-date cv-post-meta-item\" itemprop=\"datePublished\"><a href=\"https:\/\/nakanarach.pl\/index.php\/2022\/03\/04\/karnawal-w-las-palmas\/\">4 marca 2022<\/a><\/span>                        <\/div>\r\n                        <div class=\"cv-post-content\" itemprop=\"description\">Pomimo ogranicze\u0144 pandemicznych od 25 lutego do 20 marca 2022 roku trwa karnawa\u0142 w Las&hellip;<\/div>                        <div class=\"cv-read-more\"><a href=https:\/\/nakanarach.pl\/index.php\/2022\/03\/04\/karnawal-w-las-palmas\/>Czytaj wi\u0119cej<i class=\"fas fa-arrow-right\"><\/i><\/a><\/div>                    <\/div><!-- .cv-post-right-wrap -->\r\n                <\/article>\r\n                        <article post-id=\"post-3764\" class=\"cv-post post-format--standard\" itemscope itemtype=\"http:\/\/schema.org\/articleBody\">\r\n                    <div class=\"cv-post-left-wrap\">\r\n                        <div class=\"cv-post-thumb\">\r\n                            <a href=\"https:\/\/nakanarach.pl\/index.php\/2022\/01\/18\/przesuwaja-terminy-karnawalu\/\"><img decoding=\"async\" src=\"https:\/\/nakanarach.pl\/wp-content\/uploads\/2021\/12\/Karnawal-Kanaryjski-rotated.jpg\" alt=\"PRZESUWAJ\u0104 TERMINY KARNAWA\u0141U\"\/><\/a>\r\n                        <\/div>\r\n                    <\/div><!-- .cv-post-left-wrap -->\r\n                    <div class=\"cv-post-right-wrap\">\r\n                                                <h2 class=\"cv-post-title\">\r\n                            <a href=\"https:\/\/nakanarach.pl\/index.php\/2022\/01\/18\/przesuwaja-terminy-karnawalu\/\" target=\"_self\">\r\n                                PRZESUWAJ\u0104 TERMINY KARNAWA\u0141U                            <\/a>\r\n                        <\/h2>\r\n                        <div class=\"cv-post-meta cv-meta-icon-show\">\r\n                            <span class=\"cv-post-date cv-post-meta-item\" itemprop=\"datePublished\"><a href=\"https:\/\/nakanarach.pl\/index.php\/2022\/01\/18\/przesuwaja-terminy-karnawalu\/\">18 stycznia 2022<\/a><\/span>                        <\/div>\r\n                        <div class=\"cv-post-content\" itemprop=\"description\">W\u0142adze Santa Cruz de Tenerife zgodzi\u0142o si\u0119 prze\u0142o\u017cy\u0107 obchody Karnawa\u0142u do czerwca 2022 roku ze&hellip;<\/div>                        <div class=\"cv-read-more\"><a href=https:\/\/nakanarach.pl\/index.php\/2022\/01\/18\/przesuwaja-terminy-karnawalu\/>Czytaj wi\u0119cej<i class=\"fas fa-arrow-right\"><\/i><\/a><\/div>                    <\/div><!-- .cv-post-right-wrap -->\r\n                <\/article>\r\n                        <article post-id=\"post-399\" class=\"cv-post post-format--standard\" itemscope itemtype=\"http:\/\/schema.org\/articleBody\">\r\n                    <div class=\"cv-post-left-wrap\">\r\n                        <div class=\"cv-post-thumb\">\r\n                            <a href=\"https:\/\/nakanarach.pl\/index.php\/2021\/04\/11\/najwiekszy-po-brazylii-karnawal-jest-na-kanarach\/\"><img decoding=\"async\" src=\"https:\/\/nakanarach.pl\/wp-content\/uploads\/2021\/03\/Karnawal.jpg\" alt=\"NAJWI\u0118KSZY KARNAWA\u0141 PO BRAZYLII JEST NA KANARACH\"\/><\/a>\r\n                        <\/div>\r\n                    <\/div><!-- .cv-post-left-wrap -->\r\n                    <div class=\"cv-post-right-wrap\">\r\n                                                <h2 class=\"cv-post-title\">\r\n                            <a href=\"https:\/\/nakanarach.pl\/index.php\/2021\/04\/11\/najwiekszy-po-brazylii-karnawal-jest-na-kanarach\/\" target=\"_self\">\r\n                                NAJWI\u0118KSZY KARNAWA\u0141 PO BRAZYLII JEST NA KANARACH                            <\/a>\r\n                        <\/h2>\r\n                        <div class=\"cv-post-meta cv-meta-icon-show\">\r\n                            <span class=\"cv-post-date cv-post-meta-item\" itemprop=\"datePublished\"><a href=\"https:\/\/nakanarach.pl\/index.php\/2021\/04\/11\/najwiekszy-po-brazylii-karnawal-jest-na-kanarach\/\">11 kwietnia 2021<\/a><\/span>                        <\/div>\r\n                        <div class=\"cv-post-content\" itemprop=\"description\">Chyba nikt nie ma w\u0105tpliwo\u015bci, \u017ce najwi\u0119kszy karnawa\u0142 na \u015bwiecie odbywa si\u0119 w stolicy Brazylii&hellip;<\/div>                        <div class=\"cv-read-more\"><a href=https:\/\/nakanarach.pl\/index.php\/2021\/04\/11\/najwiekszy-po-brazylii-karnawal-jest-na-kanarach\/>Czytaj wi\u0119cej<i class=\"fas fa-arrow-right\"><\/i><\/a><\/div>                    <\/div><!-- .cv-post-right-wrap -->\r\n                <\/article>\r\n            <\/div><\/div>","protected":false},"excerpt":{"rendered":"","protected":false},"author":3,"featured_media":0,"parent":0,"menu_order":0,"comment_status":"closed","ping_status":"closed","template":"","meta":{"om_disable_all_campaigns":false,"_monsterinsights_skip_tracking":false,"_monsterinsights_sitenote_active":false,"_monsterinsights_sitenote_note":"","_monsterinsights_sitenote_category":0,"footnotes":""},"class_list":["post-4381","page","type-page","status-publish","hentry"],"aioseo_notices":[],"blog_post_layout_featured_media_urls":{"thumbnail":"","full":""},"categories_names":null,"comments_number":"0","wpmagazine_modules_lite_featured_media_urls":{"thumbnail":"","cvmm-medium":"","cvmm-medium-plus":"","cvmm-portrait":"","cvmm-medium-square":"","cvmm-large":"","cvmm-small":"","full":""},"_links":{"self":[{"href":"https:\/\/nakanarach.pl\/index.php\/wp-json\/wp\/v2\/pages\/4381","targetHints":{"allow":["GET"]}}],"collection":[{"href":"https:\/\/nakanarach.pl\/index.php\/wp-json\/wp\/v2\/pages"}],"about":[{"href":"https:\/\/nakanarach.pl\/index.php\/wp-json\/wp\/v2\/types\/page"}],"author":[{"embeddable":true,"href":"https:\/\/nakanarach.pl\/index.php\/wp-json\/wp\/v2\/users\/3"}],"replies":[{"embeddable":true,"href":"https:\/\/nakanarach.pl\/index.php\/wp-json\/wp\/v2\/comments?post=4381"}],"version-history":[{"count":2,"href":"https:\/\/nakanarach.pl\/index.php\/wp-json\/wp\/v2\/pages\/4381\/revisions"}],"predecessor-version":[{"id":4470,"href":"https:\/\/nakanarach.pl\/index.php\/wp-json\/wp\/v2\/pages\/4381\/revisions\/4470"}],"wp:attachment":[{"href":"https:\/\/nakanarach.pl\/index.php\/wp-json\/wp\/v2\/media?parent=4381"}],"curies":[{"name":"wp","href":"https:\/\/api.w.org\/{rel}","templated":true}]}}