{"id":4405,"date":"2022-03-17T16:18:35","date_gmt":"2022-03-17T16:18:35","guid":{"rendered":"http:\/\/nakanarach.pl\/?page_id=4405"},"modified":"2022-03-21T17:23:38","modified_gmt":"2022-03-21T17:23:38","slug":"interwencje","status":"publish","type":"page","link":"https:\/\/nakanarach.pl\/index.php\/interwencje\/","title":{"rendered":"Interwencje"},"content":{"rendered":"<div id=\"cv-list-post-layout\" class=\"block-3b9764bd-2dca-432b-9feb-7b90511bc655 cv-block cv-block-list--layout-one\">    <div class=\"cv-post-wrapper cv-post--imagemargin column--two\">\r\n                        <article post-id=\"post-14057\" class=\"cv-post post-format--standard\" itemscope itemtype=\"http:\/\/schema.org\/articleBody\">\r\n                    <div class=\"cv-post-left-wrap\">\r\n                        <div class=\"cv-post-thumb\">\r\n                            <a href=\"https:\/\/nakanarach.pl\/index.php\/2026\/04\/29\/dron-wstrzymal-wszystkie-loty\/\"><img decoding=\"async\" src=\"https:\/\/nakanarach.pl\/wp-content\/uploads\/2026\/03\/Dron-Guardia-Civil.webp\" alt=\"DRON WSTRZYMA\u0141 WSZYSTKIE LOTY\"\/><\/a>\r\n                        <\/div>\r\n                    <\/div><!-- .cv-post-left-wrap -->\r\n                    <div class=\"cv-post-right-wrap\">\r\n                                                <h2 class=\"cv-post-title\">\r\n                            <a href=\"https:\/\/nakanarach.pl\/index.php\/2026\/04\/29\/dron-wstrzymal-wszystkie-loty\/\" target=\"_self\">\r\n                                DRON WSTRZYMA\u0141 WSZYSTKIE LOTY                            <\/a>\r\n                        <\/h2>\r\n                        <div class=\"cv-post-meta cv-meta-icon-show\">\r\n                            <span class=\"cv-post-date cv-post-meta-item\" itemprop=\"datePublished\"><a href=\"https:\/\/nakanarach.pl\/index.php\/2026\/04\/29\/dron-wstrzymal-wszystkie-loty\/\">29 kwietnia 2026<\/a><\/span>                        <\/div>\r\n                        <div class=\"cv-post-content\" itemprop=\"description\">LANZAROTE: Gwardia Cywilna wci\u0105\u017c szuka operatora drona, kt\u00f3ry powa\u017cnie zagrozi\u0142 bezpiecze\u0144stwu ruchu lotniczego na popularnej&hellip;<\/div>                        <div class=\"cv-read-more\"><a href=https:\/\/nakanarach.pl\/index.php\/2026\/04\/29\/dron-wstrzymal-wszystkie-loty\/>Czytaj wi\u0119cej<i class=\"fas fa-arrow-right\"><\/i><\/a><\/div>                    <\/div><!-- .cv-post-right-wrap -->\r\n                <\/article>\r\n                        <article post-id=\"post-14063\" class=\"cv-post post-format--standard\" itemscope itemtype=\"http:\/\/schema.org\/articleBody\">\r\n                    <div class=\"cv-post-left-wrap\">\r\n                        <div class=\"cv-post-thumb\">\r\n                            <a href=\"https:\/\/nakanarach.pl\/index.php\/2026\/04\/28\/ocean-porwal-ponton-z-dziecmi\/\"><img decoding=\"async\" src=\"https:\/\/nakanarach.pl\/wp-content\/uploads\/2026\/04\/Plaza-El-Reducto-Arrecife.webp\" alt=\"OCEAN PORWA\u0141 PONTON Z DZIE\u0106MI\"\/><\/a>\r\n                        <\/div>\r\n                    <\/div><!-- .cv-post-left-wrap -->\r\n                    <div class=\"cv-post-right-wrap\">\r\n                                                <h2 class=\"cv-post-title\">\r\n                            <a href=\"https:\/\/nakanarach.pl\/index.php\/2026\/04\/28\/ocean-porwal-ponton-z-dziecmi\/\" target=\"_self\">\r\n                                OCEAN PORWA\u0141 PONTON Z DZIE\u0106MI                            <\/a>\r\n                        <\/h2>\r\n                        <div class=\"cv-post-meta cv-meta-icon-show\">\r\n                            <span class=\"cv-post-date cv-post-meta-item\" itemprop=\"datePublished\"><a href=\"https:\/\/nakanarach.pl\/index.php\/2026\/04\/28\/ocean-porwal-ponton-z-dziecmi\/\">28 kwietnia 2026<\/a><\/span>                        <\/div>\r\n                        <div class=\"cv-post-content\" itemprop=\"description\">LANZAROTE:\u00a0Chwile grozy prze\u017cy\u0142o dwoje dzieci, po tym jak fala wci\u0105gn\u0119\u0142a w g\u0142\u0105b oceanu ich ponton\u00a0na&hellip;<\/div>                        <div class=\"cv-read-more\"><a href=https:\/\/nakanarach.pl\/index.php\/2026\/04\/28\/ocean-porwal-ponton-z-dziecmi\/>Czytaj wi\u0119cej<i class=\"fas fa-arrow-right\"><\/i><\/a><\/div>                    <\/div><!-- .cv-post-right-wrap -->\r\n                <\/article>\r\n                        <article post-id=\"post-13949\" class=\"cv-post post-format--standard\" itemscope itemtype=\"http:\/\/schema.org\/articleBody\">\r\n                    <div class=\"cv-post-left-wrap\">\r\n                        <div class=\"cv-post-thumb\">\r\n                            <a href=\"https:\/\/nakanarach.pl\/index.php\/2026\/04\/21\/tragiczny-final-poszukiwania-turysty\/\"><img decoding=\"async\" src=\"https:\/\/nakanarach.pl\/wp-content\/uploads\/2026\/04\/Poszukiwania-Emerlan-Lanzarote.webp\" alt=\"TRAGICZNY FINA\u0141 POSZUKIWANIA TURYSTY\"\/><\/a>\r\n                        <\/div>\r\n                    <\/div><!-- .cv-post-left-wrap -->\r\n                    <div class=\"cv-post-right-wrap\">\r\n                                                <h2 class=\"cv-post-title\">\r\n                            <a href=\"https:\/\/nakanarach.pl\/index.php\/2026\/04\/21\/tragiczny-final-poszukiwania-turysty\/\" target=\"_self\">\r\n                                TRAGICZNY FINA\u0141 POSZUKIWANIA TURYSTY                            <\/a>\r\n                        <\/h2>\r\n                        <div class=\"cv-post-meta cv-meta-icon-show\">\r\n                            <span class=\"cv-post-date cv-post-meta-item\" itemprop=\"datePublished\"><a href=\"https:\/\/nakanarach.pl\/index.php\/2026\/04\/21\/tragiczny-final-poszukiwania-turysty\/\">21 kwietnia 2026<\/a><\/span>                        <\/div>\r\n                        <div class=\"cv-post-content\" itemprop=\"description\">LANZAROTE\/TENERYFA: Po kilku dniach szeroko zakrojonej akcji zako\u0144czono poszukiwania zaginionego turysty na kanaryjskiej wyspie Lanzarote.&hellip;<\/div>                        <div class=\"cv-read-more\"><a href=https:\/\/nakanarach.pl\/index.php\/2026\/04\/21\/tragiczny-final-poszukiwania-turysty\/>Czytaj wi\u0119cej<i class=\"fas fa-arrow-right\"><\/i><\/a><\/div>                    <\/div><!-- .cv-post-right-wrap -->\r\n                <\/article>\r\n                        <article post-id=\"post-13989\" class=\"cv-post post-format--standard\" itemscope itemtype=\"http:\/\/schema.org\/articleBody\">\r\n                    <div class=\"cv-post-left-wrap\">\r\n                        <div class=\"cv-post-thumb\">\r\n                            <a href=\"https:\/\/nakanarach.pl\/index.php\/2026\/04\/18\/tragiczny-pozar-nie-zyja-4-osoby\/\"><img decoding=\"async\" src=\"https:\/\/nakanarach.pl\/wp-content\/uploads\/2026\/04\/Pozar-w-bloku-Bomberos-de-Tenerife-0.jpg\" alt=\"TRAGICZNY PO\u017bAR &#8211; NIE \u017bYJ\u0104 4 OSOBY\"\/><\/a>\r\n                        <\/div>\r\n                    <\/div><!-- .cv-post-left-wrap -->\r\n                    <div class=\"cv-post-right-wrap\">\r\n                                                <h2 class=\"cv-post-title\">\r\n                            <a href=\"https:\/\/nakanarach.pl\/index.php\/2026\/04\/18\/tragiczny-pozar-nie-zyja-4-osoby\/\" target=\"_self\">\r\n                                TRAGICZNY PO\u017bAR &#8211; NIE \u017bYJ\u0104 4 OSOBY                            <\/a>\r\n                        <\/h2>\r\n                        <div class=\"cv-post-meta cv-meta-icon-show\">\r\n                            <span class=\"cv-post-date cv-post-meta-item\" itemprop=\"datePublished\"><a href=\"https:\/\/nakanarach.pl\/index.php\/2026\/04\/18\/tragiczny-pozar-nie-zyja-4-osoby\/\">18 kwietnia 2026<\/a><\/span>                        <\/div>\r\n                        <div class=\"cv-post-content\" itemprop=\"description\">TENERYFA: Jedna osoba zgin\u0119\u0142a na miejscu podczas powa\u017cnego po\u017caru mieszkania w miejscowo\u015bci Los Realejos na&hellip;<\/div>                        <div class=\"cv-read-more\"><a href=https:\/\/nakanarach.pl\/index.php\/2026\/04\/18\/tragiczny-pozar-nie-zyja-4-osoby\/>Czytaj wi\u0119cej<i class=\"fas fa-arrow-right\"><\/i><\/a><\/div>                    <\/div><!-- .cv-post-right-wrap -->\r\n                <\/article>\r\n                        <article post-id=\"post-13878\" class=\"cv-post post-format--standard\" itemscope itemtype=\"http:\/\/schema.org\/articleBody\">\r\n                    <div class=\"cv-post-left-wrap\">\r\n                        <div class=\"cv-post-thumb\">\r\n                            <a href=\"https:\/\/nakanarach.pl\/index.php\/2026\/04\/14\/brutalny-napad-z-bronia-na-turystow\/\"><img decoding=\"async\" src=\"https:\/\/nakanarach.pl\/wp-content\/uploads\/2025\/05\/Gwardia-Cywilna-kajdanki.jpg\" alt=\"BRUTALNY NAPAD Z BRONI\u0104 NA TURYST\u00d3W\"\/><\/a>\r\n                        <\/div>\r\n                    <\/div><!-- .cv-post-left-wrap -->\r\n                    <div class=\"cv-post-right-wrap\">\r\n                                                <h2 class=\"cv-post-title\">\r\n                            <a href=\"https:\/\/nakanarach.pl\/index.php\/2026\/04\/14\/brutalny-napad-z-bronia-na-turystow\/\" target=\"_self\">\r\n                                BRUTALNY NAPAD Z BRONI\u0104 NA TURYST\u00d3W                            <\/a>\r\n                        <\/h2>\r\n                        <div class=\"cv-post-meta cv-meta-icon-show\">\r\n                            <span class=\"cv-post-date cv-post-meta-item\" itemprop=\"datePublished\"><a href=\"https:\/\/nakanarach.pl\/index.php\/2026\/04\/14\/brutalny-napad-z-bronia-na-turystow\/\">14 kwietnia 2026<\/a><\/span>                        <\/div>\r\n                        <div class=\"cv-post-content\" itemprop=\"description\">LANZAROTE: Gwardia Cywilna zatrzyma\u0142a dw\u00f3ch nastolatk\u00f3w po brutalnym napadzie na o\u015brodek wypoczynkowy w popularnym kurorcie&hellip;<\/div>                        <div class=\"cv-read-more\"><a href=https:\/\/nakanarach.pl\/index.php\/2026\/04\/14\/brutalny-napad-z-bronia-na-turystow\/>Czytaj wi\u0119cej<i class=\"fas fa-arrow-right\"><\/i><\/a><\/div>                    <\/div><!-- .cv-post-right-wrap -->\r\n                <\/article>\r\n                        <article post-id=\"post-13856\" class=\"cv-post post-format--standard\" itemscope itemtype=\"http:\/\/schema.org\/articleBody\">\r\n                    <div class=\"cv-post-left-wrap\">\r\n                        <div class=\"cv-post-thumb\">\r\n                            <a href=\"https:\/\/nakanarach.pl\/index.php\/2026\/04\/13\/sztorm-burza-wiatr-i-niskie-temperatury-video\/\"><img decoding=\"async\" src=\"https:\/\/nakanarach.pl\/wp-content\/uploads\/2026\/04\/Ratowali-dziewczynke-Bomberos-Gran-Canaria.jpg\" alt=\"SZTORM, BURZA, WIATR I NISKIE TEMPERATURY (VIDEO)\"\/><\/a>\r\n                        <\/div>\r\n                    <\/div><!-- .cv-post-left-wrap -->\r\n                    <div class=\"cv-post-right-wrap\">\r\n                                                <h2 class=\"cv-post-title\">\r\n                            <a href=\"https:\/\/nakanarach.pl\/index.php\/2026\/04\/13\/sztorm-burza-wiatr-i-niskie-temperatury-video\/\" target=\"_self\">\r\n                                SZTORM, BURZA, WIATR I NISKIE TEMPERATURY (VIDEO)                            <\/a>\r\n                        <\/h2>\r\n                        <div class=\"cv-post-meta cv-meta-icon-show\">\r\n                            <span class=\"cv-post-date cv-post-meta-item\" itemprop=\"datePublished\"><a href=\"https:\/\/nakanarach.pl\/index.php\/2026\/04\/13\/sztorm-burza-wiatr-i-niskie-temperatury-video\/\">13 kwietnia 2026<\/a><\/span>                        <\/div>\r\n                        <div class=\"cv-post-content\" itemprop=\"description\">HISZPANIA\/WYSPY KANARYJSKIE: Kolejna, ju\u017c 8 w ci\u0105gu roku burza i ulewne opady deszczu, ponownie pojawi\u0142y&hellip;<\/div>                        <div class=\"cv-read-more\"><a href=https:\/\/nakanarach.pl\/index.php\/2026\/04\/13\/sztorm-burza-wiatr-i-niskie-temperatury-video\/>Czytaj wi\u0119cej<i class=\"fas fa-arrow-right\"><\/i><\/a><\/div>                    <\/div><!-- .cv-post-right-wrap -->\r\n                <\/article>\r\n                        <article post-id=\"post-13789\" class=\"cv-post post-format--standard\" itemscope itemtype=\"http:\/\/schema.org\/articleBody\">\r\n                    <div class=\"cv-post-left-wrap\">\r\n                        <div class=\"cv-post-thumb\">\r\n                            <a href=\"https:\/\/nakanarach.pl\/index.php\/2026\/04\/08\/zwloki-w-oceanie-i-kolejny-alert-burzowy\/\"><img decoding=\"async\" src=\"https:\/\/nakanarach.pl\/wp-content\/uploads\/2026\/04\/Salamento-Maitimo-Ocean-ratownictwo.jpg\" alt=\"ZW\u0141OKI W OCEANIE I KOLEJNY ALERT BURZOWY\"\/><\/a>\r\n                        <\/div>\r\n                    <\/div><!-- .cv-post-left-wrap -->\r\n                    <div class=\"cv-post-right-wrap\">\r\n                                                <h2 class=\"cv-post-title\">\r\n                            <a href=\"https:\/\/nakanarach.pl\/index.php\/2026\/04\/08\/zwloki-w-oceanie-i-kolejny-alert-burzowy\/\" target=\"_self\">\r\n                                ZW\u0141OKI W OCEANIE I KOLEJNY ALERT BURZOWY                            <\/a>\r\n                        <\/h2>\r\n                        <div class=\"cv-post-meta cv-meta-icon-show\">\r\n                            <span class=\"cv-post-date cv-post-meta-item\" itemprop=\"datePublished\"><a href=\"https:\/\/nakanarach.pl\/index.php\/2026\/04\/08\/zwloki-w-oceanie-i-kolejny-alert-burzowy\/\">8 kwietnia 2026<\/a><\/span>                        <\/div>\r\n                        <div class=\"cv-post-content\" itemprop=\"description\">WYSPY KANARYJSKIE: Kolejna \u015bmiertelna ofiara oceanu u wybrze\u017cy hiszpa\u0144skiego archipelagu. Zespo\u0142y ratunkowe na Teneryfie wy\u0142owi\u0142y&hellip;<\/div>                        <div class=\"cv-read-more\"><a href=https:\/\/nakanarach.pl\/index.php\/2026\/04\/08\/zwloki-w-oceanie-i-kolejny-alert-burzowy\/>Czytaj wi\u0119cej<i class=\"fas fa-arrow-right\"><\/i><\/a><\/div>                    <\/div><!-- .cv-post-right-wrap -->\r\n                <\/article>\r\n                        <article post-id=\"post-13435\" class=\"cv-post post-format--standard\" itemscope itemtype=\"http:\/\/schema.org\/articleBody\">\r\n                    <div class=\"cv-post-left-wrap\">\r\n                        <div class=\"cv-post-thumb\">\r\n                            <a href=\"https:\/\/nakanarach.pl\/index.php\/2026\/03\/16\/pozar-i-ewakuacja-w-hotelu\/\"><img decoding=\"async\" src=\"https:\/\/nakanarach.pl\/wp-content\/uploads\/2026\/03\/Pozar-w-hotelu.jpg\" alt=\"PO\u017bAR I EWAKUACJA W HOTELU\"\/><\/a>\r\n                        <\/div>\r\n                    <\/div><!-- .cv-post-left-wrap -->\r\n                    <div class=\"cv-post-right-wrap\">\r\n                                                <h2 class=\"cv-post-title\">\r\n                            <a href=\"https:\/\/nakanarach.pl\/index.php\/2026\/03\/16\/pozar-i-ewakuacja-w-hotelu\/\" target=\"_self\">\r\n                                PO\u017bAR I EWAKUACJA W HOTELU                            <\/a>\r\n                        <\/h2>\r\n                        <div class=\"cv-post-meta cv-meta-icon-show\">\r\n                            <span class=\"cv-post-date cv-post-meta-item\" itemprop=\"datePublished\"><a href=\"https:\/\/nakanarach.pl\/index.php\/2026\/03\/16\/pozar-i-ewakuacja-w-hotelu\/\">16 marca 2026<\/a><\/span>                        <\/div>\r\n                        <div class=\"cv-post-content\" itemprop=\"description\">LANZAROTE: Go\u015bcie hotelu w Costa Teguise na Lanzarote zostali ewakuowani po wybuchu po\u017caru podczas prac&hellip;<\/div>                        <div class=\"cv-read-more\"><a href=https:\/\/nakanarach.pl\/index.php\/2026\/03\/16\/pozar-i-ewakuacja-w-hotelu\/>Czytaj wi\u0119cej<i class=\"fas fa-arrow-right\"><\/i><\/a><\/div>                    <\/div><!-- .cv-post-right-wrap -->\r\n                <\/article>\r\n                        <article post-id=\"post-13343\" class=\"cv-post post-format--standard\" itemscope itemtype=\"http:\/\/schema.org\/articleBody\">\r\n                    <div class=\"cv-post-left-wrap\">\r\n                        <div class=\"cv-post-thumb\">\r\n                            <a href=\"https:\/\/nakanarach.pl\/index.php\/2026\/03\/05\/zaklocenia-lotnicze-na-kanarach\/\"><img decoding=\"async\" src=\"https:\/\/nakanarach.pl\/wp-content\/uploads\/2026\/03\/Dron-Guardia-Civil.webp\" alt=\"ZAK\u0141\u00d3CENIA LOTNICZE NA KANARACH\"\/><\/a>\r\n                        <\/div>\r\n                    <\/div><!-- .cv-post-left-wrap -->\r\n                    <div class=\"cv-post-right-wrap\">\r\n                                                <h2 class=\"cv-post-title\">\r\n                            <a href=\"https:\/\/nakanarach.pl\/index.php\/2026\/03\/05\/zaklocenia-lotnicze-na-kanarach\/\" target=\"_self\">\r\n                                ZAK\u0141\u00d3CENIA LOTNICZE NA KANARACH                            <\/a>\r\n                        <\/h2>\r\n                        <div class=\"cv-post-meta cv-meta-icon-show\">\r\n                            <span class=\"cv-post-date cv-post-meta-item\" itemprop=\"datePublished\"><a href=\"https:\/\/nakanarach.pl\/index.php\/2026\/03\/05\/zaklocenia-lotnicze-na-kanarach\/\">5 marca 2026<\/a><\/span>                        <\/div>\r\n                        <div class=\"cv-post-content\" itemprop=\"description\">TENERYFA: Tury\u015bci udaj\u0105cy si\u0119 na rajski archipelag powinni spodziewa\u0107 si\u0119 utrudnie\u0144 w ruchu lotniczym. Wed\u0142ug&hellip;<\/div>                        <div class=\"cv-read-more\"><a href=https:\/\/nakanarach.pl\/index.php\/2026\/03\/05\/zaklocenia-lotnicze-na-kanarach\/>Czytaj wi\u0119cej<i class=\"fas fa-arrow-right\"><\/i><\/a><\/div>                    <\/div><!-- .cv-post-right-wrap -->\r\n                <\/article>\r\n                        <article post-id=\"post-13298\" class=\"cv-post post-format--standard\" itemscope itemtype=\"http:\/\/schema.org\/articleBody\">\r\n                    <div class=\"cv-post-left-wrap\">\r\n                        <div class=\"cv-post-thumb\">\r\n                            <a href=\"https:\/\/nakanarach.pl\/index.php\/2026\/03\/02\/kradziez-na-jachcie-i-zmiany-w-porcie\/\"><img decoding=\"async\" src=\"https:\/\/nakanarach.pl\/wp-content\/uploads\/2026\/03\/Jacht-Policia-Nacional.webp\" alt=\"KRADZIE\u017b NA JACHCIE I ZMIANY W PORCIE\"\/><\/a>\r\n                        <\/div>\r\n                    <\/div><!-- .cv-post-left-wrap -->\r\n                    <div class=\"cv-post-right-wrap\">\r\n                                                <h2 class=\"cv-post-title\">\r\n                            <a href=\"https:\/\/nakanarach.pl\/index.php\/2026\/03\/02\/kradziez-na-jachcie-i-zmiany-w-porcie\/\" target=\"_self\">\r\n                                KRADZIE\u017b NA JACHCIE I ZMIANY W PORCIE                            <\/a>\r\n                        <\/h2>\r\n                        <div class=\"cv-post-meta cv-meta-icon-show\">\r\n                            <span class=\"cv-post-date cv-post-meta-item\" itemprop=\"datePublished\"><a href=\"https:\/\/nakanarach.pl\/index.php\/2026\/03\/02\/kradziez-na-jachcie-i-zmiany-w-porcie\/\">2 marca 2026<\/a><\/span>                        <\/div>\r\n                        <div class=\"cv-post-content\" itemprop=\"description\">LANZAROTE\/TENERYFA: By\u0142y cz\u0142onek za\u0142ogi jest podejrzanym w sprawie kradzie\u017cy sprz\u0119tu o warto\u015bci 75 tys. euro&hellip;<\/div>                        <div class=\"cv-read-more\"><a href=https:\/\/nakanarach.pl\/index.php\/2026\/03\/02\/kradziez-na-jachcie-i-zmiany-w-porcie\/>Czytaj wi\u0119cej<i class=\"fas fa-arrow-right\"><\/i><\/a><\/div>                    <\/div><!-- .cv-post-right-wrap -->\r\n                <\/article>\r\n                        <article post-id=\"post-12837\" class=\"cv-post post-format--standard\" itemscope itemtype=\"http:\/\/schema.org\/articleBody\">\r\n                    <div class=\"cv-post-left-wrap\">\r\n                        <div class=\"cv-post-thumb\">\r\n                            <a href=\"https:\/\/nakanarach.pl\/index.php\/2026\/01\/15\/chcial-poleciec-samolotem-ze-zmarla-zona\/\"><img decoding=\"async\" src=\"https:\/\/nakanarach.pl\/wp-content\/uploads\/2022\/01\/Teneryfa-Lotnisko-Terminal-Sofia-scaled.jpg\" alt=\"CHCIA\u0141 POLECIE\u0106 SAMOLOTEM ZE ZMAR\u0141\u0104 \u017bON\u0104\"\/><\/a>\r\n                        <\/div>\r\n                    <\/div><!-- .cv-post-left-wrap -->\r\n                    <div class=\"cv-post-right-wrap\">\r\n                                                <h2 class=\"cv-post-title\">\r\n                            <a href=\"https:\/\/nakanarach.pl\/index.php\/2026\/01\/15\/chcial-poleciec-samolotem-ze-zmarla-zona\/\" target=\"_self\">\r\n                                CHCIA\u0141 POLECIE\u0106 SAMOLOTEM ZE ZMAR\u0141\u0104 \u017bON\u0104                            <\/a>\r\n                        <\/h2>\r\n                        <div class=\"cv-post-meta cv-meta-icon-show\">\r\n                            <span class=\"cv-post-date cv-post-meta-item\" itemprop=\"datePublished\"><a href=\"https:\/\/nakanarach.pl\/index.php\/2026\/01\/15\/chcial-poleciec-samolotem-ze-zmarla-zona\/\">15 stycznia 2026<\/a><\/span>                        <\/div>\r\n                        <div class=\"cv-post-content\" itemprop=\"description\">HISZPANIA\/WYSPY KANARYJSKIE: Kolejna w ostatnim czasie w Hiszpanii pr\u00f3ba przewiezienia nie\u017cyj\u0105cej osoby na pok\u0142adzie samolotu.&hellip;<\/div>                        <div class=\"cv-read-more\"><a href=https:\/\/nakanarach.pl\/index.php\/2026\/01\/15\/chcial-poleciec-samolotem-ze-zmarla-zona\/>Czytaj wi\u0119cej<i class=\"fas fa-arrow-right\"><\/i><\/a><\/div>                    <\/div><!-- .cv-post-right-wrap -->\r\n                <\/article>\r\n                        <article post-id=\"post-12808\" class=\"cv-post post-format--standard\" itemscope itemtype=\"http:\/\/schema.org\/articleBody\">\r\n                    <div class=\"cv-post-left-wrap\">\r\n                        <div class=\"cv-post-thumb\">\r\n                            <a href=\"https:\/\/nakanarach.pl\/index.php\/2026\/01\/13\/kolejna-tragedia-w-oceanie-i-alert\/\"><img decoding=\"async\" src=\"https:\/\/nakanarach.pl\/wp-content\/uploads\/2026\/01\/Plaza-San-Agustin-Gran-Canaria-scaled.jpg\" alt=\"KOLEJNA TRAGEDIA W OCEANIE I ALERT\"\/><\/a>\r\n                        <\/div>\r\n                    <\/div><!-- .cv-post-left-wrap -->\r\n                    <div class=\"cv-post-right-wrap\">\r\n                                                <h2 class=\"cv-post-title\">\r\n                            <a href=\"https:\/\/nakanarach.pl\/index.php\/2026\/01\/13\/kolejna-tragedia-w-oceanie-i-alert\/\" target=\"_self\">\r\n                                KOLEJNA TRAGEDIA W OCEANIE I ALERT                            <\/a>\r\n                        <\/h2>\r\n                        <div class=\"cv-post-meta cv-meta-icon-show\">\r\n                            <span class=\"cv-post-date cv-post-meta-item\" itemprop=\"datePublished\"><a href=\"https:\/\/nakanarach.pl\/index.php\/2026\/01\/13\/kolejna-tragedia-w-oceanie-i-alert\/\">13 stycznia 2026<\/a><\/span>                        <\/div>\r\n                        <div class=\"cv-post-content\" itemprop=\"description\">GRAN CANARIA: Nie uda\u0142o si\u0119 uratowa\u0107 m\u0119\u017cczyzny, kt\u00f3ry zosta\u0142 wyci\u0105gni\u0119ty przez wczasowicz\u00f3w i ratownik\u00f3w z&hellip;<\/div>                        <div class=\"cv-read-more\"><a href=https:\/\/nakanarach.pl\/index.php\/2026\/01\/13\/kolejna-tragedia-w-oceanie-i-alert\/>Czytaj wi\u0119cej<i class=\"fas fa-arrow-right\"><\/i><\/a><\/div>                    <\/div><!-- .cv-post-right-wrap -->\r\n                <\/article>\r\n                        <article post-id=\"post-12795\" class=\"cv-post post-format--standard\" itemscope itemtype=\"http:\/\/schema.org\/articleBody\">\r\n                    <div class=\"cv-post-left-wrap\">\r\n                        <div class=\"cv-post-thumb\">\r\n                            <a href=\"https:\/\/nakanarach.pl\/index.php\/2026\/01\/12\/tragiczny-wypadek-na-lotnisku\/\"><img decoding=\"async\" src=\"https:\/\/nakanarach.pl\/wp-content\/uploads\/2026\/01\/Lotnisko-Pas-startowy-Gran-Canaria_11zon-scaled.jpg\" alt=\"TRAGICZNY WYPADEK NA LOTNISKU (VIDEO)\"\/><\/a>\r\n                        <\/div>\r\n                    <\/div><!-- .cv-post-left-wrap -->\r\n                    <div class=\"cv-post-right-wrap\">\r\n                                                <h2 class=\"cv-post-title\">\r\n                            <a href=\"https:\/\/nakanarach.pl\/index.php\/2026\/01\/12\/tragiczny-wypadek-na-lotnisku\/\" target=\"_self\">\r\n                                TRAGICZNY WYPADEK NA LOTNISKU (VIDEO)                            <\/a>\r\n                        <\/h2>\r\n                        <div class=\"cv-post-meta cv-meta-icon-show\">\r\n                            <span class=\"cv-post-date cv-post-meta-item\" itemprop=\"datePublished\"><a href=\"https:\/\/nakanarach.pl\/index.php\/2026\/01\/12\/tragiczny-wypadek-na-lotnisku\/\">12 stycznia 2026<\/a><\/span>                        <\/div>\r\n                        <div class=\"cv-post-content\" itemprop=\"description\">GRAN CANARIA: Kolejny \u015bmiertelny wypadek na lotnisku na Gran Canarii. Tym razem zgin\u0105\u0142 tam m\u0142ody&hellip;<\/div>                        <div class=\"cv-read-more\"><a href=https:\/\/nakanarach.pl\/index.php\/2026\/01\/12\/tragiczny-wypadek-na-lotnisku\/>Czytaj wi\u0119cej<i class=\"fas fa-arrow-right\"><\/i><\/a><\/div>                    <\/div><!-- .cv-post-right-wrap -->\r\n                <\/article>\r\n                        <article post-id=\"post-12520\" class=\"cv-post post-format--standard\" itemscope itemtype=\"http:\/\/schema.org\/articleBody\">\r\n                    <div class=\"cv-post-left-wrap\">\r\n                        <div class=\"cv-post-thumb\">\r\n                            <a href=\"https:\/\/nakanarach.pl\/index.php\/2025\/12\/17\/alarmujace-dane-o-utonieciach-na-kanarach-video\/\"><img decoding=\"async\" src=\"https:\/\/nakanarach.pl\/wp-content\/uploads\/2025\/12\/Plaza-Playa-del-ingles-1-scaled.jpg\" alt=\"ALARMUJ\u0104CE DANE O UTONI\u0118CIACH NA KANARACH (VIDEO)\"\/><\/a>\r\n                        <\/div>\r\n                    <\/div><!-- .cv-post-left-wrap -->\r\n                    <div class=\"cv-post-right-wrap\">\r\n                                                <h2 class=\"cv-post-title\">\r\n                            <a href=\"https:\/\/nakanarach.pl\/index.php\/2025\/12\/17\/alarmujace-dane-o-utonieciach-na-kanarach-video\/\" target=\"_self\">\r\n                                ALARMUJ\u0104CE DANE O UTONI\u0118CIACH NA KANARACH (VIDEO)                            <\/a>\r\n                        <\/h2>\r\n                        <div class=\"cv-post-meta cv-meta-icon-show\">\r\n                            <span class=\"cv-post-date cv-post-meta-item\" itemprop=\"datePublished\"><a href=\"https:\/\/nakanarach.pl\/index.php\/2025\/12\/17\/alarmujace-dane-o-utonieciach-na-kanarach-video\/\">17 grudnia 2025<\/a><\/span>                        <\/div>\r\n                        <div class=\"cv-post-content\" itemprop=\"description\">WYSPY KANARYJSKIE: Ju\u017c 60 os\u00f3b uton\u0119\u0142o w 2025 r. w Oceanie Atlantyckim u wybrze\u017cy tego&hellip;<\/div>                        <div class=\"cv-read-more\"><a href=https:\/\/nakanarach.pl\/index.php\/2025\/12\/17\/alarmujace-dane-o-utonieciach-na-kanarach-video\/>Czytaj wi\u0119cej<i class=\"fas fa-arrow-right\"><\/i><\/a><\/div>                    <\/div><!-- .cv-post-right-wrap -->\r\n                <\/article>\r\n                        <article post-id=\"post-12442\" class=\"cv-post post-format--standard\" itemscope itemtype=\"http:\/\/schema.org\/articleBody\">\r\n                    <div class=\"cv-post-left-wrap\">\r\n                        <div class=\"cv-post-thumb\">\r\n                            <a href=\"https:\/\/nakanarach.pl\/index.php\/2025\/12\/15\/rozpedzony-autobus-wjechal-w-auta\/\"><img decoding=\"async\" src=\"https:\/\/nakanarach.pl\/wp-content\/uploads\/2025\/12\/Autobus-0-FB-Bomberos-La-Oliva.jpg\" alt=\"ROZP\u0118DZONY AUTOBUS WJECHA\u0141 W AUTA\"\/><\/a>\r\n                        <\/div>\r\n                    <\/div><!-- .cv-post-left-wrap -->\r\n                    <div class=\"cv-post-right-wrap\">\r\n                                                <h2 class=\"cv-post-title\">\r\n                            <a href=\"https:\/\/nakanarach.pl\/index.php\/2025\/12\/15\/rozpedzony-autobus-wjechal-w-auta\/\" target=\"_self\">\r\n                                ROZP\u0118DZONY AUTOBUS WJECHA\u0141 W AUTA                            <\/a>\r\n                        <\/h2>\r\n                        <div class=\"cv-post-meta cv-meta-icon-show\">\r\n                            <span class=\"cv-post-date cv-post-meta-item\" itemprop=\"datePublished\"><a href=\"https:\/\/nakanarach.pl\/index.php\/2025\/12\/15\/rozpedzony-autobus-wjechal-w-auta\/\">15 grudnia 2025<\/a><\/span>                        <\/div>\r\n                        <div class=\"cv-post-content\" itemprop=\"description\">FUERTEVENTURA: Dramatyczne sceny rozegra\u0142y si\u0119 w jednym z najpopularniejszych kurort\u00f3w turystycznych na Fuerteventurze. Rozp\u0119dzony autobus&hellip;<\/div>                        <div class=\"cv-read-more\"><a href=https:\/\/nakanarach.pl\/index.php\/2025\/12\/15\/rozpedzony-autobus-wjechal-w-auta\/>Czytaj wi\u0119cej<i class=\"fas fa-arrow-right\"><\/i><\/a><\/div>                    <\/div><!-- .cv-post-right-wrap -->\r\n                <\/article>\r\n                        <article post-id=\"post-12345\" class=\"cv-post post-format--standard\" itemscope itemtype=\"http:\/\/schema.org\/articleBody\">\r\n                    <div class=\"cv-post-left-wrap\">\r\n                        <div class=\"cv-post-thumb\">\r\n                            <a href=\"https:\/\/nakanarach.pl\/index.php\/2025\/12\/09\/niebezpieczne-fale-znow-porwaly-turystow-video\/\"><img decoding=\"async\" src=\"https:\/\/nakanarach.pl\/wp-content\/uploads\/2025\/03\/Naturalny-basen-Teneryfa-Fot.-GES-Canarias.jpg\" alt=\"NIEBEZPIECZNE FALE ZN\u00d3W PORWA\u0141Y TURYST\u00d3W (VIDEO)\"\/><\/a>\r\n                        <\/div>\r\n                    <\/div><!-- .cv-post-left-wrap -->\r\n                    <div class=\"cv-post-right-wrap\">\r\n                                                <h2 class=\"cv-post-title\">\r\n                            <a href=\"https:\/\/nakanarach.pl\/index.php\/2025\/12\/09\/niebezpieczne-fale-znow-porwaly-turystow-video\/\" target=\"_self\">\r\n                                NIEBEZPIECZNE FALE ZN\u00d3W PORWA\u0141Y TURYST\u00d3W (VIDEO)                            <\/a>\r\n                        <\/h2>\r\n                        <div class=\"cv-post-meta cv-meta-icon-show\">\r\n                            <span class=\"cv-post-date cv-post-meta-item\" itemprop=\"datePublished\"><a href=\"https:\/\/nakanarach.pl\/index.php\/2025\/12\/09\/niebezpieczne-fale-znow-porwaly-turystow-video\/\">9 grudnia 2025<\/a><\/span>                        <\/div>\r\n                        <div class=\"cv-post-content\" itemprop=\"description\">TENERYFA\/LANZAROTE: Na Wyspach Kanaryjskich nadal obowi\u0105zuje stan alertu na Oceanie Atlantyckim, a fale si\u0119gaj\u0105 podczas&hellip;<\/div>                        <div class=\"cv-read-more\"><a href=https:\/\/nakanarach.pl\/index.php\/2025\/12\/09\/niebezpieczne-fale-znow-porwaly-turystow-video\/>Czytaj wi\u0119cej<i class=\"fas fa-arrow-right\"><\/i><\/a><\/div>                    <\/div><!-- .cv-post-right-wrap -->\r\n                <\/article>\r\n                        <article post-id=\"post-12261\" class=\"cv-post post-format--standard\" itemscope itemtype=\"http:\/\/schema.org\/articleBody\">\r\n                    <div class=\"cv-post-left-wrap\">\r\n                        <div class=\"cv-post-thumb\">\r\n                            <a href=\"https:\/\/nakanarach.pl\/index.php\/2025\/12\/04\/pasazer-z-bronia-na-lotnisku\/\"><img decoding=\"async\" src=\"https:\/\/nakanarach.pl\/wp-content\/uploads\/2025\/11\/Bron-lotnisko-Teneryfa-Guardia-Civil.webp\" alt=\"PASA\u017bER Z BRONI\u0104 NA LOTNISKU\"\/><\/a>\r\n                        <\/div>\r\n                    <\/div><!-- .cv-post-left-wrap -->\r\n                    <div class=\"cv-post-right-wrap\">\r\n                                                <h2 class=\"cv-post-title\">\r\n                            <a href=\"https:\/\/nakanarach.pl\/index.php\/2025\/12\/04\/pasazer-z-bronia-na-lotnisku\/\" target=\"_self\">\r\n                                PASA\u017bER Z BRONI\u0104 NA LOTNISKU                            <\/a>\r\n                        <\/h2>\r\n                        <div class=\"cv-post-meta cv-meta-icon-show\">\r\n                            <span class=\"cv-post-date cv-post-meta-item\" itemprop=\"datePublished\"><a href=\"https:\/\/nakanarach.pl\/index.php\/2025\/12\/04\/pasazer-z-bronia-na-lotnisku\/\">4 grudnia 2025<\/a><\/span>                        <\/div>\r\n                        <div class=\"cv-post-content\" itemprop=\"description\">TENERYFA: Funkcjonariusze Gwardii Cywilnej na lotnisku p\u00f3\u0142nocnym na najwi\u0119kszej kanaryjskiej wyspie przechwycili prawdziw\u0105 bro\u0144 paln\u0105&hellip;<\/div>                        <div class=\"cv-read-more\"><a href=https:\/\/nakanarach.pl\/index.php\/2025\/12\/04\/pasazer-z-bronia-na-lotnisku\/>Czytaj wi\u0119cej<i class=\"fas fa-arrow-right\"><\/i><\/a><\/div>                    <\/div><!-- .cv-post-right-wrap -->\r\n                <\/article>\r\n                        <article post-id=\"post-12273\" class=\"cv-post post-format--standard\" itemscope itemtype=\"http:\/\/schema.org\/articleBody\">\r\n                    <div class=\"cv-post-left-wrap\">\r\n                        <div class=\"cv-post-thumb\">\r\n                            <a href=\"https:\/\/nakanarach.pl\/index.php\/2025\/12\/01\/turysta-wypadl-ze-statku\/\"><img decoding=\"async\" src=\"https:\/\/nakanarach.pl\/wp-content\/uploads\/2025\/12\/Salvamento-Maritimo-Smiglowiec-i-statek.webp\" alt=\"TURYSTA WYPAD\u0141 ZE STATKU\"\/><\/a>\r\n                        <\/div>\r\n                    <\/div><!-- .cv-post-left-wrap -->\r\n                    <div class=\"cv-post-right-wrap\">\r\n                                                <h2 class=\"cv-post-title\">\r\n                            <a href=\"https:\/\/nakanarach.pl\/index.php\/2025\/12\/01\/turysta-wypadl-ze-statku\/\" target=\"_self\">\r\n                                TURYSTA WYPAD\u0141 ZE STATKU                            <\/a>\r\n                        <\/h2>\r\n                        <div class=\"cv-post-meta cv-meta-icon-show\">\r\n                            <span class=\"cv-post-date cv-post-meta-item\" itemprop=\"datePublished\"><a href=\"https:\/\/nakanarach.pl\/index.php\/2025\/12\/01\/turysta-wypadl-ze-statku\/\">1 grudnia 2025<\/a><\/span>                        <\/div>\r\n                        <div class=\"cv-post-content\" itemprop=\"description\">TENERYFA: Ekipy ratunkowe od kilku dni przeszukuj\u0105 wody Oceanu Atlantyckiego u wybrze\u017cy najwi\u0119kszej kanaryjskiej wyspy&hellip;<\/div>                        <div class=\"cv-read-more\"><a href=https:\/\/nakanarach.pl\/index.php\/2025\/12\/01\/turysta-wypadl-ze-statku\/>Czytaj wi\u0119cej<i class=\"fas fa-arrow-right\"><\/i><\/a><\/div>                    <\/div><!-- .cv-post-right-wrap -->\r\n                <\/article>\r\n                        <article post-id=\"post-12240\" class=\"cv-post post-format--standard\" itemscope itemtype=\"http:\/\/schema.org\/articleBody\">\r\n                    <div class=\"cv-post-left-wrap\">\r\n                        <div class=\"cv-post-thumb\">\r\n                            <a href=\"https:\/\/nakanarach.pl\/index.php\/2025\/11\/26\/walki-mma-przeniosly-sie-do-samolotu-video\/\"><img decoding=\"async\" src=\"https:\/\/nakanarach.pl\/wp-content\/uploads\/2025\/11\/Bojka-w-samolocie-MMA.jpg\" alt=\"WALKI MMA PRZENIOS\u0141Y SI\u0118 DO SAMOLOTU (VIDEO)\"\/><\/a>\r\n                        <\/div>\r\n                    <\/div><!-- .cv-post-left-wrap -->\r\n                    <div class=\"cv-post-right-wrap\">\r\n                                                <h2 class=\"cv-post-title\">\r\n                            <a href=\"https:\/\/nakanarach.pl\/index.php\/2025\/11\/26\/walki-mma-przeniosly-sie-do-samolotu-video\/\" target=\"_self\">\r\n                                WALKI MMA PRZENIOS\u0141Y SI\u0118 DO SAMOLOTU (VIDEO)                            <\/a>\r\n                        <\/h2>\r\n                        <div class=\"cv-post-meta cv-meta-icon-show\">\r\n                            <span class=\"cv-post-date cv-post-meta-item\" itemprop=\"datePublished\"><a href=\"https:\/\/nakanarach.pl\/index.php\/2025\/11\/26\/walki-mma-przeniosly-sie-do-samolotu-video\/\">26 listopada 2025<\/a><\/span>                        <\/div>\r\n                        <div class=\"cv-post-content\" itemprop=\"description\">GRAN CANARIA: Profesjonalna zawodniczka mieszanych sztuk walki (MMA), Sinead Kavanagh, zosta\u0142a aresztowana na lotnisku Gran&hellip;<\/div>                        <div class=\"cv-read-more\"><a href=https:\/\/nakanarach.pl\/index.php\/2025\/11\/26\/walki-mma-przeniosly-sie-do-samolotu-video\/>Czytaj wi\u0119cej<i class=\"fas fa-arrow-right\"><\/i><\/a><\/div>                    <\/div><!-- .cv-post-right-wrap -->\r\n                <\/article>\r\n                        <article post-id=\"post-12176\" class=\"cv-post post-format--standard\" itemscope itemtype=\"http:\/\/schema.org\/articleBody\">\r\n                    <div class=\"cv-post-left-wrap\">\r\n                        <div class=\"cv-post-thumb\">\r\n                            <a href=\"https:\/\/nakanarach.pl\/index.php\/2025\/11\/20\/auta-wjezdzaja-do-restauracji-ludzie-w-strachu-video\/\"><img decoding=\"async\" src=\"https:\/\/nakanarach.pl\/wp-content\/uploads\/2025\/11\/Wjechal-w-kawiarnie-San-Fernando.jpg\" alt=\"AUTA WJE\u0179D\u017bAJ\u0104 DO RESTAURACJI, LUDZIE W STRACHU (VIDEO)\"\/><\/a>\r\n                        <\/div>\r\n                    <\/div><!-- .cv-post-left-wrap -->\r\n                    <div class=\"cv-post-right-wrap\">\r\n                                                <h2 class=\"cv-post-title\">\r\n                            <a href=\"https:\/\/nakanarach.pl\/index.php\/2025\/11\/20\/auta-wjezdzaja-do-restauracji-ludzie-w-strachu-video\/\" target=\"_self\">\r\n                                AUTA WJE\u0179D\u017bAJ\u0104 DO RESTAURACJI, LUDZIE W STRACHU (VIDEO)                            <\/a>\r\n                        <\/h2>\r\n                        <div class=\"cv-post-meta cv-meta-icon-show\">\r\n                            <span class=\"cv-post-date cv-post-meta-item\" itemprop=\"datePublished\"><a href=\"https:\/\/nakanarach.pl\/index.php\/2025\/11\/20\/auta-wjezdzaja-do-restauracji-ludzie-w-strachu-video\/\">20 listopada 2025<\/a><\/span>                        <\/div>\r\n                        <div class=\"cv-post-content\" itemprop=\"description\">GRAN CANARIA: Kolejny, ju\u017c 5 raz w ostatnich dw\u00f3ch latach, na Wyspach Kanaryjskich auto zn\u00f3w&hellip;<\/div>                        <div class=\"cv-read-more\"><a href=https:\/\/nakanarach.pl\/index.php\/2025\/11\/20\/auta-wjezdzaja-do-restauracji-ludzie-w-strachu-video\/>Czytaj wi\u0119cej<i class=\"fas fa-arrow-right\"><\/i><\/a><\/div>                    <\/div><!-- .cv-post-right-wrap -->\r\n                <\/article>\r\n                        <article post-id=\"post-12198\" class=\"cv-post post-format--standard\" itemscope itemtype=\"http:\/\/schema.org\/articleBody\">\r\n                    <div class=\"cv-post-left-wrap\">\r\n                        <div class=\"cv-post-thumb\">\r\n                            <a href=\"https:\/\/nakanarach.pl\/index.php\/2025\/11\/19\/grozne-pozary-w-turystycznych-kurortach-video\/\"><img decoding=\"async\" src=\"https:\/\/nakanarach.pl\/wp-content\/uploads\/2025\/05\/Straz-Pozar-FB-Bomberos-de-Tenerife.jpg\" alt=\"GRO\u0179NE PO\u017bARY W TURYSTYCZNYCH KURORTACH (VIDEO)\"\/><\/a>\r\n                        <\/div>\r\n                    <\/div><!-- .cv-post-left-wrap -->\r\n                    <div class=\"cv-post-right-wrap\">\r\n                                                <h2 class=\"cv-post-title\">\r\n                            <a href=\"https:\/\/nakanarach.pl\/index.php\/2025\/11\/19\/grozne-pozary-w-turystycznych-kurortach-video\/\" target=\"_self\">\r\n                                GRO\u0179NE PO\u017bARY W TURYSTYCZNYCH KURORTACH (VIDEO)                            <\/a>\r\n                        <\/h2>\r\n                        <div class=\"cv-post-meta cv-meta-icon-show\">\r\n                            <span class=\"cv-post-date cv-post-meta-item\" itemprop=\"datePublished\"><a href=\"https:\/\/nakanarach.pl\/index.php\/2025\/11\/19\/grozne-pozary-w-turystycznych-kurortach-video\/\">19 listopada 2025<\/a><\/span>                        <\/div>\r\n                        <div class=\"cv-post-content\" itemprop=\"description\">TENERYFA\/GRAN CANARIA: Dwa powa\u017cne po\u017cary wybuch\u0142y w turystycznych obszarach na dw\u00f3ch najwi\u0119kszych kanaryjskich wyspach. 18&hellip;<\/div>                        <div class=\"cv-read-more\"><a href=https:\/\/nakanarach.pl\/index.php\/2025\/11\/19\/grozne-pozary-w-turystycznych-kurortach-video\/>Czytaj wi\u0119cej<i class=\"fas fa-arrow-right\"><\/i><\/a><\/div>                    <\/div><!-- .cv-post-right-wrap -->\r\n                <\/article>\r\n                        <article post-id=\"post-12039\" class=\"cv-post post-format--standard\" itemscope itemtype=\"http:\/\/schema.org\/articleBody\">\r\n                    <div class=\"cv-post-left-wrap\">\r\n                        <div class=\"cv-post-thumb\">\r\n                            <a href=\"https:\/\/nakanarach.pl\/index.php\/2025\/11\/09\/wysokie-fale-porwaly-turystow\/\"><img decoding=\"async\" src=\"https:\/\/nakanarach.pl\/wp-content\/uploads\/2025\/11\/Ocean-112-Canarias-fale.jpg\" alt=\"WYSOKIE FALE PORWA\u0141Y TURYST\u00d3W\"\/><\/a>\r\n                        <\/div>\r\n                    <\/div><!-- .cv-post-left-wrap -->\r\n                    <div class=\"cv-post-right-wrap\">\r\n                                                <h2 class=\"cv-post-title\">\r\n                            <a href=\"https:\/\/nakanarach.pl\/index.php\/2025\/11\/09\/wysokie-fale-porwaly-turystow\/\" target=\"_self\">\r\n                                WYSOKIE FALE PORWA\u0141Y TURYST\u00d3W                            <\/a>\r\n                        <\/h2>\r\n                        <div class=\"cv-post-meta cv-meta-icon-show\">\r\n                            <span class=\"cv-post-date cv-post-meta-item\" itemprop=\"datePublished\"><a href=\"https:\/\/nakanarach.pl\/index.php\/2025\/11\/09\/wysokie-fale-porwaly-turystow\/\">9 listopada 2025<\/a><\/span>                        <\/div>\r\n                        <div class=\"cv-post-content\" itemprop=\"description\">TENERYFA: Tragiczny weekend na najwi\u0119kszej kanaryjskiej wyspie. Nie \u017cyj\u0105 trzy osoby. Wysokie fale porwa\u0142y do&hellip;<\/div>                        <div class=\"cv-read-more\"><a href=https:\/\/nakanarach.pl\/index.php\/2025\/11\/09\/wysokie-fale-porwaly-turystow\/>Czytaj wi\u0119cej<i class=\"fas fa-arrow-right\"><\/i><\/a><\/div>                    <\/div><!-- .cv-post-right-wrap -->\r\n                <\/article>\r\n                        <article post-id=\"post-12049\" class=\"cv-post post-format--standard\" itemscope itemtype=\"http:\/\/schema.org\/articleBody\">\r\n                    <div class=\"cv-post-left-wrap\">\r\n                        <div class=\"cv-post-thumb\">\r\n                            <a href=\"https:\/\/nakanarach.pl\/index.php\/2025\/11\/08\/ewakucja-dzieci-z-obozu\/\"><img decoding=\"async\" src=\"https:\/\/nakanarach.pl\/wp-content\/uploads\/2025\/11\/Pozar-w-obozie-2-FB-Bomberos-de-Tenerife-1.jpg\" alt=\"EWAKUACJA DZIECI Z OBOZU\"\/><\/a>\r\n                        <\/div>\r\n                    <\/div><!-- .cv-post-left-wrap -->\r\n                    <div class=\"cv-post-right-wrap\">\r\n                                                <h2 class=\"cv-post-title\">\r\n                            <a href=\"https:\/\/nakanarach.pl\/index.php\/2025\/11\/08\/ewakucja-dzieci-z-obozu\/\" target=\"_self\">\r\n                                EWAKUACJA DZIECI Z OBOZU                            <\/a>\r\n                        <\/h2>\r\n                        <div class=\"cv-post-meta cv-meta-icon-show\">\r\n                            <span class=\"cv-post-date cv-post-meta-item\" itemprop=\"datePublished\"><a href=\"https:\/\/nakanarach.pl\/index.php\/2025\/11\/08\/ewakucja-dzieci-z-obozu\/\">8 listopada 2025<\/a><\/span>                        <\/div>\r\n                        <div class=\"cv-post-content\" itemprop=\"description\">TENERYFA: Policja i stra\u017cacy wyja\u015bniaj\u0105 przyczyny dramatycznego po\u017caru na po\u0142udniu kanaryjskiej Teneryfy. Z tego powodu&hellip;<\/div>                        <div class=\"cv-read-more\"><a href=https:\/\/nakanarach.pl\/index.php\/2025\/11\/08\/ewakucja-dzieci-z-obozu\/>Czytaj wi\u0119cej<i class=\"fas fa-arrow-right\"><\/i><\/a><\/div>                    <\/div><!-- .cv-post-right-wrap -->\r\n                <\/article>\r\n                        <article post-id=\"post-11961\" class=\"cv-post post-format--standard\" itemscope itemtype=\"http:\/\/schema.org\/articleBody\">\r\n                    <div class=\"cv-post-left-wrap\">\r\n                        <div class=\"cv-post-thumb\">\r\n                            <a href=\"https:\/\/nakanarach.pl\/index.php\/2025\/11\/03\/tragiczne-wydarzenia-w-oceanie\/\"><img decoding=\"async\" src=\"https:\/\/nakanarach.pl\/wp-content\/uploads\/2025\/11\/Utonal-surfer.webp\" alt=\"TRAGICZNE WYDARZENIA W OCEANIE\"\/><\/a>\r\n                        <\/div>\r\n                    <\/div><!-- .cv-post-left-wrap -->\r\n                    <div class=\"cv-post-right-wrap\">\r\n                                                <h2 class=\"cv-post-title\">\r\n                            <a href=\"https:\/\/nakanarach.pl\/index.php\/2025\/11\/03\/tragiczne-wydarzenia-w-oceanie\/\" target=\"_self\">\r\n                                TRAGICZNE WYDARZENIA W OCEANIE                            <\/a>\r\n                        <\/h2>\r\n                        <div class=\"cv-post-meta cv-meta-icon-show\">\r\n                            <span class=\"cv-post-date cv-post-meta-item\" itemprop=\"datePublished\"><a href=\"https:\/\/nakanarach.pl\/index.php\/2025\/11\/03\/tragiczne-wydarzenia-w-oceanie\/\">3 listopada 2025<\/a><\/span>                        <\/div>\r\n                        <div class=\"cv-post-content\" itemprop=\"description\">LANZAROTE: Tragiczny dla turyst\u00f3w okaza\u0142 si\u0119 pocz\u0105tek listopada na popularnej kanaryjskiej wyspie. Dosz\u0142o tam do&hellip;<\/div>                        <div class=\"cv-read-more\"><a href=https:\/\/nakanarach.pl\/index.php\/2025\/11\/03\/tragiczne-wydarzenia-w-oceanie\/>Czytaj wi\u0119cej<i class=\"fas fa-arrow-right\"><\/i><\/a><\/div>                    <\/div><!-- .cv-post-right-wrap -->\r\n                <\/article>\r\n                        <article post-id=\"post-11912\" class=\"cv-post post-format--standard\" itemscope itemtype=\"http:\/\/schema.org\/articleBody\">\r\n                    <div class=\"cv-post-left-wrap\">\r\n                        <div class=\"cv-post-thumb\">\r\n                            <a href=\"https:\/\/nakanarach.pl\/index.php\/2025\/10\/31\/trzeba-uwazac-na-spadajace-skaly\/\"><img decoding=\"async\" src=\"https:\/\/nakanarach.pl\/wp-content\/uploads\/2025\/10\/Skaly-spadajace-znak-1-scaled.jpg\" alt=\"TRZEBA UWA\u017bA\u0106 NA SPADAJ\u0104CE SKA\u0141Y (VIDEO)\"\/><\/a>\r\n                        <\/div>\r\n                    <\/div><!-- .cv-post-left-wrap -->\r\n                    <div class=\"cv-post-right-wrap\">\r\n                                                <h2 class=\"cv-post-title\">\r\n                            <a href=\"https:\/\/nakanarach.pl\/index.php\/2025\/10\/31\/trzeba-uwazac-na-spadajace-skaly\/\" target=\"_self\">\r\n                                TRZEBA UWA\u017bA\u0106 NA SPADAJ\u0104CE SKA\u0141Y (VIDEO)                            <\/a>\r\n                        <\/h2>\r\n                        <div class=\"cv-post-meta cv-meta-icon-show\">\r\n                            <span class=\"cv-post-date cv-post-meta-item\" itemprop=\"datePublished\"><a href=\"https:\/\/nakanarach.pl\/index.php\/2025\/10\/31\/trzeba-uwazac-na-spadajace-skaly\/\">31 pa\u017adziernika 2025<\/a><\/span>                        <\/div>\r\n                        <div class=\"cv-post-content\" itemprop=\"description\">GRAN CANARIA: W\u0142adze Wysp Kanaryjskich rozpocz\u0119\u0142y kolejne kontrole miejsc, w kt\u00f3rych ska\u0142y spadaj\u0105 na drogi&hellip;<\/div>                        <div class=\"cv-read-more\"><a href=https:\/\/nakanarach.pl\/index.php\/2025\/10\/31\/trzeba-uwazac-na-spadajace-skaly\/>Czytaj wi\u0119cej<i class=\"fas fa-arrow-right\"><\/i><\/a><\/div>                    <\/div><!-- .cv-post-right-wrap -->\r\n                <\/article>\r\n                        <article post-id=\"post-11910\" class=\"cv-post post-format--standard\" itemscope itemtype=\"http:\/\/schema.org\/articleBody\">\r\n                    <div class=\"cv-post-left-wrap\">\r\n                        <div class=\"cv-post-thumb\">\r\n                            <a href=\"https:\/\/nakanarach.pl\/index.php\/2025\/10\/29\/pokojowki-okradly-turystow\/\"><img decoding=\"async\" src=\"https:\/\/nakanarach.pl\/wp-content\/uploads\/2021\/06\/Policia-Nacional.jpg\" alt=\"POKOJ\u00d3WKI OKRAD\u0141Y TURYST\u00d3W\"\/><\/a>\r\n                        <\/div>\r\n                    <\/div><!-- .cv-post-left-wrap -->\r\n                    <div class=\"cv-post-right-wrap\">\r\n                                                <h2 class=\"cv-post-title\">\r\n                            <a href=\"https:\/\/nakanarach.pl\/index.php\/2025\/10\/29\/pokojowki-okradly-turystow\/\" target=\"_self\">\r\n                                POKOJ\u00d3WKI OKRAD\u0141Y TURYST\u00d3W                            <\/a>\r\n                        <\/h2>\r\n                        <div class=\"cv-post-meta cv-meta-icon-show\">\r\n                            <span class=\"cv-post-date cv-post-meta-item\" itemprop=\"datePublished\"><a href=\"https:\/\/nakanarach.pl\/index.php\/2025\/10\/29\/pokojowki-okradly-turystow\/\">29 pa\u017adziernika 2025<\/a><\/span>                        <\/div>\r\n                        <div class=\"cv-post-content\" itemprop=\"description\">TENERYFA: Hiszpa\u0144ska policja zatrzyma\u0142a dwie pracownice znanego hotelu na po\u0142udniu najwi\u0119kszej kanaryjskiej wyspy pod zarzutem&hellip;<\/div>                        <div class=\"cv-read-more\"><a href=https:\/\/nakanarach.pl\/index.php\/2025\/10\/29\/pokojowki-okradly-turystow\/>Czytaj wi\u0119cej<i class=\"fas fa-arrow-right\"><\/i><\/a><\/div>                    <\/div><!-- .cv-post-right-wrap -->\r\n                <\/article>\r\n                        <article post-id=\"post-11893\" class=\"cv-post post-format--standard\" itemscope itemtype=\"http:\/\/schema.org\/articleBody\">\r\n                    <div class=\"cv-post-left-wrap\">\r\n                        <div class=\"cv-post-thumb\">\r\n                            <a href=\"https:\/\/nakanarach.pl\/index.php\/2025\/10\/28\/tragedia-na-hotelowym-balkonie\/\"><img decoding=\"async\" src=\"https:\/\/nakanarach.pl\/wp-content\/uploads\/2025\/10\/Policia-Local-Canaria.webp\" alt=\"TRAGEDIA NA HOTELOWYM BALKONIE\"\/><\/a>\r\n                        <\/div>\r\n                    <\/div><!-- .cv-post-left-wrap -->\r\n                    <div class=\"cv-post-right-wrap\">\r\n                                                <h2 class=\"cv-post-title\">\r\n                            <a href=\"https:\/\/nakanarach.pl\/index.php\/2025\/10\/28\/tragedia-na-hotelowym-balkonie\/\" target=\"_self\">\r\n                                TRAGEDIA NA HOTELOWYM BALKONIE                            <\/a>\r\n                        <\/h2>\r\n                        <div class=\"cv-post-meta cv-meta-icon-show\">\r\n                            <span class=\"cv-post-date cv-post-meta-item\" itemprop=\"datePublished\"><a href=\"https:\/\/nakanarach.pl\/index.php\/2025\/10\/28\/tragedia-na-hotelowym-balkonie\/\">28 pa\u017adziernika 2025<\/a><\/span>                        <\/div>\r\n                        <div class=\"cv-post-content\" itemprop=\"description\">LANZAROTE: Tragiczny wypadek w hotelu na kanaryjskiej wyspie Lanzarote, gdy zawali\u0142a si\u0119 balustrada balkonu hotelowego.&hellip;<\/div>                        <div class=\"cv-read-more\"><a href=https:\/\/nakanarach.pl\/index.php\/2025\/10\/28\/tragedia-na-hotelowym-balkonie\/>Czytaj wi\u0119cej<i class=\"fas fa-arrow-right\"><\/i><\/a><\/div>                    <\/div><!-- .cv-post-right-wrap -->\r\n                <\/article>\r\n                        <article post-id=\"post-11873\" class=\"cv-post post-format--standard\" itemscope itemtype=\"http:\/\/schema.org\/articleBody\">\r\n                    <div class=\"cv-post-left-wrap\">\r\n                        <div class=\"cv-post-thumb\">\r\n                            <a href=\"https:\/\/nakanarach.pl\/index.php\/2025\/10\/24\/wypadki-turystow-przy-nurkowaniu\/\"><img decoding=\"async\" src=\"https:\/\/nakanarach.pl\/wp-content\/uploads\/2025\/10\/Nurek_11zon-scaled.jpg\" alt=\"WYPADKI TURYST\u00d3W PRZY NURKOWANIU\"\/><\/a>\r\n                        <\/div>\r\n                    <\/div><!-- .cv-post-left-wrap -->\r\n                    <div class=\"cv-post-right-wrap\">\r\n                                                <h2 class=\"cv-post-title\">\r\n                            <a href=\"https:\/\/nakanarach.pl\/index.php\/2025\/10\/24\/wypadki-turystow-przy-nurkowaniu\/\" target=\"_self\">\r\n                                WYPADKI TURYST\u00d3W PRZY NURKOWANIU                            <\/a>\r\n                        <\/h2>\r\n                        <div class=\"cv-post-meta cv-meta-icon-show\">\r\n                            <span class=\"cv-post-date cv-post-meta-item\" itemprop=\"datePublished\"><a href=\"https:\/\/nakanarach.pl\/index.php\/2025\/10\/24\/wypadki-turystow-przy-nurkowaniu\/\">24 pa\u017adziernika 2025<\/a><\/span>                        <\/div>\r\n                        <div class=\"cv-post-content\" itemprop=\"description\">LANZAROTE: M\u0119\u017cczyzna odni\u00f3s\u0142 powa\u017cne obra\u017cenia w wyniku wypadku podczas nurkowania w Playa Chica w Puerto&hellip;<\/div>                        <div class=\"cv-read-more\"><a href=https:\/\/nakanarach.pl\/index.php\/2025\/10\/24\/wypadki-turystow-przy-nurkowaniu\/>Czytaj wi\u0119cej<i class=\"fas fa-arrow-right\"><\/i><\/a><\/div>                    <\/div><!-- .cv-post-right-wrap -->\r\n                <\/article>\r\n                        <article post-id=\"post-11748\" class=\"cv-post post-format--standard\" itemscope itemtype=\"http:\/\/schema.org\/articleBody\">\r\n                    <div class=\"cv-post-left-wrap\">\r\n                        <div class=\"cv-post-thumb\">\r\n                            <a href=\"https:\/\/nakanarach.pl\/index.php\/2025\/10\/23\/strus-biegal-po-autostradzie\/\"><img decoding=\"async\" src=\"https:\/\/nakanarach.pl\/wp-content\/uploads\/2025\/10\/Guardia-Civil-Trafico.jpg\" alt=\"STRU\u015a BIEGA\u0141 PO AUTOSTRADZIE\"\/><\/a>\r\n                        <\/div>\r\n                    <\/div><!-- .cv-post-left-wrap -->\r\n                    <div class=\"cv-post-right-wrap\">\r\n                                                <h2 class=\"cv-post-title\">\r\n                            <a href=\"https:\/\/nakanarach.pl\/index.php\/2025\/10\/23\/strus-biegal-po-autostradzie\/\" target=\"_self\">\r\n                                STRU\u015a BIEGA\u0141 PO AUTOSTRADZIE                            <\/a>\r\n                        <\/h2>\r\n                        <div class=\"cv-post-meta cv-meta-icon-show\">\r\n                            <span class=\"cv-post-date cv-post-meta-item\" itemprop=\"datePublished\"><a href=\"https:\/\/nakanarach.pl\/index.php\/2025\/10\/23\/strus-biegal-po-autostradzie\/\">23 pa\u017adziernika 2025<\/a><\/span>                        <\/div>\r\n                        <div class=\"cv-post-content\" itemprop=\"description\">GRAN CANARIA: W Polsce na drogach trzeba uwa\u017ca\u0107 m.in. dziki, sarny, jelenie, a ostatnio nawet&hellip;<\/div>                        <div class=\"cv-read-more\"><a href=https:\/\/nakanarach.pl\/index.php\/2025\/10\/23\/strus-biegal-po-autostradzie\/>Czytaj wi\u0119cej<i class=\"fas fa-arrow-right\"><\/i><\/a><\/div>                    <\/div><!-- .cv-post-right-wrap -->\r\n                <\/article>\r\n                        <article post-id=\"post-11695\" class=\"cv-post post-format--standard\" itemscope itemtype=\"http:\/\/schema.org\/articleBody\">\r\n                    <div class=\"cv-post-left-wrap\">\r\n                        <div class=\"cv-post-thumb\">\r\n                            <a href=\"https:\/\/nakanarach.pl\/index.php\/2025\/10\/10\/turysta-wyskoczyl-z-balkonu-video\/\"><img decoding=\"async\" src=\"https:\/\/nakanarach.pl\/wp-content\/uploads\/2025\/05\/Straz-Pozar-FB-Bomberos-de-Tenerife.jpg\" alt=\"TURYSTA WYSKOCZY\u0141 Z BALKONU (VIDEO)\"\/><\/a>\r\n                        <\/div>\r\n                    <\/div><!-- .cv-post-left-wrap -->\r\n                    <div class=\"cv-post-right-wrap\">\r\n                                                <h2 class=\"cv-post-title\">\r\n                            <a href=\"https:\/\/nakanarach.pl\/index.php\/2025\/10\/10\/turysta-wyskoczyl-z-balkonu-video\/\" target=\"_self\">\r\n                                TURYSTA WYSKOCZY\u0141 Z BALKONU (VIDEO)                            <\/a>\r\n                        <\/h2>\r\n                        <div class=\"cv-post-meta cv-meta-icon-show\">\r\n                            <span class=\"cv-post-date cv-post-meta-item\" itemprop=\"datePublished\"><a href=\"https:\/\/nakanarach.pl\/index.php\/2025\/10\/10\/turysta-wyskoczyl-z-balkonu-video\/\">10 pa\u017adziernika 2025<\/a><\/span>                        <\/div>\r\n                        <div class=\"cv-post-content\" itemprop=\"description\">TENERYFA: Tragiczny w skutkach okaza\u0142 si\u0119 po\u017car w jednym z hoteli na najwi\u0119kszej kanaryjskiej wyspie.&hellip;<\/div>                        <div class=\"cv-read-more\"><a href=https:\/\/nakanarach.pl\/index.php\/2025\/10\/10\/turysta-wyskoczyl-z-balkonu-video\/>Czytaj wi\u0119cej<i class=\"fas fa-arrow-right\"><\/i><\/a><\/div>                    <\/div><!-- .cv-post-right-wrap -->\r\n                <\/article>\r\n                        <article post-id=\"post-11687\" class=\"cv-post post-format--standard\" itemscope itemtype=\"http:\/\/schema.org\/articleBody\">\r\n                    <div class=\"cv-post-left-wrap\">\r\n                        <div class=\"cv-post-thumb\">\r\n                            <a href=\"https:\/\/nakanarach.pl\/index.php\/2025\/10\/09\/kolejne-tragedie-na-oceanie\/\"><img decoding=\"async\" src=\"https:\/\/nakanarach.pl\/wp-content\/uploads\/2022\/12\/Wysokie-fale.jpg\" alt=\"KOLEJNE TRAGEDIE NA OCEANIE (VIDEO)\"\/><\/a>\r\n                        <\/div>\r\n                    <\/div><!-- .cv-post-left-wrap -->\r\n                    <div class=\"cv-post-right-wrap\">\r\n                                                <h2 class=\"cv-post-title\">\r\n                            <a href=\"https:\/\/nakanarach.pl\/index.php\/2025\/10\/09\/kolejne-tragedie-na-oceanie\/\" target=\"_self\">\r\n                                KOLEJNE TRAGEDIE NA OCEANIE (VIDEO)                            <\/a>\r\n                        <\/h2>\r\n                        <div class=\"cv-post-meta cv-meta-icon-show\">\r\n                            <span class=\"cv-post-date cv-post-meta-item\" itemprop=\"datePublished\"><a href=\"https:\/\/nakanarach.pl\/index.php\/2025\/10\/09\/kolejne-tragedie-na-oceanie\/\">9 pa\u017adziernika 2025<\/a><\/span>                        <\/div>\r\n                        <div class=\"cv-post-content\" itemprop=\"description\">WYSPY KANARYJSKIE: Wzburzony Ocean Atlantycki zbiera kolejne \u015bmiertelne \u017cniwo. Niedaleko portu Salinetas w gminie Telde,&hellip;<\/div>                        <div class=\"cv-read-more\"><a href=https:\/\/nakanarach.pl\/index.php\/2025\/10\/09\/kolejne-tragedie-na-oceanie\/>Czytaj wi\u0119cej<i class=\"fas fa-arrow-right\"><\/i><\/a><\/div>                    <\/div><!-- .cv-post-right-wrap -->\r\n                <\/article>\r\n                        <article post-id=\"post-11662\" class=\"cv-post post-format--standard\" itemscope itemtype=\"http:\/\/schema.org\/articleBody\">\r\n                    <div class=\"cv-post-left-wrap\">\r\n                        <div class=\"cv-post-thumb\">\r\n                            <a href=\"https:\/\/nakanarach.pl\/index.php\/2025\/10\/06\/pracownicy-lotniska-okradali-pasazerow\/\"><img decoding=\"async\" src=\"https:\/\/nakanarach.pl\/wp-content\/uploads\/2022\/01\/Teneryfa-Lotnisko-Terminal-Sofia-scaled.jpg\" alt=\"PRACOWNICY LOTNISKA OKRADALI PASA\u017bER\u00d3W\"\/><\/a>\r\n                        <\/div>\r\n                    <\/div><!-- .cv-post-left-wrap -->\r\n                    <div class=\"cv-post-right-wrap\">\r\n                                                <h2 class=\"cv-post-title\">\r\n                            <a href=\"https:\/\/nakanarach.pl\/index.php\/2025\/10\/06\/pracownicy-lotniska-okradali-pasazerow\/\" target=\"_self\">\r\n                                PRACOWNICY LOTNISKA OKRADALI PASA\u017bER\u00d3W                            <\/a>\r\n                        <\/h2>\r\n                        <div class=\"cv-post-meta cv-meta-icon-show\">\r\n                            <span class=\"cv-post-date cv-post-meta-item\" itemprop=\"datePublished\"><a href=\"https:\/\/nakanarach.pl\/index.php\/2025\/10\/06\/pracownicy-lotniska-okradali-pasazerow\/\">6 pa\u017adziernika 2025<\/a><\/span>                        <\/div>\r\n                        <div class=\"cv-post-content\" itemprop=\"description\">TENERYFA: Hiszpa\u0144ska Gwardia Cywilna rozbi\u0142a gang, kt\u00f3ry okrada\u0142 z kosztownych przedmiot\u00f3w baga\u017ce pasa\u017cer\u00f3w na lotnisku&hellip;<\/div>                        <div class=\"cv-read-more\"><a href=https:\/\/nakanarach.pl\/index.php\/2025\/10\/06\/pracownicy-lotniska-okradali-pasazerow\/>Czytaj wi\u0119cej<i class=\"fas fa-arrow-right\"><\/i><\/a><\/div>                    <\/div><!-- .cv-post-right-wrap -->\r\n                <\/article>\r\n                        <article post-id=\"post-11537\" class=\"cv-post post-format--standard\" itemscope itemtype=\"http:\/\/schema.org\/articleBody\">\r\n                    <div class=\"cv-post-left-wrap\">\r\n                        <div class=\"cv-post-thumb\">\r\n                            <a href=\"https:\/\/nakanarach.pl\/index.php\/2025\/09\/22\/grozny-pozar-lasu-video-2\/\"><img decoding=\"async\" src=\"https:\/\/nakanarach.pl\/wp-content\/uploads\/2025\/09\/Pozar-Lasu-Gran-Canaria-FB-Cabildo-de-Gran-Canaria.jpg\" alt=\"GRO\u0179NY PO\u017bAR (VIDEO)\"\/><\/a>\r\n                        <\/div>\r\n                    <\/div><!-- .cv-post-left-wrap -->\r\n                    <div class=\"cv-post-right-wrap\">\r\n                                                <h2 class=\"cv-post-title\">\r\n                            <a href=\"https:\/\/nakanarach.pl\/index.php\/2025\/09\/22\/grozny-pozar-lasu-video-2\/\" target=\"_self\">\r\n                                GRO\u0179NY PO\u017bAR (VIDEO)                            <\/a>\r\n                        <\/h2>\r\n                        <div class=\"cv-post-meta cv-meta-icon-show\">\r\n                            <span class=\"cv-post-date cv-post-meta-item\" itemprop=\"datePublished\"><a href=\"https:\/\/nakanarach.pl\/index.php\/2025\/09\/22\/grozny-pozar-lasu-video-2\/\">22 wrze\u015bnia 2025<\/a><\/span>                        <\/div>\r\n                        <div class=\"cv-post-content\" itemprop=\"description\">GRAN CANARIA: Prawie 40 os\u00f3b ewakuowano z powodu gro\u017anie wygl\u0105daj\u0105cego po\u017caru w dolinie z palmami&hellip;<\/div>                        <div class=\"cv-read-more\"><a href=https:\/\/nakanarach.pl\/index.php\/2025\/09\/22\/grozny-pozar-lasu-video-2\/>Czytaj wi\u0119cej<i class=\"fas fa-arrow-right\"><\/i><\/a><\/div>                    <\/div><!-- .cv-post-right-wrap -->\r\n                <\/article>\r\n                        <article post-id=\"post-11494\" class=\"cv-post post-format--standard\" itemscope itemtype=\"http:\/\/schema.org\/articleBody\">\r\n                    <div class=\"cv-post-left-wrap\">\r\n                        <div class=\"cv-post-thumb\">\r\n                            <a href=\"https:\/\/nakanarach.pl\/index.php\/2025\/09\/18\/dron-latal-przy-lotnisku\/\"><img decoding=\"async\" src=\"https:\/\/nakanarach.pl\/wp-content\/uploads\/2021\/08\/Guardia-Civil-Twitter.png\" alt=\"DRON LATA\u0141 PRZY LOTNISKU\"\/><\/a>\r\n                        <\/div>\r\n                    <\/div><!-- .cv-post-left-wrap -->\r\n                    <div class=\"cv-post-right-wrap\">\r\n                                                <h2 class=\"cv-post-title\">\r\n                            <a href=\"https:\/\/nakanarach.pl\/index.php\/2025\/09\/18\/dron-latal-przy-lotnisku\/\" target=\"_self\">\r\n                                DRON LATA\u0141 PRZY LOTNISKU                            <\/a>\r\n                        <\/h2>\r\n                        <div class=\"cv-post-meta cv-meta-icon-show\">\r\n                            <span class=\"cv-post-date cv-post-meta-item\" itemprop=\"datePublished\"><a href=\"https:\/\/nakanarach.pl\/index.php\/2025\/09\/18\/dron-latal-przy-lotnisku\/\">18 wrze\u015bnia 2025<\/a><\/span>                        <\/div>\r\n                        <div class=\"cv-post-content\" itemprop=\"description\">FUERTEVENTURA: Gwardia Cywilna zatrzyma\u0142a i na\u0142o\u017cy\u0142a kar\u0119 grzywny na pilota drona, kt\u00f3ry lata\u0142 nielegalnie nad&hellip;<\/div>                        <div class=\"cv-read-more\"><a href=https:\/\/nakanarach.pl\/index.php\/2025\/09\/18\/dron-latal-przy-lotnisku\/>Czytaj wi\u0119cej<i class=\"fas fa-arrow-right\"><\/i><\/a><\/div>                    <\/div><!-- .cv-post-right-wrap -->\r\n                <\/article>\r\n                        <article post-id=\"post-11437\" class=\"cv-post post-format--standard\" itemscope itemtype=\"http:\/\/schema.org\/articleBody\">\r\n                    <div class=\"cv-post-left-wrap\">\r\n                        <div class=\"cv-post-thumb\">\r\n                            <a href=\"https:\/\/nakanarach.pl\/index.php\/2025\/09\/12\/tragedia-na-parkingu-przy-lotnisku\/\"><img decoding=\"async\" src=\"https:\/\/nakanarach.pl\/wp-content\/uploads\/2025\/09\/Parking-Lotnisko-Gran-Canaria_11zon-scaled.jpg\" alt=\"TRAGEDIA NA PARKINGU PRZY LOTNISKU\"\/><\/a>\r\n                        <\/div>\r\n                    <\/div><!-- .cv-post-left-wrap -->\r\n                    <div class=\"cv-post-right-wrap\">\r\n                                                <h2 class=\"cv-post-title\">\r\n                            <a href=\"https:\/\/nakanarach.pl\/index.php\/2025\/09\/12\/tragedia-na-parkingu-przy-lotnisku\/\" target=\"_self\">\r\n                                TRAGEDIA NA PARKINGU PRZY LOTNISKU                            <\/a>\r\n                        <\/h2>\r\n                        <div class=\"cv-post-meta cv-meta-icon-show\">\r\n                            <span class=\"cv-post-date cv-post-meta-item\" itemprop=\"datePublished\"><a href=\"https:\/\/nakanarach.pl\/index.php\/2025\/09\/12\/tragedia-na-parkingu-przy-lotnisku\/\">12 wrze\u015bnia 2025<\/a><\/span>                        <\/div>\r\n                        <div class=\"cv-post-content\" itemprop=\"description\">GRAN CANARIA: Policja wyja\u015bnia przyczyny zagadkowego i zarazem tragicznego wypadku na parkingu podziemnym przy lotnisku&hellip;<\/div>                        <div class=\"cv-read-more\"><a href=https:\/\/nakanarach.pl\/index.php\/2025\/09\/12\/tragedia-na-parkingu-przy-lotnisku\/>Czytaj wi\u0119cej<i class=\"fas fa-arrow-right\"><\/i><\/a><\/div>                    <\/div><!-- .cv-post-right-wrap -->\r\n                <\/article>\r\n                        <article post-id=\"post-11432\" class=\"cv-post post-format--standard\" itemscope itemtype=\"http:\/\/schema.org\/articleBody\">\r\n                    <div class=\"cv-post-left-wrap\">\r\n                        <div class=\"cv-post-thumb\">\r\n                            <a href=\"https:\/\/nakanarach.pl\/index.php\/2025\/09\/11\/kolejna-bojka-w-turystycznej-miejscowosci-video\/\"><img decoding=\"async\" src=\"https:\/\/nakanarach.pl\/wp-content\/uploads\/2025\/09\/Bojka-La-Laguna-Instagram-Tenerifequejasvecinales.jpg\" alt=\"KOLEJNA B\u00d3JKA W TURYSTYCZNEJ MIEJSCOWO\u015aCI (VIDEO)\"\/><\/a>\r\n                        <\/div>\r\n                    <\/div><!-- .cv-post-left-wrap -->\r\n                    <div class=\"cv-post-right-wrap\">\r\n                                                <h2 class=\"cv-post-title\">\r\n                            <a href=\"https:\/\/nakanarach.pl\/index.php\/2025\/09\/11\/kolejna-bojka-w-turystycznej-miejscowosci-video\/\" target=\"_self\">\r\n                                KOLEJNA B\u00d3JKA W TURYSTYCZNEJ MIEJSCOWO\u015aCI (VIDEO)                            <\/a>\r\n                        <\/h2>\r\n                        <div class=\"cv-post-meta cv-meta-icon-show\">\r\n                            <span class=\"cv-post-date cv-post-meta-item\" itemprop=\"datePublished\"><a href=\"https:\/\/nakanarach.pl\/index.php\/2025\/09\/11\/kolejna-bojka-w-turystycznej-miejscowosci-video\/\">11 wrze\u015bnia 2025<\/a><\/span>                        <\/div>\r\n                        <div class=\"cv-post-content\" itemprop=\"description\">TENERYFA: San Crist\u00f3bal de La Laguna jest\u00a0powszechnie uwa\u017cana za najpi\u0119kniejsze miasto na rajskiej Teneryfie. Co&hellip;<\/div>                        <div class=\"cv-read-more\"><a href=https:\/\/nakanarach.pl\/index.php\/2025\/09\/11\/kolejna-bojka-w-turystycznej-miejscowosci-video\/>Czytaj wi\u0119cej<i class=\"fas fa-arrow-right\"><\/i><\/a><\/div>                    <\/div><!-- .cv-post-right-wrap -->\r\n                <\/article>\r\n                        <article post-id=\"post-11363\" class=\"cv-post post-format--standard\" itemscope itemtype=\"http:\/\/schema.org\/articleBody\">\r\n                    <div class=\"cv-post-left-wrap\">\r\n                        <div class=\"cv-post-thumb\">\r\n                            <a href=\"https:\/\/nakanarach.pl\/index.php\/2025\/09\/05\/dwa-zgony-na-plazy-tego-samego-dnia\/\"><img decoding=\"async\" src=\"https:\/\/nakanarach.pl\/wp-content\/uploads\/2022\/12\/Wysokie-fale.jpg\" alt=\"DWA ZGONY NA PLA\u017bY TEGO SAMEGO DNIA\"\/><\/a>\r\n                        <\/div>\r\n                    <\/div><!-- .cv-post-left-wrap -->\r\n                    <div class=\"cv-post-right-wrap\">\r\n                                                <h2 class=\"cv-post-title\">\r\n                            <a href=\"https:\/\/nakanarach.pl\/index.php\/2025\/09\/05\/dwa-zgony-na-plazy-tego-samego-dnia\/\" target=\"_self\">\r\n                                DWA ZGONY NA PLA\u017bY TEGO SAMEGO DNIA                            <\/a>\r\n                        <\/h2>\r\n                        <div class=\"cv-post-meta cv-meta-icon-show\">\r\n                            <span class=\"cv-post-date cv-post-meta-item\" itemprop=\"datePublished\"><a href=\"https:\/\/nakanarach.pl\/index.php\/2025\/09\/05\/dwa-zgony-na-plazy-tego-samego-dnia\/\">5 wrze\u015bnia 2025<\/a><\/span>                        <\/div>\r\n                        <div class=\"cv-post-content\" itemprop=\"description\">LANZAROTE\/TENERYFA: Dwie osoby zmar\u0142y tego samego dnia po k\u0105pieli w Oceanie Atlantyckim na archipelagu. Tym&hellip;<\/div>                        <div class=\"cv-read-more\"><a href=https:\/\/nakanarach.pl\/index.php\/2025\/09\/05\/dwa-zgony-na-plazy-tego-samego-dnia\/>Czytaj wi\u0119cej<i class=\"fas fa-arrow-right\"><\/i><\/a><\/div>                    <\/div><!-- .cv-post-right-wrap -->\r\n                <\/article>\r\n                        <article post-id=\"post-11365\" class=\"cv-post post-format--standard\" itemscope itemtype=\"http:\/\/schema.org\/articleBody\">\r\n                    <div class=\"cv-post-left-wrap\">\r\n                        <div class=\"cv-post-thumb\">\r\n                            <a href=\"https:\/\/nakanarach.pl\/index.php\/2025\/09\/04\/zaatakowala-pasazerow-w-samolocie\/\"><img decoding=\"async\" src=\"https:\/\/nakanarach.pl\/wp-content\/uploads\/2025\/03\/lotnisko-gran-canaria-ryanair_optimized-scaled.jpg\" alt=\"ZAATAKOWA\u0141A PASA\u017bER\u00d3W W SAMOLOCIE\"\/><\/a>\r\n                        <\/div>\r\n                    <\/div><!-- .cv-post-left-wrap -->\r\n                    <div class=\"cv-post-right-wrap\">\r\n                                                <h2 class=\"cv-post-title\">\r\n                            <a href=\"https:\/\/nakanarach.pl\/index.php\/2025\/09\/04\/zaatakowala-pasazerow-w-samolocie\/\" target=\"_self\">\r\n                                ZAATAKOWA\u0141A PASA\u017bER\u00d3W W SAMOLOCIE                            <\/a>\r\n                        <\/h2>\r\n                        <div class=\"cv-post-meta cv-meta-icon-show\">\r\n                            <span class=\"cv-post-date cv-post-meta-item\" itemprop=\"datePublished\"><a href=\"https:\/\/nakanarach.pl\/index.php\/2025\/09\/04\/zaatakowala-pasazerow-w-samolocie\/\">4 wrze\u015bnia 2025<\/a><\/span>                        <\/div>\r\n                        <div class=\"cv-post-content\" itemprop=\"description\">LANZAROTE: S\u0142u\u017cby bezpiecze\u0144stwa interweniowa\u0142y po wyl\u0105dowaniu na kanaryjskiej wyspie Lanzarote samolotu z Manchesteru. Powodem by\u0142a&hellip;<\/div>                        <div class=\"cv-read-more\"><a href=https:\/\/nakanarach.pl\/index.php\/2025\/09\/04\/zaatakowala-pasazerow-w-samolocie\/>Czytaj wi\u0119cej<i class=\"fas fa-arrow-right\"><\/i><\/a><\/div>                    <\/div><!-- .cv-post-right-wrap -->\r\n                <\/article>\r\n                        <article post-id=\"post-11356\" class=\"cv-post post-format--standard\" itemscope itemtype=\"http:\/\/schema.org\/articleBody\">\r\n                    <div class=\"cv-post-left-wrap\">\r\n                        <div class=\"cv-post-thumb\">\r\n                            <a href=\"https:\/\/nakanarach.pl\/index.php\/2025\/09\/04\/przerazajace-statystyki-przestepstw-video\/\"><img decoding=\"async\" src=\"https:\/\/nakanarach.pl\/wp-content\/uploads\/2021\/07\/Policia-Nacional-Noc-Teneryfa.jpg\" alt=\"PRZERA\u017bAJ\u0104CE STATYSTYKI PRZEST\u0118PSTW (VIDEO)\"\/><\/a>\r\n                        <\/div>\r\n                    <\/div><!-- .cv-post-left-wrap -->\r\n                    <div class=\"cv-post-right-wrap\">\r\n                                                <h2 class=\"cv-post-title\">\r\n                            <a href=\"https:\/\/nakanarach.pl\/index.php\/2025\/09\/04\/przerazajace-statystyki-przestepstw-video\/\" target=\"_self\">\r\n                                PRZERA\u017bAJ\u0104CE STATYSTYKI PRZEST\u0118PSTW (VIDEO)                            <\/a>\r\n                        <\/h2>\r\n                        <div class=\"cv-post-meta cv-meta-icon-show\">\r\n                            <span class=\"cv-post-date cv-post-meta-item\" itemprop=\"datePublished\"><a href=\"https:\/\/nakanarach.pl\/index.php\/2025\/09\/04\/przerazajace-statystyki-przestepstw-video\/\">4 wrze\u015bnia 2025<\/a><\/span>                        <\/div>\r\n                        <div class=\"cv-post-content\" itemprop=\"description\">TENERYFA: Brutalna b\u00f3jka pomi\u0119dzy turystami wybuch\u0142a na najwi\u0119kszej kanaryjskiej wyspie. To kolejne podobne zdarzenie niemal&hellip;<\/div>                        <div class=\"cv-read-more\"><a href=https:\/\/nakanarach.pl\/index.php\/2025\/09\/04\/przerazajace-statystyki-przestepstw-video\/>Czytaj wi\u0119cej<i class=\"fas fa-arrow-right\"><\/i><\/a><\/div>                    <\/div><!-- .cv-post-right-wrap -->\r\n                <\/article>\r\n                        <article post-id=\"post-11303\" class=\"cv-post post-format--standard\" itemscope itemtype=\"http:\/\/schema.org\/articleBody\">\r\n                    <div class=\"cv-post-left-wrap\">\r\n                        <div class=\"cv-post-thumb\">\r\n                            <a href=\"https:\/\/nakanarach.pl\/index.php\/2025\/09\/02\/masowe-kontrole-na-slynnych-wydmach-video\/\"><img decoding=\"async\" src=\"https:\/\/nakanarach.pl\/wp-content\/uploads\/2022\/04\/Wydmy-Maspalomas-Widok-Ogolny-scaled.jpg\" alt=\"MASOWE KONTROLE NA S\u0141YNNYCH WYDMACH (VIDEO)\"\/><\/a>\r\n                        <\/div>\r\n                    <\/div><!-- .cv-post-left-wrap -->\r\n                    <div class=\"cv-post-right-wrap\">\r\n                                                <h2 class=\"cv-post-title\">\r\n                            <a href=\"https:\/\/nakanarach.pl\/index.php\/2025\/09\/02\/masowe-kontrole-na-slynnych-wydmach-video\/\" target=\"_self\">\r\n                                MASOWE KONTROLE NA S\u0141YNNYCH WYDMACH (VIDEO)                            <\/a>\r\n                        <\/h2>\r\n                        <div class=\"cv-post-meta cv-meta-icon-show\">\r\n                            <span class=\"cv-post-date cv-post-meta-item\" itemprop=\"datePublished\"><a href=\"https:\/\/nakanarach.pl\/index.php\/2025\/09\/02\/masowe-kontrole-na-slynnych-wydmach-video\/\">2 wrze\u015bnia 2025<\/a><\/span>                        <\/div>\r\n                        <div class=\"cv-post-content\" itemprop=\"description\">GRAN CANARIA: Latem wraz z rekordowym nap\u0142ywem zagranicznych wczasowicz\u00f3w znacz\u0105co nasili\u0142 si\u0119 problem os\u00f3b spaceruj\u0105cych&hellip;<\/div>                        <div class=\"cv-read-more\"><a href=https:\/\/nakanarach.pl\/index.php\/2025\/09\/02\/masowe-kontrole-na-slynnych-wydmach-video\/>Czytaj wi\u0119cej<i class=\"fas fa-arrow-right\"><\/i><\/a><\/div>                    <\/div><!-- .cv-post-right-wrap -->\r\n                <\/article>\r\n                        <article post-id=\"post-11279\" class=\"cv-post post-format--standard\" itemscope itemtype=\"http:\/\/schema.org\/articleBody\">\r\n                    <div class=\"cv-post-left-wrap\">\r\n                        <div class=\"cv-post-thumb\">\r\n                            <a href=\"https:\/\/nakanarach.pl\/index.php\/2025\/08\/25\/grozny-pozar-lasu-video\/\"><img decoding=\"async\" src=\"https:\/\/nakanarach.pl\/wp-content\/uploads\/2025\/08\/Pozar-Lasu-El-Hierro-Fot.-EIRIF.webp\" alt=\"GRO\u0179NY PO\u017bAR LASU (VIDEO)\"\/><\/a>\r\n                        <\/div>\r\n                    <\/div><!-- .cv-post-left-wrap -->\r\n                    <div class=\"cv-post-right-wrap\">\r\n                                                <h2 class=\"cv-post-title\">\r\n                            <a href=\"https:\/\/nakanarach.pl\/index.php\/2025\/08\/25\/grozny-pozar-lasu-video\/\" target=\"_self\">\r\n                                GRO\u0179NY PO\u017bAR LASU (VIDEO)                            <\/a>\r\n                        <\/h2>\r\n                        <div class=\"cv-post-meta cv-meta-icon-show\">\r\n                            <span class=\"cv-post-date cv-post-meta-item\" itemprop=\"datePublished\"><a href=\"https:\/\/nakanarach.pl\/index.php\/2025\/08\/25\/grozny-pozar-lasu-video\/\">25 sierpnia 2025<\/a><\/span>                        <\/div>\r\n                        <div class=\"cv-post-content\" itemprop=\"description\">EL HIERRO: Po blisko dobie uda\u0142o si\u0119 ustabilizowa\u0107 gro\u017any po\u017car lasu na niewielkiej kanaryjskiej wyspie&hellip;<\/div>                        <div class=\"cv-read-more\"><a href=https:\/\/nakanarach.pl\/index.php\/2025\/08\/25\/grozny-pozar-lasu-video\/>Czytaj wi\u0119cej<i class=\"fas fa-arrow-right\"><\/i><\/a><\/div>                    <\/div><!-- .cv-post-right-wrap -->\r\n                <\/article>\r\n                        <article post-id=\"post-11227\" class=\"cv-post post-format--standard\" itemscope itemtype=\"http:\/\/schema.org\/articleBody\">\r\n                    <div class=\"cv-post-left-wrap\">\r\n                        <div class=\"cv-post-thumb\">\r\n                            <a href=\"https:\/\/nakanarach.pl\/index.php\/2025\/08\/18\/dramatyczna-akcja-ratunkowa-w-basenie-smierci-video\/\"><img decoding=\"async\" src=\"https:\/\/nakanarach.pl\/wp-content\/uploads\/2025\/03\/Naturalny-basen-Teneryfa-Fot.-GES-Canarias.jpg\" alt=\"DRAMATYCZNA AKCJA RATUNKOWA W &#8222;BASENIE \u015aMIERCI&#8221; (VIDEO)\"\/><\/a>\r\n                        <\/div>\r\n                    <\/div><!-- .cv-post-left-wrap -->\r\n                    <div class=\"cv-post-right-wrap\">\r\n                                                <h2 class=\"cv-post-title\">\r\n                            <a href=\"https:\/\/nakanarach.pl\/index.php\/2025\/08\/18\/dramatyczna-akcja-ratunkowa-w-basenie-smierci-video\/\" target=\"_self\">\r\n                                DRAMATYCZNA AKCJA RATUNKOWA W &#8222;BASENIE \u015aMIERCI&#8221; (VIDEO)                            <\/a>\r\n                        <\/h2>\r\n                        <div class=\"cv-post-meta cv-meta-icon-show\">\r\n                            <span class=\"cv-post-date cv-post-meta-item\" itemprop=\"datePublished\"><a href=\"https:\/\/nakanarach.pl\/index.php\/2025\/08\/18\/dramatyczna-akcja-ratunkowa-w-basenie-smierci-video\/\">18 sierpnia 2025<\/a><\/span>                        <\/div>\r\n                        <div class=\"cv-post-content\" itemprop=\"description\">TENERYFA: W\u0142oska turystka cudem unikn\u0119\u0142a \u015bmierci, gdy w ostatniej chwili zosta\u0142a uratowana przez za\u0142og\u0119 helikoptera&hellip;<\/div>                        <div class=\"cv-read-more\"><a href=https:\/\/nakanarach.pl\/index.php\/2025\/08\/18\/dramatyczna-akcja-ratunkowa-w-basenie-smierci-video\/>Czytaj wi\u0119cej<i class=\"fas fa-arrow-right\"><\/i><\/a><\/div>                    <\/div><!-- .cv-post-right-wrap -->\r\n                <\/article>\r\n                        <article post-id=\"post-10998\" class=\"cv-post post-format--standard\" itemscope itemtype=\"http:\/\/schema.org\/articleBody\">\r\n                    <div class=\"cv-post-left-wrap\">\r\n                        <div class=\"cv-post-thumb\">\r\n                            <a href=\"https:\/\/nakanarach.pl\/index.php\/2025\/07\/17\/okradali-sklepy-na-lotnisku-video\/\"><img decoding=\"async\" src=\"https:\/\/nakanarach.pl\/wp-content\/uploads\/2025\/07\/Perfumy-Guardia-civil.webp\" alt=\"OKRADALI SKLEPY NA LOTNISKU (VIDEO)\"\/><\/a>\r\n                        <\/div>\r\n                    <\/div><!-- .cv-post-left-wrap -->\r\n                    <div class=\"cv-post-right-wrap\">\r\n                                                <h2 class=\"cv-post-title\">\r\n                            <a href=\"https:\/\/nakanarach.pl\/index.php\/2025\/07\/17\/okradali-sklepy-na-lotnisku-video\/\" target=\"_self\">\r\n                                OKRADALI SKLEPY NA LOTNISKU (VIDEO)                            <\/a>\r\n                        <\/h2>\r\n                        <div class=\"cv-post-meta cv-meta-icon-show\">\r\n                            <span class=\"cv-post-date cv-post-meta-item\" itemprop=\"datePublished\"><a href=\"https:\/\/nakanarach.pl\/index.php\/2025\/07\/17\/okradali-sklepy-na-lotnisku-video\/\">17 lipca 2025<\/a><\/span>                        <\/div>\r\n                        <div class=\"cv-post-content\" itemprop=\"description\">HISZPANIA\/TENERYFA: Gwardia Cywilna rozbi\u0142a 66-osobowy gang przest\u0119pczy, kt\u00f3ry dokonywa\u0142 kradzie\u017cy na du\u017c\u0105 skal\u0119 w sklepach&hellip;<\/div>                        <div class=\"cv-read-more\"><a href=https:\/\/nakanarach.pl\/index.php\/2025\/07\/17\/okradali-sklepy-na-lotnisku-video\/>Czytaj wi\u0119cej<i class=\"fas fa-arrow-right\"><\/i><\/a><\/div>                    <\/div><!-- .cv-post-right-wrap -->\r\n                <\/article>\r\n                        <article post-id=\"post-10972\" class=\"cv-post post-format--standard\" itemscope itemtype=\"http:\/\/schema.org\/articleBody\">\r\n                    <div class=\"cv-post-left-wrap\">\r\n                        <div class=\"cv-post-thumb\">\r\n                            <a href=\"https:\/\/nakanarach.pl\/index.php\/2025\/07\/14\/prawo-knebla-i-zakaz-fotografowania-funkcjonariuszy\/\"><img decoding=\"async\" src=\"https:\/\/nakanarach.pl\/wp-content\/uploads\/2021\/07\/Policia-Nacional-Noc-Teneryfa.jpg\" alt=\"&#8222;PRAWO KNEBLA&#8221; I ZAKAZ FILMOWANIA FUNKCJONARIUSZY\"\/><\/a>\r\n                        <\/div>\r\n                    <\/div><!-- .cv-post-left-wrap -->\r\n                    <div class=\"cv-post-right-wrap\">\r\n                                                <h2 class=\"cv-post-title\">\r\n                            <a href=\"https:\/\/nakanarach.pl\/index.php\/2025\/07\/14\/prawo-knebla-i-zakaz-fotografowania-funkcjonariuszy\/\" target=\"_self\">\r\n                                &#8222;PRAWO KNEBLA&#8221; I ZAKAZ FILMOWANIA FUNKCJONARIUSZY                            <\/a>\r\n                        <\/h2>\r\n                        <div class=\"cv-post-meta cv-meta-icon-show\">\r\n                            <span class=\"cv-post-date cv-post-meta-item\" itemprop=\"datePublished\"><a href=\"https:\/\/nakanarach.pl\/index.php\/2025\/07\/14\/prawo-knebla-i-zakaz-fotografowania-funkcjonariuszy\/\">14 lipca 2025<\/a><\/span>                        <\/div>\r\n                        <div class=\"cv-post-content\" itemprop=\"description\">HISZPANIA\/GRAN CANARIA: Je\u015bli kto\u015b wyje\u017cd\u017ca na wakacje w Hiszpanii, to lepiej powinien trzyma\u0107 z daleka&hellip;<\/div>                        <div class=\"cv-read-more\"><a href=https:\/\/nakanarach.pl\/index.php\/2025\/07\/14\/prawo-knebla-i-zakaz-fotografowania-funkcjonariuszy\/>Czytaj wi\u0119cej<i class=\"fas fa-arrow-right\"><\/i><\/a><\/div>                    <\/div><!-- .cv-post-right-wrap -->\r\n                <\/article>\r\n                        <article post-id=\"post-10948\" class=\"cv-post post-format--standard\" itemscope itemtype=\"http:\/\/schema.org\/articleBody\">\r\n                    <div class=\"cv-post-left-wrap\">\r\n                        <div class=\"cv-post-thumb\">\r\n                            <a href=\"https:\/\/nakanarach.pl\/index.php\/2025\/07\/11\/cysterna-spadla-z-klifu-zamknieta-plaza\/\"><img decoding=\"async\" src=\"https:\/\/nakanarach.pl\/wp-content\/uploads\/2025\/07\/Cysterna-spadla-z-klifu.webp\" alt=\"CYSTERNA SPAD\u0141A Z KLIFU &#8211; ZAMKNI\u0118TA PLA\u017bA\"\/><\/a>\r\n                        <\/div>\r\n                    <\/div><!-- .cv-post-left-wrap -->\r\n                    <div class=\"cv-post-right-wrap\">\r\n                                                <h2 class=\"cv-post-title\">\r\n                            <a href=\"https:\/\/nakanarach.pl\/index.php\/2025\/07\/11\/cysterna-spadla-z-klifu-zamknieta-plaza\/\" target=\"_self\">\r\n                                CYSTERNA SPAD\u0141A Z KLIFU &#8211; ZAMKNI\u0118TA PLA\u017bA                            <\/a>\r\n                        <\/h2>\r\n                        <div class=\"cv-post-meta cv-meta-icon-show\">\r\n                            <span class=\"cv-post-date cv-post-meta-item\" itemprop=\"datePublished\"><a href=\"https:\/\/nakanarach.pl\/index.php\/2025\/07\/11\/cysterna-spadla-z-klifu-zamknieta-plaza\/\">11 lipca 2025<\/a><\/span>                        <\/div>\r\n                        <div class=\"cv-post-content\" itemprop=\"description\">LANZAROTE: Cysterna zjecha\u0142a z klifu i przewr\u00f3ci\u0142a si\u0119 w pobli\u017cu kiosku przy s\u0142ynnej pla\u017cy Papagayo&hellip;<\/div>                        <div class=\"cv-read-more\"><a href=https:\/\/nakanarach.pl\/index.php\/2025\/07\/11\/cysterna-spadla-z-klifu-zamknieta-plaza\/>Czytaj wi\u0119cej<i class=\"fas fa-arrow-right\"><\/i><\/a><\/div>                    <\/div><!-- .cv-post-right-wrap -->\r\n                <\/article>\r\n                        <article post-id=\"post-10812\" class=\"cv-post post-format--standard\" itemscope itemtype=\"http:\/\/schema.org\/articleBody\">\r\n                    <div class=\"cv-post-left-wrap\">\r\n                        <div class=\"cv-post-thumb\">\r\n                            <a href=\"https:\/\/nakanarach.pl\/index.php\/2025\/07\/03\/zaskakujacy-powod-awaryjnego-ladowania\/\"><img decoding=\"async\" src=\"https:\/\/nakanarach.pl\/wp-content\/uploads\/2023\/07\/Samolot-Easyjet-Lotnisko-Gran-Canaria.jpg\" alt=\"ZASKAKUJ\u0104CY POW\u00d3D AWARYJNEGO L\u0104DOWANIA\"\/><\/a>\r\n                        <\/div>\r\n                    <\/div><!-- .cv-post-left-wrap -->\r\n                    <div class=\"cv-post-right-wrap\">\r\n                                                <h2 class=\"cv-post-title\">\r\n                            <a href=\"https:\/\/nakanarach.pl\/index.php\/2025\/07\/03\/zaskakujacy-powod-awaryjnego-ladowania\/\" target=\"_self\">\r\n                                ZASKAKUJ\u0104CY POW\u00d3D AWARYJNEGO L\u0104DOWANIA                            <\/a>\r\n                        <\/h2>\r\n                        <div class=\"cv-post-meta cv-meta-icon-show\">\r\n                            <span class=\"cv-post-date cv-post-meta-item\" itemprop=\"datePublished\"><a href=\"https:\/\/nakanarach.pl\/index.php\/2025\/07\/03\/zaskakujacy-powod-awaryjnego-ladowania\/\">3 lipca 2025<\/a><\/span>                        <\/div>\r\n                        <div class=\"cv-post-content\" itemprop=\"description\">TENERYFA: Tury\u015bci, kt\u00f3rzy podr\u00f3\u017cuj\u0105 na Wyspy Kanaryjskie coraz bardziej zaskakuj\u0105 swoim negatywnym zachowaniem na pok\u0142adzie&hellip;<\/div>                        <div class=\"cv-read-more\"><a href=https:\/\/nakanarach.pl\/index.php\/2025\/07\/03\/zaskakujacy-powod-awaryjnego-ladowania\/>Czytaj wi\u0119cej<i class=\"fas fa-arrow-right\"><\/i><\/a><\/div>                    <\/div><!-- .cv-post-right-wrap -->\r\n                <\/article>\r\n                        <article post-id=\"post-10686\" class=\"cv-post post-format--standard\" itemscope itemtype=\"http:\/\/schema.org\/articleBody\">\r\n                    <div class=\"cv-post-left-wrap\">\r\n                        <div class=\"cv-post-thumb\">\r\n                            <a href=\"https:\/\/nakanarach.pl\/index.php\/2025\/06\/18\/dym-w-samolocie\/\"><img decoding=\"async\" src=\"https:\/\/nakanarach.pl\/wp-content\/uploads\/2025\/06\/Lanzarote-straz.png\" alt=\"DYM W SAMOLOCIE\"\/><\/a>\r\n                        <\/div>\r\n                    <\/div><!-- .cv-post-left-wrap -->\r\n                    <div class=\"cv-post-right-wrap\">\r\n                                                <h2 class=\"cv-post-title\">\r\n                            <a href=\"https:\/\/nakanarach.pl\/index.php\/2025\/06\/18\/dym-w-samolocie\/\" target=\"_self\">\r\n                                DYM W SAMOLOCIE                            <\/a>\r\n                        <\/h2>\r\n                        <div class=\"cv-post-meta cv-meta-icon-show\">\r\n                            <span class=\"cv-post-date cv-post-meta-item\" itemprop=\"datePublished\"><a href=\"https:\/\/nakanarach.pl\/index.php\/2025\/06\/18\/dym-w-samolocie\/\">18 czerwca 2025<\/a><\/span>                        <\/div>\r\n                        <div class=\"cv-post-content\" itemprop=\"description\">LANZAROTE: Dramatyczne chwile prze\u017cyli pasa\u017cerowie lotu z kanaryjskiej wyspy Lanzarote do brytyjskiego Nottingham. Samolot zosta\u0142&hellip;<\/div>                        <div class=\"cv-read-more\"><a href=https:\/\/nakanarach.pl\/index.php\/2025\/06\/18\/dym-w-samolocie\/>Czytaj wi\u0119cej<i class=\"fas fa-arrow-right\"><\/i><\/a><\/div>                    <\/div><!-- .cv-post-right-wrap -->\r\n                <\/article>\r\n                        <article post-id=\"post-10680\" class=\"cv-post post-format--standard\" itemscope itemtype=\"http:\/\/schema.org\/articleBody\">\r\n                    <div class=\"cv-post-left-wrap\">\r\n                        <div class=\"cv-post-thumb\">\r\n                            <a href=\"https:\/\/nakanarach.pl\/index.php\/2025\/06\/17\/nie-poleciala-na-teneryfe\/\"><img decoding=\"async\" src=\"https:\/\/nakanarach.pl\/wp-content\/uploads\/2025\/06\/Robot-pirotechniczny-NOSG.jpg\" alt=\"NIE POLECIA\u0141A NA TENERYF\u0118\"\/><\/a>\r\n                        <\/div>\r\n                    <\/div><!-- .cv-post-left-wrap -->\r\n                    <div class=\"cv-post-right-wrap\">\r\n                                                <h2 class=\"cv-post-title\">\r\n                            <a href=\"https:\/\/nakanarach.pl\/index.php\/2025\/06\/17\/nie-poleciala-na-teneryfe\/\" target=\"_self\">\r\n                                NIE POLECIA\u0141A NA TENERYF\u0118                            <\/a>\r\n                        <\/h2>\r\n                        <div class=\"cv-post-meta cv-meta-icon-show\">\r\n                            <span class=\"cv-post-date cv-post-meta-item\" itemprop=\"datePublished\"><a href=\"https:\/\/nakanarach.pl\/index.php\/2025\/06\/17\/nie-poleciala-na-teneryfe\/\">17 czerwca 2025<\/a><\/span>                        <\/div>\r\n                        <div class=\"cv-post-content\" itemprop=\"description\">POZNA\u0143-\u0141AWICA: Cho\u0107 to nie pierwszy taki przypadek, to kolejna osoba przez g\u0142upi \u017cart nie polecia\u0142a&hellip;<\/div>                        <div class=\"cv-read-more\"><a href=https:\/\/nakanarach.pl\/index.php\/2025\/06\/17\/nie-poleciala-na-teneryfe\/>Czytaj wi\u0119cej<i class=\"fas fa-arrow-right\"><\/i><\/a><\/div>                    <\/div><!-- .cv-post-right-wrap -->\r\n                <\/article>\r\n                        <article post-id=\"post-10674\" class=\"cv-post post-format--standard\" itemscope itemtype=\"http:\/\/schema.org\/articleBody\">\r\n                    <div class=\"cv-post-left-wrap\">\r\n                        <div class=\"cv-post-thumb\">\r\n                            <a href=\"https:\/\/nakanarach.pl\/index.php\/2025\/06\/16\/niebezpieczne-fale-w-oceanie\/\"><img decoding=\"async\" src=\"https:\/\/nakanarach.pl\/wp-content\/uploads\/2025\/06\/Utoniecie-GES-Gobierno-de-Canarias.webp\" alt=\"NIEBEZPIECZNE FALE W OCEANIE\"\/><\/a>\r\n                        <\/div>\r\n                    <\/div><!-- .cv-post-left-wrap -->\r\n                    <div class=\"cv-post-right-wrap\">\r\n                                                <h2 class=\"cv-post-title\">\r\n                            <a href=\"https:\/\/nakanarach.pl\/index.php\/2025\/06\/16\/niebezpieczne-fale-w-oceanie\/\" target=\"_self\">\r\n                                NIEBEZPIECZNE FALE W OCEANIE                            <\/a>\r\n                        <\/h2>\r\n                        <div class=\"cv-post-meta cv-meta-icon-show\">\r\n                            <span class=\"cv-post-date cv-post-meta-item\" itemprop=\"datePublished\"><a href=\"https:\/\/nakanarach.pl\/index.php\/2025\/06\/16\/niebezpieczne-fale-w-oceanie\/\">16 czerwca 2025<\/a><\/span>                        <\/div>\r\n                        <div class=\"cv-post-content\" itemprop=\"description\">TENERYFA\/GRAN CANARIA\/EL HIERRO: Dramatyczne sceny w oceanie na trzech kanaryjskich wyspach. Na Gran Canarii i&hellip;<\/div>                        <div class=\"cv-read-more\"><a href=https:\/\/nakanarach.pl\/index.php\/2025\/06\/16\/niebezpieczne-fale-w-oceanie\/>Czytaj wi\u0119cej<i class=\"fas fa-arrow-right\"><\/i><\/a><\/div>                    <\/div><!-- .cv-post-right-wrap -->\r\n                <\/article>\r\n                        <article post-id=\"post-10666\" class=\"cv-post post-format--standard\" itemscope itemtype=\"http:\/\/schema.org\/articleBody\">\r\n                    <div class=\"cv-post-left-wrap\">\r\n                        <div class=\"cv-post-thumb\">\r\n                            <a href=\"https:\/\/nakanarach.pl\/index.php\/2025\/06\/13\/kary-za-niszczenie-parku-narodowego\/\"><img decoding=\"async\" src=\"https:\/\/nakanarach.pl\/wp-content\/uploads\/2025\/06\/Policia-Canaria-Teide.webp\" alt=\"KARY ZA NISZCZENIE PARKU NARODOWEGO\"\/><\/a>\r\n                        <\/div>\r\n                    <\/div><!-- .cv-post-left-wrap -->\r\n                    <div class=\"cv-post-right-wrap\">\r\n                                                <h2 class=\"cv-post-title\">\r\n                            <a href=\"https:\/\/nakanarach.pl\/index.php\/2025\/06\/13\/kary-za-niszczenie-parku-narodowego\/\" target=\"_self\">\r\n                                KARY ZA NISZCZENIE PARKU NARODOWEGO                            <\/a>\r\n                        <\/h2>\r\n                        <div class=\"cv-post-meta cv-meta-icon-show\">\r\n                            <span class=\"cv-post-date cv-post-meta-item\" itemprop=\"datePublished\"><a href=\"https:\/\/nakanarach.pl\/index.php\/2025\/06\/13\/kary-za-niszczenie-parku-narodowego\/\">13 czerwca 2025<\/a><\/span>                        <\/div>\r\n                        <div class=\"cv-post-content\" itemprop=\"description\">TENERYFA: Po niedawnych protestach ekolog\u00f3w policja Wysp Kanaryjskich, wsp\u00f3\u0142pracuj\u0105ca z funkcjonariuszami ochrony \u015brodowiska z Rady&hellip;<\/div>                        <div class=\"cv-read-more\"><a href=https:\/\/nakanarach.pl\/index.php\/2025\/06\/13\/kary-za-niszczenie-parku-narodowego\/>Czytaj wi\u0119cej<i class=\"fas fa-arrow-right\"><\/i><\/a><\/div>                    <\/div><!-- .cv-post-right-wrap -->\r\n                <\/article>\r\n                        <article post-id=\"post-10626\" class=\"cv-post post-format--standard\" itemscope itemtype=\"http:\/\/schema.org\/articleBody\">\r\n                    <div class=\"cv-post-left-wrap\">\r\n                        <div class=\"cv-post-thumb\">\r\n                            <a href=\"https:\/\/nakanarach.pl\/index.php\/2025\/06\/05\/kolejna-bojka-turystow-video\/\"><img decoding=\"async\" src=\"https:\/\/nakanarach.pl\/wp-content\/uploads\/2025\/06\/Bojka-Kobiet-Teneryfa.png\" alt=\"KOLEJNA B\u00d3JKA TURYST\u00d3W (VIDEO)\"\/><\/a>\r\n                        <\/div>\r\n                    <\/div><!-- .cv-post-left-wrap -->\r\n                    <div class=\"cv-post-right-wrap\">\r\n                                                <h2 class=\"cv-post-title\">\r\n                            <a href=\"https:\/\/nakanarach.pl\/index.php\/2025\/06\/05\/kolejna-bojka-turystow-video\/\" target=\"_self\">\r\n                                KOLEJNA B\u00d3JKA TURYST\u00d3W (VIDEO)                            <\/a>\r\n                        <\/h2>\r\n                        <div class=\"cv-post-meta cv-meta-icon-show\">\r\n                            <span class=\"cv-post-date cv-post-meta-item\" itemprop=\"datePublished\"><a href=\"https:\/\/nakanarach.pl\/index.php\/2025\/06\/05\/kolejna-bojka-turystow-video\/\">5 czerwca 2025<\/a><\/span>                        <\/div>\r\n                        <div class=\"cv-post-content\" itemprop=\"description\">TENERYFA: W sieci pojawi\u0142o si\u0119 nagranie pokazuj\u0105ce brutaln\u0105 b\u00f3jk\u0119 mi\u0119dzy dwiema m\u0142odymi Brytyjkami przed jednym&hellip;<\/div>                        <div class=\"cv-read-more\"><a href=https:\/\/nakanarach.pl\/index.php\/2025\/06\/05\/kolejna-bojka-turystow-video\/>Czytaj wi\u0119cej<i class=\"fas fa-arrow-right\"><\/i><\/a><\/div>                    <\/div><!-- .cv-post-right-wrap -->\r\n                <\/article>\r\n                        <article post-id=\"post-10597\" class=\"cv-post post-format--standard\" itemscope itemtype=\"http:\/\/schema.org\/articleBody\">\r\n                    <div class=\"cv-post-left-wrap\">\r\n                        <div class=\"cv-post-thumb\">\r\n                            <a href=\"https:\/\/nakanarach.pl\/index.php\/2025\/06\/02\/nietypowy-incydent-na-lotnisku-video\/\"><img decoding=\"async\" src=\"https:\/\/nakanarach.pl\/wp-content\/uploads\/2025\/06\/Lanzarote-Lotnisko-La-voz-de-lanzarote.webp\" alt=\"NIETYPOWY INCYDENT NA LOTNISKU (VIDEO)\"\/><\/a>\r\n                        <\/div>\r\n                    <\/div><!-- .cv-post-left-wrap -->\r\n                    <div class=\"cv-post-right-wrap\">\r\n                                                <h2 class=\"cv-post-title\">\r\n                            <a href=\"https:\/\/nakanarach.pl\/index.php\/2025\/06\/02\/nietypowy-incydent-na-lotnisku-video\/\" target=\"_self\">\r\n                                NIETYPOWY INCYDENT NA LOTNISKU (VIDEO)                            <\/a>\r\n                        <\/h2>\r\n                        <div class=\"cv-post-meta cv-meta-icon-show\">\r\n                            <span class=\"cv-post-date cv-post-meta-item\" itemprop=\"datePublished\"><a href=\"https:\/\/nakanarach.pl\/index.php\/2025\/06\/02\/nietypowy-incydent-na-lotnisku-video\/\">2 czerwca 2025<\/a><\/span>                        <\/div>\r\n                        <div class=\"cv-post-content\" itemprop=\"description\">LANZAROTE: Do nietypowego incydentu dosz\u0142o na jedynym na kanaryjskiej wyspie Lanzarote lotnisku, co spowodowa\u0142o powa\u017cne&hellip;<\/div>                        <div class=\"cv-read-more\"><a href=https:\/\/nakanarach.pl\/index.php\/2025\/06\/02\/nietypowy-incydent-na-lotnisku-video\/>Czytaj wi\u0119cej<i class=\"fas fa-arrow-right\"><\/i><\/a><\/div>                    <\/div><!-- .cv-post-right-wrap -->\r\n                <\/article>\r\n                        <article post-id=\"post-10571\" class=\"cv-post post-format--standard\" itemscope itemtype=\"http:\/\/schema.org\/articleBody\">\r\n                    <div class=\"cv-post-left-wrap\">\r\n                        <div class=\"cv-post-thumb\">\r\n                            <a href=\"https:\/\/nakanarach.pl\/index.php\/2025\/05\/30\/koszmarny-powrot-z-kanarow-video\/\"><img decoding=\"async\" src=\"https:\/\/nakanarach.pl\/wp-content\/uploads\/2025\/05\/Uderzyl-stewardesse-The-Sun.webp\" alt=\"KOSZMARNY POWR\u00d3T Z KANAR\u00d3W (VIDEO)\"\/><\/a>\r\n                        <\/div>\r\n                    <\/div><!-- .cv-post-left-wrap -->\r\n                    <div class=\"cv-post-right-wrap\">\r\n                                                <h2 class=\"cv-post-title\">\r\n                            <a href=\"https:\/\/nakanarach.pl\/index.php\/2025\/05\/30\/koszmarny-powrot-z-kanarow-video\/\" target=\"_self\">\r\n                                KOSZMARNY POWR\u00d3T Z KANAR\u00d3W (VIDEO)                            <\/a>\r\n                        <\/h2>\r\n                        <div class=\"cv-post-meta cv-meta-icon-show\">\r\n                            <span class=\"cv-post-date cv-post-meta-item\" itemprop=\"datePublished\"><a href=\"https:\/\/nakanarach.pl\/index.php\/2025\/05\/30\/koszmarny-powrot-z-kanarow-video\/\">30 maja 2025<\/a><\/span>                        <\/div>\r\n                        <div class=\"cv-post-content\" itemprop=\"description\">WYSPY KANARYJSKIE\/WIELKA BRYTANIA: Angielskie media opisuj\u0105 dramatyczn\u0105 sytuacj\u0119 pasa\u017cer\u00f3w niedawnego lotu z Gran Canarii do&hellip;<\/div>                        <div class=\"cv-read-more\"><a href=https:\/\/nakanarach.pl\/index.php\/2025\/05\/30\/koszmarny-powrot-z-kanarow-video\/>Czytaj wi\u0119cej<i class=\"fas fa-arrow-right\"><\/i><\/a><\/div>                    <\/div><!-- .cv-post-right-wrap -->\r\n                <\/article>\r\n                        <article post-id=\"post-10552\" class=\"cv-post post-format--standard\" itemscope itemtype=\"http:\/\/schema.org\/articleBody\">\r\n                    <div class=\"cv-post-left-wrap\">\r\n                        <div class=\"cv-post-thumb\">\r\n                            <a href=\"https:\/\/nakanarach.pl\/index.php\/2025\/05\/29\/tragiczna-wyprawa-imigrantow-video\/\"><img decoding=\"async\" src=\"https:\/\/nakanarach.pl\/wp-content\/uploads\/2025\/05\/Imigranci-El-Hierro-2025-FB-Salvamento-Maritimo.jpg\" alt=\"TRAGICZNA WYPRAWA IMIGRANT\u00d3W (VIDEO)\"\/><\/a>\r\n                        <\/div>\r\n                    <\/div><!-- .cv-post-left-wrap -->\r\n                    <div class=\"cv-post-right-wrap\">\r\n                                                <h2 class=\"cv-post-title\">\r\n                            <a href=\"https:\/\/nakanarach.pl\/index.php\/2025\/05\/29\/tragiczna-wyprawa-imigrantow-video\/\" target=\"_self\">\r\n                                TRAGICZNA WYPRAWA IMIGRANT\u00d3W (VIDEO)                            <\/a>\r\n                        <\/h2>\r\n                        <div class=\"cv-post-meta cv-meta-icon-show\">\r\n                            <span class=\"cv-post-date cv-post-meta-item\" itemprop=\"datePublished\"><a href=\"https:\/\/nakanarach.pl\/index.php\/2025\/05\/29\/tragiczna-wyprawa-imigrantow-video\/\">29 maja 2025<\/a><\/span>                        <\/div>\r\n                        <div class=\"cv-post-content\" itemprop=\"description\">EL HIERRO: Co najmniej siedem os\u00f3b zgin\u0119\u0142o, a kolejne dziecko zagin\u0119\u0142o po tym, jak 28&hellip;<\/div>                        <div class=\"cv-read-more\"><a href=https:\/\/nakanarach.pl\/index.php\/2025\/05\/29\/tragiczna-wyprawa-imigrantow-video\/>Czytaj wi\u0119cej<i class=\"fas fa-arrow-right\"><\/i><\/a><\/div>                    <\/div><!-- .cv-post-right-wrap -->\r\n                <\/article>\r\n                        <article post-id=\"post-10546\" class=\"cv-post post-format--standard\" itemscope itemtype=\"http:\/\/schema.org\/articleBody\">\r\n                    <div class=\"cv-post-left-wrap\">\r\n                        <div class=\"cv-post-thumb\">\r\n                            <a href=\"https:\/\/nakanarach.pl\/index.php\/2025\/05\/28\/powazne-incydenty-na-lotnisku\/\"><img decoding=\"async\" src=\"https:\/\/nakanarach.pl\/wp-content\/uploads\/2025\/03\/lotnisko-ryanair_optimized-scaled.jpg\" alt=\"POWA\u017bNE INCYDENTY NA LOTNISKU\"\/><\/a>\r\n                        <\/div>\r\n                    <\/div><!-- .cv-post-left-wrap -->\r\n                    <div class=\"cv-post-right-wrap\">\r\n                                                <h2 class=\"cv-post-title\">\r\n                            <a href=\"https:\/\/nakanarach.pl\/index.php\/2025\/05\/28\/powazne-incydenty-na-lotnisku\/\" target=\"_self\">\r\n                                POWA\u017bNE INCYDENTY NA LOTNISKU                            <\/a>\r\n                        <\/h2>\r\n                        <div class=\"cv-post-meta cv-meta-icon-show\">\r\n                            <span class=\"cv-post-date cv-post-meta-item\" itemprop=\"datePublished\"><a href=\"https:\/\/nakanarach.pl\/index.php\/2025\/05\/28\/powazne-incydenty-na-lotnisku\/\">28 maja 2025<\/a><\/span>                        <\/div>\r\n                        <div class=\"cv-post-content\" itemprop=\"description\">LANZAROTE: Dwa powa\u017cne incydenty na lotnisku na kanaryjskiej wyspie Lanzarote. Po jednej ze sprzeczek z&hellip;<\/div>                        <div class=\"cv-read-more\"><a href=https:\/\/nakanarach.pl\/index.php\/2025\/05\/28\/powazne-incydenty-na-lotnisku\/>Czytaj wi\u0119cej<i class=\"fas fa-arrow-right\"><\/i><\/a><\/div>                    <\/div><!-- .cv-post-right-wrap -->\r\n                <\/article>\r\n                        <article post-id=\"post-10534\" class=\"cv-post post-format--standard\" itemscope itemtype=\"http:\/\/schema.org\/articleBody\">\r\n                    <div class=\"cv-post-left-wrap\">\r\n                        <div class=\"cv-post-thumb\">\r\n                            <a href=\"https:\/\/nakanarach.pl\/index.php\/2025\/05\/27\/bojka-na-plazy-video\/\"><img decoding=\"async\" src=\"https:\/\/nakanarach.pl\/wp-content\/uploads\/2025\/05\/Teneryfa-Bojka.jpg\" alt=\"B\u00d3JKA NA PLA\u017bY (VIDEO)\"\/><\/a>\r\n                        <\/div>\r\n                    <\/div><!-- .cv-post-left-wrap -->\r\n                    <div class=\"cv-post-right-wrap\">\r\n                                                <h2 class=\"cv-post-title\">\r\n                            <a href=\"https:\/\/nakanarach.pl\/index.php\/2025\/05\/27\/bojka-na-plazy-video\/\" target=\"_self\">\r\n                                B\u00d3JKA NA PLA\u017bY (VIDEO)                            <\/a>\r\n                        <\/h2>\r\n                        <div class=\"cv-post-meta cv-meta-icon-show\">\r\n                            <span class=\"cv-post-date cv-post-meta-item\" itemprop=\"datePublished\"><a href=\"https:\/\/nakanarach.pl\/index.php\/2025\/05\/27\/bojka-na-plazy-video\/\">27 maja 2025<\/a><\/span>                        <\/div>\r\n                        <div class=\"cv-post-content\" itemprop=\"description\">TENERYFA: W internecie pojawi\u0142o si\u0119 nagranie pokazuj\u0105ce b\u00f3jk\u0119 na jednej z najpopularniejszych pla\u017c Teneryfy na&hellip;<\/div>                        <div class=\"cv-read-more\"><a href=https:\/\/nakanarach.pl\/index.php\/2025\/05\/27\/bojka-na-plazy-video\/>Czytaj wi\u0119cej<i class=\"fas fa-arrow-right\"><\/i><\/a><\/div>                    <\/div><!-- .cv-post-right-wrap -->\r\n                <\/article>\r\n                        <article post-id=\"post-10512\" class=\"cv-post post-format--standard\" itemscope itemtype=\"http:\/\/schema.org\/articleBody\">\r\n                    <div class=\"cv-post-left-wrap\">\r\n                        <div class=\"cv-post-thumb\">\r\n                            <a href=\"https:\/\/nakanarach.pl\/index.php\/2025\/05\/23\/zaklocony-lot-z-kanarow-video\/\"><img decoding=\"async\" src=\"https:\/\/nakanarach.pl\/wp-content\/uploads\/2025\/05\/Samolot-Interwencja-TikTok-Blairrmorr.webp\" alt=\"ZAK\u0141\u00d3CONY LOT Z KANAR\u00d3W (VIDEO)\"\/><\/a>\r\n                        <\/div>\r\n                    <\/div><!-- .cv-post-left-wrap -->\r\n                    <div class=\"cv-post-right-wrap\">\r\n                                                <h2 class=\"cv-post-title\">\r\n                            <a href=\"https:\/\/nakanarach.pl\/index.php\/2025\/05\/23\/zaklocony-lot-z-kanarow-video\/\" target=\"_self\">\r\n                                ZAK\u0141\u00d3CONY LOT Z KANAR\u00d3W (VIDEO)                            <\/a>\r\n                        <\/h2>\r\n                        <div class=\"cv-post-meta cv-meta-icon-show\">\r\n                            <span class=\"cv-post-date cv-post-meta-item\" itemprop=\"datePublished\"><a href=\"https:\/\/nakanarach.pl\/index.php\/2025\/05\/23\/zaklocony-lot-z-kanarow-video\/\">23 maja 2025<\/a><\/span>                        <\/div>\r\n                        <div class=\"cv-post-content\" itemprop=\"description\">TENERYFA: Przera\u017caj\u0105cy incydent w czasie lotu z Wysp Kanaryjskich do Szkocji. Pijana kobieta wpad\u0142a w&hellip;<\/div>                        <div class=\"cv-read-more\"><a href=https:\/\/nakanarach.pl\/index.php\/2025\/05\/23\/zaklocony-lot-z-kanarow-video\/>Czytaj wi\u0119cej<i class=\"fas fa-arrow-right\"><\/i><\/a><\/div>                    <\/div><!-- .cv-post-right-wrap -->\r\n                <\/article>\r\n                        <article post-id=\"post-10508\" class=\"cv-post post-format--standard\" itemscope itemtype=\"http:\/\/schema.org\/articleBody\">\r\n                    <div class=\"cv-post-left-wrap\">\r\n                        <div class=\"cv-post-thumb\">\r\n                            <a href=\"https:\/\/nakanarach.pl\/index.php\/2025\/05\/23\/dziecko-utonelo-w-basenie\/\"><img decoding=\"async\" src=\"https:\/\/nakanarach.pl\/wp-content\/uploads\/2025\/05\/Pogotowie-ratunkowe-Cecoes-112-Canarias-X.jpg\" alt=\"DZIECKO UTON\u0118\u0141O W BASENIE\"\/><\/a>\r\n                        <\/div>\r\n                    <\/div><!-- .cv-post-left-wrap -->\r\n                    <div class=\"cv-post-right-wrap\">\r\n                                                <h2 class=\"cv-post-title\">\r\n                            <a href=\"https:\/\/nakanarach.pl\/index.php\/2025\/05\/23\/dziecko-utonelo-w-basenie\/\" target=\"_self\">\r\n                                DZIECKO UTON\u0118\u0141O W BASENIE                            <\/a>\r\n                        <\/h2>\r\n                        <div class=\"cv-post-meta cv-meta-icon-show\">\r\n                            <span class=\"cv-post-date cv-post-meta-item\" itemprop=\"datePublished\"><a href=\"https:\/\/nakanarach.pl\/index.php\/2025\/05\/23\/dziecko-utonelo-w-basenie\/\">23 maja 2025<\/a><\/span>                        <\/div>\r\n                        <div class=\"cv-post-content\" itemprop=\"description\">TENERYFA: Czteroletni ch\u0142opiec zmar\u0142 kr\u00f3tko po tym, jak zosta\u0142 uratowany z hotelowego basenu w Golf&hellip;<\/div>                        <div class=\"cv-read-more\"><a href=https:\/\/nakanarach.pl\/index.php\/2025\/05\/23\/dziecko-utonelo-w-basenie\/>Czytaj wi\u0119cej<i class=\"fas fa-arrow-right\"><\/i><\/a><\/div>                    <\/div><!-- .cv-post-right-wrap -->\r\n                <\/article>\r\n                        <article post-id=\"post-10436\" class=\"cv-post post-format--standard\" itemscope itemtype=\"http:\/\/schema.org\/articleBody\">\r\n                    <div class=\"cv-post-left-wrap\">\r\n                        <div class=\"cv-post-thumb\">\r\n                            <a href=\"https:\/\/nakanarach.pl\/index.php\/2025\/05\/20\/tragiczny-wybuch-w-domu\/\"><img decoding=\"async\" src=\"https:\/\/nakanarach.pl\/wp-content\/plugins\/wp-blog-post-layouts\/includes\/assets\/images\/image.jpg\" alt=\"TRAGICZNY WYBUCH W DOMU\"\/><\/a>\r\n                        <\/div>\r\n                    <\/div><!-- .cv-post-left-wrap -->\r\n                    <div class=\"cv-post-right-wrap\">\r\n                                                <h2 class=\"cv-post-title\">\r\n                            <a href=\"https:\/\/nakanarach.pl\/index.php\/2025\/05\/20\/tragiczny-wybuch-w-domu\/\" target=\"_self\">\r\n                                TRAGICZNY WYBUCH W DOMU                            <\/a>\r\n                        <\/h2>\r\n                        <div class=\"cv-post-meta cv-meta-icon-show\">\r\n                            <span class=\"cv-post-date cv-post-meta-item\" itemprop=\"datePublished\"><a href=\"https:\/\/nakanarach.pl\/index.php\/2025\/05\/20\/tragiczny-wybuch-w-domu\/\">20 maja 2025<\/a><\/span>                        <\/div>\r\n                        <div class=\"cv-post-content\" itemprop=\"description\">TENERYFA: Jedna osoba zgin\u0119\u0142a w wyniku pot\u0119\u017cnej eksplozji w domu na Teneryfie, kt\u00f3ra spowodowa\u0142a du\u017cy&hellip;<\/div>                        <div class=\"cv-read-more\"><a href=https:\/\/nakanarach.pl\/index.php\/2025\/05\/20\/tragiczny-wybuch-w-domu\/>Czytaj wi\u0119cej<i class=\"fas fa-arrow-right\"><\/i><\/a><\/div>                    <\/div><!-- .cv-post-right-wrap -->\r\n                <\/article>\r\n                        <article post-id=\"post-10310\" class=\"cv-post post-format--standard\" itemscope itemtype=\"http:\/\/schema.org\/articleBody\">\r\n                    <div class=\"cv-post-left-wrap\">\r\n                        <div class=\"cv-post-thumb\">\r\n                            <a href=\"https:\/\/nakanarach.pl\/index.php\/2025\/05\/15\/kontroluja-wynajem-aut-dla-turystow\/\"><img decoding=\"async\" src=\"https:\/\/nakanarach.pl\/wp-content\/uploads\/2025\/05\/Gwardia-Cywilna-Trafico.jpg\" alt=\"KONTROLUJ\u0104 WYNAJEM AUT DLA TURYST\u00d3W\"\/><\/a>\r\n                        <\/div>\r\n                    <\/div><!-- .cv-post-left-wrap -->\r\n                    <div class=\"cv-post-right-wrap\">\r\n                                                <h2 class=\"cv-post-title\">\r\n                            <a href=\"https:\/\/nakanarach.pl\/index.php\/2025\/05\/15\/kontroluja-wynajem-aut-dla-turystow\/\" target=\"_self\">\r\n                                KONTROLUJ\u0104 WYNAJEM AUT DLA TURYST\u00d3W                            <\/a>\r\n                        <\/h2>\r\n                        <div class=\"cv-post-meta cv-meta-icon-show\">\r\n                            <span class=\"cv-post-date cv-post-meta-item\" itemprop=\"datePublished\"><a href=\"https:\/\/nakanarach.pl\/index.php\/2025\/05\/15\/kontroluja-wynajem-aut-dla-turystow\/\">15 maja 2025<\/a><\/span>                        <\/div>\r\n                        <div class=\"cv-post-content\" itemprop=\"description\">LANZAROTE: Lokalne w\u0142adze, za po\u015brednictwem Departamentu Transportu i Mobilno\u015bci, zintensyfikowa\u0142y wiosn\u0105 kontrole w celu ograniczenia&hellip;<\/div>                        <div class=\"cv-read-more\"><a href=https:\/\/nakanarach.pl\/index.php\/2025\/05\/15\/kontroluja-wynajem-aut-dla-turystow\/>Czytaj wi\u0119cej<i class=\"fas fa-arrow-right\"><\/i><\/a><\/div>                    <\/div><!-- .cv-post-right-wrap -->\r\n                <\/article>\r\n                        <article post-id=\"post-10340\" class=\"cv-post post-format--standard\" itemscope itemtype=\"http:\/\/schema.org\/articleBody\">\r\n                    <div class=\"cv-post-left-wrap\">\r\n                        <div class=\"cv-post-thumb\">\r\n                            <a href=\"https:\/\/nakanarach.pl\/index.php\/2025\/05\/14\/tragiczny-wypadek-autobusu\/\"><img decoding=\"async\" src=\"https:\/\/nakanarach.pl\/wp-content\/uploads\/2025\/05\/Autobus-0-FB-La-Gomera-Isla-Colombiana.jpg\" alt=\"TRAGICZNY WYPADEK AUTOBUSU\"\/><\/a>\r\n                        <\/div>\r\n                    <\/div><!-- .cv-post-left-wrap -->\r\n                    <div class=\"cv-post-right-wrap\">\r\n                                                <h2 class=\"cv-post-title\">\r\n                            <a href=\"https:\/\/nakanarach.pl\/index.php\/2025\/05\/14\/tragiczny-wypadek-autobusu\/\" target=\"_self\">\r\n                                TRAGICZNY WYPADEK AUTOBUSU                            <\/a>\r\n                        <\/h2>\r\n                        <div class=\"cv-post-meta cv-meta-icon-show\">\r\n                            <span class=\"cv-post-date cv-post-meta-item\" itemprop=\"datePublished\"><a href=\"https:\/\/nakanarach.pl\/index.php\/2025\/05\/14\/tragiczny-wypadek-autobusu\/\">14 maja 2025<\/a><\/span>                        <\/div>\r\n                        <div class=\"cv-post-content\" itemprop=\"description\">LA GOMERA: 73-letnia kobieta zmar\u0142a, a 11 innych os\u00f3b zosta\u0142o rannych, niekt\u00f3re powa\u017cnie, po tym&hellip;<\/div>                        <div class=\"cv-read-more\"><a href=https:\/\/nakanarach.pl\/index.php\/2025\/05\/14\/tragiczny-wypadek-autobusu\/>Czytaj wi\u0119cej<i class=\"fas fa-arrow-right\"><\/i><\/a><\/div>                    <\/div><!-- .cv-post-right-wrap -->\r\n                <\/article>\r\n                        <article post-id=\"post-10241\" class=\"cv-post post-format--standard\" itemscope itemtype=\"http:\/\/schema.org\/articleBody\">\r\n                    <div class=\"cv-post-left-wrap\">\r\n                        <div class=\"cv-post-thumb\">\r\n                            <a href=\"https:\/\/nakanarach.pl\/index.php\/2025\/05\/06\/zginal-podczas-robienia-selfie\/\"><img decoding=\"async\" src=\"https:\/\/nakanarach.pl\/wp-content\/uploads\/2024\/11\/ulica-las-palmas-taras_optimized-scaled.jpg\" alt=\"ZGIN\u0104\u0141 PODCZAS ROBIENIA SELFIE\"\/><\/a>\r\n                        <\/div>\r\n                    <\/div><!-- .cv-post-left-wrap -->\r\n                    <div class=\"cv-post-right-wrap\">\r\n                                                <h2 class=\"cv-post-title\">\r\n                            <a href=\"https:\/\/nakanarach.pl\/index.php\/2025\/05\/06\/zginal-podczas-robienia-selfie\/\" target=\"_self\">\r\n                                ZGIN\u0104\u0141 PODCZAS ROBIENIA SELFIE                            <\/a>\r\n                        <\/h2>\r\n                        <div class=\"cv-post-meta cv-meta-icon-show\">\r\n                            <span class=\"cv-post-date cv-post-meta-item\" itemprop=\"datePublished\"><a href=\"https:\/\/nakanarach.pl\/index.php\/2025\/05\/06\/zginal-podczas-robienia-selfie\/\">6 maja 2025<\/a><\/span>                        <\/div>\r\n                        <div class=\"cv-post-content\" itemprop=\"description\">GRAN CANARIA: Tragiczny wypadek na dachu jednego z hoteli w stolicy wyspy. Do incydentu dosz\u0142o&hellip;<\/div>                        <div class=\"cv-read-more\"><a href=https:\/\/nakanarach.pl\/index.php\/2025\/05\/06\/zginal-podczas-robienia-selfie\/>Czytaj wi\u0119cej<i class=\"fas fa-arrow-right\"><\/i><\/a><\/div>                    <\/div><!-- .cv-post-right-wrap -->\r\n                <\/article>\r\n                        <article post-id=\"post-10170\" class=\"cv-post post-format--standard\" itemscope itemtype=\"http:\/\/schema.org\/articleBody\">\r\n                    <div class=\"cv-post-left-wrap\">\r\n                        <div class=\"cv-post-thumb\">\r\n                            <a href=\"https:\/\/nakanarach.pl\/index.php\/2025\/05\/05\/zatrzymani-za-okradanie-wczasowiczow\/\"><img decoding=\"async\" src=\"https:\/\/nakanarach.pl\/wp-content\/uploads\/2025\/05\/Gwardia-Cywilna-kajdanki.jpg\" alt=\"ZATRZYMANI ZA OKRADANIE WCZASOWICZ\u00d3W\"\/><\/a>\r\n                        <\/div>\r\n                    <\/div><!-- .cv-post-left-wrap -->\r\n                    <div class=\"cv-post-right-wrap\">\r\n                                                <h2 class=\"cv-post-title\">\r\n                            <a href=\"https:\/\/nakanarach.pl\/index.php\/2025\/05\/05\/zatrzymani-za-okradanie-wczasowiczow\/\" target=\"_self\">\r\n                                ZATRZYMANI ZA OKRADANIE WCZASOWICZ\u00d3W                            <\/a>\r\n                        <\/h2>\r\n                        <div class=\"cv-post-meta cv-meta-icon-show\">\r\n                            <span class=\"cv-post-date cv-post-meta-item\" itemprop=\"datePublished\"><a href=\"https:\/\/nakanarach.pl\/index.php\/2025\/05\/05\/zatrzymani-za-okradanie-wczasowiczow\/\">5 maja 2025<\/a><\/span>                        <\/div>\r\n                        <div class=\"cv-post-content\" itemprop=\"description\">LANZAROTE\/FUERTEVENTURA: Policja aresztowa\u0142a m\u0119\u017cczyzn\u0119 i kobiet\u0119 na Lanzarote po tym, jak powi\u0105za\u0142a ich z 17&hellip;<\/div>                        <div class=\"cv-read-more\"><a href=https:\/\/nakanarach.pl\/index.php\/2025\/05\/05\/zatrzymani-za-okradanie-wczasowiczow\/>Czytaj wi\u0119cej<i class=\"fas fa-arrow-right\"><\/i><\/a><\/div>                    <\/div><!-- .cv-post-right-wrap -->\r\n                <\/article>\r\n                        <article post-id=\"post-10176\" class=\"cv-post post-format--standard\" itemscope itemtype=\"http:\/\/schema.org\/articleBody\">\r\n                    <div class=\"cv-post-left-wrap\">\r\n                        <div class=\"cv-post-thumb\">\r\n                            <a href=\"https:\/\/nakanarach.pl\/index.php\/2025\/05\/01\/pozar-kampera-video\/\"><img decoding=\"async\" src=\"https:\/\/nakanarach.pl\/wp-content\/uploads\/2025\/05\/Pozar-kampera-Teneryfa-Diario-Avisos.jpg\" alt=\"PO\u017bAR KAMPERA (VIDEO)\"\/><\/a>\r\n                        <\/div>\r\n                    <\/div><!-- .cv-post-left-wrap -->\r\n                    <div class=\"cv-post-right-wrap\">\r\n                                                <h2 class=\"cv-post-title\">\r\n                            <a href=\"https:\/\/nakanarach.pl\/index.php\/2025\/05\/01\/pozar-kampera-video\/\" target=\"_self\">\r\n                                PO\u017bAR KAMPERA (VIDEO)                            <\/a>\r\n                        <\/h2>\r\n                        <div class=\"cv-post-meta cv-meta-icon-show\">\r\n                            <span class=\"cv-post-date cv-post-meta-item\" itemprop=\"datePublished\"><a href=\"https:\/\/nakanarach.pl\/index.php\/2025\/05\/01\/pozar-kampera-video\/\">1 maja 2025<\/a><\/span>                        <\/div>\r\n                        <div class=\"cv-post-content\" itemprop=\"description\">TENERYFA: Stra\u017cacy gasili gro\u017anie wygl\u0105daj\u0105cy po\u017car, kt\u00f3ry doszcz\u0119tnie zniszczy\u0142 kampera oraz spowodowa\u0142 uszkodzenia dw\u00f3ch zaparkowanych&hellip;<\/div>                        <div class=\"cv-read-more\"><a href=https:\/\/nakanarach.pl\/index.php\/2025\/05\/01\/pozar-kampera-video\/>Czytaj wi\u0119cej<i class=\"fas fa-arrow-right\"><\/i><\/a><\/div>                    <\/div><!-- .cv-post-right-wrap -->\r\n                <\/article>\r\n                        <article post-id=\"post-10091\" class=\"cv-post post-format--standard\" itemscope itemtype=\"http:\/\/schema.org\/articleBody\">\r\n                    <div class=\"cv-post-left-wrap\">\r\n                        <div class=\"cv-post-thumb\">\r\n                            <a href=\"https:\/\/nakanarach.pl\/index.php\/2025\/04\/25\/nietypowa-kara-dla-zlodzieja\/\"><img decoding=\"async\" src=\"https:\/\/nakanarach.pl\/wp-content\/uploads\/2025\/04\/Gwardia-cywilna-park.jpg\" alt=\"NIETYPOWA KARA DLA Z\u0141ODZIEJA\"\/><\/a>\r\n                        <\/div>\r\n                    <\/div><!-- .cv-post-left-wrap -->\r\n                    <div class=\"cv-post-right-wrap\">\r\n                                                <h2 class=\"cv-post-title\">\r\n                            <a href=\"https:\/\/nakanarach.pl\/index.php\/2025\/04\/25\/nietypowa-kara-dla-zlodzieja\/\" target=\"_self\">\r\n                                NIETYPOWA KARA DLA Z\u0141ODZIEJA                            <\/a>\r\n                        <\/h2>\r\n                        <div class=\"cv-post-meta cv-meta-icon-show\">\r\n                            <span class=\"cv-post-date cv-post-meta-item\" itemprop=\"datePublished\"><a href=\"https:\/\/nakanarach.pl\/index.php\/2025\/04\/25\/nietypowa-kara-dla-zlodzieja\/\">25 kwietnia 2025<\/a><\/span>                        <\/div>\r\n                        <div class=\"cv-post-content\" itemprop=\"description\">TENERYFA: Nietypowa kara spotka\u0142a z\u0142odzieja, kt\u00f3ry okrada\u0142 turyst\u00f3w w s\u0142ynnym w\u0105wozie Masca na kanaryjskiej Teneryfie.&hellip;<\/div>                        <div class=\"cv-read-more\"><a href=https:\/\/nakanarach.pl\/index.php\/2025\/04\/25\/nietypowa-kara-dla-zlodzieja\/>Czytaj wi\u0119cej<i class=\"fas fa-arrow-right\"><\/i><\/a><\/div>                    <\/div><!-- .cv-post-right-wrap -->\r\n                <\/article>\r\n                        <article post-id=\"post-10034\" class=\"cv-post post-format--standard\" itemscope itemtype=\"http:\/\/schema.org\/articleBody\">\r\n                    <div class=\"cv-post-left-wrap\">\r\n                        <div class=\"cv-post-thumb\">\r\n                            <a href=\"https:\/\/nakanarach.pl\/index.php\/2025\/04\/24\/szokujace-zachowanie-turystow-video\/\"><img decoding=\"async\" src=\"https:\/\/nakanarach.pl\/wp-content\/uploads\/2025\/04\/Lanzarote-Incydent-turysci.jpg\" alt=\"SZOKUJ\u0104CE ZACHOWANIE TURYST\u00d3W (VIDEO)\"\/><\/a>\r\n                        <\/div>\r\n                    <\/div><!-- .cv-post-left-wrap -->\r\n                    <div class=\"cv-post-right-wrap\">\r\n                                                <h2 class=\"cv-post-title\">\r\n                            <a href=\"https:\/\/nakanarach.pl\/index.php\/2025\/04\/24\/szokujace-zachowanie-turystow-video\/\" target=\"_self\">\r\n                                SZOKUJ\u0104CE ZACHOWANIE TURYST\u00d3W (VIDEO)                            <\/a>\r\n                        <\/h2>\r\n                        <div class=\"cv-post-meta cv-meta-icon-show\">\r\n                            <span class=\"cv-post-date cv-post-meta-item\" itemprop=\"datePublished\"><a href=\"https:\/\/nakanarach.pl\/index.php\/2025\/04\/24\/szokujace-zachowanie-turystow-video\/\">24 kwietnia 2025<\/a><\/span>                        <\/div>\r\n                        <div class=\"cv-post-content\" itemprop=\"description\">LANZAROTE: Szokuj\u0105ce nagrania pokazuj\u0105ce lekkomy\u015blno\u015b\u0107 turyst\u00f3w na kanaryjskiej wyspie Lanzarote pojawi\u0142y si\u0119 w internecie. W&hellip;<\/div>                        <div class=\"cv-read-more\"><a href=https:\/\/nakanarach.pl\/index.php\/2025\/04\/24\/szokujace-zachowanie-turystow-video\/>Czytaj wi\u0119cej<i class=\"fas fa-arrow-right\"><\/i><\/a><\/div>                    <\/div><!-- .cv-post-right-wrap -->\r\n                <\/article>\r\n                        <article post-id=\"post-9981\" class=\"cv-post post-format--standard\" itemscope itemtype=\"http:\/\/schema.org\/articleBody\">\r\n                    <div class=\"cv-post-left-wrap\">\r\n                        <div class=\"cv-post-thumb\">\r\n                            <a href=\"https:\/\/nakanarach.pl\/index.php\/2025\/04\/15\/uszkodzony-most-i-brak-ostrzezen-o-powodzi\/\"><img decoding=\"async\" src=\"https:\/\/nakanarach.pl\/wp-content\/uploads\/2025\/04\/Most-Tacoronte-Teneryfa0.jpg\" alt=\"USZKODZONY MOST I BRAK OSTRZE\u017bE\u0143 O POWODZI\"\/><\/a>\r\n                        <\/div>\r\n                    <\/div><!-- .cv-post-left-wrap -->\r\n                    <div class=\"cv-post-right-wrap\">\r\n                                                <h2 class=\"cv-post-title\">\r\n                            <a href=\"https:\/\/nakanarach.pl\/index.php\/2025\/04\/15\/uszkodzony-most-i-brak-ostrzezen-o-powodzi\/\" target=\"_self\">\r\n                                USZKODZONY MOST I BRAK OSTRZE\u017bE\u0143 O POWODZI                            <\/a>\r\n                        <\/h2>\r\n                        <div class=\"cv-post-meta cv-meta-icon-show\">\r\n                            <span class=\"cv-post-date cv-post-meta-item\" itemprop=\"datePublished\"><a href=\"https:\/\/nakanarach.pl\/index.php\/2025\/04\/15\/uszkodzony-most-i-brak-ostrzezen-o-powodzi\/\">15 kwietnia 2025<\/a><\/span>                        <\/div>\r\n                        <div class=\"cv-post-content\" itemprop=\"description\">WYSPY KANARYJSKIE: Trwa szacowanie strat po ulewnych deszczach i powodziach, kt\u00f3re przesz\u0142y w minionym tygodniu&hellip;<\/div>                        <div class=\"cv-read-more\"><a href=https:\/\/nakanarach.pl\/index.php\/2025\/04\/15\/uszkodzony-most-i-brak-ostrzezen-o-powodzi\/>Czytaj wi\u0119cej<i class=\"fas fa-arrow-right\"><\/i><\/a><\/div>                    <\/div><!-- .cv-post-right-wrap -->\r\n                <\/article>\r\n                        <article post-id=\"post-9902\" class=\"cv-post post-format--standard\" itemscope itemtype=\"http:\/\/schema.org\/articleBody\">\r\n                    <div class=\"cv-post-left-wrap\">\r\n                        <div class=\"cv-post-thumb\">\r\n                            <a href=\"https:\/\/nakanarach.pl\/index.php\/2025\/04\/03\/wichura-uszkodzila-maszt\/\"><img decoding=\"async\" src=\"https:\/\/nakanarach.pl\/wp-content\/uploads\/2025\/04\/Wiatr-Galdar.jpg\" alt=\"WICHURA USZKODZI\u0141A MASZT\"\/><\/a>\r\n                        <\/div>\r\n                    <\/div><!-- .cv-post-left-wrap -->\r\n                    <div class=\"cv-post-right-wrap\">\r\n                                                <h2 class=\"cv-post-title\">\r\n                            <a href=\"https:\/\/nakanarach.pl\/index.php\/2025\/04\/03\/wichura-uszkodzila-maszt\/\" target=\"_self\">\r\n                                WICHURA USZKODZI\u0141A MASZT                            <\/a>\r\n                        <\/h2>\r\n                        <div class=\"cv-post-meta cv-meta-icon-show\">\r\n                            <span class=\"cv-post-date cv-post-meta-item\" itemprop=\"datePublished\"><a href=\"https:\/\/nakanarach.pl\/index.php\/2025\/04\/03\/wichura-uszkodzila-maszt\/\">3 kwietnia 2025<\/a><\/span>                        <\/div>\r\n                        <div class=\"cv-post-content\" itemprop=\"description\">WYSPY KANARYJSKIE: Burza Nuria z silnym, porywistym wiatrem i ulewnym deszczem przesz\u0142a przez ten rajski&hellip;<\/div>                        <div class=\"cv-read-more\"><a href=https:\/\/nakanarach.pl\/index.php\/2025\/04\/03\/wichura-uszkodzila-maszt\/>Czytaj wi\u0119cej<i class=\"fas fa-arrow-right\"><\/i><\/a><\/div>                    <\/div><!-- .cv-post-right-wrap -->\r\n                <\/article>\r\n                        <article post-id=\"post-9855\" class=\"cv-post post-format--standard\" itemscope itemtype=\"http:\/\/schema.org\/articleBody\">\r\n                    <div class=\"cv-post-left-wrap\">\r\n                        <div class=\"cv-post-thumb\">\r\n                            <a href=\"https:\/\/nakanarach.pl\/index.php\/2025\/04\/01\/ulewne-opady-deszczu-na-kanarach\/\"><img decoding=\"async\" src=\"https:\/\/nakanarach.pl\/wp-content\/plugins\/wp-blog-post-layouts\/includes\/assets\/images\/image.jpg\" alt=\"ULEWNE OPADY DESZCZU NA KANARACH\"\/><\/a>\r\n                        <\/div>\r\n                    <\/div><!-- .cv-post-left-wrap -->\r\n                    <div class=\"cv-post-right-wrap\">\r\n                                                <h2 class=\"cv-post-title\">\r\n                            <a href=\"https:\/\/nakanarach.pl\/index.php\/2025\/04\/01\/ulewne-opady-deszczu-na-kanarach\/\" target=\"_self\">\r\n                                ULEWNE OPADY DESZCZU NA KANARACH                            <\/a>\r\n                        <\/h2>\r\n                        <div class=\"cv-post-meta cv-meta-icon-show\">\r\n                            <span class=\"cv-post-date cv-post-meta-item\" itemprop=\"datePublished\"><a href=\"https:\/\/nakanarach.pl\/index.php\/2025\/04\/01\/ulewne-opady-deszczu-na-kanarach\/\">1 kwietnia 2025<\/a><\/span>                        <\/div>\r\n                        <div class=\"cv-post-content\" itemprop=\"description\">LA PALMA: Na Wyspach Kanaryjskich przy oko\u0142o 300 s\u0142onecznych dniach w roku pada niezwykle rzadko,&hellip;<\/div>                        <div class=\"cv-read-more\"><a href=https:\/\/nakanarach.pl\/index.php\/2025\/04\/01\/ulewne-opady-deszczu-na-kanarach\/>Czytaj wi\u0119cej<i class=\"fas fa-arrow-right\"><\/i><\/a><\/div>                    <\/div><!-- .cv-post-right-wrap -->\r\n                <\/article>\r\n                        <article post-id=\"post-9821\" class=\"cv-post post-format--standard\" itemscope itemtype=\"http:\/\/schema.org\/articleBody\">\r\n                    <div class=\"cv-post-left-wrap\">\r\n                        <div class=\"cv-post-thumb\">\r\n                            <a href=\"https:\/\/nakanarach.pl\/index.php\/2025\/03\/26\/powazny-wypadek-autobusu-z-dziecmi\/\"><img decoding=\"async\" src=\"https:\/\/nakanarach.pl\/wp-content\/plugins\/wp-blog-post-layouts\/includes\/assets\/images\/image.jpg\" alt=\"POWA\u017bNY WYPADEK AUTOBUSU Z DZIE\u0106MI\"\/><\/a>\r\n                        <\/div>\r\n                    <\/div><!-- .cv-post-left-wrap -->\r\n                    <div class=\"cv-post-right-wrap\">\r\n                                                <h2 class=\"cv-post-title\">\r\n                            <a href=\"https:\/\/nakanarach.pl\/index.php\/2025\/03\/26\/powazny-wypadek-autobusu-z-dziecmi\/\" target=\"_self\">\r\n                                POWA\u017bNY WYPADEK AUTOBUSU Z DZIE\u0106MI                            <\/a>\r\n                        <\/h2>\r\n                        <div class=\"cv-post-meta cv-meta-icon-show\">\r\n                            <span class=\"cv-post-date cv-post-meta-item\" itemprop=\"datePublished\"><a href=\"https:\/\/nakanarach.pl\/index.php\/2025\/03\/26\/powazny-wypadek-autobusu-z-dziecmi\/\">26 marca 2025<\/a><\/span>                        <\/div>\r\n                        <div class=\"cv-post-content\" itemprop=\"description\">TENERYFA: 14 os\u00f3b, w tym o\u015bmioro dzieci, zosta\u0142o rannych po zderzeniu furgonetki z autobusem szkolnym&hellip;<\/div>                        <div class=\"cv-read-more\"><a href=https:\/\/nakanarach.pl\/index.php\/2025\/03\/26\/powazny-wypadek-autobusu-z-dziecmi\/>Czytaj wi\u0119cej<i class=\"fas fa-arrow-right\"><\/i><\/a><\/div>                    <\/div><!-- .cv-post-right-wrap -->\r\n                <\/article>\r\n                        <article post-id=\"post-9769\" class=\"cv-post post-format--standard\" itemscope itemtype=\"http:\/\/schema.org\/articleBody\">\r\n                    <div class=\"cv-post-left-wrap\">\r\n                        <div class=\"cv-post-thumb\">\r\n                            <a href=\"https:\/\/nakanarach.pl\/index.php\/2025\/03\/19\/wiatr-wyrwal-drzewa-z-korzeniami\/\"><img decoding=\"async\" src=\"https:\/\/nakanarach.pl\/wp-content\/uploads\/2025\/03\/Przewrocona-Palma.jpg\" alt=\"WIATR WYRWA\u0141 DRZEWA Z KORZENIAMI\"\/><\/a>\r\n                        <\/div>\r\n                    <\/div><!-- .cv-post-left-wrap -->\r\n                    <div class=\"cv-post-right-wrap\">\r\n                                                <h2 class=\"cv-post-title\">\r\n                            <a href=\"https:\/\/nakanarach.pl\/index.php\/2025\/03\/19\/wiatr-wyrwal-drzewa-z-korzeniami\/\" target=\"_self\">\r\n                                WIATR WYRWA\u0141 DRZEWA Z KORZENIAMI                            <\/a>\r\n                        <\/h2>\r\n                        <div class=\"cv-post-meta cv-meta-icon-show\">\r\n                            <span class=\"cv-post-date cv-post-meta-item\" itemprop=\"datePublished\"><a href=\"https:\/\/nakanarach.pl\/index.php\/2025\/03\/19\/wiatr-wyrwal-drzewa-z-korzeniami\/\">19 marca 2025<\/a><\/span>                        <\/div>\r\n                        <div class=\"cv-post-content\" itemprop=\"description\">WYSPY KANARYJSKIE: Nad ten rajski archipelag dotar\u0142a burza Laurence, kt\u00f3ry spowodowa\u0142a w ostatnich kilku dniach,&hellip;<\/div>                        <div class=\"cv-read-more\"><a href=https:\/\/nakanarach.pl\/index.php\/2025\/03\/19\/wiatr-wyrwal-drzewa-z-korzeniami\/>Czytaj wi\u0119cej<i class=\"fas fa-arrow-right\"><\/i><\/a><\/div>                    <\/div><!-- .cv-post-right-wrap -->\r\n                <\/article>\r\n                        <article post-id=\"post-9744\" class=\"cv-post post-format--standard\" itemscope itemtype=\"http:\/\/schema.org\/articleBody\">\r\n                    <div class=\"cv-post-left-wrap\">\r\n                        <div class=\"cv-post-thumb\">\r\n                            <a href=\"https:\/\/nakanarach.pl\/index.php\/2025\/03\/14\/podpalili-samochody-z-wypozyczalni\/\"><img decoding=\"async\" src=\"https:\/\/nakanarach.pl\/wp-content\/uploads\/2025\/02\/Samochod-GC-2-scaled.jpg\" alt=\"PODPALILI SAMOCHODY Z WYPO\u017bYCZALNI\"\/><\/a>\r\n                        <\/div>\r\n                    <\/div><!-- .cv-post-left-wrap -->\r\n                    <div class=\"cv-post-right-wrap\">\r\n                                                <h2 class=\"cv-post-title\">\r\n                            <a href=\"https:\/\/nakanarach.pl\/index.php\/2025\/03\/14\/podpalili-samochody-z-wypozyczalni\/\" target=\"_self\">\r\n                                PODPALILI SAMOCHODY Z WYPO\u017bYCZALNI                            <\/a>\r\n                        <\/h2>\r\n                        <div class=\"cv-post-meta cv-meta-icon-show\">\r\n                            <span class=\"cv-post-date cv-post-meta-item\" itemprop=\"datePublished\"><a href=\"https:\/\/nakanarach.pl\/index.php\/2025\/03\/14\/podpalili-samochody-z-wypozyczalni\/\">14 marca 2025<\/a><\/span>                        <\/div>\r\n                        <div class=\"cv-post-content\" itemprop=\"description\">TENERYFA: Antyturystyczne nastroje na Wyspach Kanaryjskich wymykaj\u0105 si\u0119 spod kontroli i przybieraj\u0105 na sile. Obra\u017aliwe&hellip;<\/div>                        <div class=\"cv-read-more\"><a href=https:\/\/nakanarach.pl\/index.php\/2025\/03\/14\/podpalili-samochody-z-wypozyczalni\/>Czytaj wi\u0119cej<i class=\"fas fa-arrow-right\"><\/i><\/a><\/div>                    <\/div><!-- .cv-post-right-wrap -->\r\n                <\/article>\r\n                        <article post-id=\"post-9735\" class=\"cv-post post-format--standard\" itemscope itemtype=\"http:\/\/schema.org\/articleBody\">\r\n                    <div class=\"cv-post-left-wrap\">\r\n                        <div class=\"cv-post-thumb\">\r\n                            <a href=\"https:\/\/nakanarach.pl\/index.php\/2025\/03\/13\/alarm-po-zanieczyszczeniu-oceanu-video\/\"><img decoding=\"async\" src=\"https:\/\/nakanarach.pl\/wp-content\/uploads\/2025\/03\/Pozar-na-Promie-FB-Ayto-de-Telde.jpg\" alt=\"ALARM PO ZANIECZYSZCZENIU OCEANU (VIDEO)\"\/><\/a>\r\n                        <\/div>\r\n                    <\/div><!-- .cv-post-left-wrap -->\r\n                    <div class=\"cv-post-right-wrap\">\r\n                                                <h2 class=\"cv-post-title\">\r\n                            <a href=\"https:\/\/nakanarach.pl\/index.php\/2025\/03\/13\/alarm-po-zanieczyszczeniu-oceanu-video\/\" target=\"_self\">\r\n                                ALARM PO ZANIECZYSZCZENIU OCEANU (VIDEO)                            <\/a>\r\n                        <\/h2>\r\n                        <div class=\"cv-post-meta cv-meta-icon-show\">\r\n                            <span class=\"cv-post-date cv-post-meta-item\" itemprop=\"datePublished\"><a href=\"https:\/\/nakanarach.pl\/index.php\/2025\/03\/13\/alarm-po-zanieczyszczeniu-oceanu-video\/\">13 marca 2025<\/a><\/span>                        <\/div>\r\n                        <div class=\"cv-post-content\" itemprop=\"description\">GRAN CANARIA: Rz\u0105d Wysp Kanaryjskich og\u0142osi\u0142 alarm wysokiego ryzyka w zwi\u0105zku z zanieczyszczeniem Oceanu Atlantyckiego&hellip;<\/div>                        <div class=\"cv-read-more\"><a href=https:\/\/nakanarach.pl\/index.php\/2025\/03\/13\/alarm-po-zanieczyszczeniu-oceanu-video\/>Czytaj wi\u0119cej<i class=\"fas fa-arrow-right\"><\/i><\/a><\/div>                    <\/div><!-- .cv-post-right-wrap -->\r\n                <\/article>\r\n                        <article post-id=\"post-9658\" class=\"cv-post post-format--standard\" itemscope itemtype=\"http:\/\/schema.org\/articleBody\">\r\n                    <div class=\"cv-post-left-wrap\">\r\n                        <div class=\"cv-post-thumb\">\r\n                            <a href=\"https:\/\/nakanarach.pl\/index.php\/2025\/03\/07\/tragiczny-karnawal-na-kanarach\/\"><img decoding=\"async\" src=\"https:\/\/nakanarach.pl\/wp-content\/uploads\/2025\/03\/Atak-Karnawal-X-cecopal.jpg\" alt=\"TRAGICZNY KARNAWA\u0141 NA KANARACH\"\/><\/a>\r\n                        <\/div>\r\n                    <\/div><!-- .cv-post-left-wrap -->\r\n                    <div class=\"cv-post-right-wrap\">\r\n                                                <h2 class=\"cv-post-title\">\r\n                            <a href=\"https:\/\/nakanarach.pl\/index.php\/2025\/03\/07\/tragiczny-karnawal-na-kanarach\/\" target=\"_self\">\r\n                                TRAGICZNY KARNAWA\u0141 NA KANARACH                            <\/a>\r\n                        <\/h2>\r\n                        <div class=\"cv-post-meta cv-meta-icon-show\">\r\n                            <span class=\"cv-post-date cv-post-meta-item\" itemprop=\"datePublished\"><a href=\"https:\/\/nakanarach.pl\/index.php\/2025\/03\/07\/tragiczny-karnawal-na-kanarach\/\">7 marca 2025<\/a><\/span>                        <\/div>\r\n                        <div class=\"cv-post-content\" itemprop=\"description\">TENERYFA\/LANZAROTE: To mia\u0142 by\u0107 czas beztroskiej zabawy, ale tegoroczny przebieg imprez karnawa\u0142owych, kt\u00f3re trwaj\u0105 na&hellip;<\/div>                        <div class=\"cv-read-more\"><a href=https:\/\/nakanarach.pl\/index.php\/2025\/03\/07\/tragiczny-karnawal-na-kanarach\/>Czytaj wi\u0119cej<i class=\"fas fa-arrow-right\"><\/i><\/a><\/div>                    <\/div><!-- .cv-post-right-wrap -->\r\n                <\/article>\r\n                        <article post-id=\"post-9626\" class=\"cv-post post-format--standard\" itemscope itemtype=\"http:\/\/schema.org\/articleBody\">\r\n                    <div class=\"cv-post-left-wrap\">\r\n                        <div class=\"cv-post-thumb\">\r\n                            <a href=\"https:\/\/nakanarach.pl\/index.php\/2025\/03\/06\/tragedie-polakow-na-kanarach\/\"><img decoding=\"async\" src=\"https:\/\/nakanarach.pl\/wp-content\/uploads\/2025\/03\/Naturalny-basen-Teneryfa-Fot.-GES-Canarias.jpg\" alt=\"TRAGEDIE POLAK\u00d3W NA KANARACH\"\/><\/a>\r\n                        <\/div>\r\n                    <\/div><!-- .cv-post-left-wrap -->\r\n                    <div class=\"cv-post-right-wrap\">\r\n                                                <h2 class=\"cv-post-title\">\r\n                            <a href=\"https:\/\/nakanarach.pl\/index.php\/2025\/03\/06\/tragedie-polakow-na-kanarach\/\" target=\"_self\">\r\n                                TRAGEDIE POLAK\u00d3W NA KANARACH                            <\/a>\r\n                        <\/h2>\r\n                        <div class=\"cv-post-meta cv-meta-icon-show\">\r\n                            <span class=\"cv-post-date cv-post-meta-item\" itemprop=\"datePublished\"><a href=\"https:\/\/nakanarach.pl\/index.php\/2025\/03\/06\/tragedie-polakow-na-kanarach\/\">6 marca 2025<\/a><\/span>                        <\/div>\r\n                        <div class=\"cv-post-content\" itemprop=\"description\">TENERYFA: O tym, jak niebezpieczny jest Ocean Atlantycki oraz istniej\u0105ce przy nim naturalne baseny przekona\u0142o&hellip;<\/div>                        <div class=\"cv-read-more\"><a href=https:\/\/nakanarach.pl\/index.php\/2025\/03\/06\/tragedie-polakow-na-kanarach\/>Czytaj wi\u0119cej<i class=\"fas fa-arrow-right\"><\/i><\/a><\/div>                    <\/div><!-- .cv-post-right-wrap -->\r\n                <\/article>\r\n                        <article post-id=\"post-9615\" class=\"cv-post post-format--standard\" itemscope itemtype=\"http:\/\/schema.org\/articleBody\">\r\n                    <div class=\"cv-post-left-wrap\">\r\n                        <div class=\"cv-post-thumb\">\r\n                            <a href=\"https:\/\/nakanarach.pl\/index.php\/2025\/03\/05\/woda-porwala-samochod-do-oceanu-video\/\"><img decoding=\"async\" src=\"https:\/\/nakanarach.pl\/wp-content\/uploads\/2025\/03\/Ulewa-marzec-2025-Ayto-Telde.jpg\" alt=\"WODA PORWA\u0141A SAMOCH\u00d3D DO OCEANU (VIDEO)\"\/><\/a>\r\n                        <\/div>\r\n                    <\/div><!-- .cv-post-left-wrap -->\r\n                    <div class=\"cv-post-right-wrap\">\r\n                                                <h2 class=\"cv-post-title\">\r\n                            <a href=\"https:\/\/nakanarach.pl\/index.php\/2025\/03\/05\/woda-porwala-samochod-do-oceanu-video\/\" target=\"_self\">\r\n                                WODA PORWA\u0141A SAMOCH\u00d3D DO OCEANU (VIDEO)                            <\/a>\r\n                        <\/h2>\r\n                        <div class=\"cv-post-meta cv-meta-icon-show\">\r\n                            <span class=\"cv-post-date cv-post-meta-item\" itemprop=\"datePublished\"><a href=\"https:\/\/nakanarach.pl\/index.php\/2025\/03\/05\/woda-porwala-samochod-do-oceanu-video\/\">5 marca 2025<\/a><\/span>                        <\/div>\r\n                        <div class=\"cv-post-content\" itemprop=\"description\">GRAN CANARIA: Sporo szk\u00f3d wyrz\u0105dzi\u0142y niespotykane od dawna na tej kanaryjskiej wyspie ulewne opady deszczu,&hellip;<\/div>                        <div class=\"cv-read-more\"><a href=https:\/\/nakanarach.pl\/index.php\/2025\/03\/05\/woda-porwala-samochod-do-oceanu-video\/>Czytaj wi\u0119cej<i class=\"fas fa-arrow-right\"><\/i><\/a><\/div>                    <\/div><!-- .cv-post-right-wrap -->\r\n                <\/article>\r\n                        <article post-id=\"post-9594\" class=\"cv-post post-format--standard\" itemscope itemtype=\"http:\/\/schema.org\/articleBody\">\r\n                    <div class=\"cv-post-left-wrap\">\r\n                        <div class=\"cv-post-thumb\">\r\n                            <a href=\"https:\/\/nakanarach.pl\/index.php\/2025\/03\/03\/niespotykane-ulewy-snieg-i-przymrozki-na-kanarach\/\"><img decoding=\"async\" src=\"https:\/\/nakanarach.pl\/wp-content\/uploads\/2025\/03\/Ulewa-FB-Ayto-Telde.jpg\" alt=\"NIESPOTYKANE ULEWY, \u015aNIEG I PRZYMROZKI NA KANARACH\"\/><\/a>\r\n                        <\/div>\r\n                    <\/div><!-- .cv-post-left-wrap -->\r\n                    <div class=\"cv-post-right-wrap\">\r\n                                                <h2 class=\"cv-post-title\">\r\n                            <a href=\"https:\/\/nakanarach.pl\/index.php\/2025\/03\/03\/niespotykane-ulewy-snieg-i-przymrozki-na-kanarach\/\" target=\"_self\">\r\n                                NIESPOTYKANE ULEWY, \u015aNIEG I PRZYMROZKI NA KANARACH                            <\/a>\r\n                        <\/h2>\r\n                        <div class=\"cv-post-meta cv-meta-icon-show\">\r\n                            <span class=\"cv-post-date cv-post-meta-item\" itemprop=\"datePublished\"><a href=\"https:\/\/nakanarach.pl\/index.php\/2025\/03\/03\/niespotykane-ulewy-snieg-i-przymrozki-na-kanarach\/\">3 marca 2025<\/a><\/span>                        <\/div>\r\n                        <div class=\"cv-post-content\" itemprop=\"description\">WYSPY KANARYJSKIE: Na rajskim hiszpa\u0144skim archipelagu, le\u017c\u0105cym w pobli\u017cu Afryki pojawi\u0142y si\u0119 niespotykane od wielu&hellip;<\/div>                        <div class=\"cv-read-more\"><a href=https:\/\/nakanarach.pl\/index.php\/2025\/03\/03\/niespotykane-ulewy-snieg-i-przymrozki-na-kanarach\/>Czytaj wi\u0119cej<i class=\"fas fa-arrow-right\"><\/i><\/a><\/div>                    <\/div><!-- .cv-post-right-wrap -->\r\n                <\/article>\r\n                        <article post-id=\"post-9585\" class=\"cv-post post-format--standard\" itemscope itemtype=\"http:\/\/schema.org\/articleBody\">\r\n                    <div class=\"cv-post-left-wrap\">\r\n                        <div class=\"cv-post-thumb\">\r\n                            <a href=\"https:\/\/nakanarach.pl\/index.php\/2025\/02\/28\/sprzedawali-narkotyki-turystom\/\"><img decoding=\"async\" src=\"https:\/\/nakanarach.pl\/wp-content\/uploads\/2025\/02\/Narkotyki-Puerto-Rico-Guardia-Civil.png\" alt=\"SPRZEDAWALI NARKOTYKI TURYSTOM\"\/><\/a>\r\n                        <\/div>\r\n                    <\/div><!-- .cv-post-left-wrap -->\r\n                    <div class=\"cv-post-right-wrap\">\r\n                                                <h2 class=\"cv-post-title\">\r\n                            <a href=\"https:\/\/nakanarach.pl\/index.php\/2025\/02\/28\/sprzedawali-narkotyki-turystom\/\" target=\"_self\">\r\n                                SPRZEDAWALI NARKOTYKI TURYSTOM                            <\/a>\r\n                        <\/h2>\r\n                        <div class=\"cv-post-meta cv-meta-icon-show\">\r\n                            <span class=\"cv-post-date cv-post-meta-item\" itemprop=\"datePublished\"><a href=\"https:\/\/nakanarach.pl\/index.php\/2025\/02\/28\/sprzedawali-narkotyki-turystom\/\">28 lutego 2025<\/a><\/span>                        <\/div>\r\n                        <div class=\"cv-post-content\" itemprop=\"description\">HISZPANIA\/WYSPY KANARYJSKIE: Hiszpania, podobnie jak Holandia, s\u0142ynie z liberalnego podej\u015bcia do marihuany. Trzeba jednak uwa\u017ca\u0107,&hellip;<\/div>                        <div class=\"cv-read-more\"><a href=https:\/\/nakanarach.pl\/index.php\/2025\/02\/28\/sprzedawali-narkotyki-turystom\/>Czytaj wi\u0119cej<i class=\"fas fa-arrow-right\"><\/i><\/a><\/div>                    <\/div><!-- .cv-post-right-wrap -->\r\n                <\/article>\r\n                        <article post-id=\"post-9577\" class=\"cv-post post-format--standard\" itemscope itemtype=\"http:\/\/schema.org\/articleBody\">\r\n                    <div class=\"cv-post-left-wrap\">\r\n                        <div class=\"cv-post-thumb\">\r\n                            <a href=\"https:\/\/nakanarach.pl\/index.php\/2025\/02\/27\/kieszonowcy-okradli-turystow-video\/\"><img decoding=\"async\" src=\"https:\/\/nakanarach.pl\/wp-content\/uploads\/2025\/02\/Okradali-turystow.jpg\" alt=\"&#8222;KIESZONOWCY&#8221; OKRADLI TURYST\u00d3W (VIDEO)\"\/><\/a>\r\n                        <\/div>\r\n                    <\/div><!-- .cv-post-left-wrap -->\r\n                    <div class=\"cv-post-right-wrap\">\r\n                                                <h2 class=\"cv-post-title\">\r\n                            <a href=\"https:\/\/nakanarach.pl\/index.php\/2025\/02\/27\/kieszonowcy-okradli-turystow-video\/\" target=\"_self\">\r\n                                &#8222;KIESZONOWCY&#8221; OKRADLI TURYST\u00d3W (VIDEO)                            <\/a>\r\n                        <\/h2>\r\n                        <div class=\"cv-post-meta cv-meta-icon-show\">\r\n                            <span class=\"cv-post-date cv-post-meta-item\" itemprop=\"datePublished\"><a href=\"https:\/\/nakanarach.pl\/index.php\/2025\/02\/27\/kieszonowcy-okradli-turystow-video\/\">27 lutego 2025<\/a><\/span>                        <\/div>\r\n                        <div class=\"cv-post-content\" itemprop=\"description\">TENERYFA: Przez ostatnie tygodnie byli zmor\u0105 turyst\u00f3w w kontynentalnej Hiszpanii, na Balearach oraz na Wyspach&hellip;<\/div>                        <div class=\"cv-read-more\"><a href=https:\/\/nakanarach.pl\/index.php\/2025\/02\/27\/kieszonowcy-okradli-turystow-video\/>Czytaj wi\u0119cej<i class=\"fas fa-arrow-right\"><\/i><\/a><\/div>                    <\/div><!-- .cv-post-right-wrap -->\r\n                <\/article>\r\n                        <article post-id=\"post-9569\" class=\"cv-post post-format--standard\" itemscope itemtype=\"http:\/\/schema.org\/articleBody\">\r\n                    <div class=\"cv-post-left-wrap\">\r\n                        <div class=\"cv-post-thumb\">\r\n                            <a href=\"https:\/\/nakanarach.pl\/index.php\/2025\/02\/25\/polacy-zatrzymani-przez-policje\/\"><img decoding=\"async\" src=\"https:\/\/nakanarach.pl\/wp-content\/uploads\/2021\/06\/Policia-Nacional.jpg\" alt=\"POLACY ZATRZYMANI PRZEZ POLICJ\u0118\"\/><\/a>\r\n                        <\/div>\r\n                    <\/div><!-- .cv-post-left-wrap -->\r\n                    <div class=\"cv-post-right-wrap\">\r\n                                                <h2 class=\"cv-post-title\">\r\n                            <a href=\"https:\/\/nakanarach.pl\/index.php\/2025\/02\/25\/polacy-zatrzymani-przez-policje\/\" target=\"_self\">\r\n                                POLACY ZATRZYMANI PRZEZ POLICJ\u0118                            <\/a>\r\n                        <\/h2>\r\n                        <div class=\"cv-post-meta cv-meta-icon-show\">\r\n                            <span class=\"cv-post-date cv-post-meta-item\" itemprop=\"datePublished\"><a href=\"https:\/\/nakanarach.pl\/index.php\/2025\/02\/25\/polacy-zatrzymani-przez-policje\/\">25 lutego 2025<\/a><\/span>                        <\/div>\r\n                        <div class=\"cv-post-content\" itemprop=\"description\">GRAN CANARIA: Dwoje Polak\u00f3w podejrzanych o powa\u017cne przest\u0119pstwa ukry\u0142o si\u0119 na rajskich Wyspach Kanaryjskich. Jednak&hellip;<\/div>                        <div class=\"cv-read-more\"><a href=https:\/\/nakanarach.pl\/index.php\/2025\/02\/25\/polacy-zatrzymani-przez-policje\/>Czytaj wi\u0119cej<i class=\"fas fa-arrow-right\"><\/i><\/a><\/div>                    <\/div><!-- .cv-post-right-wrap -->\r\n                <\/article>\r\n                        <article post-id=\"post-9537\" class=\"cv-post post-format--standard\" itemscope itemtype=\"http:\/\/schema.org\/articleBody\">\r\n                    <div class=\"cv-post-left-wrap\">\r\n                        <div class=\"cv-post-thumb\">\r\n                            <a href=\"https:\/\/nakanarach.pl\/index.php\/2025\/02\/20\/oszustwa-w-wypozyczalni-aut\/\"><img decoding=\"async\" src=\"https:\/\/nakanarach.pl\/wp-content\/uploads\/2025\/02\/Samochod-GC-2-scaled.jpg\" alt=\"OSZUSTWA W WYPO\u017bYCZALNI AUT\"\/><\/a>\r\n                        <\/div>\r\n                    <\/div><!-- .cv-post-left-wrap -->\r\n                    <div class=\"cv-post-right-wrap\">\r\n                                                <h2 class=\"cv-post-title\">\r\n                            <a href=\"https:\/\/nakanarach.pl\/index.php\/2025\/02\/20\/oszustwa-w-wypozyczalni-aut\/\" target=\"_self\">\r\n                                OSZUSTWA W WYPO\u017bYCZALNI AUT                            <\/a>\r\n                        <\/h2>\r\n                        <div class=\"cv-post-meta cv-meta-icon-show\">\r\n                            <span class=\"cv-post-date cv-post-meta-item\" itemprop=\"datePublished\"><a href=\"https:\/\/nakanarach.pl\/index.php\/2025\/02\/20\/oszustwa-w-wypozyczalni-aut\/\">20 lutego 2025<\/a><\/span>                        <\/div>\r\n                        <div class=\"cv-post-content\" itemprop=\"description\">LANZAROTE: Hiszpa\u0144ska Gwardia Cywilna prowadzi dochodzenie w sprawie pracownik\u00f3w znanej firmy wynajmuj\u0105cej samochody dla turyst\u00f3w&hellip;<\/div>                        <div class=\"cv-read-more\"><a href=https:\/\/nakanarach.pl\/index.php\/2025\/02\/20\/oszustwa-w-wypozyczalni-aut\/>Czytaj wi\u0119cej<i class=\"fas fa-arrow-right\"><\/i><\/a><\/div>                    <\/div><!-- .cv-post-right-wrap -->\r\n                <\/article>\r\n                        <article post-id=\"post-9518\" class=\"cv-post post-format--standard\" itemscope itemtype=\"http:\/\/schema.org\/articleBody\">\r\n                    <div class=\"cv-post-left-wrap\">\r\n                        <div class=\"cv-post-thumb\">\r\n                            <a href=\"https:\/\/nakanarach.pl\/index.php\/2025\/02\/18\/okradali-hotele\/\"><img decoding=\"async\" src=\"https:\/\/nakanarach.pl\/wp-content\/uploads\/2021\/08\/Guardia-Civil-Twitter.png\" alt=\"OKRADALI HOTELE\"\/><\/a>\r\n                        <\/div>\r\n                    <\/div><!-- .cv-post-left-wrap -->\r\n                    <div class=\"cv-post-right-wrap\">\r\n                                                <h2 class=\"cv-post-title\">\r\n                            <a href=\"https:\/\/nakanarach.pl\/index.php\/2025\/02\/18\/okradali-hotele\/\" target=\"_self\">\r\n                                OKRADALI HOTELE                            <\/a>\r\n                        <\/h2>\r\n                        <div class=\"cv-post-meta cv-meta-icon-show\">\r\n                            <span class=\"cv-post-date cv-post-meta-item\" itemprop=\"datePublished\"><a href=\"https:\/\/nakanarach.pl\/index.php\/2025\/02\/18\/okradali-hotele\/\">18 lutego 2025<\/a><\/span>                        <\/div>\r\n                        <div class=\"cv-post-content\" itemprop=\"description\">FUERTEVENTURA\/LANZAROTE: Kolejne grupy przest\u0119pcze, kt\u00f3re by\u0142y zmor\u0105 turyst\u00f3w rozbili funkcjonariusze hiszpa\u0144skiej Gwardii Cywilnej. Okaza\u0142o si\u0119,&hellip;<\/div>                        <div class=\"cv-read-more\"><a href=https:\/\/nakanarach.pl\/index.php\/2025\/02\/18\/okradali-hotele\/>Czytaj wi\u0119cej<i class=\"fas fa-arrow-right\"><\/i><\/a><\/div>                    <\/div><!-- .cv-post-right-wrap -->\r\n                <\/article>\r\n                        <article post-id=\"post-9501\" class=\"cv-post post-format--standard\" itemscope itemtype=\"http:\/\/schema.org\/articleBody\">\r\n                    <div class=\"cv-post-left-wrap\">\r\n                        <div class=\"cv-post-thumb\">\r\n                            <a href=\"https:\/\/nakanarach.pl\/index.php\/2025\/02\/15\/atak-na-klienta-restauracji\/\"><img decoding=\"async\" src=\"https:\/\/nakanarach.pl\/wp-content\/uploads\/2025\/02\/Policia-Local-Teneryfa-La-Laguna.jpg\" alt=\"ATAK NA KLIENTA RESTAURACJI\"\/><\/a>\r\n                        <\/div>\r\n                    <\/div><!-- .cv-post-left-wrap -->\r\n                    <div class=\"cv-post-right-wrap\">\r\n                                                <h2 class=\"cv-post-title\">\r\n                            <a href=\"https:\/\/nakanarach.pl\/index.php\/2025\/02\/15\/atak-na-klienta-restauracji\/\" target=\"_self\">\r\n                                ATAK NA KLIENTA RESTAURACJI                            <\/a>\r\n                        <\/h2>\r\n                        <div class=\"cv-post-meta cv-meta-icon-show\">\r\n                            <span class=\"cv-post-date cv-post-meta-item\" itemprop=\"datePublished\"><a href=\"https:\/\/nakanarach.pl\/index.php\/2025\/02\/15\/atak-na-klienta-restauracji\/\">15 lutego 2025<\/a><\/span>                        <\/div>\r\n                        <div class=\"cv-post-content\" itemprop=\"description\">TENERYFA: Biznesmen w towarzystwie dw\u00f3ch wsp\u00f3lnik\u00f3w wszed\u0142 do restauracji w La Laguna na Teneryfie i&hellip;<\/div>                        <div class=\"cv-read-more\"><a href=https:\/\/nakanarach.pl\/index.php\/2025\/02\/15\/atak-na-klienta-restauracji\/>Czytaj wi\u0119cej<i class=\"fas fa-arrow-right\"><\/i><\/a><\/div>                    <\/div><!-- .cv-post-right-wrap -->\r\n                <\/article>\r\n                        <article post-id=\"post-9487\" class=\"cv-post post-format--standard\" itemscope itemtype=\"http:\/\/schema.org\/articleBody\">\r\n                    <div class=\"cv-post-left-wrap\">\r\n                        <div class=\"cv-post-thumb\">\r\n                            <a href=\"https:\/\/nakanarach.pl\/index.php\/2025\/02\/14\/dron-sparalizowal-lotnisko\/\"><img decoding=\"async\" src=\"https:\/\/nakanarach.pl\/wp-content\/uploads\/2024\/04\/Lotnisko-Gran-Canaria-Wieza-Kontrolna-Foto-Nakanarach-scaled.jpg\" alt=\"DRON SPARALI\u017bOWA\u0141 LOTNISKO\"\/><\/a>\r\n                        <\/div>\r\n                    <\/div><!-- .cv-post-left-wrap -->\r\n                    <div class=\"cv-post-right-wrap\">\r\n                                                <h2 class=\"cv-post-title\">\r\n                            <a href=\"https:\/\/nakanarach.pl\/index.php\/2025\/02\/14\/dron-sparalizowal-lotnisko\/\" target=\"_self\">\r\n                                DRON SPARALI\u017bOWA\u0141 LOTNISKO                            <\/a>\r\n                        <\/h2>\r\n                        <div class=\"cv-post-meta cv-meta-icon-show\">\r\n                            <span class=\"cv-post-date cv-post-meta-item\" itemprop=\"datePublished\"><a href=\"https:\/\/nakanarach.pl\/index.php\/2025\/02\/14\/dron-sparalizowal-lotnisko\/\">14 lutego 2025<\/a><\/span>                        <\/div>\r\n                        <div class=\"cv-post-content\" itemprop=\"description\">GRAN CANARIA\/TENERYFA: Policja szuka operatora drona, kt\u00f3ry kolejny raz w ci\u0105gu ostatnich kilku miesi\u0119cy lata\u0142&hellip;<\/div>                        <div class=\"cv-read-more\"><a href=https:\/\/nakanarach.pl\/index.php\/2025\/02\/14\/dron-sparalizowal-lotnisko\/>Czytaj wi\u0119cej<i class=\"fas fa-arrow-right\"><\/i><\/a><\/div>                    <\/div><!-- .cv-post-right-wrap -->\r\n                <\/article>\r\n                        <article post-id=\"post-9491\" class=\"cv-post post-format--standard\" itemscope itemtype=\"http:\/\/schema.org\/articleBody\">\r\n                    <div class=\"cv-post-left-wrap\">\r\n                        <div class=\"cv-post-thumb\">\r\n                            <a href=\"https:\/\/nakanarach.pl\/index.php\/2025\/02\/13\/narkotyki-na-polskim-jachcie\/\"><img decoding=\"async\" src=\"https:\/\/nakanarach.pl\/wp-content\/uploads\/2025\/02\/Narkotyki-na-polskim-statku.jpg\" alt=\"NARKOTYKI NA POLSKIM JACHCIE\"\/><\/a>\r\n                        <\/div>\r\n                    <\/div><!-- .cv-post-left-wrap -->\r\n                    <div class=\"cv-post-right-wrap\">\r\n                                                <h2 class=\"cv-post-title\">\r\n                            <a href=\"https:\/\/nakanarach.pl\/index.php\/2025\/02\/13\/narkotyki-na-polskim-jachcie\/\" target=\"_self\">\r\n                                NARKOTYKI NA POLSKIM JACHCIE                            <\/a>\r\n                        <\/h2>\r\n                        <div class=\"cv-post-meta cv-meta-icon-show\">\r\n                            <span class=\"cv-post-date cv-post-meta-item\" itemprop=\"datePublished\"><a href=\"https:\/\/nakanarach.pl\/index.php\/2025\/02\/13\/narkotyki-na-polskim-jachcie\/\">13 lutego 2025<\/a><\/span>                        <\/div>\r\n                        <div class=\"cv-post-content\" itemprop=\"description\">TENERYFA: Polski jacht przewo\u017c\u0105cy ponad 600 kilogram\u00f3w kokainy zosta\u0142 przechwycony na Atlantyku, gdy zmierza\u0142 w&hellip;<\/div>                        <div class=\"cv-read-more\"><a href=https:\/\/nakanarach.pl\/index.php\/2025\/02\/13\/narkotyki-na-polskim-jachcie\/>Czytaj wi\u0119cej<i class=\"fas fa-arrow-right\"><\/i><\/a><\/div>                    <\/div><!-- .cv-post-right-wrap -->\r\n                <\/article>\r\n                        <article post-id=\"post-9480\" class=\"cv-post post-format--standard\" itemscope itemtype=\"http:\/\/schema.org\/articleBody\">\r\n                    <div class=\"cv-post-left-wrap\">\r\n                        <div class=\"cv-post-thumb\">\r\n                            <a href=\"https:\/\/nakanarach.pl\/index.php\/2025\/02\/12\/okradal-pokoje-hotelowe\/\"><img decoding=\"async\" src=\"https:\/\/nakanarach.pl\/wp-content\/uploads\/2025\/02\/Okradal-hotele.jpg\" alt=\"OKRADA\u0141 POKOJE HOTELOWE\"\/><\/a>\r\n                        <\/div>\r\n                    <\/div><!-- .cv-post-left-wrap -->\r\n                    <div class=\"cv-post-right-wrap\">\r\n                                                <h2 class=\"cv-post-title\">\r\n                            <a href=\"https:\/\/nakanarach.pl\/index.php\/2025\/02\/12\/okradal-pokoje-hotelowe\/\" target=\"_self\">\r\n                                OKRADA\u0141 POKOJE HOTELOWE                            <\/a>\r\n                        <\/h2>\r\n                        <div class=\"cv-post-meta cv-meta-icon-show\">\r\n                            <span class=\"cv-post-date cv-post-meta-item\" itemprop=\"datePublished\"><a href=\"https:\/\/nakanarach.pl\/index.php\/2025\/02\/12\/okradal-pokoje-hotelowe\/\">12 lutego 2025<\/a><\/span>                        <\/div>\r\n                        <div class=\"cv-post-content\" itemprop=\"description\">FUERTEVENTURA: Po kilku tygodniach \u015bledztwa uda\u0142o si\u0119 ustali\u0107, kim jest z\u0142odziej, kt\u00f3ry w tym roku&hellip;<\/div>                        <div class=\"cv-read-more\"><a href=https:\/\/nakanarach.pl\/index.php\/2025\/02\/12\/okradal-pokoje-hotelowe\/>Czytaj wi\u0119cej<i class=\"fas fa-arrow-right\"><\/i><\/a><\/div>                    <\/div><!-- .cv-post-right-wrap -->\r\n                <\/article>\r\n                        <article post-id=\"post-9254\" class=\"cv-post post-format--standard\" itemscope itemtype=\"http:\/\/schema.org\/articleBody\">\r\n                    <div class=\"cv-post-left-wrap\">\r\n                        <div class=\"cv-post-thumb\">\r\n                            <a href=\"https:\/\/nakanarach.pl\/index.php\/2025\/01\/22\/wpadli-przemytnicy-papierosow\/\"><img decoding=\"async\" src=\"https:\/\/nakanarach.pl\/wp-content\/plugins\/wp-blog-post-layouts\/includes\/assets\/images\/image.jpg\" alt=\"WPADLI PRZEMYTNICY PAPIEROS\u00d3W\"\/><\/a>\r\n                        <\/div>\r\n                    <\/div><!-- .cv-post-left-wrap -->\r\n                    <div class=\"cv-post-right-wrap\">\r\n                                                <h2 class=\"cv-post-title\">\r\n                            <a href=\"https:\/\/nakanarach.pl\/index.php\/2025\/01\/22\/wpadli-przemytnicy-papierosow\/\" target=\"_self\">\r\n                                WPADLI PRZEMYTNICY PAPIEROS\u00d3W                            <\/a>\r\n                        <\/h2>\r\n                        <div class=\"cv-post-meta cv-meta-icon-show\">\r\n                            <span class=\"cv-post-date cv-post-meta-item\" itemprop=\"datePublished\"><a href=\"https:\/\/nakanarach.pl\/index.php\/2025\/01\/22\/wpadli-przemytnicy-papierosow\/\">22 stycznia 2025<\/a><\/span>                        <\/div>\r\n                        <div class=\"cv-post-content\" itemprop=\"description\">TENERYFA: Hiszpa\u0144ska Gwardia Cywilna zako\u0144czy\u0142a operacj\u0119 TEAMPRO, czyli ponad dwuletnie \u015bledztwo w sprawie skomplikowanej siatki&hellip;<\/div>                        <div class=\"cv-read-more\"><a href=https:\/\/nakanarach.pl\/index.php\/2025\/01\/22\/wpadli-przemytnicy-papierosow\/>Czytaj wi\u0119cej<i class=\"fas fa-arrow-right\"><\/i><\/a><\/div>                    <\/div><!-- .cv-post-right-wrap -->\r\n                <\/article>\r\n                        <article post-id=\"post-9211\" class=\"cv-post post-format--standard\" itemscope itemtype=\"http:\/\/schema.org\/articleBody\">\r\n                    <div class=\"cv-post-left-wrap\">\r\n                        <div class=\"cv-post-thumb\">\r\n                            <a href=\"https:\/\/nakanarach.pl\/index.php\/2025\/01\/20\/napadali-na-turystow-video\/\"><img decoding=\"async\" src=\"https:\/\/nakanarach.pl\/wp-content\/uploads\/2021\/08\/Guardia-Civil-Twitter.png\" alt=\"NAPADALI NA TURYST\u00d3W (VIDEO)\"\/><\/a>\r\n                        <\/div>\r\n                    <\/div><!-- .cv-post-left-wrap -->\r\n                    <div class=\"cv-post-right-wrap\">\r\n                                                <h2 class=\"cv-post-title\">\r\n                            <a href=\"https:\/\/nakanarach.pl\/index.php\/2025\/01\/20\/napadali-na-turystow-video\/\" target=\"_self\">\r\n                                NAPADALI NA TURYST\u00d3W (VIDEO)                            <\/a>\r\n                        <\/h2>\r\n                        <div class=\"cv-post-meta cv-meta-icon-show\">\r\n                            <span class=\"cv-post-date cv-post-meta-item\" itemprop=\"datePublished\"><a href=\"https:\/\/nakanarach.pl\/index.php\/2025\/01\/20\/napadali-na-turystow-video\/\">20 stycznia 2025<\/a><\/span>                        <\/div>\r\n                        <div class=\"cv-post-content\" itemprop=\"description\">GRAN CANARIA: Gwardia Cywilna zatrzyma\u0142a cztery osoby podejrzane o udzia\u0142 w brutalnych napadach na zagranicznych&hellip;<\/div>                        <div class=\"cv-read-more\"><a href=https:\/\/nakanarach.pl\/index.php\/2025\/01\/20\/napadali-na-turystow-video\/>Czytaj wi\u0119cej<i class=\"fas fa-arrow-right\"><\/i><\/a><\/div>                    <\/div><!-- .cv-post-right-wrap -->\r\n                <\/article>\r\n                        <article post-id=\"post-9037\" class=\"cv-post post-format--standard\" itemscope itemtype=\"http:\/\/schema.org\/articleBody\">\r\n                    <div class=\"cv-post-left-wrap\">\r\n                        <div class=\"cv-post-thumb\">\r\n                            <a href=\"https:\/\/nakanarach.pl\/index.php\/2024\/12\/23\/oszustwo-jest-w-paczce\/\"><img decoding=\"async\" src=\"https:\/\/nakanarach.pl\/wp-content\/uploads\/2021\/07\/Policia-Nacional-Noc-Teneryfa.jpg\" alt=\"OSZUSTWO JEST W PACZCE\"\/><\/a>\r\n                        <\/div>\r\n                    <\/div><!-- .cv-post-left-wrap -->\r\n                    <div class=\"cv-post-right-wrap\">\r\n                                                <h2 class=\"cv-post-title\">\r\n                            <a href=\"https:\/\/nakanarach.pl\/index.php\/2024\/12\/23\/oszustwo-jest-w-paczce\/\" target=\"_self\">\r\n                                OSZUSTWO JEST W PACZCE                            <\/a>\r\n                        <\/h2>\r\n                        <div class=\"cv-post-meta cv-meta-icon-show\">\r\n                            <span class=\"cv-post-date cv-post-meta-item\" itemprop=\"datePublished\"><a href=\"https:\/\/nakanarach.pl\/index.php\/2024\/12\/23\/oszustwo-jest-w-paczce\/\">23 grudnia 2024<\/a><\/span>                        <\/div>\r\n                        <div class=\"cv-post-content\" itemprop=\"description\">HISZPANIA: Hiszpa\u0144skie w\u0142adze i organizacje konsumenckie ostrzegaj\u0105 przed kolejn\u0105 nietypow\u0105 metod\u0105 oszustwa. Wcze\u015bniej zdarza\u0142y si\u0119&hellip;<\/div>                        <div class=\"cv-read-more\"><a href=https:\/\/nakanarach.pl\/index.php\/2024\/12\/23\/oszustwo-jest-w-paczce\/>Czytaj wi\u0119cej<i class=\"fas fa-arrow-right\"><\/i><\/a><\/div>                    <\/div><!-- .cv-post-right-wrap -->\r\n                <\/article>\r\n                        <article post-id=\"post-9020\" class=\"cv-post post-format--standard\" itemscope itemtype=\"http:\/\/schema.org\/articleBody\">\r\n                    <div class=\"cv-post-left-wrap\">\r\n                        <div class=\"cv-post-thumb\">\r\n                            <a href=\"https:\/\/nakanarach.pl\/index.php\/2024\/12\/17\/zniszczyli-lezaki\/\"><img decoding=\"async\" src=\"https:\/\/nakanarach.pl\/wp-content\/uploads\/2022\/10\/Teneryfa-plaza-scaled.jpg\" alt=\"ZNISZCZYLI LE\u017bAKI\"\/><\/a>\r\n                        <\/div>\r\n                    <\/div><!-- .cv-post-left-wrap -->\r\n                    <div class=\"cv-post-right-wrap\">\r\n                                                <h2 class=\"cv-post-title\">\r\n                            <a href=\"https:\/\/nakanarach.pl\/index.php\/2024\/12\/17\/zniszczyli-lezaki\/\" target=\"_self\">\r\n                                ZNISZCZYLI LE\u017bAKI                            <\/a>\r\n                        <\/h2>\r\n                        <div class=\"cv-post-meta cv-meta-icon-show\">\r\n                            <span class=\"cv-post-date cv-post-meta-item\" itemprop=\"datePublished\"><a href=\"https:\/\/nakanarach.pl\/index.php\/2024\/12\/17\/zniszczyli-lezaki\/\">17 grudnia 2024<\/a><\/span>                        <\/div>\r\n                        <div class=\"cv-post-content\" itemprop=\"description\">TENERYFA: Kolejna ods\u0142ona protestu przeciwko turystom na Kanarach. W internecie pojawi\u0142 si\u0119 film, na kt\u00f3rym&hellip;<\/div>                        <div class=\"cv-read-more\"><a href=https:\/\/nakanarach.pl\/index.php\/2024\/12\/17\/zniszczyli-lezaki\/>Czytaj wi\u0119cej<i class=\"fas fa-arrow-right\"><\/i><\/a><\/div>                    <\/div><!-- .cv-post-right-wrap -->\r\n                <\/article>\r\n                        <article post-id=\"post-8864\" class=\"cv-post post-format--standard\" itemscope itemtype=\"http:\/\/schema.org\/articleBody\">\r\n                    <div class=\"cv-post-left-wrap\">\r\n                        <div class=\"cv-post-thumb\">\r\n                            <a href=\"https:\/\/nakanarach.pl\/index.php\/2024\/11\/18\/ewakuacja-turystow-po-burzy\/\"><img decoding=\"async\" src=\"https:\/\/nakanarach.pl\/wp-content\/uploads\/2024\/11\/Zalane-ulice-Lanzarote1-Fot.-FB-Bmberos-de-Lanzarote.jpg\" alt=\"EWAKUACJA TURYST\u00d3W PO BURZY\"\/><\/a>\r\n                        <\/div>\r\n                    <\/div><!-- .cv-post-left-wrap -->\r\n                    <div class=\"cv-post-right-wrap\">\r\n                                                <h2 class=\"cv-post-title\">\r\n                            <a href=\"https:\/\/nakanarach.pl\/index.php\/2024\/11\/18\/ewakuacja-turystow-po-burzy\/\" target=\"_self\">\r\n                                EWAKUACJA TURYST\u00d3W PO BURZY                            <\/a>\r\n                        <\/h2>\r\n                        <div class=\"cv-post-meta cv-meta-icon-show\">\r\n                            <span class=\"cv-post-date cv-post-meta-item\" itemprop=\"datePublished\"><a href=\"https:\/\/nakanarach.pl\/index.php\/2024\/11\/18\/ewakuacja-turystow-po-burzy\/\">18 listopada 2024<\/a><\/span>                        <\/div>\r\n                        <div class=\"cv-post-content\" itemprop=\"description\">WYSPY KANARYJSKIE: Silne burze i ulewne opady deszczu przechodz\u0105 przez ten rajski archipelag, gdzie nadal&hellip;<\/div>                        <div class=\"cv-read-more\"><a href=https:\/\/nakanarach.pl\/index.php\/2024\/11\/18\/ewakuacja-turystow-po-burzy\/>Czytaj wi\u0119cej<i class=\"fas fa-arrow-right\"><\/i><\/a><\/div>                    <\/div><!-- .cv-post-right-wrap -->\r\n                <\/article>\r\n                        <article post-id=\"post-8741\" class=\"cv-post post-format--standard\" itemscope itemtype=\"http:\/\/schema.org\/articleBody\">\r\n                    <div class=\"cv-post-left-wrap\">\r\n                        <div class=\"cv-post-thumb\">\r\n                            <a href=\"https:\/\/nakanarach.pl\/index.php\/2024\/10\/17\/nielegalna-lodka-z-lotnia-video\/\"><img decoding=\"async\" src=\"https:\/\/nakanarach.pl\/wp-content\/uploads\/2024\/10\/Nielegalna-lodz-Fot.-Guardia-Civil.jpg\" alt=\"NIELEGALNA LATAJ\u0104CA \u0141\u00d3D\u0179 (VIDEO)\"\/><\/a>\r\n                        <\/div>\r\n                    <\/div><!-- .cv-post-left-wrap -->\r\n                    <div class=\"cv-post-right-wrap\">\r\n                                                <h2 class=\"cv-post-title\">\r\n                            <a href=\"https:\/\/nakanarach.pl\/index.php\/2024\/10\/17\/nielegalna-lodka-z-lotnia-video\/\" target=\"_self\">\r\n                                NIELEGALNA LATAJ\u0104CA \u0141\u00d3D\u0179 (VIDEO)                            <\/a>\r\n                        <\/h2>\r\n                        <div class=\"cv-post-meta cv-meta-icon-show\">\r\n                            <span class=\"cv-post-date cv-post-meta-item\" itemprop=\"datePublished\"><a href=\"https:\/\/nakanarach.pl\/index.php\/2024\/10\/17\/nielegalna-lodka-z-lotnia-video\/\">17 pa\u017adziernika 2024<\/a><\/span>                        <\/div>\r\n                        <div class=\"cv-post-content\" itemprop=\"description\">GRAN CANARIA: Mundurowi z Wysp Kanaryjskich coraz cz\u0119\u015bciej w tym roku walcz\u0105 z nielegalnymi pojazdami&hellip;<\/div>                        <div class=\"cv-read-more\"><a href=https:\/\/nakanarach.pl\/index.php\/2024\/10\/17\/nielegalna-lodka-z-lotnia-video\/>Czytaj wi\u0119cej<i class=\"fas fa-arrow-right\"><\/i><\/a><\/div>                    <\/div><!-- .cv-post-right-wrap -->\r\n                <\/article>\r\n                        <article post-id=\"post-8737\" class=\"cv-post post-format--standard\" itemscope itemtype=\"http:\/\/schema.org\/articleBody\">\r\n                    <div class=\"cv-post-left-wrap\">\r\n                        <div class=\"cv-post-thumb\">\r\n                            <a href=\"https:\/\/nakanarach.pl\/index.php\/2024\/10\/16\/okradal-sklepy-na-lotnisku\/\"><img decoding=\"async\" src=\"https:\/\/nakanarach.pl\/wp-content\/uploads\/2021\/09\/Lotnisko-Teneryfa.jpg\" alt=\"OKRADA\u0141 SKLEPY NA LOTNISKU\"\/><\/a>\r\n                        <\/div>\r\n                    <\/div><!-- .cv-post-left-wrap -->\r\n                    <div class=\"cv-post-right-wrap\">\r\n                                                <h2 class=\"cv-post-title\">\r\n                            <a href=\"https:\/\/nakanarach.pl\/index.php\/2024\/10\/16\/okradal-sklepy-na-lotnisku\/\" target=\"_self\">\r\n                                OKRADA\u0141 SKLEPY NA LOTNISKU                            <\/a>\r\n                        <\/h2>\r\n                        <div class=\"cv-post-meta cv-meta-icon-show\">\r\n                            <span class=\"cv-post-date cv-post-meta-item\" itemprop=\"datePublished\"><a href=\"https:\/\/nakanarach.pl\/index.php\/2024\/10\/16\/okradal-sklepy-na-lotnisku\/\">16 pa\u017adziernika 2024<\/a><\/span>                        <\/div>\r\n                        <div class=\"cv-post-content\" itemprop=\"description\">TENERYFA: Cho\u0107 terminale lotnisk nale\u017c\u0105 do najlepiej strze\u017conych miejsc to jednak nie przeszkodzi\u0142o to tury\u015bcie&hellip;<\/div>                        <div class=\"cv-read-more\"><a href=https:\/\/nakanarach.pl\/index.php\/2024\/10\/16\/okradal-sklepy-na-lotnisku\/>Czytaj wi\u0119cej<i class=\"fas fa-arrow-right\"><\/i><\/a><\/div>                    <\/div><!-- .cv-post-right-wrap -->\r\n                <\/article>\r\n                        <article post-id=\"post-8596\" class=\"cv-post post-format--standard\" itemscope itemtype=\"http:\/\/schema.org\/articleBody\">\r\n                    <div class=\"cv-post-left-wrap\">\r\n                        <div class=\"cv-post-thumb\">\r\n                            <a href=\"https:\/\/nakanarach.pl\/index.php\/2024\/09\/19\/skonfiskowane-sowy\/\"><img decoding=\"async\" src=\"https:\/\/nakanarach.pl\/wp-content\/plugins\/wp-blog-post-layouts\/includes\/assets\/images\/image.jpg\" alt=\"SKONFISKOWANE SOWY\"\/><\/a>\r\n                        <\/div>\r\n                    <\/div><!-- .cv-post-left-wrap -->\r\n                    <div class=\"cv-post-right-wrap\">\r\n                                                <h2 class=\"cv-post-title\">\r\n                            <a href=\"https:\/\/nakanarach.pl\/index.php\/2024\/09\/19\/skonfiskowane-sowy\/\" target=\"_self\">\r\n                                SKONFISKOWANE SOWY                            <\/a>\r\n                        <\/h2>\r\n                        <div class=\"cv-post-meta cv-meta-icon-show\">\r\n                            <span class=\"cv-post-date cv-post-meta-item\" itemprop=\"datePublished\"><a href=\"https:\/\/nakanarach.pl\/index.php\/2024\/09\/19\/skonfiskowane-sowy\/\">19 wrze\u015bnia 2024<\/a><\/span>                        <\/div>\r\n                        <div class=\"cv-post-content\" itemprop=\"description\">LANZAROTE: Popularne w\u015br\u00f3d turyst\u00f3w na kanaryjskiej wyspie Lanzarote sowy puchacze zosta\u0142y skonfiskowane przez Gwardi\u0119 Cywiln\u0105.&hellip;<\/div>                        <div class=\"cv-read-more\"><a href=https:\/\/nakanarach.pl\/index.php\/2024\/09\/19\/skonfiskowane-sowy\/>Czytaj wi\u0119cej<i class=\"fas fa-arrow-right\"><\/i><\/a><\/div>                    <\/div><!-- .cv-post-right-wrap -->\r\n                <\/article>\r\n                        <article post-id=\"post-8473\" class=\"cv-post post-format--standard\" itemscope itemtype=\"http:\/\/schema.org\/articleBody\">\r\n                    <div class=\"cv-post-left-wrap\">\r\n                        <div class=\"cv-post-thumb\">\r\n                            <a href=\"https:\/\/nakanarach.pl\/index.php\/2024\/08\/16\/zamkneli-plaze-przez-grozna-rybe\/\"><img decoding=\"async\" src=\"https:\/\/nakanarach.pl\/wp-content\/uploads\/2024\/08\/Zamkneli-plaze-przez-rybe.jpg\" alt=\"ZAMKN\u0118LI PLA\u017b\u0118 PRZEZ GRO\u0179N\u0104 RYB\u0118\"\/><\/a>\r\n                        <\/div>\r\n                    <\/div><!-- .cv-post-left-wrap -->\r\n                    <div class=\"cv-post-right-wrap\">\r\n                                                <h2 class=\"cv-post-title\">\r\n                            <a href=\"https:\/\/nakanarach.pl\/index.php\/2024\/08\/16\/zamkneli-plaze-przez-grozna-rybe\/\" target=\"_self\">\r\n                                ZAMKN\u0118LI PLA\u017b\u0118 PRZEZ GRO\u0179N\u0104 RYB\u0118                            <\/a>\r\n                        <\/h2>\r\n                        <div class=\"cv-post-meta cv-meta-icon-show\">\r\n                            <span class=\"cv-post-date cv-post-meta-item\" itemprop=\"datePublished\"><a href=\"https:\/\/nakanarach.pl\/index.php\/2024\/08\/16\/zamkneli-plaze-przez-grozna-rybe\/\">16 sierpnia 2024<\/a><\/span>                        <\/div>\r\n                        <div class=\"cv-post-content\" itemprop=\"description\">W\u0142adze w G\u00e1ldar na p\u00f3\u0142nocy Gran Canarii tymczasowo zamkn\u0119\u0142y pla\u017c\u0119 Los Dos Roques. Tym razem&hellip;<\/div>                        <div class=\"cv-read-more\"><a href=https:\/\/nakanarach.pl\/index.php\/2024\/08\/16\/zamkneli-plaze-przez-grozna-rybe\/>Czytaj wi\u0119cej<i class=\"fas fa-arrow-right\"><\/i><\/a><\/div>                    <\/div><!-- .cv-post-right-wrap -->\r\n                <\/article>\r\n                        <article post-id=\"post-8464\" class=\"cv-post post-format--standard\" itemscope itemtype=\"http:\/\/schema.org\/articleBody\">\r\n                    <div class=\"cv-post-left-wrap\">\r\n                        <div class=\"cv-post-thumb\">\r\n                            <a href=\"https:\/\/nakanarach.pl\/index.php\/2024\/08\/13\/samochod-wjechal-do-baru-video\/\"><img decoding=\"async\" src=\"https:\/\/nakanarach.pl\/wp-content\/uploads\/2024\/08\/Auto-w-barze.png\" alt=\"SAMOCH\u00d3D WJECHA\u0141 DO BARU (VIDEO)\"\/><\/a>\r\n                        <\/div>\r\n                    <\/div><!-- .cv-post-left-wrap -->\r\n                    <div class=\"cv-post-right-wrap\">\r\n                                                <h2 class=\"cv-post-title\">\r\n                            <a href=\"https:\/\/nakanarach.pl\/index.php\/2024\/08\/13\/samochod-wjechal-do-baru-video\/\" target=\"_self\">\r\n                                SAMOCH\u00d3D WJECHA\u0141 DO BARU (VIDEO)                            <\/a>\r\n                        <\/h2>\r\n                        <div class=\"cv-post-meta cv-meta-icon-show\">\r\n                            <span class=\"cv-post-date cv-post-meta-item\" itemprop=\"datePublished\"><a href=\"https:\/\/nakanarach.pl\/index.php\/2024\/08\/13\/samochod-wjechal-do-baru-video\/\">13 sierpnia 2024<\/a><\/span>                        <\/div>\r\n                        <div class=\"cv-post-content\" itemprop=\"description\">TENERYFA: To cud, \u017ce nikomu nic powa\u017cnego si\u0119 nie sta\u0142o, po tym jak samoch\u00f3d wjecha\u0142&hellip;<\/div>                        <div class=\"cv-read-more\"><a href=https:\/\/nakanarach.pl\/index.php\/2024\/08\/13\/samochod-wjechal-do-baru-video\/>Czytaj wi\u0119cej<i class=\"fas fa-arrow-right\"><\/i><\/a><\/div>                    <\/div><!-- .cv-post-right-wrap -->\r\n                <\/article>\r\n                        <article post-id=\"post-8381\" class=\"cv-post post-format--standard\" itemscope itemtype=\"http:\/\/schema.org\/articleBody\">\r\n                    <div class=\"cv-post-left-wrap\">\r\n                        <div class=\"cv-post-thumb\">\r\n                            <a href=\"https:\/\/nakanarach.pl\/index.php\/2024\/07\/19\/usuwaja-nielegalnych-turystow\/\"><img decoding=\"async\" src=\"https:\/\/nakanarach.pl\/wp-content\/uploads\/2024\/07\/Eksmisje-turystow.jpeg\" alt=\"USUWAJ\u0104 NIELEGALNYCH TURYST\u00d3W\"\/><\/a>\r\n                        <\/div>\r\n                    <\/div><!-- .cv-post-left-wrap -->\r\n                    <div class=\"cv-post-right-wrap\">\r\n                                                <h2 class=\"cv-post-title\">\r\n                            <a href=\"https:\/\/nakanarach.pl\/index.php\/2024\/07\/19\/usuwaja-nielegalnych-turystow\/\" target=\"_self\">\r\n                                USUWAJ\u0104 NIELEGALNYCH TURYST\u00d3W                            <\/a>\r\n                        <\/h2>\r\n                        <div class=\"cv-post-meta cv-meta-icon-show\">\r\n                            <span class=\"cv-post-date cv-post-meta-item\" itemprop=\"datePublished\"><a href=\"https:\/\/nakanarach.pl\/index.php\/2024\/07\/19\/usuwaja-nielegalnych-turystow\/\">19 lipca 2024<\/a><\/span>                        <\/div>\r\n                        <div class=\"cv-post-content\" itemprop=\"description\">Pomys\u0142owo\u015b\u0107 niekt\u00f3rych turyst\u00f3w nie zna granic. Coraz cz\u0119\u015bciej, aby nie p\u0142aci\u0107 za nocleg rozbijaj\u0105 oni&hellip;<\/div>                        <div class=\"cv-read-more\"><a href=https:\/\/nakanarach.pl\/index.php\/2024\/07\/19\/usuwaja-nielegalnych-turystow\/>Czytaj wi\u0119cej<i class=\"fas fa-arrow-right\"><\/i><\/a><\/div>                    <\/div><!-- .cv-post-right-wrap -->\r\n                <\/article>\r\n                        <article post-id=\"post-8375\" class=\"cv-post post-format--standard\" itemscope itemtype=\"http:\/\/schema.org\/articleBody\">\r\n                    <div class=\"cv-post-left-wrap\">\r\n                        <div class=\"cv-post-thumb\">\r\n                            <a href=\"https:\/\/nakanarach.pl\/index.php\/2024\/07\/16\/susza-i-pozar-lasu-na-teneryfie\/\"><img decoding=\"async\" src=\"https:\/\/nakanarach.pl\/wp-content\/uploads\/2024\/07\/Pozar-lasu-X-112-Canarias.jpg\" alt=\"SUSZA I PO\u017bAR LASU NA TENERYFIE\"\/><\/a>\r\n                        <\/div>\r\n                    <\/div><!-- .cv-post-left-wrap -->\r\n                    <div class=\"cv-post-right-wrap\">\r\n                                                <h2 class=\"cv-post-title\">\r\n                            <a href=\"https:\/\/nakanarach.pl\/index.php\/2024\/07\/16\/susza-i-pozar-lasu-na-teneryfie\/\" target=\"_self\">\r\n                                SUSZA I PO\u017bAR LASU NA TENERYFIE                            <\/a>\r\n                        <\/h2>\r\n                        <div class=\"cv-post-meta cv-meta-icon-show\">\r\n                            <span class=\"cv-post-date cv-post-meta-item\" itemprop=\"datePublished\"><a href=\"https:\/\/nakanarach.pl\/index.php\/2024\/07\/16\/susza-i-pozar-lasu-na-teneryfie\/\">16 lipca 2024<\/a><\/span>                        <\/div>\r\n                        <div class=\"cv-post-content\" itemprop=\"description\">Stra\u017cacy walcz\u0105 z gro\u017anym po\u017carem lasu na kanaryjskiej Teneryfie. S\u0142u\u017cby ratunkowe nadal pracuj\u0105 na miejscu&hellip;<\/div>                        <div class=\"cv-read-more\"><a href=https:\/\/nakanarach.pl\/index.php\/2024\/07\/16\/susza-i-pozar-lasu-na-teneryfie\/>Czytaj wi\u0119cej<i class=\"fas fa-arrow-right\"><\/i><\/a><\/div>                    <\/div><!-- .cv-post-right-wrap -->\r\n                <\/article>\r\n                        <article post-id=\"post-8311\" class=\"cv-post post-format--standard\" itemscope itemtype=\"http:\/\/schema.org\/articleBody\">\r\n                    <div class=\"cv-post-left-wrap\">\r\n                        <div class=\"cv-post-thumb\">\r\n                            <a href=\"https:\/\/nakanarach.pl\/index.php\/2024\/06\/27\/dotkliwa-kara-za-karmienie-golebi\/\"><img decoding=\"async\" src=\"https:\/\/nakanarach.pl\/wp-content\/uploads\/2024\/04\/Golebie-Ayuntamiento-Santa-Cruz-de-Tenerife.jpg\" alt=\"DOTKLIWA KARA ZA KARMIENIE GO\u0141\u0118BI\"\/><\/a>\r\n                        <\/div>\r\n                    <\/div><!-- .cv-post-left-wrap -->\r\n                    <div class=\"cv-post-right-wrap\">\r\n                                                <h2 class=\"cv-post-title\">\r\n                            <a href=\"https:\/\/nakanarach.pl\/index.php\/2024\/06\/27\/dotkliwa-kara-za-karmienie-golebi\/\" target=\"_self\">\r\n                                DOTKLIWA KARA ZA KARMIENIE GO\u0141\u0118BI                            <\/a>\r\n                        <\/h2>\r\n                        <div class=\"cv-post-meta cv-meta-icon-show\">\r\n                            <span class=\"cv-post-date cv-post-meta-item\" itemprop=\"datePublished\"><a href=\"https:\/\/nakanarach.pl\/index.php\/2024\/06\/27\/dotkliwa-kara-za-karmienie-golebi\/\">27 czerwca 2024<\/a><\/span>                        <\/div>\r\n                        <div class=\"cv-post-content\" itemprop=\"description\">TENERYFA: Wysok\u0105 kar\u0119 grzywny w wysoko\u015bci 2250 euro (prawie 10 tys. z\u0142) za karmienie go\u0142\u0119bi&hellip;<\/div>                        <div class=\"cv-read-more\"><a href=https:\/\/nakanarach.pl\/index.php\/2024\/06\/27\/dotkliwa-kara-za-karmienie-golebi\/>Czytaj wi\u0119cej<i class=\"fas fa-arrow-right\"><\/i><\/a><\/div>                    <\/div><!-- .cv-post-right-wrap -->\r\n                <\/article>\r\n                        <article post-id=\"post-8283\" class=\"cv-post post-format--standard\" itemscope itemtype=\"http:\/\/schema.org\/articleBody\">\r\n                    <div class=\"cv-post-left-wrap\">\r\n                        <div class=\"cv-post-thumb\">\r\n                            <a href=\"https:\/\/nakanarach.pl\/index.php\/2024\/06\/19\/polak-zaginal-na-atlantyku\/\"><img decoding=\"async\" src=\"https:\/\/nakanarach.pl\/wp-content\/uploads\/2022\/01\/Lodz-Ratunkowa-Twitter-Salvamento-Maritimo.jpg\" alt=\"POLAK ZAGIN\u0104\u0141 NA ATLANTYKU\"\/><\/a>\r\n                        <\/div>\r\n                    <\/div><!-- .cv-post-left-wrap -->\r\n                    <div class=\"cv-post-right-wrap\">\r\n                                                <h2 class=\"cv-post-title\">\r\n                            <a href=\"https:\/\/nakanarach.pl\/index.php\/2024\/06\/19\/polak-zaginal-na-atlantyku\/\" target=\"_self\">\r\n                                POLAK ZAGIN\u0104\u0141 NA ATLANTYKU                            <\/a>\r\n                        <\/h2>\r\n                        <div class=\"cv-post-meta cv-meta-icon-show\">\r\n                            <span class=\"cv-post-date cv-post-meta-item\" itemprop=\"datePublished\"><a href=\"https:\/\/nakanarach.pl\/index.php\/2024\/06\/19\/polak-zaginal-na-atlantyku\/\">19 czerwca 2024<\/a><\/span>                        <\/div>\r\n                        <div class=\"cv-post-content\" itemprop=\"description\">Od 13 czerwca 2024 roku trwaj\u0105 intensywne poszukiwania Polaka, kt\u00f3ry wyp\u0142yn\u0105\u0142 w samotny rejs po&hellip;<\/div>                        <div class=\"cv-read-more\"><a href=https:\/\/nakanarach.pl\/index.php\/2024\/06\/19\/polak-zaginal-na-atlantyku\/>Czytaj wi\u0119cej<i class=\"fas fa-arrow-right\"><\/i><\/a><\/div>                    <\/div><!-- .cv-post-right-wrap -->\r\n                <\/article>\r\n                        <article post-id=\"post-8247\" class=\"cv-post post-format--standard\" itemscope itemtype=\"http:\/\/schema.org\/articleBody\">\r\n                    <div class=\"cv-post-left-wrap\">\r\n                        <div class=\"cv-post-thumb\">\r\n                            <a href=\"https:\/\/nakanarach.pl\/index.php\/2024\/06\/02\/poparzeni-para-z-gejzera\/\"><img decoding=\"async\" src=\"https:\/\/nakanarach.pl\/wp-content\/uploads\/2024\/06\/Lanzarote-Timanfaya-Gejzer-spain.info_.jpg\" alt=\"POPARZENI PAR\u0104 Z GEJZERA\"\/><\/a>\r\n                        <\/div>\r\n                    <\/div><!-- .cv-post-left-wrap -->\r\n                    <div class=\"cv-post-right-wrap\">\r\n                                                <h2 class=\"cv-post-title\">\r\n                            <a href=\"https:\/\/nakanarach.pl\/index.php\/2024\/06\/02\/poparzeni-para-z-gejzera\/\" target=\"_self\">\r\n                                POPARZENI PAR\u0104 Z GEJZERA                            <\/a>\r\n                        <\/h2>\r\n                        <div class=\"cv-post-meta cv-meta-icon-show\">\r\n                            <span class=\"cv-post-date cv-post-meta-item\" itemprop=\"datePublished\"><a href=\"https:\/\/nakanarach.pl\/index.php\/2024\/06\/02\/poparzeni-para-z-gejzera\/\">2 czerwca 2024<\/a><\/span>                        <\/div>\r\n                        <div class=\"cv-post-content\" itemprop=\"description\">Dw\u00f3ch turyst\u00f3w zosta\u0142o poparzonych par\u0105 w s\u0142ynnym Parku Narodowym Timanfaya na kanaryjskiej wyspie Lanzarote. Jedna&hellip;<\/div>                        <div class=\"cv-read-more\"><a href=https:\/\/nakanarach.pl\/index.php\/2024\/06\/02\/poparzeni-para-z-gejzera\/>Czytaj wi\u0119cej<i class=\"fas fa-arrow-right\"><\/i><\/a><\/div>                    <\/div><!-- .cv-post-right-wrap -->\r\n                <\/article>\r\n                        <article post-id=\"post-8206\" class=\"cv-post post-format--standard\" itemscope itemtype=\"http:\/\/schema.org\/articleBody\">\r\n                    <div class=\"cv-post-left-wrap\">\r\n                        <div class=\"cv-post-thumb\">\r\n                            <a href=\"https:\/\/nakanarach.pl\/index.php\/2024\/05\/24\/falszowali-dokumenty-dla-migrantow\/\"><img decoding=\"async\" src=\"https:\/\/nakanarach.pl\/wp-content\/uploads\/2021\/04\/Policia-Nacional-Fot.-Policia-Nacional.jpg\" alt=\"FA\u0141SZOWALI DOKUMENTY DLA MIGRANT\u00d3W\"\/><\/a>\r\n                        <\/div>\r\n                    <\/div><!-- .cv-post-left-wrap -->\r\n                    <div class=\"cv-post-right-wrap\">\r\n                                                <h2 class=\"cv-post-title\">\r\n                            <a href=\"https:\/\/nakanarach.pl\/index.php\/2024\/05\/24\/falszowali-dokumenty-dla-migrantow\/\" target=\"_self\">\r\n                                FA\u0141SZOWALI DOKUMENTY DLA MIGRANT\u00d3W                            <\/a>\r\n                        <\/h2>\r\n                        <div class=\"cv-post-meta cv-meta-icon-show\">\r\n                            <span class=\"cv-post-date cv-post-meta-item\" itemprop=\"datePublished\"><a href=\"https:\/\/nakanarach.pl\/index.php\/2024\/05\/24\/falszowali-dokumenty-dla-migrantow\/\">24 maja 2024<\/a><\/span>                        <\/div>\r\n                        <div class=\"cv-post-content\" itemprop=\"description\">Policji krajowa w Hiszpanii poinformowa\u0142a, \u017ce zlikwidowa\u0142a, gang kt\u00f3ry dostarcza\u0142 fa\u0142szyw\u0105 dokumentacj\u0119 nieletnim afryka\u0144skim imigrantom&hellip;<\/div>                        <div class=\"cv-read-more\"><a href=https:\/\/nakanarach.pl\/index.php\/2024\/05\/24\/falszowali-dokumenty-dla-migrantow\/>Czytaj wi\u0119cej<i class=\"fas fa-arrow-right\"><\/i><\/a><\/div>                    <\/div><!-- .cv-post-right-wrap -->\r\n                <\/article>\r\n                        <article post-id=\"post-8187\" class=\"cv-post post-format--standard\" itemscope itemtype=\"http:\/\/schema.org\/articleBody\">\r\n                    <div class=\"cv-post-left-wrap\">\r\n                        <div class=\"cv-post-thumb\">\r\n                            <a href=\"https:\/\/nakanarach.pl\/index.php\/2024\/05\/17\/upadek-kartelu-narkotykowego\/\"><img decoding=\"async\" src=\"https:\/\/nakanarach.pl\/wp-content\/uploads\/2024\/05\/Upadek-kartelu.jpg\" alt=\"UPADEK KARTELU NARKOTYKOWEGO\"\/><\/a>\r\n                        <\/div>\r\n                    <\/div><!-- .cv-post-left-wrap -->\r\n                    <div class=\"cv-post-right-wrap\">\r\n                                                <h2 class=\"cv-post-title\">\r\n                            <a href=\"https:\/\/nakanarach.pl\/index.php\/2024\/05\/17\/upadek-kartelu-narkotykowego\/\" target=\"_self\">\r\n                                UPADEK KARTELU NARKOTYKOWEGO                            <\/a>\r\n                        <\/h2>\r\n                        <div class=\"cv-post-meta cv-meta-icon-show\">\r\n                            <span class=\"cv-post-date cv-post-meta-item\" itemprop=\"datePublished\"><a href=\"https:\/\/nakanarach.pl\/index.php\/2024\/05\/17\/upadek-kartelu-narkotykowego\/\">17 maja 2024<\/a><\/span>                        <\/div>\r\n                        <div class=\"cv-post-content\" itemprop=\"description\">Hiszpa\u0144ska policja odkry\u0142a i zlikwidowa\u0142a najwi\u0119ksze w Europie centrum logistyczne metaamfetaminy. Wed\u0142ug ustale\u0144 \u015bledczych narkotyki&hellip;<\/div>                        <div class=\"cv-read-more\"><a href=https:\/\/nakanarach.pl\/index.php\/2024\/05\/17\/upadek-kartelu-narkotykowego\/>Czytaj wi\u0119cej<i class=\"fas fa-arrow-right\"><\/i><\/a><\/div>                    <\/div><!-- .cv-post-right-wrap -->\r\n                <\/article>\r\n                        <article post-id=\"post-8178\" class=\"cv-post post-format--standard\" itemscope itemtype=\"http:\/\/schema.org\/articleBody\">\r\n                    <div class=\"cv-post-left-wrap\">\r\n                        <div class=\"cv-post-thumb\">\r\n                            <a href=\"https:\/\/nakanarach.pl\/index.php\/2024\/05\/13\/wzrost-przestepczosci\/\"><img decoding=\"async\" src=\"https:\/\/nakanarach.pl\/wp-content\/uploads\/2021\/07\/Policia-Nacional-Noc-Teneryfa.jpg\" alt=\"WZROST PRZEST\u0118PCZO\u015aCI\"\/><\/a>\r\n                        <\/div>\r\n                    <\/div><!-- .cv-post-left-wrap -->\r\n                    <div class=\"cv-post-right-wrap\">\r\n                                                <h2 class=\"cv-post-title\">\r\n                            <a href=\"https:\/\/nakanarach.pl\/index.php\/2024\/05\/13\/wzrost-przestepczosci\/\" target=\"_self\">\r\n                                WZROST PRZEST\u0118PCZO\u015aCI                            <\/a>\r\n                        <\/h2>\r\n                        <div class=\"cv-post-meta cv-meta-icon-show\">\r\n                            <span class=\"cv-post-date cv-post-meta-item\" itemprop=\"datePublished\"><a href=\"https:\/\/nakanarach.pl\/index.php\/2024\/05\/13\/wzrost-przestepczosci\/\">13 maja 2024<\/a><\/span>                        <\/div>\r\n                        <div class=\"cv-post-content\" itemprop=\"description\">Wielu turyst\u00f3w wybieraj\u0105c kierunek wakacyjny zastanawia si\u0119, czy w danym regionie jest bezpiecznie. Cho\u0107 na&hellip;<\/div>                        <div class=\"cv-read-more\"><a href=https:\/\/nakanarach.pl\/index.php\/2024\/05\/13\/wzrost-przestepczosci\/>Czytaj wi\u0119cej<i class=\"fas fa-arrow-right\"><\/i><\/a><\/div>                    <\/div><!-- .cv-post-right-wrap -->\r\n                <\/article>\r\n                        <article post-id=\"post-8153\" class=\"cv-post post-format--standard\" itemscope itemtype=\"http:\/\/schema.org\/articleBody\">\r\n                    <div class=\"cv-post-left-wrap\">\r\n                        <div class=\"cv-post-thumb\">\r\n                            <a href=\"https:\/\/nakanarach.pl\/index.php\/2024\/04\/26\/plonie-las-na-teneryfie\/\"><img decoding=\"async\" src=\"https:\/\/nakanarach.pl\/wp-content\/plugins\/wp-blog-post-layouts\/includes\/assets\/images\/image.jpg\" alt=\"P\u0141ONIE LAS NA TENERYFIE\"\/><\/a>\r\n                        <\/div>\r\n                    <\/div><!-- .cv-post-left-wrap -->\r\n                    <div class=\"cv-post-right-wrap\">\r\n                                                <h2 class=\"cv-post-title\">\r\n                            <a href=\"https:\/\/nakanarach.pl\/index.php\/2024\/04\/26\/plonie-las-na-teneryfie\/\" target=\"_self\">\r\n                                P\u0141ONIE LAS NA TENERYFIE                            <\/a>\r\n                        <\/h2>\r\n                        <div class=\"cv-post-meta cv-meta-icon-show\">\r\n                            <span class=\"cv-post-date cv-post-meta-item\" itemprop=\"datePublished\"><a href=\"https:\/\/nakanarach.pl\/index.php\/2024\/04\/26\/plonie-las-na-teneryfie\/\">26 kwietnia 2024<\/a><\/span>                        <\/div>\r\n                        <div class=\"cv-post-content\" itemprop=\"description\">Zn\u00f3w p\u0142onie las na kanaryjskiej Teneryfie. Cho\u0107 sytuacja jest ju\u017c opanowana to na kilku wyspach&hellip;<\/div>                        <div class=\"cv-read-more\"><a href=https:\/\/nakanarach.pl\/index.php\/2024\/04\/26\/plonie-las-na-teneryfie\/>Czytaj wi\u0119cej<i class=\"fas fa-arrow-right\"><\/i><\/a><\/div>                    <\/div><!-- .cv-post-right-wrap -->\r\n                <\/article>\r\n                        <article post-id=\"post-7926\" class=\"cv-post post-format--standard\" itemscope itemtype=\"http:\/\/schema.org\/articleBody\">\r\n                    <div class=\"cv-post-left-wrap\">\r\n                        <div class=\"cv-post-thumb\">\r\n                            <a href=\"https:\/\/nakanarach.pl\/index.php\/2024\/02\/29\/sprzataczka-okradla-turystke\/\"><img decoding=\"async\" src=\"https:\/\/nakanarach.pl\/wp-content\/uploads\/2021\/08\/Guardia-Civil-Twitter.png\" alt=\"SPRZ\u0104TACZKA OKRAD\u0141A TURYSTK\u0118\"\/><\/a>\r\n                        <\/div>\r\n                    <\/div><!-- .cv-post-left-wrap -->\r\n                    <div class=\"cv-post-right-wrap\">\r\n                                                <h2 class=\"cv-post-title\">\r\n                            <a href=\"https:\/\/nakanarach.pl\/index.php\/2024\/02\/29\/sprzataczka-okradla-turystke\/\" target=\"_self\">\r\n                                SPRZ\u0104TACZKA OKRAD\u0141A TURYSTK\u0118                            <\/a>\r\n                        <\/h2>\r\n                        <div class=\"cv-post-meta cv-meta-icon-show\">\r\n                            <span class=\"cv-post-date cv-post-meta-item\" itemprop=\"datePublished\"><a href=\"https:\/\/nakanarach.pl\/index.php\/2024\/02\/29\/sprzataczka-okradla-turystke\/\">29 lutego 2024<\/a><\/span>                        <\/div>\r\n                        <div class=\"cv-post-content\" itemprop=\"description\">Gwardia Cywilna zatrzyma\u0142a sprz\u0105taczk\u0119 w hotelu na po\u0142udniu kanaryjskiej Teneryfy, kt\u00f3r\u0105 oskar\u017cono o kradzie\u017c drogiego&hellip;<\/div>                        <div class=\"cv-read-more\"><a href=https:\/\/nakanarach.pl\/index.php\/2024\/02\/29\/sprzataczka-okradla-turystke\/>Czytaj wi\u0119cej<i class=\"fas fa-arrow-right\"><\/i><\/a><\/div>                    <\/div><!-- .cv-post-right-wrap -->\r\n                <\/article>\r\n                        <article post-id=\"post-7903\" class=\"cv-post post-format--standard\" itemscope itemtype=\"http:\/\/schema.org\/articleBody\">\r\n                    <div class=\"cv-post-left-wrap\">\r\n                        <div class=\"cv-post-thumb\">\r\n                            <a href=\"https:\/\/nakanarach.pl\/index.php\/2024\/02\/27\/szukali-pieniedzy-na-wydmach-teraz-szuka-ich-policja\/\"><img decoding=\"async\" src=\"https:\/\/nakanarach.pl\/wp-content\/uploads\/2024\/02\/Wydmy-Tiempo-de-Canarias.jpg\" alt=\"SZUKALI PIENI\u0118DZY NA WYDMACH, TERAZ SZUKA ICH POLICJA\"\/><\/a>\r\n                        <\/div>\r\n                    <\/div><!-- .cv-post-left-wrap -->\r\n                    <div class=\"cv-post-right-wrap\">\r\n                                                <h2 class=\"cv-post-title\">\r\n                            <a href=\"https:\/\/nakanarach.pl\/index.php\/2024\/02\/27\/szukali-pieniedzy-na-wydmach-teraz-szuka-ich-policja\/\" target=\"_self\">\r\n                                SZUKALI PIENI\u0118DZY NA WYDMACH, TERAZ SZUKA ICH POLICJA                            <\/a>\r\n                        <\/h2>\r\n                        <div class=\"cv-post-meta cv-meta-icon-show\">\r\n                            <span class=\"cv-post-date cv-post-meta-item\" itemprop=\"datePublished\"><a href=\"https:\/\/nakanarach.pl\/index.php\/2024\/02\/27\/szukali-pieniedzy-na-wydmach-teraz-szuka-ich-policja\/\">27 lutego 2024<\/a><\/span>                        <\/div>\r\n                        <div class=\"cv-post-content\" itemprop=\"description\">Sporo problem\u00f3w z prawem mog\u0105 mie\u0107 osoby, kt\u00f3re w ostatni weekend lutego 2024 roku poszukiwa\u0142y&hellip;<\/div>                        <div class=\"cv-read-more\"><a href=https:\/\/nakanarach.pl\/index.php\/2024\/02\/27\/szukali-pieniedzy-na-wydmach-teraz-szuka-ich-policja\/>Czytaj wi\u0119cej<i class=\"fas fa-arrow-right\"><\/i><\/a><\/div>                    <\/div><!-- .cv-post-right-wrap -->\r\n                <\/article>\r\n                        <article post-id=\"post-7874\" class=\"cv-post post-format--standard\" itemscope itemtype=\"http:\/\/schema.org\/articleBody\">\r\n                    <div class=\"cv-post-left-wrap\">\r\n                        <div class=\"cv-post-thumb\">\r\n                            <a href=\"https:\/\/nakanarach.pl\/index.php\/2024\/02\/20\/spada-liczba-imigrantow-na-kanarach\/\"><img decoding=\"async\" src=\"https:\/\/nakanarach.pl\/wp-content\/uploads\/2024\/02\/Imigranci.jpg\" alt=\"SPADA LICZBA IMIGRANT\u00d3W NA KANARACH\"\/><\/a>\r\n                        <\/div>\r\n                    <\/div><!-- .cv-post-left-wrap -->\r\n                    <div class=\"cv-post-right-wrap\">\r\n                                                <h2 class=\"cv-post-title\">\r\n                            <a href=\"https:\/\/nakanarach.pl\/index.php\/2024\/02\/20\/spada-liczba-imigrantow-na-kanarach\/\" target=\"_self\">\r\n                                SPADA LICZBA IMIGRANT\u00d3W NA KANARACH                            <\/a>\r\n                        <\/h2>\r\n                        <div class=\"cv-post-meta cv-meta-icon-show\">\r\n                            <span class=\"cv-post-date cv-post-meta-item\" itemprop=\"datePublished\"><a href=\"https:\/\/nakanarach.pl\/index.php\/2024\/02\/20\/spada-liczba-imigrantow-na-kanarach\/\">20 lutego 2024<\/a><\/span>                        <\/div>\r\n                        <div class=\"cv-post-content\" itemprop=\"description\">W\u0142adze Wysp Kanaryjskich pr\u00f3buj\u0105 sobie poradzi\u0107 z niespotykanym nigdy wcze\u015bniej na tak\u0105 skal\u0119 kryzysem migracyjnym.&hellip;<\/div>                        <div class=\"cv-read-more\"><a href=https:\/\/nakanarach.pl\/index.php\/2024\/02\/20\/spada-liczba-imigrantow-na-kanarach\/>Czytaj wi\u0119cej<i class=\"fas fa-arrow-right\"><\/i><\/a><\/div>                    <\/div><!-- .cv-post-right-wrap -->\r\n                <\/article>\r\n                        <article post-id=\"post-7870\" class=\"cv-post post-format--standard\" itemscope itemtype=\"http:\/\/schema.org\/articleBody\">\r\n                    <div class=\"cv-post-left-wrap\">\r\n                        <div class=\"cv-post-thumb\">\r\n                            <a href=\"https:\/\/nakanarach.pl\/index.php\/2024\/02\/19\/surowa-kara-dla-kibica\/\"><img decoding=\"async\" src=\"https:\/\/nakanarach.pl\/wp-content\/plugins\/wp-blog-post-layouts\/includes\/assets\/images\/image.jpg\" alt=\"SUROWA KARA DLA KIBICA\"\/><\/a>\r\n                        <\/div>\r\n                    <\/div><!-- .cv-post-left-wrap -->\r\n                    <div class=\"cv-post-right-wrap\">\r\n                                                <h2 class=\"cv-post-title\">\r\n                            <a href=\"https:\/\/nakanarach.pl\/index.php\/2024\/02\/19\/surowa-kara-dla-kibica\/\" target=\"_self\">\r\n                                SUROWA KARA DLA KIBICA                            <\/a>\r\n                        <\/h2>\r\n                        <div class=\"cv-post-meta cv-meta-icon-show\">\r\n                            <span class=\"cv-post-date cv-post-meta-item\" itemprop=\"datePublished\"><a href=\"https:\/\/nakanarach.pl\/index.php\/2024\/02\/19\/surowa-kara-dla-kibica\/\">19 lutego 2024<\/a><\/span>                        <\/div>\r\n                        <div class=\"cv-post-content\" itemprop=\"description\">Kar\u0119 grzywny w wysoko\u015bci 80 tys. euro i czteroletni zakaz wst\u0119pu na wszystkie obiekty sportowe&hellip;<\/div>                        <div class=\"cv-read-more\"><a href=https:\/\/nakanarach.pl\/index.php\/2024\/02\/19\/surowa-kara-dla-kibica\/>Czytaj wi\u0119cej<i class=\"fas fa-arrow-right\"><\/i><\/a><\/div>                    <\/div><!-- .cv-post-right-wrap -->\r\n                <\/article>\r\n                        <article post-id=\"post-7872\" class=\"cv-post post-format--standard\" itemscope itemtype=\"http:\/\/schema.org\/articleBody\">\r\n                    <div class=\"cv-post-left-wrap\">\r\n                        <div class=\"cv-post-thumb\">\r\n                            <a href=\"https:\/\/nakanarach.pl\/index.php\/2024\/02\/16\/policja-zamknela-klub-nocny\/\"><img decoding=\"async\" src=\"https:\/\/nakanarach.pl\/wp-content\/uploads\/2024\/02\/Zamkniety-klub-nocny-Foto.-Ayuntamento-Puerto-del-Rosario.png\" alt=\"POLICJA ZAMKN\u0118\u0141A KLUB NOCNY\"\/><\/a>\r\n                        <\/div>\r\n                    <\/div><!-- .cv-post-left-wrap -->\r\n                    <div class=\"cv-post-right-wrap\">\r\n                                                <h2 class=\"cv-post-title\">\r\n                            <a href=\"https:\/\/nakanarach.pl\/index.php\/2024\/02\/16\/policja-zamknela-klub-nocny\/\" target=\"_self\">\r\n                                POLICJA ZAMKN\u0118\u0141A KLUB NOCNY                            <\/a>\r\n                        <\/h2>\r\n                        <div class=\"cv-post-meta cv-meta-icon-show\">\r\n                            <span class=\"cv-post-date cv-post-meta-item\" itemprop=\"datePublished\"><a href=\"https:\/\/nakanarach.pl\/index.php\/2024\/02\/16\/policja-zamknela-klub-nocny\/\">16 lutego 2024<\/a><\/span>                        <\/div>\r\n                        <div class=\"cv-post-content\" itemprop=\"description\">Znany klub nocny w Puerto del Rosario na kanaryjskiej Fuerteventurze zosta\u0142 zamkni\u0119ty 9 lutego 2024&hellip;<\/div>                        <div class=\"cv-read-more\"><a href=https:\/\/nakanarach.pl\/index.php\/2024\/02\/16\/policja-zamknela-klub-nocny\/>Czytaj wi\u0119cej<i class=\"fas fa-arrow-right\"><\/i><\/a><\/div>                    <\/div><!-- .cv-post-right-wrap -->\r\n                <\/article>\r\n                        <article post-id=\"post-7783\" class=\"cv-post post-format--standard\" itemscope itemtype=\"http:\/\/schema.org\/articleBody\">\r\n                    <div class=\"cv-post-left-wrap\">\r\n                        <div class=\"cv-post-thumb\">\r\n                            <a href=\"https:\/\/nakanarach.pl\/index.php\/2024\/01\/20\/lot-przerwany-przez-polakow\/\"><img decoding=\"async\" src=\"https:\/\/nakanarach.pl\/wp-content\/uploads\/2022\/06\/Ryanair-Lotnisko-Gran-Canaria-scaled.jpg\" alt=\"LOT PRZERWANY PRZEZ POLAK\u00d3W\"\/><\/a>\r\n                        <\/div>\r\n                    <\/div><!-- .cv-post-left-wrap -->\r\n                    <div class=\"cv-post-right-wrap\">\r\n                                                <h2 class=\"cv-post-title\">\r\n                            <a href=\"https:\/\/nakanarach.pl\/index.php\/2024\/01\/20\/lot-przerwany-przez-polakow\/\" target=\"_self\">\r\n                                LOT PRZERWANY PRZEZ POLAK\u00d3W                            <\/a>\r\n                        <\/h2>\r\n                        <div class=\"cv-post-meta cv-meta-icon-show\">\r\n                            <span class=\"cv-post-date cv-post-meta-item\" itemprop=\"datePublished\"><a href=\"https:\/\/nakanarach.pl\/index.php\/2024\/01\/20\/lot-przerwany-przez-polakow\/\">20 stycznia 2024<\/a><\/span>                        <\/div>\r\n                        <div class=\"cv-post-content\" itemprop=\"description\">Przymusowym l\u0105dowaniem w portugalskim Faro z powodu awanturuj\u0105cych si\u0119 na pok\u0142adzie samolotu Polak\u00f3w zako\u0144czy\u0142 si\u0119&hellip;<\/div>                        <div class=\"cv-read-more\"><a href=https:\/\/nakanarach.pl\/index.php\/2024\/01\/20\/lot-przerwany-przez-polakow\/>Czytaj wi\u0119cej<i class=\"fas fa-arrow-right\"><\/i><\/a><\/div>                    <\/div><!-- .cv-post-right-wrap -->\r\n                <\/article>\r\n                        <article post-id=\"post-7777\" class=\"cv-post post-format--standard\" itemscope itemtype=\"http:\/\/schema.org\/articleBody\">\r\n                    <div class=\"cv-post-left-wrap\">\r\n                        <div class=\"cv-post-thumb\">\r\n                            <a href=\"https:\/\/nakanarach.pl\/index.php\/2024\/01\/18\/wpadli-przemytnicy-narkotykow\/\"><img decoding=\"async\" src=\"https:\/\/nakanarach.pl\/wp-content\/uploads\/2024\/01\/Przemyt-narkotykow-Gran-Canaria.jpg\" alt=\"WPADLI PRZEMYTNICY NARKOTYK\u00d3W\"\/><\/a>\r\n                        <\/div>\r\n                    <\/div><!-- .cv-post-left-wrap -->\r\n                    <div class=\"cv-post-right-wrap\">\r\n                                                <h2 class=\"cv-post-title\">\r\n                            <a href=\"https:\/\/nakanarach.pl\/index.php\/2024\/01\/18\/wpadli-przemytnicy-narkotykow\/\" target=\"_self\">\r\n                                WPADLI PRZEMYTNICY NARKOTYK\u00d3W                            <\/a>\r\n                        <\/h2>\r\n                        <div class=\"cv-post-meta cv-meta-icon-show\">\r\n                            <span class=\"cv-post-date cv-post-meta-item\" itemprop=\"datePublished\"><a href=\"https:\/\/nakanarach.pl\/index.php\/2024\/01\/18\/wpadli-przemytnicy-narkotykow\/\">18 stycznia 2024<\/a><\/span>                        <\/div>\r\n                        <div class=\"cv-post-content\" itemprop=\"description\">Ponad 1500 kilogram\u00f3w kokainy\u00a0w wodach oceanu w pobli\u017cu wybrze\u017ca Gran Canarii skonfiskowali Agenci Policji Krajowej&hellip;<\/div>                        <div class=\"cv-read-more\"><a href=https:\/\/nakanarach.pl\/index.php\/2024\/01\/18\/wpadli-przemytnicy-narkotykow\/>Czytaj wi\u0119cej<i class=\"fas fa-arrow-right\"><\/i><\/a><\/div>                    <\/div><!-- .cv-post-right-wrap -->\r\n                <\/article>\r\n                        <article post-id=\"post-7623\" class=\"cv-post post-format--standard\" itemscope itemtype=\"http:\/\/schema.org\/articleBody\">\r\n                    <div class=\"cv-post-left-wrap\">\r\n                        <div class=\"cv-post-thumb\">\r\n                            <a href=\"https:\/\/nakanarach.pl\/index.php\/2023\/11\/30\/samochod-wjechal-w-bar\/\"><img decoding=\"async\" src=\"https:\/\/nakanarach.pl\/wp-content\/uploads\/2023\/11\/Wjechal-w-bar-Teneryfa-2023.jpg\" alt=\"SAMOCH\u00d3D WJECHA\u0141 W BAR\"\/><\/a>\r\n                        <\/div>\r\n                    <\/div><!-- .cv-post-left-wrap -->\r\n                    <div class=\"cv-post-right-wrap\">\r\n                                                <h2 class=\"cv-post-title\">\r\n                            <a href=\"https:\/\/nakanarach.pl\/index.php\/2023\/11\/30\/samochod-wjechal-w-bar\/\" target=\"_self\">\r\n                                SAMOCH\u00d3D WJECHA\u0141 W BAR                            <\/a>\r\n                        <\/h2>\r\n                        <div class=\"cv-post-meta cv-meta-icon-show\">\r\n                            <span class=\"cv-post-date cv-post-meta-item\" itemprop=\"datePublished\"><a href=\"https:\/\/nakanarach.pl\/index.php\/2023\/11\/30\/samochod-wjechal-w-bar\/\">30 listopada 2023<\/a><\/span>                        <\/div>\r\n                        <div class=\"cv-post-content\" itemprop=\"description\">Samoch\u00f3d osobowy wjecha\u0142 w bar na Teneryfie. To ju\u017c drugi taki przypadek na Wyspach Kanaryjskich&hellip;<\/div>                        <div class=\"cv-read-more\"><a href=https:\/\/nakanarach.pl\/index.php\/2023\/11\/30\/samochod-wjechal-w-bar\/>Czytaj wi\u0119cej<i class=\"fas fa-arrow-right\"><\/i><\/a><\/div>                    <\/div><!-- .cv-post-right-wrap -->\r\n                <\/article>\r\n                        <article post-id=\"post-7184\" class=\"cv-post post-format--standard\" itemscope itemtype=\"http:\/\/schema.org\/articleBody\">\r\n                    <div class=\"cv-post-left-wrap\">\r\n                        <div class=\"cv-post-thumb\">\r\n                            <a href=\"https:\/\/nakanarach.pl\/index.php\/2023\/09\/12\/rozbili-gang-handlujacy-ludzmi\/\"><img decoding=\"async\" src=\"https:\/\/nakanarach.pl\/wp-content\/plugins\/wp-blog-post-layouts\/includes\/assets\/images\/image.jpg\" alt=\"ROZBILI GANG HANDLUJ\u0104CY LUD\u0179MI\"\/><\/a>\r\n                        <\/div>\r\n                    <\/div><!-- .cv-post-left-wrap -->\r\n                    <div class=\"cv-post-right-wrap\">\r\n                                                <h2 class=\"cv-post-title\">\r\n                            <a href=\"https:\/\/nakanarach.pl\/index.php\/2023\/09\/12\/rozbili-gang-handlujacy-ludzmi\/\" target=\"_self\">\r\n                                ROZBILI GANG HANDLUJ\u0104CY LUD\u0179MI                            <\/a>\r\n                        <\/h2>\r\n                        <div class=\"cv-post-meta cv-meta-icon-show\">\r\n                            <span class=\"cv-post-date cv-post-meta-item\" itemprop=\"datePublished\"><a href=\"https:\/\/nakanarach.pl\/index.php\/2023\/09\/12\/rozbili-gang-handlujacy-ludzmi\/\">12 wrze\u015bnia 2023<\/a><\/span>                        <\/div>\r\n                        <div class=\"cv-post-content\" itemprop=\"description\">Agenci Policji Krajowej rozbili grup\u0119 przest\u0119pcz\u0105, kt\u00f3ra\u00a0regularnie wysy\u0142a\u0142a imigrant\u00f3w z Afryki na Gran Canari\u0119 z&hellip;<\/div>                        <div class=\"cv-read-more\"><a href=https:\/\/nakanarach.pl\/index.php\/2023\/09\/12\/rozbili-gang-handlujacy-ludzmi\/>Czytaj wi\u0119cej<i class=\"fas fa-arrow-right\"><\/i><\/a><\/div>                    <\/div><!-- .cv-post-right-wrap -->\r\n                <\/article>\r\n                        <article post-id=\"post-7151\" class=\"cv-post post-format--standard\" itemscope itemtype=\"http:\/\/schema.org\/articleBody\">\r\n                    <div class=\"cv-post-left-wrap\">\r\n                        <div class=\"cv-post-thumb\">\r\n                            <a href=\"https:\/\/nakanarach.pl\/index.php\/2023\/09\/01\/turysta-wjechal-w-taras-kawiarni\/\"><img decoding=\"async\" src=\"https:\/\/nakanarach.pl\/wp-content\/uploads\/2023\/09\/Wjechal-w-taras-Fuerteventura-Policia-Local-La-Oliva.png\" alt=\"TURYSTA WJECHA\u0141 W TARAS KAWIARNI\"\/><\/a>\r\n                        <\/div>\r\n                    <\/div><!-- .cv-post-left-wrap -->\r\n                    <div class=\"cv-post-right-wrap\">\r\n                                                <h2 class=\"cv-post-title\">\r\n                            <a href=\"https:\/\/nakanarach.pl\/index.php\/2023\/09\/01\/turysta-wjechal-w-taras-kawiarni\/\" target=\"_self\">\r\n                                TURYSTA WJECHA\u0141 W TARAS KAWIARNI                            <\/a>\r\n                        <\/h2>\r\n                        <div class=\"cv-post-meta cv-meta-icon-show\">\r\n                            <span class=\"cv-post-date cv-post-meta-item\" itemprop=\"datePublished\"><a href=\"https:\/\/nakanarach.pl\/index.php\/2023\/09\/01\/turysta-wjechal-w-taras-kawiarni\/\">1 wrze\u015bnia 2023<\/a><\/span>                        <\/div>\r\n                        <div class=\"cv-post-content\" itemprop=\"description\">8 os\u00f3b zosta\u0142o rannych, w tym najci\u0119\u017cej 4-miesi\u0119czne dziecko, gdy angielski turysta prowadz\u0105c wynaj\u0119ty pojazd&hellip;<\/div>                        <div class=\"cv-read-more\"><a href=https:\/\/nakanarach.pl\/index.php\/2023\/09\/01\/turysta-wjechal-w-taras-kawiarni\/>Czytaj wi\u0119cej<i class=\"fas fa-arrow-right\"><\/i><\/a><\/div>                    <\/div><!-- .cv-post-right-wrap -->\r\n                <\/article>\r\n                        <article post-id=\"post-7091\" class=\"cv-post post-format--standard\" itemscope itemtype=\"http:\/\/schema.org\/articleBody\">\r\n                    <div class=\"cv-post-left-wrap\">\r\n                        <div class=\"cv-post-thumb\">\r\n                            <a href=\"https:\/\/nakanarach.pl\/index.php\/2023\/08\/28\/przemyt-kokainy-na-polskim-jachcie\/\"><img decoding=\"async\" src=\"https:\/\/nakanarach.pl\/wp-content\/uploads\/2023\/08\/Kokaina-na-polskim-jachcie.png\" alt=\"PRZEMYT KOKAINY NA POLSKIM JACHCIE\"\/><\/a>\r\n                        <\/div>\r\n                    <\/div><!-- .cv-post-left-wrap -->\r\n                    <div class=\"cv-post-right-wrap\">\r\n                                                <h2 class=\"cv-post-title\">\r\n                            <a href=\"https:\/\/nakanarach.pl\/index.php\/2023\/08\/28\/przemyt-kokainy-na-polskim-jachcie\/\" target=\"_self\">\r\n                                PRZEMYT KOKAINY NA POLSKIM JACHCIE                            <\/a>\r\n                        <\/h2>\r\n                        <div class=\"cv-post-meta cv-meta-icon-show\">\r\n                            <span class=\"cv-post-date cv-post-meta-item\" itemprop=\"datePublished\"><a href=\"https:\/\/nakanarach.pl\/index.php\/2023\/08\/28\/przemyt-kokainy-na-polskim-jachcie\/\">28 sierpnia 2023<\/a><\/span>                        <\/div>\r\n                        <div class=\"cv-post-content\" itemprop=\"description\">Hiszpa\u0144ska Gwardia Cywilna zatrzyma\u0142a w okolicach Wysp Kanaryjskich jacht, na pok\u0142adzie kt\u00f3rego przewo\u017cono 700 kg&hellip;<\/div>                        <div class=\"cv-read-more\"><a href=https:\/\/nakanarach.pl\/index.php\/2023\/08\/28\/przemyt-kokainy-na-polskim-jachcie\/>Czytaj wi\u0119cej<i class=\"fas fa-arrow-right\"><\/i><\/a><\/div>                    <\/div><!-- .cv-post-right-wrap -->\r\n                <\/article>\r\n                        <article post-id=\"post-7093\" class=\"cv-post post-format--standard\" itemscope itemtype=\"http:\/\/schema.org\/articleBody\">\r\n                    <div class=\"cv-post-left-wrap\">\r\n                        <div class=\"cv-post-thumb\">\r\n                            <a href=\"https:\/\/nakanarach.pl\/index.php\/2023\/08\/23\/rzucil-kamieniem-w-smiglowiec-gasniczy\/\"><img decoding=\"async\" src=\"https:\/\/nakanarach.pl\/wp-content\/uploads\/2023\/08\/Teneryfa-uszkodzil-smiglowiec-gasnicy.jpg\" alt=\"RZUCI\u0141 KAMIENIEM W \u015aMIG\u0141OWIEC GA\u015aNICZY\"\/><\/a>\r\n                        <\/div>\r\n                    <\/div><!-- .cv-post-left-wrap -->\r\n                    <div class=\"cv-post-right-wrap\">\r\n                                                <h2 class=\"cv-post-title\">\r\n                            <a href=\"https:\/\/nakanarach.pl\/index.php\/2023\/08\/23\/rzucil-kamieniem-w-smiglowiec-gasniczy\/\" target=\"_self\">\r\n                                RZUCI\u0141 KAMIENIEM W \u015aMIG\u0141OWIEC GA\u015aNICZY                            <\/a>\r\n                        <\/h2>\r\n                        <div class=\"cv-post-meta cv-meta-icon-show\">\r\n                            <span class=\"cv-post-date cv-post-meta-item\" itemprop=\"datePublished\"><a href=\"https:\/\/nakanarach.pl\/index.php\/2023\/08\/23\/rzucil-kamieniem-w-smiglowiec-gasniczy\/\">23 sierpnia 2023<\/a><\/span>                        <\/div>\r\n                        <div class=\"cv-post-content\" itemprop=\"description\">Niebezpieczny indcydent z udzia\u0142em \u015bmig\u0142owca ga\u015bniczego na Teneryfie. M\u0119\u017cczyzna rzuci\u0142 kamieniem w maszyn\u0119 i j\u0105&hellip;<\/div>                        <div class=\"cv-read-more\"><a href=https:\/\/nakanarach.pl\/index.php\/2023\/08\/23\/rzucil-kamieniem-w-smiglowiec-gasniczy\/>Czytaj wi\u0119cej<i class=\"fas fa-arrow-right\"><\/i><\/a><\/div>                    <\/div><!-- .cv-post-right-wrap -->\r\n                <\/article>\r\n                        <article post-id=\"post-7047\" class=\"cv-post post-format--standard\" itemscope itemtype=\"http:\/\/schema.org\/articleBody\">\r\n                    <div class=\"cv-post-left-wrap\">\r\n                        <div class=\"cv-post-thumb\">\r\n                            <a href=\"https:\/\/nakanarach.pl\/index.php\/2023\/08\/18\/krytyczny-pozar-lasu-na-teneryfie\/\"><img decoding=\"async\" src=\"https:\/\/nakanarach.pl\/wp-content\/uploads\/2023\/08\/Pozar-lasu-Teneryfa-1-FB-Bomberos-de-Tenerife.jpg\" alt=\"KRYTYCZNY PO\u017bAR LASU NA TENERYFIE (AKTUALIZACJA)\"\/><\/a>\r\n                        <\/div>\r\n                    <\/div><!-- .cv-post-left-wrap -->\r\n                    <div class=\"cv-post-right-wrap\">\r\n                                                <h2 class=\"cv-post-title\">\r\n                            <a href=\"https:\/\/nakanarach.pl\/index.php\/2023\/08\/18\/krytyczny-pozar-lasu-na-teneryfie\/\" target=\"_self\">\r\n                                KRYTYCZNY PO\u017bAR LASU NA TENERYFIE (AKTUALIZACJA)                            <\/a>\r\n                        <\/h2>\r\n                        <div class=\"cv-post-meta cv-meta-icon-show\">\r\n                            <span class=\"cv-post-date cv-post-meta-item\" itemprop=\"datePublished\"><a href=\"https:\/\/nakanarach.pl\/index.php\/2023\/08\/18\/krytyczny-pozar-lasu-na-teneryfie\/\">18 sierpnia 2023<\/a><\/span>                        <\/div>\r\n                        <div class=\"cv-post-content\" itemprop=\"description\">15 sierpnia, kr\u00f3tko przed p\u00f3\u0142noc\u0105 wybuch\u0142 powa\u017cy po\u017car lasu na Teneryfie. Ze wzgl\u0119du na jego&hellip;<\/div>                        <div class=\"cv-read-more\"><a href=https:\/\/nakanarach.pl\/index.php\/2023\/08\/18\/krytyczny-pozar-lasu-na-teneryfie\/>Czytaj wi\u0119cej<i class=\"fas fa-arrow-right\"><\/i><\/a><\/div>                    <\/div><!-- .cv-post-right-wrap -->\r\n                <\/article>\r\n                        <article post-id=\"post-7017\" class=\"cv-post post-format--standard\" itemscope itemtype=\"http:\/\/schema.org\/articleBody\">\r\n                    <div class=\"cv-post-left-wrap\">\r\n                        <div class=\"cv-post-thumb\">\r\n                            <a href=\"https:\/\/nakanarach.pl\/index.php\/2023\/08\/16\/smierc-w-upale-i-pozar-lasu-na-teneryfie\/\"><img decoding=\"async\" src=\"https:\/\/nakanarach.pl\/wp-content\/uploads\/2023\/08\/Pozar-lasu-Teneryfa-Sierpien-2023-FB-Bomberos-de-tenerife.jpg\" alt=\"\u015aMIER\u0106 W UPALE I PO\u017bAR LASU NA TENERYFIE\"\/><\/a>\r\n                        <\/div>\r\n                    <\/div><!-- .cv-post-left-wrap -->\r\n                    <div class=\"cv-post-right-wrap\">\r\n                                                <h2 class=\"cv-post-title\">\r\n                            <a href=\"https:\/\/nakanarach.pl\/index.php\/2023\/08\/16\/smierc-w-upale-i-pozar-lasu-na-teneryfie\/\" target=\"_self\">\r\n                                \u015aMIER\u0106 W UPALE I PO\u017bAR LASU NA TENERYFIE                            <\/a>\r\n                        <\/h2>\r\n                        <div class=\"cv-post-meta cv-meta-icon-show\">\r\n                            <span class=\"cv-post-date cv-post-meta-item\" itemprop=\"datePublished\"><a href=\"https:\/\/nakanarach.pl\/index.php\/2023\/08\/16\/smierc-w-upale-i-pozar-lasu-na-teneryfie\/\">16 sierpnia 2023<\/a><\/span>                        <\/div>\r\n                        <div class=\"cv-post-content\" itemprop=\"description\">Trzy \u015bmiertelne ofiary upa\u0142\u00f3w na Wyspach Kanaryjskich. W sierpniu 2023 roku zanotowano na archipelagu niespotykane&hellip;<\/div>                        <div class=\"cv-read-more\"><a href=https:\/\/nakanarach.pl\/index.php\/2023\/08\/16\/smierc-w-upale-i-pozar-lasu-na-teneryfie\/>Czytaj wi\u0119cej<i class=\"fas fa-arrow-right\"><\/i><\/a><\/div>                    <\/div><!-- .cv-post-right-wrap -->\r\n                <\/article>\r\n                        <article post-id=\"post-6983\" class=\"cv-post post-format--standard\" itemscope itemtype=\"http:\/\/schema.org\/articleBody\">\r\n                    <div class=\"cv-post-left-wrap\">\r\n                        <div class=\"cv-post-thumb\">\r\n                            <a href=\"https:\/\/nakanarach.pl\/index.php\/2023\/08\/07\/pracownik-okradal-turystow-w-hotelu\/\"><img decoding=\"async\" src=\"https:\/\/nakanarach.pl\/wp-content\/uploads\/2021\/08\/Guardia-Civil-Twitter.png\" alt=\"PRACOWNIK OKRADA\u0141 TURYST\u00d3W W HOTELU\"\/><\/a>\r\n                        <\/div>\r\n                    <\/div><!-- .cv-post-left-wrap -->\r\n                    <div class=\"cv-post-right-wrap\">\r\n                                                <h2 class=\"cv-post-title\">\r\n                            <a href=\"https:\/\/nakanarach.pl\/index.php\/2023\/08\/07\/pracownik-okradal-turystow-w-hotelu\/\" target=\"_self\">\r\n                                PRACOWNIK OKRADA\u0141 TURYST\u00d3W W HOTELU                            <\/a>\r\n                        <\/h2>\r\n                        <div class=\"cv-post-meta cv-meta-icon-show\">\r\n                            <span class=\"cv-post-date cv-post-meta-item\" itemprop=\"datePublished\"><a href=\"https:\/\/nakanarach.pl\/index.php\/2023\/08\/07\/pracownik-okradal-turystow-w-hotelu\/\">7 sierpnia 2023<\/a><\/span>                        <\/div>\r\n                        <div class=\"cv-post-content\" itemprop=\"description\">Guardia Civil zatrzyma\u0142a 22-letniego m\u0119\u017cczyzn\u0119, kt\u00f3ry jest podejrzany o kradzie\u017c 2820 euro z dziewi\u0119ciu pokoi&hellip;<\/div>                        <div class=\"cv-read-more\"><a href=https:\/\/nakanarach.pl\/index.php\/2023\/08\/07\/pracownik-okradal-turystow-w-hotelu\/>Czytaj wi\u0119cej<i class=\"fas fa-arrow-right\"><\/i><\/a><\/div>                    <\/div><!-- .cv-post-right-wrap -->\r\n                <\/article>\r\n                        <article post-id=\"post-6661\" class=\"cv-post post-format--standard\" itemscope itemtype=\"http:\/\/schema.org\/articleBody\">\r\n                    <div class=\"cv-post-left-wrap\">\r\n                        <div class=\"cv-post-thumb\">\r\n                            <a href=\"https:\/\/nakanarach.pl\/index.php\/2023\/05\/17\/pozar-w-parku-narodowym-teide\/\"><img decoding=\"async\" src=\"https:\/\/nakanarach.pl\/wp-content\/uploads\/2021\/05\/Pozar-lasu-Teneryfa.jpg\" alt=\"PO\u017bAR W PARKU NARODOWYM TEIDE\"\/><\/a>\r\n                        <\/div>\r\n                    <\/div><!-- .cv-post-left-wrap -->\r\n                    <div class=\"cv-post-right-wrap\">\r\n                                                <h2 class=\"cv-post-title\">\r\n                            <a href=\"https:\/\/nakanarach.pl\/index.php\/2023\/05\/17\/pozar-w-parku-narodowym-teide\/\" target=\"_self\">\r\n                                PO\u017bAR W PARKU NARODOWYM TEIDE                            <\/a>\r\n                        <\/h2>\r\n                        <div class=\"cv-post-meta cv-meta-icon-show\">\r\n                            <span class=\"cv-post-date cv-post-meta-item\" itemprop=\"datePublished\"><a href=\"https:\/\/nakanarach.pl\/index.php\/2023\/05\/17\/pozar-w-parku-narodowym-teide\/\">17 maja 2023<\/a><\/span>                        <\/div>\r\n                        <div class=\"cv-post-content\" itemprop=\"description\">Kolejny po\u017car w Parku Narodowym Teide zosta\u0142 szybko i skutecznie ugaszony, co potwierdzi\u0142 prezydent Teneryfy,&hellip;<\/div>                        <div class=\"cv-read-more\"><a href=https:\/\/nakanarach.pl\/index.php\/2023\/05\/17\/pozar-w-parku-narodowym-teide\/>Czytaj wi\u0119cej<i class=\"fas fa-arrow-right\"><\/i><\/a><\/div>                    <\/div><!-- .cv-post-right-wrap -->\r\n                <\/article>\r\n                        <article post-id=\"post-6616\" class=\"cv-post post-format--standard\" itemscope itemtype=\"http:\/\/schema.org\/articleBody\">\r\n                    <div class=\"cv-post-left-wrap\">\r\n                        <div class=\"cv-post-thumb\">\r\n                            <a href=\"https:\/\/nakanarach.pl\/index.php\/2023\/04\/29\/falszywi-straznicy-okradali-turystow\/\"><img decoding=\"async\" src=\"https:\/\/nakanarach.pl\/wp-content\/uploads\/2021\/06\/Policia-Nacional.jpg\" alt=\"FA\u0141SZYWI STRA\u017bNICY OKRADALI TURYST\u00d3W\"\/><\/a>\r\n                        <\/div>\r\n                    <\/div><!-- .cv-post-left-wrap -->\r\n                    <div class=\"cv-post-right-wrap\">\r\n                                                <h2 class=\"cv-post-title\">\r\n                            <a href=\"https:\/\/nakanarach.pl\/index.php\/2023\/04\/29\/falszywi-straznicy-okradali-turystow\/\" target=\"_self\">\r\n                                FA\u0141SZYWI STRA\u017bNICY OKRADALI TURYST\u00d3W                            <\/a>\r\n                        <\/h2>\r\n                        <div class=\"cv-post-meta cv-meta-icon-show\">\r\n                            <span class=\"cv-post-date cv-post-meta-item\" itemprop=\"datePublished\"><a href=\"https:\/\/nakanarach.pl\/index.php\/2023\/04\/29\/falszywi-straznicy-okradali-turystow\/\">29 kwietnia 2023<\/a><\/span>                        <\/div>\r\n                        <div class=\"cv-post-content\" itemprop=\"description\">Dw\u00f3ch m\u0119\u017cczyzn w wieku 21 i 46 lat zosta\u0142o aresztowanych w San Bartolom\u00e9 de Tirajana&hellip;<\/div>                        <div class=\"cv-read-more\"><a href=https:\/\/nakanarach.pl\/index.php\/2023\/04\/29\/falszywi-straznicy-okradali-turystow\/>Czytaj wi\u0119cej<i class=\"fas fa-arrow-right\"><\/i><\/a><\/div>                    <\/div><!-- .cv-post-right-wrap -->\r\n                <\/article>\r\n                        <article post-id=\"post-6149\" class=\"cv-post post-format--standard\" itemscope itemtype=\"http:\/\/schema.org\/articleBody\">\r\n                    <div class=\"cv-post-left-wrap\">\r\n                        <div class=\"cv-post-thumb\">\r\n                            <a href=\"https:\/\/nakanarach.pl\/index.php\/2022\/12\/12\/wysokie-fale-i-ranni-w-oceanie\/\"><img decoding=\"async\" src=\"https:\/\/nakanarach.pl\/wp-content\/uploads\/2022\/12\/Wysokie-fale.jpg\" alt=\"WYSOKIE FALE I RANNI W OCEANIE (VIDEO)\"\/><\/a>\r\n                        <\/div>\r\n                    <\/div><!-- .cv-post-left-wrap -->\r\n                    <div class=\"cv-post-right-wrap\">\r\n                                                <h2 class=\"cv-post-title\">\r\n                            <a href=\"https:\/\/nakanarach.pl\/index.php\/2022\/12\/12\/wysokie-fale-i-ranni-w-oceanie\/\" target=\"_self\">\r\n                                WYSOKIE FALE I RANNI W OCEANIE (VIDEO)                            <\/a>\r\n                        <\/h2>\r\n                        <div class=\"cv-post-meta cv-meta-icon-show\">\r\n                            <span class=\"cv-post-date cv-post-meta-item\" itemprop=\"datePublished\"><a href=\"https:\/\/nakanarach.pl\/index.php\/2022\/12\/12\/wysokie-fale-i-ranni-w-oceanie\/\">12 grudnia 2022<\/a><\/span>                        <\/div>\r\n                        <div class=\"cv-post-content\" itemprop=\"description\">Wysokie fale i zakaz k\u0105pieli w oceanie obowi\u0105zywa\u0142 11 grudnia 2022 roku na niekt\u00f3rych pla\u017cach&hellip;<\/div>                        <div class=\"cv-read-more\"><a href=https:\/\/nakanarach.pl\/index.php\/2022\/12\/12\/wysokie-fale-i-ranni-w-oceanie\/>Czytaj wi\u0119cej<i class=\"fas fa-arrow-right\"><\/i><\/a><\/div>                    <\/div><!-- .cv-post-right-wrap -->\r\n                <\/article>\r\n                        <article post-id=\"post-6093\" class=\"cv-post post-format--standard\" itemscope itemtype=\"http:\/\/schema.org\/articleBody\">\r\n                    <div class=\"cv-post-left-wrap\">\r\n                        <div class=\"cv-post-thumb\">\r\n                            <a href=\"https:\/\/nakanarach.pl\/index.php\/2022\/11\/30\/gigantyczna-fala-porwala-turystow\/\"><img decoding=\"async\" src=\"https:\/\/nakanarach.pl\/wp-content\/uploads\/2022\/11\/Los-Gigantes-FB-Piscina-Natural.jpg\" alt=\"GIGANTYCZNA FALA PORWA\u0141A TURYST\u00d3W\"\/><\/a>\r\n                        <\/div>\r\n                    <\/div><!-- .cv-post-left-wrap -->\r\n                    <div class=\"cv-post-right-wrap\">\r\n                                                <h2 class=\"cv-post-title\">\r\n                            <a href=\"https:\/\/nakanarach.pl\/index.php\/2022\/11\/30\/gigantyczna-fala-porwala-turystow\/\" target=\"_self\">\r\n                                GIGANTYCZNA FALA PORWA\u0141A TURYST\u00d3W                            <\/a>\r\n                        <\/h2>\r\n                        <div class=\"cv-post-meta cv-meta-icon-show\">\r\n                            <span class=\"cv-post-date cv-post-meta-item\" itemprop=\"datePublished\"><a href=\"https:\/\/nakanarach.pl\/index.php\/2022\/11\/30\/gigantyczna-fala-porwala-turystow\/\">30 listopada 2022<\/a><\/span>                        <\/div>\r\n                        <div class=\"cv-post-content\" itemprop=\"description\">Powa\u017cny wypadek podczas k\u0105pieli w oceanie na Wyspach Kanaryjskich. 7 os\u00f3b zosta\u0142o rannych. Pod koniec&hellip;<\/div>                        <div class=\"cv-read-more\"><a href=https:\/\/nakanarach.pl\/index.php\/2022\/11\/30\/gigantyczna-fala-porwala-turystow\/>Czytaj wi\u0119cej<i class=\"fas fa-arrow-right\"><\/i><\/a><\/div>                    <\/div><!-- .cv-post-right-wrap -->\r\n                <\/article>\r\n                        <article post-id=\"post-258\" class=\"cv-post post-format--standard\" itemscope itemtype=\"http:\/\/schema.org\/articleBody\">\r\n                    <div class=\"cv-post-left-wrap\">\r\n                        <div class=\"cv-post-thumb\">\r\n                            <a href=\"https:\/\/nakanarach.pl\/index.php\/2022\/11\/09\/niespotykana-plaga-komarow\/\"><img decoding=\"async\" src=\"https:\/\/nakanarach.pl\/wp-content\/uploads\/2021\/03\/Opryski-komary.jpg\" alt=\"PLAGA KOMAR\u00d3W\"\/><\/a>\r\n                        <\/div>\r\n                    <\/div><!-- .cv-post-left-wrap -->\r\n                    <div class=\"cv-post-right-wrap\">\r\n                                                <h2 class=\"cv-post-title\">\r\n                            <a href=\"https:\/\/nakanarach.pl\/index.php\/2022\/11\/09\/niespotykana-plaga-komarow\/\" target=\"_self\">\r\n                                PLAGA KOMAR\u00d3W                            <\/a>\r\n                        <\/h2>\r\n                        <div class=\"cv-post-meta cv-meta-icon-show\">\r\n                            <span class=\"cv-post-date cv-post-meta-item\" itemprop=\"datePublished\"><a href=\"https:\/\/nakanarach.pl\/index.php\/2022\/11\/09\/niespotykana-plaga-komarow\/\">9 listopada 2022<\/a><\/span>                        <\/div>\r\n                        <div class=\"cv-post-content\" itemprop=\"description\">Po ulewnych opadach deszczu jesieni\u0105 2022 r. ponownie pojawi\u0142a si\u0119 plaga komar\u00f3w na Wyspach Kanaryjskich.&hellip;<\/div>                        <div class=\"cv-read-more\"><a href=https:\/\/nakanarach.pl\/index.php\/2022\/11\/09\/niespotykana-plaga-komarow\/>Czytaj wi\u0119cej<i class=\"fas fa-arrow-right\"><\/i><\/a><\/div>                    <\/div><!-- .cv-post-right-wrap -->\r\n                <\/article>\r\n                        <article post-id=\"post-5793\" class=\"cv-post post-format--standard\" itemscope itemtype=\"http:\/\/schema.org\/articleBody\">\r\n                    <div class=\"cv-post-left-wrap\">\r\n                        <div class=\"cv-post-thumb\">\r\n                            <a href=\"https:\/\/nakanarach.pl\/index.php\/2022\/10\/20\/ewakuacja-w-wesolym-miasteczku\/\"><img decoding=\"async\" src=\"https:\/\/nakanarach.pl\/wp-content\/uploads\/2022\/10\/Strazacy-Gran-Canaria.jpg\" alt=\"EWAKUACJA W WESO\u0141YM MIASTECZKU\"\/><\/a>\r\n                        <\/div>\r\n                    <\/div><!-- .cv-post-left-wrap -->\r\n                    <div class=\"cv-post-right-wrap\">\r\n                                                <h2 class=\"cv-post-title\">\r\n                            <a href=\"https:\/\/nakanarach.pl\/index.php\/2022\/10\/20\/ewakuacja-w-wesolym-miasteczku\/\" target=\"_self\">\r\n                                EWAKUACJA W WESO\u0141YM MIASTECZKU                            <\/a>\r\n                        <\/h2>\r\n                        <div class=\"cv-post-meta cv-meta-icon-show\">\r\n                            <span class=\"cv-post-date cv-post-meta-item\" itemprop=\"datePublished\"><a href=\"https:\/\/nakanarach.pl\/index.php\/2022\/10\/20\/ewakuacja-w-wesolym-miasteczku\/\">20 pa\u017adziernika 2022<\/a><\/span>                        <\/div>\r\n                        <div class=\"cv-post-content\" itemprop=\"description\">Sze\u015b\u0107 os\u00f3b ewakuowano po zerwaniu kabla w weso\u0142ym miasteczku w Vecindario na Gran Canarii. Stra\u017cacy&hellip;<\/div>                        <div class=\"cv-read-more\"><a href=https:\/\/nakanarach.pl\/index.php\/2022\/10\/20\/ewakuacja-w-wesolym-miasteczku\/>Czytaj wi\u0119cej<i class=\"fas fa-arrow-right\"><\/i><\/a><\/div>                    <\/div><!-- .cv-post-right-wrap -->\r\n                <\/article>\r\n                        <article post-id=\"post-5800\" class=\"cv-post post-format--standard\" itemscope itemtype=\"http:\/\/schema.org\/articleBody\">\r\n                    <div class=\"cv-post-left-wrap\">\r\n                        <div class=\"cv-post-thumb\">\r\n                            <a href=\"https:\/\/nakanarach.pl\/index.php\/2022\/10\/04\/zamieszki-na-dyskotece-video\/\"><img decoding=\"async\" src=\"https:\/\/nakanarach.pl\/wp-content\/uploads\/2021\/07\/Policia-Nacional-Noc-Teneryfa.jpg\" alt=\"ZAMIESZKI NA DYSKOTECE (VIDEO)\"\/><\/a>\r\n                        <\/div>\r\n                    <\/div><!-- .cv-post-left-wrap -->\r\n                    <div class=\"cv-post-right-wrap\">\r\n                                                <h2 class=\"cv-post-title\">\r\n                            <a href=\"https:\/\/nakanarach.pl\/index.php\/2022\/10\/04\/zamieszki-na-dyskotece-video\/\" target=\"_self\">\r\n                                ZAMIESZKI NA DYSKOTECE (VIDEO)                            <\/a>\r\n                        <\/h2>\r\n                        <div class=\"cv-post-meta cv-meta-icon-show\">\r\n                            <span class=\"cv-post-date cv-post-meta-item\" itemprop=\"datePublished\"><a href=\"https:\/\/nakanarach.pl\/index.php\/2022\/10\/04\/zamieszki-na-dyskotece-video\/\">4 pa\u017adziernika 2022<\/a><\/span>                        <\/div>\r\n                        <div class=\"cv-post-content\" itemprop=\"description\">Na pocz\u0105tku pa\u017adziernika 2022 roku dosz\u0142o do powa\u017cnej b\u00f3jki na dyskotece na kanaryjskiej Teneryfie. S\u0105&hellip;<\/div>                        <div class=\"cv-read-more\"><a href=https:\/\/nakanarach.pl\/index.php\/2022\/10\/04\/zamieszki-na-dyskotece-video\/>Czytaj wi\u0119cej<i class=\"fas fa-arrow-right\"><\/i><\/a><\/div>                    <\/div><!-- .cv-post-right-wrap -->\r\n                <\/article>\r\n                        <article post-id=\"post-5604\" class=\"cv-post post-format--standard\" itemscope itemtype=\"http:\/\/schema.org\/articleBody\">\r\n                    <div class=\"cv-post-left-wrap\">\r\n                        <div class=\"cv-post-thumb\">\r\n                            <a href=\"https:\/\/nakanarach.pl\/index.php\/2022\/09\/23\/cyklon-nadciaga-na-kanary\/\"><img decoding=\"async\" src=\"https:\/\/nakanarach.pl\/wp-content\/uploads\/2022\/09\/Ulewa-Twitter-PC-Arucas.jpg\" alt=\"CYKLON W POBLI\u017bU KANAR\u00d3W (AKTUALIZACJA CODZIENNA)\"\/><\/a>\r\n                        <\/div>\r\n                    <\/div><!-- .cv-post-left-wrap -->\r\n                    <div class=\"cv-post-right-wrap\">\r\n                                                <h2 class=\"cv-post-title\">\r\n                            <a href=\"https:\/\/nakanarach.pl\/index.php\/2022\/09\/23\/cyklon-nadciaga-na-kanary\/\" target=\"_self\">\r\n                                CYKLON W POBLI\u017bU KANAR\u00d3W (AKTUALIZACJA CODZIENNA)                            <\/a>\r\n                        <\/h2>\r\n                        <div class=\"cv-post-meta cv-meta-icon-show\">\r\n                            <span class=\"cv-post-date cv-post-meta-item\" itemprop=\"datePublished\"><a href=\"https:\/\/nakanarach.pl\/index.php\/2022\/09\/23\/cyklon-nadciaga-na-kanary\/\">23 wrze\u015bnia 2022<\/a><\/span>                        <\/div>\r\n                        <div class=\"cv-post-content\" itemprop=\"description\">Z\u0142e wie\u015bci dla mieszka\u0144c\u00f3w Wysp Kanaryjskich maj\u0105 synoptycy z Pa\u0144stwowej Agencji Meteorologicznej Aemet. Pomi\u0119dzy 24&hellip;<\/div>                        <div class=\"cv-read-more\"><a href=https:\/\/nakanarach.pl\/index.php\/2022\/09\/23\/cyklon-nadciaga-na-kanary\/>Czytaj wi\u0119cej<i class=\"fas fa-arrow-right\"><\/i><\/a><\/div>                    <\/div><!-- .cv-post-right-wrap -->\r\n                <\/article>\r\n                        <article post-id=\"post-5469\" class=\"cv-post post-format--standard\" itemscope itemtype=\"http:\/\/schema.org\/articleBody\">\r\n                    <div class=\"cv-post-left-wrap\">\r\n                        <div class=\"cv-post-thumb\">\r\n                            <a href=\"https:\/\/nakanarach.pl\/index.php\/2022\/08\/11\/pozar-na-kempingu\/\"><img decoding=\"async\" src=\"https:\/\/nakanarach.pl\/wp-content\/plugins\/wp-blog-post-layouts\/includes\/assets\/images\/image.jpg\" alt=\"PO\u017bAR NA KEMPINGU\"\/><\/a>\r\n                        <\/div>\r\n                    <\/div><!-- .cv-post-left-wrap -->\r\n                    <div class=\"cv-post-right-wrap\">\r\n                                                <h2 class=\"cv-post-title\">\r\n                            <a href=\"https:\/\/nakanarach.pl\/index.php\/2022\/08\/11\/pozar-na-kempingu\/\" target=\"_self\">\r\n                                PO\u017bAR NA KEMPINGU                            <\/a>\r\n                        <\/h2>\r\n                        <div class=\"cv-post-meta cv-meta-icon-show\">\r\n                            <span class=\"cv-post-date cv-post-meta-item\" itemprop=\"datePublished\"><a href=\"https:\/\/nakanarach.pl\/index.php\/2022\/08\/11\/pozar-na-kempingu\/\">11 sierpnia 2022<\/a><\/span>                        <\/div>\r\n                        <div class=\"cv-post-content\" itemprop=\"description\">Powa\u017cny po\u017car wybuch\u0142 10 sierpnia 2022 roku na polu kempingowym na kanaryjskiej Fuerteventurze. O tym&hellip;<\/div>                        <div class=\"cv-read-more\"><a href=https:\/\/nakanarach.pl\/index.php\/2022\/08\/11\/pozar-na-kempingu\/>Czytaj wi\u0119cej<i class=\"fas fa-arrow-right\"><\/i><\/a><\/div>                    <\/div><!-- .cv-post-right-wrap -->\r\n                <\/article>\r\n                        <article post-id=\"post-5092\" class=\"cv-post post-format--standard\" itemscope itemtype=\"http:\/\/schema.org\/articleBody\">\r\n                    <div class=\"cv-post-left-wrap\">\r\n                        <div class=\"cv-post-thumb\">\r\n                            <a href=\"https:\/\/nakanarach.pl\/index.php\/2022\/06\/10\/bezmyslny-kierowca-z-rura\/\"><img decoding=\"async\" src=\"https:\/\/nakanarach.pl\/wp-content\/uploads\/2022\/06\/Kierowca.jpg\" alt=\"KIEROWCA Z RUR\u0104 HITEM INTERNETU\"\/><\/a>\r\n                        <\/div>\r\n                    <\/div><!-- .cv-post-left-wrap -->\r\n                    <div class=\"cv-post-right-wrap\">\r\n                                                <h2 class=\"cv-post-title\">\r\n                            <a href=\"https:\/\/nakanarach.pl\/index.php\/2022\/06\/10\/bezmyslny-kierowca-z-rura\/\" target=\"_self\">\r\n                                KIEROWCA Z RUR\u0104 HITEM INTERNETU                            <\/a>\r\n                        <\/h2>\r\n                        <div class=\"cv-post-meta cv-meta-icon-show\">\r\n                            <span class=\"cv-post-date cv-post-meta-item\" itemprop=\"datePublished\"><a href=\"https:\/\/nakanarach.pl\/index.php\/2022\/06\/10\/bezmyslny-kierowca-z-rura\/\">10 czerwca 2022<\/a><\/span>                        <\/div>\r\n                        <div class=\"cv-post-content\" itemprop=\"description\">Film z kierowc\u0105 niewielkiej ci\u0119\u017car\u00f3wki, kt\u00f3ra na Gran Canarii przewozi\u0142a olbrzymi\u0105 rur\u0119 sta\u0142 si\u0119 hitem&hellip;<\/div>                        <div class=\"cv-read-more\"><a href=https:\/\/nakanarach.pl\/index.php\/2022\/06\/10\/bezmyslny-kierowca-z-rura\/>Czytaj wi\u0119cej<i class=\"fas fa-arrow-right\"><\/i><\/a><\/div>                    <\/div><!-- .cv-post-right-wrap -->\r\n                <\/article>\r\n                        <article post-id=\"post-5089\" class=\"cv-post post-format--standard\" itemscope itemtype=\"http:\/\/schema.org\/articleBody\">\r\n                    <div class=\"cv-post-left-wrap\">\r\n                        <div class=\"cv-post-thumb\">\r\n                            <a href=\"https:\/\/nakanarach.pl\/index.php\/2022\/06\/08\/polacy-zatrzymani-za-przestepstwa-na-gran-canarii\/\"><img decoding=\"async\" src=\"https:\/\/nakanarach.pl\/wp-content\/uploads\/2022\/06\/Gang.jpg\" alt=\"POLACY ZATRZYMANI ZA PRZEST\u0118PSTWA NA GRAN CANARII\"\/><\/a>\r\n                        <\/div>\r\n                    <\/div><!-- .cv-post-left-wrap -->\r\n                    <div class=\"cv-post-right-wrap\">\r\n                                                <h2 class=\"cv-post-title\">\r\n                            <a href=\"https:\/\/nakanarach.pl\/index.php\/2022\/06\/08\/polacy-zatrzymani-za-przestepstwa-na-gran-canarii\/\" target=\"_self\">\r\n                                POLACY ZATRZYMANI ZA PRZEST\u0118PSTWA NA GRAN CANARII                            <\/a>\r\n                        <\/h2>\r\n                        <div class=\"cv-post-meta cv-meta-icon-show\">\r\n                            <span class=\"cv-post-date cv-post-meta-item\" itemprop=\"datePublished\"><a href=\"https:\/\/nakanarach.pl\/index.php\/2022\/06\/08\/polacy-zatrzymani-za-przestepstwa-na-gran-canarii\/\">8 czerwca 2022<\/a><\/span>                        <\/div>\r\n                        <div class=\"cv-post-content\" itemprop=\"description\">Gwardia Cywilna aresztowa\u0142a siedmiu Polak\u00f3w na Gran Canarii, kt\u00f3rym zarzuca si\u0119 wy\u0142udzenie ponad 34 milion\u00f3w&hellip;<\/div>                        <div class=\"cv-read-more\"><a href=https:\/\/nakanarach.pl\/index.php\/2022\/06\/08\/polacy-zatrzymani-za-przestepstwa-na-gran-canarii\/>Czytaj wi\u0119cej<i class=\"fas fa-arrow-right\"><\/i><\/a><\/div>                    <\/div><!-- .cv-post-right-wrap -->\r\n                <\/article>\r\n                        <article post-id=\"post-5031\" class=\"cv-post post-format--standard\" itemscope itemtype=\"http:\/\/schema.org\/articleBody\">\r\n                    <div class=\"cv-post-left-wrap\">\r\n                        <div class=\"cv-post-thumb\">\r\n                            <a href=\"https:\/\/nakanarach.pl\/index.php\/2022\/05\/25\/pozar-w-hotelu\/\"><img decoding=\"async\" src=\"https:\/\/nakanarach.pl\/wp-content\/uploads\/2022\/05\/Pozar-w-hotelu.jpg\" alt=\"PO\u017bAR W HOTELU\"\/><\/a>\r\n                        <\/div>\r\n                    <\/div><!-- .cv-post-left-wrap -->\r\n                    <div class=\"cv-post-right-wrap\">\r\n                                                <h2 class=\"cv-post-title\">\r\n                            <a href=\"https:\/\/nakanarach.pl\/index.php\/2022\/05\/25\/pozar-w-hotelu\/\" target=\"_self\">\r\n                                PO\u017bAR W HOTELU                            <\/a>\r\n                        <\/h2>\r\n                        <div class=\"cv-post-meta cv-meta-icon-show\">\r\n                            <span class=\"cv-post-date cv-post-meta-item\" itemprop=\"datePublished\"><a href=\"https:\/\/nakanarach.pl\/index.php\/2022\/05\/25\/pozar-w-hotelu\/\">25 maja 2022<\/a><\/span>                        <\/div>\r\n                        <div class=\"cv-post-content\" itemprop=\"description\">Do gro\u017anie wygl\u0105daj\u0105cego po\u017caru dosz\u0142o 25 maja 2022 roku w centrum turystycznej miejscowo\u015bci Playa del&hellip;<\/div>                        <div class=\"cv-read-more\"><a href=https:\/\/nakanarach.pl\/index.php\/2022\/05\/25\/pozar-w-hotelu\/>Czytaj wi\u0119cej<i class=\"fas fa-arrow-right\"><\/i><\/a><\/div>                    <\/div><!-- .cv-post-right-wrap -->\r\n                <\/article>\r\n                        <article post-id=\"post-4933\" class=\"cv-post post-format--standard\" itemscope itemtype=\"http:\/\/schema.org\/articleBody\">\r\n                    <div class=\"cv-post-left-wrap\">\r\n                        <div class=\"cv-post-thumb\">\r\n                            <a href=\"https:\/\/nakanarach.pl\/index.php\/2022\/05\/16\/polacy-na-rajdzie-na-gran-canarii\/\"><img decoding=\"async\" src=\"https:\/\/nakanarach.pl\/wp-content\/plugins\/wp-blog-post-layouts\/includes\/assets\/images\/image.jpg\" alt=\"WYPADEK POLAK\u00d3W NA RAJDZIE KANARYJSKIM\"\/><\/a>\r\n                        <\/div>\r\n                    <\/div><!-- .cv-post-left-wrap -->\r\n                    <div class=\"cv-post-right-wrap\">\r\n                                                <h2 class=\"cv-post-title\">\r\n                            <a href=\"https:\/\/nakanarach.pl\/index.php\/2022\/05\/16\/polacy-na-rajdzie-na-gran-canarii\/\" target=\"_self\">\r\n                                WYPADEK POLAK\u00d3W NA RAJDZIE KANARYJSKIM                            <\/a>\r\n                        <\/h2>\r\n                        <div class=\"cv-post-meta cv-meta-icon-show\">\r\n                            <span class=\"cv-post-date cv-post-meta-item\" itemprop=\"datePublished\"><a href=\"https:\/\/nakanarach.pl\/index.php\/2022\/05\/16\/polacy-na-rajdzie-na-gran-canarii\/\">16 maja 2022<\/a><\/span>                        <\/div>\r\n                        <div class=\"cv-post-content\" itemprop=\"description\">Cztery za\u0142ogi z Polski startowa\u0142y w rajdzie samochodowym, kt\u00f3ry w po\u0142owie maja br. odbywa\u0142 si\u0119&hellip;<\/div>                        <div class=\"cv-read-more\"><a href=https:\/\/nakanarach.pl\/index.php\/2022\/05\/16\/polacy-na-rajdzie-na-gran-canarii\/>Czytaj wi\u0119cej<i class=\"fas fa-arrow-right\"><\/i><\/a><\/div>                    <\/div><!-- .cv-post-right-wrap -->\r\n                <\/article>\r\n                        <article post-id=\"post-4814\" class=\"cv-post post-format--standard\" itemscope itemtype=\"http:\/\/schema.org\/articleBody\">\r\n                    <div class=\"cv-post-left-wrap\">\r\n                        <div class=\"cv-post-thumb\">\r\n                            <a href=\"https:\/\/nakanarach.pl\/index.php\/2022\/04\/25\/policja-przerwala-nielegalne-wyscigi-samochodowe\/\"><img decoding=\"async\" src=\"https:\/\/nakanarach.pl\/wp-content\/uploads\/2022\/04\/Nielegalne-wyscigi.jpg\" alt=\"POLICJA PRZERWA\u0141A NIELEGALNE WY\u015aCIGI\"\/><\/a>\r\n                        <\/div>\r\n                    <\/div><!-- .cv-post-left-wrap -->\r\n                    <div class=\"cv-post-right-wrap\">\r\n                                                <h2 class=\"cv-post-title\">\r\n                            <a href=\"https:\/\/nakanarach.pl\/index.php\/2022\/04\/25\/policja-przerwala-nielegalne-wyscigi-samochodowe\/\" target=\"_self\">\r\n                                POLICJA PRZERWA\u0141A NIELEGALNE WY\u015aCIGI                            <\/a>\r\n                        <\/h2>\r\n                        <div class=\"cv-post-meta cv-meta-icon-show\">\r\n                            <span class=\"cv-post-date cv-post-meta-item\" itemprop=\"datePublished\"><a href=\"https:\/\/nakanarach.pl\/index.php\/2022\/04\/25\/policja-przerwala-nielegalne-wyscigi-samochodowe\/\">25 kwietnia 2022<\/a><\/span>                        <\/div>\r\n                        <div class=\"cv-post-content\" itemprop=\"description\">Stra\u017c Obywatelska (Guardia Civil) i policja lokalna z miejscowo\u015bci Telde na Gran Canarii zatrzyma\u0142y 42&hellip;<\/div>                        <div class=\"cv-read-more\"><a href=https:\/\/nakanarach.pl\/index.php\/2022\/04\/25\/policja-przerwala-nielegalne-wyscigi-samochodowe\/>Czytaj wi\u0119cej<i class=\"fas fa-arrow-right\"><\/i><\/a><\/div>                    <\/div><!-- .cv-post-right-wrap -->\r\n                <\/article>\r\n                        <article post-id=\"post-4700\" class=\"cv-post post-format--standard\" itemscope itemtype=\"http:\/\/schema.org\/articleBody\">\r\n                    <div class=\"cv-post-left-wrap\">\r\n                        <div class=\"cv-post-thumb\">\r\n                            <a href=\"https:\/\/nakanarach.pl\/index.php\/2022\/04\/14\/zatrzymani-kieszonkowcy\/\"><img decoding=\"async\" src=\"https:\/\/nakanarach.pl\/wp-content\/uploads\/2021\/08\/Guardia-Civil-Twitter.png\" alt=\"ZATRZYMANI KIESZONKOWCY\"\/><\/a>\r\n                        <\/div>\r\n                    <\/div><!-- .cv-post-left-wrap -->\r\n                    <div class=\"cv-post-right-wrap\">\r\n                                                <h2 class=\"cv-post-title\">\r\n                            <a href=\"https:\/\/nakanarach.pl\/index.php\/2022\/04\/14\/zatrzymani-kieszonkowcy\/\" target=\"_self\">\r\n                                ZATRZYMANI KIESZONKOWCY                            <\/a>\r\n                        <\/h2>\r\n                        <div class=\"cv-post-meta cv-meta-icon-show\">\r\n                            <span class=\"cv-post-date cv-post-meta-item\" itemprop=\"datePublished\"><a href=\"https:\/\/nakanarach.pl\/index.php\/2022\/04\/14\/zatrzymani-kieszonkowcy\/\">14 kwietnia 2022<\/a><\/span>                        <\/div>\r\n                        <div class=\"cv-post-content\" itemprop=\"description\">Kieszonkowc\u00f3w okradaj\u0105cych turyst\u00f3w metod\u0105 rozmiany monet 2 euro zatrzymali na Teneryfie funkcjonariusze Gwardii Cywilnej. Policja&hellip;<\/div>                        <div class=\"cv-read-more\"><a href=https:\/\/nakanarach.pl\/index.php\/2022\/04\/14\/zatrzymani-kieszonkowcy\/>Czytaj wi\u0119cej<i class=\"fas fa-arrow-right\"><\/i><\/a><\/div>                    <\/div><!-- .cv-post-right-wrap -->\r\n                <\/article>\r\n                        <article post-id=\"post-4691\" class=\"cv-post post-format--standard\" itemscope itemtype=\"http:\/\/schema.org\/articleBody\">\r\n                    <div class=\"cv-post-left-wrap\">\r\n                        <div class=\"cv-post-thumb\">\r\n                            <a href=\"https:\/\/nakanarach.pl\/index.php\/2022\/04\/12\/wiezienie-za-spacer-po-wydmach\/\"><img decoding=\"async\" src=\"https:\/\/nakanarach.pl\/wp-content\/uploads\/2022\/04\/Wydmy-Maspalomas-Widok-Ogolny-scaled.jpg\" alt=\"WI\u0118ZIENIE ZA SPACER PO WYDMACH?\"\/><\/a>\r\n                        <\/div>\r\n                    <\/div><!-- .cv-post-left-wrap -->\r\n                    <div class=\"cv-post-right-wrap\">\r\n                                                <h2 class=\"cv-post-title\">\r\n                            <a href=\"https:\/\/nakanarach.pl\/index.php\/2022\/04\/12\/wiezienie-za-spacer-po-wydmach\/\" target=\"_self\">\r\n                                WI\u0118ZIENIE ZA SPACER PO WYDMACH?                            <\/a>\r\n                        <\/h2>\r\n                        <div class=\"cv-post-meta cv-meta-icon-show\">\r\n                            <span class=\"cv-post-date cv-post-meta-item\" itemprop=\"datePublished\"><a href=\"https:\/\/nakanarach.pl\/index.php\/2022\/04\/12\/wiezienie-za-spacer-po-wydmach\/\">12 kwietnia 2022<\/a><\/span>                        <\/div>\r\n                        <div class=\"cv-post-content\" itemprop=\"description\">Obywatel Niemiec zosta\u0142 skazany&nbsp;przez s\u0119dziego S\u0105du w San Bartolom\u00e9 de Tirajana&nbsp;na kar\u0119 4 miesi\u0119cy wi\u0119zienia&hellip;<\/div>                        <div class=\"cv-read-more\"><a href=https:\/\/nakanarach.pl\/index.php\/2022\/04\/12\/wiezienie-za-spacer-po-wydmach\/>Czytaj wi\u0119cej<i class=\"fas fa-arrow-right\"><\/i><\/a><\/div>                    <\/div><!-- .cv-post-right-wrap -->\r\n                <\/article>\r\n                        <article post-id=\"post-4313\" class=\"cv-post post-format--standard\" itemscope itemtype=\"http:\/\/schema.org\/articleBody\">\r\n                    <div class=\"cv-post-left-wrap\">\r\n                        <div class=\"cv-post-thumb\">\r\n                            <a href=\"https:\/\/nakanarach.pl\/index.php\/2022\/03\/14\/wiatr-burze-snieg-i-wysokie-fale\/\"><img decoding=\"async\" src=\"https:\/\/nakanarach.pl\/wp-content\/uploads\/2022\/03\/Wichura-Sciana-na-autobusie-Ayuntemiento-Las-Palmas-de-Gran-Canaria.jpg\" alt=\"WIATR, BURZE, \u015aNIEG I WYSOKIE FALE (AKTUALIZACJA)\"\/><\/a>\r\n                        <\/div>\r\n                    <\/div><!-- .cv-post-left-wrap -->\r\n                    <div class=\"cv-post-right-wrap\">\r\n                                                <h2 class=\"cv-post-title\">\r\n                            <a href=\"https:\/\/nakanarach.pl\/index.php\/2022\/03\/14\/wiatr-burze-snieg-i-wysokie-fale\/\" target=\"_self\">\r\n                                WIATR, BURZE, \u015aNIEG I WYSOKIE FALE (AKTUALIZACJA)                            <\/a>\r\n                        <\/h2>\r\n                        <div class=\"cv-post-meta cv-meta-icon-show\">\r\n                            <span class=\"cv-post-date cv-post-meta-item\" itemprop=\"datePublished\"><a href=\"https:\/\/nakanarach.pl\/index.php\/2022\/03\/14\/wiatr-burze-snieg-i-wysokie-fale\/\">14 marca 2022<\/a><\/span>                        <\/div>\r\n                        <div class=\"cv-post-content\" itemprop=\"description\">Front burzowy nazywany jako Celia, kt\u00f3ry od 14 marca pojawi\u0142 si\u0119 na P\u00f3\u0142wyspie Iberyjskim b\u0119dzie&hellip;<\/div>                        <div class=\"cv-read-more\"><a href=https:\/\/nakanarach.pl\/index.php\/2022\/03\/14\/wiatr-burze-snieg-i-wysokie-fale\/>Czytaj wi\u0119cej<i class=\"fas fa-arrow-right\"><\/i><\/a><\/div>                    <\/div><!-- .cv-post-right-wrap -->\r\n                <\/article>\r\n                        <article post-id=\"post-4269\" class=\"cv-post post-format--standard\" itemscope itemtype=\"http:\/\/schema.org\/articleBody\">\r\n                    <div class=\"cv-post-left-wrap\">\r\n                        <div class=\"cv-post-thumb\">\r\n                            <a href=\"https:\/\/nakanarach.pl\/index.php\/2022\/03\/09\/przemycali-ptaki-w-bagazu\/\"><img decoding=\"async\" src=\"https:\/\/nakanarach.pl\/wp-content\/uploads\/2022\/03\/Przemyt-ptakow.jpeg\" alt=\"PRZEMYCA\u0141 PTAKI W BAGA\u017bU\"\/><\/a>\r\n                        <\/div>\r\n                    <\/div><!-- .cv-post-left-wrap -->\r\n                    <div class=\"cv-post-right-wrap\">\r\n                                                <h2 class=\"cv-post-title\">\r\n                            <a href=\"https:\/\/nakanarach.pl\/index.php\/2022\/03\/09\/przemycali-ptaki-w-bagazu\/\" target=\"_self\">\r\n                                PRZEMYCA\u0141 PTAKI W BAGA\u017bU                            <\/a>\r\n                        <\/h2>\r\n                        <div class=\"cv-post-meta cv-meta-icon-show\">\r\n                            <span class=\"cv-post-date cv-post-meta-item\" itemprop=\"datePublished\"><a href=\"https:\/\/nakanarach.pl\/index.php\/2022\/03\/09\/przemycali-ptaki-w-bagazu\/\">9 marca 2022<\/a><\/span>                        <\/div>\r\n                        <div class=\"cv-post-content\" itemprop=\"description\">Podczas kontroli pasa\u017cer\u00f3w przybywaj\u0105cych z Sewilli S\u0142u\u017cba Ochrony Podatkowej Lotniska Gran Canaria znalaz\u0142a w baga\u017cu&hellip;<\/div>                        <div class=\"cv-read-more\"><a href=https:\/\/nakanarach.pl\/index.php\/2022\/03\/09\/przemycali-ptaki-w-bagazu\/>Czytaj wi\u0119cej<i class=\"fas fa-arrow-right\"><\/i><\/a><\/div>                    <\/div><!-- .cv-post-right-wrap -->\r\n                <\/article>\r\n                        <article post-id=\"post-4241\" class=\"cv-post post-format--standard\" itemscope itemtype=\"http:\/\/schema.org\/articleBody\">\r\n                    <div class=\"cv-post-left-wrap\">\r\n                        <div class=\"cv-post-thumb\">\r\n                            <a href=\"https:\/\/nakanarach.pl\/index.php\/2022\/03\/07\/aresztowana-za-handel-narkotykami-i-viagra\/\"><img decoding=\"async\" src=\"https:\/\/nakanarach.pl\/wp-content\/uploads\/2022\/03\/Marihuana.jpg\" alt=\"ARESZTOWANA ZA HANDEL NARKOTYKAMI I VIAGR\u0104\"\/><\/a>\r\n                        <\/div>\r\n                    <\/div><!-- .cv-post-left-wrap -->\r\n                    <div class=\"cv-post-right-wrap\">\r\n                                                <h2 class=\"cv-post-title\">\r\n                            <a href=\"https:\/\/nakanarach.pl\/index.php\/2022\/03\/07\/aresztowana-za-handel-narkotykami-i-viagra\/\" target=\"_self\">\r\n                                ARESZTOWANA ZA HANDEL NARKOTYKAMI I VIAGR\u0104                            <\/a>\r\n                        <\/h2>\r\n                        <div class=\"cv-post-meta cv-meta-icon-show\">\r\n                            <span class=\"cv-post-date cv-post-meta-item\" itemprop=\"datePublished\"><a href=\"https:\/\/nakanarach.pl\/index.php\/2022\/03\/07\/aresztowana-za-handel-narkotykami-i-viagra\/\">7 marca 2022<\/a><\/span>                        <\/div>\r\n                        <div class=\"cv-post-content\" itemprop=\"description\">Hiszpania, na wz\u00f3r Holandii uznawana jest za kraj, kt\u00f3ry zgadza si\u0119 na funkcjonowanie rynku marihuanowego&hellip;<\/div>                        <div class=\"cv-read-more\"><a href=https:\/\/nakanarach.pl\/index.php\/2022\/03\/07\/aresztowana-za-handel-narkotykami-i-viagra\/>Czytaj wi\u0119cej<i class=\"fas fa-arrow-right\"><\/i><\/a><\/div>                    <\/div><!-- .cv-post-right-wrap -->\r\n                <\/article>\r\n                        <article post-id=\"post-4007\" class=\"cv-post post-format--standard\" itemscope itemtype=\"http:\/\/schema.org\/articleBody\">\r\n                    <div class=\"cv-post-left-wrap\">\r\n                        <div class=\"cv-post-thumb\">\r\n                            <a href=\"https:\/\/nakanarach.pl\/index.php\/2022\/02\/07\/smierc-w-pozarze-auto-spadlo-z-mostu\/\"><img decoding=\"async\" src=\"https:\/\/nakanarach.pl\/wp-content\/uploads\/2022\/02\/Auto-spadlo-z-wiaduktu-Twitter-Bomberos-de-Tenerife.jpg\" alt=\"\u015aMIER\u0106 W PO\u017bARZE, AUTO SPAD\u0141O Z MOSTU\"\/><\/a>\r\n                        <\/div>\r\n                    <\/div><!-- .cv-post-left-wrap -->\r\n                    <div class=\"cv-post-right-wrap\">\r\n                                                <h2 class=\"cv-post-title\">\r\n                            <a href=\"https:\/\/nakanarach.pl\/index.php\/2022\/02\/07\/smierc-w-pozarze-auto-spadlo-z-mostu\/\" target=\"_self\">\r\n                                \u015aMIER\u0106 W PO\u017bARZE, AUTO SPAD\u0141O Z MOSTU                            <\/a>\r\n                        <\/h2>\r\n                        <div class=\"cv-post-meta cv-meta-icon-show\">\r\n                            <span class=\"cv-post-date cv-post-meta-item\" itemprop=\"datePublished\"><a href=\"https:\/\/nakanarach.pl\/index.php\/2022\/02\/07\/smierc-w-pozarze-auto-spadlo-z-mostu\/\">7 lutego 2022<\/a><\/span>                        <\/div>\r\n                        <div class=\"cv-post-content\" itemprop=\"description\">Miniona niedziela 6 lutego 2022 r. by\u0142a pracowita dla stra\u017cak\u00f3w z Teneryfy. Najpierw gasili po\u017car&hellip;<\/div>                        <div class=\"cv-read-more\"><a href=https:\/\/nakanarach.pl\/index.php\/2022\/02\/07\/smierc-w-pozarze-auto-spadlo-z-mostu\/>Czytaj wi\u0119cej<i class=\"fas fa-arrow-right\"><\/i><\/a><\/div>                    <\/div><!-- .cv-post-right-wrap -->\r\n                <\/article>\r\n                        <article post-id=\"post-3977\" class=\"cv-post post-format--standard\" itemscope itemtype=\"http:\/\/schema.org\/articleBody\">\r\n                    <div class=\"cv-post-left-wrap\">\r\n                        <div class=\"cv-post-thumb\">\r\n                            <a href=\"https:\/\/nakanarach.pl\/index.php\/2022\/02\/04\/pogoda-w-kratke-wiatr-i-kalima\/\"><img decoding=\"async\" src=\"https:\/\/nakanarach.pl\/wp-content\/uploads\/2022\/02\/Wichura-Uszkodzenia-Fot-Twitter-Bomberos-de-Tenerife.jpg\" alt=\"POGODA W KRATK\u0118 &#8211; WIATR I KALIMA\"\/><\/a>\r\n                        <\/div>\r\n                    <\/div><!-- .cv-post-left-wrap -->\r\n                    <div class=\"cv-post-right-wrap\">\r\n                                                <h2 class=\"cv-post-title\">\r\n                            <a href=\"https:\/\/nakanarach.pl\/index.php\/2022\/02\/04\/pogoda-w-kratke-wiatr-i-kalima\/\" target=\"_self\">\r\n                                POGODA W KRATK\u0118 &#8211; WIATR I KALIMA                            <\/a>\r\n                        <\/h2>\r\n                        <div class=\"cv-post-meta cv-meta-icon-show\">\r\n                            <span class=\"cv-post-date cv-post-meta-item\" itemprop=\"datePublished\"><a href=\"https:\/\/nakanarach.pl\/index.php\/2022\/02\/04\/pogoda-w-kratke-wiatr-i-kalima\/\">4 lutego 2022<\/a><\/span>                        <\/div>\r\n                        <div class=\"cv-post-content\" itemprop=\"description\">Silne wiatry i kalima, czyli drobny py\u0142 znad Sahary maj\u0105 utrzymywa\u0107 si\u0119 przez kilka najbli\u017cszych&hellip;<\/div>                        <div class=\"cv-read-more\"><a href=https:\/\/nakanarach.pl\/index.php\/2022\/02\/04\/pogoda-w-kratke-wiatr-i-kalima\/>Czytaj wi\u0119cej<i class=\"fas fa-arrow-right\"><\/i><\/a><\/div>                    <\/div><!-- .cv-post-right-wrap -->\r\n                <\/article>\r\n                        <article post-id=\"post-3951\" class=\"cv-post post-format--standard\" itemscope itemtype=\"http:\/\/schema.org\/articleBody\">\r\n                    <div class=\"cv-post-left-wrap\">\r\n                        <div class=\"cv-post-thumb\">\r\n                            <a href=\"https:\/\/nakanarach.pl\/index.php\/2022\/02\/01\/podroz-z-falszywymi-dokumentami\/\"><img decoding=\"async\" src=\"https:\/\/nakanarach.pl\/wp-content\/plugins\/wp-blog-post-layouts\/includes\/assets\/images\/image.jpg\" alt=\"PODR\u00d3\u017b Z FA\u0141SZYWYMI DOKUMENTAMI\"\/><\/a>\r\n                        <\/div>\r\n                    <\/div><!-- .cv-post-left-wrap -->\r\n                    <div class=\"cv-post-right-wrap\">\r\n                                                <h2 class=\"cv-post-title\">\r\n                            <a href=\"https:\/\/nakanarach.pl\/index.php\/2022\/02\/01\/podroz-z-falszywymi-dokumentami\/\" target=\"_self\">\r\n                                PODR\u00d3\u017b Z FA\u0141SZYWYMI DOKUMENTAMI                            <\/a>\r\n                        <\/h2>\r\n                        <div class=\"cv-post-meta cv-meta-icon-show\">\r\n                            <span class=\"cv-post-date cv-post-meta-item\" itemprop=\"datePublished\"><a href=\"https:\/\/nakanarach.pl\/index.php\/2022\/02\/01\/podroz-z-falszywymi-dokumentami\/\">1 lutego 2022<\/a><\/span>                        <\/div>\r\n                        <div class=\"cv-post-content\" itemprop=\"description\">44 osoby zatrzyma\u0142a Policja&nbsp;Narodowa na lotnisku na Gran Canarii. Funkcjonariusze ujawnili, \u017ce do przest\u0119pstwa fa\u0142szowania&hellip;<\/div>                        <div class=\"cv-read-more\"><a href=https:\/\/nakanarach.pl\/index.php\/2022\/02\/01\/podroz-z-falszywymi-dokumentami\/>Czytaj wi\u0119cej<i class=\"fas fa-arrow-right\"><\/i><\/a><\/div>                    <\/div><!-- .cv-post-right-wrap -->\r\n                <\/article>\r\n                        <article post-id=\"post-3926\" class=\"cv-post post-format--standard\" itemscope itemtype=\"http:\/\/schema.org\/articleBody\">\r\n                    <div class=\"cv-post-left-wrap\">\r\n                        <div class=\"cv-post-thumb\">\r\n                            <a href=\"https:\/\/nakanarach.pl\/index.php\/2022\/01\/31\/polak-utonal-na-fuerteventurze\/\"><img decoding=\"async\" src=\"https:\/\/nakanarach.pl\/wp-content\/uploads\/2022\/01\/Lodz-Ratunkowa-Twitter-Salvamento-Maritimo.jpg\" alt=\"POLAK UTON\u0104\u0141 NA FUERTEVENTURZE\"\/><\/a>\r\n                        <\/div>\r\n                    <\/div><!-- .cv-post-left-wrap -->\r\n                    <div class=\"cv-post-right-wrap\">\r\n                                                <h2 class=\"cv-post-title\">\r\n                            <a href=\"https:\/\/nakanarach.pl\/index.php\/2022\/01\/31\/polak-utonal-na-fuerteventurze\/\" target=\"_self\">\r\n                                POLAK UTON\u0104\u0141 NA FUERTEVENTURZE                            <\/a>\r\n                        <\/h2>\r\n                        <div class=\"cv-post-meta cv-meta-icon-show\">\r\n                            <span class=\"cv-post-date cv-post-meta-item\" itemprop=\"datePublished\"><a href=\"https:\/\/nakanarach.pl\/index.php\/2022\/01\/31\/polak-utonal-na-fuerteventurze\/\">31 stycznia 2022<\/a><\/span>                        <\/div>\r\n                        <div class=\"cv-post-content\" itemprop=\"description\">48-letni Polak uton\u0105\u0142 pod koniec stycznia 2022 roku na kanaryjskiej Fuerteventurze. Do tragedii dosz\u0142o na&hellip;<\/div>                        <div class=\"cv-read-more\"><a href=https:\/\/nakanarach.pl\/index.php\/2022\/01\/31\/polak-utonal-na-fuerteventurze\/>Czytaj wi\u0119cej<i class=\"fas fa-arrow-right\"><\/i><\/a><\/div>                    <\/div><!-- .cv-post-right-wrap -->\r\n                <\/article>\r\n                        <article post-id=\"post-3834\" class=\"cv-post post-format--standard\" itemscope itemtype=\"http:\/\/schema.org\/articleBody\">\r\n                    <div class=\"cv-post-left-wrap\">\r\n                        <div class=\"cv-post-thumb\">\r\n                            <a href=\"https:\/\/nakanarach.pl\/index.php\/2022\/01\/24\/agresywni-polacy-w-samolocie-na-fuerteventure\/\"><img decoding=\"async\" src=\"https:\/\/nakanarach.pl\/wp-content\/uploads\/2022\/01\/Lotnisko-Skrzydla-chmury-neutral-scaled.jpg\" alt=\"AGRESYWNI POLACY W SAMOLOCIE NA FUERTEVENTUR\u0118\"\/><\/a>\r\n                        <\/div>\r\n                    <\/div><!-- .cv-post-left-wrap -->\r\n                    <div class=\"cv-post-right-wrap\">\r\n                                                <h2 class=\"cv-post-title\">\r\n                            <a href=\"https:\/\/nakanarach.pl\/index.php\/2022\/01\/24\/agresywni-polacy-w-samolocie-na-fuerteventure\/\" target=\"_self\">\r\n                                AGRESYWNI POLACY W SAMOLOCIE NA FUERTEVENTUR\u0118                            <\/a>\r\n                        <\/h2>\r\n                        <div class=\"cv-post-meta cv-meta-icon-show\">\r\n                            <span class=\"cv-post-date cv-post-meta-item\" itemprop=\"datePublished\"><a href=\"https:\/\/nakanarach.pl\/index.php\/2022\/01\/24\/agresywni-polacy-w-samolocie-na-fuerteventure\/\">24 stycznia 2022<\/a><\/span>                        <\/div>\r\n                        <div class=\"cv-post-content\" itemprop=\"description\">Hiszpa\u0144ska policja zatrzyma\u0142a kilku Polak\u00f3w, kt\u00f3rzy awanturowali si\u0119 i zastraszali pasa\u017cer\u00f3w w samolocie z Berlina&hellip;<\/div>                        <div class=\"cv-read-more\"><a href=https:\/\/nakanarach.pl\/index.php\/2022\/01\/24\/agresywni-polacy-w-samolocie-na-fuerteventure\/>Czytaj wi\u0119cej<i class=\"fas fa-arrow-right\"><\/i><\/a><\/div>                    <\/div><!-- .cv-post-right-wrap -->\r\n                <\/article>\r\n                        <article post-id=\"post-3771\" class=\"cv-post post-format--standard\" itemscope itemtype=\"http:\/\/schema.org\/articleBody\">\r\n                    <div class=\"cv-post-left-wrap\">\r\n                        <div class=\"cv-post-thumb\">\r\n                            <a href=\"https:\/\/nakanarach.pl\/index.php\/2022\/01\/19\/powazny-pozar-na-teneryfie\/\"><img decoding=\"async\" src=\"https:\/\/nakanarach.pl\/wp-content\/uploads\/2022\/01\/Teneryfa-Pozar-na-Teneryfie-Twitter-Ruben-Fernandez.jpg\" alt=\"POWA\u017bNY PO\u017bAR NA TENERYFIE\"\/><\/a>\r\n                        <\/div>\r\n                    <\/div><!-- .cv-post-left-wrap -->\r\n                    <div class=\"cv-post-right-wrap\">\r\n                                                <h2 class=\"cv-post-title\">\r\n                            <a href=\"https:\/\/nakanarach.pl\/index.php\/2022\/01\/19\/powazny-pozar-na-teneryfie\/\" target=\"_self\">\r\n                                POWA\u017bNY PO\u017bAR NA TENERYFIE                            <\/a>\r\n                        <\/h2>\r\n                        <div class=\"cv-post-meta cv-meta-icon-show\">\r\n                            <span class=\"cv-post-date cv-post-meta-item\" itemprop=\"datePublished\"><a href=\"https:\/\/nakanarach.pl\/index.php\/2022\/01\/19\/powazny-pozar-na-teneryfie\/\">19 stycznia 2022<\/a><\/span>                        <\/div>\r\n                        <div class=\"cv-post-content\" itemprop=\"description\">Po kilku godzinach walki stra\u017cacy opanowali powa\u017cny po\u017car na z\u0142omowisku w Granadilla de Abona na&hellip;<\/div>                        <div class=\"cv-read-more\"><a href=https:\/\/nakanarach.pl\/index.php\/2022\/01\/19\/powazny-pozar-na-teneryfie\/>Czytaj wi\u0119cej<i class=\"fas fa-arrow-right\"><\/i><\/a><\/div>                    <\/div><!-- .cv-post-right-wrap -->\r\n                <\/article>\r\n                        <article post-id=\"post-3421\" class=\"cv-post post-format--standard\" itemscope itemtype=\"http:\/\/schema.org\/articleBody\">\r\n                    <div class=\"cv-post-left-wrap\">\r\n                        <div class=\"cv-post-thumb\">\r\n                            <a href=\"https:\/\/nakanarach.pl\/index.php\/2021\/12\/03\/okradal-dary-dla-la-palmy\/\"><img decoding=\"async\" src=\"https:\/\/nakanarach.pl\/wp-content\/uploads\/2021\/12\/Dary-Twitter-Guardia-Civil.jpg\" alt=\"OKRADA\u0141 DARY DLA LA PALMY\"\/><\/a>\r\n                        <\/div>\r\n                    <\/div><!-- .cv-post-left-wrap -->\r\n                    <div class=\"cv-post-right-wrap\">\r\n                                                <h2 class=\"cv-post-title\">\r\n                            <a href=\"https:\/\/nakanarach.pl\/index.php\/2021\/12\/03\/okradal-dary-dla-la-palmy\/\" target=\"_self\">\r\n                                OKRADA\u0141 DARY DLA LA PALMY                            <\/a>\r\n                        <\/h2>\r\n                        <div class=\"cv-post-meta cv-meta-icon-show\">\r\n                            <span class=\"cv-post-date cv-post-meta-item\" itemprop=\"datePublished\"><a href=\"https:\/\/nakanarach.pl\/index.php\/2021\/12\/03\/okradal-dary-dla-la-palmy\/\">3 grudnia 2021<\/a><\/span>                        <\/div>\r\n                        <div class=\"cv-post-content\" itemprop=\"description\">Gwardia Cywilna aresztowa\u0142a na Teneryfie m\u0119\u017cczyzn\u0119 za przyjmowanie datk\u00f3w przeznaczonych dla poszkodowanych wybuchem wulkanu z&hellip;<\/div>                        <div class=\"cv-read-more\"><a href=https:\/\/nakanarach.pl\/index.php\/2021\/12\/03\/okradal-dary-dla-la-palmy\/>Czytaj wi\u0119cej<i class=\"fas fa-arrow-right\"><\/i><\/a><\/div>                    <\/div><!-- .cv-post-right-wrap -->\r\n                <\/article>\r\n                        <article post-id=\"post-2777\" class=\"cv-post post-format--standard\" itemscope itemtype=\"http:\/\/schema.org\/articleBody\">\r\n                    <div class=\"cv-post-left-wrap\">\r\n                        <div class=\"cv-post-thumb\">\r\n                            <a href=\"https:\/\/nakanarach.pl\/index.php\/2021\/09\/22\/wloska-mafia-dzialala-na-teneryfie\/\"><img decoding=\"async\" src=\"https:\/\/nakanarach.pl\/wp-content\/uploads\/2021\/09\/Policia-Nacional-Twitter-Policia-Nacional.jpg\" alt=\"W\u0141OSKA MAFIA DZIA\u0141A\u0141A NA TENERYFIE\"\/><\/a>\r\n                        <\/div>\r\n                    <\/div><!-- .cv-post-left-wrap -->\r\n                    <div class=\"cv-post-right-wrap\">\r\n                                                <h2 class=\"cv-post-title\">\r\n                            <a href=\"https:\/\/nakanarach.pl\/index.php\/2021\/09\/22\/wloska-mafia-dzialala-na-teneryfie\/\" target=\"_self\">\r\n                                W\u0141OSKA MAFIA DZIA\u0141A\u0141A NA TENERYFIE                            <\/a>\r\n                        <\/h2>\r\n                        <div class=\"cv-post-meta cv-meta-icon-show\">\r\n                            <span class=\"cv-post-date cv-post-meta-item\" itemprop=\"datePublished\"><a href=\"https:\/\/nakanarach.pl\/index.php\/2021\/09\/22\/wloska-mafia-dzialala-na-teneryfie\/\">22 wrze\u015bnia 2021<\/a><\/span>                        <\/div>\r\n                        <div class=\"cv-post-content\" itemprop=\"description\">106 os\u00f3b zatrzymano podczas wsp\u00f3lnej operacji z Polizia di Stato W\u0142och i EUROPOLEM na po\u0142udniu&hellip;<\/div>                        <div class=\"cv-read-more\"><a href=https:\/\/nakanarach.pl\/index.php\/2021\/09\/22\/wloska-mafia-dzialala-na-teneryfie\/>Czytaj wi\u0119cej<i class=\"fas fa-arrow-right\"><\/i><\/a><\/div>                    <\/div><!-- .cv-post-right-wrap -->\r\n                <\/article>\r\n                        <article post-id=\"post-2723\" class=\"cv-post post-format--standard\" itemscope itemtype=\"http:\/\/schema.org\/articleBody\">\r\n                    <div class=\"cv-post-left-wrap\">\r\n                        <div class=\"cv-post-thumb\">\r\n                            <a href=\"https:\/\/nakanarach.pl\/index.php\/2021\/09\/22\/polka-skazana-za-bicie-meza\/\"><img decoding=\"async\" src=\"https:\/\/nakanarach.pl\/wp-content\/uploads\/2021\/06\/Policia-Nacional.jpg\" alt=\"POLKA ARESZTOWANA ZA BICIE M\u0118\u017bA\"\/><\/a>\r\n                        <\/div>\r\n                    <\/div><!-- .cv-post-left-wrap -->\r\n                    <div class=\"cv-post-right-wrap\">\r\n                                                <h2 class=\"cv-post-title\">\r\n                            <a href=\"https:\/\/nakanarach.pl\/index.php\/2021\/09\/22\/polka-skazana-za-bicie-meza\/\" target=\"_self\">\r\n                                POLKA ARESZTOWANA ZA BICIE M\u0118\u017bA                            <\/a>\r\n                        <\/h2>\r\n                        <div class=\"cv-post-meta cv-meta-icon-show\">\r\n                            <span class=\"cv-post-date cv-post-meta-item\" itemprop=\"datePublished\"><a href=\"https:\/\/nakanarach.pl\/index.php\/2021\/09\/22\/polka-skazana-za-bicie-meza\/\">22 wrze\u015bnia 2021<\/a><\/span>                        <\/div>\r\n                        <div class=\"cv-post-content\" itemprop=\"description\">Na 2 miesi\u0105ce wi\u0119zienia zosta\u0142a skazana przez hiszpa\u0144ski s\u0105d polska turystka za notoryczne bicie pochodz\u0105cego&hellip;<\/div>                        <div class=\"cv-read-more\"><a href=https:\/\/nakanarach.pl\/index.php\/2021\/09\/22\/polka-skazana-za-bicie-meza\/>Czytaj wi\u0119cej<i class=\"fas fa-arrow-right\"><\/i><\/a><\/div>                    <\/div><!-- .cv-post-right-wrap -->\r\n                <\/article>\r\n                        <article post-id=\"post-2693\" class=\"cv-post post-format--standard\" itemscope itemtype=\"http:\/\/schema.org\/articleBody\">\r\n                    <div class=\"cv-post-left-wrap\">\r\n                        <div class=\"cv-post-thumb\">\r\n                            <a href=\"https:\/\/nakanarach.pl\/index.php\/2021\/09\/13\/palmy-spadly-na-ludzi\/\"><img decoding=\"async\" src=\"https:\/\/nakanarach.pl\/wp-content\/uploads\/2021\/09\/Bomberos-de-Tenerife-Twitter.jpg\" alt=\"PALMY SPAD\u0141Y NA LUDZI\"\/><\/a>\r\n                        <\/div>\r\n                    <\/div><!-- .cv-post-left-wrap -->\r\n                    <div class=\"cv-post-right-wrap\">\r\n                                                <h2 class=\"cv-post-title\">\r\n                            <a href=\"https:\/\/nakanarach.pl\/index.php\/2021\/09\/13\/palmy-spadly-na-ludzi\/\" target=\"_self\">\r\n                                PALMY SPAD\u0141Y NA LUDZI                            <\/a>\r\n                        <\/h2>\r\n                        <div class=\"cv-post-meta cv-meta-icon-show\">\r\n                            <span class=\"cv-post-date cv-post-meta-item\" itemprop=\"datePublished\"><a href=\"https:\/\/nakanarach.pl\/index.php\/2021\/09\/13\/palmy-spadly-na-ludzi\/\">13 wrze\u015bnia 2021<\/a><\/span>                        <\/div>\r\n                        <div class=\"cv-post-content\" itemprop=\"description\">Trzy osoby zosta\u0142y ranne na po\u0142udniu Teneryfy, gdy palma p\u0119k\u0142a i przewr\u00f3ci\u0142a si\u0119 na Calle&hellip;<\/div>                        <div class=\"cv-read-more\"><a href=https:\/\/nakanarach.pl\/index.php\/2021\/09\/13\/palmy-spadly-na-ludzi\/>Czytaj wi\u0119cej<i class=\"fas fa-arrow-right\"><\/i><\/a><\/div>                    <\/div><!-- .cv-post-right-wrap -->\r\n                <\/article>\r\n                        <article post-id=\"post-2433\" class=\"cv-post post-format--standard\" itemscope itemtype=\"http:\/\/schema.org\/articleBody\">\r\n                    <div class=\"cv-post-left-wrap\">\r\n                        <div class=\"cv-post-thumb\">\r\n                            <a href=\"https:\/\/nakanarach.pl\/index.php\/2021\/08\/19\/smierc-na-skuterze-wodnym\/\"><img decoding=\"async\" src=\"https:\/\/nakanarach.pl\/wp-content\/uploads\/2021\/08\/20210508_173256-scaled.jpg\" alt=\"\u015aMIER\u0106 NA SKUTERZE WODNYM I W JASKINI\"\/><\/a>\r\n                        <\/div>\r\n                    <\/div><!-- .cv-post-left-wrap -->\r\n                    <div class=\"cv-post-right-wrap\">\r\n                                                <h2 class=\"cv-post-title\">\r\n                            <a href=\"https:\/\/nakanarach.pl\/index.php\/2021\/08\/19\/smierc-na-skuterze-wodnym\/\" target=\"_self\">\r\n                                \u015aMIER\u0106 NA SKUTERZE WODNYM I W JASKINI                            <\/a>\r\n                        <\/h2>\r\n                        <div class=\"cv-post-meta cv-meta-icon-show\">\r\n                            <span class=\"cv-post-date cv-post-meta-item\" itemprop=\"datePublished\"><a href=\"https:\/\/nakanarach.pl\/index.php\/2021\/08\/19\/smierc-na-skuterze-wodnym\/\">19 sierpnia 2021<\/a><\/span>                        <\/div>\r\n                        <div class=\"cv-post-content\" itemprop=\"description\">Do tragicznego w skutkach wypadku dosz\u0142o podczas jazdy skuterem wodnym w okolicach Pasito Blanco na&hellip;<\/div>                        <div class=\"cv-read-more\"><a href=https:\/\/nakanarach.pl\/index.php\/2021\/08\/19\/smierc-na-skuterze-wodnym\/>Czytaj wi\u0119cej<i class=\"fas fa-arrow-right\"><\/i><\/a><\/div>                    <\/div><!-- .cv-post-right-wrap -->\r\n                <\/article>\r\n                        <article post-id=\"post-2398\" class=\"cv-post post-format--standard\" itemscope itemtype=\"http:\/\/schema.org\/articleBody\">\r\n                    <div class=\"cv-post-left-wrap\">\r\n                        <div class=\"cv-post-thumb\">\r\n                            <a href=\"https:\/\/nakanarach.pl\/index.php\/2021\/08\/18\/grozne-pozary-lasow\/\"><img decoding=\"async\" src=\"https:\/\/nakanarach.pl\/wp-content\/uploads\/2021\/08\/Pozar-lasu-La-Palma.jpg\" alt=\"GRO\u0179NE PO\u017bARY LAS\u00d3W-60 DOM\u00d3W ZNISZCZONYCH\"\/><\/a>\r\n                        <\/div>\r\n                    <\/div><!-- .cv-post-left-wrap -->\r\n                    <div class=\"cv-post-right-wrap\">\r\n                                                <h2 class=\"cv-post-title\">\r\n                            <a href=\"https:\/\/nakanarach.pl\/index.php\/2021\/08\/18\/grozne-pozary-lasow\/\" target=\"_self\">\r\n                                GRO\u0179NE PO\u017bARY LAS\u00d3W-60 DOM\u00d3W ZNISZCZONYCH                            <\/a>\r\n                        <\/h2>\r\n                        <div class=\"cv-post-meta cv-meta-icon-show\">\r\n                            <span class=\"cv-post-date cv-post-meta-item\" itemprop=\"datePublished\"><a href=\"https:\/\/nakanarach.pl\/index.php\/2021\/08\/18\/grozne-pozary-lasow\/\">18 sierpnia 2021<\/a><\/span>                        <\/div>\r\n                        <div class=\"cv-post-content\" itemprop=\"description\">Ekstremalnie wysokie temperatury spowodowa\u0142y gro\u017any po\u017car lasu na kanaryjskiej wyspie La Palma. Sytuacja by\u0142a na&hellip;<\/div>                        <div class=\"cv-read-more\"><a href=https:\/\/nakanarach.pl\/index.php\/2021\/08\/18\/grozne-pozary-lasow\/>Czytaj wi\u0119cej<i class=\"fas fa-arrow-right\"><\/i><\/a><\/div>                    <\/div><!-- .cv-post-right-wrap -->\r\n                <\/article>\r\n                        <article post-id=\"post-2335\" class=\"cv-post post-format--standard\" itemscope itemtype=\"http:\/\/schema.org\/articleBody\">\r\n                    <div class=\"cv-post-left-wrap\">\r\n                        <div class=\"cv-post-thumb\">\r\n                            <a href=\"https:\/\/nakanarach.pl\/index.php\/2021\/08\/11\/oferowali-noclegi-ktorych-nie-bylo\/\"><img decoding=\"async\" src=\"https:\/\/nakanarach.pl\/wp-content\/uploads\/2021\/08\/Guardia-Civil-Twitter.png\" alt=\"OFEROWALI NOCLEGI, KT\u00d3RYCH NIE BY\u0141O\"\/><\/a>\r\n                        <\/div>\r\n                    <\/div><!-- .cv-post-left-wrap -->\r\n                    <div class=\"cv-post-right-wrap\">\r\n                                                <h2 class=\"cv-post-title\">\r\n                            <a href=\"https:\/\/nakanarach.pl\/index.php\/2021\/08\/11\/oferowali-noclegi-ktorych-nie-bylo\/\" target=\"_self\">\r\n                                OFEROWALI NOCLEGI, KT\u00d3RYCH NIE BY\u0141O                            <\/a>\r\n                        <\/h2>\r\n                        <div class=\"cv-post-meta cv-meta-icon-show\">\r\n                            <span class=\"cv-post-date cv-post-meta-item\" itemprop=\"datePublished\"><a href=\"https:\/\/nakanarach.pl\/index.php\/2021\/08\/11\/oferowali-noclegi-ktorych-nie-bylo\/\">11 sierpnia 2021<\/a><\/span>                        <\/div>\r\n                        <div class=\"cv-post-content\" itemprop=\"description\">Gwardia Cywilna ustali\u0142a i aresztowa\u0142a dwie osoby, kt\u00f3re wsp\u00f3lnie z czterema innymi pomocnikami oferowali noclegi&hellip;<\/div>                        <div class=\"cv-read-more\"><a href=https:\/\/nakanarach.pl\/index.php\/2021\/08\/11\/oferowali-noclegi-ktorych-nie-bylo\/>Czytaj wi\u0119cej<i class=\"fas fa-arrow-right\"><\/i><\/a><\/div>                    <\/div><!-- .cv-post-right-wrap -->\r\n                <\/article>\r\n                        <article post-id=\"post-2323\" class=\"cv-post post-format--standard\" itemscope itemtype=\"http:\/\/schema.org\/articleBody\">\r\n                    <div class=\"cv-post-left-wrap\">\r\n                        <div class=\"cv-post-thumb\">\r\n                            <a href=\"https:\/\/nakanarach.pl\/index.php\/2021\/08\/09\/samotny-kajakarz-wymagal-pomocy\/\"><img decoding=\"async\" src=\"https:\/\/nakanarach.pl\/wp-content\/uploads\/2021\/08\/Kajakarz.jpg\" alt=\"SAMOTNY KAJAKARZ WYMAGA\u0141 POMOCY\"\/><\/a>\r\n                        <\/div>\r\n                    <\/div><!-- .cv-post-left-wrap -->\r\n                    <div class=\"cv-post-right-wrap\">\r\n                                                <h2 class=\"cv-post-title\">\r\n                            <a href=\"https:\/\/nakanarach.pl\/index.php\/2021\/08\/09\/samotny-kajakarz-wymagal-pomocy\/\" target=\"_self\">\r\n                                SAMOTNY KAJAKARZ WYMAGA\u0141 POMOCY                            <\/a>\r\n                        <\/h2>\r\n                        <div class=\"cv-post-meta cv-meta-icon-show\">\r\n                            <span class=\"cv-post-date cv-post-meta-item\" itemprop=\"datePublished\"><a href=\"https:\/\/nakanarach.pl\/index.php\/2021\/08\/09\/samotny-kajakarz-wymagal-pomocy\/\">9 sierpnia 2021<\/a><\/span>                        <\/div>\r\n                        <div class=\"cv-post-content\" itemprop=\"description\">Guardia Civil wys\u0142a\u0142a na ocean swoj\u0105 \u0142\u00f3d\u017a patrolow\u0105 Ratownictwa Morskiego, aby uratowa\u0107 cz\u0142owieka, kt\u00f3ry zagin\u0105\u0142&hellip;<\/div>                        <div class=\"cv-read-more\"><a href=https:\/\/nakanarach.pl\/index.php\/2021\/08\/09\/samotny-kajakarz-wymagal-pomocy\/>Czytaj wi\u0119cej<i class=\"fas fa-arrow-right\"><\/i><\/a><\/div>                    <\/div><!-- .cv-post-right-wrap -->\r\n                <\/article>\r\n                        <article post-id=\"post-2288\" class=\"cv-post post-format--standard\" itemscope itemtype=\"http:\/\/schema.org\/articleBody\">\r\n                    <div class=\"cv-post-left-wrap\">\r\n                        <div class=\"cv-post-thumb\">\r\n                            <a href=\"https:\/\/nakanarach.pl\/index.php\/2021\/07\/31\/wybuch-w-kawiarni\/\"><img decoding=\"async\" src=\"https:\/\/nakanarach.pl\/wp-content\/uploads\/2021\/07\/Bomberos-Mogan-Twitter.jpg\" alt=\"WYBUCH W KAWIARNI\"\/><\/a>\r\n                        <\/div>\r\n                    <\/div><!-- .cv-post-left-wrap -->\r\n                    <div class=\"cv-post-right-wrap\">\r\n                                                <h2 class=\"cv-post-title\">\r\n                            <a href=\"https:\/\/nakanarach.pl\/index.php\/2021\/07\/31\/wybuch-w-kawiarni\/\" target=\"_self\">\r\n                                WYBUCH W KAWIARNI                            <\/a>\r\n                        <\/h2>\r\n                        <div class=\"cv-post-meta cv-meta-icon-show\">\r\n                            <span class=\"cv-post-date cv-post-meta-item\" itemprop=\"datePublished\"><a href=\"https:\/\/nakanarach.pl\/index.php\/2021\/07\/31\/wybuch-w-kawiarni\/\">31 lipca 2021<\/a><\/span>                        <\/div>\r\n                        <div class=\"cv-post-content\" itemprop=\"description\">Do gro\u017anego wybuchu i po\u017caru dosz\u0142o pod koniec lipca 2021 roku w miejscowo\u015bci Arguinegu\u00edn na&hellip;<\/div>                        <div class=\"cv-read-more\"><a href=https:\/\/nakanarach.pl\/index.php\/2021\/07\/31\/wybuch-w-kawiarni\/>Czytaj wi\u0119cej<i class=\"fas fa-arrow-right\"><\/i><\/a><\/div>                    <\/div><!-- .cv-post-right-wrap -->\r\n                <\/article>\r\n                        <article post-id=\"post-2263\" class=\"cv-post post-format--standard\" itemscope itemtype=\"http:\/\/schema.org\/articleBody\">\r\n                    <div class=\"cv-post-left-wrap\">\r\n                        <div class=\"cv-post-thumb\">\r\n                            <a href=\"https:\/\/nakanarach.pl\/index.php\/2021\/07\/26\/policja-zamknela-miasto-po-masowych-imprezach\/\"><img decoding=\"async\" src=\"https:\/\/nakanarach.pl\/wp-content\/uploads\/2021\/07\/Fuerteventura-Kontrola1-Fot.-Gaurdia-Civil.jpg\" alt=\"POLICJA ZAMKN\u0118\u0141A MIASTO PO MASOWYCH IMPREZACH\"\/><\/a>\r\n                        <\/div>\r\n                    <\/div><!-- .cv-post-left-wrap -->\r\n                    <div class=\"cv-post-right-wrap\">\r\n                                                <h2 class=\"cv-post-title\">\r\n                            <a href=\"https:\/\/nakanarach.pl\/index.php\/2021\/07\/26\/policja-zamknela-miasto-po-masowych-imprezach\/\" target=\"_self\">\r\n                                POLICJA ZAMKN\u0118\u0141A MIASTO PO MASOWYCH IMPREZACH                            <\/a>\r\n                        <\/h2>\r\n                        <div class=\"cv-post-meta cv-meta-icon-show\">\r\n                            <span class=\"cv-post-date cv-post-meta-item\" itemprop=\"datePublished\"><a href=\"https:\/\/nakanarach.pl\/index.php\/2021\/07\/26\/policja-zamknela-miasto-po-masowych-imprezach\/\">26 lipca 2021<\/a><\/span>                        <\/div>\r\n                        <div class=\"cv-post-content\" itemprop=\"description\">W miniony weekend, w nocy funkcjonariusze Guardia Civil, Reserve and Security Group (GRS), Departament Ruchu&hellip;<\/div>                        <div class=\"cv-read-more\"><a href=https:\/\/nakanarach.pl\/index.php\/2021\/07\/26\/policja-zamknela-miasto-po-masowych-imprezach\/>Czytaj wi\u0119cej<i class=\"fas fa-arrow-right\"><\/i><\/a><\/div>                    <\/div><!-- .cv-post-right-wrap -->\r\n                <\/article>\r\n                        <article post-id=\"post-2083\" class=\"cv-post post-format--standard\" itemscope itemtype=\"http:\/\/schema.org\/articleBody\">\r\n                    <div class=\"cv-post-left-wrap\">\r\n                        <div class=\"cv-post-thumb\">\r\n                            <a href=\"https:\/\/nakanarach.pl\/index.php\/2021\/07\/08\/teneryfa-z-pandemia-a-ludzie-tancza-w-barze\/\"><img decoding=\"async\" src=\"https:\/\/nakanarach.pl\/wp-content\/uploads\/2021\/07\/Teneryfa-tancza-w-barze-Twitter-Marlene.jpg\" alt=\"TENERYFA Z PANDEMI\u0104, A LUDZIE TA\u0143CZ\u0104 &#8211; 30 OS\u00d3B ZATRZYMANO (AKTUALIZACJA)\"\/><\/a>\r\n                        <\/div>\r\n                    <\/div><!-- .cv-post-left-wrap -->\r\n                    <div class=\"cv-post-right-wrap\">\r\n                                                <h2 class=\"cv-post-title\">\r\n                            <a href=\"https:\/\/nakanarach.pl\/index.php\/2021\/07\/08\/teneryfa-z-pandemia-a-ludzie-tancza-w-barze\/\" target=\"_self\">\r\n                                TENERYFA Z PANDEMI\u0104, A LUDZIE TA\u0143CZ\u0104 &#8211; 30 OS\u00d3B ZATRZYMANO (AKTUALIZACJA)                            <\/a>\r\n                        <\/h2>\r\n                        <div class=\"cv-post-meta cv-meta-icon-show\">\r\n                            <span class=\"cv-post-date cv-post-meta-item\" itemprop=\"datePublished\"><a href=\"https:\/\/nakanarach.pl\/index.php\/2021\/07\/08\/teneryfa-z-pandemia-a-ludzie-tancza-w-barze\/\">8 lipca 2021<\/a><\/span>                        <\/div>\r\n                        <div class=\"cv-post-content\" itemprop=\"description\">Wci\u0105\u017c niepokoj\u0105ce dane p\u0142yn\u0105 z Wysp Kanaryjskich. W ci\u0105gu ostatniego miesi\u0105ca zachorowalno\u015b\u0107 na koronawirusa wzros\u0142a&hellip;<\/div>                        <div class=\"cv-read-more\"><a href=https:\/\/nakanarach.pl\/index.php\/2021\/07\/08\/teneryfa-z-pandemia-a-ludzie-tancza-w-barze\/>Czytaj wi\u0119cej<i class=\"fas fa-arrow-right\"><\/i><\/a><\/div>                    <\/div><!-- .cv-post-right-wrap -->\r\n                <\/article>\r\n                        <article post-id=\"post-1717\" class=\"cv-post post-format--standard\" itemscope itemtype=\"http:\/\/schema.org\/articleBody\">\r\n                    <div class=\"cv-post-left-wrap\">\r\n                        <div class=\"cv-post-thumb\">\r\n                            <a href=\"https:\/\/nakanarach.pl\/index.php\/2021\/06\/08\/kontenery-spadly-na-tira-video\/\"><img decoding=\"async\" src=\"https:\/\/nakanarach.pl\/wp-content\/uploads\/2021\/06\/Kontener2.png\" alt=\"KONTENERY SPAD\u0141Y NA TIRA (VIDEO)\"\/><\/a>\r\n                        <\/div>\r\n                    <\/div><!-- .cv-post-left-wrap -->\r\n                    <div class=\"cv-post-right-wrap\">\r\n                                                <h2 class=\"cv-post-title\">\r\n                            <a href=\"https:\/\/nakanarach.pl\/index.php\/2021\/06\/08\/kontenery-spadly-na-tira-video\/\" target=\"_self\">\r\n                                KONTENERY SPAD\u0141Y NA TIRA (VIDEO)                            <\/a>\r\n                        <\/h2>\r\n                        <div class=\"cv-post-meta cv-meta-icon-show\">\r\n                            <span class=\"cv-post-date cv-post-meta-item\" itemprop=\"datePublished\"><a href=\"https:\/\/nakanarach.pl\/index.php\/2021\/06\/08\/kontenery-spadly-na-tira-video\/\">8 czerwca 2021<\/a><\/span>                        <\/div>\r\n                        <div class=\"cv-post-content\" itemprop=\"description\">Dramatyczne sceny rozegra\u0142y si\u0119 w porcie w Las Palmas de Gran Canaria. Niewiele brakowa\u0142o, aby&hellip;<\/div>                        <div class=\"cv-read-more\"><a href=https:\/\/nakanarach.pl\/index.php\/2021\/06\/08\/kontenery-spadly-na-tira-video\/>Czytaj wi\u0119cej<i class=\"fas fa-arrow-right\"><\/i><\/a><\/div>                    <\/div><!-- .cv-post-right-wrap -->\r\n                <\/article>\r\n                        <article post-id=\"post-1615\" class=\"cv-post post-format--standard\" itemscope itemtype=\"http:\/\/schema.org\/articleBody\">\r\n                    <div class=\"cv-post-left-wrap\">\r\n                        <div class=\"cv-post-thumb\">\r\n                            <a href=\"https:\/\/nakanarach.pl\/index.php\/2021\/06\/04\/uratowali-zolwia-wrocil-do-oceanu\/\"><img decoding=\"async\" src=\"https:\/\/nakanarach.pl\/wp-content\/uploads\/2021\/06\/Zolw-uratowany-Fot.-Guardia-Civil.jpg\" alt=\"URATOWANY \u017b\u00d3\u0141W WR\u00d3CI\u0141 DO OCEANU (VIDEO)\"\/><\/a>\r\n                        <\/div>\r\n                    <\/div><!-- .cv-post-left-wrap -->\r\n                    <div class=\"cv-post-right-wrap\">\r\n                                                <h2 class=\"cv-post-title\">\r\n                            <a href=\"https:\/\/nakanarach.pl\/index.php\/2021\/06\/04\/uratowali-zolwia-wrocil-do-oceanu\/\" target=\"_self\">\r\n                                URATOWANY \u017b\u00d3\u0141W WR\u00d3CI\u0141 DO OCEANU (VIDEO)                            <\/a>\r\n                        <\/h2>\r\n                        <div class=\"cv-post-meta cv-meta-icon-show\">\r\n                            <span class=\"cv-post-date cv-post-meta-item\" itemprop=\"datePublished\"><a href=\"https:\/\/nakanarach.pl\/index.php\/2021\/06\/04\/uratowali-zolwia-wrocil-do-oceanu\/\">4 czerwca 2021<\/a><\/span>                        <\/div>\r\n                        <div class=\"cv-post-content\" itemprop=\"description\">\u017b\u00f3\u0142w z gatunku &#8222;caretta&#8221;,&nbsp;wcze\u015bniej uratowany na pla\u017cy Burrero przez k\u0105pi\u0105cych si\u0119 i sportowc\u00f3w z gminy&hellip;<\/div>                        <div class=\"cv-read-more\"><a href=https:\/\/nakanarach.pl\/index.php\/2021\/06\/04\/uratowali-zolwia-wrocil-do-oceanu\/>Czytaj wi\u0119cej<i class=\"fas fa-arrow-right\"><\/i><\/a><\/div>                    <\/div><!-- .cv-post-right-wrap -->\r\n                <\/article>\r\n                        <article post-id=\"post-1688\" class=\"cv-post post-format--standard\" itemscope itemtype=\"http:\/\/schema.org\/articleBody\">\r\n                    <div class=\"cv-post-left-wrap\">\r\n                        <div class=\"cv-post-thumb\">\r\n                            <a href=\"https:\/\/nakanarach.pl\/index.php\/2021\/06\/03\/grozny-pozar-na-stacji-paliw\/\"><img decoding=\"async\" src=\"https:\/\/nakanarach.pl\/wp-content\/uploads\/2021\/06\/Pozar-samochodu.jpg\" alt=\"GRO\u0179NY PO\u017bAR NA STACJI PALIW (VIDEO)\"\/><\/a>\r\n                        <\/div>\r\n                    <\/div><!-- .cv-post-left-wrap -->\r\n                    <div class=\"cv-post-right-wrap\">\r\n                                                <h2 class=\"cv-post-title\">\r\n                            <a href=\"https:\/\/nakanarach.pl\/index.php\/2021\/06\/03\/grozny-pozar-na-stacji-paliw\/\" target=\"_self\">\r\n                                GRO\u0179NY PO\u017bAR NA STACJI PALIW (VIDEO)                            <\/a>\r\n                        <\/h2>\r\n                        <div class=\"cv-post-meta cv-meta-icon-show\">\r\n                            <span class=\"cv-post-date cv-post-meta-item\" itemprop=\"datePublished\"><a href=\"https:\/\/nakanarach.pl\/index.php\/2021\/06\/03\/grozny-pozar-na-stacji-paliw\/\">3 czerwca 2021<\/a><\/span>                        <\/div>\r\n                        <div class=\"cv-post-content\" itemprop=\"description\">Strach i przera\u017cenie znajduj\u0105cych si\u0119 w pobli\u017cu ludzi &#8211; tak mo\u017cna opisa\u0107 po\u017car samochodu, do&hellip;<\/div>                        <div class=\"cv-read-more\"><a href=https:\/\/nakanarach.pl\/index.php\/2021\/06\/03\/grozny-pozar-na-stacji-paliw\/>Czytaj wi\u0119cej<i class=\"fas fa-arrow-right\"><\/i><\/a><\/div>                    <\/div><!-- .cv-post-right-wrap -->\r\n                <\/article>\r\n                        <article post-id=\"post-1530\" class=\"cv-post post-format--standard\" itemscope itemtype=\"http:\/\/schema.org\/articleBody\">\r\n                    <div class=\"cv-post-left-wrap\">\r\n                        <div class=\"cv-post-thumb\">\r\n                            <a href=\"https:\/\/nakanarach.pl\/index.php\/2021\/05\/21\/strazacy-gasza-pozar-lasu\/\"><img decoding=\"async\" src=\"https:\/\/nakanarach.pl\/wp-content\/uploads\/2021\/05\/Pozar-lasu-Teneryfa.jpg\" alt=\"KILKA DNI GASILI PO\u017bAR LASU (AKTUALIZACJA)\"\/><\/a>\r\n                        <\/div>\r\n                    <\/div><!-- .cv-post-left-wrap -->\r\n                    <div class=\"cv-post-right-wrap\">\r\n                                                <h2 class=\"cv-post-title\">\r\n                            <a href=\"https:\/\/nakanarach.pl\/index.php\/2021\/05\/21\/strazacy-gasza-pozar-lasu\/\" target=\"_self\">\r\n                                KILKA DNI GASILI PO\u017bAR LASU (AKTUALIZACJA)                            <\/a>\r\n                        <\/h2>\r\n                        <div class=\"cv-post-meta cv-meta-icon-show\">\r\n                            <span class=\"cv-post-date cv-post-meta-item\" itemprop=\"datePublished\"><a href=\"https:\/\/nakanarach.pl\/index.php\/2021\/05\/21\/strazacy-gasza-pozar-lasu\/\">21 maja 2021<\/a><\/span>                        <\/div>\r\n                        <div class=\"cv-post-content\" itemprop=\"description\">Insular Operational Coordination Centre (Cecopin) na Teneryfie informuje, \u017ce 20 maja wybuch\u0142 powa\u017cny po\u017car lasu&hellip;<\/div>                        <div class=\"cv-read-more\"><a href=https:\/\/nakanarach.pl\/index.php\/2021\/05\/21\/strazacy-gasza-pozar-lasu\/>Czytaj wi\u0119cej<i class=\"fas fa-arrow-right\"><\/i><\/a><\/div>                    <\/div><!-- .cv-post-right-wrap -->\r\n                <\/article>\r\n                        <article post-id=\"post-1252\" class=\"cv-post post-format--standard\" itemscope itemtype=\"http:\/\/schema.org\/articleBody\">\r\n                    <div class=\"cv-post-left-wrap\">\r\n                        <div class=\"cv-post-thumb\">\r\n                            <a href=\"https:\/\/nakanarach.pl\/index.php\/2021\/05\/03\/pozar-w-centrum-handlowym\/\"><img decoding=\"async\" src=\"https:\/\/nakanarach.pl\/wp-content\/uploads\/2021\/05\/Pozar-Playa-del-Ingles-2-maj-2021.jpg\" alt=\"PO\u017bAR W CENTRUM HANDLOWYM\"\/><\/a>\r\n                        <\/div>\r\n                    <\/div><!-- .cv-post-left-wrap -->\r\n                    <div class=\"cv-post-right-wrap\">\r\n                                                <h2 class=\"cv-post-title\">\r\n                            <a href=\"https:\/\/nakanarach.pl\/index.php\/2021\/05\/03\/pozar-w-centrum-handlowym\/\" target=\"_self\">\r\n                                PO\u017bAR W CENTRUM HANDLOWYM                            <\/a>\r\n                        <\/h2>\r\n                        <div class=\"cv-post-meta cv-meta-icon-show\">\r\n                            <span class=\"cv-post-date cv-post-meta-item\" itemprop=\"datePublished\"><a href=\"https:\/\/nakanarach.pl\/index.php\/2021\/05\/03\/pozar-w-centrum-handlowym\/\">3 maja 2021<\/a><\/span>                        <\/div>\r\n                        <div class=\"cv-post-content\" itemprop=\"description\">Podczas pierwszego majowego weekendu stra\u017cacy z San Bartolom\u00e9 de Tirajana gasili po\u017car w centrum handlowym&hellip;<\/div>                        <div class=\"cv-read-more\"><a href=https:\/\/nakanarach.pl\/index.php\/2021\/05\/03\/pozar-w-centrum-handlowym\/>Czytaj wi\u0119cej<i class=\"fas fa-arrow-right\"><\/i><\/a><\/div>                    <\/div><!-- .cv-post-right-wrap -->\r\n                <\/article>\r\n                        <article post-id=\"post-1016\" class=\"cv-post post-format--standard\" itemscope itemtype=\"http:\/\/schema.org\/articleBody\">\r\n                    <div class=\"cv-post-left-wrap\">\r\n                        <div class=\"cv-post-thumb\">\r\n                            <a href=\"https:\/\/nakanarach.pl\/index.php\/2021\/04\/22\/tragiczny-pozar-na-teneryfie\/\"><img decoding=\"async\" src=\"https:\/\/nakanarach.pl\/wp-content\/uploads\/2021\/04\/Pozar-La-Laguna.jpg\" alt=\"TRAGICZNY PO\u017bAR NA TENERYFIE\"\/><\/a>\r\n                        <\/div>\r\n                    <\/div><!-- .cv-post-left-wrap -->\r\n                    <div class=\"cv-post-right-wrap\">\r\n                                                <h2 class=\"cv-post-title\">\r\n                            <a href=\"https:\/\/nakanarach.pl\/index.php\/2021\/04\/22\/tragiczny-pozar-na-teneryfie\/\" target=\"_self\">\r\n                                TRAGICZNY PO\u017bAR NA TENERYFIE                            <\/a>\r\n                        <\/h2>\r\n                        <div class=\"cv-post-meta cv-meta-icon-show\">\r\n                            <span class=\"cv-post-date cv-post-meta-item\" itemprop=\"datePublished\"><a href=\"https:\/\/nakanarach.pl\/index.php\/2021\/04\/22\/tragiczny-pozar-na-teneryfie\/\">22 kwietnia 2021<\/a><\/span>                        <\/div>\r\n                        <div class=\"cv-post-content\" itemprop=\"description\">Minionej nocy dosz\u0142o do tragicznego w skutkach po\u017caru na Wyspach Kanaryjskich. W miejscowo\u015bci La Laguna&hellip;<\/div>                        <div class=\"cv-read-more\"><a href=https:\/\/nakanarach.pl\/index.php\/2021\/04\/22\/tragiczny-pozar-na-teneryfie\/>Czytaj wi\u0119cej<i class=\"fas fa-arrow-right\"><\/i><\/a><\/div>                    <\/div><!-- .cv-post-right-wrap -->\r\n                <\/article>\r\n                        <article post-id=\"post-643\" class=\"cv-post post-format--standard\" itemscope itemtype=\"http:\/\/schema.org\/articleBody\">\r\n                    <div class=\"cv-post-left-wrap\">\r\n                        <div class=\"cv-post-thumb\">\r\n                            <a href=\"https:\/\/nakanarach.pl\/index.php\/2021\/04\/12\/tragedia-imigrantow-na-oceanie\/\"><img decoding=\"async\" src=\"https:\/\/nakanarach.pl\/wp-content\/uploads\/2021\/04\/Imigranci-Fot.-EFE.jpg\" alt=\"TRAGEDIA IMIGRANT\u00d3W NA OCEANIE (VIDEO)\"\/><\/a>\r\n                        <\/div>\r\n                    <\/div><!-- .cv-post-left-wrap -->\r\n                    <div class=\"cv-post-right-wrap\">\r\n                                                <h2 class=\"cv-post-title\">\r\n                            <a href=\"https:\/\/nakanarach.pl\/index.php\/2021\/04\/12\/tragedia-imigrantow-na-oceanie\/\" target=\"_self\">\r\n                                TRAGEDIA IMIGRANT\u00d3W NA OCEANIE (VIDEO)                            <\/a>\r\n                        <\/h2>\r\n                        <div class=\"cv-post-meta cv-meta-icon-show\">\r\n                            <span class=\"cv-post-date cv-post-meta-item\" itemprop=\"datePublished\"><a href=\"https:\/\/nakanarach.pl\/index.php\/2021\/04\/12\/tragedia-imigrantow-na-oceanie\/\">12 kwietnia 2021<\/a><\/span>                        <\/div>\r\n                        <div class=\"cv-post-content\" itemprop=\"description\">Pi\u0119\u0107 os\u00f3b zgin\u0119\u0142o w pierwszej po\u0142owie kwietnia 2021 r. podczas rejsu imigrant\u00f3w z Afryki Subsaharyjskiej&hellip;<\/div>                        <div class=\"cv-read-more\"><a href=https:\/\/nakanarach.pl\/index.php\/2021\/04\/12\/tragedia-imigrantow-na-oceanie\/>Czytaj wi\u0119cej<i class=\"fas fa-arrow-right\"><\/i><\/a><\/div>                    <\/div><!-- .cv-post-right-wrap -->\r\n                <\/article>\r\n                        <article post-id=\"post-516\" class=\"cv-post post-format--standard\" itemscope itemtype=\"http:\/\/schema.org\/articleBody\">\r\n                    <div class=\"cv-post-left-wrap\">\r\n                        <div class=\"cv-post-thumb\">\r\n                            <a href=\"https:\/\/nakanarach.pl\/index.php\/2021\/04\/10\/rozbito-gang-przemycajacy-ludzi-z-afryki\/\"><img decoding=\"async\" src=\"https:\/\/nakanarach.pl\/wp-content\/uploads\/2021\/04\/Policia-Nacional-Fot.-Policia-Nacional.jpg\" alt=\"ROZBITO GANG PRZEMYCAJ\u0104CY LUDZI Z AFRYKI (VIDEO)\"\/><\/a>\r\n                        <\/div>\r\n                    <\/div><!-- .cv-post-left-wrap -->\r\n                    <div class=\"cv-post-right-wrap\">\r\n                                                <h2 class=\"cv-post-title\">\r\n                            <a href=\"https:\/\/nakanarach.pl\/index.php\/2021\/04\/10\/rozbito-gang-przemycajacy-ludzi-z-afryki\/\" target=\"_self\">\r\n                                ROZBITO GANG PRZEMYCAJ\u0104CY LUDZI Z AFRYKI (VIDEO)                            <\/a>\r\n                        <\/h2>\r\n                        <div class=\"cv-post-meta cv-meta-icon-show\">\r\n                            <span class=\"cv-post-date cv-post-meta-item\" itemprop=\"datePublished\"><a href=\"https:\/\/nakanarach.pl\/index.php\/2021\/04\/10\/rozbito-gang-przemycajacy-ludzi-z-afryki\/\">10 kwietnia 2021<\/a><\/span>                        <\/div>\r\n                        <div class=\"cv-post-content\" itemprop=\"description\">Oko\u0142o pi\u0119tnastu os\u00f3b zatrzymali policjanci w operacji przeprowadzonej przez policj\u0119 krajow\u0105 we wsp\u00f3\u0142pracy z Europolem&hellip;<\/div>                        <div class=\"cv-read-more\"><a href=https:\/\/nakanarach.pl\/index.php\/2021\/04\/10\/rozbito-gang-przemycajacy-ludzi-z-afryki\/>Czytaj wi\u0119cej<i class=\"fas fa-arrow-right\"><\/i><\/a><\/div>                    <\/div><!-- .cv-post-right-wrap -->\r\n                <\/article>\r\n            <\/div><\/div>","protected":false},"excerpt":{"rendered":"","protected":false},"author":3,"featured_media":0,"parent":0,"menu_order":0,"comment_status":"closed","ping_status":"closed","template":"","meta":{"om_disable_all_campaigns":false,"_monsterinsights_skip_tracking":false,"_monsterinsights_sitenote_active":false,"_monsterinsights_sitenote_note":"","_monsterinsights_sitenote_category":0,"footnotes":""},"class_list":["post-4405","page","type-page","status-publish","hentry"],"aioseo_notices":[],"blog_post_layout_featured_media_urls":{"thumbnail":"","full":""},"categories_names":null,"comments_number":"0","wpmagazine_modules_lite_featured_media_urls":{"thumbnail":"","cvmm-medium":"","cvmm-medium-plus":"","cvmm-portrait":"","cvmm-medium-square":"","cvmm-large":"","cvmm-small":"","full":""},"_links":{"self":[{"href":"https:\/\/nakanarach.pl\/index.php\/wp-json\/wp\/v2\/pages\/4405","targetHints":{"allow":["GET"]}}],"collection":[{"href":"https:\/\/nakanarach.pl\/index.php\/wp-json\/wp\/v2\/pages"}],"about":[{"href":"https:\/\/nakanarach.pl\/index.php\/wp-json\/wp\/v2\/types\/page"}],"author":[{"embeddable":true,"href":"https:\/\/nakanarach.pl\/index.php\/wp-json\/wp\/v2\/users\/3"}],"replies":[{"embeddable":true,"href":"https:\/\/nakanarach.pl\/index.php\/wp-json\/wp\/v2\/comments?post=4405"}],"version-history":[{"count":2,"href":"https:\/\/nakanarach.pl\/index.php\/wp-json\/wp\/v2\/pages\/4405\/revisions"}],"predecessor-version":[{"id":4448,"href":"https:\/\/nakanarach.pl\/index.php\/wp-json\/wp\/v2\/pages\/4405\/revisions\/4448"}],"wp:attachment":[{"href":"https:\/\/nakanarach.pl\/index.php\/wp-json\/wp\/v2\/media?parent=4405"}],"curies":[{"name":"wp","href":"https:\/\/api.w.org\/{rel}","templated":true}]}}